{"id":9350,"date":"2021-11-25T10:24:39","date_gmt":"2021-11-25T09:24:39","guid":{"rendered":"https:\/\/unsuisseamallorca.com\/?page_id=9350"},"modified":"2021-11-25T10:24:39","modified_gmt":"2021-11-25T09:24:39","slug":"majorque-par-themes","status":"publish","type":"page","link":"https:\/\/unsuisseamallorca.com\/index.php\/majorque-par-themes\/","title":{"rendered":"MAJORQUE PAR THEMES"},"content":{"rendered":"\t\t<div data-elementor-type=\"wp-post\" data-elementor-id=\"9350\" class=\"elementor elementor-9350\" data-elementor-post-type=\"page\">\n\t\t\t\t\t\t<section class=\"elementor-section elementor-top-section elementor-element elementor-element-3341fb6c elementor-section-content-middle elementor-section-boxed elementor-section-height-default elementor-section-height-default\" data-id=\"3341fb6c\" data-element_type=\"section\">\n\t\t\t\t\t\t<div class=\"elementor-container elementor-column-gap-no\">\n\t\t\t\t\t<div class=\"elementor-column elementor-col-100 elementor-top-column elementor-element elementor-element-30aa6a8a\" data-id=\"30aa6a8a\" data-element_type=\"column\">\n\t\t\t<div class=\"elementor-widget-wrap elementor-element-populated\">\n\t\t\t\t\t\t<div class=\"elementor-element elementor-element-75f9cc08 elementor-widget elementor-widget-heading\" data-id=\"75f9cc08\" data-element_type=\"widget\" data-widget_type=\"heading.default\">\n\t\t\t\t<div class=\"elementor-widget-container\">\n\t\t\t\t\t<h3 class=\"elementor-heading-title elementor-size-default\">\nTemps rouge le soir, laisse bon espoir ; temps rouge le matin, pluie en chemin.<\/h3>\t\t\t\t<\/div>\n\t\t\t\t<\/div>\n\t\t\t\t\t<\/div>\n\t\t<\/div>\n\t\t\t\t\t<\/div>\n\t\t<\/section>\n\t\t\t\t<section class=\"elementor-section elementor-top-section elementor-element elementor-element-d998373 elementor-section-height-min-height elementor-section-boxed elementor-section-height-default elementor-section-items-middle\" data-id=\"d998373\" data-element_type=\"section\" data-settings=\"{&quot;background_background&quot;:&quot;video&quot;}\">\n\t\t\t\t\t\t\t<div class=\"elementor-background-overlay\"><\/div>\n\t\t\t\t\t\t\t<div class=\"elementor-container elementor-column-gap-default\">\n\t\t\t\t\t<div class=\"elementor-column elementor-col-100 elementor-top-column elementor-element elementor-element-4e30d24\" data-id=\"4e30d24\" data-element_type=\"column\">\n\t\t\t<div class=\"elementor-widget-wrap elementor-element-populated\">\n\t\t\t\t\t\t\t<\/div>\n\t\t<\/div>\n\t\t\t\t\t<\/div>\n\t\t<\/section>\n\t\t\t\t<section class=\"elementor-section elementor-top-section elementor-element elementor-element-3883e1a elementor-section-content-middle elementor-section-boxed elementor-section-height-default elementor-section-height-default\" data-id=\"3883e1a\" data-element_type=\"section\" data-settings=\"{&quot;background_background&quot;:&quot;classic&quot;}\">\n\t\t\t\t\t\t<div class=\"elementor-container elementor-column-gap-default\">\n\t\t\t\t\t<div class=\"elementor-column elementor-col-100 elementor-top-column elementor-element elementor-element-14f661e1\" data-id=\"14f661e1\" data-element_type=\"column\">\n\t\t\t<div class=\"elementor-widget-wrap elementor-element-populated\">\n\t\t\t\t\t\t<div class=\"elementor-element elementor-element-16e8eff9 elementor-widget elementor-widget-heading\" data-id=\"16e8eff9\" data-element_type=\"widget\" data-widget_type=\"heading.default\">\n\t\t\t\t<div class=\"elementor-widget-container\">\n\t\t\t\t\t<h2 class=\"elementor-heading-title elementor-size-large\">Prenons la route de la c\u00f4te Sud de Majorque. Celle-ci est r\u00e9put\u00e9e pour ses nombreuses criques, appel\u00e9es Cala ou Calo selon la grandeur. Cette c\u00f4te, essentiellement constitu\u00e9e de falaises, abrite en effet de magnifiques plages encastr\u00e9es entre des blocs rocheux. Vous y trouverez \u00e9galement  de grandes plages de sable blanc. Nous allons parcourir les incontournables de cette c\u00f4te depuis Badia Gran au sud de Palma jusqu'au phare de Ses Salines \u00e0 l'extr\u00eame sud de l'\u00eele.<\/h2>\t\t\t\t<\/div>\n\t\t\t\t<\/div>\n\t\t\t\t\t<\/div>\n\t\t<\/div>\n\t\t\t\t\t<\/div>\n\t\t<\/section>\n\t\t\t\t<section class=\"elementor-section elementor-top-section elementor-element elementor-element-35f97817 elementor-section-content-middle elementor-reverse-mobile elementor-section-boxed elementor-section-height-default elementor-section-height-default\" data-id=\"35f97817\" data-element_type=\"section\">\n\t\t\t\t\t\t<div class=\"elementor-container elementor-column-gap-default\">\n\t\t\t\t\t<div class=\"elementor-column elementor-col-50 elementor-top-column elementor-element elementor-element-4c1f66b5\" data-id=\"4c1f66b5\" data-element_type=\"column\">\n\t\t\t<div class=\"elementor-widget-wrap elementor-element-populated\">\n\t\t\t\t\t\t<div class=\"elementor-element elementor-element-7d78e31c elementor-widget elementor-widget-heading\" data-id=\"7d78e31c\" data-element_type=\"widget\" data-widget_type=\"heading.default\">\n\t\t\t\t<div class=\"elementor-widget-container\">\n\t\t\t\t\t<h3 class=\"elementor-heading-title elementor-size-default\">Villes non c\u00f4ti\u00e8res<\/h3>\t\t\t\t<\/div>\n\t\t\t\t<\/div>\n\t\t\t\t<div class=\"elementor-element elementor-element-d6b8f5a elementor-widget elementor-widget-text-editor\" data-id=\"d6b8f5a\" data-element_type=\"widget\" data-widget_type=\"text-editor.default\">\n\t\t\t\t<div class=\"elementor-widget-container\">\n\t\t\t\t\t\t\t\t\t<p><strong>Capocorb Vell<\/strong>\u00a0 : Est un village Talayotique datant de l&rsquo;\u00e9poque pr\u00e9historique, de nombreux vestiges datant de 1&rsquo;000 ans avant JC peuvent \u00eatre visit\u00e9s le long d&rsquo;un sentier pav\u00e9. La ville pr\u00e9historique de Capocorb Vell est l&rsquo;un des sites arch\u00e9ologiques les plus monumentaux de Majorque et fait partie de la culture talayotique, bien qu&rsquo;elle ait eu une vie beaucoup plus longue, jusqu&rsquo;au Moyen \u00c2ge. Les ruines atteignent une extension d&rsquo;un demi-kilom\u00e8tre, o\u00f9 se trouvent quatre talayots circulaires, trois talayots carr\u00e9s et un tertre fun\u00e9raire, tous approximativement align\u00e9s, et il y a un autre talayot \u200b\u200bcirculaire d\u00e9salign\u00e9 (tous les monuments ne sont pas dans la zone \u00e0 visiter). L&rsquo;\u00e9tat de conservation de certains d&rsquo;entre eux est assez bon, atteignant une hauteur de pr\u00e8s de sept m\u00e8tres.<\/p><p><strong>Campos : <\/strong>Est une ville rurale traditionnelle du sud-est de Majorque, C\u00e2prier et amandiers y sont cultiv\u00e9s ainsi que la luzerne pour nourrir le b\u00e9tail.. Situ\u00e9e entre Llucmajor et Santanyi, elle se trouve \u00e0 seulement 8 km de la c\u00f4te. Construit \u00e0 partir de la c\u00e9l\u00e8bre pierre blonde locale, Campos est plut\u00f4t joli et, bien qu&rsquo;il reste un endroit rural endormi, il sert de centre administratif pour ce coin de l&rsquo;\u00eele qui est surtout c\u00e9l\u00e8bre pour ses longues plages de sable et ses eaux turquoises.<br \/>Il y a quelques fabuleux h\u00f4tels ruraux diss\u00e9min\u00e9s dans la campagne pr\u00e8s de la ville.Nous vous recommandons de visiter Campos pour c\u00e9l\u00e9brer son march\u00e9 anim\u00e9 les jeudis et samedis, ou vous voudrez peut-\u00eatre vous impliquer dans l&rsquo;\u00e9trange f\u00eate ou la foire du village que les habitants organisent tout au long de l&rsquo;ann\u00e9e.La ville poss\u00e8de \u00e9galement de merveilleuses boulangeries et des restaurants de bonne qualit\u00e9 servant une cuisine traditionnelle majorquine. La seule source thermale de l&rsquo;\u00eele \u00ab\u00a0Sant Joan de la Font Santa\u00a0\u00bb se trouve \u00e9galement sur la commune de Campos.<\/p><p><strong>Ses Salines<\/strong> : Est une petite ville rurale qui est le chef-lieu de la commune qui comprends \u00e9galement Colonia Sant Jordi. La ville s&rsquo;est d\u00e9velopp\u00e9e autour de son centre historique et c&rsquo;est un endroit agr\u00e9able pour se promener, avec une abondance de gr\u00e8s rose de Santanyi local qui devient dor\u00e9 au soleil. Juste \u00e0 l&rsquo;ext\u00e9rieur de Ses Salines, sur la route de Santanyi, se trouve Botanicactus, l&rsquo;un des plus grands jardins botaniques d&rsquo;Europe, avec des bambous et des palmiers et, d&rsquo;une forme extraordinairement diversifi\u00e9e, des dizaines de vari\u00e9t\u00e9s de cactus.<br \/>Sinon, il y a plusieurs pistes cyclables dans la r\u00e9gion, sur un terrain principalement plat, ce qui fait du v\u00e9lo un excellent moyen d&rsquo;explorer la r\u00e9gion.<\/p>\t\t\t\t\t\t\t\t<\/div>\n\t\t\t\t<\/div>\n\t\t\t\t\t<\/div>\n\t\t<\/div>\n\t\t\t\t<div class=\"elementor-column elementor-col-50 elementor-top-column elementor-element elementor-element-1ca67d23\" data-id=\"1ca67d23\" data-element_type=\"column\">\n\t\t\t<div class=\"elementor-widget-wrap elementor-element-populated\">\n\t\t\t\t\t\t<div class=\"elementor-element elementor-element-735219c elementor-widget elementor-widget-image\" data-id=\"735219c\" data-element_type=\"widget\" data-widget_type=\"image.default\">\n\t\t\t\t<div class=\"elementor-widget-container\">\n\t\t\t\t\t\t\t\t\t\t\t\t<figure class=\"wp-caption\">\n\t\t\t\t\t\t\t\t\t\t<img fetchpriority=\"high\" decoding=\"async\" width=\"768\" height=\"575\" src=\"https:\/\/unsuisseamallorca.com\/wp-content\/uploads\/2020\/07\/Capocorb_Vell_007-768x575.jpg\" class=\"attachment-medium_large size-medium_large wp-image-5268\" alt=\"\" srcset=\"https:\/\/unsuisseamallorca.com\/wp-content\/uploads\/2020\/07\/Capocorb_Vell_007-768x575.jpg 768w, https:\/\/unsuisseamallorca.com\/wp-content\/uploads\/2020\/07\/Capocorb_Vell_007-300x225.jpg 300w, https:\/\/unsuisseamallorca.com\/wp-content\/uploads\/2020\/07\/Capocorb_Vell_007-1024x767.jpg 1024w, https:\/\/unsuisseamallorca.com\/wp-content\/uploads\/2020\/07\/Capocorb_Vell_007.jpg 1280w\" sizes=\"(max-width: 768px) 100vw, 768px\" \/>\t\t\t\t\t\t\t\t\t\t\t<figcaption class=\"widget-image-caption wp-caption-text\">Capocorb<\/figcaption>\n\t\t\t\t\t\t\t\t\t\t<\/figure>\n\t\t\t\t\t\t\t\t\t<\/div>\n\t\t\t\t<\/div>\n\t\t\t\t<div class=\"elementor-element elementor-element-ac2efb2 elementor-widget elementor-widget-image\" data-id=\"ac2efb2\" data-element_type=\"widget\" data-widget_type=\"image.default\">\n\t\t\t\t<div class=\"elementor-widget-container\">\n\t\t\t\t\t\t\t\t\t\t\t\t<figure class=\"wp-caption\">\n\t\t\t\t\t\t\t\t\t\t<img decoding=\"async\" width=\"768\" height=\"501\" data-src=\"https:\/\/unsuisseamallorca.com\/wp-content\/uploads\/2020\/07\/Capocorb-768x501.jpg\" class=\"attachment-medium_large size-medium_large wp-image-5285 lazyload\" alt=\"\" data-srcset=\"https:\/\/unsuisseamallorca.com\/wp-content\/uploads\/2020\/07\/Capocorb-768x501.jpg 768w, https:\/\/unsuisseamallorca.com\/wp-content\/uploads\/2020\/07\/Capocorb-300x196.jpg 300w, https:\/\/unsuisseamallorca.com\/wp-content\/uploads\/2020\/07\/Capocorb.jpg 870w\" data-sizes=\"(max-width: 768px) 100vw, 768px\" src=\"data:image\/svg+xml;base64,PHN2ZyB3aWR0aD0iMSIgaGVpZ2h0PSIxIiB4bWxucz0iaHR0cDovL3d3dy53My5vcmcvMjAwMC9zdmciPjwvc3ZnPg==\" style=\"--smush-placeholder-width: 768px; --smush-placeholder-aspect-ratio: 768\/501;\" \/>\t\t\t\t\t\t\t\t\t\t\t<figcaption class=\"widget-image-caption wp-caption-text\">Capocorb<\/figcaption>\n\t\t\t\t\t\t\t\t\t\t<\/figure>\n\t\t\t\t\t\t\t\t\t<\/div>\n\t\t\t\t<\/div>\n\t\t\t\t<div class=\"elementor-element elementor-element-52b6f90e elementor-widget elementor-widget-image\" data-id=\"52b6f90e\" data-element_type=\"widget\" data-widget_type=\"image.default\">\n\t\t\t\t<div class=\"elementor-widget-container\">\n\t\t\t\t\t\t\t\t\t\t\t\t<figure class=\"wp-caption\">\n\t\t\t\t\t\t\t\t\t\t<img decoding=\"async\" width=\"768\" height=\"406\" data-src=\"https:\/\/unsuisseamallorca.com\/wp-content\/uploads\/2020\/07\/campos-2-1-768x406.jpg\" class=\"attachment-medium_large size-medium_large wp-image-5267 lazyload\" alt=\"\" data-srcset=\"https:\/\/unsuisseamallorca.com\/wp-content\/uploads\/2020\/07\/campos-2-1-768x406.jpg 768w, https:\/\/unsuisseamallorca.com\/wp-content\/uploads\/2020\/07\/campos-2-1-300x159.jpg 300w, https:\/\/unsuisseamallorca.com\/wp-content\/uploads\/2020\/07\/campos-2-1.jpg 955w\" data-sizes=\"(max-width: 768px) 100vw, 768px\" src=\"data:image\/svg+xml;base64,PHN2ZyB3aWR0aD0iMSIgaGVpZ2h0PSIxIiB4bWxucz0iaHR0cDovL3d3dy53My5vcmcvMjAwMC9zdmciPjwvc3ZnPg==\" style=\"--smush-placeholder-width: 768px; --smush-placeholder-aspect-ratio: 768\/406;\" \/>\t\t\t\t\t\t\t\t\t\t\t<figcaption class=\"widget-image-caption wp-caption-text\">Campos<\/figcaption>\n\t\t\t\t\t\t\t\t\t\t<\/figure>\n\t\t\t\t\t\t\t\t\t<\/div>\n\t\t\t\t<\/div>\n\t\t\t\t<div class=\"elementor-element elementor-element-154742c elementor-widget elementor-widget-image\" data-id=\"154742c\" data-element_type=\"widget\" data-widget_type=\"image.default\">\n\t\t\t\t<div class=\"elementor-widget-container\">\n\t\t\t\t\t\t\t\t\t\t\t\t<figure class=\"wp-caption\">\n\t\t\t\t\t\t\t\t\t\t<img decoding=\"async\" width=\"768\" height=\"463\" data-src=\"https:\/\/unsuisseamallorca.com\/wp-content\/uploads\/2020\/07\/1200px-Ses-Salines-768x463.jpg\" class=\"attachment-medium_large size-medium_large wp-image-5262 lazyload\" alt=\"\" data-srcset=\"https:\/\/unsuisseamallorca.com\/wp-content\/uploads\/2020\/07\/1200px-Ses-Salines-768x463.jpg 768w, https:\/\/unsuisseamallorca.com\/wp-content\/uploads\/2020\/07\/1200px-Ses-Salines-300x181.jpg 300w, https:\/\/unsuisseamallorca.com\/wp-content\/uploads\/2020\/07\/1200px-Ses-Salines-1024x617.jpg 1024w, https:\/\/unsuisseamallorca.com\/wp-content\/uploads\/2020\/07\/1200px-Ses-Salines.jpg 1200w\" data-sizes=\"(max-width: 768px) 100vw, 768px\" src=\"data:image\/svg+xml;base64,PHN2ZyB3aWR0aD0iMSIgaGVpZ2h0PSIxIiB4bWxucz0iaHR0cDovL3d3dy53My5vcmcvMjAwMC9zdmciPjwvc3ZnPg==\" style=\"--smush-placeholder-width: 768px; --smush-placeholder-aspect-ratio: 768\/463;\" \/>\t\t\t\t\t\t\t\t\t\t\t<figcaption class=\"widget-image-caption wp-caption-text\">Ses Salines<\/figcaption>\n\t\t\t\t\t\t\t\t\t\t<\/figure>\n\t\t\t\t\t\t\t\t\t<\/div>\n\t\t\t\t<\/div>\n\t\t\t\t<div class=\"elementor-element elementor-element-10064c1 elementor-widget elementor-widget-image\" data-id=\"10064c1\" data-element_type=\"widget\" data-widget_type=\"image.default\">\n\t\t\t\t<div class=\"elementor-widget-container\">\n\t\t\t\t\t\t\t\t\t\t\t\t<figure class=\"wp-caption\">\n\t\t\t\t\t\t\t\t\t\t<img decoding=\"async\" width=\"768\" height=\"512\" data-src=\"https:\/\/unsuisseamallorca.com\/wp-content\/uploads\/2020\/07\/Ses-Salines_1-768x512.jpg\" class=\"attachment-medium_large size-medium_large wp-image-5283 lazyload\" alt=\"\" data-srcset=\"https:\/\/unsuisseamallorca.com\/wp-content\/uploads\/2020\/07\/Ses-Salines_1-768x512.jpg 768w, https:\/\/unsuisseamallorca.com\/wp-content\/uploads\/2020\/07\/Ses-Salines_1-300x200.jpg 300w, https:\/\/unsuisseamallorca.com\/wp-content\/uploads\/2020\/07\/Ses-Salines_1.jpg 942w\" data-sizes=\"(max-width: 768px) 100vw, 768px\" src=\"data:image\/svg+xml;base64,PHN2ZyB3aWR0aD0iMSIgaGVpZ2h0PSIxIiB4bWxucz0iaHR0cDovL3d3dy53My5vcmcvMjAwMC9zdmciPjwvc3ZnPg==\" style=\"--smush-placeholder-width: 768px; --smush-placeholder-aspect-ratio: 768\/512;\" \/>\t\t\t\t\t\t\t\t\t\t\t<figcaption class=\"widget-image-caption wp-caption-text\">Ses Salines<\/figcaption>\n\t\t\t\t\t\t\t\t\t\t<\/figure>\n\t\t\t\t\t\t\t\t\t<\/div>\n\t\t\t\t<\/div>\n\t\t\t\t\t<\/div>\n\t\t<\/div>\n\t\t\t\t\t<\/div>\n\t\t<\/section>\n\t\t\t\t<section class=\"elementor-section elementor-top-section elementor-element elementor-element-168ba5c0 elementor-section-content-middle elementor-section-boxed elementor-section-height-default elementor-section-height-default\" data-id=\"168ba5c0\" data-element_type=\"section\">\n\t\t\t\t\t\t<div class=\"elementor-container elementor-column-gap-default\">\n\t\t\t\t\t<div class=\"elementor-column elementor-col-50 elementor-top-column elementor-element elementor-element-5e67de90\" data-id=\"5e67de90\" data-element_type=\"column\">\n\t\t\t<div class=\"elementor-widget-wrap elementor-element-populated\">\n\t\t\t\t\t\t<div class=\"elementor-element elementor-element-7839370 elementor-widget elementor-widget-image\" data-id=\"7839370\" data-element_type=\"widget\" data-widget_type=\"image.default\">\n\t\t\t\t<div class=\"elementor-widget-container\">\n\t\t\t\t\t\t\t\t\t\t\t\t<figure class=\"wp-caption\">\n\t\t\t\t\t\t\t\t\t\t<img decoding=\"async\" width=\"740\" height=\"436\" data-src=\"https:\/\/unsuisseamallorca.com\/wp-content\/uploads\/2020\/07\/mallorca-sarapita-110-surf-hpf.jpg\" class=\"attachment-medium_large size-medium_large wp-image-5282 lazyload\" alt=\"\" data-srcset=\"https:\/\/unsuisseamallorca.com\/wp-content\/uploads\/2020\/07\/mallorca-sarapita-110-surf-hpf.jpg 740w, https:\/\/unsuisseamallorca.com\/wp-content\/uploads\/2020\/07\/mallorca-sarapita-110-surf-hpf-300x177.jpg 300w\" data-sizes=\"(max-width: 740px) 100vw, 740px\" src=\"data:image\/svg+xml;base64,PHN2ZyB3aWR0aD0iMSIgaGVpZ2h0PSIxIiB4bWxucz0iaHR0cDovL3d3dy53My5vcmcvMjAwMC9zdmciPjwvc3ZnPg==\" style=\"--smush-placeholder-width: 740px; --smush-placeholder-aspect-ratio: 740\/436;\" \/>\t\t\t\t\t\t\t\t\t\t\t<figcaption class=\"widget-image-caption wp-caption-text\">S'Estanyol<\/figcaption>\n\t\t\t\t\t\t\t\t\t\t<\/figure>\n\t\t\t\t\t\t\t\t\t<\/div>\n\t\t\t\t<\/div>\n\t\t\t\t<div class=\"elementor-element elementor-element-b72883f elementor-widget elementor-widget-image\" data-id=\"b72883f\" data-element_type=\"widget\" data-widget_type=\"image.default\">\n\t\t\t\t<div class=\"elementor-widget-container\">\n\t\t\t\t\t\t\t\t\t\t\t\t<figure class=\"wp-caption\">\n\t\t\t\t\t\t\t\t\t\t<img decoding=\"async\" width=\"768\" height=\"433\" data-src=\"https:\/\/unsuisseamallorca.com\/wp-content\/uploads\/2020\/07\/es_freu_de_ses_covetes_1160x654_80-768x433.jpg\" class=\"attachment-medium_large size-medium_large wp-image-5276 lazyload\" alt=\"\" data-srcset=\"https:\/\/unsuisseamallorca.com\/wp-content\/uploads\/2020\/07\/es_freu_de_ses_covetes_1160x654_80-768x433.jpg 768w, https:\/\/unsuisseamallorca.com\/wp-content\/uploads\/2020\/07\/es_freu_de_ses_covetes_1160x654_80-300x169.jpg 300w, https:\/\/unsuisseamallorca.com\/wp-content\/uploads\/2020\/07\/es_freu_de_ses_covetes_1160x654_80-1024x577.jpg 1024w, https:\/\/unsuisseamallorca.com\/wp-content\/uploads\/2020\/07\/es_freu_de_ses_covetes_1160x654_80.jpg 1160w\" data-sizes=\"(max-width: 768px) 100vw, 768px\" src=\"data:image\/svg+xml;base64,PHN2ZyB3aWR0aD0iMSIgaGVpZ2h0PSIxIiB4bWxucz0iaHR0cDovL3d3dy53My5vcmcvMjAwMC9zdmciPjwvc3ZnPg==\" style=\"--smush-placeholder-width: 768px; --smush-placeholder-aspect-ratio: 768\/433;\" \/>\t\t\t\t\t\t\t\t\t\t\t<figcaption class=\"widget-image-caption wp-caption-text\">Ses Covetes<\/figcaption>\n\t\t\t\t\t\t\t\t\t\t<\/figure>\n\t\t\t\t\t\t\t\t\t<\/div>\n\t\t\t\t<\/div>\n\t\t\t\t<div class=\"elementor-element elementor-element-21f3995 elementor-widget elementor-widget-image\" data-id=\"21f3995\" data-element_type=\"widget\" data-widget_type=\"image.default\">\n\t\t\t\t<div class=\"elementor-widget-container\">\n\t\t\t\t\t\t\t\t\t\t\t\t<figure class=\"wp-caption\">\n\t\t\t\t\t\t\t\t\t\t<img decoding=\"async\" width=\"768\" height=\"576\" data-src=\"https:\/\/unsuisseamallorca.com\/wp-content\/uploads\/2020\/07\/DJI_0102-768x576.jpg\" class=\"attachment-medium_large size-medium_large wp-image-5270 lazyload\" alt=\"\" data-srcset=\"https:\/\/unsuisseamallorca.com\/wp-content\/uploads\/2020\/07\/DJI_0102-768x576.jpg 768w, https:\/\/unsuisseamallorca.com\/wp-content\/uploads\/2020\/07\/DJI_0102-300x225.jpg 300w, https:\/\/unsuisseamallorca.com\/wp-content\/uploads\/2020\/07\/DJI_0102-1024x768.jpg 1024w, https:\/\/unsuisseamallorca.com\/wp-content\/uploads\/2020\/07\/DJI_0102-1536x1152.jpg 1536w, https:\/\/unsuisseamallorca.com\/wp-content\/uploads\/2020\/07\/DJI_0102-2048x1536.jpg 2048w, https:\/\/unsuisseamallorca.com\/wp-content\/uploads\/2020\/07\/DJI_0102-scaled.jpg 2560w\" data-sizes=\"(max-width: 768px) 100vw, 768px\" src=\"data:image\/svg+xml;base64,PHN2ZyB3aWR0aD0iMSIgaGVpZ2h0PSIxIiB4bWxucz0iaHR0cDovL3d3dy53My5vcmcvMjAwMC9zdmciPjwvc3ZnPg==\" style=\"--smush-placeholder-width: 768px; --smush-placeholder-aspect-ratio: 768\/576;\" \/>\t\t\t\t\t\t\t\t\t\t\t<figcaption class=\"widget-image-caption wp-caption-text\">Colonia San Jordi<\/figcaption>\n\t\t\t\t\t\t\t\t\t\t<\/figure>\n\t\t\t\t\t\t\t\t\t<\/div>\n\t\t\t\t<\/div>\n\t\t\t\t<div class=\"elementor-element elementor-element-367bc9d elementor-widget elementor-widget-image\" data-id=\"367bc9d\" data-element_type=\"widget\" data-widget_type=\"image.default\">\n\t\t\t\t<div class=\"elementor-widget-container\">\n\t\t\t\t\t\t\t\t\t\t\t\t<figure class=\"wp-caption\">\n\t\t\t\t\t\t\t\t\t\t<img decoding=\"async\" width=\"768\" height=\"512\" data-src=\"https:\/\/unsuisseamallorca.com\/wp-content\/uploads\/2020\/07\/IMG_1312-768x512.jpg\" class=\"attachment-medium_large size-medium_large wp-image-5278 lazyload\" alt=\"\" data-srcset=\"https:\/\/unsuisseamallorca.com\/wp-content\/uploads\/2020\/07\/IMG_1312-768x512.jpg 768w, https:\/\/unsuisseamallorca.com\/wp-content\/uploads\/2020\/07\/IMG_1312-300x200.jpg 300w, https:\/\/unsuisseamallorca.com\/wp-content\/uploads\/2020\/07\/IMG_1312-1024x683.jpg 1024w, https:\/\/unsuisseamallorca.com\/wp-content\/uploads\/2020\/07\/IMG_1312-1536x1024.jpg 1536w, https:\/\/unsuisseamallorca.com\/wp-content\/uploads\/2020\/07\/IMG_1312-2048x1365.jpg 2048w, https:\/\/unsuisseamallorca.com\/wp-content\/uploads\/2020\/07\/IMG_1312-scaled.jpg 2560w\" data-sizes=\"(max-width: 768px) 100vw, 768px\" src=\"data:image\/svg+xml;base64,PHN2ZyB3aWR0aD0iMSIgaGVpZ2h0PSIxIiB4bWxucz0iaHR0cDovL3d3dy53My5vcmcvMjAwMC9zdmciPjwvc3ZnPg==\" style=\"--smush-placeholder-width: 768px; --smush-placeholder-aspect-ratio: 768\/512;\" \/>\t\t\t\t\t\t\t\t\t\t\t<figcaption class=\"widget-image-caption wp-caption-text\">Colonia San Jordi<\/figcaption>\n\t\t\t\t\t\t\t\t\t\t<\/figure>\n\t\t\t\t\t\t\t\t\t<\/div>\n\t\t\t\t<\/div>\n\t\t\t\t<div class=\"elementor-element elementor-element-cc1bf10 elementor-widget elementor-widget-image\" data-id=\"cc1bf10\" data-element_type=\"widget\" data-widget_type=\"image.default\">\n\t\t\t\t<div class=\"elementor-widget-container\">\n\t\t\t\t\t\t\t\t\t\t\t\t<figure class=\"wp-caption\">\n\t\t\t\t\t\t\t\t\t\t<img decoding=\"async\" width=\"768\" height=\"512\" data-src=\"https:\/\/unsuisseamallorca.com\/wp-content\/uploads\/2020\/07\/IMG_1081-768x512.jpg\" class=\"attachment-medium_large size-medium_large wp-image-5277 lazyload\" alt=\"\" data-srcset=\"https:\/\/unsuisseamallorca.com\/wp-content\/uploads\/2020\/07\/IMG_1081-768x512.jpg 768w, https:\/\/unsuisseamallorca.com\/wp-content\/uploads\/2020\/07\/IMG_1081-300x200.jpg 300w, https:\/\/unsuisseamallorca.com\/wp-content\/uploads\/2020\/07\/IMG_1081-1024x683.jpg 1024w, https:\/\/unsuisseamallorca.com\/wp-content\/uploads\/2020\/07\/IMG_1081-1536x1024.jpg 1536w, https:\/\/unsuisseamallorca.com\/wp-content\/uploads\/2020\/07\/IMG_1081-2048x1365.jpg 2048w, https:\/\/unsuisseamallorca.com\/wp-content\/uploads\/2020\/07\/IMG_1081-scaled.jpg 2560w\" data-sizes=\"(max-width: 768px) 100vw, 768px\" src=\"data:image\/svg+xml;base64,PHN2ZyB3aWR0aD0iMSIgaGVpZ2h0PSIxIiB4bWxucz0iaHR0cDovL3d3dy53My5vcmcvMjAwMC9zdmciPjwvc3ZnPg==\" style=\"--smush-placeholder-width: 768px; --smush-placeholder-aspect-ratio: 768\/512;\" \/>\t\t\t\t\t\t\t\t\t\t\t<figcaption class=\"widget-image-caption wp-caption-text\">Colonia San Jordi<\/figcaption>\n\t\t\t\t\t\t\t\t\t\t<\/figure>\n\t\t\t\t\t\t\t\t\t<\/div>\n\t\t\t\t<\/div>\n\t\t\t\t\t<\/div>\n\t\t<\/div>\n\t\t\t\t<div class=\"elementor-column elementor-col-50 elementor-top-column elementor-element elementor-element-22417d68\" data-id=\"22417d68\" data-element_type=\"column\">\n\t\t\t<div class=\"elementor-widget-wrap elementor-element-populated\">\n\t\t\t\t\t\t<div class=\"elementor-element elementor-element-21acd8c1 elementor-widget elementor-widget-heading\" data-id=\"21acd8c1\" data-element_type=\"widget\" data-widget_type=\"heading.default\">\n\t\t\t\t<div class=\"elementor-widget-container\">\n\t\t\t\t\t<h3 class=\"elementor-heading-title elementor-size-default\">Stations baln\u00e9aires<\/h3>\t\t\t\t<\/div>\n\t\t\t\t<\/div>\n\t\t\t\t<div class=\"elementor-element elementor-element-2747becd elementor-widget elementor-widget-text-editor\" data-id=\"2747becd\" data-element_type=\"widget\" data-widget_type=\"text-editor.default\">\n\t\t\t\t<div class=\"elementor-widget-container\">\n\t\t\t\t\t\t\t\t\t<strong>Valgonera :<\/strong> L&rsquo;endroit est bord\u00e9 par une falaise et brille avec une collection de villas et d&rsquo;appartements aux couleurs vives. Les magasins et les restaurants sont rares. Ici pas directement de plage mais Cala Pi est \u00e0 quelques centaines de m\u00e8tres.<p>\n\n<strong>S&rsquo;Estanyol :<\/strong> Petite station baln\u00e9aire entre la pointe de Punta Plana et Sa Rapita. La station s&rsquo;est d\u00e9velopp\u00e9e sur une ancienne \u00ab\u00a0possessio\u00a0\u00bb, ce sont les habitants fortun\u00e9s de Llumajor qui y construisirent des maisons d&rsquo;\u00e9t\u00e9. En 1900 il y avait que 9 cabanes de p\u00eacheurs. \u00c0 l&#8217;embouchure d&rsquo;un ruisseau \u00ab\u00a0Torrent de Garonda\u00a0\u00bb, celui-ci n&rsquo;arrive pas \u00e0 s&rsquo;\u00e9couler jusqu&rsquo;\u00e0 la mer et a form\u00e9 une zone humide de v\u00e9g\u00e9tation aquatique qui est \u00e0 l&rsquo;origine de S&rsquo;Estanyol de Migjorn qui signifie \u00ab\u00a0l&rsquo;\u00e9tang du midi\u00a0\u00bb.<p>\n<strong>Sa Rapita :<\/strong> Est une station baln\u00e9aire tranquille et un peu vieillotte jusqu&rsquo;\u00e0 ces derni\u00e8res ann\u00e9es o\u00f9 de nouvelles constructions derri\u00e8re le port lui redonnent un nouvel \u00e9lan. Le port de plaisance est tr\u00e8s fr\u00e9quent\u00e9 et attenant \u00e0 une plage de sable fin qui va jusqu&rsquo;\u00e0 Ses Covetes.<p>\n<strong>Ses Covetes :<\/strong>\u00a0A \u00e9t\u00e9 construit sur un \u00e9peron rocheux de 600 m\u00e8tres de long dans une zone prot\u00e9g\u00e9e. Son expansion est aujourd\u2019hui stopp\u00e9e par voie judiciaire. Ses Covetes est l\u00e9g\u00e8rement isol\u00e9e. On raconte que son nom provient des caves fun\u00e9raires de la p\u00e9riode talayotique recens\u00e9es dans le secteur. Sa pente douce et son sable fin en font un lieu id\u00e9al pour se reposer des tumultes environnants..<p>\n\n<strong>Colonia Sant Jordi :<\/strong>A une heure de route de Majorque, 53 km se trouve la station baln\u00e9aire de Colonia de Sant Jordi \u00e0 la pointe sud-est de l\u2019Ile. Ce petit port de p\u00eache de 3000 habitants est devenu une destination touristique depuis les ann\u00e9es cinquante. C\u2019est une destination de d\u00e9couverte de la nature gr\u00e2ce \u00e0 sa proximit\u00e9 avec le Parc National de l\u2019Archipel de Cabrera et des salines. Les Romains exploitaient d\u00e9j\u00e0 les Salines de Colonia, il y a plus de 2500 Ans. Les chercheurs pensent que Colonia de Sant Jordi serait de la ville de Ticus. Le port de Colonia de Sant Jordi reste un d\u00e9bouch\u00e9 pour exporter la production des salines S\u2019Aval et Salobrar.  les familles appr\u00e9cient les longues plages au Sud-Est et au Nord-Ouest. Le village a bien maitris\u00e9 son d\u00e9veloppement urbain. Il est facile de s\u2019y rep\u00e9rer gr\u00e2ce \u00e0 son am\u00e9nagement en damier : le port se trouve au sud-est, le centre des visiteurs de l\u2019\u00eele de Cabrera demeure la principale attraction. Il a \u00e9t\u00e9 construit en 2008 et propose au sous-sol 17 aquariums o\u00f9 nagent plus de 400 poissons et autres vari\u00e9t\u00e9s marines appartenant \u00e0 150 esp\u00e8ces distinctes. \t\t\t\t\t\t\t\t<\/div>\n\t\t\t\t<\/div>\n\t\t\t\t\t<\/div>\n\t\t<\/div>\n\t\t\t\t\t<\/div>\n\t\t<\/section>\n\t\t\t\t<section class=\"elementor-section elementor-top-section elementor-element elementor-element-1a8137de elementor-section-content-middle elementor-reverse-mobile elementor-section-boxed elementor-section-height-default elementor-section-height-default\" data-id=\"1a8137de\" data-element_type=\"section\">\n\t\t\t\t\t\t<div class=\"elementor-container elementor-column-gap-default\">\n\t\t\t\t\t<div class=\"elementor-column elementor-col-50 elementor-top-column elementor-element elementor-element-7cae5328\" data-id=\"7cae5328\" data-element_type=\"column\">\n\t\t\t<div class=\"elementor-widget-wrap elementor-element-populated\">\n\t\t\t\t\t\t<div class=\"elementor-element elementor-element-13dcb979 elementor-widget elementor-widget-heading\" data-id=\"13dcb979\" data-element_type=\"widget\" data-widget_type=\"heading.default\">\n\t\t\t\t<div class=\"elementor-widget-container\">\n\t\t\t\t\t<h3 class=\"elementor-heading-title elementor-size-default\">Les calas<\/h3>\t\t\t\t<\/div>\n\t\t\t\t<\/div>\n\t\t\t\t<div class=\"elementor-element elementor-element-70064523 elementor-widget elementor-widget-text-editor\" data-id=\"70064523\" data-element_type=\"widget\" data-widget_type=\"text-editor.default\">\n\t\t\t\t<div class=\"elementor-widget-container\">\n\t\t\t\t\t\t\t\t\t<p>Ici nous allons parler que des calas qui sont atteignables depuis la terre ferme et ce par des chemins\u00a0 relativement faciles. Les calas qui sont \u00e9galement des stations baln\u00e9aires sont pr\u00e9sent\u00e9es dans l&rsquo;autre chapitre ci-dessus. Attention certaines calas portent le m\u00eame nom bien que ne se trouvant pas dans la m\u00eame r\u00e9gion de l&rsquo;\u00eele. La premi\u00e8re cala se situe peu apr\u00e8s le cap Blanc.<\/p><p><strong>Cala Beltran :<\/strong> <span title=\"\">Cala Beltr\u00e1n est une \u00e9troite crique rocheuse situ\u00e9e \u00e0 l&rsquo;ouest de Cala Pi.<\/span> Elle<span title=\"\"> ressemble \u00e0 un petit ruisseau naturel plein de v\u00e9g\u00e9tation;<\/span>\u00a0<span title=\"\"> il y a environ 200 m\u00e8tres d&rsquo;eaux calmes flanqu\u00e9es de deux hautes parois rocheuses.<\/span><br \/><span title=\"\">Longueur = 210 m, largeur = 15 m. <\/span><span title=\"\">Nous vous recommandons d&rsquo;arriver par le sentier qui commence \u00e0 Cala Pi.<\/span> <span title=\"\">Il commence derri\u00e8re les cabanes des p\u00eacheurs avec des escaliers creus\u00e9s dans la roche.<\/span> <span title=\"\">Il y a une mont\u00e9e un peu compliqu\u00e9e mais ensuite c&rsquo;est une simple promenade d&rsquo;environ 15 minutes le long de la mer.<\/span><\/p><p><strong>Cala Pi :<\/strong> Est incontournable et l&rsquo;une des plus belle de l&rsquo;\u00eele. <span title=\"\">Cala Pi est une magnifique plage avec du sable jaune dor\u00e9 et de l&rsquo;eau turquoise qui scintille entre deux gros rochers.<\/span> <span title=\"\">Il doit son nom \u00abPi\u00bb aux pins qui l&rsquo;entourent. F<\/span><span title=\"\">acilement accessible en voiture.<\/span> <span title=\"\">La plage est au sud de Llucmajor.<\/span> <span title=\"\">La plage ne mesure que 40 m\u00e8tres de large, mais 100 m\u00e8tres de profondeur.<\/span> <span title=\"\">Il a une eau tr\u00e8s peu profonde et convient donc \u00e9galement aux familles avec enfants.<\/span> <span title=\"\">Les falaises des deux c\u00f4t\u00e9s garantissent qu&rsquo;il est presque toujours sans vent et que vous pouvez profiter du soleil \u00e0 merveille.<\/span> <span title=\"\">La plage est particuli\u00e8rement fr\u00e9quent\u00e9e le week-end, mais elle d\u00e9gage toujours une atmosph\u00e8re tr\u00e8s d\u00e9tendue.<\/span><\/p><p>De falaise en tr\u00e8s belles plages il faut se rendre \u00e0 Colonia Sant Jordi pour retrouver quelques calas dont celle-ci :<\/p><p><strong>Cala Galiota :<\/strong>, petite cala fr\u00e9quent\u00e9e par les insulaires <span title=\"\">Cala Galiota est une crique de sable et de roche dans le village de Col\u00f2nia San Jordi, elle<\/span><span title=\"\"> se trouve dans le centre touristique et est entour\u00e9 d&rsquo;une promenade pi\u00e9tonne.<\/span><br \/><span title=\"\">Longueur = 30 m, largeur = 9 m.<\/span><\/p><p>Ensuite nous continuons en direction du cap de Ses Salines et rencontrons<\/p><p><b>Cala en Turgores : <\/b>tr\u00e8s peu profonde et ne permettant pas de baignade inoubliable. Elle est situ\u00e9e \u00e0 mi-chemin entre Colonia San Jordi et le phare de Ses Salines, le chemin est bucolique et on n&rsquo;y arrive qu&rsquo; \u00e0 pieds en 45 minutes ce qui en fait une cala peu fr\u00e9quent\u00e9e.<\/p>\t\t\t\t\t\t\t\t<\/div>\n\t\t\t\t<\/div>\n\t\t\t\t\t<\/div>\n\t\t<\/div>\n\t\t\t\t<div class=\"elementor-column elementor-col-50 elementor-top-column elementor-element elementor-element-1b1df49b\" data-id=\"1b1df49b\" data-element_type=\"column\">\n\t\t\t<div class=\"elementor-widget-wrap elementor-element-populated\">\n\t\t\t\t\t\t<div class=\"elementor-element elementor-element-2bd209ff elementor-widget elementor-widget-image\" data-id=\"2bd209ff\" data-element_type=\"widget\" data-widget_type=\"image.default\">\n\t\t\t\t<div class=\"elementor-widget-container\">\n\t\t\t\t\t\t\t\t\t\t\t\t<figure class=\"wp-caption\">\n\t\t\t\t\t\t\t\t\t\t<img decoding=\"async\" width=\"768\" height=\"576\" data-src=\"https:\/\/unsuisseamallorca.com\/wp-content\/uploads\/2020\/07\/DSCN0135-768x576.jpg\" class=\"attachment-medium_large size-medium_large wp-image-5286 lazyload\" alt=\"\" data-srcset=\"https:\/\/unsuisseamallorca.com\/wp-content\/uploads\/2020\/07\/DSCN0135-768x576.jpg 768w, https:\/\/unsuisseamallorca.com\/wp-content\/uploads\/2020\/07\/DSCN0135-300x225.jpg 300w, https:\/\/unsuisseamallorca.com\/wp-content\/uploads\/2020\/07\/DSCN0135-1024x768.jpg 1024w, https:\/\/unsuisseamallorca.com\/wp-content\/uploads\/2020\/07\/DSCN0135-1536x1152.jpg 1536w, https:\/\/unsuisseamallorca.com\/wp-content\/uploads\/2020\/07\/DSCN0135-2048x1536.jpg 2048w, https:\/\/unsuisseamallorca.com\/wp-content\/uploads\/2020\/07\/DSCN0135-scaled.jpg 2560w\" data-sizes=\"(max-width: 768px) 100vw, 768px\" src=\"data:image\/svg+xml;base64,PHN2ZyB3aWR0aD0iMSIgaGVpZ2h0PSIxIiB4bWxucz0iaHR0cDovL3d3dy53My5vcmcvMjAwMC9zdmciPjwvc3ZnPg==\" style=\"--smush-placeholder-width: 768px; --smush-placeholder-aspect-ratio: 768\/576;\" \/>\t\t\t\t\t\t\t\t\t\t\t<figcaption class=\"widget-image-caption wp-caption-text\">Cala Beltran<\/figcaption>\n\t\t\t\t\t\t\t\t\t\t<\/figure>\n\t\t\t\t\t\t\t\t\t<\/div>\n\t\t\t\t<\/div>\n\t\t\t\t<div class=\"elementor-element elementor-element-55282686 elementor-widget elementor-widget-image\" data-id=\"55282686\" data-element_type=\"widget\" data-widget_type=\"image.default\">\n\t\t\t\t<div class=\"elementor-widget-container\">\n\t\t\t\t\t\t\t\t\t\t\t\t<figure class=\"wp-caption\">\n\t\t\t\t\t\t\t\t\t\t\t<a href=\"https:\/\/unsuisseamallorca.com\/wp-content\/uploads\/2020\/07\/DSC00604-scaled.jpg\" data-elementor-open-lightbox=\"yes\" data-elementor-lightbox-title=\"DSC00604\" data-e-action-hash=\"#elementor-action%3Aaction%3Dlightbox%26settings%3DeyJpZCI6NTI3MSwidXJsIjoiaHR0cHM6XC9cL3Vuc3Vpc3NlYW1hbGxvcmNhLmNvbVwvd3AtY29udGVudFwvdXBsb2Fkc1wvMjAyMFwvMDdcL0RTQzAwNjA0LXNjYWxlZC5qcGcifQ%3D%3D\">\n\t\t\t\t\t\t\t<img decoding=\"async\" width=\"768\" height=\"576\" data-src=\"https:\/\/unsuisseamallorca.com\/wp-content\/uploads\/2020\/07\/DSC00604-768x576.jpg\" class=\"attachment-medium_large size-medium_large wp-image-5271 lazyload\" alt=\"\" data-srcset=\"https:\/\/unsuisseamallorca.com\/wp-content\/uploads\/2020\/07\/DSC00604-768x576.jpg 768w, https:\/\/unsuisseamallorca.com\/wp-content\/uploads\/2020\/07\/DSC00604-300x225.jpg 300w, https:\/\/unsuisseamallorca.com\/wp-content\/uploads\/2020\/07\/DSC00604-1024x768.jpg 1024w, https:\/\/unsuisseamallorca.com\/wp-content\/uploads\/2020\/07\/DSC00604-1536x1152.jpg 1536w, https:\/\/unsuisseamallorca.com\/wp-content\/uploads\/2020\/07\/DSC00604-2048x1536.jpg 2048w, https:\/\/unsuisseamallorca.com\/wp-content\/uploads\/2020\/07\/DSC00604-scaled.jpg 2560w\" data-sizes=\"(max-width: 768px) 100vw, 768px\" src=\"data:image\/svg+xml;base64,PHN2ZyB3aWR0aD0iMSIgaGVpZ2h0PSIxIiB4bWxucz0iaHR0cDovL3d3dy53My5vcmcvMjAwMC9zdmciPjwvc3ZnPg==\" style=\"--smush-placeholder-width: 768px; --smush-placeholder-aspect-ratio: 768\/576;\" \/>\t\t\t\t\t\t\t\t<\/a>\n\t\t\t\t\t\t\t\t\t\t\t<figcaption class=\"widget-image-caption wp-caption-text\">Cala Pi<\/figcaption>\n\t\t\t\t\t\t\t\t\t\t<\/figure>\n\t\t\t\t\t\t\t\t\t<\/div>\n\t\t\t\t<\/div>\n\t\t\t\t<div class=\"elementor-element elementor-element-634cc1f9 elementor-widget elementor-widget-image\" data-id=\"634cc1f9\" data-element_type=\"widget\" data-widget_type=\"image.default\">\n\t\t\t\t<div class=\"elementor-widget-container\">\n\t\t\t\t\t\t\t\t\t\t\t\t<figure class=\"wp-caption\">\n\t\t\t\t\t\t\t\t\t\t<img decoding=\"async\" width=\"768\" height=\"576\" data-src=\"https:\/\/unsuisseamallorca.com\/wp-content\/uploads\/2020\/07\/DSC04931-768x576.jpg\" class=\"attachment-medium_large size-medium_large wp-image-5272 lazyload\" alt=\"\" data-srcset=\"https:\/\/unsuisseamallorca.com\/wp-content\/uploads\/2020\/07\/DSC04931-768x576.jpg 768w, https:\/\/unsuisseamallorca.com\/wp-content\/uploads\/2020\/07\/DSC04931-300x225.jpg 300w, https:\/\/unsuisseamallorca.com\/wp-content\/uploads\/2020\/07\/DSC04931-1024x768.jpg 1024w, https:\/\/unsuisseamallorca.com\/wp-content\/uploads\/2020\/07\/DSC04931-1536x1152.jpg 1536w, https:\/\/unsuisseamallorca.com\/wp-content\/uploads\/2020\/07\/DSC04931-2048x1536.jpg 2048w, https:\/\/unsuisseamallorca.com\/wp-content\/uploads\/2020\/07\/DSC04931-scaled.jpg 2560w\" data-sizes=\"(max-width: 768px) 100vw, 768px\" src=\"data:image\/svg+xml;base64,PHN2ZyB3aWR0aD0iMSIgaGVpZ2h0PSIxIiB4bWxucz0iaHR0cDovL3d3dy53My5vcmcvMjAwMC9zdmciPjwvc3ZnPg==\" style=\"--smush-placeholder-width: 768px; --smush-placeholder-aspect-ratio: 768\/576;\" \/>\t\t\t\t\t\t\t\t\t\t\t<figcaption class=\"widget-image-caption wp-caption-text\">Cala Pi<\/figcaption>\n\t\t\t\t\t\t\t\t\t\t<\/figure>\n\t\t\t\t\t\t\t\t\t<\/div>\n\t\t\t\t<\/div>\n\t\t\t\t<div class=\"elementor-element elementor-element-4752fa8c elementor-widget elementor-widget-image\" data-id=\"4752fa8c\" data-element_type=\"widget\" data-widget_type=\"image.default\">\n\t\t\t\t<div class=\"elementor-widget-container\">\n\t\t\t\t\t\t\t\t\t\t\t\t<figure class=\"wp-caption\">\n\t\t\t\t\t\t\t\t\t\t<img decoding=\"async\" width=\"768\" height=\"432\" data-src=\"https:\/\/unsuisseamallorca.com\/wp-content\/uploads\/2020\/07\/ACCUEIL-1-768x432.jpg\" class=\"attachment-medium_large size-medium_large wp-image-5264 lazyload\" alt=\"\" data-srcset=\"https:\/\/unsuisseamallorca.com\/wp-content\/uploads\/2020\/07\/ACCUEIL-1-768x432.jpg 768w, https:\/\/unsuisseamallorca.com\/wp-content\/uploads\/2020\/07\/ACCUEIL-1-300x169.jpg 300w, https:\/\/unsuisseamallorca.com\/wp-content\/uploads\/2020\/07\/ACCUEIL-1-1024x576.jpg 1024w, https:\/\/unsuisseamallorca.com\/wp-content\/uploads\/2020\/07\/ACCUEIL-1-1536x865.jpg 1536w, https:\/\/unsuisseamallorca.com\/wp-content\/uploads\/2020\/07\/ACCUEIL-1-2048x1153.jpg 2048w, https:\/\/unsuisseamallorca.com\/wp-content\/uploads\/2020\/07\/ACCUEIL-1-scaled.jpg 2560w\" data-sizes=\"(max-width: 768px) 100vw, 768px\" src=\"data:image\/svg+xml;base64,PHN2ZyB3aWR0aD0iMSIgaGVpZ2h0PSIxIiB4bWxucz0iaHR0cDovL3d3dy53My5vcmcvMjAwMC9zdmciPjwvc3ZnPg==\" style=\"--smush-placeholder-width: 768px; --smush-placeholder-aspect-ratio: 768\/432;\" \/>\t\t\t\t\t\t\t\t\t\t\t<figcaption class=\"widget-image-caption wp-caption-text\">Cala Galiota<\/figcaption>\n\t\t\t\t\t\t\t\t\t\t<\/figure>\n\t\t\t\t\t\t\t\t\t<\/div>\n\t\t\t\t<\/div>\n\t\t\t\t<div class=\"elementor-element elementor-element-5a8d1ddd elementor-widget elementor-widget-image\" data-id=\"5a8d1ddd\" data-element_type=\"widget\" data-widget_type=\"image.default\">\n\t\t\t\t<div class=\"elementor-widget-container\">\n\t\t\t\t\t\t\t\t\t\t\t\t<figure class=\"wp-caption\">\n\t\t\t\t\t\t\t\t\t\t<img decoding=\"async\" width=\"768\" height=\"576\" data-src=\"https:\/\/unsuisseamallorca.com\/wp-content\/uploads\/2020\/07\/Cala-En-Turgores-768x576.jpg\" class=\"attachment-medium_large size-medium_large wp-image-5265 lazyload\" alt=\"\" data-srcset=\"https:\/\/unsuisseamallorca.com\/wp-content\/uploads\/2020\/07\/Cala-En-Turgores-768x576.jpg 768w, https:\/\/unsuisseamallorca.com\/wp-content\/uploads\/2020\/07\/Cala-En-Turgores-300x225.jpg 300w, https:\/\/unsuisseamallorca.com\/wp-content\/uploads\/2020\/07\/Cala-En-Turgores-1024x768.jpg 1024w, https:\/\/unsuisseamallorca.com\/wp-content\/uploads\/2020\/07\/Cala-En-Turgores-1536x1152.jpg 1536w, https:\/\/unsuisseamallorca.com\/wp-content\/uploads\/2020\/07\/Cala-En-Turgores-2048x1536.jpg 2048w, https:\/\/unsuisseamallorca.com\/wp-content\/uploads\/2020\/07\/Cala-En-Turgores-scaled.jpg 2560w\" data-sizes=\"(max-width: 768px) 100vw, 768px\" src=\"data:image\/svg+xml;base64,PHN2ZyB3aWR0aD0iMSIgaGVpZ2h0PSIxIiB4bWxucz0iaHR0cDovL3d3dy53My5vcmcvMjAwMC9zdmciPjwvc3ZnPg==\" style=\"--smush-placeholder-width: 768px; --smush-placeholder-aspect-ratio: 768\/576;\" \/>\t\t\t\t\t\t\t\t\t\t\t<figcaption class=\"widget-image-caption wp-caption-text\">Cala En Turgores<\/figcaption>\n\t\t\t\t\t\t\t\t\t\t<\/figure>\n\t\t\t\t\t\t\t\t\t<\/div>\n\t\t\t\t<\/div>\n\t\t\t\t\t<\/div>\n\t\t<\/div>\n\t\t\t\t\t<\/div>\n\t\t<\/section>\n\t\t\t\t<section class=\"elementor-section elementor-top-section elementor-element elementor-element-6f43cd70 elementor-section-content-middle elementor-section-boxed elementor-section-height-default elementor-section-height-default\" data-id=\"6f43cd70\" data-element_type=\"section\">\n\t\t\t\t\t\t<div class=\"elementor-container elementor-column-gap-default\">\n\t\t\t\t\t<div class=\"elementor-column elementor-col-50 elementor-top-column elementor-element elementor-element-1f845dae\" data-id=\"1f845dae\" data-element_type=\"column\">\n\t\t\t<div class=\"elementor-widget-wrap elementor-element-populated\">\n\t\t\t\t\t\t<div class=\"elementor-element elementor-element-6d375265 elementor-widget elementor-widget-image\" data-id=\"6d375265\" data-element_type=\"widget\" data-widget_type=\"image.default\">\n\t\t\t\t<div class=\"elementor-widget-container\">\n\t\t\t\t\t\t\t\t\t\t\t\t<figure class=\"wp-caption\">\n\t\t\t\t\t\t\t\t\t\t<img decoding=\"async\" width=\"768\" height=\"488\" data-src=\"https:\/\/unsuisseamallorca.com\/wp-content\/uploads\/2020\/07\/1920px-Vallgornera_P1010233mod-768x488.jpg\" class=\"attachment-medium_large size-medium_large wp-image-5263 lazyload\" alt=\"\" data-srcset=\"https:\/\/unsuisseamallorca.com\/wp-content\/uploads\/2020\/07\/1920px-Vallgornera_P1010233mod-768x488.jpg 768w, https:\/\/unsuisseamallorca.com\/wp-content\/uploads\/2020\/07\/1920px-Vallgornera_P1010233mod-300x190.jpg 300w, https:\/\/unsuisseamallorca.com\/wp-content\/uploads\/2020\/07\/1920px-Vallgornera_P1010233mod-1024x650.jpg 1024w, https:\/\/unsuisseamallorca.com\/wp-content\/uploads\/2020\/07\/1920px-Vallgornera_P1010233mod-1536x975.jpg 1536w, https:\/\/unsuisseamallorca.com\/wp-content\/uploads\/2020\/07\/1920px-Vallgornera_P1010233mod.jpg 1920w\" data-sizes=\"(max-width: 768px) 100vw, 768px\" src=\"data:image\/svg+xml;base64,PHN2ZyB3aWR0aD0iMSIgaGVpZ2h0PSIxIiB4bWxucz0iaHR0cDovL3d3dy53My5vcmcvMjAwMC9zdmciPjwvc3ZnPg==\" style=\"--smush-placeholder-width: 768px; --smush-placeholder-aspect-ratio: 768\/488;\" \/>\t\t\t\t\t\t\t\t\t\t\t<figcaption class=\"widget-image-caption wp-caption-text\">Valgonera<\/figcaption>\n\t\t\t\t\t\t\t\t\t\t<\/figure>\n\t\t\t\t\t\t\t\t\t<\/div>\n\t\t\t\t<\/div>\n\t\t\t\t<div class=\"elementor-element elementor-element-d9318cd elementor-widget elementor-widget-image\" data-id=\"d9318cd\" data-element_type=\"widget\" data-widget_type=\"image.default\">\n\t\t\t\t<div class=\"elementor-widget-container\">\n\t\t\t\t\t\t\t\t\t\t\t\t<figure class=\"wp-caption\">\n\t\t\t\t\t\t\t\t\t\t<img decoding=\"async\" width=\"768\" height=\"384\" data-src=\"https:\/\/unsuisseamallorca.com\/wp-content\/uploads\/2020\/07\/Cova_de_Vallgornera-1-768x384.jpg\" class=\"attachment-medium_large size-medium_large wp-image-5269 lazyload\" alt=\"\" data-srcset=\"https:\/\/unsuisseamallorca.com\/wp-content\/uploads\/2020\/07\/Cova_de_Vallgornera-1-768x384.jpg 768w, https:\/\/unsuisseamallorca.com\/wp-content\/uploads\/2020\/07\/Cova_de_Vallgornera-1-300x150.jpg 300w, https:\/\/unsuisseamallorca.com\/wp-content\/uploads\/2020\/07\/Cova_de_Vallgornera-1-1024x512.jpg 1024w, https:\/\/unsuisseamallorca.com\/wp-content\/uploads\/2020\/07\/Cova_de_Vallgornera-1-1536x768.jpg 1536w, https:\/\/unsuisseamallorca.com\/wp-content\/uploads\/2020\/07\/Cova_de_Vallgornera-1.jpg 1920w\" data-sizes=\"(max-width: 768px) 100vw, 768px\" src=\"data:image\/svg+xml;base64,PHN2ZyB3aWR0aD0iMSIgaGVpZ2h0PSIxIiB4bWxucz0iaHR0cDovL3d3dy53My5vcmcvMjAwMC9zdmciPjwvc3ZnPg==\" style=\"--smush-placeholder-width: 768px; --smush-placeholder-aspect-ratio: 768\/384;\" \/>\t\t\t\t\t\t\t\t\t\t\t<figcaption class=\"widget-image-caption wp-caption-text\">Valgonera<\/figcaption>\n\t\t\t\t\t\t\t\t\t\t<\/figure>\n\t\t\t\t\t\t\t\t\t<\/div>\n\t\t\t\t<\/div>\n\t\t\t\t\t<\/div>\n\t\t<\/div>\n\t\t\t\t<div class=\"elementor-column elementor-col-50 elementor-top-column elementor-element elementor-element-117dd51b\" data-id=\"117dd51b\" data-element_type=\"column\">\n\t\t\t<div class=\"elementor-widget-wrap elementor-element-populated\">\n\t\t\t\t\t\t<div class=\"elementor-element elementor-element-1b75d3ae elementor-widget elementor-widget-heading\" data-id=\"1b75d3ae\" data-element_type=\"widget\" data-widget_type=\"heading.default\">\n\t\t\t\t<div class=\"elementor-widget-container\">\n\t\t\t\t\t<h3 class=\"elementor-heading-title elementor-size-default\">Les grottes<\/h3>\t\t\t\t<\/div>\n\t\t\t\t<\/div>\n\t\t\t\t<div class=\"elementor-element elementor-element-a7c9886 elementor-widget elementor-widget-text-editor\" data-id=\"a7c9886\" data-element_type=\"widget\" data-widget_type=\"text-editor.default\">\n\t\t\t\t<div class=\"elementor-widget-container\">\n\t\t\t\t\t\t\t\t\tLa <b>cova des Pas de Vallgornera<\/b> est une cavit\u00e9 naturelle qui se d\u00e9veloppe sous la ville de Es Pas de Vallgornera,\u00a0la cavit\u00e9 mesure plus de plus de 74 km, dont 17 km compl\u00e9tement noy\u00e9es, il s&rsquo;agit de la plus longue cavit\u00e9 des \u00eeles bal\u00e9ares. Malheureusement, soi-disant deuxi\u00e8me plus belle grotte du monde, ne peut pas \u00eatre visit\u00e9e, car elle n&rsquo;est ouverte qu&rsquo;aux visites de recherche. Son entr\u00e9e est situ\u00e9e \u00e0 seulement 22 m d&rsquo;altitude. Le site souterrain est prot\u00e9g\u00e9 et l&rsquo;acc\u00e8s \u00e0 la cavit\u00e9 est soumis \u00e0 autorisation. La d\u00e9couverte de la cova des Pas de Vallgornera a eu lieu le 26 avril 1968. Un puisatier, nomm\u00e9 Tomeu Covas, qui creusait un puits perdu destin\u00e9 \u00e0 recueillir les eaux us\u00e9es de l&rsquo;h\u00f4tel es Pas, a tr\u00e9pan\u00e9 la cavit\u00e9. Le lendemain, la grotte est explor\u00e9e et le dimanche 28 avril le Diario de Mallorca annoncait la d\u00e9couverte. Quelques ann\u00e9es plus tard, le propri\u00e9taire de l&rsquo;h\u00f4tel fait appel aux services de sp\u00e9l\u00e9ologues et plongeurs belges du Groupe Sp\u00e9l\u00e9ologique de NamurCiney\u00a0\u00bb dans le but d&rsquo;am\u00e9nager la grotte en vue d&rsquo;une \u00e9ventuelle exploitation touristique (Colignon, 1981-1982). Le rapport des scaphandriers est n\u00e9gatif. La partie anciennement connue est le premier secteur \u00e9tudi\u00e9\u00a0; c&rsquo;est l\u00e0 que situe la salle d&rsquo;entr\u00e9e dans laquelle d\u00e9bouche le puits artificiel d&rsquo;environ 6 m de profondeur. Tout autour de la salle d&rsquo;entr\u00e9e, on peut descendre \u00e0 diff\u00e9rents endroits jusqu&rsquo;\u00e0 des siphons et une s\u00e9rie de petits lacs d&rsquo;eaux saum\u00e2tres. \u00c0 l&rsquo;est, se trouve un grand gour peu profond qu&rsquo;il faut traverser pour acc\u00e9der \u00e0 un petit puits. \u00c0 sa base, commence la galerie dite Pista Americana qui se termine dans la salle du \u00ab\u00a0Mondmilch\u00a0\u00bb \t\t\t\t\t\t\t\t<\/div>\n\t\t\t\t<\/div>\n\t\t\t\t\t<\/div>\n\t\t<\/div>\n\t\t\t\t\t<\/div>\n\t\t<\/section>\n\t\t\t\t<section class=\"elementor-section elementor-top-section elementor-element elementor-element-4a03c616 elementor-section-content-middle elementor-reverse-mobile elementor-section-boxed elementor-section-height-default elementor-section-height-default\" data-id=\"4a03c616\" data-element_type=\"section\">\n\t\t\t\t\t\t<div class=\"elementor-container elementor-column-gap-default\">\n\t\t\t\t\t<div class=\"elementor-column elementor-col-50 elementor-top-column elementor-element elementor-element-7009d1b6\" data-id=\"7009d1b6\" data-element_type=\"column\">\n\t\t\t<div class=\"elementor-widget-wrap elementor-element-populated\">\n\t\t\t\t\t\t<div class=\"elementor-element elementor-element-71798b97 elementor-widget elementor-widget-heading\" data-id=\"71798b97\" data-element_type=\"widget\" data-widget_type=\"heading.default\">\n\t\t\t\t<div class=\"elementor-widget-container\">\n\t\t\t\t\t<h3 class=\"elementor-heading-title elementor-size-default\">La r\u00e9serve de Cabrera<\/h3>\t\t\t\t<\/div>\n\t\t\t\t<\/div>\n\t\t\t\t<div class=\"elementor-element elementor-element-4fe6c4df elementor-widget elementor-widget-text-editor\" data-id=\"4fe6c4df\" data-element_type=\"widget\" data-widget_type=\"text-editor.default\">\n\t\t\t\t<div class=\"elementor-widget-container\">\n\t\t\t\t\t\t\t\t\t<p>L&rsquo;archipel est form\u00e9 d&rsquo; une \u00eele principale, Cabrera, six \u00eeles mineures et une douzaine d&rsquo;\u00eelots. Il s&rsquo;agit d&rsquo;un ensemble\u00a0 calcaires \u00e0 l&rsquo;\u00e9cosyst\u00e8me marin singulier, domin\u00e9 par des prairies de Posidonia oceanica propices \u00e0 la prolif\u00e9ration de tr\u00e8s nombreuses esp\u00e8ces de faune marine. Ses fonds aquatiques sont parmi les mieux conserv\u00e9s de notre littoral. Plusieurs end\u00e9mismes botaniques m\u00e9ritent \u00e9galement d&rsquo;\u00eatre mentionn\u00e9s, tout comme d&rsquo;importantes colonies d&rsquo;oiseaux. C&rsquo;est pr\u00e9cis\u00e9ment ce qui lui a valu d&rsquo;\u00eatre class\u00e9 au rang de parc national maritime et terrestre en 1991. Mis \u00e0 part ses valeurs naturelles, il poss\u00e8de des attraits d&rsquo;ordre culturel comme son ch\u00e2teau du XIVe\u00a0si\u00e8cle, d\u00e9clar\u00e9 bien d&rsquo;int\u00e9r\u00eat culturel, et de nombreux sites arch\u00e9ologiques terrestres et subaquatiques. Le parc peut \u00eatre visit\u00e9 \u00e0 bord d&#8217;embarcations qui partent de la Colonia de Sant Jordi.\u00a0<\/p>\t\t\t\t\t\t\t\t<\/div>\n\t\t\t\t<\/div>\n\t\t\t\t<div class=\"elementor-element elementor-element-4d33b112 elementor-align-left elementor-mobile-align-center elementor-widget elementor-widget-button\" data-id=\"4d33b112\" data-element_type=\"widget\" data-widget_type=\"button.default\">\n\t\t\t\t<div class=\"elementor-widget-container\">\n\t\t\t\t\t\t\t\t\t<div class=\"elementor-button-wrapper\">\n\t\t\t\t\t<a class=\"elementor-button elementor-button-link elementor-size-md\" href=\"https:\/\/unsuisseamallorca.com\/index.php\/ile-de-cabrera\/\" target=\"_blank\">\n\t\t\t\t\t\t<span class=\"elementor-button-content-wrapper\">\n\t\t\t\t\t\t<span class=\"elementor-button-icon\">\n\t\t\t\t<i aria-hidden=\"true\" class=\"fas fa-angle-double-right\"><\/i>\t\t\t<\/span>\n\t\t\t\t\t\t\t\t\t<span class=\"elementor-button-text\">En savoir plus<\/span>\n\t\t\t\t\t<\/span>\n\t\t\t\t\t<\/a>\n\t\t\t\t<\/div>\n\t\t\t\t\t\t\t\t<\/div>\n\t\t\t\t<\/div>\n\t\t\t\t\t<\/div>\n\t\t<\/div>\n\t\t\t\t<div class=\"elementor-column elementor-col-50 elementor-top-column elementor-element elementor-element-745a605d\" data-id=\"745a605d\" data-element_type=\"column\">\n\t\t\t<div class=\"elementor-widget-wrap elementor-element-populated\">\n\t\t\t\t\t\t<div class=\"elementor-element elementor-element-671b7a5a elementor-widget elementor-widget-image\" data-id=\"671b7a5a\" data-element_type=\"widget\" data-widget_type=\"image.default\">\n\t\t\t\t<div class=\"elementor-widget-container\">\n\t\t\t\t\t\t\t\t\t\t\t\t\t\t\t<img decoding=\"async\" width=\"768\" height=\"719\" data-src=\"https:\/\/unsuisseamallorca.com\/wp-content\/uploads\/2021\/10\/Carte-Cabrera-0-768x719.jpg\" class=\"attachment-medium_large size-medium_large wp-image-9026 lazyload\" alt=\"\" data-srcset=\"https:\/\/unsuisseamallorca.com\/wp-content\/uploads\/2021\/10\/Carte-Cabrera-0-768x719.jpg 768w, https:\/\/unsuisseamallorca.com\/wp-content\/uploads\/2021\/10\/Carte-Cabrera-0-300x281.jpg 300w, https:\/\/unsuisseamallorca.com\/wp-content\/uploads\/2021\/10\/Carte-Cabrera-0.jpg 866w\" data-sizes=\"(max-width: 768px) 100vw, 768px\" src=\"data:image\/svg+xml;base64,PHN2ZyB3aWR0aD0iMSIgaGVpZ2h0PSIxIiB4bWxucz0iaHR0cDovL3d3dy53My5vcmcvMjAwMC9zdmciPjwvc3ZnPg==\" style=\"--smush-placeholder-width: 768px; --smush-placeholder-aspect-ratio: 768\/719;\" \/>\t\t\t\t\t\t\t\t\t\t\t\t\t\t\t<\/div>\n\t\t\t\t<\/div>\n\t\t\t\t\t<\/div>\n\t\t<\/div>\n\t\t\t\t\t<\/div>\n\t\t<\/section>\n\t\t\t\t<section class=\"elementor-section elementor-top-section elementor-element elementor-element-2253f23c elementor-section-content-middle elementor-section-boxed elementor-section-height-default elementor-section-height-default\" data-id=\"2253f23c\" data-element_type=\"section\">\n\t\t\t\t\t\t<div class=\"elementor-container elementor-column-gap-default\">\n\t\t\t\t\t<div class=\"elementor-column elementor-col-50 elementor-top-column elementor-element elementor-element-29758293\" data-id=\"29758293\" data-element_type=\"column\">\n\t\t\t<div class=\"elementor-widget-wrap elementor-element-populated\">\n\t\t\t\t\t\t<div class=\"elementor-element elementor-element-3dd01d2e elementor-widget elementor-widget-image\" data-id=\"3dd01d2e\" data-element_type=\"widget\" data-widget_type=\"image.default\">\n\t\t\t\t<div class=\"elementor-widget-container\">\n\t\t\t\t\t\t\t\t\t\t\t\t<figure class=\"wp-caption\">\n\t\t\t\t\t\t\t\t\t\t<img decoding=\"async\" width=\"768\" height=\"577\" data-src=\"https:\/\/unsuisseamallorca.com\/wp-content\/uploads\/2020\/07\/ph_1660-768x577.jpg\" class=\"attachment-medium_large size-medium_large wp-image-5310 lazyload\" alt=\"\" data-srcset=\"https:\/\/unsuisseamallorca.com\/wp-content\/uploads\/2020\/07\/ph_1660-768x577.jpg 768w, https:\/\/unsuisseamallorca.com\/wp-content\/uploads\/2020\/07\/ph_1660-300x225.jpg 300w, https:\/\/unsuisseamallorca.com\/wp-content\/uploads\/2020\/07\/ph_1660-1024x769.jpg 1024w, https:\/\/unsuisseamallorca.com\/wp-content\/uploads\/2020\/07\/ph_1660-1536x1153.jpg 1536w, https:\/\/unsuisseamallorca.com\/wp-content\/uploads\/2020\/07\/ph_1660-2048x1538.jpg 2048w, https:\/\/unsuisseamallorca.com\/wp-content\/uploads\/2020\/07\/ph_1660-scaled.jpg 2560w\" data-sizes=\"(max-width: 768px) 100vw, 768px\" src=\"data:image\/svg+xml;base64,PHN2ZyB3aWR0aD0iMSIgaGVpZ2h0PSIxIiB4bWxucz0iaHR0cDovL3d3dy53My5vcmcvMjAwMC9zdmciPjwvc3ZnPg==\" style=\"--smush-placeholder-width: 768px; --smush-placeholder-aspect-ratio: 768\/577;\" \/>\t\t\t\t\t\t\t\t\t\t\t<figcaption class=\"widget-image-caption wp-caption-text\">Phare de Ses Salines<\/figcaption>\n\t\t\t\t\t\t\t\t\t\t<\/figure>\n\t\t\t\t\t\t\t\t\t<\/div>\n\t\t\t\t<\/div>\n\t\t\t\t<div class=\"elementor-element elementor-element-2bafd7a elementor-widget elementor-widget-image\" data-id=\"2bafd7a\" data-element_type=\"widget\" data-widget_type=\"image.default\">\n\t\t\t\t<div class=\"elementor-widget-container\">\n\t\t\t\t\t\t\t\t\t\t\t\t<figure class=\"wp-caption\">\n\t\t\t\t\t\t\t\t\t\t<img decoding=\"async\" width=\"768\" height=\"576\" data-src=\"https:\/\/unsuisseamallorca.com\/wp-content\/uploads\/2020\/07\/DSCN3268-768x576.jpg\" class=\"attachment-medium_large size-medium_large wp-image-5322 lazyload\" alt=\"\" data-srcset=\"https:\/\/unsuisseamallorca.com\/wp-content\/uploads\/2020\/07\/DSCN3268-768x576.jpg 768w, https:\/\/unsuisseamallorca.com\/wp-content\/uploads\/2020\/07\/DSCN3268-300x225.jpg 300w, https:\/\/unsuisseamallorca.com\/wp-content\/uploads\/2020\/07\/DSCN3268-1024x768.jpg 1024w, https:\/\/unsuisseamallorca.com\/wp-content\/uploads\/2020\/07\/DSCN3268-1536x1152.jpg 1536w, https:\/\/unsuisseamallorca.com\/wp-content\/uploads\/2020\/07\/DSCN3268-2048x1536.jpg 2048w, https:\/\/unsuisseamallorca.com\/wp-content\/uploads\/2020\/07\/DSCN3268-scaled.jpg 2560w\" data-sizes=\"(max-width: 768px) 100vw, 768px\" src=\"data:image\/svg+xml;base64,PHN2ZyB3aWR0aD0iMSIgaGVpZ2h0PSIxIiB4bWxucz0iaHR0cDovL3d3dy53My5vcmcvMjAwMC9zdmciPjwvc3ZnPg==\" style=\"--smush-placeholder-width: 768px; --smush-placeholder-aspect-ratio: 768\/576;\" \/>\t\t\t\t\t\t\t\t\t\t\t<figcaption class=\"widget-image-caption wp-caption-text\">Phare de Colonia Sant Jordi<\/figcaption>\n\t\t\t\t\t\t\t\t\t\t<\/figure>\n\t\t\t\t\t\t\t\t\t<\/div>\n\t\t\t\t<\/div>\n\t\t\t\t<div class=\"elementor-element elementor-element-30ab621 elementor-widget elementor-widget-image\" data-id=\"30ab621\" data-element_type=\"widget\" data-widget_type=\"image.default\">\n\t\t\t\t<div class=\"elementor-widget-container\">\n\t\t\t\t\t\t\t\t\t\t\t\t<figure class=\"wp-caption\">\n\t\t\t\t\t\t\t\t\t\t<img decoding=\"async\" width=\"768\" height=\"576\" data-src=\"https:\/\/unsuisseamallorca.com\/wp-content\/uploads\/2020\/07\/DSCN0118-768x576.jpg\" class=\"attachment-medium_large size-medium_large wp-image-5305 lazyload\" alt=\"\" data-srcset=\"https:\/\/unsuisseamallorca.com\/wp-content\/uploads\/2020\/07\/DSCN0118-768x576.jpg 768w, https:\/\/unsuisseamallorca.com\/wp-content\/uploads\/2020\/07\/DSCN0118-300x225.jpg 300w, https:\/\/unsuisseamallorca.com\/wp-content\/uploads\/2020\/07\/DSCN0118-1024x768.jpg 1024w, https:\/\/unsuisseamallorca.com\/wp-content\/uploads\/2020\/07\/DSCN0118-1536x1152.jpg 1536w, https:\/\/unsuisseamallorca.com\/wp-content\/uploads\/2020\/07\/DSCN0118-2048x1536.jpg 2048w, https:\/\/unsuisseamallorca.com\/wp-content\/uploads\/2020\/07\/DSCN0118-scaled.jpg 2560w\" data-sizes=\"(max-width: 768px) 100vw, 768px\" src=\"data:image\/svg+xml;base64,PHN2ZyB3aWR0aD0iMSIgaGVpZ2h0PSIxIiB4bWxucz0iaHR0cDovL3d3dy53My5vcmcvMjAwMC9zdmciPjwvc3ZnPg==\" style=\"--smush-placeholder-width: 768px; --smush-placeholder-aspect-ratio: 768\/576;\" \/>\t\t\t\t\t\t\t\t\t\t\t<figcaption class=\"widget-image-caption wp-caption-text\">Phare de Cap Blanco<\/figcaption>\n\t\t\t\t\t\t\t\t\t\t<\/figure>\n\t\t\t\t\t\t\t\t\t<\/div>\n\t\t\t\t<\/div>\n\t\t\t\t<div class=\"elementor-element elementor-element-d005927 elementor-widget elementor-widget-image\" data-id=\"d005927\" data-element_type=\"widget\" data-widget_type=\"image.default\">\n\t\t\t\t<div class=\"elementor-widget-container\">\n\t\t\t\t\t\t\t\t\t\t\t\t<figure class=\"wp-caption\">\n\t\t\t\t\t\t\t\t\t\t<img decoding=\"async\" width=\"768\" height=\"576\" data-src=\"https:\/\/unsuisseamallorca.com\/wp-content\/uploads\/2020\/07\/IMG_8430-768x576.jpg\" class=\"attachment-medium_large size-medium_large wp-image-5308 lazyload\" alt=\"\" data-srcset=\"https:\/\/unsuisseamallorca.com\/wp-content\/uploads\/2020\/07\/IMG_8430-768x576.jpg 768w, https:\/\/unsuisseamallorca.com\/wp-content\/uploads\/2020\/07\/IMG_8430-300x225.jpg 300w, https:\/\/unsuisseamallorca.com\/wp-content\/uploads\/2020\/07\/IMG_8430-1024x768.jpg 1024w, https:\/\/unsuisseamallorca.com\/wp-content\/uploads\/2020\/07\/IMG_8430-1536x1152.jpg 1536w, https:\/\/unsuisseamallorca.com\/wp-content\/uploads\/2020\/07\/IMG_8430-2048x1536.jpg 2048w, https:\/\/unsuisseamallorca.com\/wp-content\/uploads\/2020\/07\/IMG_8430-scaled.jpg 2560w\" data-sizes=\"(max-width: 768px) 100vw, 768px\" src=\"data:image\/svg+xml;base64,PHN2ZyB3aWR0aD0iMSIgaGVpZ2h0PSIxIiB4bWxucz0iaHR0cDovL3d3dy53My5vcmcvMjAwMC9zdmciPjwvc3ZnPg==\" style=\"--smush-placeholder-width: 768px; --smush-placeholder-aspect-ratio: 768\/576;\" \/>\t\t\t\t\t\t\t\t\t\t\t<figcaption class=\"widget-image-caption wp-caption-text\">Phare de n'Ensiola<\/figcaption>\n\t\t\t\t\t\t\t\t\t\t<\/figure>\n\t\t\t\t\t\t\t\t\t<\/div>\n\t\t\t\t<\/div>\n\t\t\t\t<div class=\"elementor-element elementor-element-d667bf2 elementor-widget elementor-widget-image\" data-id=\"d667bf2\" data-element_type=\"widget\" data-widget_type=\"image.default\">\n\t\t\t\t<div class=\"elementor-widget-container\">\n\t\t\t\t\t\t\t\t\t\t\t\t<figure class=\"wp-caption\">\n\t\t\t\t\t\t\t\t\t\t<img decoding=\"async\" width=\"768\" height=\"576\" data-src=\"https:\/\/unsuisseamallorca.com\/wp-content\/uploads\/2020\/07\/DJI_0354-768x576.jpg\" class=\"attachment-medium_large size-medium_large wp-image-5303 lazyload\" alt=\"\" data-srcset=\"https:\/\/unsuisseamallorca.com\/wp-content\/uploads\/2020\/07\/DJI_0354-768x576.jpg 768w, https:\/\/unsuisseamallorca.com\/wp-content\/uploads\/2020\/07\/DJI_0354-300x225.jpg 300w, https:\/\/unsuisseamallorca.com\/wp-content\/uploads\/2020\/07\/DJI_0354-1024x768.jpg 1024w, https:\/\/unsuisseamallorca.com\/wp-content\/uploads\/2020\/07\/DJI_0354-1536x1152.jpg 1536w, https:\/\/unsuisseamallorca.com\/wp-content\/uploads\/2020\/07\/DJI_0354-2048x1536.jpg 2048w, https:\/\/unsuisseamallorca.com\/wp-content\/uploads\/2020\/07\/DJI_0354-scaled.jpg 2560w\" data-sizes=\"(max-width: 768px) 100vw, 768px\" src=\"data:image\/svg+xml;base64,PHN2ZyB3aWR0aD0iMSIgaGVpZ2h0PSIxIiB4bWxucz0iaHR0cDovL3d3dy53My5vcmcvMjAwMC9zdmciPjwvc3ZnPg==\" style=\"--smush-placeholder-width: 768px; --smush-placeholder-aspect-ratio: 768\/576;\" \/>\t\t\t\t\t\t\t\t\t\t\t<figcaption class=\"widget-image-caption wp-caption-text\">Phare de Na Foradada<\/figcaption>\n\t\t\t\t\t\t\t\t\t\t<\/figure>\n\t\t\t\t\t\t\t\t\t<\/div>\n\t\t\t\t<\/div>\n\t\t\t\t\t<\/div>\n\t\t<\/div>\n\t\t\t\t<div class=\"elementor-column elementor-col-50 elementor-top-column elementor-element elementor-element-11b645ee\" data-id=\"11b645ee\" data-element_type=\"column\">\n\t\t\t<div class=\"elementor-widget-wrap elementor-element-populated\">\n\t\t\t\t\t\t<div class=\"elementor-element elementor-element-3ed193c2 elementor-widget elementor-widget-heading\" data-id=\"3ed193c2\" data-element_type=\"widget\" data-widget_type=\"heading.default\">\n\t\t\t\t<div class=\"elementor-widget-container\">\n\t\t\t\t\t<h3 class=\"elementor-heading-title elementor-size-default\">Les phares <\/h3>\t\t\t\t<\/div>\n\t\t\t\t<\/div>\n\t\t\t\t<div class=\"elementor-element elementor-element-5590df40 elementor-widget elementor-widget-text-editor\" data-id=\"5590df40\" data-element_type=\"widget\" data-widget_type=\"text-editor.default\">\n\t\t\t\t<div class=\"elementor-widget-container\">\n\t\t\t\t\t\t\t\t\t<b>Le phare de Ses Salines :<\/b> Marque le point id\u00e9al pour admirer l\u2019\u00eele de Cabrera et s\u2019approcher au maximum des plages vierges les plus embl\u00e9matiques de Majorque telles que Es Carbo et Es Caragol (30\u2019 \u00e0 pied). Dans un premier temps, le phare \u00e9tait pr\u00e9vu pr\u00e8s de la c\u00f4te. Mais, \u00e0 cause l&rsquo;action de la mer, le second projet a plac\u00e9 le phare \u00e0 60 m\u00e8tres de la c\u00f4te. Il a \u00e9t\u00e9 inaugur\u00e9 le 31 Ao\u00fbt 1863. En 1917, un syst\u00e8me rotatif a \u00e9t\u00e9 install\u00e9 pour \u00e9mettre un Feu \u00e0 occultations \u00e0 partir d&rsquo;une lampe \u00e0 ac\u00e9tyl\u00e8ne \u00e9mettant jusqu&rsquo;\u00e0 12 miles nautiques (env. 22Km). Elle fut remplac\u00e9e en 1957 par une alimentation \u00e0 l&rsquo;huile. Cette m\u00eame ann\u00e9e, la hauteur de la tour a \u00e9t\u00e9 augment\u00e9e de 6,5 m\u00e8tres pour l\u2019amener \u00e0 17 m. En 1960 le phare a \u00e9t\u00e9 \u00e9lectrifi\u00e9. Dans les ann\u00e9es 1980, des panneaux solaires ont pris le relais. C&rsquo;est un \u00e9difice aux lignes m\u00e9diterran\u00e9ennes d\u2019o\u00f9 vous repartirez sans aucun doute avec l\u2019appareil photo rempli de magnifiques souvenirs.<p><p>\n\n<b>Phare de Colonia San Jordi : <\/b>Le phare de sa Puntassa tire son nom du cap qui ferme la baie de Migjorn. La zone o\u00f9 il se trouve est \u00e9galement connue sous le nom de Carregador, car dans le pass\u00e9, les navires y accostaient pour charger le sel.En face se trouve l&rsquo;\u00eelot de na Corberana. La tour \u00e9met une lumi\u00e8re blanche et trois rafales \u00e0 intervalles de dix secondes qui aident \u00e0 localiser le port de la Col\u00f2nia aux bateaux qui traversent le Freu de Cabrera. Le petit phare de sa Puntassa de la Col\u00f2nia de Sant Jordi a \u00e9t\u00e9 r\u00e9nov\u00e9 pour montrer sa meilleure image apr\u00e8s plusieurs ann\u00e9es de pr\u00e9sentation d&rsquo;un \u00e9tat de conservation malheureux. L&rsquo;acc\u00e8s par voie terrestre est tr\u00e8s simple, car il est accessible sans aucun probl\u00e8me depuis les rues du centre urbain de Col\u00f2nia de Sant Jordi.<p><p>\n<b>Phare de Estalella : <\/b>Le phare de S&rsquo;Estalella se trouve \u00e0 20 minutes \u00e0 pied de la ville de S&rsquo;Estanyol de Migjorn. De ce point, nous pouvons profiter de vues merveilleuses. L&rsquo;\u00eele de Cabrera semble plus grande d&rsquo;ici, sur un horizon bleu qui s&rsquo;\u00e9tend devant nous. Vous vous prom\u00e8nerez le long des plages tranquilles et des affleurements rocheux pour vous y rendre, et bien que ce ne soit pas la plus belle lumi\u00e8re de l&rsquo;\u00eele, son emplacement et la promenade compensent largement. <p><p>\n<b>Phare de Cabo Blanco : <\/b>Est situ\u00e9 sur un promontoire \u00e0 l&rsquo;est de la Baie de Palma. Le phare a \u00e9t\u00e9 mis en service le 31 ao\u00fbt 1863. En 1917, un syst\u00e8me rotatif a \u00e9t\u00e9 ajout\u00e9 pour obtenir un feu \u00e0 occultations. Ce syst\u00e8me peut maintenant \u00eatre vu dans l&rsquo;exposition faite au phare de Portop\u00ed. En 1964 le phare a \u00e9t\u00e9 automatis\u00e9. En 1970, il a \u00e9t\u00e9 \u00e9lectrifi\u00e9. Le phare de Cabo Blanco est maintenant le seul phare espagnol \u00e0 utiliser un syst\u00e8me optique datant du r\u00e8gne d&rsquo;Isabelle II.<p><p>\n\n<b>Les phares de Cabrera :<\/b><p><p>\n\n<b>Le Phare de n&rsquo;Ensiola<\/b> : Est un phare situ\u00e9 au sud-ouest de l&rsquo;\u00eele de Cabrera, le premier projet d&rsquo;ao\u00fbt 1861 visait la construction d&rsquo;un phare de 2e ordre, avec une tour d&rsquo;environ 25 m de diam\u00e8tre comportant quinze chambres. Le projet a \u00e9t\u00e9 rejet\u00e9 \u00e0 Madrid comme \u00e9tant une construction trop luxueuse. Le second projet de Piou Emili a d\u00e9marr\u00e9 en 1868 pour \u00eatre achev\u00e9 en 1870. C&rsquo;est une tour cylindrique de 21 m de haut sur un b\u00e2timent carr\u00e9 d&rsquo;un \u00e9tage, avec galerie et lanterne. La tour est peinte en damiers rouges et blancs. Il est automatis\u00e9 depuis 1971.\n\n<b>Le phare de Na Foradada :\u00a0<\/b> Est un phare situ\u00e9 sur la petite \u00eele de Na Foradada. En 1865, un budget est approuv\u00e9 pour mener une \u00e9tude afin d&rsquo;installer sur ce rocher un phare de 4e ordre, mais il n&rsquo;a jamais \u00e9t\u00e9 r\u00e9alis\u00e9.\u00a0En 1926, un phare est enfin construit sur l&rsquo;\u00eelot. C&rsquo;est une lumi\u00e8re automatique aliment\u00e9e au gaz d&rsquo;ac\u00e9tyl\u00e8ne. Il est situ\u00e9 \u00e0 8 miles du Phare de n&rsquo;Ensiola\u00a0\u00bb et son entretien doit \u00eatre effectu\u00e9 trois fois par mois par les gardiens du phare de Cabo de las Salinas si le temps le permet.\t\t\t\t\t\t\t\t<\/div>\n\t\t\t\t<\/div>\n\t\t\t\t\t<\/div>\n\t\t<\/div>\n\t\t\t\t\t<\/div>\n\t\t<\/section>\n\t\t\t\t<section class=\"elementor-section elementor-top-section elementor-element elementor-element-24ede8c9 elementor-section-content-middle elementor-reverse-mobile elementor-section-boxed elementor-section-height-default elementor-section-height-default\" data-id=\"24ede8c9\" data-element_type=\"section\">\n\t\t\t\t\t\t<div class=\"elementor-container elementor-column-gap-default\">\n\t\t\t\t\t<div class=\"elementor-column elementor-col-50 elementor-top-column elementor-element elementor-element-4d62e9fc\" data-id=\"4d62e9fc\" data-element_type=\"column\">\n\t\t\t<div class=\"elementor-widget-wrap elementor-element-populated\">\n\t\t\t\t\t\t<div class=\"elementor-element elementor-element-52a10458 elementor-widget elementor-widget-heading\" data-id=\"52a10458\" data-element_type=\"widget\" data-widget_type=\"heading.default\">\n\t\t\t\t<div class=\"elementor-widget-container\">\n\t\t\t\t\t<h3 class=\"elementor-heading-title elementor-size-default\">Les tours de garde<\/h3>\t\t\t\t<\/div>\n\t\t\t\t<\/div>\n\t\t\t\t<div class=\"elementor-element elementor-element-40a7fca9 elementor-widget elementor-widget-text-editor\" data-id=\"40a7fca9\" data-element_type=\"widget\" data-widget_type=\"text-editor.default\">\n\t\t\t\t<div class=\"elementor-widget-container\">\n\t\t\t\t\t\t\t\t\t<p>Toute la c\u00f4te de Majorque est parsem\u00e9e de tours de garde, ces anciennes tours de d\u00e9fense ont \u00e9t\u00e9 construites contre les attaques de pirates qui s\u00e9vissaient souvent sur la c\u00f4te majorquine. Dans le Migjorn nous en comptons quatre le long de la c\u00f4te qui se connectent les unes aux autres et dont le but \u00e9tait d&rsquo;alerter la ville de Llucmajor. Nous les distinguons des tours des villes de Campos et de Ses Salines ainsi que de l&rsquo;\u00eele de Cabrera.<\/p><p><b>Tour de Cap Blanco<\/b><\/p><p>Nous trouvons peu apr\u00e8s le Cap Blanc la Tour Cabo Blanco. Il s&rsquo;agit d&rsquo;une tour construite en 1584 et qui se connecte avec les tours de Cala Pi et de s&rsquo;Estelella. Sa construction fut command\u00e9e en 1579 et fut construite en 1584. La tour, haute d&rsquo;environ 10 m, se dresse sans fondations. La partie inf\u00e9rieure a la forme d&rsquo;un tronc de c\u00f4ne et la partie sup\u00e9rieure fait environ 4 m\u00e8tres de diam\u00e8tre. Au sommet se trouve un portail auquel il fallait acc\u00e9der par une corde ce qui en rendait l&rsquo;acc\u00e8s difficile .Aujourd&rsquo;hui on peut monter au sommet de la tour pour se sentir comme un vrai justicier. \u00catre l\u00e0-haut pr\u00e8s des falaises etjouir de la vue sur Cabrera n&rsquo;a pas de prix.<\/p><p><b>Tour de cala Pi<\/b><\/p><p>Elle domine\u00a0 l&rsquo;entr\u00e9e de la crique depuis 1663. <span style=\"display: inline !important; float: none; background-color: #ffffff; color: #333333; cursor: text; font-family: Georgia,'Times New Roman','Bitstream Charter',Times,serif; font-size: 16px; font-style: normal; font-variant: normal; font-weight: 400; letter-spacing: normal; orphans: 2; text-align: left; text-decoration: none; text-indent: 0px; text-transform: none; -webkit-text-stroke-width: 0px; white-space: normal; word-spacing: 0px;\">Vers 1970, la tour est restaur\u00e9e par ses propri\u00e9taires conform\u00e9ment au projet r\u00e9dig\u00e9 en 1967<\/span>, elle a \u00e9t\u00e9 restaur\u00e9e pour la derni\u00e8re fois en 2018, ce qui lui donne son meilleur aspect. Il n&rsquo;est pas possible de gravir la tour. Elle est situ\u00e9e sur une petite p\u00e9ninsule \u00e0 l&rsquo;entr\u00e9e de Cala Pi \u00e0 environ 19,5 m d&rsquo;altitude.\u00a0 Cala Pi, en raison de sa largeur entre les falaises, \u00e9tait difficile \u00e0 d\u00e9barquer. Elle a \u00e9t\u00e9 achev\u00e9e en 1663. La tour est cylindrique dans la moiti\u00e9 sup\u00e9rieure et tronconique-conique dans la moiti\u00e9 inf\u00e9rieure. La hauteur est de 10,2 m, mais il manque un parapet. Elle a un diam\u00e8tre sur la terrasse de 8 m et 10 m au pied. La construction est en pierres li\u00e9es avec du mortier. L&rsquo;ensemble du premier corps du b\u00e2timent est compact et la chambre est \u00e0 l&rsquo;\u00e9tage, on atteignait le portail par un escalier de corde. Le portail est une belle arche de gr\u00e8s semi-circulaire &#8211; tr\u00e8s rare dans les tours maritimes.\u00a0<\/p><p><b>Tour de Estalella<\/b><\/p><p>La tour de s&rsquo;Estelella s&rsquo;\u00e9l\u00e8ve \u00e0 l&rsquo;endroit appel\u00e9 Serral des Corral, \u00e0 6 m d&rsquo;altitude, pr\u00e8s de Punta Plana.\u00a0 La tour a \u00e9t\u00e9 construite en 1577 , sa forme est celle d&rsquo;un c\u00f4ne tronqu\u00e9 en bas puis se prolonge dans une forme cylindrique jusqu&rsquo;au toit. Son autel mesure environ 9 m\u00e8tres, avec un diam\u00e8tre d&rsquo;environ 7,5 m\u00e8tres \u00e0 la base et environ 6,5 m\u00e8tres \u00e0 la partie cylindrique. Il a \u00e9t\u00e9 construit avec des pierres de taille en gr\u00e8s et de taille irr\u00e9guli\u00e8re. Elle avait une chambre principale avec une vo\u00fbte en ma\u00e7onnerie et un toit. Sur le parapet se trouvaient deux petites fen\u00eatres pour enlever les canons d&rsquo;armes \u00e0 feu et un matac\u00e1n sur la porte pour le prot\u00e9ger. Au fil des ans, les petites fen\u00eatres ont \u00e9t\u00e9 ferm\u00e9es et le parapet a \u00e9t\u00e9 modifi\u00e9 en construisant une plate-forme circulaire en porte-\u00e0-faux sur des corbeaux.<\/p><p><b>Tour de Sa Rapita<\/b><\/p><p>Aussi appel\u00e9e Son Duri, Sa R\u00e0pita \u00e9tait autrefois une forteresse contre les attaques de pirates. Elle est situ\u00e9e juste \u00e0 l&rsquo;entr\u00e9e de la ville de Sa R\u00e0pita, sur la c\u00f4te juste au-dessus de la mer. Situ\u00e9es au sommet de la tour, les tourelles gardaient l&rsquo;approche des navires pirates. La tour a \u00e9t\u00e9 restaur\u00e9e et est actuellement en bon \u00e9tat. Avec la construction, \u00e0 la fin du XXe si\u00e8cle, du Club N\u00e0utic de sa R\u00e0pita, la tour a cess\u00e9 d&rsquo;\u00eatre situ\u00e9e sur le front de mer et encore plus r\u00e9cemment, une urbanisation a \u00e9t\u00e9 construite qui a compl\u00e8tement changer son profil.<\/p>\t\t\t\t\t\t\t\t<\/div>\n\t\t\t\t<\/div>\n\t\t\t\t\t<\/div>\n\t\t<\/div>\n\t\t\t\t<div class=\"elementor-column elementor-col-50 elementor-top-column elementor-element elementor-element-4ab62d35\" data-id=\"4ab62d35\" data-element_type=\"column\">\n\t\t\t<div class=\"elementor-widget-wrap elementor-element-populated\">\n\t\t\t\t\t\t<div class=\"elementor-element elementor-element-31d1f2da elementor-widget elementor-widget-image\" data-id=\"31d1f2da\" data-element_type=\"widget\" data-widget_type=\"image.default\">\n\t\t\t\t<div class=\"elementor-widget-container\">\n\t\t\t\t\t\t\t\t\t\t\t\t<figure class=\"wp-caption\">\n\t\t\t\t\t\t\t\t\t\t<img decoding=\"async\" width=\"768\" height=\"576\" data-src=\"https:\/\/unsuisseamallorca.com\/wp-content\/uploads\/2020\/07\/IMG_9373-768x576.jpg\" class=\"attachment-medium_large size-medium_large wp-image-5337 lazyload\" alt=\"\" data-srcset=\"https:\/\/unsuisseamallorca.com\/wp-content\/uploads\/2020\/07\/IMG_9373-768x576.jpg 768w, https:\/\/unsuisseamallorca.com\/wp-content\/uploads\/2020\/07\/IMG_9373-300x225.jpg 300w, https:\/\/unsuisseamallorca.com\/wp-content\/uploads\/2020\/07\/IMG_9373-1024x768.jpg 1024w, https:\/\/unsuisseamallorca.com\/wp-content\/uploads\/2020\/07\/IMG_9373-1536x1152.jpg 1536w, https:\/\/unsuisseamallorca.com\/wp-content\/uploads\/2020\/07\/IMG_9373-2048x1536.jpg 2048w, https:\/\/unsuisseamallorca.com\/wp-content\/uploads\/2020\/07\/IMG_9373-scaled.jpg 2560w\" data-sizes=\"(max-width: 768px) 100vw, 768px\" src=\"data:image\/svg+xml;base64,PHN2ZyB3aWR0aD0iMSIgaGVpZ2h0PSIxIiB4bWxucz0iaHR0cDovL3d3dy53My5vcmcvMjAwMC9zdmciPjwvc3ZnPg==\" style=\"--smush-placeholder-width: 768px; --smush-placeholder-aspect-ratio: 768\/576;\" \/>\t\t\t\t\t\t\t\t\t\t\t<figcaption class=\"widget-image-caption wp-caption-text\">Tour de Cap Blanc<\/figcaption>\n\t\t\t\t\t\t\t\t\t\t<\/figure>\n\t\t\t\t\t\t\t\t\t<\/div>\n\t\t\t\t<\/div>\n\t\t\t\t<div class=\"elementor-element elementor-element-cff0041 elementor-widget elementor-widget-image\" data-id=\"cff0041\" data-element_type=\"widget\" data-widget_type=\"image.default\">\n\t\t\t\t<div class=\"elementor-widget-container\">\n\t\t\t\t\t\t\t\t\t\t\t\t<figure class=\"wp-caption\">\n\t\t\t\t\t\t\t\t\t\t<img decoding=\"async\" width=\"768\" height=\"1024\" data-src=\"https:\/\/unsuisseamallorca.com\/wp-content\/uploads\/2020\/07\/DSCN3155-768x1024.jpg\" class=\"attachment-medium_large size-medium_large wp-image-5335 lazyload\" alt=\"\" data-srcset=\"https:\/\/unsuisseamallorca.com\/wp-content\/uploads\/2020\/07\/DSCN3155-768x1024.jpg 768w, https:\/\/unsuisseamallorca.com\/wp-content\/uploads\/2020\/07\/DSCN3155-225x300.jpg 225w, https:\/\/unsuisseamallorca.com\/wp-content\/uploads\/2020\/07\/DSCN3155-1152x1536.jpg 1152w, https:\/\/unsuisseamallorca.com\/wp-content\/uploads\/2020\/07\/DSCN3155-1536x2048.jpg 1536w, https:\/\/unsuisseamallorca.com\/wp-content\/uploads\/2020\/07\/DSCN3155-scaled.jpg 1920w\" data-sizes=\"(max-width: 768px) 100vw, 768px\" src=\"data:image\/svg+xml;base64,PHN2ZyB3aWR0aD0iMSIgaGVpZ2h0PSIxIiB4bWxucz0iaHR0cDovL3d3dy53My5vcmcvMjAwMC9zdmciPjwvc3ZnPg==\" style=\"--smush-placeholder-width: 768px; --smush-placeholder-aspect-ratio: 768\/1024;\" \/>\t\t\t\t\t\t\t\t\t\t\t<figcaption class=\"widget-image-caption wp-caption-text\">Tour de cala Pi<\/figcaption>\n\t\t\t\t\t\t\t\t\t\t<\/figure>\n\t\t\t\t\t\t\t\t\t<\/div>\n\t\t\t\t<\/div>\n\t\t\t\t<div class=\"elementor-element elementor-element-86d36e8 elementor-widget elementor-widget-image\" data-id=\"86d36e8\" data-element_type=\"widget\" data-widget_type=\"image.default\">\n\t\t\t\t<div class=\"elementor-widget-container\">\n\t\t\t\t\t\t\t\t\t\t\t\t<figure class=\"wp-caption\">\n\t\t\t\t\t\t\t\t\t\t<img decoding=\"async\" width=\"768\" height=\"576\" data-src=\"https:\/\/unsuisseamallorca.com\/wp-content\/uploads\/2020\/07\/DSC04938-768x576.jpg\" class=\"attachment-medium_large size-medium_large wp-image-5334 lazyload\" alt=\"\" data-srcset=\"https:\/\/unsuisseamallorca.com\/wp-content\/uploads\/2020\/07\/DSC04938-768x576.jpg 768w, https:\/\/unsuisseamallorca.com\/wp-content\/uploads\/2020\/07\/DSC04938-300x225.jpg 300w, https:\/\/unsuisseamallorca.com\/wp-content\/uploads\/2020\/07\/DSC04938-1024x768.jpg 1024w, https:\/\/unsuisseamallorca.com\/wp-content\/uploads\/2020\/07\/DSC04938-1536x1152.jpg 1536w, https:\/\/unsuisseamallorca.com\/wp-content\/uploads\/2020\/07\/DSC04938-2048x1536.jpg 2048w, https:\/\/unsuisseamallorca.com\/wp-content\/uploads\/2020\/07\/DSC04938-scaled.jpg 2560w\" data-sizes=\"(max-width: 768px) 100vw, 768px\" src=\"data:image\/svg+xml;base64,PHN2ZyB3aWR0aD0iMSIgaGVpZ2h0PSIxIiB4bWxucz0iaHR0cDovL3d3dy53My5vcmcvMjAwMC9zdmciPjwvc3ZnPg==\" style=\"--smush-placeholder-width: 768px; --smush-placeholder-aspect-ratio: 768\/576;\" \/>\t\t\t\t\t\t\t\t\t\t\t<figcaption class=\"widget-image-caption wp-caption-text\">Tour de cala Pi<\/figcaption>\n\t\t\t\t\t\t\t\t\t\t<\/figure>\n\t\t\t\t\t\t\t\t\t<\/div>\n\t\t\t\t<\/div>\n\t\t\t\t<div class=\"elementor-element elementor-element-2785e54 elementor-widget elementor-widget-image\" data-id=\"2785e54\" data-element_type=\"widget\" data-widget_type=\"image.default\">\n\t\t\t\t<div class=\"elementor-widget-container\">\n\t\t\t\t\t\t\t\t\t\t\t\t<figure class=\"wp-caption\">\n\t\t\t\t\t\t\t\t\t\t<img decoding=\"async\" width=\"768\" height=\"576\" data-src=\"https:\/\/unsuisseamallorca.com\/wp-content\/uploads\/2020\/07\/DJI_0649-768x576.jpg\" class=\"attachment-medium_large size-medium_large wp-image-5333 lazyload\" alt=\"\" data-srcset=\"https:\/\/unsuisseamallorca.com\/wp-content\/uploads\/2020\/07\/DJI_0649-768x576.jpg 768w, https:\/\/unsuisseamallorca.com\/wp-content\/uploads\/2020\/07\/DJI_0649-300x225.jpg 300w, https:\/\/unsuisseamallorca.com\/wp-content\/uploads\/2020\/07\/DJI_0649-1024x768.jpg 1024w, https:\/\/unsuisseamallorca.com\/wp-content\/uploads\/2020\/07\/DJI_0649-1536x1152.jpg 1536w, https:\/\/unsuisseamallorca.com\/wp-content\/uploads\/2020\/07\/DJI_0649-2048x1536.jpg 2048w, https:\/\/unsuisseamallorca.com\/wp-content\/uploads\/2020\/07\/DJI_0649-scaled.jpg 2560w\" data-sizes=\"(max-width: 768px) 100vw, 768px\" src=\"data:image\/svg+xml;base64,PHN2ZyB3aWR0aD0iMSIgaGVpZ2h0PSIxIiB4bWxucz0iaHR0cDovL3d3dy53My5vcmcvMjAwMC9zdmciPjwvc3ZnPg==\" style=\"--smush-placeholder-width: 768px; --smush-placeholder-aspect-ratio: 768\/576;\" \/>\t\t\t\t\t\t\t\t\t\t\t<figcaption class=\"widget-image-caption wp-caption-text\">Tour de Estalella<\/figcaption>\n\t\t\t\t\t\t\t\t\t\t<\/figure>\n\t\t\t\t\t\t\t\t\t<\/div>\n\t\t\t\t<\/div>\n\t\t\t\t<div class=\"elementor-element elementor-element-06f0b36 elementor-widget elementor-widget-image\" data-id=\"06f0b36\" data-element_type=\"widget\" data-widget_type=\"image.default\">\n\t\t\t\t<div class=\"elementor-widget-container\">\n\t\t\t\t\t\t\t\t\t\t\t\t<figure class=\"wp-caption\">\n\t\t\t\t\t\t\t\t\t\t<img decoding=\"async\" width=\"768\" height=\"576\" data-src=\"https:\/\/unsuisseamallorca.com\/wp-content\/uploads\/2020\/07\/DJI_0417-768x576.jpg\" class=\"attachment-medium_large size-medium_large wp-image-5332 lazyload\" alt=\"\" data-srcset=\"https:\/\/unsuisseamallorca.com\/wp-content\/uploads\/2020\/07\/DJI_0417-768x576.jpg 768w, https:\/\/unsuisseamallorca.com\/wp-content\/uploads\/2020\/07\/DJI_0417-300x225.jpg 300w, https:\/\/unsuisseamallorca.com\/wp-content\/uploads\/2020\/07\/DJI_0417-1024x768.jpg 1024w, https:\/\/unsuisseamallorca.com\/wp-content\/uploads\/2020\/07\/DJI_0417-1536x1152.jpg 1536w, https:\/\/unsuisseamallorca.com\/wp-content\/uploads\/2020\/07\/DJI_0417-2048x1536.jpg 2048w, https:\/\/unsuisseamallorca.com\/wp-content\/uploads\/2020\/07\/DJI_0417-scaled.jpg 2560w\" data-sizes=\"(max-width: 768px) 100vw, 768px\" src=\"data:image\/svg+xml;base64,PHN2ZyB3aWR0aD0iMSIgaGVpZ2h0PSIxIiB4bWxucz0iaHR0cDovL3d3dy53My5vcmcvMjAwMC9zdmciPjwvc3ZnPg==\" style=\"--smush-placeholder-width: 768px; --smush-placeholder-aspect-ratio: 768\/576;\" \/>\t\t\t\t\t\t\t\t\t\t\t<figcaption class=\"widget-image-caption wp-caption-text\">Tour de Sa Rapita<\/figcaption>\n\t\t\t\t\t\t\t\t\t\t<\/figure>\n\t\t\t\t\t\t\t\t\t<\/div>\n\t\t\t\t<\/div>\n\t\t\t\t<div class=\"elementor-element elementor-element-fa05d2e elementor-widget elementor-widget-image\" data-id=\"fa05d2e\" data-element_type=\"widget\" data-widget_type=\"image.default\">\n\t\t\t\t<div class=\"elementor-widget-container\">\n\t\t\t\t\t\t\t\t\t\t\t\t<figure class=\"wp-caption\">\n\t\t\t\t\t\t\t\t\t\t<img decoding=\"async\" width=\"768\" height=\"576\" data-src=\"https:\/\/unsuisseamallorca.com\/wp-content\/uploads\/2020\/07\/DJI_0416-768x576.jpg\" class=\"attachment-medium_large size-medium_large wp-image-5331 lazyload\" alt=\"\" data-srcset=\"https:\/\/unsuisseamallorca.com\/wp-content\/uploads\/2020\/07\/DJI_0416-768x576.jpg 768w, https:\/\/unsuisseamallorca.com\/wp-content\/uploads\/2020\/07\/DJI_0416-300x225.jpg 300w, https:\/\/unsuisseamallorca.com\/wp-content\/uploads\/2020\/07\/DJI_0416-1024x768.jpg 1024w, https:\/\/unsuisseamallorca.com\/wp-content\/uploads\/2020\/07\/DJI_0416-1536x1152.jpg 1536w, https:\/\/unsuisseamallorca.com\/wp-content\/uploads\/2020\/07\/DJI_0416-2048x1536.jpg 2048w, https:\/\/unsuisseamallorca.com\/wp-content\/uploads\/2020\/07\/DJI_0416-scaled.jpg 2560w\" data-sizes=\"(max-width: 768px) 100vw, 768px\" src=\"data:image\/svg+xml;base64,PHN2ZyB3aWR0aD0iMSIgaGVpZ2h0PSIxIiB4bWxucz0iaHR0cDovL3d3dy53My5vcmcvMjAwMC9zdmciPjwvc3ZnPg==\" style=\"--smush-placeholder-width: 768px; --smush-placeholder-aspect-ratio: 768\/576;\" \/>\t\t\t\t\t\t\t\t\t\t\t<figcaption class=\"widget-image-caption wp-caption-text\">Tour de Sa Rapita<\/figcaption>\n\t\t\t\t\t\t\t\t\t\t<\/figure>\n\t\t\t\t\t\t\t\t\t<\/div>\n\t\t\t\t<\/div>\n\t\t\t\t\t<\/div>\n\t\t<\/div>\n\t\t\t\t\t<\/div>\n\t\t<\/section>\n\t\t\t\t<\/div>\n\t\t","protected":false},"excerpt":{"rendered":"<p>Temps rouge le soir, laisse bon espoir ; temps rouge le matin, pluie en chemin. Prenons la route de la c\u00f4te Sud de Majorque. Celle-ci est r\u00e9put\u00e9e pour ses nombreuses criques, appel\u00e9es Cala ou Calo selon la grandeur. Cette c\u00f4te, essentiellement constitu\u00e9e de falaises, abrite en effet de magnifiques plages encastr\u00e9es entre des blocs rocheux. [&hellip;]<\/p>\n","protected":false},"author":1,"featured_media":0,"parent":0,"menu_order":0,"comment_status":"closed","ping_status":"closed","template":"","meta":{"ocean_post_layout":"","ocean_both_sidebars_style":"","ocean_both_sidebars_content_width":0,"ocean_both_sidebars_sidebars_width":0,"ocean_sidebar":"0","ocean_second_sidebar":"0","ocean_disable_margins":"enable","ocean_add_body_class":"","ocean_shortcode_before_top_bar":"","ocean_shortcode_after_top_bar":"","ocean_shortcode_before_header":"","ocean_shortcode_after_header":"","ocean_has_shortcode":"","ocean_shortcode_after_title":"","ocean_shortcode_before_footer_widgets":"","ocean_shortcode_after_footer_widgets":"","ocean_shortcode_before_footer_bottom":"","ocean_shortcode_after_footer_bottom":"","ocean_display_top_bar":"default","ocean_display_header":"default","ocean_header_style":"","ocean_center_header_left_menu":"0","ocean_custom_header_template":"0","ocean_custom_logo":0,"ocean_custom_retina_logo":0,"ocean_custom_logo_max_width":0,"ocean_custom_logo_tablet_max_width":0,"ocean_custom_logo_mobile_max_width":0,"ocean_custom_logo_max_height":0,"ocean_custom_logo_tablet_max_height":0,"ocean_custom_logo_mobile_max_height":0,"ocean_header_custom_menu":"0","ocean_menu_typo_font_family":"0","ocean_menu_typo_font_subset":"","ocean_menu_typo_font_size":0,"ocean_menu_typo_font_size_tablet":0,"ocean_menu_typo_font_size_mobile":0,"ocean_menu_typo_font_size_unit":"px","ocean_menu_typo_font_weight":"","ocean_menu_typo_font_weight_tablet":"","ocean_menu_typo_font_weight_mobile":"","ocean_menu_typo_transform":"","ocean_menu_typo_transform_tablet":"","ocean_menu_typo_transform_mobile":"","ocean_menu_typo_line_height":0,"ocean_menu_typo_line_height_tablet":0,"ocean_menu_typo_line_height_mobile":0,"ocean_menu_typo_line_height_unit":"","ocean_menu_typo_spacing":0,"ocean_menu_typo_spacing_tablet":0,"ocean_menu_typo_spacing_mobile":0,"ocean_menu_typo_spacing_unit":"","ocean_menu_link_color":"","ocean_menu_link_color_hover":"","ocean_menu_link_color_active":"","ocean_menu_link_background":"","ocean_menu_link_hover_background":"","ocean_menu_link_active_background":"","ocean_menu_social_links_bg":"","ocean_menu_social_hover_links_bg":"","ocean_menu_social_links_color":"","ocean_menu_social_hover_links_color":"","ocean_disable_title":"default","ocean_disable_heading":"default","ocean_post_title":"","ocean_post_subheading":"","ocean_post_title_style":"","ocean_post_title_background_color":"","ocean_post_title_background":0,"ocean_post_title_bg_image_position":"","ocean_post_title_bg_image_attachment":"","ocean_post_title_bg_image_repeat":"","ocean_post_title_bg_image_size":"","ocean_post_title_height":0,"ocean_post_title_bg_overlay":0.5,"ocean_post_title_bg_overlay_color":"","ocean_disable_breadcrumbs":"default","ocean_breadcrumbs_color":"","ocean_breadcrumbs_separator_color":"","ocean_breadcrumbs_links_color":"","ocean_breadcrumbs_links_hover_color":"","ocean_display_footer_widgets":"default","ocean_display_footer_bottom":"default","ocean_custom_footer_template":"0","footnotes":""},"class_list":["post-9350","page","type-page","status-publish","hentry","entry"],"yoast_head":"<!-- This site is optimized with the Yoast SEO plugin v26.4 - https:\/\/yoast.com\/wordpress\/plugins\/seo\/ -->\n<title>MAJORQUE PAR THEMES UN SUISSE A MAJORQUE<\/title>\n<meta name=\"robots\" content=\"index, follow, max-snippet:-1, max-image-preview:large, max-video-preview:-1\" \/>\n<link rel=\"canonical\" href=\"https:\/\/unsuisseamallorca.com\/index.php\/majorque-par-themes\/\" \/>\n<meta property=\"og:locale\" content=\"fr_FR\" \/>\n<meta property=\"og:type\" content=\"article\" \/>\n<meta property=\"og:title\" content=\"MAJORQUE PAR THEMES UN SUISSE A MAJORQUE\" \/>\n<meta property=\"og:description\" content=\"Temps rouge le soir, laisse bon espoir ; temps rouge le matin, pluie en chemin. Prenons la route de la c\u00f4te Sud de Majorque. Celle-ci est r\u00e9put\u00e9e pour ses nombreuses criques, appel\u00e9es Cala ou Calo selon la grandeur. Cette c\u00f4te, essentiellement constitu\u00e9e de falaises, abrite en effet de magnifiques plages encastr\u00e9es entre des blocs rocheux. [&hellip;]\" \/>\n<meta property=\"og:url\" content=\"https:\/\/unsuisseamallorca.com\/index.php\/majorque-par-themes\/\" \/>\n<meta property=\"og:site_name\" content=\"UN SUISSE A MAJORQUE\" \/>\n<meta property=\"og:image\" content=\"https:\/\/unsuisseamallorca.com\/wp-content\/uploads\/2020\/07\/Capocorb_Vell_007-768x575.jpg\" \/>\n<meta name=\"twitter:card\" content=\"summary_large_image\" \/>\n<meta name=\"twitter:label1\" content=\"Dur\u00e9e de lecture estim\u00e9e\" \/>\n\t<meta name=\"twitter:data1\" content=\"20 minutes\" \/>\n<script type=\"application\/ld+json\" class=\"yoast-schema-graph\">{\"@context\":\"https:\/\/schema.org\",\"@graph\":[{\"@type\":\"WebPage\",\"@id\":\"https:\/\/unsuisseamallorca.com\/index.php\/majorque-par-themes\/\",\"url\":\"https:\/\/unsuisseamallorca.com\/index.php\/majorque-par-themes\/\",\"name\":\"MAJORQUE PAR THEMES UN SUISSE A MAJORQUE\",\"isPartOf\":{\"@id\":\"https:\/\/unsuisseamallorca.com\/#website\"},\"primaryImageOfPage\":{\"@id\":\"https:\/\/unsuisseamallorca.com\/index.php\/majorque-par-themes\/#primaryimage\"},\"image\":{\"@id\":\"https:\/\/unsuisseamallorca.com\/index.php\/majorque-par-themes\/#primaryimage\"},\"thumbnailUrl\":\"https:\/\/unsuisseamallorca.com\/wp-content\/uploads\/2020\/07\/Capocorb_Vell_007-768x575.jpg\",\"datePublished\":\"2021-11-25T09:24:39+00:00\",\"breadcrumb\":{\"@id\":\"https:\/\/unsuisseamallorca.com\/index.php\/majorque-par-themes\/#breadcrumb\"},\"inLanguage\":\"fr-FR\",\"potentialAction\":[{\"@type\":\"ReadAction\",\"target\":[\"https:\/\/unsuisseamallorca.com\/index.php\/majorque-par-themes\/\"]}]},{\"@type\":\"ImageObject\",\"inLanguage\":\"fr-FR\",\"@id\":\"https:\/\/unsuisseamallorca.com\/index.php\/majorque-par-themes\/#primaryimage\",\"url\":\"https:\/\/unsuisseamallorca.com\/wp-content\/uploads\/2020\/07\/Capocorb_Vell_007-768x575.jpg\",\"contentUrl\":\"https:\/\/unsuisseamallorca.com\/wp-content\/uploads\/2020\/07\/Capocorb_Vell_007-768x575.jpg\"},{\"@type\":\"BreadcrumbList\",\"@id\":\"https:\/\/unsuisseamallorca.com\/index.php\/majorque-par-themes\/#breadcrumb\",\"itemListElement\":[{\"@type\":\"ListItem\",\"position\":1,\"name\":\"Accueil\",\"item\":\"https:\/\/unsuisseamallorca.com\/\"},{\"@type\":\"ListItem\",\"position\":2,\"name\":\"MAJORQUE PAR THEMES\"}]},{\"@type\":\"WebSite\",\"@id\":\"https:\/\/unsuisseamallorca.com\/#website\",\"url\":\"https:\/\/unsuisseamallorca.com\/\",\"name\":\"UN SUISSE A MAJORQUE\",\"description\":\"Le voyageur voit ce qu&#039;il voit, le touriste voit ce qu&#039;il est venu voir !\",\"potentialAction\":[{\"@type\":\"SearchAction\",\"target\":{\"@type\":\"EntryPoint\",\"urlTemplate\":\"https:\/\/unsuisseamallorca.com\/?s={search_term_string}\"},\"query-input\":{\"@type\":\"PropertyValueSpecification\",\"valueRequired\":true,\"valueName\":\"search_term_string\"}}],\"inLanguage\":\"fr-FR\"}]}<\/script>\n<!-- \/ Yoast SEO plugin. -->","yoast_head_json":{"title":"MAJORQUE PAR THEMES UN SUISSE A MAJORQUE","robots":{"index":"index","follow":"follow","max-snippet":"max-snippet:-1","max-image-preview":"max-image-preview:large","max-video-preview":"max-video-preview:-1"},"canonical":"https:\/\/unsuisseamallorca.com\/index.php\/majorque-par-themes\/","og_locale":"fr_FR","og_type":"article","og_title":"MAJORQUE PAR THEMES UN SUISSE A MAJORQUE","og_description":"Temps rouge le soir, laisse bon espoir ; temps rouge le matin, pluie en chemin. Prenons la route de la c\u00f4te Sud de Majorque. Celle-ci est r\u00e9put\u00e9e pour ses nombreuses criques, appel\u00e9es Cala ou Calo selon la grandeur. Cette c\u00f4te, essentiellement constitu\u00e9e de falaises, abrite en effet de magnifiques plages encastr\u00e9es entre des blocs rocheux. [&hellip;]","og_url":"https:\/\/unsuisseamallorca.com\/index.php\/majorque-par-themes\/","og_site_name":"UN SUISSE A MAJORQUE","og_image":[{"url":"https:\/\/unsuisseamallorca.com\/wp-content\/uploads\/2020\/07\/Capocorb_Vell_007-768x575.jpg","type":"","width":"","height":""}],"twitter_card":"summary_large_image","twitter_misc":{"Dur\u00e9e de lecture estim\u00e9e":"20 minutes"},"schema":{"@context":"https:\/\/schema.org","@graph":[{"@type":"WebPage","@id":"https:\/\/unsuisseamallorca.com\/index.php\/majorque-par-themes\/","url":"https:\/\/unsuisseamallorca.com\/index.php\/majorque-par-themes\/","name":"MAJORQUE PAR THEMES UN SUISSE A MAJORQUE","isPartOf":{"@id":"https:\/\/unsuisseamallorca.com\/#website"},"primaryImageOfPage":{"@id":"https:\/\/unsuisseamallorca.com\/index.php\/majorque-par-themes\/#primaryimage"},"image":{"@id":"https:\/\/unsuisseamallorca.com\/index.php\/majorque-par-themes\/#primaryimage"},"thumbnailUrl":"https:\/\/unsuisseamallorca.com\/wp-content\/uploads\/2020\/07\/Capocorb_Vell_007-768x575.jpg","datePublished":"2021-11-25T09:24:39+00:00","breadcrumb":{"@id":"https:\/\/unsuisseamallorca.com\/index.php\/majorque-par-themes\/#breadcrumb"},"inLanguage":"fr-FR","potentialAction":[{"@type":"ReadAction","target":["https:\/\/unsuisseamallorca.com\/index.php\/majorque-par-themes\/"]}]},{"@type":"ImageObject","inLanguage":"fr-FR","@id":"https:\/\/unsuisseamallorca.com\/index.php\/majorque-par-themes\/#primaryimage","url":"https:\/\/unsuisseamallorca.com\/wp-content\/uploads\/2020\/07\/Capocorb_Vell_007-768x575.jpg","contentUrl":"https:\/\/unsuisseamallorca.com\/wp-content\/uploads\/2020\/07\/Capocorb_Vell_007-768x575.jpg"},{"@type":"BreadcrumbList","@id":"https:\/\/unsuisseamallorca.com\/index.php\/majorque-par-themes\/#breadcrumb","itemListElement":[{"@type":"ListItem","position":1,"name":"Accueil","item":"https:\/\/unsuisseamallorca.com\/"},{"@type":"ListItem","position":2,"name":"MAJORQUE PAR THEMES"}]},{"@type":"WebSite","@id":"https:\/\/unsuisseamallorca.com\/#website","url":"https:\/\/unsuisseamallorca.com\/","name":"UN SUISSE A MAJORQUE","description":"Le voyageur voit ce qu&#039;il voit, le touriste voit ce qu&#039;il est venu voir !","potentialAction":[{"@type":"SearchAction","target":{"@type":"EntryPoint","urlTemplate":"https:\/\/unsuisseamallorca.com\/?s={search_term_string}"},"query-input":{"@type":"PropertyValueSpecification","valueRequired":true,"valueName":"search_term_string"}}],"inLanguage":"fr-FR"}]}},"_links":{"self":[{"href":"https:\/\/unsuisseamallorca.com\/index.php\/wp-json\/wp\/v2\/pages\/9350","targetHints":{"allow":["GET"]}}],"collection":[{"href":"https:\/\/unsuisseamallorca.com\/index.php\/wp-json\/wp\/v2\/pages"}],"about":[{"href":"https:\/\/unsuisseamallorca.com\/index.php\/wp-json\/wp\/v2\/types\/page"}],"author":[{"embeddable":true,"href":"https:\/\/unsuisseamallorca.com\/index.php\/wp-json\/wp\/v2\/users\/1"}],"replies":[{"embeddable":true,"href":"https:\/\/unsuisseamallorca.com\/index.php\/wp-json\/wp\/v2\/comments?post=9350"}],"version-history":[{"count":1,"href":"https:\/\/unsuisseamallorca.com\/index.php\/wp-json\/wp\/v2\/pages\/9350\/revisions"}],"predecessor-version":[{"id":9351,"href":"https:\/\/unsuisseamallorca.com\/index.php\/wp-json\/wp\/v2\/pages\/9350\/revisions\/9351"}],"wp:attachment":[{"href":"https:\/\/unsuisseamallorca.com\/index.php\/wp-json\/wp\/v2\/media?parent=9350"}],"curies":[{"name":"wp","href":"https:\/\/api.w.org\/{rel}","templated":true}]}}