{"id":8596,"date":"2021-09-19T18:04:40","date_gmt":"2021-09-19T16:04:40","guid":{"rendered":"https:\/\/unsuisseamallorca.com\/?page_id=8596"},"modified":"2021-09-19T18:04:40","modified_gmt":"2021-09-19T16:04:40","slug":"les-phares-2","status":"publish","type":"page","link":"https:\/\/unsuisseamallorca.com\/index.php\/les-phares-2\/","title":{"rendered":"Les Phares"},"content":{"rendered":"\t\t<div data-elementor-type=\"wp-post\" data-elementor-id=\"8596\" class=\"elementor elementor-8596\" data-elementor-post-type=\"page\">\n\t\t\t\t\t\t<section class=\"elementor-section elementor-top-section elementor-element elementor-element-600a822 elementor-section-boxed elementor-section-height-default elementor-section-height-default\" data-id=\"600a822\" data-element_type=\"section\">\n\t\t\t\t\t\t<div class=\"elementor-container elementor-column-gap-default\">\n\t\t\t\t\t<div class=\"elementor-column elementor-col-100 elementor-top-column elementor-element elementor-element-55e9b9c\" data-id=\"55e9b9c\" data-element_type=\"column\">\n\t\t\t<div class=\"elementor-widget-wrap elementor-element-populated\">\n\t\t\t\t\t\t<div class=\"elementor-element elementor-element-9404482 elementor-widget elementor-widget-shortcode\" data-id=\"9404482\" data-element_type=\"widget\" data-widget_type=\"shortcode.default\">\n\t\t\t\t<div class=\"elementor-widget-container\">\n\t\t\t\t\t\t\t<div class=\"elementor-shortcode\"><div style='width: 100%;'><div style='position: relative; padding-bottom:84.80%; padding-top: 0; height: 0;'><iframe frameborder='0' width='1079' height='915' style='position:absolute; top: 0; left: 0; width: 100%; height: 100%;' data-src='https:\/\/view.genially.com\/5f367dc59c19f40d1153c97e' type='text\/html' allowscriptaccess='always' allowfullscreen='true' scrolling='yes' allownetworking='all' src='data:image\/svg+xml;base64,PHN2ZyB3aWR0aD0iMSIgaGVpZ2h0PSIxIiB4bWxucz0iaHR0cDovL3d3dy53My5vcmcvMjAwMC9zdmciPjwvc3ZnPg==' class='lazyload' data-load-mode='1'><\/iframe><\/div><\/div><\/div>\n\t\t\t\t\t\t<\/div>\n\t\t\t\t<\/div>\n\t\t\t\t\t<\/div>\n\t\t<\/div>\n\t\t\t\t\t<\/div>\n\t\t<\/section>\n\t\t\t\t<section class=\"elementor-section elementor-top-section elementor-element elementor-element-69ca22d2 elementor-section-content-middle elementor-reverse-mobile elementor-section-boxed elementor-section-height-default elementor-section-height-default\" data-id=\"69ca22d2\" data-element_type=\"section\">\n\t\t\t\t\t\t<div class=\"elementor-container elementor-column-gap-default\">\n\t\t\t\t\t<div class=\"elementor-column elementor-col-50 elementor-top-column elementor-element elementor-element-3c967513\" data-id=\"3c967513\" data-element_type=\"column\">\n\t\t\t<div class=\"elementor-widget-wrap elementor-element-populated\">\n\t\t\t\t\t\t<div class=\"elementor-element elementor-element-457e6375 elementor-widget elementor-widget-heading\" data-id=\"457e6375\" data-element_type=\"widget\" data-widget_type=\"heading.default\">\n\t\t\t\t<div class=\"elementor-widget-container\">\n\t\t\t\t\t<h3 class=\"elementor-heading-title elementor-size-default\"><span id=\"phare de Formentor\">Phare de Formentor<\/span><\/h3>\t\t\t\t<\/div>\n\t\t\t\t<\/div>\n\t\t\t\t<div class=\"elementor-element elementor-element-2f45ceae elementor-widget elementor-widget-text-editor\" data-id=\"2f45ceae\" data-element_type=\"widget\" data-widget_type=\"text-editor.default\">\n\t\t\t\t<div class=\"elementor-widget-container\">\n\t\t\t\t\t\t\t\t\tLe fameux phare de <span id=\"cap Formentor\">cap Formentor, est l\u2019incontournable phare de l\u2019\u00eele. Situ\u00e9 sur la p\u00e9ninsule du m\u00eame nom qui met fin \u00e0 la Serra de Tramuntana, c\u2019est un v\u00e9ritable spectacle de la nature qui s\u2019offre \u00e0 nos yeux. Le phare s\u2019\u00e9l\u00e8ve sur une falaise au bout de la route sinueuse qui serpente les versants de la montagne et qui se termine sur la mer \u00e0 perte de vue. Il est \u00e9rig\u00e9 au sommet d&rsquo;une falaise \u00e0 plus de 180 m du niveau de la mer, sur la p\u00e9ninsule de Formentor et \u00e0 20\u00a0km de Port Pollen\u00e7a. Il a \u00e9t\u00e9 mis en service le 30 avril 1863 et il est visible de jour en mer \u00e0 pr\u00e8s de 40\u00a0km. C&rsquo;est une tour cylindrique de 22 m de haut, avec galerie surmont\u00e9e d&rsquo;une lanterne m\u00e9tallique, au-dessus d&rsquo;un b\u00e2timent rectangulaire d&rsquo;un seul \u00e9tage. En 1972 le phare a \u00e9t\u00e9 \u00e9lectrifi\u00e9 actuellement ce sont des g\u00e9n\u00e9rateurs aliment\u00e9s \u00e0 l&rsquo;\u00e9nergie solaire. La maison de gardiennage a \u00e9t\u00e9 reconverti en restaurant. La route est interdite aux voitures, depuis la plage de Formentor, en saison d&rsquo;\u00e9t\u00e9 et c&rsquo;est en v\u00e9lo ou en navette de bus que l&rsquo;on peut s&rsquo;y rendre.\t\t\t\t\t\t\t\t<\/div>\n\t\t\t\t<\/div>\n\t\t\t\t\t<\/div>\n\t\t<\/div>\n\t\t\t\t<div class=\"elementor-column elementor-col-50 elementor-top-column elementor-element elementor-element-6647cb23\" data-id=\"6647cb23\" data-element_type=\"column\">\n\t\t\t<div class=\"elementor-widget-wrap elementor-element-populated\">\n\t\t\t\t\t\t<div class=\"elementor-element elementor-element-3531598a elementor-widget elementor-widget-image\" data-id=\"3531598a\" data-element_type=\"widget\" data-widget_type=\"image.default\">\n\t\t\t\t<div class=\"elementor-widget-container\">\n\t\t\t\t\t\t\t\t\t\t\t\t\t\t\t<img fetchpriority=\"high\" decoding=\"async\" width=\"768\" height=\"513\" src=\"https:\/\/unsuisseamallorca.com\/wp-content\/uploads\/2020\/09\/DSCF1253-768x513.jpg\" class=\"attachment-medium_large size-medium_large wp-image-5968\" alt=\"\" srcset=\"https:\/\/unsuisseamallorca.com\/wp-content\/uploads\/2020\/09\/DSCF1253-768x513.jpg 768w, https:\/\/unsuisseamallorca.com\/wp-content\/uploads\/2020\/09\/DSCF1253-300x200.jpg 300w, https:\/\/unsuisseamallorca.com\/wp-content\/uploads\/2020\/09\/DSCF1253-1024x684.jpg 1024w, https:\/\/unsuisseamallorca.com\/wp-content\/uploads\/2020\/09\/DSCF1253-1536x1026.jpg 1536w, https:\/\/unsuisseamallorca.com\/wp-content\/uploads\/2020\/09\/DSCF1253-2048x1368.jpg 2048w, https:\/\/unsuisseamallorca.com\/wp-content\/uploads\/2020\/09\/DSCF1253-scaled.jpg 2560w\" sizes=\"(max-width: 768px) 100vw, 768px\" \/>\t\t\t\t\t\t\t\t\t\t\t\t\t\t\t<\/div>\n\t\t\t\t<\/div>\n\t\t\t\t<div class=\"elementor-element elementor-element-243ef8c elementor-widget elementor-widget-image\" data-id=\"243ef8c\" data-element_type=\"widget\" data-widget_type=\"image.default\">\n\t\t\t\t<div class=\"elementor-widget-container\">\n\t\t\t\t\t\t\t\t\t\t\t\t\t\t\t<img decoding=\"async\" width=\"768\" height=\"513\" data-src=\"https:\/\/unsuisseamallorca.com\/wp-content\/uploads\/2020\/09\/DSCF1252-768x513.jpg\" class=\"attachment-medium_large size-medium_large wp-image-5967 lazyload\" alt=\"\" data-srcset=\"https:\/\/unsuisseamallorca.com\/wp-content\/uploads\/2020\/09\/DSCF1252-768x513.jpg 768w, https:\/\/unsuisseamallorca.com\/wp-content\/uploads\/2020\/09\/DSCF1252-300x200.jpg 300w, https:\/\/unsuisseamallorca.com\/wp-content\/uploads\/2020\/09\/DSCF1252-1024x684.jpg 1024w, https:\/\/unsuisseamallorca.com\/wp-content\/uploads\/2020\/09\/DSCF1252-1536x1026.jpg 1536w, https:\/\/unsuisseamallorca.com\/wp-content\/uploads\/2020\/09\/DSCF1252-2048x1368.jpg 2048w, https:\/\/unsuisseamallorca.com\/wp-content\/uploads\/2020\/09\/DSCF1252-scaled.jpg 2560w\" data-sizes=\"(max-width: 768px) 100vw, 768px\" src=\"data:image\/svg+xml;base64,PHN2ZyB3aWR0aD0iMSIgaGVpZ2h0PSIxIiB4bWxucz0iaHR0cDovL3d3dy53My5vcmcvMjAwMC9zdmciPjwvc3ZnPg==\" style=\"--smush-placeholder-width: 768px; --smush-placeholder-aspect-ratio: 768\/513;\" \/>\t\t\t\t\t\t\t\t\t\t\t\t\t\t\t<\/div>\n\t\t\t\t<\/div>\n\t\t\t\t\t<\/div>\n\t\t<\/div>\n\t\t\t\t\t<\/div>\n\t\t<\/section>\n\t\t\t\t<section class=\"elementor-section elementor-top-section elementor-element elementor-element-69299d9 elementor-section-content-middle elementor-section-boxed elementor-section-height-default elementor-section-height-default\" data-id=\"69299d9\" data-element_type=\"section\">\n\t\t\t\t\t\t<div class=\"elementor-container elementor-column-gap-default\">\n\t\t\t\t\t<div class=\"elementor-column elementor-col-50 elementor-top-column elementor-element elementor-element-47030f8\" data-id=\"47030f8\" data-element_type=\"column\">\n\t\t\t<div class=\"elementor-widget-wrap elementor-element-populated\">\n\t\t\t\t\t\t<div class=\"elementor-element elementor-element-a0095b1 elementor-widget elementor-widget-image\" data-id=\"a0095b1\" data-element_type=\"widget\" data-widget_type=\"image.default\">\n\t\t\t\t<div class=\"elementor-widget-container\">\n\t\t\t\t\t\t\t\t\t\t\t\t\t\t\t<img decoding=\"async\" width=\"768\" height=\"576\" data-src=\"https:\/\/unsuisseamallorca.com\/wp-content\/uploads\/2020\/09\/IMG_8108-768x576.jpg\" class=\"attachment-medium_large size-medium_large wp-image-5969 lazyload\" alt=\"\" data-srcset=\"https:\/\/unsuisseamallorca.com\/wp-content\/uploads\/2020\/09\/IMG_8108-768x576.jpg 768w, https:\/\/unsuisseamallorca.com\/wp-content\/uploads\/2020\/09\/IMG_8108-300x225.jpg 300w, https:\/\/unsuisseamallorca.com\/wp-content\/uploads\/2020\/09\/IMG_8108-1024x768.jpg 1024w, https:\/\/unsuisseamallorca.com\/wp-content\/uploads\/2020\/09\/IMG_8108-1536x1152.jpg 1536w, https:\/\/unsuisseamallorca.com\/wp-content\/uploads\/2020\/09\/IMG_8108-2048x1536.jpg 2048w, https:\/\/unsuisseamallorca.com\/wp-content\/uploads\/2020\/09\/IMG_8108-scaled.jpg 2560w\" data-sizes=\"(max-width: 768px) 100vw, 768px\" src=\"data:image\/svg+xml;base64,PHN2ZyB3aWR0aD0iMSIgaGVpZ2h0PSIxIiB4bWxucz0iaHR0cDovL3d3dy53My5vcmcvMjAwMC9zdmciPjwvc3ZnPg==\" style=\"--smush-placeholder-width: 768px; --smush-placeholder-aspect-ratio: 768\/576;\" \/>\t\t\t\t\t\t\t\t\t\t\t\t\t\t\t<\/div>\n\t\t\t\t<\/div>\n\t\t\t\t\t<\/div>\n\t\t<\/div>\n\t\t\t\t<div class=\"elementor-column elementor-col-50 elementor-top-column elementor-element elementor-element-ffbe3e3\" data-id=\"ffbe3e3\" data-element_type=\"column\">\n\t\t\t<div class=\"elementor-widget-wrap elementor-element-populated\">\n\t\t\t\t\t\t<div class=\"elementor-element elementor-element-740ff85 elementor-widget elementor-widget-heading\" data-id=\"740ff85\" data-element_type=\"widget\" data-widget_type=\"heading.default\">\n\t\t\t\t<div class=\"elementor-widget-container\">\n\t\t\t\t\t<h3 class=\"elementor-heading-title elementor-size-default\">Phare de Alcanada<\/h3>\t\t\t\t<\/div>\n\t\t\t\t<\/div>\n\t\t\t\t<div class=\"elementor-element elementor-element-6b6cffc elementor-widget elementor-widget-text-editor\" data-id=\"6b6cffc\" data-element_type=\"widget\" data-widget_type=\"text-editor.default\">\n\t\t\t\t<div class=\"elementor-widget-container\">\n\t\t\t\t\t\t\t\t\t<p>Le phare est situ\u00e9 sur l&rsquo;\u00eelot de Alcanada \u00e0 5 km du port d&rsquo;Alc\u00fadia. Le phare a \u00e9t\u00e9 mis en service le 15 mai 1861, en 1917 un \u00e9cran rotatif est install\u00e9 pour avoir un feu \u00e0 occultations et l&rsquo;alimentation est modifi\u00e9e \u00e0 l&rsquo;ac\u00e9tyl\u00e8ne. Le phare est automatis\u00e9 en 1960 et la vieille lanterne est remplac\u00e9e par une feu sur potence. En 1985 l&rsquo;ac\u00e9tyl\u00e8ne est remplac\u00e9 par une lampe \u00e9lectrique de 12 Volts aliment\u00e9e \u00e0 l&rsquo;\u00e9nergie solaire photovolta\u00efque procur\u00e9e par un bloc de batteries et des panneaux solaires.<\/p><p>C&rsquo;est un peu loin de la ville, et c&rsquo;est s\u00fbrement pour \u00e7a qu&rsquo;on est si tranquille sur cette plage en face de l&rsquo;\u00eele au phare. La plage en elle-m\u00eame n&rsquo;est pas accueillante, mais si on aime marcher, l&rsquo;endroit devient superbe. Tout au bout , il y a un sentier par lequel on peut rejoindre la magique plage de S&rsquo;Collbaix. Les panneaux de bois indiquent aux marcheurs le temps des randonn\u00e9es, de bonnes chaussures sont indispensables. Si on ne fait pas trop de bruits, on peut voir de belles ch\u00e8vres en libert\u00e9.<\/p>\t\t\t\t\t\t\t\t<\/div>\n\t\t\t\t<\/div>\n\t\t\t\t\t<\/div>\n\t\t<\/div>\n\t\t\t\t\t<\/div>\n\t\t<\/section>\n\t\t\t\t<section class=\"elementor-section elementor-top-section elementor-element elementor-element-3ab99ea elementor-section-content-middle elementor-reverse-mobile elementor-section-boxed elementor-section-height-default elementor-section-height-default\" data-id=\"3ab99ea\" data-element_type=\"section\">\n\t\t\t\t\t\t<div class=\"elementor-container elementor-column-gap-default\">\n\t\t\t\t\t<div class=\"elementor-column elementor-col-50 elementor-top-column elementor-element elementor-element-dbf6fa8\" data-id=\"dbf6fa8\" data-element_type=\"column\">\n\t\t\t<div class=\"elementor-widget-wrap elementor-element-populated\">\n\t\t\t\t\t\t<div class=\"elementor-element elementor-element-e3fe750 elementor-widget elementor-widget-heading\" data-id=\"e3fe750\" data-element_type=\"widget\" data-widget_type=\"heading.default\">\n\t\t\t\t<div class=\"elementor-widget-container\">\n\t\t\t\t\t<h3 class=\"elementor-heading-title elementor-size-default\">Phare de Punta de l'Avan\u00e7ada<\/h3>\t\t\t\t<\/div>\n\t\t\t\t<\/div>\n\t\t\t\t<div class=\"elementor-element elementor-element-f0c6fc2 elementor-widget elementor-widget-text-editor\" data-id=\"f0c6fc2\" data-element_type=\"widget\" data-widget_type=\"text-editor.default\">\n\t\t\t\t<div class=\"elementor-widget-container\">\n\t\t\t\t\t\t\t\t\t<p>Il est situ\u00e9 sur Punta de l&rsquo;Avan\u00e7ada, un promontoire \u00e0 5 km du port de Pollen\u00e7a a envoy\u00e9 une lettre \u00e0 la Direction g\u00e9n\u00e9rale des travaux publics, en demandant la cr\u00e9ation d&rsquo;un phare \u00e0 Punta de l&rsquo;Avan\u00e7ada. Celui-ci a \u00e9t\u00e9 accord\u00e9 en d\u00e9cembre 1898 et le projet a \u00e9t\u00e9 confi\u00e9 \u00e0 Eusebio Estrada. Le phare a \u00e9t\u00e9 mis en service le 15 d\u00e9cembre 1905. C&rsquo;est une tour octogonale de 18 m de haut, avec galerie et lanterne, attenante \u00e0 une maison d&rsquo;un \u00e9tage pour les gardiens. En Octobre 1953, le phare a \u00e9t\u00e9 \u00e9lectrifi\u00e9 et en 1974 la tour a \u00e9t\u00e9 reconstruite pour prendre sa hauteur actuelle. La lanterne originale, enlev\u00e9e en 1973, \u00e9tait rest\u00e9e au sol pr\u00e8s du phare. En 2015 la lanterne a \u00e9t\u00e9 d\u00e9plac\u00e9e au mus\u00e9e maritime de Portop\u00ed \u00e0 Palma de Majorque.<\/p>\t\t\t\t\t\t\t\t<\/div>\n\t\t\t\t<\/div>\n\t\t\t\t\t<\/div>\n\t\t<\/div>\n\t\t\t\t<div class=\"elementor-column elementor-col-50 elementor-top-column elementor-element elementor-element-cb4e173\" data-id=\"cb4e173\" data-element_type=\"column\">\n\t\t\t<div class=\"elementor-widget-wrap elementor-element-populated\">\n\t\t\t\t\t\t<div class=\"elementor-element elementor-element-5d62166 elementor-widget elementor-widget-image\" data-id=\"5d62166\" data-element_type=\"widget\" data-widget_type=\"image.default\">\n\t\t\t\t<div class=\"elementor-widget-container\">\n\t\t\t\t\t\t\t\t\t\t\t\t\t\t\t<img decoding=\"async\" width=\"768\" height=\"513\" data-src=\"https:\/\/unsuisseamallorca.com\/wp-content\/uploads\/2020\/09\/Avancada-768x513.jpg\" class=\"attachment-medium_large size-medium_large wp-image-5974 lazyload\" alt=\"\" data-srcset=\"https:\/\/unsuisseamallorca.com\/wp-content\/uploads\/2020\/09\/Avancada-768x513.jpg 768w, https:\/\/unsuisseamallorca.com\/wp-content\/uploads\/2020\/09\/Avancada-300x200.jpg 300w, https:\/\/unsuisseamallorca.com\/wp-content\/uploads\/2020\/09\/Avancada.jpg 1024w\" data-sizes=\"(max-width: 768px) 100vw, 768px\" src=\"data:image\/svg+xml;base64,PHN2ZyB3aWR0aD0iMSIgaGVpZ2h0PSIxIiB4bWxucz0iaHR0cDovL3d3dy53My5vcmcvMjAwMC9zdmciPjwvc3ZnPg==\" style=\"--smush-placeholder-width: 768px; --smush-placeholder-aspect-ratio: 768\/513;\" \/>\t\t\t\t\t\t\t\t\t\t\t\t\t\t\t<\/div>\n\t\t\t\t<\/div>\n\t\t\t\t\t<\/div>\n\t\t<\/div>\n\t\t\t\t\t<\/div>\n\t\t<\/section>\n\t\t\t\t<section class=\"elementor-section elementor-top-section elementor-element elementor-element-bd09182 elementor-section-content-middle elementor-section-boxed elementor-section-height-default elementor-section-height-default\" data-id=\"bd09182\" data-element_type=\"section\">\n\t\t\t\t\t\t<div class=\"elementor-container elementor-column-gap-default\">\n\t\t\t\t\t<div class=\"elementor-column elementor-col-50 elementor-top-column elementor-element elementor-element-1d6ed8e\" data-id=\"1d6ed8e\" data-element_type=\"column\">\n\t\t\t<div class=\"elementor-widget-wrap elementor-element-populated\">\n\t\t\t\t\t\t<div class=\"elementor-element elementor-element-86c3f04 elementor-widget elementor-widget-image\" data-id=\"86c3f04\" data-element_type=\"widget\" data-widget_type=\"image.default\">\n\t\t\t\t<div class=\"elementor-widget-container\">\n\t\t\t\t\t\t\t\t\t\t\t\t\t\t\t<img decoding=\"async\" width=\"768\" height=\"512\" data-src=\"https:\/\/unsuisseamallorca.com\/wp-content\/uploads\/2020\/09\/IMG_5011-768x512.jpg\" class=\"attachment-medium_large size-medium_large wp-image-5977 lazyload\" alt=\"\" data-srcset=\"https:\/\/unsuisseamallorca.com\/wp-content\/uploads\/2020\/09\/IMG_5011-768x512.jpg 768w, https:\/\/unsuisseamallorca.com\/wp-content\/uploads\/2020\/09\/IMG_5011-300x200.jpg 300w, https:\/\/unsuisseamallorca.com\/wp-content\/uploads\/2020\/09\/IMG_5011-1024x683.jpg 1024w, https:\/\/unsuisseamallorca.com\/wp-content\/uploads\/2020\/09\/IMG_5011-1536x1024.jpg 1536w, https:\/\/unsuisseamallorca.com\/wp-content\/uploads\/2020\/09\/IMG_5011-2048x1365.jpg 2048w, https:\/\/unsuisseamallorca.com\/wp-content\/uploads\/2020\/09\/IMG_5011-scaled.jpg 2560w\" data-sizes=\"(max-width: 768px) 100vw, 768px\" src=\"data:image\/svg+xml;base64,PHN2ZyB3aWR0aD0iMSIgaGVpZ2h0PSIxIiB4bWxucz0iaHR0cDovL3d3dy53My5vcmcvMjAwMC9zdmciPjwvc3ZnPg==\" style=\"--smush-placeholder-width: 768px; --smush-placeholder-aspect-ratio: 768\/512;\" \/>\t\t\t\t\t\t\t\t\t\t\t\t\t\t\t<\/div>\n\t\t\t\t<\/div>\n\t\t\t\t\t<\/div>\n\t\t<\/div>\n\t\t\t\t<div class=\"elementor-column elementor-col-50 elementor-top-column elementor-element elementor-element-942b6a1\" data-id=\"942b6a1\" data-element_type=\"column\">\n\t\t\t<div class=\"elementor-widget-wrap elementor-element-populated\">\n\t\t\t\t\t\t<div class=\"elementor-element elementor-element-ac38517 elementor-widget elementor-widget-heading\" data-id=\"ac38517\" data-element_type=\"widget\" data-widget_type=\"heading.default\">\n\t\t\t\t<div class=\"elementor-widget-container\">\n\t\t\t\t\t<h3 class=\"elementor-heading-title elementor-size-default\">Phare de Capdepera<\/h3>\t\t\t\t<\/div>\n\t\t\t\t<\/div>\n\t\t\t\t<div class=\"elementor-element elementor-element-17f0f05 elementor-widget elementor-widget-text-editor\" data-id=\"17f0f05\" data-element_type=\"widget\" data-widget_type=\"text-editor.default\">\n\t\t\t\t<div class=\"elementor-widget-container\">\n\t\t\t\t\t\t\t\t\t<p>Le <b>Phare de <\/b><b>Capdepera<\/b> est un phare situ\u00e9 sur <i>Cabo de <\/i><i>Pera<\/i>, un promontoire proche de Capdepera. Le phare est \u00e9rig\u00e9 \u00e0 55 m au-dessus du niveau de la mer \u00e0 <i>Cabo de <\/i><i>Pera<\/i> et a \u00e9t\u00e9 mis en service le 30 novembre 1861. En 1960 \u00a0l&rsquo;installation a \u00e9t\u00e9 \u00e9lectrifi\u00e9e. Un objectif catadioptrique fut install\u00e9e pour avoir un feu \u00e0 occultations. Les points de vue offerts du haut des falaises sont tr\u00e8s beaux. La mont\u00e9e \u00e0 pieds est agr\u00e9able s&rsquo;il ne fait pas trop chaud. La route permettant d&rsquo;y acc\u00e9der en voiture est \u00e9troite et sinueuse, la prudence est donc de rigueur.<\/p>\t\t\t\t\t\t\t\t<\/div>\n\t\t\t\t<\/div>\n\t\t\t\t\t<\/div>\n\t\t<\/div>\n\t\t\t\t\t<\/div>\n\t\t<\/section>\n\t\t\t\t<section class=\"elementor-section elementor-top-section elementor-element elementor-element-780ea0b elementor-section-content-middle elementor-reverse-mobile elementor-section-boxed elementor-section-height-default elementor-section-height-default\" data-id=\"780ea0b\" data-element_type=\"section\">\n\t\t\t\t\t\t<div class=\"elementor-container elementor-column-gap-default\">\n\t\t\t\t\t<div class=\"elementor-column elementor-col-50 elementor-top-column elementor-element elementor-element-6d0766f\" data-id=\"6d0766f\" data-element_type=\"column\">\n\t\t\t<div class=\"elementor-widget-wrap elementor-element-populated\">\n\t\t\t\t\t\t<div class=\"elementor-element elementor-element-db560b9 elementor-widget elementor-widget-heading\" data-id=\"db560b9\" data-element_type=\"widget\" data-widget_type=\"heading.default\">\n\t\t\t\t<div class=\"elementor-widget-container\">\n\t\t\t\t\t<h3 class=\"elementor-heading-title elementor-size-default\">Phare de Porto Colom<\/h3>\t\t\t\t<\/div>\n\t\t\t\t<\/div>\n\t\t\t\t<div class=\"elementor-element elementor-element-e87120b elementor-widget elementor-widget-text-editor\" data-id=\"e87120b\" data-element_type=\"widget\" data-widget_type=\"text-editor.default\">\n\t\t\t\t<div class=\"elementor-widget-container\">\n\t\t\t\t\t\t\t\t\t<p><b>Le <\/b><b>phare <\/b><b>de Porto <\/b><b>Colom<\/b> a \u00e9t\u00e9 r\u00e9alis\u00e9 en 1861. En 1918 la tour de 6,5 m est rehauss\u00e9e afin d&rsquo;atteindre une plus grande port\u00e9e et en changeant la lampe primitive par une autre plus performante. En 1965, le feu a \u00e9t\u00e9 \u00e9lectrifi\u00e9 et la tour a \u00e9t\u00e9 de nouveau rehauss\u00e9e de 10 m. C&rsquo;est maintenant une tour cylindrique de 25 m de haut, avec galerie et lanterne, attenante \u00e0 une maison de gardiens de deux \u00e9tages. Le phare est peint en blanc avec quatre bandes noires et la lanterne m\u00e9tallique est grise. Porto Colom pr\u00e9tend \u00eatre le berceau du navigateur Christophe Colomb.<\/p><p>\u00a0<\/p>\t\t\t\t\t\t\t\t<\/div>\n\t\t\t\t<\/div>\n\t\t\t\t\t<\/div>\n\t\t<\/div>\n\t\t\t\t<div class=\"elementor-column elementor-col-50 elementor-top-column elementor-element elementor-element-da1b5b4\" data-id=\"da1b5b4\" data-element_type=\"column\">\n\t\t\t<div class=\"elementor-widget-wrap elementor-element-populated\">\n\t\t\t\t\t\t<div class=\"elementor-element elementor-element-be0a2de elementor-widget elementor-widget-image\" data-id=\"be0a2de\" data-element_type=\"widget\" data-widget_type=\"image.default\">\n\t\t\t\t<div class=\"elementor-widget-container\">\n\t\t\t\t\t\t\t\t\t\t\t\t\t\t\t<img decoding=\"async\" width=\"768\" height=\"576\" data-src=\"https:\/\/unsuisseamallorca.com\/wp-content\/uploads\/2020\/09\/DSC01386-768x576.jpg\" class=\"attachment-medium_large size-medium_large wp-image-5980 lazyload\" alt=\"\" data-srcset=\"https:\/\/unsuisseamallorca.com\/wp-content\/uploads\/2020\/09\/DSC01386-768x576.jpg 768w, https:\/\/unsuisseamallorca.com\/wp-content\/uploads\/2020\/09\/DSC01386-300x225.jpg 300w, https:\/\/unsuisseamallorca.com\/wp-content\/uploads\/2020\/09\/DSC01386-1024x768.jpg 1024w, https:\/\/unsuisseamallorca.com\/wp-content\/uploads\/2020\/09\/DSC01386-1536x1152.jpg 1536w, https:\/\/unsuisseamallorca.com\/wp-content\/uploads\/2020\/09\/DSC01386-2048x1536.jpg 2048w, https:\/\/unsuisseamallorca.com\/wp-content\/uploads\/2020\/09\/DSC01386-scaled.jpg 2560w\" data-sizes=\"(max-width: 768px) 100vw, 768px\" src=\"data:image\/svg+xml;base64,PHN2ZyB3aWR0aD0iMSIgaGVpZ2h0PSIxIiB4bWxucz0iaHR0cDovL3d3dy53My5vcmcvMjAwMC9zdmciPjwvc3ZnPg==\" style=\"--smush-placeholder-width: 768px; --smush-placeholder-aspect-ratio: 768\/576;\" \/>\t\t\t\t\t\t\t\t\t\t\t\t\t\t\t<\/div>\n\t\t\t\t<\/div>\n\t\t\t\t\t<\/div>\n\t\t<\/div>\n\t\t\t\t\t<\/div>\n\t\t<\/section>\n\t\t\t\t<section class=\"elementor-section elementor-top-section elementor-element elementor-element-33fb109 elementor-section-content-middle elementor-section-boxed elementor-section-height-default elementor-section-height-default\" data-id=\"33fb109\" data-element_type=\"section\">\n\t\t\t\t\t\t<div class=\"elementor-container elementor-column-gap-default\">\n\t\t\t\t\t<div class=\"elementor-column elementor-col-50 elementor-top-column elementor-element elementor-element-c6560ca\" data-id=\"c6560ca\" data-element_type=\"column\">\n\t\t\t<div class=\"elementor-widget-wrap elementor-element-populated\">\n\t\t\t\t\t\t<div class=\"elementor-element elementor-element-403e616 elementor-widget elementor-widget-image\" data-id=\"403e616\" data-element_type=\"widget\" data-widget_type=\"image.default\">\n\t\t\t\t<div class=\"elementor-widget-container\">\n\t\t\t\t\t\t\t\t\t\t\t\t\t\t\t<img decoding=\"async\" width=\"768\" height=\"576\" data-src=\"https:\/\/unsuisseamallorca.com\/wp-content\/uploads\/2020\/09\/DSC01485-768x576.jpg\" class=\"attachment-medium_large size-medium_large wp-image-5979 lazyload\" alt=\"\" data-srcset=\"https:\/\/unsuisseamallorca.com\/wp-content\/uploads\/2020\/09\/DSC01485-768x576.jpg 768w, https:\/\/unsuisseamallorca.com\/wp-content\/uploads\/2020\/09\/DSC01485-300x225.jpg 300w, https:\/\/unsuisseamallorca.com\/wp-content\/uploads\/2020\/09\/DSC01485-1024x768.jpg 1024w, https:\/\/unsuisseamallorca.com\/wp-content\/uploads\/2020\/09\/DSC01485-1536x1152.jpg 1536w, https:\/\/unsuisseamallorca.com\/wp-content\/uploads\/2020\/09\/DSC01485-2048x1536.jpg 2048w, https:\/\/unsuisseamallorca.com\/wp-content\/uploads\/2020\/09\/DSC01485-scaled.jpg 2560w\" data-sizes=\"(max-width: 768px) 100vw, 768px\" src=\"data:image\/svg+xml;base64,PHN2ZyB3aWR0aD0iMSIgaGVpZ2h0PSIxIiB4bWxucz0iaHR0cDovL3d3dy53My5vcmcvMjAwMC9zdmciPjwvc3ZnPg==\" style=\"--smush-placeholder-width: 768px; --smush-placeholder-aspect-ratio: 768\/576;\" \/>\t\t\t\t\t\t\t\t\t\t\t\t\t\t\t<\/div>\n\t\t\t\t<\/div>\n\t\t\t\t\t<\/div>\n\t\t<\/div>\n\t\t\t\t<div class=\"elementor-column elementor-col-50 elementor-top-column elementor-element elementor-element-3f09cb7\" data-id=\"3f09cb7\" data-element_type=\"column\">\n\t\t\t<div class=\"elementor-widget-wrap elementor-element-populated\">\n\t\t\t\t\t\t<div class=\"elementor-element elementor-element-a2dc6db elementor-widget elementor-widget-heading\" data-id=\"a2dc6db\" data-element_type=\"widget\" data-widget_type=\"heading.default\">\n\t\t\t\t<div class=\"elementor-widget-container\">\n\t\t\t\t\t<h3 class=\"elementor-heading-title elementor-size-default\">Phare de cap de Ses Salines<\/h3>\t\t\t\t<\/div>\n\t\t\t\t<\/div>\n\t\t\t\t<div class=\"elementor-element elementor-element-ffd2bac elementor-widget elementor-widget-text-editor\" data-id=\"ffd2bac\" data-element_type=\"widget\" data-widget_type=\"text-editor.default\">\n\t\t\t\t<div class=\"elementor-widget-container\">\n\t\t\t\t\t\t\t\t\t<p><b>Le <\/b><b>phare de Ses Salines <\/b>marque le point id\u00e9al pour admirer l\u2019\u00eele de Cabrera et s\u2019approcher au maximum des plages vierges les plus embl\u00e9matiques de Majorque telles que Es Carb\u00f3 et Es Caragol (30\u2019 \u00e0 pied). Dans un premier temps, le phare \u00e9tait pr\u00e9vu pr\u00e8s de la c\u00f4te. Mais, \u00e0 cause l&rsquo;action de la mer, le second projet a plac\u00e9 le phare \u00e0 60 m\u00e8tres de la c\u00f4te. Il a \u00e9t\u00e9 inaugur\u00e9 le 31 Ao\u00fbt 1863. En 1917, un syst\u00e8me rotatif a \u00e9t\u00e9 install\u00e9 pour \u00e9mettre un <a href=\"https:\/\/fr.wikipedia.org\/wiki\/Feu_%C3%A0_occultations\">feu \u00e0 occultations<\/a> \u00e0 partir d&rsquo;une lampe \u00e0 ac\u00e9tyl\u00e8ne \u00e9mettant jusqu&rsquo;\u00e0 12 miles nautiques. Elle fut remplac\u00e9e en 1957 par une alimentation \u00e0 l&rsquo;huile. Cette m\u00eame ann\u00e9e, la hauteur de la tour a \u00e9t\u00e9 augment\u00e9e de 6,5 m\u00e8tres pour l\u2019amener \u00e0 17 m.<\/p><p>En 1960 le phare a \u00e9t\u00e9 \u00e9lectrifi\u00e9. Dans les ann\u00e9es 1980, des panneaux solaires ont pris le relais.<\/p><p>C\u2019est un \u00e9difice aux lignes m\u00e9diterran\u00e9ennes d\u2019o\u00f9 vous repartirez sans aucun doute avec l\u2019appareil photo rempli de magnifiques souvenirs.<\/p>\t\t\t\t\t\t\t\t<\/div>\n\t\t\t\t<\/div>\n\t\t\t\t\t<\/div>\n\t\t<\/div>\n\t\t\t\t\t<\/div>\n\t\t<\/section>\n\t\t\t\t<section class=\"elementor-section elementor-top-section elementor-element elementor-element-0700a96 elementor-section-content-middle elementor-reverse-mobile elementor-section-boxed elementor-section-height-default elementor-section-height-default\" data-id=\"0700a96\" data-element_type=\"section\">\n\t\t\t\t\t\t<div class=\"elementor-container elementor-column-gap-default\">\n\t\t\t\t\t<div class=\"elementor-column elementor-col-50 elementor-top-column elementor-element elementor-element-3350072\" data-id=\"3350072\" data-element_type=\"column\">\n\t\t\t<div class=\"elementor-widget-wrap elementor-element-populated\">\n\t\t\t\t\t\t<div class=\"elementor-element elementor-element-74a2468 elementor-widget elementor-widget-heading\" data-id=\"74a2468\" data-element_type=\"widget\" data-widget_type=\"heading.default\">\n\t\t\t\t<div class=\"elementor-widget-container\">\n\t\t\t\t\t<h3 class=\"elementor-heading-title elementor-size-default\">4 Phares de Cabrera<\/h3>\t\t\t\t<\/div>\n\t\t\t\t<\/div>\n\t\t\t\t<div class=\"elementor-element elementor-element-9a7cb9b elementor-widget elementor-widget-text-editor\" data-id=\"9a7cb9b\" data-element_type=\"widget\" data-widget_type=\"text-editor.default\">\n\t\t\t\t<div class=\"elementor-widget-container\">\n\t\t\t\t\t\t\t\t\t<p><span id=\"Banyalbufar\">Le phare de N&rsquo;Ensiola, sur la pointe du m\u00eame nom perch\u00e9 \u00e0 une hauteur de 100 m\u00e8tres, au sud-ouest de l&rsquo;\u00eele. Le phare de Na Foradada, lui est situ\u00e9 sur l&rsquo;\u00eelot de Horadada au nord de l&rsquo;archipel. Le phare de cap Llebeitx est situ\u00e9 sur le cap du m\u00eame nom au nord.-ouest de l&rsquo;\u00eele. Le feu de Sa Creveta qui marque l&rsquo;entr\u00e9e de la baie sur la gauche (rouge et blanc) et celui de Sa Crueta sur la droite (noir et blanc).<\/span><\/p>\t\t\t\t\t\t\t\t<\/div>\n\t\t\t\t<\/div>\n\t\t\t\t\t<\/div>\n\t\t<\/div>\n\t\t\t\t<div class=\"elementor-column elementor-col-50 elementor-top-column elementor-element elementor-element-f95d5f8\" data-id=\"f95d5f8\" data-element_type=\"column\">\n\t\t\t<div class=\"elementor-widget-wrap elementor-element-populated\">\n\t\t\t\t\t\t<div class=\"elementor-element elementor-element-6024927 elementor-widget elementor-widget-image\" data-id=\"6024927\" data-element_type=\"widget\" data-widget_type=\"image.default\">\n\t\t\t\t<div class=\"elementor-widget-container\">\n\t\t\t\t\t\t\t\t\t\t\t\t\t\t\t<img decoding=\"async\" width=\"768\" height=\"576\" data-src=\"https:\/\/unsuisseamallorca.com\/wp-content\/uploads\/2020\/09\/DJI_0282-768x576.jpg\" class=\"attachment-medium_large size-medium_large wp-image-5983 lazyload\" alt=\"\" data-srcset=\"https:\/\/unsuisseamallorca.com\/wp-content\/uploads\/2020\/09\/DJI_0282-768x576.jpg 768w, https:\/\/unsuisseamallorca.com\/wp-content\/uploads\/2020\/09\/DJI_0282-300x225.jpg 300w, https:\/\/unsuisseamallorca.com\/wp-content\/uploads\/2020\/09\/DJI_0282-1024x768.jpg 1024w, https:\/\/unsuisseamallorca.com\/wp-content\/uploads\/2020\/09\/DJI_0282-1536x1152.jpg 1536w, https:\/\/unsuisseamallorca.com\/wp-content\/uploads\/2020\/09\/DJI_0282-2048x1536.jpg 2048w, https:\/\/unsuisseamallorca.com\/wp-content\/uploads\/2020\/09\/DJI_0282-scaled.jpg 2560w\" data-sizes=\"(max-width: 768px) 100vw, 768px\" src=\"data:image\/svg+xml;base64,PHN2ZyB3aWR0aD0iMSIgaGVpZ2h0PSIxIiB4bWxucz0iaHR0cDovL3d3dy53My5vcmcvMjAwMC9zdmciPjwvc3ZnPg==\" style=\"--smush-placeholder-width: 768px; --smush-placeholder-aspect-ratio: 768\/576;\" \/>\t\t\t\t\t\t\t\t\t\t\t\t\t\t\t<\/div>\n\t\t\t\t<\/div>\n\t\t\t\t\t<\/div>\n\t\t<\/div>\n\t\t\t\t\t<\/div>\n\t\t<\/section>\n\t\t\t\t<section class=\"elementor-section elementor-top-section elementor-element elementor-element-92af960 elementor-section-content-middle elementor-section-boxed elementor-section-height-default elementor-section-height-default\" data-id=\"92af960\" data-element_type=\"section\">\n\t\t\t\t\t\t<div class=\"elementor-container elementor-column-gap-default\">\n\t\t\t\t\t<div class=\"elementor-column elementor-col-50 elementor-top-column elementor-element elementor-element-136e992\" data-id=\"136e992\" data-element_type=\"column\">\n\t\t\t<div class=\"elementor-widget-wrap elementor-element-populated\">\n\t\t\t\t\t\t<div class=\"elementor-element elementor-element-22bc554 elementor-widget elementor-widget-image\" data-id=\"22bc554\" data-element_type=\"widget\" data-widget_type=\"image.default\">\n\t\t\t\t<div class=\"elementor-widget-container\">\n\t\t\t\t\t\t\t\t\t\t\t\t\t\t\t<img decoding=\"async\" width=\"768\" height=\"576\" data-src=\"https:\/\/unsuisseamallorca.com\/wp-content\/uploads\/2020\/09\/DSC00540-768x576.jpg\" class=\"attachment-medium_large size-medium_large wp-image-5981 lazyload\" alt=\"\" data-srcset=\"https:\/\/unsuisseamallorca.com\/wp-content\/uploads\/2020\/09\/DSC00540-768x576.jpg 768w, https:\/\/unsuisseamallorca.com\/wp-content\/uploads\/2020\/09\/DSC00540-300x225.jpg 300w, https:\/\/unsuisseamallorca.com\/wp-content\/uploads\/2020\/09\/DSC00540-1024x768.jpg 1024w, https:\/\/unsuisseamallorca.com\/wp-content\/uploads\/2020\/09\/DSC00540-1536x1152.jpg 1536w, https:\/\/unsuisseamallorca.com\/wp-content\/uploads\/2020\/09\/DSC00540-2048x1536.jpg 2048w, https:\/\/unsuisseamallorca.com\/wp-content\/uploads\/2020\/09\/DSC00540-scaled.jpg 2560w\" data-sizes=\"(max-width: 768px) 100vw, 768px\" src=\"data:image\/svg+xml;base64,PHN2ZyB3aWR0aD0iMSIgaGVpZ2h0PSIxIiB4bWxucz0iaHR0cDovL3d3dy53My5vcmcvMjAwMC9zdmciPjwvc3ZnPg==\" style=\"--smush-placeholder-width: 768px; --smush-placeholder-aspect-ratio: 768\/576;\" \/>\t\t\t\t\t\t\t\t\t\t\t\t\t\t\t<\/div>\n\t\t\t\t<\/div>\n\t\t\t\t\t<\/div>\n\t\t<\/div>\n\t\t\t\t<div class=\"elementor-column elementor-col-50 elementor-top-column elementor-element elementor-element-22ce502\" data-id=\"22ce502\" data-element_type=\"column\">\n\t\t\t<div class=\"elementor-widget-wrap elementor-element-populated\">\n\t\t\t\t\t\t<div class=\"elementor-element elementor-element-94f4452 elementor-widget elementor-widget-heading\" data-id=\"94f4452\" data-element_type=\"widget\" data-widget_type=\"heading.default\">\n\t\t\t\t<div class=\"elementor-widget-container\">\n\t\t\t\t\t<h3 class=\"elementor-heading-title elementor-size-default\"><span id=\"Phare de cap Blanc\">Phare de cap Blanc<\/span><\/h3>\t\t\t\t<\/div>\n\t\t\t\t<\/div>\n\t\t\t\t<div class=\"elementor-element elementor-element-76d30f8 elementor-widget elementor-widget-text-editor\" data-id=\"76d30f8\" data-element_type=\"widget\" data-widget_type=\"text-editor.default\">\n\t\t\t\t<div class=\"elementor-widget-container\">\n\t\t\t\t\t\t\t\t\t<p>Le phare de <span id=\"cap Blanc\">cap Blanc est situ\u00e9 sur un promontoire \u00e0 l&rsquo;est de la Baie de Palma. Le phare a \u00e9t\u00e9 mis en service le 31 ao\u00fbt 1863. En 1917, un syst\u00e8me rotatif a \u00e9t\u00e9 ajout\u00e9 pour obtenir un feu \u00e0 occultations. Ce syst\u00e8me peut maintenant \u00eatre vu dans l&rsquo;exposition faite au phare de Portop\u00ed. En 1964 le phare a \u00e9t\u00e9 automatis\u00e9. En 1970, il a \u00e9t\u00e9 \u00e9lectrifi\u00e9. Le phare de Cabo Blanco est maintenant le seul phare espagnol \u00e0 utiliser un syst\u00e8me optique datant du r\u00e8gne d&rsquo;Isabelle II.<\/span><\/p>\t\t\t\t\t\t\t\t<\/div>\n\t\t\t\t<\/div>\n\t\t\t\t\t<\/div>\n\t\t<\/div>\n\t\t\t\t\t<\/div>\n\t\t<\/section>\n\t\t\t\t<section class=\"elementor-section elementor-top-section elementor-element elementor-element-c4bc696 elementor-section-content-middle elementor-reverse-mobile elementor-section-boxed elementor-section-height-default elementor-section-height-default\" data-id=\"c4bc696\" data-element_type=\"section\">\n\t\t\t\t\t\t<div class=\"elementor-container elementor-column-gap-default\">\n\t\t\t\t\t<div class=\"elementor-column elementor-col-50 elementor-top-column elementor-element elementor-element-57d1526\" data-id=\"57d1526\" data-element_type=\"column\">\n\t\t\t<div class=\"elementor-widget-wrap elementor-element-populated\">\n\t\t\t\t\t\t<div class=\"elementor-element elementor-element-b84ab85 elementor-widget elementor-widget-heading\" data-id=\"b84ab85\" data-element_type=\"widget\" data-widget_type=\"heading.default\">\n\t\t\t\t<div class=\"elementor-widget-container\">\n\t\t\t\t\t<h3 class=\"elementor-heading-title elementor-size-default\">Phares de Palma :    Porto Pi et de Riba<\/h3>\t\t\t\t<\/div>\n\t\t\t\t<\/div>\n\t\t\t\t<div class=\"elementor-element elementor-element-9b2668e elementor-widget elementor-widget-text-editor\" data-id=\"9b2668e\" data-element_type=\"widget\" data-widget_type=\"text-editor.default\">\n\t\t\t\t<div class=\"elementor-widget-container\">\n\t\t\t\t\t\t\t\t\t<p><b>Le phare de Porto Pi<\/b><\/p><p>Situ\u00e9 sur la partie ouest de la Promenade Maritime de Palma, en direction d\u2019Illetas et Cala Major, le phare de Porto Pi est \u00a0le deuxi\u00e8me plus vieux phare d&rsquo;Espagne apr\u00e8s la Tour_d&rsquo;Hercule\u00a0\u00bb \u00e0 La Corogne et le troisi\u00e8me dans le monde apr\u00e8s celui de Lanterna de G\u00eanes, \u00e0 \u00eatre toujours en marche. En 1958, le nouveau port pr\u00e9voit de transf\u00e9rer la lumi\u00e8re de port vers un nouvel emplacement sur le quai ouest. Ce changement a pris effet le 24 ao\u00fbt 1972. L&rsquo;autorit\u00e9 portuaire, d\u00e9fendant la valeur historique du monument, a pu ramener le feu sur la tour en 1974. Depuis 2004, dans une annexe du phare, sont expos\u00e9s des \u00e9quipements obsol\u00e8tes de signaux maritimes collect\u00e9s dans les phares des \u00eeles Bal\u00e9ares. Cela m\u00e9rite bien une petite visite, surtout qu\u2019il est bord\u00e9 d\u2019une petite crique o\u00f9 il est difficile de r\u00e9sister \u00e0 une baignade rafra\u00eechissante.<\/p><p><b>Phare de la <\/b><b>Riba<\/b><\/p><p>Il a fonctionn\u00e9 pendant presque 80 ans en tant que phare du port de Palma, accueillant les bateaux qui entraient dans la baie. Apr\u00e8s avoir chang\u00e9 d\u2019emplacement, on peut l\u2019apercevoir sur le quai commercial de la ville, gardant un \u0153il discret sur le port.<\/p>\t\t\t\t\t\t\t\t<\/div>\n\t\t\t\t<\/div>\n\t\t\t\t\t<\/div>\n\t\t<\/div>\n\t\t\t\t<div class=\"elementor-column elementor-col-50 elementor-top-column elementor-element elementor-element-4759bbe\" data-id=\"4759bbe\" data-element_type=\"column\">\n\t\t\t<div class=\"elementor-widget-wrap elementor-element-populated\">\n\t\t\t\t\t\t<div class=\"elementor-element elementor-element-62a8601 elementor-widget elementor-widget-image\" data-id=\"62a8601\" data-element_type=\"widget\" data-widget_type=\"image.default\">\n\t\t\t\t<div class=\"elementor-widget-container\">\n\t\t\t\t\t\t\t\t\t\t\t\t<figure class=\"wp-caption\">\n\t\t\t\t\t\t\t\t\t\t<img decoding=\"async\" width=\"768\" height=\"482\" data-src=\"https:\/\/unsuisseamallorca.com\/wp-content\/uploads\/2020\/09\/Torre_de_Senyals_de_Porto_Pi_-_RI-5I-0004926_--768x482.jpg\" class=\"attachment-medium_large size-medium_large wp-image-5989 lazyload\" alt=\"\" data-srcset=\"https:\/\/unsuisseamallorca.com\/wp-content\/uploads\/2020\/09\/Torre_de_Senyals_de_Porto_Pi_-_RI-5I-0004926_--768x482.jpg 768w, https:\/\/unsuisseamallorca.com\/wp-content\/uploads\/2020\/09\/Torre_de_Senyals_de_Porto_Pi_-_RI-5I-0004926_--300x188.jpg 300w, https:\/\/unsuisseamallorca.com\/wp-content\/uploads\/2020\/09\/Torre_de_Senyals_de_Porto_Pi_-_RI-5I-0004926_--1024x643.jpg 1024w, https:\/\/unsuisseamallorca.com\/wp-content\/uploads\/2020\/09\/Torre_de_Senyals_de_Porto_Pi_-_RI-5I-0004926_-.jpg 1166w\" data-sizes=\"(max-width: 768px) 100vw, 768px\" src=\"data:image\/svg+xml;base64,PHN2ZyB3aWR0aD0iMSIgaGVpZ2h0PSIxIiB4bWxucz0iaHR0cDovL3d3dy53My5vcmcvMjAwMC9zdmciPjwvc3ZnPg==\" style=\"--smush-placeholder-width: 768px; --smush-placeholder-aspect-ratio: 768\/482;\" \/>\t\t\t\t\t\t\t\t\t\t\t<figcaption class=\"widget-image-caption wp-caption-text\">Phare de Porto Pi<\/figcaption>\n\t\t\t\t\t\t\t\t\t\t<\/figure>\n\t\t\t\t\t\t\t\t\t<\/div>\n\t\t\t\t<\/div>\n\t\t\t\t<div class=\"elementor-element elementor-element-5cdbbff elementor-widget elementor-widget-image\" data-id=\"5cdbbff\" data-element_type=\"widget\" data-widget_type=\"image.default\">\n\t\t\t\t<div class=\"elementor-widget-container\">\n\t\t\t\t\t\t\t\t\t\t\t\t<figure class=\"wp-caption\">\n\t\t\t\t\t\t\t\t\t\t<img decoding=\"async\" width=\"768\" height=\"576\" data-src=\"https:\/\/unsuisseamallorca.com\/wp-content\/uploads\/2021\/01\/phare-de-la-riba-768x576.jpg\" class=\"attachment-medium_large size-medium_large wp-image-7023 lazyload\" alt=\"\" data-srcset=\"https:\/\/unsuisseamallorca.com\/wp-content\/uploads\/2021\/01\/phare-de-la-riba-768x576.jpg 768w, https:\/\/unsuisseamallorca.com\/wp-content\/uploads\/2021\/01\/phare-de-la-riba-300x225.jpg 300w, https:\/\/unsuisseamallorca.com\/wp-content\/uploads\/2021\/01\/phare-de-la-riba.jpg 800w\" data-sizes=\"(max-width: 768px) 100vw, 768px\" src=\"data:image\/svg+xml;base64,PHN2ZyB3aWR0aD0iMSIgaGVpZ2h0PSIxIiB4bWxucz0iaHR0cDovL3d3dy53My5vcmcvMjAwMC9zdmciPjwvc3ZnPg==\" style=\"--smush-placeholder-width: 768px; --smush-placeholder-aspect-ratio: 768\/576;\" \/>\t\t\t\t\t\t\t\t\t\t\t<figcaption class=\"widget-image-caption wp-caption-text\">Phare de la Riba<\/figcaption>\n\t\t\t\t\t\t\t\t\t\t<\/figure>\n\t\t\t\t\t\t\t\t\t<\/div>\n\t\t\t\t<\/div>\n\t\t\t\t\t<\/div>\n\t\t<\/div>\n\t\t\t\t\t<\/div>\n\t\t<\/section>\n\t\t\t\t<section class=\"elementor-section elementor-top-section elementor-element elementor-element-3d95bd4 elementor-section-content-middle elementor-section-boxed elementor-section-height-default elementor-section-height-default\" data-id=\"3d95bd4\" data-element_type=\"section\">\n\t\t\t\t\t\t<div class=\"elementor-container elementor-column-gap-default\">\n\t\t\t\t\t<div class=\"elementor-column elementor-col-50 elementor-top-column elementor-element elementor-element-96e6f6c\" data-id=\"96e6f6c\" data-element_type=\"column\">\n\t\t\t<div class=\"elementor-widget-wrap elementor-element-populated\">\n\t\t\t\t\t\t<div class=\"elementor-element elementor-element-d76634f elementor-widget elementor-widget-image\" data-id=\"d76634f\" data-element_type=\"widget\" data-widget_type=\"image.default\">\n\t\t\t\t<div class=\"elementor-widget-container\">\n\t\t\t\t\t\t\t\t\t\t\t\t<figure class=\"wp-caption\">\n\t\t\t\t\t\t\t\t\t\t<img decoding=\"async\" width=\"768\" height=\"482\" data-src=\"https:\/\/unsuisseamallorca.com\/wp-content\/uploads\/2021\/01\/phare-de-cala-Figuera-768x482.jpg\" class=\"attachment-medium_large size-medium_large wp-image-7024 lazyload\" alt=\"\" data-srcset=\"https:\/\/unsuisseamallorca.com\/wp-content\/uploads\/2021\/01\/phare-de-cala-Figuera-768x482.jpg 768w, https:\/\/unsuisseamallorca.com\/wp-content\/uploads\/2021\/01\/phare-de-cala-Figuera-300x188.jpg 300w, https:\/\/unsuisseamallorca.com\/wp-content\/uploads\/2021\/01\/phare-de-cala-Figuera.jpg 1024w\" data-sizes=\"(max-width: 768px) 100vw, 768px\" src=\"data:image\/svg+xml;base64,PHN2ZyB3aWR0aD0iMSIgaGVpZ2h0PSIxIiB4bWxucz0iaHR0cDovL3d3dy53My5vcmcvMjAwMC9zdmciPjwvc3ZnPg==\" style=\"--smush-placeholder-width: 768px; --smush-placeholder-aspect-ratio: 768\/482;\" \/>\t\t\t\t\t\t\t\t\t\t\t<figcaption class=\"widget-image-caption wp-caption-text\">Phare de Cala Figuera<\/figcaption>\n\t\t\t\t\t\t\t\t\t\t<\/figure>\n\t\t\t\t\t\t\t\t\t<\/div>\n\t\t\t\t<\/div>\n\t\t\t\t\t<\/div>\n\t\t<\/div>\n\t\t\t\t<div class=\"elementor-column elementor-col-50 elementor-top-column elementor-element elementor-element-777e0e6\" data-id=\"777e0e6\" data-element_type=\"column\">\n\t\t\t<div class=\"elementor-widget-wrap elementor-element-populated\">\n\t\t\t\t\t\t<div class=\"elementor-element elementor-element-a0c24c0 elementor-widget elementor-widget-heading\" data-id=\"a0c24c0\" data-element_type=\"widget\" data-widget_type=\"heading.default\">\n\t\t\t\t<div class=\"elementor-widget-container\">\n\t\t\t\t\t<h3 class=\"elementor-heading-title elementor-size-default\">Phare de Cala Figuera<\/h3>\t\t\t\t<\/div>\n\t\t\t\t<\/div>\n\t\t\t\t<div class=\"elementor-element elementor-element-8477cca elementor-widget elementor-widget-text-editor\" data-id=\"8477cca\" data-element_type=\"widget\" data-widget_type=\"text-editor.default\">\n\t\t\t\t<div class=\"elementor-widget-container\">\n\t\t\t\t\t\t\t\t\t<p>Le <span id=\"phare de cala Figuera\">phare de cala Figuera<\/span> est un phare situ\u00e9 \u00e0 l&rsquo;extr\u00e9mit\u00e9 ouest de la Baie de Palma, proche d&rsquo;El Toro. Il a \u00e9t\u00e9 mis en service en 1860. En 1919 un syst\u00e8me rotatif a \u00e9t\u00e9 install\u00e9 pour produire un feu \u00e0 occultations de deux flashs toutes les dix secondes, en 1962, d&rsquo;importants travaux de modifications ont \u00e9t\u00e9 effectu\u00e9s\u00a0: \u00e9l\u00e9vation de la tour de dix m\u00e8tres, remplacement de la vieille lanterne et \u00e9lectrification du phare. Ce dernier dispose alors d&rsquo;une lampe de 1500 watts produisant quatre flashes blancs toutes les vingt secondes. La tour blanche a \u00e9t\u00e9 peinte avec une bande noire h\u00e9lico\u00efdale.<\/p><p>En septembre 1970 un radiophare a \u00e9t\u00e9 install\u00e9, pour \u00eatre ensuite remplac\u00e9 par un syst\u00e8me de positionnement global diff\u00e9rentiel (DGPS).<\/p>\t\t\t\t\t\t\t\t<\/div>\n\t\t\t\t<\/div>\n\t\t\t\t\t<\/div>\n\t\t<\/div>\n\t\t\t\t\t<\/div>\n\t\t<\/section>\n\t\t\t\t<section class=\"elementor-section elementor-top-section elementor-element elementor-element-ac966a1 elementor-section-content-middle elementor-reverse-mobile elementor-section-boxed elementor-section-height-default elementor-section-height-default\" data-id=\"ac966a1\" data-element_type=\"section\">\n\t\t\t\t\t\t<div class=\"elementor-container elementor-column-gap-default\">\n\t\t\t\t\t<div class=\"elementor-column elementor-col-50 elementor-top-column elementor-element elementor-element-61f2ab8\" data-id=\"61f2ab8\" data-element_type=\"column\">\n\t\t\t<div class=\"elementor-widget-wrap elementor-element-populated\">\n\t\t\t\t\t\t<div class=\"elementor-element elementor-element-a9f6f2c elementor-widget elementor-widget-heading\" data-id=\"a9f6f2c\" data-element_type=\"widget\" data-widget_type=\"heading.default\">\n\t\t\t\t<div class=\"elementor-widget-container\">\n\t\t\t\t\t<h3 class=\"elementor-heading-title elementor-size-default\">Phare de Sa Mola<\/h3>\t\t\t\t<\/div>\n\t\t\t\t<\/div>\n\t\t\t\t<div class=\"elementor-element elementor-element-e097605 elementor-widget elementor-widget-text-editor\" data-id=\"e097605\" data-element_type=\"widget\" data-widget_type=\"text-editor.default\">\n\t\t\t\t<div class=\"elementor-widget-container\">\n\t\t\t\t\t\t\t\t\t<p>Le <b>Phare de Sa <\/b><b>Mola<\/b> est un <a href=\"https:\/\/fr.wikipedia.org\/wiki\/Phare\">phare<\/a> situ\u00e9 sur la p\u00e9ninsule de Sa Mola qui domine l&rsquo;entr\u00e9e du port d&rsquo; <a href=\"https:\/\/fr.wikipedia.org\/wiki\/Andratx\">Andratx<\/a>.<\/p><p>Ce phare a \u00e9t\u00e9 mis en service en 1974 sur <i>Cabo de La <\/i><i>mola<\/i>, \u00e0 environ 3 km au sud-ouest du port d&rsquo;<a href=\"https:\/\/fr.wikipedia.org\/wiki\/Andratx\">Andratx<\/a>. C&rsquo;est une tour cylindrique, avec une lanterne rouge, sur un local d&rsquo;\u00e9quipement carr\u00e9 d&rsquo;un seul \u00e9tage. La station est peinte en blanc et la tour a des bandes noires horizontales. C&rsquo;est un phare automatique aliment\u00e9 \u00e0 l&rsquo;\u00e9nergie solaire.<\/p>\t\t\t\t\t\t\t\t<\/div>\n\t\t\t\t<\/div>\n\t\t\t\t\t<\/div>\n\t\t<\/div>\n\t\t\t\t<div class=\"elementor-column elementor-col-50 elementor-top-column elementor-element elementor-element-5d73470\" data-id=\"5d73470\" data-element_type=\"column\">\n\t\t\t<div class=\"elementor-widget-wrap elementor-element-populated\">\n\t\t\t\t\t\t<div class=\"elementor-element elementor-element-a32bb9b elementor-widget elementor-widget-image\" data-id=\"a32bb9b\" data-element_type=\"widget\" data-widget_type=\"image.default\">\n\t\t\t\t<div class=\"elementor-widget-container\">\n\t\t\t\t\t\t\t\t\t\t\t\t\t\t\t<img decoding=\"async\" width=\"768\" height=\"576\" data-src=\"https:\/\/unsuisseamallorca.com\/wp-content\/uploads\/2020\/09\/DSC05006-768x576.jpg\" class=\"attachment-medium_large size-medium_large wp-image-5982 lazyload\" alt=\"\" data-srcset=\"https:\/\/unsuisseamallorca.com\/wp-content\/uploads\/2020\/09\/DSC05006-768x576.jpg 768w, https:\/\/unsuisseamallorca.com\/wp-content\/uploads\/2020\/09\/DSC05006-300x225.jpg 300w, https:\/\/unsuisseamallorca.com\/wp-content\/uploads\/2020\/09\/DSC05006-1024x768.jpg 1024w, https:\/\/unsuisseamallorca.com\/wp-content\/uploads\/2020\/09\/DSC05006-1536x1152.jpg 1536w, https:\/\/unsuisseamallorca.com\/wp-content\/uploads\/2020\/09\/DSC05006-2048x1536.jpg 2048w, https:\/\/unsuisseamallorca.com\/wp-content\/uploads\/2020\/09\/DSC05006-scaled.jpg 2560w\" data-sizes=\"(max-width: 768px) 100vw, 768px\" src=\"data:image\/svg+xml;base64,PHN2ZyB3aWR0aD0iMSIgaGVpZ2h0PSIxIiB4bWxucz0iaHR0cDovL3d3dy53My5vcmcvMjAwMC9zdmciPjwvc3ZnPg==\" style=\"--smush-placeholder-width: 768px; --smush-placeholder-aspect-ratio: 768\/576;\" \/>\t\t\t\t\t\t\t\t\t\t\t\t\t\t\t<\/div>\n\t\t\t\t<\/div>\n\t\t\t\t\t<\/div>\n\t\t<\/div>\n\t\t\t\t\t<\/div>\n\t\t<\/section>\n\t\t\t\t<section class=\"elementor-section elementor-top-section elementor-element elementor-element-9b56b73 elementor-section-content-middle elementor-section-boxed elementor-section-height-default elementor-section-height-default\" data-id=\"9b56b73\" data-element_type=\"section\">\n\t\t\t\t\t\t<div class=\"elementor-container elementor-column-gap-default\">\n\t\t\t\t\t<div class=\"elementor-column elementor-col-50 elementor-top-column elementor-element elementor-element-bae0a6e\" data-id=\"bae0a6e\" data-element_type=\"column\">\n\t\t\t<div class=\"elementor-widget-wrap elementor-element-populated\">\n\t\t\t\t\t\t<div class=\"elementor-element elementor-element-5d31b2f elementor-widget elementor-widget-image\" data-id=\"5d31b2f\" data-element_type=\"widget\" data-widget_type=\"image.default\">\n\t\t\t\t<div class=\"elementor-widget-container\">\n\t\t\t\t\t\t\t\t\t\t\t\t\t\t\t<img decoding=\"async\" width=\"768\" height=\"512\" data-src=\"https:\/\/unsuisseamallorca.com\/wp-content\/uploads\/2020\/09\/Sa-Dragonera-1-768x512.jpg\" class=\"attachment-medium_large size-medium_large wp-image-5986 lazyload\" alt=\"\" data-srcset=\"https:\/\/unsuisseamallorca.com\/wp-content\/uploads\/2020\/09\/Sa-Dragonera-1-768x512.jpg 768w, https:\/\/unsuisseamallorca.com\/wp-content\/uploads\/2020\/09\/Sa-Dragonera-1-300x200.jpg 300w, https:\/\/unsuisseamallorca.com\/wp-content\/uploads\/2020\/09\/Sa-Dragonera-1-1024x683.jpg 1024w, https:\/\/unsuisseamallorca.com\/wp-content\/uploads\/2020\/09\/Sa-Dragonera-1-1536x1024.jpg 1536w, https:\/\/unsuisseamallorca.com\/wp-content\/uploads\/2020\/09\/Sa-Dragonera-1.jpg 1600w\" data-sizes=\"(max-width: 768px) 100vw, 768px\" src=\"data:image\/svg+xml;base64,PHN2ZyB3aWR0aD0iMSIgaGVpZ2h0PSIxIiB4bWxucz0iaHR0cDovL3d3dy53My5vcmcvMjAwMC9zdmciPjwvc3ZnPg==\" style=\"--smush-placeholder-width: 768px; --smush-placeholder-aspect-ratio: 768\/512;\" \/>\t\t\t\t\t\t\t\t\t\t\t\t\t\t\t<\/div>\n\t\t\t\t<\/div>\n\t\t\t\t\t<\/div>\n\t\t<\/div>\n\t\t\t\t<div class=\"elementor-column elementor-col-50 elementor-top-column elementor-element elementor-element-a9afa89\" data-id=\"a9afa89\" data-element_type=\"column\">\n\t\t\t<div class=\"elementor-widget-wrap elementor-element-populated\">\n\t\t\t\t\t\t<div class=\"elementor-element elementor-element-3cbe299 elementor-widget elementor-widget-heading\" data-id=\"3cbe299\" data-element_type=\"widget\" data-widget_type=\"heading.default\">\n\t\t\t\t<div class=\"elementor-widget-container\">\n\t\t\t\t\t<h3 class=\"elementor-heading-title elementor-size-default\">Phare de Llebeig<\/h3>\t\t\t\t<\/div>\n\t\t\t\t<\/div>\n\t\t\t\t<div class=\"elementor-element elementor-element-d5da2a8 elementor-widget elementor-widget-text-editor\" data-id=\"d5da2a8\" data-element_type=\"widget\" data-widget_type=\"text-editor.default\">\n\t\t\t\t<div class=\"elementor-widget-container\">\n\t\t\t\t\t\t\t\t\t<p>Le <b>Phare de <\/b><b>Llebeig<\/b> est un <a href=\"https:\/\/fr.wikipedia.org\/wiki\/Phare\">phare<\/a> situ\u00e9 sur le <i>Cap de <\/i><i>Llebeig<\/i> de la petite \u00eele de <a href=\"https:\/\/fr.wikipedia.org\/wiki\/Sa_Dragonera\">Sa <\/a><a href=\"https:\/\/fr.wikipedia.org\/wiki\/Sa_Dragonera\">Dragonera<\/a> \u00e0 700 m de <a href=\"https:\/\/fr.wikipedia.org\/wiki\/Majorque\">Majorque<\/a>.<\/p><p>Il est l&rsquo;un des deux phares de l&rsquo;\u00eele qui ont remplac\u00e9 l&rsquo;ancien <a href=\"https:\/\/fr.wikipedia.org\/wiki\/Phare_de_Na_Popia\">phare de Na <\/a><a href=\"https:\/\/fr.wikipedia.org\/wiki\/Phare_de_Na_Popia\">Popia<\/a> qui s&rsquo;\u00e9l\u00e8ve \u00e0 360 m au-dessus du niveau de la mer. Il a \u00e9t\u00e9 inaugur\u00e9 le 15 novembre 1910.<\/p><p>Son syst\u00e8me optique, tr\u00e8s moderne lors de son installation, est rest\u00e9 inchang\u00e9 jusqu&rsquo;en 1969. C&rsquo;est la n\u00e9cessit\u00e9 d&rsquo;automatiser les phares des \u00eelots pour enlever le personnel r\u00e9sident qui a remplac\u00e9 l&rsquo;alimentation du nouveau syst\u00e8me optique au gaz d&rsquo;ac\u00e9tyl\u00e8ne.<\/p><p>En 1985, en raison du poids et la taille de l&rsquo;optique original, il fut n\u00e9cessaire de recourir \u00e0 l&rsquo;arm\u00e9e am\u00e9ricaine pour le d\u00e9placer en h\u00e9licopt\u00e8re vers le <a href=\"https:\/\/fr.wikipedia.org\/wiki\/Phare_de_Portop%C3%AD\">phare de <\/a><a href=\"https:\/\/fr.wikipedia.org\/wiki\/Phare_de_Portop%C3%AD\">Portop\u00ed<\/a> pour qu&rsquo;il puisse y \u00eatre expos\u00e9 parmi d&rsquo;autres signaux maritimes.<\/p><p>Aujourd&rsquo;hui, le site du phare fait partie des visites \u00e9tablies par le Parc Naturel de Sa Dragonera .<\/p>\t\t\t\t\t\t\t\t<\/div>\n\t\t\t\t<\/div>\n\t\t\t\t\t<\/div>\n\t\t<\/div>\n\t\t\t\t\t<\/div>\n\t\t<\/section>\n\t\t\t\t<section class=\"elementor-section elementor-top-section elementor-element elementor-element-4a086ff elementor-section-content-middle elementor-reverse-mobile elementor-section-boxed elementor-section-height-default elementor-section-height-default\" data-id=\"4a086ff\" data-element_type=\"section\">\n\t\t\t\t\t\t<div class=\"elementor-container elementor-column-gap-default\">\n\t\t\t\t\t<div class=\"elementor-column elementor-col-50 elementor-top-column elementor-element elementor-element-7ae860c\" data-id=\"7ae860c\" data-element_type=\"column\">\n\t\t\t<div class=\"elementor-widget-wrap elementor-element-populated\">\n\t\t\t\t\t\t<div class=\"elementor-element elementor-element-d79779c elementor-widget elementor-widget-heading\" data-id=\"d79779c\" data-element_type=\"widget\" data-widget_type=\"heading.default\">\n\t\t\t\t<div class=\"elementor-widget-container\">\n\t\t\t\t\t<h3 class=\"elementor-heading-title elementor-size-default\">Phare de Tramuntana<\/h3>\t\t\t\t<\/div>\n\t\t\t\t<\/div>\n\t\t\t\t<div class=\"elementor-element elementor-element-0891514 elementor-widget elementor-widget-text-editor\" data-id=\"0891514\" data-element_type=\"widget\" data-widget_type=\"text-editor.default\">\n\t\t\t\t<div class=\"elementor-widget-container\">\n\t\t\t\t\t\t\t\t\t<p>Le <b>Phare de <\/b><b>Tramuntana<\/b> est un <a href=\"https:\/\/fr.wikipedia.org\/wiki\/Phare\">phare<\/a> situ\u00e9 sur le <i>Cap de <\/i><i>Tramuntana<\/i> de la petite \u00eele de <a href=\"https:\/\/fr.wikipedia.org\/wiki\/Sa_Dragonera\">Sa <\/a><a href=\"https:\/\/fr.wikipedia.org\/wiki\/Sa_Dragonera\">Dragonera<\/a> \u00e0 700 m de <a href=\"https:\/\/fr.wikipedia.org\/wiki\/Majorque\">Majorque<\/a><\/p><p>Il a \u00e9t\u00e9 construit sur l&rsquo;\u00e9l\u00e9vation la plus haute face \u00e0 Majorque, mais il n&rsquo;est que le deuxi\u00e8me phare le plus haut de l&rsquo;\u00eele apr\u00e8s le <a href=\"https:\/\/fr.wikipedia.org\/wiki\/Phare_de_Na_Popia\">phare de Na <\/a><a href=\"https:\/\/fr.wikipedia.org\/wiki\/Phare_de_Na_Popia\">Popia<\/a> qui s&rsquo;\u00e9l\u00e8ve \u00e0 360 m au-dessus du niveau de la mer <a href=\"https:\/\/fr.wikipedia.org\/wiki\/Phare_de_Tramuntana\">[1]<\/a>.<\/p><p>Il avait \u00e9t\u00e9 projet\u00e9 de n&rsquo;y construire qu&rsquo;une lumi\u00e8re permanente mont\u00e9e sur une tourelle m\u00e9tallique et entretenu par le personnel du <a href=\"https:\/\/fr.wikipedia.org\/wiki\/Phare_de_Llebeig\">phare de <\/a><a href=\"https:\/\/fr.wikipedia.org\/wiki\/Phare_de_Llebeig\">Llebeig<\/a> <a href=\"https:\/\/fr.wikipedia.org\/wiki\/Phare_de_Tramuntana\">[2]<\/a>. La d\u00e9cision d\u00e9finitive fut de construite, \u00e0 partir de 1907, une v\u00e9ritable station avec une tour et un logement pour les gardiens.<\/p><p>Le syst\u00e8me optique d&rsquo;origine a \u00e9t\u00e9 retir\u00e9 en 1960, et remplac\u00e9 par un syst\u00e8me d&rsquo;\u00e9clairage fonctionnant avec du gaz d&rsquo;ac\u00e9tyl\u00e8ne, ne n\u00e9cessitant plus une pr\u00e9sence permanente sur le site. Le phare a \u00e9t\u00e9 automatis\u00e9 en 1961. Le syst\u00e8me optique original a \u00e9t\u00e9 plac\u00e9 au <a href=\"https:\/\/fr.wikipedia.org\/wiki\/Phare_de_Porto_Colom\">phare de Porto <\/a><a href=\"https:\/\/fr.wikipedia.org\/wiki\/Phare_de_Porto_Colom\">Colom<\/a> en 1965.<\/p><p>Maintenant les anciens b\u00e2timents techniques ont \u00e9t\u00e9 reconverti pour devenir une exposition permanente sur l&rsquo;histoire maritime de Sa Dragonera.<\/p>\t\t\t\t\t\t\t\t<\/div>\n\t\t\t\t<\/div>\n\t\t\t\t\t<\/div>\n\t\t<\/div>\n\t\t\t\t<div class=\"elementor-column elementor-col-50 elementor-top-column elementor-element elementor-element-4748376\" data-id=\"4748376\" data-element_type=\"column\">\n\t\t\t<div class=\"elementor-widget-wrap elementor-element-populated\">\n\t\t\t\t\t\t<div class=\"elementor-element elementor-element-686160a elementor-widget elementor-widget-image\" data-id=\"686160a\" data-element_type=\"widget\" data-widget_type=\"image.default\">\n\t\t\t\t<div class=\"elementor-widget-container\">\n\t\t\t\t\t\t\t\t\t\t\t\t\t\t\t<img decoding=\"async\" width=\"768\" height=\"576\" data-src=\"https:\/\/unsuisseamallorca.com\/wp-content\/uploads\/2020\/09\/DSC00595-768x576.jpg\" class=\"attachment-medium_large size-medium_large wp-image-5987 lazyload\" alt=\"\" data-srcset=\"https:\/\/unsuisseamallorca.com\/wp-content\/uploads\/2020\/09\/DSC00595-768x576.jpg 768w, https:\/\/unsuisseamallorca.com\/wp-content\/uploads\/2020\/09\/DSC00595-300x225.jpg 300w, https:\/\/unsuisseamallorca.com\/wp-content\/uploads\/2020\/09\/DSC00595-1024x768.jpg 1024w, https:\/\/unsuisseamallorca.com\/wp-content\/uploads\/2020\/09\/DSC00595-1536x1152.jpg 1536w, https:\/\/unsuisseamallorca.com\/wp-content\/uploads\/2020\/09\/DSC00595-2048x1536.jpg 2048w, https:\/\/unsuisseamallorca.com\/wp-content\/uploads\/2020\/09\/DSC00595-scaled.jpg 2560w\" data-sizes=\"(max-width: 768px) 100vw, 768px\" src=\"data:image\/svg+xml;base64,PHN2ZyB3aWR0aD0iMSIgaGVpZ2h0PSIxIiB4bWxucz0iaHR0cDovL3d3dy53My5vcmcvMjAwMC9zdmciPjwvc3ZnPg==\" style=\"--smush-placeholder-width: 768px; --smush-placeholder-aspect-ratio: 768\/576;\" \/>\t\t\t\t\t\t\t\t\t\t\t\t\t\t\t<\/div>\n\t\t\t\t<\/div>\n\t\t\t\t\t<\/div>\n\t\t<\/div>\n\t\t\t\t\t<\/div>\n\t\t<\/section>\n\t\t\t\t<section class=\"elementor-section elementor-top-section elementor-element elementor-element-5361c7d elementor-section-content-middle elementor-section-boxed elementor-section-height-default elementor-section-height-default\" data-id=\"5361c7d\" data-element_type=\"section\">\n\t\t\t\t\t\t<div class=\"elementor-container elementor-column-gap-default\">\n\t\t\t\t\t<div class=\"elementor-column elementor-col-50 elementor-top-column elementor-element elementor-element-6cb64b8\" data-id=\"6cb64b8\" data-element_type=\"column\">\n\t\t\t<div class=\"elementor-widget-wrap elementor-element-populated\">\n\t\t\t\t\t\t<div class=\"elementor-element elementor-element-ef12d3a elementor-widget elementor-widget-image\" data-id=\"ef12d3a\" data-element_type=\"widget\" data-widget_type=\"image.default\">\n\t\t\t\t<div class=\"elementor-widget-container\">\n\t\t\t\t\t\t\t\t\t\t\t\t\t\t\t<img decoding=\"async\" width=\"768\" height=\"512\" data-src=\"https:\/\/unsuisseamallorca.com\/wp-content\/uploads\/2020\/09\/Port-de-Soller-phare-du-Cap-Gros-Majorque-mai-2013-9-768x512.jpg\" class=\"attachment-medium_large size-medium_large wp-image-5988 lazyload\" alt=\"\" data-srcset=\"https:\/\/unsuisseamallorca.com\/wp-content\/uploads\/2020\/09\/Port-de-Soller-phare-du-Cap-Gros-Majorque-mai-2013-9-768x512.jpg 768w, https:\/\/unsuisseamallorca.com\/wp-content\/uploads\/2020\/09\/Port-de-Soller-phare-du-Cap-Gros-Majorque-mai-2013-9-300x200.jpg 300w, https:\/\/unsuisseamallorca.com\/wp-content\/uploads\/2020\/09\/Port-de-Soller-phare-du-Cap-Gros-Majorque-mai-2013-9-1024x682.jpg 1024w, https:\/\/unsuisseamallorca.com\/wp-content\/uploads\/2020\/09\/Port-de-Soller-phare-du-Cap-Gros-Majorque-mai-2013-9-1536x1023.jpg 1536w, https:\/\/unsuisseamallorca.com\/wp-content\/uploads\/2020\/09\/Port-de-Soller-phare-du-Cap-Gros-Majorque-mai-2013-9.jpg 1600w\" data-sizes=\"(max-width: 768px) 100vw, 768px\" src=\"data:image\/svg+xml;base64,PHN2ZyB3aWR0aD0iMSIgaGVpZ2h0PSIxIiB4bWxucz0iaHR0cDovL3d3dy53My5vcmcvMjAwMC9zdmciPjwvc3ZnPg==\" style=\"--smush-placeholder-width: 768px; --smush-placeholder-aspect-ratio: 768\/512;\" \/>\t\t\t\t\t\t\t\t\t\t\t\t\t\t\t<\/div>\n\t\t\t\t<\/div>\n\t\t\t\t\t<\/div>\n\t\t<\/div>\n\t\t\t\t<div class=\"elementor-column elementor-col-50 elementor-top-column elementor-element elementor-element-fef15ef\" data-id=\"fef15ef\" data-element_type=\"column\">\n\t\t\t<div class=\"elementor-widget-wrap elementor-element-populated\">\n\t\t\t\t\t\t<div class=\"elementor-element elementor-element-00ff0c2 elementor-widget elementor-widget-heading\" data-id=\"00ff0c2\" data-element_type=\"widget\" data-widget_type=\"heading.default\">\n\t\t\t\t<div class=\"elementor-widget-container\">\n\t\t\t\t\t<h3 class=\"elementor-heading-title elementor-size-default\">Phare de Cap Gros<\/h3>\t\t\t\t<\/div>\n\t\t\t\t<\/div>\n\t\t\t\t<div class=\"elementor-element elementor-element-6731753 elementor-widget elementor-widget-text-editor\" data-id=\"6731753\" data-element_type=\"widget\" data-widget_type=\"text-editor.default\">\n\t\t\t\t<div class=\"elementor-widget-container\">\n\t\t\t\t\t\t\t\t\t<p>Le <b>Phare de Cabo Gros<\/b> est un <a href=\"https:\/\/fr.wikipedia.org\/wiki\/Phare\">phare<\/a> situ\u00e9 sur le promontoire de <i>Cabo Gros<\/i> \u00e0 l&rsquo;entr\u00e9e ouest du port de <a href=\"https:\/\/fr.wikipedia.org\/wiki\/S%C3%B3ller\">S\u00f3ller<\/a> et \u00e0 l&rsquo;ouest de l&rsquo;\u00eele de <a href=\"https:\/\/fr.wikipedia.org\/wiki\/Majorque\">Majorque<\/a>, dans l&rsquo;archipel des <a href=\"https:\/\/fr.wikipedia.org\/wiki\/%C3%8Eles_Bal%C3%A9ares\">\u00celes Bal\u00e9ares<\/a> (<a href=\"https:\/\/fr.wikipedia.org\/wiki\/Espagne\">Espagne<\/a>). Il fait face au <a href=\"https:\/\/fr.wikipedia.org\/wiki\/Phare_de_Punta_de_Sa_Creu\">Phare de Punta de Sa <\/a><a href=\"https:\/\/fr.wikipedia.org\/wiki\/Phare_de_Punta_de_Sa_Creu\">Creu<\/a> sur le promontoire est.<\/p><p>A l&rsquo;initiative de la ville de <a href=\"https:\/\/fr.wikipedia.org\/wiki\/S%C3%B3ller\">S\u00f3ller<\/a>, une station de signalisation a \u00e9t\u00e9 construite en 1842 mais la lumi\u00e8re n&rsquo;a pas \u00e9t\u00e9 allum\u00e9e. Le phare a \u00e9t\u00e9 transf\u00e9r\u00e9 au <a href=\"https:\/\/fr.wikipedia.org\/wiki\/Minist%C3%A8re_de_l'%C3%89quipement_(Espagne)\">Minist\u00e8re des travaux publics public<\/a> en 1852 et inaugur\u00e9 le 20 f\u00e9vrier 1859 comme un phare de 4e ordre. La construction interne de la tour \u00e9tait atypique pour l&rsquo;\u00e9poque et n&rsquo;avait pas de chambre de service. Les gardiens de phare \u00e9taient stationn\u00e9s dans la lanterne pour maintenir l&rsquo;\u00e9clairage. La premi\u00e8re lumi\u00e8re \u00e9tait une lampe \u00e0 huile d&rsquo;olive, mais quelques ann\u00e9es plus tard elle a \u00e9t\u00e9 remplac\u00e9 par une lampe \u00e0 m\u00e8che <i>Maris<\/i>.<\/p><p>En 1944 le phare a \u00e9t\u00e9 \u00e9lectrifi\u00e9 , mais en avril 1852 une forte d\u00e9charge \u00e9lectrique a d\u00e9truit la ligne \u00e9lectrique. La lampe de secours, de type Aladin a d\u00fb \u00eatre utilis\u00e9e jusqu&rsquo;en ao\u00fbt 1963 quand son syst\u00e8me d&rsquo;\u00e9clairage est redevenu \u00e9lectrique. Dans les ann\u00e9es 1970, un syst\u00e8me optique avec des lampes scell\u00e9es a \u00e9t\u00e9 mis en service jusqu&rsquo;en novembre 2008. Actuellement, le syst\u00e8me optique est de type acrylique avec des lampes de 400\u00a0w.<\/p>\t\t\t\t\t\t\t\t<\/div>\n\t\t\t\t<\/div>\n\t\t\t\t\t<\/div>\n\t\t<\/div>\n\t\t\t\t\t<\/div>\n\t\t<\/section>\n\t\t\t\t<section class=\"elementor-section elementor-top-section elementor-element elementor-element-f83d87f elementor-section-content-middle elementor-reverse-mobile elementor-section-boxed elementor-section-height-default elementor-section-height-default\" data-id=\"f83d87f\" data-element_type=\"section\">\n\t\t\t\t\t\t<div class=\"elementor-container elementor-column-gap-default\">\n\t\t\t\t\t<div class=\"elementor-column elementor-col-50 elementor-top-column elementor-element elementor-element-b9ed920\" data-id=\"b9ed920\" data-element_type=\"column\">\n\t\t\t<div class=\"elementor-widget-wrap elementor-element-populated\">\n\t\t\t\t\t\t<div class=\"elementor-element elementor-element-f200436 elementor-widget elementor-widget-heading\" data-id=\"f200436\" data-element_type=\"widget\" data-widget_type=\"heading.default\">\n\t\t\t\t<div class=\"elementor-widget-container\">\n\t\t\t\t\t<h3 class=\"elementor-heading-title elementor-size-default\">Phare de Punta de Sa Creu<\/h3>\t\t\t\t<\/div>\n\t\t\t\t<\/div>\n\t\t\t\t<div class=\"elementor-element elementor-element-48ecde0 elementor-widget elementor-widget-text-editor\" data-id=\"48ecde0\" data-element_type=\"widget\" data-widget_type=\"text-editor.default\">\n\t\t\t\t<div class=\"elementor-widget-container\">\n\t\t\t\t\t\t\t\t\t<p>Le <b>Phare de Punta de Sa <\/b><b>Creu<\/b> est un <a href=\"https:\/\/fr.wikipedia.org\/wiki\/Phare\">phare<\/a> situ\u00e9 sur le promontoire \u00e0 l&rsquo;est de l&rsquo;entr\u00e9e du port de <a href=\"https:\/\/fr.wikipedia.org\/wiki\/S%C3%B3ller\">S\u00f3ller<\/a> et \u00e0 l&rsquo;ouest de l&rsquo;\u00eele de <a href=\"https:\/\/fr.wikipedia.org\/wiki\/Majorque\">Majorque<\/a>, dans l&rsquo;archipel des <a href=\"https:\/\/fr.wikipedia.org\/wiki\/%C3%8Eles_Bal%C3%A9ares\">\u00celes Bal\u00e9ares<\/a> (<a href=\"https:\/\/fr.wikipedia.org\/wiki\/Espagne\">Espagne<\/a>). Il fait face au <a href=\"https:\/\/fr.wikipedia.org\/wiki\/Phare_de_Cabo_Gros\">Phare de Cabo Gros<\/a> se trouvant sur le promontoire ouest.<\/p><p>Le premier phare a \u00e9t\u00e9 con\u00e7u en 1862 par <i>Pou <\/i><i>Emili<\/i>. C&rsquo;\u00e9tait une tour cylindrique en pierre de 9 m de haut. Construit trop pr\u00e8s du bord, il \u00e9tait battu par les vagues durant les jours de temp\u00eate et les gardiens devaient abandonner leur poste. A partir de 1923, le logement temporaire utilis\u00e9 par les travailleurs pendant la construction du premier phare a d\u00fb \u00eatre utilis\u00e9 comme la r\u00e9sidence permanente des gardiens.<\/p><p>En 1928 la construction d&rsquo;un nouveau phare plus en retrait du bord a \u00e9t\u00e9 achev\u00e9 en 1930. Il n&rsquo;a pu \u00eatre mis en service que le 6 juin 1945. C&rsquo;est une tour cylindrique de 13 m de haut, avec une galerie surmont\u00e9e d&rsquo;une lanterne. Un logement moderne de deux \u00e9tages a \u00e9t\u00e9 r\u00e9alis\u00e9 \u00e0 proximit\u00e9.<\/p>\t\t\t\t\t\t\t\t<\/div>\n\t\t\t\t<\/div>\n\t\t\t\t\t<\/div>\n\t\t<\/div>\n\t\t\t\t<div class=\"elementor-column elementor-col-50 elementor-top-column elementor-element elementor-element-92c76e8\" data-id=\"92c76e8\" data-element_type=\"column\">\n\t\t\t<div class=\"elementor-widget-wrap elementor-element-populated\">\n\t\t\t\t\t\t<div class=\"elementor-element elementor-element-bf16076 elementor-widget elementor-widget-image\" data-id=\"bf16076\" data-element_type=\"widget\" data-widget_type=\"image.default\">\n\t\t\t\t<div class=\"elementor-widget-container\">\n\t\t\t\t\t\t\t\t\t\t\t\t\t\t\t<img decoding=\"async\" width=\"768\" height=\"512\" data-src=\"https:\/\/unsuisseamallorca.com\/wp-content\/uploads\/2020\/09\/Sa_Creu_Lighthouse_R01-768x512.jpg\" class=\"attachment-medium_large size-medium_large wp-image-5990 lazyload\" alt=\"\" data-srcset=\"https:\/\/unsuisseamallorca.com\/wp-content\/uploads\/2020\/09\/Sa_Creu_Lighthouse_R01-768x512.jpg 768w, https:\/\/unsuisseamallorca.com\/wp-content\/uploads\/2020\/09\/Sa_Creu_Lighthouse_R01-300x200.jpg 300w, https:\/\/unsuisseamallorca.com\/wp-content\/uploads\/2020\/09\/Sa_Creu_Lighthouse_R01-1024x683.jpg 1024w, https:\/\/unsuisseamallorca.com\/wp-content\/uploads\/2020\/09\/Sa_Creu_Lighthouse_R01.jpg 1200w\" data-sizes=\"(max-width: 768px) 100vw, 768px\" src=\"data:image\/svg+xml;base64,PHN2ZyB3aWR0aD0iMSIgaGVpZ2h0PSIxIiB4bWxucz0iaHR0cDovL3d3dy53My5vcmcvMjAwMC9zdmciPjwvc3ZnPg==\" style=\"--smush-placeholder-width: 768px; --smush-placeholder-aspect-ratio: 768\/512;\" \/>\t\t\t\t\t\t\t\t\t\t\t\t\t\t\t<\/div>\n\t\t\t\t<\/div>\n\t\t\t\t\t<\/div>\n\t\t<\/div>\n\t\t\t\t\t<\/div>\n\t\t<\/section>\n\t\t\t\t<section class=\"elementor-section elementor-top-section elementor-element elementor-element-704fbe1 elementor-section-content-middle elementor-section-boxed elementor-section-height-default elementor-section-height-default\" data-id=\"704fbe1\" data-element_type=\"section\">\n\t\t\t\t\t\t<div class=\"elementor-container elementor-column-gap-default\">\n\t\t\t\t\t<div class=\"elementor-column elementor-col-50 elementor-top-column elementor-element elementor-element-47cb285\" data-id=\"47cb285\" data-element_type=\"column\">\n\t\t\t<div class=\"elementor-widget-wrap elementor-element-populated\">\n\t\t\t\t\t\t<div class=\"elementor-element elementor-element-385c141 elementor-widget elementor-widget-image\" data-id=\"385c141\" data-element_type=\"widget\" data-widget_type=\"image.default\">\n\t\t\t\t<div class=\"elementor-widget-container\">\n\t\t\t\t\t\t\t\t\t\t\t\t\t\t\t<img decoding=\"async\" width=\"768\" height=\"512\" data-src=\"https:\/\/unsuisseamallorca.com\/wp-content\/uploads\/2020\/09\/IMG_8829-768x512.jpg\" class=\"attachment-medium_large size-medium_large wp-image-5991 lazyload\" alt=\"\" data-srcset=\"https:\/\/unsuisseamallorca.com\/wp-content\/uploads\/2020\/09\/IMG_8829-768x512.jpg 768w, https:\/\/unsuisseamallorca.com\/wp-content\/uploads\/2020\/09\/IMG_8829-300x200.jpg 300w, https:\/\/unsuisseamallorca.com\/wp-content\/uploads\/2020\/09\/IMG_8829-1024x683.jpg 1024w, https:\/\/unsuisseamallorca.com\/wp-content\/uploads\/2020\/09\/IMG_8829-1536x1024.jpg 1536w, https:\/\/unsuisseamallorca.com\/wp-content\/uploads\/2020\/09\/IMG_8829-2048x1365.jpg 2048w, https:\/\/unsuisseamallorca.com\/wp-content\/uploads\/2020\/09\/IMG_8829-scaled.jpg 2560w\" data-sizes=\"(max-width: 768px) 100vw, 768px\" src=\"data:image\/svg+xml;base64,PHN2ZyB3aWR0aD0iMSIgaGVpZ2h0PSIxIiB4bWxucz0iaHR0cDovL3d3dy53My5vcmcvMjAwMC9zdmciPjwvc3ZnPg==\" style=\"--smush-placeholder-width: 768px; --smush-placeholder-aspect-ratio: 768\/512;\" \/>\t\t\t\t\t\t\t\t\t\t\t\t\t\t\t<\/div>\n\t\t\t\t<\/div>\n\t\t\t\t\t<\/div>\n\t\t<\/div>\n\t\t\t\t<div class=\"elementor-column elementor-col-50 elementor-top-column elementor-element elementor-element-0f3b64e\" data-id=\"0f3b64e\" data-element_type=\"column\">\n\t\t\t<div class=\"elementor-widget-wrap elementor-element-populated\">\n\t\t\t\t\t\t<div class=\"elementor-element elementor-element-78002a9 elementor-widget elementor-widget-heading\" data-id=\"78002a9\" data-element_type=\"widget\" data-widget_type=\"heading.default\">\n\t\t\t\t<div class=\"elementor-widget-container\">\n\t\t\t\t\t<h3 class=\"elementor-heading-title elementor-size-default\">Phare de Colonia Sant Jordi<\/h3>\t\t\t\t<\/div>\n\t\t\t\t<\/div>\n\t\t\t\t<div class=\"elementor-element elementor-element-ff49e91 elementor-widget elementor-widget-text-editor\" data-id=\"ff49e91\" data-element_type=\"widget\" data-widget_type=\"text-editor.default\">\n\t\t\t\t<div class=\"elementor-widget-container\">\n\t\t\t\t\t\t\t\t\t<p>Le phare de sa Puntassa est nomm\u00e9 d\u2019apr\u00e8s le cap qui ferme la baie de Migjorn. La zone o\u00f9 il est situ\u00e9 est \u00e9galement connu sous le nom de Carregador, puisque dans le pass\u00e9 les navires utilis\u00e9s pour y attraper pour charger le sel. En face se trouve l\u2019\u00eelot de na Corberana.<br \/>La tour \u00e9met une lumi\u00e8re blanche et trois rafales en intervalles de dix secondes qui aident \u00e0 localiser le port de la Col\u00f2nia aux bateaux qui traversent le Freu de Cabrera.<br \/>Le petit phare de sa Puntassa de la Col\u00f2nia de Sant Jordi revient pour montrer sa meilleure image apr\u00e8s plusieurs ann\u00e9es de pr\u00e9sentation d\u2019un \u00e9tat malheureux de conservation<\/p><p>L\u2019acc\u00e8s par voie terrestre est tr\u00e8s simple, car il est accessible sans aucun probl\u00e8me depuis les rues du centre urbain de la Col\u00f2nia de Sant Jordi.<\/p>\t\t\t\t\t\t\t\t<\/div>\n\t\t\t\t<\/div>\n\t\t\t\t\t<\/div>\n\t\t<\/div>\n\t\t\t\t\t<\/div>\n\t\t<\/section>\n\t\t\t\t<section class=\"elementor-section elementor-top-section elementor-element elementor-element-8fc0a60 elementor-section-content-middle elementor-reverse-mobile elementor-section-boxed elementor-section-height-default elementor-section-height-default\" data-id=\"8fc0a60\" data-element_type=\"section\">\n\t\t\t\t\t\t<div class=\"elementor-container elementor-column-gap-default\">\n\t\t\t\t\t<div class=\"elementor-column elementor-col-50 elementor-top-column elementor-element elementor-element-b795422\" data-id=\"b795422\" data-element_type=\"column\">\n\t\t\t<div class=\"elementor-widget-wrap elementor-element-populated\">\n\t\t\t\t\t\t<div class=\"elementor-element elementor-element-7585809 elementor-widget elementor-widget-heading\" data-id=\"7585809\" data-element_type=\"widget\" data-widget_type=\"heading.default\">\n\t\t\t\t<div class=\"elementor-widget-container\">\n\t\t\t\t\t<h3 class=\"elementor-heading-title elementor-size-default\">Phare de Punta Plana<\/h3>\t\t\t\t<\/div>\n\t\t\t\t<\/div>\n\t\t\t\t<div class=\"elementor-element elementor-element-806b348 elementor-widget elementor-widget-text-editor\" data-id=\"806b348\" data-element_type=\"widget\" data-widget_type=\"text-editor.default\">\n\t\t\t\t<div class=\"elementor-widget-container\">\n\t\t\t\t\t\t\t\t\t<p><span id=\"Campanet\">C<\/span><\/p>\t\t\t\t\t\t\t\t<\/div>\n\t\t\t\t<\/div>\n\t\t\t\t\t<\/div>\n\t\t<\/div>\n\t\t\t\t<div class=\"elementor-column elementor-col-50 elementor-top-column elementor-element elementor-element-89c87a3\" data-id=\"89c87a3\" data-element_type=\"column\">\n\t\t\t<div class=\"elementor-widget-wrap elementor-element-populated\">\n\t\t\t\t\t\t<div class=\"elementor-element elementor-element-6f9c2de elementor-widget elementor-widget-image\" data-id=\"6f9c2de\" data-element_type=\"widget\" data-widget_type=\"image.default\">\n\t\t\t\t<div class=\"elementor-widget-container\">\n\t\t\t\t\t\t\t\t\t\t\t\t\t\t\t<img decoding=\"async\" width=\"768\" height=\"576\" data-src=\"https:\/\/unsuisseamallorca.com\/wp-content\/uploads\/2020\/09\/DSC04845-768x576.jpg\" class=\"attachment-medium_large size-medium_large wp-image-5627 lazyload\" alt=\"\" data-srcset=\"https:\/\/unsuisseamallorca.com\/wp-content\/uploads\/2020\/09\/DSC04845-768x576.jpg 768w, https:\/\/unsuisseamallorca.com\/wp-content\/uploads\/2020\/09\/DSC04845-300x225.jpg 300w, https:\/\/unsuisseamallorca.com\/wp-content\/uploads\/2020\/09\/DSC04845-1024x768.jpg 1024w, https:\/\/unsuisseamallorca.com\/wp-content\/uploads\/2020\/09\/DSC04845-1536x1152.jpg 1536w, https:\/\/unsuisseamallorca.com\/wp-content\/uploads\/2020\/09\/DSC04845-2048x1536.jpg 2048w, https:\/\/unsuisseamallorca.com\/wp-content\/uploads\/2020\/09\/DSC04845-scaled.jpg 2560w\" data-sizes=\"(max-width: 768px) 100vw, 768px\" src=\"data:image\/svg+xml;base64,PHN2ZyB3aWR0aD0iMSIgaGVpZ2h0PSIxIiB4bWxucz0iaHR0cDovL3d3dy53My5vcmcvMjAwMC9zdmciPjwvc3ZnPg==\" style=\"--smush-placeholder-width: 768px; --smush-placeholder-aspect-ratio: 768\/576;\" \/>\t\t\t\t\t\t\t\t\t\t\t\t\t\t\t<\/div>\n\t\t\t\t<\/div>\n\t\t\t\t\t<\/div>\n\t\t<\/div>\n\t\t\t\t\t<\/div>\n\t\t<\/section>\n\t\t\t\t<section class=\"elementor-section elementor-top-section elementor-element elementor-element-05854f0 elementor-section-content-middle elementor-section-boxed elementor-section-height-default elementor-section-height-default\" data-id=\"05854f0\" data-element_type=\"section\">\n\t\t\t\t\t\t<div class=\"elementor-container elementor-column-gap-default\">\n\t\t\t\t\t<div class=\"elementor-column elementor-col-50 elementor-top-column elementor-element elementor-element-e349623\" data-id=\"e349623\" data-element_type=\"column\">\n\t\t\t<div class=\"elementor-widget-wrap elementor-element-populated\">\n\t\t\t\t\t\t<div class=\"elementor-element elementor-element-1e45d7f elementor-widget elementor-widget-image\" data-id=\"1e45d7f\" data-element_type=\"widget\" data-widget_type=\"image.default\">\n\t\t\t\t<div class=\"elementor-widget-container\">\n\t\t\t\t\t\t\t\t\t\t\t\t\t\t\t<img decoding=\"async\" width=\"768\" height=\"512\" data-src=\"https:\/\/unsuisseamallorca.com\/wp-content\/uploads\/2020\/09\/IMG_8829-768x512.jpg\" class=\"attachment-medium_large size-medium_large wp-image-5991 lazyload\" alt=\"\" data-srcset=\"https:\/\/unsuisseamallorca.com\/wp-content\/uploads\/2020\/09\/IMG_8829-768x512.jpg 768w, https:\/\/unsuisseamallorca.com\/wp-content\/uploads\/2020\/09\/IMG_8829-300x200.jpg 300w, https:\/\/unsuisseamallorca.com\/wp-content\/uploads\/2020\/09\/IMG_8829-1024x683.jpg 1024w, https:\/\/unsuisseamallorca.com\/wp-content\/uploads\/2020\/09\/IMG_8829-1536x1024.jpg 1536w, https:\/\/unsuisseamallorca.com\/wp-content\/uploads\/2020\/09\/IMG_8829-2048x1365.jpg 2048w, https:\/\/unsuisseamallorca.com\/wp-content\/uploads\/2020\/09\/IMG_8829-scaled.jpg 2560w\" data-sizes=\"(max-width: 768px) 100vw, 768px\" src=\"data:image\/svg+xml;base64,PHN2ZyB3aWR0aD0iMSIgaGVpZ2h0PSIxIiB4bWxucz0iaHR0cDovL3d3dy53My5vcmcvMjAwMC9zdmciPjwvc3ZnPg==\" style=\"--smush-placeholder-width: 768px; --smush-placeholder-aspect-ratio: 768\/512;\" \/>\t\t\t\t\t\t\t\t\t\t\t\t\t\t\t<\/div>\n\t\t\t\t<\/div>\n\t\t\t\t\t<\/div>\n\t\t<\/div>\n\t\t\t\t<div class=\"elementor-column elementor-col-50 elementor-top-column elementor-element elementor-element-a7b3ceb\" data-id=\"a7b3ceb\" data-element_type=\"column\">\n\t\t\t<div class=\"elementor-widget-wrap elementor-element-populated\">\n\t\t\t\t\t\t<div class=\"elementor-element elementor-element-7b88158 elementor-widget elementor-widget-heading\" data-id=\"7b88158\" data-element_type=\"widget\" data-widget_type=\"heading.default\">\n\t\t\t\t<div class=\"elementor-widget-container\">\n\t\t\t\t\t<h3 class=\"elementor-heading-title elementor-size-default\">Phare de \u00cele El Toro<\/h3>\t\t\t\t<\/div>\n\t\t\t\t<\/div>\n\t\t\t\t<div class=\"elementor-element elementor-element-b9d42ec elementor-widget elementor-widget-text-editor\" data-id=\"b9d42ec\" data-element_type=\"widget\" data-widget_type=\"text-editor.default\">\n\t\t\t\t<div class=\"elementor-widget-container\">\n\t\t\t\t\t\t\t\t\t<p><span id=\"Calvia\">C<\/span><\/p>\t\t\t\t\t\t\t\t<\/div>\n\t\t\t\t<\/div>\n\t\t\t\t\t<\/div>\n\t\t<\/div>\n\t\t\t\t\t<\/div>\n\t\t<\/section>\n\t\t\t\t<\/div>\n\t\t","protected":false},"excerpt":{"rendered":"<p>Phare de Formentor Le fameux phare de cap Formentor, est l\u2019incontournable phare de l\u2019\u00eele. Situ\u00e9 sur la p\u00e9ninsule du m\u00eame nom qui met fin \u00e0 la Serra de Tramuntana, c\u2019est un v\u00e9ritable spectacle de la nature qui s\u2019offre \u00e0 nos yeux. Le phare s\u2019\u00e9l\u00e8ve sur une falaise au bout de la route sinueuse qui serpente [&hellip;]<\/p>\n","protected":false},"author":1,"featured_media":0,"parent":0,"menu_order":0,"comment_status":"closed","ping_status":"closed","template":"","meta":{"ocean_post_layout":"","ocean_both_sidebars_style":"","ocean_both_sidebars_content_width":0,"ocean_both_sidebars_sidebars_width":0,"ocean_sidebar":"0","ocean_second_sidebar":"0","ocean_disable_margins":"enable","ocean_add_body_class":"","ocean_shortcode_before_top_bar":"","ocean_shortcode_after_top_bar":"","ocean_shortcode_before_header":"","ocean_shortcode_after_header":"","ocean_has_shortcode":"","ocean_shortcode_after_title":"","ocean_shortcode_before_footer_widgets":"","ocean_shortcode_after_footer_widgets":"","ocean_shortcode_before_footer_bottom":"","ocean_shortcode_after_footer_bottom":"","ocean_display_top_bar":"default","ocean_display_header":"default","ocean_header_style":"","ocean_center_header_left_menu":"0","ocean_custom_header_template":"0","ocean_custom_logo":0,"ocean_custom_retina_logo":0,"ocean_custom_logo_max_width":0,"ocean_custom_logo_tablet_max_width":0,"ocean_custom_logo_mobile_max_width":0,"ocean_custom_logo_max_height":0,"ocean_custom_logo_tablet_max_height":0,"ocean_custom_logo_mobile_max_height":0,"ocean_header_custom_menu":"0","ocean_menu_typo_font_family":"0","ocean_menu_typo_font_subset":"","ocean_menu_typo_font_size":0,"ocean_menu_typo_font_size_tablet":0,"ocean_menu_typo_font_size_mobile":0,"ocean_menu_typo_font_size_unit":"px","ocean_menu_typo_font_weight":"","ocean_menu_typo_font_weight_tablet":"","ocean_menu_typo_font_weight_mobile":"","ocean_menu_typo_transform":"","ocean_menu_typo_transform_tablet":"","ocean_menu_typo_transform_mobile":"","ocean_menu_typo_line_height":0,"ocean_menu_typo_line_height_tablet":0,"ocean_menu_typo_line_height_mobile":0,"ocean_menu_typo_line_height_unit":"","ocean_menu_typo_spacing":0,"ocean_menu_typo_spacing_tablet":0,"ocean_menu_typo_spacing_mobile":0,"ocean_menu_typo_spacing_unit":"","ocean_menu_link_color":"","ocean_menu_link_color_hover":"","ocean_menu_link_color_active":"","ocean_menu_link_background":"","ocean_menu_link_hover_background":"","ocean_menu_link_active_background":"","ocean_menu_social_links_bg":"","ocean_menu_social_hover_links_bg":"","ocean_menu_social_links_color":"","ocean_menu_social_hover_links_color":"","ocean_disable_title":"default","ocean_disable_heading":"default","ocean_post_title":"","ocean_post_subheading":"","ocean_post_title_style":"","ocean_post_title_background_color":"","ocean_post_title_background":0,"ocean_post_title_bg_image_position":"","ocean_post_title_bg_image_attachment":"","ocean_post_title_bg_image_repeat":"","ocean_post_title_bg_image_size":"","ocean_post_title_height":0,"ocean_post_title_bg_overlay":0.5,"ocean_post_title_bg_overlay_color":"","ocean_disable_breadcrumbs":"default","ocean_breadcrumbs_color":"","ocean_breadcrumbs_separator_color":"","ocean_breadcrumbs_links_color":"","ocean_breadcrumbs_links_hover_color":"","ocean_display_footer_widgets":"default","ocean_display_footer_bottom":"default","ocean_custom_footer_template":"0","footnotes":""},"class_list":["post-8596","page","type-page","status-publish","hentry","entry"],"yoast_head":"<!-- This site is optimized with the Yoast SEO plugin v26.4 - https:\/\/yoast.com\/wordpress\/plugins\/seo\/ -->\n<title>Les Phares UN SUISSE A MAJORQUE<\/title>\n<meta name=\"robots\" content=\"index, follow, max-snippet:-1, max-image-preview:large, max-video-preview:-1\" \/>\n<link rel=\"canonical\" href=\"https:\/\/unsuisseamallorca.com\/index.php\/les-phares-2\/\" \/>\n<meta property=\"og:locale\" content=\"fr_FR\" \/>\n<meta property=\"og:type\" content=\"article\" \/>\n<meta property=\"og:title\" content=\"Les Phares UN SUISSE A MAJORQUE\" \/>\n<meta property=\"og:description\" content=\"Phare de Formentor Le fameux phare de cap Formentor, est l\u2019incontournable phare de l\u2019\u00eele. Situ\u00e9 sur la p\u00e9ninsule du m\u00eame nom qui met fin \u00e0 la Serra de Tramuntana, c\u2019est un v\u00e9ritable spectacle de la nature qui s\u2019offre \u00e0 nos yeux. Le phare s\u2019\u00e9l\u00e8ve sur une falaise au bout de la route sinueuse qui serpente [&hellip;]\" \/>\n<meta property=\"og:url\" content=\"https:\/\/unsuisseamallorca.com\/index.php\/les-phares-2\/\" \/>\n<meta property=\"og:site_name\" content=\"UN SUISSE A MAJORQUE\" \/>\n<meta property=\"og:image\" content=\"https:\/\/unsuisseamallorca.com\/wp-content\/uploads\/2020\/09\/DSCF1253-768x513.jpg\" \/>\n<meta name=\"twitter:card\" content=\"summary_large_image\" \/>\n<meta name=\"twitter:label1\" content=\"Dur\u00e9e de lecture estim\u00e9e\" \/>\n\t<meta name=\"twitter:data1\" content=\"15 minutes\" \/>\n<script type=\"application\/ld+json\" class=\"yoast-schema-graph\">{\"@context\":\"https:\/\/schema.org\",\"@graph\":[{\"@type\":\"WebPage\",\"@id\":\"https:\/\/unsuisseamallorca.com\/index.php\/les-phares-2\/\",\"url\":\"https:\/\/unsuisseamallorca.com\/index.php\/les-phares-2\/\",\"name\":\"Les Phares UN SUISSE A MAJORQUE\",\"isPartOf\":{\"@id\":\"https:\/\/unsuisseamallorca.com\/#website\"},\"primaryImageOfPage\":{\"@id\":\"https:\/\/unsuisseamallorca.com\/index.php\/les-phares-2\/#primaryimage\"},\"image\":{\"@id\":\"https:\/\/unsuisseamallorca.com\/index.php\/les-phares-2\/#primaryimage\"},\"thumbnailUrl\":\"https:\/\/unsuisseamallorca.com\/wp-content\/uploads\/2020\/09\/DSCF1253-768x513.jpg\",\"datePublished\":\"2021-09-19T16:04:40+00:00\",\"breadcrumb\":{\"@id\":\"https:\/\/unsuisseamallorca.com\/index.php\/les-phares-2\/#breadcrumb\"},\"inLanguage\":\"fr-FR\",\"potentialAction\":[{\"@type\":\"ReadAction\",\"target\":[\"https:\/\/unsuisseamallorca.com\/index.php\/les-phares-2\/\"]}]},{\"@type\":\"ImageObject\",\"inLanguage\":\"fr-FR\",\"@id\":\"https:\/\/unsuisseamallorca.com\/index.php\/les-phares-2\/#primaryimage\",\"url\":\"https:\/\/unsuisseamallorca.com\/wp-content\/uploads\/2020\/09\/DSCF1253-scaled.jpg\",\"contentUrl\":\"https:\/\/unsuisseamallorca.com\/wp-content\/uploads\/2020\/09\/DSCF1253-scaled.jpg\",\"width\":2560,\"height\":1710},{\"@type\":\"BreadcrumbList\",\"@id\":\"https:\/\/unsuisseamallorca.com\/index.php\/les-phares-2\/#breadcrumb\",\"itemListElement\":[{\"@type\":\"ListItem\",\"position\":1,\"name\":\"Accueil\",\"item\":\"https:\/\/unsuisseamallorca.com\/\"},{\"@type\":\"ListItem\",\"position\":2,\"name\":\"Les Phares\"}]},{\"@type\":\"WebSite\",\"@id\":\"https:\/\/unsuisseamallorca.com\/#website\",\"url\":\"https:\/\/unsuisseamallorca.com\/\",\"name\":\"UN SUISSE A MAJORQUE\",\"description\":\"Le voyageur voit ce qu&#039;il voit, le touriste voit ce qu&#039;il est venu voir !\",\"potentialAction\":[{\"@type\":\"SearchAction\",\"target\":{\"@type\":\"EntryPoint\",\"urlTemplate\":\"https:\/\/unsuisseamallorca.com\/?s={search_term_string}\"},\"query-input\":{\"@type\":\"PropertyValueSpecification\",\"valueRequired\":true,\"valueName\":\"search_term_string\"}}],\"inLanguage\":\"fr-FR\"}]}<\/script>\n<!-- \/ Yoast SEO plugin. -->","yoast_head_json":{"title":"Les Phares UN SUISSE A MAJORQUE","robots":{"index":"index","follow":"follow","max-snippet":"max-snippet:-1","max-image-preview":"max-image-preview:large","max-video-preview":"max-video-preview:-1"},"canonical":"https:\/\/unsuisseamallorca.com\/index.php\/les-phares-2\/","og_locale":"fr_FR","og_type":"article","og_title":"Les Phares UN SUISSE A MAJORQUE","og_description":"Phare de Formentor Le fameux phare de cap Formentor, est l\u2019incontournable phare de l\u2019\u00eele. Situ\u00e9 sur la p\u00e9ninsule du m\u00eame nom qui met fin \u00e0 la Serra de Tramuntana, c\u2019est un v\u00e9ritable spectacle de la nature qui s\u2019offre \u00e0 nos yeux. Le phare s\u2019\u00e9l\u00e8ve sur une falaise au bout de la route sinueuse qui serpente [&hellip;]","og_url":"https:\/\/unsuisseamallorca.com\/index.php\/les-phares-2\/","og_site_name":"UN SUISSE A MAJORQUE","og_image":[{"url":"https:\/\/unsuisseamallorca.com\/wp-content\/uploads\/2020\/09\/DSCF1253-768x513.jpg","type":"","width":"","height":""}],"twitter_card":"summary_large_image","twitter_misc":{"Dur\u00e9e de lecture estim\u00e9e":"15 minutes"},"schema":{"@context":"https:\/\/schema.org","@graph":[{"@type":"WebPage","@id":"https:\/\/unsuisseamallorca.com\/index.php\/les-phares-2\/","url":"https:\/\/unsuisseamallorca.com\/index.php\/les-phares-2\/","name":"Les Phares UN SUISSE A MAJORQUE","isPartOf":{"@id":"https:\/\/unsuisseamallorca.com\/#website"},"primaryImageOfPage":{"@id":"https:\/\/unsuisseamallorca.com\/index.php\/les-phares-2\/#primaryimage"},"image":{"@id":"https:\/\/unsuisseamallorca.com\/index.php\/les-phares-2\/#primaryimage"},"thumbnailUrl":"https:\/\/unsuisseamallorca.com\/wp-content\/uploads\/2020\/09\/DSCF1253-768x513.jpg","datePublished":"2021-09-19T16:04:40+00:00","breadcrumb":{"@id":"https:\/\/unsuisseamallorca.com\/index.php\/les-phares-2\/#breadcrumb"},"inLanguage":"fr-FR","potentialAction":[{"@type":"ReadAction","target":["https:\/\/unsuisseamallorca.com\/index.php\/les-phares-2\/"]}]},{"@type":"ImageObject","inLanguage":"fr-FR","@id":"https:\/\/unsuisseamallorca.com\/index.php\/les-phares-2\/#primaryimage","url":"https:\/\/unsuisseamallorca.com\/wp-content\/uploads\/2020\/09\/DSCF1253-scaled.jpg","contentUrl":"https:\/\/unsuisseamallorca.com\/wp-content\/uploads\/2020\/09\/DSCF1253-scaled.jpg","width":2560,"height":1710},{"@type":"BreadcrumbList","@id":"https:\/\/unsuisseamallorca.com\/index.php\/les-phares-2\/#breadcrumb","itemListElement":[{"@type":"ListItem","position":1,"name":"Accueil","item":"https:\/\/unsuisseamallorca.com\/"},{"@type":"ListItem","position":2,"name":"Les Phares"}]},{"@type":"WebSite","@id":"https:\/\/unsuisseamallorca.com\/#website","url":"https:\/\/unsuisseamallorca.com\/","name":"UN SUISSE A MAJORQUE","description":"Le voyageur voit ce qu&#039;il voit, le touriste voit ce qu&#039;il est venu voir !","potentialAction":[{"@type":"SearchAction","target":{"@type":"EntryPoint","urlTemplate":"https:\/\/unsuisseamallorca.com\/?s={search_term_string}"},"query-input":{"@type":"PropertyValueSpecification","valueRequired":true,"valueName":"search_term_string"}}],"inLanguage":"fr-FR"}]}},"_links":{"self":[{"href":"https:\/\/unsuisseamallorca.com\/index.php\/wp-json\/wp\/v2\/pages\/8596","targetHints":{"allow":["GET"]}}],"collection":[{"href":"https:\/\/unsuisseamallorca.com\/index.php\/wp-json\/wp\/v2\/pages"}],"about":[{"href":"https:\/\/unsuisseamallorca.com\/index.php\/wp-json\/wp\/v2\/types\/page"}],"author":[{"embeddable":true,"href":"https:\/\/unsuisseamallorca.com\/index.php\/wp-json\/wp\/v2\/users\/1"}],"replies":[{"embeddable":true,"href":"https:\/\/unsuisseamallorca.com\/index.php\/wp-json\/wp\/v2\/comments?post=8596"}],"version-history":[{"count":1,"href":"https:\/\/unsuisseamallorca.com\/index.php\/wp-json\/wp\/v2\/pages\/8596\/revisions"}],"predecessor-version":[{"id":8597,"href":"https:\/\/unsuisseamallorca.com\/index.php\/wp-json\/wp\/v2\/pages\/8596\/revisions\/8597"}],"wp:attachment":[{"href":"https:\/\/unsuisseamallorca.com\/index.php\/wp-json\/wp\/v2\/media?parent=8596"}],"curies":[{"name":"wp","href":"https:\/\/api.w.org\/{rel}","templated":true}]}}