{"id":799,"date":"2019-03-13T17:27:33","date_gmt":"2019-03-13T16:27:33","guid":{"rendered":"https:\/\/unsuisseamallorca.com\/?page_id=799"},"modified":"2021-06-13T16:11:38","modified_gmt":"2021-06-13T14:11:38","slug":"palma","status":"publish","type":"page","link":"https:\/\/unsuisseamallorca.com\/index.php\/palma\/","title":{"rendered":"PALMA"},"content":{"rendered":"\t\t<div data-elementor-type=\"wp-post\" data-elementor-id=\"799\" class=\"elementor elementor-799\" data-elementor-post-type=\"page\">\n\t\t\t\t\t\t<section class=\"elementor-section elementor-top-section elementor-element elementor-element-ce7d7b2 elementor-section-content-middle elementor-section-boxed elementor-section-height-default elementor-section-height-default\" data-id=\"ce7d7b2\" data-element_type=\"section\">\n\t\t\t\t\t\t<div class=\"elementor-container elementor-column-gap-no\">\n\t\t\t\t\t<div class=\"elementor-column elementor-col-100 elementor-top-column elementor-element elementor-element-c9c5964\" data-id=\"c9c5964\" data-element_type=\"column\">\n\t\t\t<div class=\"elementor-widget-wrap elementor-element-populated\">\n\t\t\t\t\t\t<div class=\"elementor-element elementor-element-bff7cf7 elementor-widget elementor-widget-heading\" data-id=\"bff7cf7\" data-element_type=\"widget\" data-widget_type=\"heading.default\">\n\t\t\t\t<div class=\"elementor-widget-container\">\n\t\t\t\t\t<h3 class=\"elementor-heading-title elementor-size-default\">\nLe trac\u00e9 d'une ville est l'oeuvre du temps plut\u00f4t que d'un architecte.<\/h3>\t\t\t\t<\/div>\n\t\t\t\t<\/div>\n\t\t\t\t\t<\/div>\n\t\t<\/div>\n\t\t\t\t\t<\/div>\n\t\t<\/section>\n\t\t\t\t<section class=\"elementor-section elementor-top-section elementor-element elementor-element-377ebd95 elementor-section-height-min-height elementor-section-content-middle elementor-section-boxed elementor-section-height-default elementor-section-items-middle\" data-id=\"377ebd95\" data-element_type=\"section\" data-settings=\"{&quot;background_background&quot;:&quot;video&quot;}\">\n\t\t\t\t\t\t\t<div class=\"elementor-background-overlay\"><\/div>\n\t\t\t\t\t\t\t<div class=\"elementor-container elementor-column-gap-default\">\n\t\t\t\t\t<div class=\"elementor-column elementor-col-100 elementor-top-column elementor-element elementor-element-72638db3\" data-id=\"72638db3\" data-element_type=\"column\">\n\t\t\t<div class=\"elementor-widget-wrap elementor-element-populated\">\n\t\t\t\t\t\t\t<\/div>\n\t\t<\/div>\n\t\t\t\t\t<\/div>\n\t\t<\/section>\n\t\t\t\t<section class=\"elementor-section elementor-top-section elementor-element elementor-element-359e6f5c elementor-section-content-middle elementor-section-boxed elementor-section-height-default elementor-section-height-default\" data-id=\"359e6f5c\" data-element_type=\"section\" data-settings=\"{&quot;background_background&quot;:&quot;classic&quot;}\">\n\t\t\t\t\t\t<div class=\"elementor-container elementor-column-gap-default\">\n\t\t\t\t\t<div class=\"elementor-column elementor-col-100 elementor-top-column elementor-element elementor-element-79d728fd\" data-id=\"79d728fd\" data-element_type=\"column\">\n\t\t\t<div class=\"elementor-widget-wrap elementor-element-populated\">\n\t\t\t\t\t\t<div class=\"elementor-element elementor-element-f29502e elementor-widget elementor-widget-heading\" data-id=\"f29502e\" data-element_type=\"widget\" data-widget_type=\"heading.default\">\n\t\t\t\t<div class=\"elementor-widget-container\">\n\t\t\t\t\t<h2 class=\"elementor-heading-title elementor-size-large\">Palma ou Palma de Majorque en fran\u00e7ais, Palma ou Palma de Mallorca en catalan et en castillan, se nomme officiellement Palma depuis 2016. Elle est la ville principale de l'\u00eele de Majorque et la capitale de la communaut\u00e9 autonome des \u00eeles Bal\u00e9ares. Elle constitue \u00e0 elle seule l'une des 6 comarques (r\u00e9gions) de l'\u00eele. Fond\u00e9e en 123 avant . J.-C., au sud de l'\u00eele de Majorque et au fond de la baie \u00e0 laquelle elle donne le nom, Romains, Vandales, Vikings, Almoraves s'y succ\u00e9d\u00e8rent avant que la ville ne dev\u00eent la capitale du royaume de Majorque, int\u00e9gr\u00e9e successivement aux couronnes d'Aragon puis d'Espagne. Palma de nos jours est toujours une ville portuaire, avec son extraordinaire cath\u00e9drale pos\u00e9e au bord de l\u2019eau. Quand on arrive en bateau ou en avion, c\u2019est magique!\n\nLa ville de Palma s\u2019organise autour de la baie avec des ensembles d\u2019h\u00f4tels du premier centre touristique espagnol, c\u2019est le c\u00f4t\u00e9 moderne et b\u00e9tonn\u00e9 mais que cela ne vous rebute pas car elle offre une architecture riche en histoire dans ses quartiers qu\u2019il faut visiter et que vous allez adorer, j\u2019en suis s\u00fbr! En effet, Palma a \u00e9t\u00e9, du 13\u00b0 au 18\u00b0 si\u00e8cle, l'une des villes les plus riches de la M\u00e9diterran\u00e9e. Pas \u00e9tonnant que de cette p\u00e9riode et des suivantes, elle garde un superbe ensemble de monuments gothiques, Baroques ou Renaissance, qui font de cette capitale une des villes les plus s\u00e9duisantes d\u2019Espagne. Palma compte 400.000 hab, la moiti\u00e9 de l\u2019ile de Majorque (800.000hab.).<\/h2>\t\t\t\t<\/div>\n\t\t\t\t<\/div>\n\t\t\t\t\t<\/div>\n\t\t<\/div>\n\t\t\t\t\t<\/div>\n\t\t<\/section>\n\t\t\t\t<section class=\"elementor-section elementor-top-section elementor-element elementor-element-c58d498 elementor-section-content-middle elementor-section-boxed elementor-section-height-default elementor-section-height-default\" data-id=\"c58d498\" data-element_type=\"section\" data-settings=\"{&quot;background_background&quot;:&quot;classic&quot;}\">\n\t\t\t\t\t\t<div class=\"elementor-container elementor-column-gap-default\">\n\t\t\t\t\t<div class=\"elementor-column elementor-col-100 elementor-top-column elementor-element elementor-element-c7ba5e0\" data-id=\"c7ba5e0\" data-element_type=\"column\">\n\t\t\t<div class=\"elementor-widget-wrap elementor-element-populated\">\n\t\t\t\t\t\t<div class=\"elementor-element elementor-element-23c8244 elementor-widget elementor-widget-heading\" data-id=\"23c8244\" data-element_type=\"widget\" data-widget_type=\"heading.default\">\n\t\t\t\t<div class=\"elementor-widget-container\">\n\t\t\t\t\t<h2 class=\"elementor-heading-title elementor-size-large\">L'archipel de Cabrera, bien que largement s\u00e9par\u00e9 de Palma, est consid\u00e9r\u00e9 par l'administration comme une partie de la municipalit\u00e9.<\/h2>\t\t\t\t<\/div>\n\t\t\t\t<\/div>\n\t\t\t\t\t<\/div>\n\t\t<\/div>\n\t\t\t\t\t<\/div>\n\t\t<\/section>\n\t\t\t\t<section class=\"elementor-section elementor-top-section elementor-element elementor-element-965fd0b elementor-section-content-middle elementor-reverse-mobile elementor-section-boxed elementor-section-height-default elementor-section-height-default\" data-id=\"965fd0b\" data-element_type=\"section\">\n\t\t\t\t\t\t<div class=\"elementor-container elementor-column-gap-default\">\n\t\t\t\t\t<div class=\"elementor-column elementor-col-50 elementor-top-column elementor-element elementor-element-eb3dd00\" data-id=\"eb3dd00\" data-element_type=\"column\">\n\t\t\t<div class=\"elementor-widget-wrap elementor-element-populated\">\n\t\t\t\t\t\t<div class=\"elementor-element elementor-element-1d0ad4c elementor-widget elementor-widget-heading\" data-id=\"1d0ad4c\" data-element_type=\"widget\" data-widget_type=\"heading.default\">\n\t\t\t\t<div class=\"elementor-widget-container\">\n\t\t\t\t\t<h3 class=\"elementor-heading-title elementor-size-default\">Les quartiers<\/h3>\t\t\t\t<\/div>\n\t\t\t\t<\/div>\n\t\t\t\t<div class=\"elementor-element elementor-element-1b43edd elementor-widget elementor-widget-text-editor\" data-id=\"1b43edd\" data-element_type=\"widget\" data-widget_type=\"text-editor.default\">\n\t\t\t\t<div class=\"elementor-widget-container\">\n\t\t\t\t\t\t\t\t\t<p>De Cala Major \u00e0 l&rsquo;ouest jusqu&rsquo; \u00e0 S&rsquo;arenal \u00e0 l&rsquo;est, 89 quartiers (barrios) sont organis\u00e9s en cinq districts: Nord, Centre, Poniente, Levante et Playa de Palma. Avec vingt kilom\u00e8tres de c\u00f4te dans la baie du m\u00eame nom, Palma est vraiment tourn\u00e9e vers la mer. Le quartier le plus peupl\u00e9 est Pere Garau (district du Levante) avec pr\u00e8s de 30&rsquo;000 habitants, le moins peupl\u00e9, Son Malferit, est situ\u00e9 dans le m\u00eame district avec 100 habitants, bien que le barrio de Bellver ne compte aucun habitant.<\/p>\t\t\t\t\t\t\t\t<\/div>\n\t\t\t\t<\/div>\n\t\t\t\t\t<\/div>\n\t\t<\/div>\n\t\t\t\t<div class=\"elementor-column elementor-col-50 elementor-top-column elementor-element elementor-element-b4a4716\" data-id=\"b4a4716\" data-element_type=\"column\">\n\t\t\t<div class=\"elementor-widget-wrap elementor-element-populated\">\n\t\t\t\t\t\t<div class=\"elementor-element elementor-element-0931331 elementor-widget elementor-widget-image\" data-id=\"0931331\" data-element_type=\"widget\" data-widget_type=\"image.default\">\n\t\t\t\t<div class=\"elementor-widget-container\">\n\t\t\t\t\t\t\t\t\t\t\t\t<figure class=\"wp-caption\">\n\t\t\t\t\t\t\t\t\t\t<img fetchpriority=\"high\" decoding=\"async\" width=\"1024\" height=\"768\" src=\"https:\/\/unsuisseamallorca.com\/wp-content\/uploads\/2020\/09\/DSC01082-1024x768.jpg\" class=\"attachment-large size-large wp-image-5902\" alt=\"\" srcset=\"https:\/\/unsuisseamallorca.com\/wp-content\/uploads\/2020\/09\/DSC01082-1024x768.jpg 1024w, https:\/\/unsuisseamallorca.com\/wp-content\/uploads\/2020\/09\/DSC01082-300x225.jpg 300w, https:\/\/unsuisseamallorca.com\/wp-content\/uploads\/2020\/09\/DSC01082-768x576.jpg 768w, https:\/\/unsuisseamallorca.com\/wp-content\/uploads\/2020\/09\/DSC01082-1536x1152.jpg 1536w, https:\/\/unsuisseamallorca.com\/wp-content\/uploads\/2020\/09\/DSC01082-2048x1536.jpg 2048w, https:\/\/unsuisseamallorca.com\/wp-content\/uploads\/2020\/09\/DSC01082-scaled.jpg 2560w\" sizes=\"(max-width: 1024px) 100vw, 1024px\" \/>\t\t\t\t\t\t\t\t\t\t\t<figcaption class=\"widget-image-caption wp-caption-text\">Ch\u00e2teau de Bellver<\/figcaption>\n\t\t\t\t\t\t\t\t\t\t<\/figure>\n\t\t\t\t\t\t\t\t\t<\/div>\n\t\t\t\t<\/div>\n\t\t\t\t\t<\/div>\n\t\t<\/div>\n\t\t\t\t\t<\/div>\n\t\t<\/section>\n\t\t\t\t<section class=\"elementor-section elementor-top-section elementor-element elementor-element-a6e1393 elementor-section-content-middle elementor-section-boxed elementor-section-height-default elementor-section-height-default\" data-id=\"a6e1393\" data-element_type=\"section\">\n\t\t\t\t\t\t<div class=\"elementor-container elementor-column-gap-default\">\n\t\t\t\t\t<div class=\"elementor-column elementor-col-50 elementor-top-column elementor-element elementor-element-78a004c\" data-id=\"78a004c\" data-element_type=\"column\">\n\t\t\t<div class=\"elementor-widget-wrap elementor-element-populated\">\n\t\t\t\t\t\t<div class=\"elementor-element elementor-element-f38a6c5 elementor-widget elementor-widget-image\" data-id=\"f38a6c5\" data-element_type=\"widget\" data-widget_type=\"image.default\">\n\t\t\t\t<div class=\"elementor-widget-container\">\n\t\t\t\t\t\t\t\t\t\t\t\t<figure class=\"wp-caption\">\n\t\t\t\t\t\t\t\t\t\t<img decoding=\"async\" width=\"768\" height=\"513\" data-src=\"https:\/\/unsuisseamallorca.com\/wp-content\/uploads\/2020\/09\/DSCF1703-768x513.jpg\" class=\"attachment-medium_large size-medium_large wp-image-5863 lazyload\" alt=\"\" data-srcset=\"https:\/\/unsuisseamallorca.com\/wp-content\/uploads\/2020\/09\/DSCF1703-768x513.jpg 768w, https:\/\/unsuisseamallorca.com\/wp-content\/uploads\/2020\/09\/DSCF1703-300x200.jpg 300w, https:\/\/unsuisseamallorca.com\/wp-content\/uploads\/2020\/09\/DSCF1703-1024x684.jpg 1024w, https:\/\/unsuisseamallorca.com\/wp-content\/uploads\/2020\/09\/DSCF1703-1536x1026.jpg 1536w, https:\/\/unsuisseamallorca.com\/wp-content\/uploads\/2020\/09\/DSCF1703-2048x1368.jpg 2048w, https:\/\/unsuisseamallorca.com\/wp-content\/uploads\/2020\/09\/DSCF1703-scaled.jpg 2560w\" data-sizes=\"(max-width: 768px) 100vw, 768px\" src=\"data:image\/svg+xml;base64,PHN2ZyB3aWR0aD0iMSIgaGVpZ2h0PSIxIiB4bWxucz0iaHR0cDovL3d3dy53My5vcmcvMjAwMC9zdmciPjwvc3ZnPg==\" style=\"--smush-placeholder-width: 768px; --smush-placeholder-aspect-ratio: 768\/513;\" \/>\t\t\t\t\t\t\t\t\t\t\t<figcaption class=\"widget-image-caption wp-caption-text\"><\/figcaption>\n\t\t\t\t\t\t\t\t\t\t<\/figure>\n\t\t\t\t\t\t\t\t\t<\/div>\n\t\t\t\t<\/div>\n\t\t\t\t<div class=\"elementor-element elementor-element-5681cee elementor-widget elementor-widget-image\" data-id=\"5681cee\" data-element_type=\"widget\" data-widget_type=\"image.default\">\n\t\t\t\t<div class=\"elementor-widget-container\">\n\t\t\t\t\t\t\t\t\t\t\t\t<figure class=\"wp-caption\">\n\t\t\t\t\t\t\t\t\t\t<img decoding=\"async\" width=\"768\" height=\"512\" data-src=\"https:\/\/unsuisseamallorca.com\/wp-content\/uploads\/2020\/01\/IMG_9003-768x512.jpg\" class=\"attachment-medium_large size-medium_large wp-image-1930 lazyload\" alt=\"\" data-srcset=\"https:\/\/unsuisseamallorca.com\/wp-content\/uploads\/2020\/01\/IMG_9003-768x512.jpg 768w, https:\/\/unsuisseamallorca.com\/wp-content\/uploads\/2020\/01\/IMG_9003-300x200.jpg 300w, https:\/\/unsuisseamallorca.com\/wp-content\/uploads\/2020\/01\/IMG_9003-1024x683.jpg 1024w, https:\/\/unsuisseamallorca.com\/wp-content\/uploads\/2020\/01\/IMG_9003-1536x1024.jpg 1536w, https:\/\/unsuisseamallorca.com\/wp-content\/uploads\/2020\/01\/IMG_9003-2048x1365.jpg 2048w, https:\/\/unsuisseamallorca.com\/wp-content\/uploads\/2020\/01\/IMG_9003-scaled.jpg 2560w\" data-sizes=\"(max-width: 768px) 100vw, 768px\" src=\"data:image\/svg+xml;base64,PHN2ZyB3aWR0aD0iMSIgaGVpZ2h0PSIxIiB4bWxucz0iaHR0cDovL3d3dy53My5vcmcvMjAwMC9zdmciPjwvc3ZnPg==\" style=\"--smush-placeholder-width: 768px; --smush-placeholder-aspect-ratio: 768\/512;\" \/>\t\t\t\t\t\t\t\t\t\t\t<figcaption class=\"widget-image-caption wp-caption-text\"><\/figcaption>\n\t\t\t\t\t\t\t\t\t\t<\/figure>\n\t\t\t\t\t\t\t\t\t<\/div>\n\t\t\t\t<\/div>\n\t\t\t\t<div class=\"elementor-element elementor-element-f0514ee elementor-widget elementor-widget-image\" data-id=\"f0514ee\" data-element_type=\"widget\" data-widget_type=\"image.default\">\n\t\t\t\t<div class=\"elementor-widget-container\">\n\t\t\t\t\t\t\t\t\t\t\t\t<figure class=\"wp-caption\">\n\t\t\t\t\t\t\t\t\t\t<img decoding=\"async\" width=\"768\" height=\"576\" data-src=\"https:\/\/unsuisseamallorca.com\/wp-content\/uploads\/2021\/06\/DJI_0444-768x576.jpg\" class=\"attachment-medium_large size-medium_large wp-image-7662 lazyload\" alt=\"\" data-srcset=\"https:\/\/unsuisseamallorca.com\/wp-content\/uploads\/2021\/06\/DJI_0444-768x576.jpg 768w, https:\/\/unsuisseamallorca.com\/wp-content\/uploads\/2021\/06\/DJI_0444-300x225.jpg 300w, https:\/\/unsuisseamallorca.com\/wp-content\/uploads\/2021\/06\/DJI_0444-1024x768.jpg 1024w, https:\/\/unsuisseamallorca.com\/wp-content\/uploads\/2021\/06\/DJI_0444-1536x1152.jpg 1536w, https:\/\/unsuisseamallorca.com\/wp-content\/uploads\/2021\/06\/DJI_0444-2048x1536.jpg 2048w, https:\/\/unsuisseamallorca.com\/wp-content\/uploads\/2021\/06\/DJI_0444-scaled.jpg 2560w\" data-sizes=\"(max-width: 768px) 100vw, 768px\" src=\"data:image\/svg+xml;base64,PHN2ZyB3aWR0aD0iMSIgaGVpZ2h0PSIxIiB4bWxucz0iaHR0cDovL3d3dy53My5vcmcvMjAwMC9zdmciPjwvc3ZnPg==\" style=\"--smush-placeholder-width: 768px; --smush-placeholder-aspect-ratio: 768\/576;\" \/>\t\t\t\t\t\t\t\t\t\t\t<figcaption class=\"widget-image-caption wp-caption-text\"><\/figcaption>\n\t\t\t\t\t\t\t\t\t\t<\/figure>\n\t\t\t\t\t\t\t\t\t<\/div>\n\t\t\t\t<\/div>\n\t\t\t\t<div class=\"elementor-element elementor-element-7c5c192 elementor-widget elementor-widget-image\" data-id=\"7c5c192\" data-element_type=\"widget\" data-widget_type=\"image.default\">\n\t\t\t\t<div class=\"elementor-widget-container\">\n\t\t\t\t\t\t\t\t\t\t\t\t<figure class=\"wp-caption\">\n\t\t\t\t\t\t\t\t\t\t<img decoding=\"async\" width=\"768\" height=\"576\" data-src=\"https:\/\/unsuisseamallorca.com\/wp-content\/uploads\/2020\/06\/Site-11-6-768x576.jpg\" class=\"attachment-medium_large size-medium_large wp-image-3675 lazyload\" alt=\"\" data-srcset=\"https:\/\/unsuisseamallorca.com\/wp-content\/uploads\/2020\/06\/Site-11-6-768x576.jpg 768w, https:\/\/unsuisseamallorca.com\/wp-content\/uploads\/2020\/06\/Site-11-6-300x225.jpg 300w, https:\/\/unsuisseamallorca.com\/wp-content\/uploads\/2020\/06\/Site-11-6-1024x768.jpg 1024w, https:\/\/unsuisseamallorca.com\/wp-content\/uploads\/2020\/06\/Site-11-6-1536x1152.jpg 1536w, https:\/\/unsuisseamallorca.com\/wp-content\/uploads\/2020\/06\/Site-11-6-2048x1536.jpg 2048w, https:\/\/unsuisseamallorca.com\/wp-content\/uploads\/2020\/06\/Site-11-6-scaled.jpg 2560w\" data-sizes=\"(max-width: 768px) 100vw, 768px\" src=\"data:image\/svg+xml;base64,PHN2ZyB3aWR0aD0iMSIgaGVpZ2h0PSIxIiB4bWxucz0iaHR0cDovL3d3dy53My5vcmcvMjAwMC9zdmciPjwvc3ZnPg==\" style=\"--smush-placeholder-width: 768px; --smush-placeholder-aspect-ratio: 768\/576;\" \/>\t\t\t\t\t\t\t\t\t\t\t<figcaption class=\"widget-image-caption wp-caption-text\"><\/figcaption>\n\t\t\t\t\t\t\t\t\t\t<\/figure>\n\t\t\t\t\t\t\t\t\t<\/div>\n\t\t\t\t<\/div>\n\t\t\t\t<div class=\"elementor-element elementor-element-9c43833 elementor-widget elementor-widget-image\" data-id=\"9c43833\" data-element_type=\"widget\" data-widget_type=\"image.default\">\n\t\t\t\t<div class=\"elementor-widget-container\">\n\t\t\t\t\t\t\t\t\t\t\t\t<figure class=\"wp-caption\">\n\t\t\t\t\t\t\t\t\t\t<img decoding=\"async\" width=\"768\" height=\"576\" data-src=\"https:\/\/unsuisseamallorca.com\/wp-content\/uploads\/2021\/06\/DJI_0448-768x576.jpg\" class=\"attachment-medium_large size-medium_large wp-image-7663 lazyload\" alt=\"\" data-srcset=\"https:\/\/unsuisseamallorca.com\/wp-content\/uploads\/2021\/06\/DJI_0448-768x576.jpg 768w, https:\/\/unsuisseamallorca.com\/wp-content\/uploads\/2021\/06\/DJI_0448-300x225.jpg 300w, https:\/\/unsuisseamallorca.com\/wp-content\/uploads\/2021\/06\/DJI_0448-1024x768.jpg 1024w, https:\/\/unsuisseamallorca.com\/wp-content\/uploads\/2021\/06\/DJI_0448-1536x1152.jpg 1536w, https:\/\/unsuisseamallorca.com\/wp-content\/uploads\/2021\/06\/DJI_0448-2048x1536.jpg 2048w, https:\/\/unsuisseamallorca.com\/wp-content\/uploads\/2021\/06\/DJI_0448-scaled.jpg 2560w\" data-sizes=\"(max-width: 768px) 100vw, 768px\" src=\"data:image\/svg+xml;base64,PHN2ZyB3aWR0aD0iMSIgaGVpZ2h0PSIxIiB4bWxucz0iaHR0cDovL3d3dy53My5vcmcvMjAwMC9zdmciPjwvc3ZnPg==\" style=\"--smush-placeholder-width: 768px; --smush-placeholder-aspect-ratio: 768\/576;\" \/>\t\t\t\t\t\t\t\t\t\t\t<figcaption class=\"widget-image-caption wp-caption-text\"><\/figcaption>\n\t\t\t\t\t\t\t\t\t\t<\/figure>\n\t\t\t\t\t\t\t\t\t<\/div>\n\t\t\t\t<\/div>\n\t\t\t\t<div class=\"elementor-element elementor-element-3b2c8b5 elementor-widget elementor-widget-image\" data-id=\"3b2c8b5\" data-element_type=\"widget\" data-widget_type=\"image.default\">\n\t\t\t\t<div class=\"elementor-widget-container\">\n\t\t\t\t\t\t\t\t\t\t\t\t<figure class=\"wp-caption\">\n\t\t\t\t\t\t\t\t\t\t<img decoding=\"async\" width=\"768\" height=\"576\" data-src=\"https:\/\/unsuisseamallorca.com\/wp-content\/uploads\/2021\/06\/DSC01126-768x576.jpg\" class=\"attachment-medium_large size-medium_large wp-image-7664 lazyload\" alt=\"\" data-srcset=\"https:\/\/unsuisseamallorca.com\/wp-content\/uploads\/2021\/06\/DSC01126-768x576.jpg 768w, https:\/\/unsuisseamallorca.com\/wp-content\/uploads\/2021\/06\/DSC01126-300x225.jpg 300w, https:\/\/unsuisseamallorca.com\/wp-content\/uploads\/2021\/06\/DSC01126-1024x768.jpg 1024w, https:\/\/unsuisseamallorca.com\/wp-content\/uploads\/2021\/06\/DSC01126-1536x1152.jpg 1536w, https:\/\/unsuisseamallorca.com\/wp-content\/uploads\/2021\/06\/DSC01126-2048x1536.jpg 2048w, https:\/\/unsuisseamallorca.com\/wp-content\/uploads\/2021\/06\/DSC01126-scaled.jpg 2560w\" data-sizes=\"(max-width: 768px) 100vw, 768px\" src=\"data:image\/svg+xml;base64,PHN2ZyB3aWR0aD0iMSIgaGVpZ2h0PSIxIiB4bWxucz0iaHR0cDovL3d3dy53My5vcmcvMjAwMC9zdmciPjwvc3ZnPg==\" style=\"--smush-placeholder-width: 768px; --smush-placeholder-aspect-ratio: 768\/576;\" \/>\t\t\t\t\t\t\t\t\t\t\t<figcaption class=\"widget-image-caption wp-caption-text\"><\/figcaption>\n\t\t\t\t\t\t\t\t\t\t<\/figure>\n\t\t\t\t\t\t\t\t\t<\/div>\n\t\t\t\t<\/div>\n\t\t\t\t\t<\/div>\n\t\t<\/div>\n\t\t\t\t<div class=\"elementor-column elementor-col-50 elementor-top-column elementor-element elementor-element-0c92d70\" data-id=\"0c92d70\" data-element_type=\"column\">\n\t\t\t<div class=\"elementor-widget-wrap elementor-element-populated\">\n\t\t\t\t\t\t<div class=\"elementor-element elementor-element-c74a2c7 elementor-widget elementor-widget-heading\" data-id=\"c74a2c7\" data-element_type=\"widget\" data-widget_type=\"heading.default\">\n\t\t\t\t<div class=\"elementor-widget-container\">\n\t\t\t\t\t<h3 class=\"elementor-heading-title elementor-size-default\">Le centre ville<\/h3>\t\t\t\t<\/div>\n\t\t\t\t<\/div>\n\t\t\t\t<div class=\"elementor-element elementor-element-5844612 elementor-widget elementor-widget-text-editor\" data-id=\"5844612\" data-element_type=\"widget\" data-widget_type=\"text-editor.default\">\n\t\t\t\t<div class=\"elementor-widget-container\">\n\t\t\t\t\t\t\t\t\tLe Paseo de Born, au centre de Palma: C\u2019est la super avenue promenade anim\u00e9e au c\u0153ur de Palma, qui descend jusqu\u2019\u00e0 la mer jusqu\u2019au tr\u00e8s reposant jardin S\u2019Hort del Rei ( \u201cjardins du roi\u201d) et le Parc de la Mar, avec des sculptures de Miro et Calder. C\u2019est vraiment tr\u00e8s sympa de s\u2019y promener, avec ses bars des ann\u00e9es trente, ses boutiques, ses kiosques, son animation grouillante de fin d\u2019apr\u00e8s-midi. Le paseo Born, bon rep\u00e8re pour les touristes, s\u00e9pare les 2 centres historiques de Palma de Majorque avec les 4 incontournables de Palma: La Cath\u00e9drale de Palma Le Palais de l\u2019Almudaina La Lonja de Mallorca Le ch\u00e2teau de Bellver (plus \u00e0 l\u2019Ouest). <br>Puis en partant de la Plaza Mayor, rejoignons la Plaza del Mercat par la Carrer de la Riera, jusqu&rsquo;\u00e0 , l&rsquo;ancien march\u00e9 juif des XVe et XVIe si\u00e8cles, aujourd&rsquo;hui un quartier de boutiques, caf\u00e9s et restaurants. Plaza Frederic Chopin, rue Jovellanos, Paseo del Born qui abrite aujourd&rsquo;hui certaines des boutiques les plus exclusives de Palma de Majorque: Louis Vuitton, Carolina Herrera, Hugo Boss, Relojer\u00eda Alemana, Tous Avenida Jaume III, la principale rue commer\u00e7ante de Palma, aujourd&rsquo;hui quelque peu \u00abmenac\u00e9e\u00bb par le Paseo del Born \u00e0 proximit\u00e9. Loewe, Cartier, Mascar\u00f3, Camper, Lottusse et m\u00eame l&rsquo;un des deux El Corte Ingl\u00e9s de la ville ont leur si\u00e8ge dans cette rue.\nContinuons le long de la Carrer de Catalunya, en traversant Sa Riera, le lit de l&rsquo;ancienne rivi\u00e8re qui traverse une partie de la ville, nous nous retrouverons dans l&rsquo;un des quartiers les plus caract\u00e9ristiques de Palma: le quartier de Santa Catalina, Carrer de Murillo, Carrer de Borguny, carrer de Colubi, ensuite passons dans la rue Barcelona, \u200b\u200bla rue Monterrey, la rue Montseny Palmer, la mer, son port et la promenade. Remontons par le m\u00eame chemin jusqu&rsquo;au Parc de la Feixina, par le flanc du Torrent de Sa Riera, jusqu&rsquo;\u00e0 la Plaza de la Porta de Santa Catalina, carrer de la Polvora, ici le Bou de Santiago Calatrava, par la rue de Sant Pere nous sommes arrivons \u00e0 la Plaza de la Drassana.<br>\nVisitons un autre des quartiers typiques de Palma, La Lonja. En fait, le quartier tire son nom du b\u00e2timent La Lonja, une impressionnante construction gothique construite par Guillermo Sagrera entre 1420 et 1452, nous continuons jusqu&rsquo;au Palais de l&rsquo;Almudaina et d&rsquo;ici \u00e0 la cath\u00e9drale. La construction de la cath\u00e9drale de Palma a commenc\u00e9 en 1229, apr\u00e8s la conqu\u00eate de l&rsquo;\u00eele par le roi Jaime I d&rsquo;Aragon, sur l&rsquo;ancienne mosqu\u00e9e Medina Mayurca et en l&rsquo;honneur de Santa Mar\u00eda, qui les avait sauv\u00e9s d&rsquo;un naufrage caus\u00e9 par la temp\u00eate sur le chemin de Majorque. De style gothique, il a fallu pr\u00e8s de 400 ans pour le terminer.<br>\nContinuons le long de la rue Palau Reial, passons devant ce qui \u00e9tait l&rsquo;ancien Cercle de Majorque, un b\u00e2timent impressionnant qui abritait les danses et les f\u00eates de la noblesse de Palma pendant la premi\u00e8re moiti\u00e9 du XXe si\u00e8cle, et qui est aujourd&rsquo;hui le si\u00e8ge du Parlement des Bal\u00e9ares, \u00e0 c\u00f4t\u00e9 de ce b\u00e2timent, on peut voir le Palau March, qui \u00e9tait la r\u00e9sidence de l&rsquo;homme autrefois le plus riche du monde, Juan March Ordinas, homme d&rsquo;affaires et financier, et ce b\u00e2timent peut \u00eatre visit\u00e9 aujourd&rsquo;hui.\nContinuons jusqu&rsquo;\u00e0 la Plaza de Cort o\u00f9 se trouvent l&rsquo;h\u00f4tel de ville et la Millennial Olivera, d&rsquo;ici direction la Plaza Santa Eulalia avec sa majestueuse \u00e9glise (Palma de Majorque est une ville d&rsquo;\u00e9glises), prenons la Calle San\u00e7, o\u00f9 nous pourrions d\u00e9jeuner dans l&rsquo;original C&rsquo;an Joan de S&rsquo;Aigua sur la Calle San\u00e7 10. Cet \u00e9tablissement, fond\u00e9 en 1700, est un grand classique de la ville, et en plus de ses ensaimadas et chambres, il propose des glaces artisanales exquises \u00e0 toute heure, repartons par le quartier de Sa Gerreria et ses rues \u00e9troites en pierre.\t\t\t\t\t\t\t\t<\/div>\n\t\t\t\t<\/div>\n\t\t\t\t\t<\/div>\n\t\t<\/div>\n\t\t\t\t\t<\/div>\n\t\t<\/section>\n\t\t\t\t<section class=\"elementor-section elementor-top-section elementor-element elementor-element-3f5bf13a elementor-section-content-middle elementor-reverse-mobile elementor-section-boxed elementor-section-height-default elementor-section-height-default\" data-id=\"3f5bf13a\" data-element_type=\"section\">\n\t\t\t\t\t\t<div class=\"elementor-container elementor-column-gap-default\">\n\t\t\t\t\t<div class=\"elementor-column elementor-col-50 elementor-top-column elementor-element elementor-element-37f16428\" data-id=\"37f16428\" data-element_type=\"column\">\n\t\t\t<div class=\"elementor-widget-wrap elementor-element-populated\">\n\t\t\t\t\t\t<div class=\"elementor-element elementor-element-44bb8af elementor-widget elementor-widget-heading\" data-id=\"44bb8af\" data-element_type=\"widget\" data-widget_type=\"heading.default\">\n\t\t\t\t<div class=\"elementor-widget-container\">\n\t\t\t\t\t<h3 class=\"elementor-heading-title elementor-size-default\">Les monuments<\/h3>\t\t\t\t<\/div>\n\t\t\t\t<\/div>\n\t\t\t\t<div class=\"elementor-element elementor-element-82cc01c elementor-widget elementor-widget-text-editor\" data-id=\"82cc01c\" data-element_type=\"widget\" data-widget_type=\"text-editor.default\">\n\t\t\t\t<div class=\"elementor-widget-container\">\n\t\t\t\t\t\t\t\t\t<p>Le Palais de l\u2019Almudaina Fabuleux! A c\u00f4t\u00e9 de la Cath\u00e9drale, c\u2019est l\u2019ancienne r\u00e9sidence des Maures, puis palais des Rois de Majorque des Bal\u00e9ares. A voir absolument: le patio, la galerie gothique, la chapelle. La Basilique sant Francesc, et son splendide clo\u00eetre gothique. Le Mus\u00e9e de Majorque, situ\u00e9 sur la calle Portella, un mus\u00e9e que\u00a0 tr\u00e8s int\u00e9ressant, dans un ancien palais avec une partie arch\u00e9ologique, une super partie sur les peintures gothiques majorquines, et une partie c\u00e9ramique. Les Bains Arabes, derri\u00e8re le Mus\u00e9e de Majorque, vestiges de la domination musulmane au X\u00b0s, pendant 4 si\u00e9cles, avec un splendide jardin. L\u2019Ayutamiento situ\u00e9 sur la place de Cortes, avec sa superbe fa\u00e7ade, visite gratuite le dimanche. Le Llonja de Mallorca, face \u00e0 la mer, sur le paseo Sagrera, c\u2019est un chef d\u2019\u0153uvre de l\u2019architecture gothique civile! A ne pas rater, il est absolument magnifique. Le consulat de la Mer juste \u00e0 c\u00f4t\u00e9 du Llonja, avec une superbe galerie sup\u00e9rieure. Le ch\u00e2teau de Bellver est \u00e0 ne pas rater, c\u2019est un chef d\u2019\u0153uvre gothique militaire, avec sa situation sur une colline bois\u00e9e et sa vue top sur la baie de Palma et la cha\u00eene de montagnes. Avec la Cath\u00e9drale, le Palais de l\u2019Almudaina et la Londja, c\u2019est l\u2019incontournable \u00e0 Palma.<\/p>\t\t\t\t\t\t\t\t<\/div>\n\t\t\t\t<\/div>\n\t\t\t\t\t<\/div>\n\t\t<\/div>\n\t\t\t\t<div class=\"elementor-column elementor-col-50 elementor-top-column elementor-element elementor-element-58a515fc\" data-id=\"58a515fc\" data-element_type=\"column\">\n\t\t\t<div class=\"elementor-widget-wrap elementor-element-populated\">\n\t\t\t\t\t\t<div class=\"elementor-element elementor-element-4e124897 elementor-widget elementor-widget-image\" data-id=\"4e124897\" data-element_type=\"widget\" data-widget_type=\"image.default\">\n\t\t\t\t<div class=\"elementor-widget-container\">\n\t\t\t\t\t\t\t\t\t\t\t\t<figure class=\"wp-caption\">\n\t\t\t\t\t\t\t\t\t\t<img decoding=\"async\" width=\"768\" height=\"576\" data-src=\"https:\/\/unsuisseamallorca.com\/wp-content\/uploads\/2020\/09\/2014-10-04-21.18.30-768x576.jpg\" class=\"attachment-medium_large size-medium_large wp-image-5901 lazyload\" alt=\"\" data-srcset=\"https:\/\/unsuisseamallorca.com\/wp-content\/uploads\/2020\/09\/2014-10-04-21.18.30-768x576.jpg 768w, https:\/\/unsuisseamallorca.com\/wp-content\/uploads\/2020\/09\/2014-10-04-21.18.30-300x225.jpg 300w, https:\/\/unsuisseamallorca.com\/wp-content\/uploads\/2020\/09\/2014-10-04-21.18.30-1024x768.jpg 1024w, https:\/\/unsuisseamallorca.com\/wp-content\/uploads\/2020\/09\/2014-10-04-21.18.30-1536x1152.jpg 1536w, https:\/\/unsuisseamallorca.com\/wp-content\/uploads\/2020\/09\/2014-10-04-21.18.30-2048x1536.jpg 2048w, https:\/\/unsuisseamallorca.com\/wp-content\/uploads\/2020\/09\/2014-10-04-21.18.30-scaled.jpg 2560w\" data-sizes=\"(max-width: 768px) 100vw, 768px\" src=\"data:image\/svg+xml;base64,PHN2ZyB3aWR0aD0iMSIgaGVpZ2h0PSIxIiB4bWxucz0iaHR0cDovL3d3dy53My5vcmcvMjAwMC9zdmciPjwvc3ZnPg==\" style=\"--smush-placeholder-width: 768px; --smush-placeholder-aspect-ratio: 768\/576;\" \/>\t\t\t\t\t\t\t\t\t\t\t<figcaption class=\"widget-image-caption wp-caption-text\">Palais de l'Almudaina<\/figcaption>\n\t\t\t\t\t\t\t\t\t\t<\/figure>\n\t\t\t\t\t\t\t\t\t<\/div>\n\t\t\t\t<\/div>\n\t\t\t\t<div class=\"elementor-element elementor-element-dca7323 elementor-widget elementor-widget-image\" data-id=\"dca7323\" data-element_type=\"widget\" data-widget_type=\"image.default\">\n\t\t\t\t<div class=\"elementor-widget-container\">\n\t\t\t\t\t\t\t\t\t\t\t\t<figure class=\"wp-caption\">\n\t\t\t\t\t\t\t\t\t\t<img decoding=\"async\" width=\"768\" height=\"513\" data-src=\"https:\/\/unsuisseamallorca.com\/wp-content\/uploads\/2020\/09\/DSCF1651-768x513.jpg\" class=\"attachment-medium_large size-medium_large wp-image-5903 lazyload\" alt=\"\" data-srcset=\"https:\/\/unsuisseamallorca.com\/wp-content\/uploads\/2020\/09\/DSCF1651-768x513.jpg 768w, https:\/\/unsuisseamallorca.com\/wp-content\/uploads\/2020\/09\/DSCF1651-300x200.jpg 300w, https:\/\/unsuisseamallorca.com\/wp-content\/uploads\/2020\/09\/DSCF1651-1024x684.jpg 1024w, https:\/\/unsuisseamallorca.com\/wp-content\/uploads\/2020\/09\/DSCF1651-1536x1026.jpg 1536w, https:\/\/unsuisseamallorca.com\/wp-content\/uploads\/2020\/09\/DSCF1651-2048x1368.jpg 2048w, https:\/\/unsuisseamallorca.com\/wp-content\/uploads\/2020\/09\/DSCF1651-scaled.jpg 2560w\" data-sizes=\"(max-width: 768px) 100vw, 768px\" src=\"data:image\/svg+xml;base64,PHN2ZyB3aWR0aD0iMSIgaGVpZ2h0PSIxIiB4bWxucz0iaHR0cDovL3d3dy53My5vcmcvMjAwMC9zdmciPjwvc3ZnPg==\" style=\"--smush-placeholder-width: 768px; --smush-placeholder-aspect-ratio: 768\/513;\" \/>\t\t\t\t\t\t\t\t\t\t\t<figcaption class=\"widget-image-caption wp-caption-text\">Palais de l'Almudaina<\/figcaption>\n\t\t\t\t\t\t\t\t\t\t<\/figure>\n\t\t\t\t\t\t\t\t\t<\/div>\n\t\t\t\t<\/div>\n\t\t\t\t\t<\/div>\n\t\t<\/div>\n\t\t\t\t\t<\/div>\n\t\t<\/section>\n\t\t\t\t<section class=\"elementor-section elementor-top-section elementor-element elementor-element-3d676daa elementor-section-content-middle elementor-section-boxed elementor-section-height-default elementor-section-height-default\" data-id=\"3d676daa\" data-element_type=\"section\">\n\t\t\t\t\t\t<div class=\"elementor-container elementor-column-gap-default\">\n\t\t\t\t\t<div class=\"elementor-column elementor-col-50 elementor-top-column elementor-element elementor-element-f72a020\" data-id=\"f72a020\" data-element_type=\"column\">\n\t\t\t<div class=\"elementor-widget-wrap elementor-element-populated\">\n\t\t\t\t\t\t<div class=\"elementor-element elementor-element-626e6c15 elementor-widget elementor-widget-image\" data-id=\"626e6c15\" data-element_type=\"widget\" data-widget_type=\"image.default\">\n\t\t\t\t<div class=\"elementor-widget-container\">\n\t\t\t\t\t\t\t\t\t\t\t\t<figure class=\"wp-caption\">\n\t\t\t\t\t\t\t\t\t\t<img decoding=\"async\" width=\"768\" height=\"480\" data-src=\"https:\/\/unsuisseamallorca.com\/wp-content\/uploads\/2020\/09\/mallorca-2733185-768x480.jpg\" class=\"attachment-medium_large size-medium_large wp-image-5916 lazyload\" alt=\"\" data-srcset=\"https:\/\/unsuisseamallorca.com\/wp-content\/uploads\/2020\/09\/mallorca-2733185-768x480.jpg 768w, https:\/\/unsuisseamallorca.com\/wp-content\/uploads\/2020\/09\/mallorca-2733185-300x188.jpg 300w, https:\/\/unsuisseamallorca.com\/wp-content\/uploads\/2020\/09\/mallorca-2733185.jpg 960w\" data-sizes=\"(max-width: 768px) 100vw, 768px\" src=\"data:image\/svg+xml;base64,PHN2ZyB3aWR0aD0iMSIgaGVpZ2h0PSIxIiB4bWxucz0iaHR0cDovL3d3dy53My5vcmcvMjAwMC9zdmciPjwvc3ZnPg==\" style=\"--smush-placeholder-width: 768px; --smush-placeholder-aspect-ratio: 768\/480;\" \/>\t\t\t\t\t\t\t\t\t\t\t<figcaption class=\"widget-image-caption wp-caption-text\"><\/figcaption>\n\t\t\t\t\t\t\t\t\t\t<\/figure>\n\t\t\t\t\t\t\t\t\t<\/div>\n\t\t\t\t<\/div>\n\t\t\t\t<div class=\"elementor-element elementor-element-2a4eee7 elementor-widget elementor-widget-image\" data-id=\"2a4eee7\" data-element_type=\"widget\" data-widget_type=\"image.default\">\n\t\t\t\t<div class=\"elementor-widget-container\">\n\t\t\t\t\t\t\t\t\t\t\t\t<figure class=\"wp-caption\">\n\t\t\t\t\t\t\t\t\t\t<img decoding=\"async\" width=\"768\" height=\"1024\" data-src=\"https:\/\/unsuisseamallorca.com\/wp-content\/uploads\/2020\/09\/IMG_1002-768x1024.jpg\" class=\"attachment-medium_large size-medium_large wp-image-5915 lazyload\" alt=\"\" data-srcset=\"https:\/\/unsuisseamallorca.com\/wp-content\/uploads\/2020\/09\/IMG_1002-768x1024.jpg 768w, https:\/\/unsuisseamallorca.com\/wp-content\/uploads\/2020\/09\/IMG_1002-225x300.jpg 225w, https:\/\/unsuisseamallorca.com\/wp-content\/uploads\/2020\/09\/IMG_1002-1152x1536.jpg 1152w, https:\/\/unsuisseamallorca.com\/wp-content\/uploads\/2020\/09\/IMG_1002-1536x2048.jpg 1536w, https:\/\/unsuisseamallorca.com\/wp-content\/uploads\/2020\/09\/IMG_1002-scaled.jpg 1920w\" data-sizes=\"(max-width: 768px) 100vw, 768px\" src=\"data:image\/svg+xml;base64,PHN2ZyB3aWR0aD0iMSIgaGVpZ2h0PSIxIiB4bWxucz0iaHR0cDovL3d3dy53My5vcmcvMjAwMC9zdmciPjwvc3ZnPg==\" style=\"--smush-placeholder-width: 768px; --smush-placeholder-aspect-ratio: 768\/1024;\" \/>\t\t\t\t\t\t\t\t\t\t\t<figcaption class=\"widget-image-caption wp-caption-text\"><\/figcaption>\n\t\t\t\t\t\t\t\t\t\t<\/figure>\n\t\t\t\t\t\t\t\t\t<\/div>\n\t\t\t\t<\/div>\n\t\t\t\t\t<\/div>\n\t\t<\/div>\n\t\t\t\t<div class=\"elementor-column elementor-col-50 elementor-top-column elementor-element elementor-element-44f1fa05\" data-id=\"44f1fa05\" data-element_type=\"column\">\n\t\t\t<div class=\"elementor-widget-wrap elementor-element-populated\">\n\t\t\t\t\t\t<div class=\"elementor-element elementor-element-3f8de43f elementor-widget elementor-widget-heading\" data-id=\"3f8de43f\" data-element_type=\"widget\" data-widget_type=\"heading.default\">\n\t\t\t\t<div class=\"elementor-widget-container\">\n\t\t\t\t\t<h3 class=\"elementor-heading-title elementor-size-default\">Les Places<\/h3>\t\t\t\t<\/div>\n\t\t\t\t<\/div>\n\t\t\t\t<div class=\"elementor-element elementor-element-3202e85f elementor-widget elementor-widget-text-editor\" data-id=\"3202e85f\" data-element_type=\"widget\" data-widget_type=\"text-editor.default\">\n\t\t\t\t<div class=\"elementor-widget-container\">\n\t\t\t\t\t\t\t\t\t<ul>\n \t<li class=\"p1\">\n<h3><span class=\"s1\">La Pla\u00e7a Mayor<\/span><\/h3>\n<\/li>\n<\/ul>\n<p class=\"p1\"><span class=\"s1\">Une tr\u00e8s jolie place bord\u00e9e d\u2019immeubles aux fa\u00e7ades ocres, tr\u00e8s anim\u00e9e gr\u00e2ce aux innombrables terrasses de caf\u00e9s et restaurants. Certes, elle n\u2019a pas la grandeur de celle de Madrid mais elle fait son petit effet !\u00a0<\/span>Une place sympa pour faire une pause\u2026<\/p>\n\n<ul>\n \t<li class=\"p1\">\n<h4><span class=\"s1\">La Pla\u00e7a de Cort<\/span><\/h4>\n<\/li>\n<\/ul>\n<p class=\"p1\"><span class=\"s1\">Sur cette jolie place se trouve l\u2019h\u00f4tel de ville de Palma, un palais majorquin du XVIIe si\u00e8cle qui arbore une magnifique fa\u00e7ade. Ne manquez pas de vous asseoir quelques minutes pour l\u2019observer \u00e0 l\u2019ombre du vieil olivier (il aurait plus de 600 ans, quand m\u00eame !!). Et surtout n\u2019oubliez pas de lever la t\u00eate, il y a de superbes immeubles tout autour, comme celui de Can Corbella \u2192\u00a0<em>rue Sant Domingo<\/em>.<\/span><\/p>\n\n<ul>\n \t<li>\n<h4><span class=\"s1\">La Pla\u00e7a de Espana<\/span><\/h4>\n<\/li>\n<\/ul>\n<span class=\"JLqJ4b ChMk0b\" data-language-for-alternatives=\"fr\" data-language-to-translate-into=\"ca\" data-phrase-index=\"0\">La Place d&rsquo;Espagne est un espace public et\u00a0 le centre n\u00e9vralgique des communications dans la capitale majorquine, car la gare y est situ\u00e9e c&rsquo;est \u00e9galement le noyau de toutes les lignes de bus<\/span><span class=\"JLqJ4b ChMk0b\" data-language-for-alternatives=\"fr\" data-language-to-translate-into=\"ca\" data-phrase-index=\"1\">.<\/span> <span class=\"JLqJ4b ChMk0b\" data-language-for-alternatives=\"fr\" data-language-to-translate-into=\"ca\" data-phrase-index=\"2\">De plus, c&rsquo;est un point de rencontre et une entr\u00e9e au centre-ville.<\/span> <span class=\"JLqJ4b ChMk0b\" data-language-for-alternatives=\"fr\" data-language-to-translate-into=\"ca\" data-phrase-index=\"4\">De nombreuses routes convergent sur la place: les avenues Juan March et Alexandre Rossell\u00f3, le Parque de las Estaciones et la rue Eusebio Estada. La grande statue de Jaume 1er tr\u00f4ne au centre de la place.<\/span>\n<ul>\n \t<li>\n<h4><span class=\"s1\">La Pla\u00e7a del Toro<\/span><\/h4>\n<\/li>\n<\/ul>\n<span class=\"JLqJ4b ChMk0b\" data-language-for-alternatives=\"fr\" data-language-to-translate-into=\"ca\" data-phrase-index=\"8\">La Plaza de Toros \u00e0 Palma, populairement connue sous le nom de Colis\u00e9e des Bal\u00e9ares<\/span><span class=\"JLqJ4b ChMk0b\" data-language-for-alternatives=\"fr\" data-language-to-translate-into=\"ca\" data-phrase-index=\"9\"> est situ\u00e9e sur l&rsquo;Avenida Gaspar Bennassar (l&rsquo;architecte qui l&rsquo;a con\u00e7u) dans le quartier du m\u00eame nom au nord de la ville.<\/span> <span class=\"JLqJ4b ChMk0b\" data-language-for-alternatives=\"fr\" data-language-to-translate-into=\"ca\" data-phrase-index=\"11\">La place se compose de 11 620 places dans les tribunes, 4 tours (nord, sud, est et ouest) et mesure 44,5 m\u00e8tres de diam\u00e8tre.<\/span> <span class=\"JLqJ4b ChMk0b\" data-language-for-alternatives=\"fr\" data-language-to-translate-into=\"ca\" data-phrase-index=\"14\">Elle est utilis\u00e9e pour des usages sportifs et surtout pour \u00eatre le lieu o\u00f9 se tiennent les concerts d&rsquo;\u00e9t\u00e9 les plus fr\u00e9quent\u00e9s de l&rsquo;\u00eele et \u00e9galement sa foire taurine d&rsquo;ao\u00fbt.<\/span> <span class=\"JLqJ4b ChMk0b\" data-language-for-alternatives=\"fr\" data-language-to-translate-into=\"ca\" data-phrase-index=\"16\">Le Coliseo Balear fait partie du patrimoine historique de la ville de Palma.<\/span>\t\t\t\t\t\t\t\t<\/div>\n\t\t\t\t<\/div>\n\t\t\t\t\t<\/div>\n\t\t<\/div>\n\t\t\t\t\t<\/div>\n\t\t<\/section>\n\t\t\t\t<section class=\"elementor-section elementor-top-section elementor-element elementor-element-653095be elementor-section-content-middle elementor-reverse-mobile elementor-section-boxed elementor-section-height-default elementor-section-height-default\" data-id=\"653095be\" data-element_type=\"section\">\n\t\t\t\t\t\t<div class=\"elementor-container elementor-column-gap-default\">\n\t\t\t\t\t<div class=\"elementor-column elementor-col-50 elementor-top-column elementor-element elementor-element-dedd3c0\" data-id=\"dedd3c0\" data-element_type=\"column\">\n\t\t\t<div class=\"elementor-widget-wrap elementor-element-populated\">\n\t\t\t\t\t\t<div class=\"elementor-element elementor-element-3d1179a elementor-widget elementor-widget-heading\" data-id=\"3d1179a\" data-element_type=\"widget\" data-widget_type=\"heading.default\">\n\t\t\t\t<div class=\"elementor-widget-container\">\n\t\t\t\t\t<h3 class=\"elementor-heading-title elementor-size-default\">Les \u00e9glises<\/h3>\t\t\t\t<\/div>\n\t\t\t\t<\/div>\n\t\t\t\t<div class=\"elementor-element elementor-element-13f37ca6 elementor-widget elementor-widget-text-editor\" data-id=\"13f37ca6\" data-element_type=\"widget\" data-widget_type=\"text-editor.default\">\n\t\t\t\t<div class=\"elementor-widget-container\">\n\t\t\t\t\t\t\t\t\t<li>La Cath\u00e9drale de Palma de Majorque Chef d\u2019\u0153uvre gothique impressionnant, pos\u00e9 au bord de la mer, appel\u00e9e aussi \u201cSa Seu\u201d par les habitants de Palma. A voir le Portail du Mirador extraordinaire. Un must!! allez y le matin, effet de lumi\u00e8re magique avec les 61 vitraux et 5 immenses rosaces.Entr\u00e9e 4\u20ac, 7\u20ac avec l\u2019audioguide, ferm\u00e9 le samedi apr\u00e8s 14h, le dimanche et les J.F. Ouvert de 10h \u00e0 17h30 (15 h de nov. \u00e0 mars). Astuce: pour \u00e9viter la queue, vous pouvez prendre le billet au mus\u00e9e du Dioc\u00e8se, derri\u00e8re la cath\u00e9drale.\n<ul>\n<li>L&rsquo;\u00e9glise Iglesia Porciuncula plus connue sous le nom de l&rsquo;\u00e9glise du cristal. Erig\u00e9e au d\u00e9part sur un terrain mar\u00e9cageux par les Fr\u00e8res Franciscains en 1915, la petite chapelle a \u00e9t\u00e9 enti\u00e8rement m\u00e9tamorphos\u00e9e en \u00e9tonnante structure ronde de b\u00e9ton et de fer. \u00c0 l&rsquo;int\u00e9rieur, trente-neuf vitraux content la vie de Saint Fran\u00e7ois d&rsquo;Assise ainsi que des passages de l&rsquo;Ancien et du Nouveau Testament. La sacristie offre \u00e0 voir une collection arch\u00e9ologique, outils notamment, et des documents photos, peintures montrant la transformation de Palma depuis le XVIIIe si\u00e8cle.<\/li>\n<\/ul>\n<ul>\n \t<li>De Santa Cruz (gothique)<\/li>\n<\/ul>\n<ul>\n \t<li>San Nicolas (XIV<sup>e<\/sup>-XV<sup>e<\/sup>\u00a0si\u00e8cles)<\/li>\n<\/ul>\n<ul>\n \t<li>San Jaume<\/li>\n<\/ul>\n<ul>\n \t<li>San Miguel<\/li>\n<\/ul>\n<ul>\n \t<li>Sainte-Marguerite<\/li>\n<\/ul>\n<ul>\n \t<li>Le couvent Santa Margarita Tom\u00e1s (XVI<sup>e<\/sup>\u00a0si\u00e8cle)<\/li>\n<\/ul>\n<ul>\n \t\t\t\t\t\t\t\t\t<\/div>\n\t\t\t\t<\/div>\n\t\t\t\t\t<\/div>\n\t\t<\/div>\n\t\t\t\t<div class=\"elementor-column elementor-col-50 elementor-top-column elementor-element elementor-element-2f3a50b5\" data-id=\"2f3a50b5\" data-element_type=\"column\">\n\t\t\t<div class=\"elementor-widget-wrap elementor-element-populated\">\n\t\t\t\t\t\t<div class=\"elementor-element elementor-element-1f53208a elementor-widget elementor-widget-image\" data-id=\"1f53208a\" data-element_type=\"widget\" data-widget_type=\"image.default\">\n\t\t\t\t<div class=\"elementor-widget-container\">\n\t\t\t\t\t\t\t\t\t\t\t\t\t\t\t<img decoding=\"async\" width=\"768\" height=\"1024\" data-src=\"https:\/\/unsuisseamallorca.com\/wp-content\/uploads\/2020\/09\/DSCN2871-768x1024.jpg\" class=\"attachment-medium_large size-medium_large wp-image-5906 lazyload\" alt=\"\" data-srcset=\"https:\/\/unsuisseamallorca.com\/wp-content\/uploads\/2020\/09\/DSCN2871-768x1024.jpg 768w, https:\/\/unsuisseamallorca.com\/wp-content\/uploads\/2020\/09\/DSCN2871-225x300.jpg 225w, https:\/\/unsuisseamallorca.com\/wp-content\/uploads\/2020\/09\/DSCN2871-1152x1536.jpg 1152w, https:\/\/unsuisseamallorca.com\/wp-content\/uploads\/2020\/09\/DSCN2871-1536x2048.jpg 1536w, https:\/\/unsuisseamallorca.com\/wp-content\/uploads\/2020\/09\/DSCN2871-scaled.jpg 1920w\" data-sizes=\"(max-width: 768px) 100vw, 768px\" src=\"data:image\/svg+xml;base64,PHN2ZyB3aWR0aD0iMSIgaGVpZ2h0PSIxIiB4bWxucz0iaHR0cDovL3d3dy53My5vcmcvMjAwMC9zdmciPjwvc3ZnPg==\" style=\"--smush-placeholder-width: 768px; --smush-placeholder-aspect-ratio: 768\/1024;\" \/>\t\t\t\t\t\t\t\t\t\t\t\t\t\t\t<\/div>\n\t\t\t\t<\/div>\n\t\t\t\t\t<\/div>\n\t\t<\/div>\n\t\t\t\t\t<\/div>\n\t\t<\/section>\n\t\t\t\t<section class=\"elementor-section elementor-top-section elementor-element elementor-element-71762cfb elementor-section-content-middle elementor-section-boxed elementor-section-height-default elementor-section-height-default\" data-id=\"71762cfb\" data-element_type=\"section\">\n\t\t\t\t\t\t<div class=\"elementor-container elementor-column-gap-default\">\n\t\t\t\t\t<div class=\"elementor-column elementor-col-50 elementor-top-column elementor-element elementor-element-1390302f\" data-id=\"1390302f\" data-element_type=\"column\">\n\t\t\t<div class=\"elementor-widget-wrap elementor-element-populated\">\n\t\t\t\t\t\t<div class=\"elementor-element elementor-element-3f750e8d elementor-widget elementor-widget-image\" data-id=\"3f750e8d\" data-element_type=\"widget\" data-widget_type=\"image.default\">\n\t\t\t\t<div class=\"elementor-widget-container\">\n\t\t\t\t\t\t\t\t\t\t\t\t\t\t\t<img decoding=\"async\" width=\"768\" height=\"576\" data-src=\"https:\/\/unsuisseamallorca.com\/wp-content\/uploads\/2020\/09\/DSC01186-768x576.jpg\" class=\"attachment-medium_large size-medium_large wp-image-5918 lazyload\" alt=\"\" data-srcset=\"https:\/\/unsuisseamallorca.com\/wp-content\/uploads\/2020\/09\/DSC01186-768x576.jpg 768w, https:\/\/unsuisseamallorca.com\/wp-content\/uploads\/2020\/09\/DSC01186-300x225.jpg 300w, https:\/\/unsuisseamallorca.com\/wp-content\/uploads\/2020\/09\/DSC01186-1024x768.jpg 1024w, https:\/\/unsuisseamallorca.com\/wp-content\/uploads\/2020\/09\/DSC01186-1536x1152.jpg 1536w, https:\/\/unsuisseamallorca.com\/wp-content\/uploads\/2020\/09\/DSC01186-2048x1536.jpg 2048w, https:\/\/unsuisseamallorca.com\/wp-content\/uploads\/2020\/09\/DSC01186-scaled.jpg 2560w\" data-sizes=\"(max-width: 768px) 100vw, 768px\" src=\"data:image\/svg+xml;base64,PHN2ZyB3aWR0aD0iMSIgaGVpZ2h0PSIxIiB4bWxucz0iaHR0cDovL3d3dy53My5vcmcvMjAwMC9zdmciPjwvc3ZnPg==\" style=\"--smush-placeholder-width: 768px; --smush-placeholder-aspect-ratio: 768\/576;\" \/>\t\t\t\t\t\t\t\t\t\t\t\t\t\t\t<\/div>\n\t\t\t\t<\/div>\n\t\t\t\t\t<\/div>\n\t\t<\/div>\n\t\t\t\t<div class=\"elementor-column elementor-col-50 elementor-top-column elementor-element elementor-element-4657af37\" data-id=\"4657af37\" data-element_type=\"column\">\n\t\t\t<div class=\"elementor-widget-wrap elementor-element-populated\">\n\t\t\t\t\t\t<div class=\"elementor-element elementor-element-f0bac55 elementor-widget elementor-widget-heading\" data-id=\"f0bac55\" data-element_type=\"widget\" data-widget_type=\"heading.default\">\n\t\t\t\t<div class=\"elementor-widget-container\">\n\t\t\t\t\t<h3 class=\"elementor-heading-title elementor-size-default\">Le port<\/h3>\t\t\t\t<\/div>\n\t\t\t\t<\/div>\n\t\t\t\t<div class=\"elementor-element elementor-element-34bf440c elementor-widget elementor-widget-text-editor\" data-id=\"34bf440c\" data-element_type=\"widget\" data-widget_type=\"text-editor.default\">\n\t\t\t\t<div class=\"elementor-widget-container\">\n\t\t\t\t\t\t\t\t\t<p>Palma de Majorque est l&rsquo;un des ports les plus fr\u00e9quent\u00e9s de la M\u00e9diterran\u00e9e, accueillant plus de 1,7 million de passagers de paquebots de croisi\u00e8re chaque ann\u00e9e. En tant que porte d&rsquo;entr\u00e9e de l&rsquo;\u00eele de Majorque et des \u00eeles Bal\u00e9ares, il s&rsquo;agit d&rsquo;un arr\u00eat populaire pour les croisi\u00e8res en M\u00e9diterran\u00e9e. D&rsquo;une longueur avoisinant les 3,5 Km la ballade le long de ses quais est tr\u00e8s fr\u00e9quent\u00e9e car am\u00e9nag\u00e9e pour les pi\u00e8tons et les cyclistes. De nombreux restaurants et h\u00f4tels se r\u00e9partissent le long de l&rsquo;Avenue Gabriel Rocca qui longe le port. Chaque mois d&rsquo;ao\u00fbt, se tient la \u00ab Copa del Rey \u00bb, qui \u00e9gaie la baie et le port de beaux voiliers.<\/p>\t\t\t\t\t\t\t\t<\/div>\n\t\t\t\t<\/div>\n\t\t\t\t\t<\/div>\n\t\t<\/div>\n\t\t\t\t\t<\/div>\n\t\t<\/section>\n\t\t\t\t<section class=\"elementor-section elementor-top-section elementor-element elementor-element-57c72921 elementor-section-content-middle elementor-reverse-mobile elementor-section-boxed elementor-section-height-default elementor-section-height-default\" data-id=\"57c72921\" data-element_type=\"section\">\n\t\t\t\t\t\t<div class=\"elementor-container elementor-column-gap-default\">\n\t\t\t\t\t<div class=\"elementor-column elementor-col-50 elementor-top-column elementor-element elementor-element-3b381b02\" data-id=\"3b381b02\" data-element_type=\"column\">\n\t\t\t<div class=\"elementor-widget-wrap elementor-element-populated\">\n\t\t\t\t\t\t<div class=\"elementor-element elementor-element-20e8700c elementor-widget elementor-widget-heading\" data-id=\"20e8700c\" data-element_type=\"widget\" data-widget_type=\"heading.default\">\n\t\t\t\t<div class=\"elementor-widget-container\">\n\t\t\t\t\t<h3 class=\"elementor-heading-title elementor-size-default\">Les plages<\/h3>\t\t\t\t<\/div>\n\t\t\t\t<\/div>\n\t\t\t\t<div class=\"elementor-element elementor-element-462defe3 elementor-widget elementor-widget-text-editor\" data-id=\"462defe3\" data-element_type=\"widget\" data-widget_type=\"text-editor.default\">\n\t\t\t\t<div class=\"elementor-widget-container\">\n\t\t\t\t\t\t\t\t\t<p>Son littoral long de 20 kilom\u00e8tres s\u2019\u00e9tend de Cas Catala (Ouest) \u00e0 l\u2019Arenal (Est). On y trouve plusieurs plages. La cala Las Piedras est situ\u00e9e tout \u00e0 l&rsquo;est \u00e0 Cas Catala et est suivie par la playa Bouganvilla,\u00a0 \u00e0 quelques 200 m\u00e8tres, ces deux plages sont assez sauvages. Ensuite c&rsquo;est la plage de Cala Major qui elle est am\u00e9nag\u00e9e et la derni\u00e8re du c\u00f4t\u00e9 est de la ville. Du c\u00f4t\u00e9 ouest nous trouvons la plage de C&rsquo;an Pere Antoni juste avant le port du m\u00eame nom qui est suivi de la Playa El Molinar. Ensuite c&rsquo;est une c\u00f4te rocheuse avec en son centre la plage de cala Gamba. Et voil\u00e0, pr\u00e8s de l&rsquo;a\u00e9roport, La Playa de Palma d&rsquo;environ 5 Km de long . Situ\u00e9e \u00e0 une dizaine de kilom\u00e8tres du centre historique, elle s\u2019\u00e9tend\u00a0 dans une zone totalement d\u00e9vou\u00e9e au tourisme baln\u00e9aire. Le contraste est saisissant entre une vielle ville charg\u00e9e d\u2019histoire et ce bord de mer sans \u00e2me et seulement destin\u00e9 \u00e0 accueillir les touristes (principalement du nord de l\u2019Europe). La zone Ouest est \u00ab plus pr\u00e9serv\u00e9e \u00bb gr\u00e2ce \u00e0 un littoral plus escarp\u00e9.<\/p>\t\t\t\t\t\t\t\t<\/div>\n\t\t\t\t<\/div>\n\t\t\t\t\t<\/div>\n\t\t<\/div>\n\t\t\t\t<div class=\"elementor-column elementor-col-50 elementor-top-column elementor-element elementor-element-7b93a4bb\" data-id=\"7b93a4bb\" data-element_type=\"column\">\n\t\t\t<div class=\"elementor-widget-wrap elementor-element-populated\">\n\t\t\t\t\t\t<div class=\"elementor-element elementor-element-577ec377 elementor-widget elementor-widget-image\" data-id=\"577ec377\" data-element_type=\"widget\" data-widget_type=\"image.default\">\n\t\t\t\t<div class=\"elementor-widget-container\">\n\t\t\t\t\t\t\t\t\t\t\t\t\t\t\t<img decoding=\"async\" width=\"768\" height=\"575\" data-src=\"https:\/\/unsuisseamallorca.com\/wp-content\/uploads\/2020\/10\/panoramio-10041786-768x575.jpg\" class=\"attachment-medium_large size-medium_large wp-image-6108 lazyload\" alt=\"\" data-srcset=\"https:\/\/unsuisseamallorca.com\/wp-content\/uploads\/2020\/10\/panoramio-10041786-768x575.jpg 768w, https:\/\/unsuisseamallorca.com\/wp-content\/uploads\/2020\/10\/panoramio-10041786-300x225.jpg 300w, https:\/\/unsuisseamallorca.com\/wp-content\/uploads\/2020\/10\/panoramio-10041786.jpg 962w\" data-sizes=\"(max-width: 768px) 100vw, 768px\" src=\"data:image\/svg+xml;base64,PHN2ZyB3aWR0aD0iMSIgaGVpZ2h0PSIxIiB4bWxucz0iaHR0cDovL3d3dy53My5vcmcvMjAwMC9zdmciPjwvc3ZnPg==\" style=\"--smush-placeholder-width: 768px; --smush-placeholder-aspect-ratio: 768\/575;\" \/>\t\t\t\t\t\t\t\t\t\t\t\t\t\t\t<\/div>\n\t\t\t\t<\/div>\n\t\t\t\t<div class=\"elementor-element elementor-element-48c4840 elementor-widget elementor-widget-image\" data-id=\"48c4840\" data-element_type=\"widget\" data-widget_type=\"image.default\">\n\t\t\t\t<div class=\"elementor-widget-container\">\n\t\t\t\t\t\t\t\t\t\t\t\t\t\t\t<img decoding=\"async\" width=\"768\" height=\"512\" data-src=\"https:\/\/unsuisseamallorca.com\/wp-content\/uploads\/2020\/09\/59e61aa2bba88239860888-768x512.jpg\" class=\"attachment-medium_large size-medium_large wp-image-5848 lazyload\" alt=\"\" data-srcset=\"https:\/\/unsuisseamallorca.com\/wp-content\/uploads\/2020\/09\/59e61aa2bba88239860888-768x512.jpg 768w, https:\/\/unsuisseamallorca.com\/wp-content\/uploads\/2020\/09\/59e61aa2bba88239860888-300x200.jpg 300w, https:\/\/unsuisseamallorca.com\/wp-content\/uploads\/2020\/09\/59e61aa2bba88239860888-1024x683.jpg 1024w, https:\/\/unsuisseamallorca.com\/wp-content\/uploads\/2020\/09\/59e61aa2bba88239860888-1536x1024.jpg 1536w, https:\/\/unsuisseamallorca.com\/wp-content\/uploads\/2020\/09\/59e61aa2bba88239860888.jpg 1900w\" data-sizes=\"(max-width: 768px) 100vw, 768px\" src=\"data:image\/svg+xml;base64,PHN2ZyB3aWR0aD0iMSIgaGVpZ2h0PSIxIiB4bWxucz0iaHR0cDovL3d3dy53My5vcmcvMjAwMC9zdmciPjwvc3ZnPg==\" style=\"--smush-placeholder-width: 768px; --smush-placeholder-aspect-ratio: 768\/512;\" \/>\t\t\t\t\t\t\t\t\t\t\t\t\t\t\t<\/div>\n\t\t\t\t<\/div>\n\t\t\t\t\t<\/div>\n\t\t<\/div>\n\t\t\t\t\t<\/div>\n\t\t<\/section>\n\t\t\t\t<section class=\"elementor-section elementor-top-section elementor-element elementor-element-6f9fb0b1 elementor-section-content-middle elementor-section-boxed elementor-section-height-default elementor-section-height-default\" data-id=\"6f9fb0b1\" data-element_type=\"section\">\n\t\t\t\t\t\t<div class=\"elementor-container elementor-column-gap-default\">\n\t\t\t\t\t<div class=\"elementor-column elementor-col-50 elementor-top-column elementor-element elementor-element-5280d443\" data-id=\"5280d443\" data-element_type=\"column\">\n\t\t\t<div class=\"elementor-widget-wrap elementor-element-populated\">\n\t\t\t\t\t\t<div class=\"elementor-element elementor-element-a36fd55 elementor-widget elementor-widget-image\" data-id=\"a36fd55\" data-element_type=\"widget\" data-widget_type=\"image.default\">\n\t\t\t\t<div class=\"elementor-widget-container\">\n\t\t\t\t\t\t\t\t\t\t\t\t<figure class=\"wp-caption\">\n\t\t\t\t\t\t\t\t\t\t<img decoding=\"async\" width=\"768\" height=\"399\" data-src=\"https:\/\/unsuisseamallorca.com\/wp-content\/uploads\/2020\/09\/patio-palma-destcada-1-780x405-1-768x399.png\" class=\"attachment-medium_large size-medium_large wp-image-5876 lazyload\" alt=\"\" data-srcset=\"https:\/\/unsuisseamallorca.com\/wp-content\/uploads\/2020\/09\/patio-palma-destcada-1-780x405-1-768x399.png 768w, https:\/\/unsuisseamallorca.com\/wp-content\/uploads\/2020\/09\/patio-palma-destcada-1-780x405-1-300x156.png 300w, https:\/\/unsuisseamallorca.com\/wp-content\/uploads\/2020\/09\/patio-palma-destcada-1-780x405-1.png 780w\" data-sizes=\"(max-width: 768px) 100vw, 768px\" src=\"data:image\/svg+xml;base64,PHN2ZyB3aWR0aD0iMSIgaGVpZ2h0PSIxIiB4bWxucz0iaHR0cDovL3d3dy53My5vcmcvMjAwMC9zdmciPjwvc3ZnPg==\" style=\"--smush-placeholder-width: 768px; --smush-placeholder-aspect-ratio: 768\/399;\" \/>\t\t\t\t\t\t\t\t\t\t\t<figcaption class=\"widget-image-caption wp-caption-text\"><\/figcaption>\n\t\t\t\t\t\t\t\t\t\t<\/figure>\n\t\t\t\t\t\t\t\t\t<\/div>\n\t\t\t\t<\/div>\n\t\t\t\t<div class=\"elementor-element elementor-element-7a9ad03 elementor-widget elementor-widget-image\" data-id=\"7a9ad03\" data-element_type=\"widget\" data-widget_type=\"image.default\">\n\t\t\t\t<div class=\"elementor-widget-container\">\n\t\t\t\t\t\t\t\t\t\t\t\t<figure class=\"wp-caption\">\n\t\t\t\t\t\t\t\t\t\t<img decoding=\"async\" width=\"768\" height=\"289\" data-src=\"https:\/\/unsuisseamallorca.com\/wp-content\/uploads\/2020\/09\/patio-palma-caldes-crianza-768x289.png\" class=\"attachment-medium_large size-medium_large wp-image-5875 lazyload\" alt=\"\" data-srcset=\"https:\/\/unsuisseamallorca.com\/wp-content\/uploads\/2020\/09\/patio-palma-caldes-crianza-768x289.png 768w, https:\/\/unsuisseamallorca.com\/wp-content\/uploads\/2020\/09\/patio-palma-caldes-crianza-300x113.png 300w, https:\/\/unsuisseamallorca.com\/wp-content\/uploads\/2020\/09\/patio-palma-caldes-crianza.png 784w\" data-sizes=\"(max-width: 768px) 100vw, 768px\" src=\"data:image\/svg+xml;base64,PHN2ZyB3aWR0aD0iMSIgaGVpZ2h0PSIxIiB4bWxucz0iaHR0cDovL3d3dy53My5vcmcvMjAwMC9zdmciPjwvc3ZnPg==\" style=\"--smush-placeholder-width: 768px; --smush-placeholder-aspect-ratio: 768\/289;\" \/>\t\t\t\t\t\t\t\t\t\t\t<figcaption class=\"widget-image-caption wp-caption-text\"><\/figcaption>\n\t\t\t\t\t\t\t\t\t\t<\/figure>\n\t\t\t\t\t\t\t\t\t<\/div>\n\t\t\t\t<\/div>\n\t\t\t\t<div class=\"elementor-element elementor-element-061dc2e elementor-widget elementor-widget-image\" data-id=\"061dc2e\" data-element_type=\"widget\" data-widget_type=\"image.default\">\n\t\t\t\t<div class=\"elementor-widget-container\">\n\t\t\t\t\t\t\t\t\t\t\t\t<figure class=\"wp-caption\">\n\t\t\t\t\t\t\t\t\t\t<img decoding=\"async\" width=\"768\" height=\"289\" data-src=\"https:\/\/unsuisseamallorca.com\/wp-content\/uploads\/2020\/09\/patio-palma-2-768x289.png\" class=\"attachment-medium_large size-medium_large wp-image-5873 lazyload\" alt=\"\" data-srcset=\"https:\/\/unsuisseamallorca.com\/wp-content\/uploads\/2020\/09\/patio-palma-2-768x289.png 768w, https:\/\/unsuisseamallorca.com\/wp-content\/uploads\/2020\/09\/patio-palma-2-300x113.png 300w, https:\/\/unsuisseamallorca.com\/wp-content\/uploads\/2020\/09\/patio-palma-2.png 784w\" data-sizes=\"(max-width: 768px) 100vw, 768px\" src=\"data:image\/svg+xml;base64,PHN2ZyB3aWR0aD0iMSIgaGVpZ2h0PSIxIiB4bWxucz0iaHR0cDovL3d3dy53My5vcmcvMjAwMC9zdmciPjwvc3ZnPg==\" style=\"--smush-placeholder-width: 768px; --smush-placeholder-aspect-ratio: 768\/289;\" \/>\t\t\t\t\t\t\t\t\t\t\t<figcaption class=\"widget-image-caption wp-caption-text\"><\/figcaption>\n\t\t\t\t\t\t\t\t\t\t<\/figure>\n\t\t\t\t\t\t\t\t\t<\/div>\n\t\t\t\t<\/div>\n\t\t\t\t<div class=\"elementor-element elementor-element-713c9d1 elementor-widget elementor-widget-image\" data-id=\"713c9d1\" data-element_type=\"widget\" data-widget_type=\"image.default\">\n\t\t\t\t<div class=\"elementor-widget-container\">\n\t\t\t\t\t\t\t\t\t\t\t\t<figure class=\"wp-caption\">\n\t\t\t\t\t\t\t\t\t\t<img decoding=\"async\" width=\"768\" height=\"289\" data-src=\"https:\/\/unsuisseamallorca.com\/wp-content\/uploads\/2020\/09\/palma-patio-muntaner-768x289.png\" class=\"attachment-medium_large size-medium_large wp-image-5872 lazyload\" alt=\"\" data-srcset=\"https:\/\/unsuisseamallorca.com\/wp-content\/uploads\/2020\/09\/palma-patio-muntaner-768x289.png 768w, https:\/\/unsuisseamallorca.com\/wp-content\/uploads\/2020\/09\/palma-patio-muntaner-300x113.png 300w, https:\/\/unsuisseamallorca.com\/wp-content\/uploads\/2020\/09\/palma-patio-muntaner.png 784w\" data-sizes=\"(max-width: 768px) 100vw, 768px\" src=\"data:image\/svg+xml;base64,PHN2ZyB3aWR0aD0iMSIgaGVpZ2h0PSIxIiB4bWxucz0iaHR0cDovL3d3dy53My5vcmcvMjAwMC9zdmciPjwvc3ZnPg==\" style=\"--smush-placeholder-width: 768px; --smush-placeholder-aspect-ratio: 768\/289;\" \/>\t\t\t\t\t\t\t\t\t\t\t<figcaption class=\"widget-image-caption wp-caption-text\"><\/figcaption>\n\t\t\t\t\t\t\t\t\t\t<\/figure>\n\t\t\t\t\t\t\t\t\t<\/div>\n\t\t\t\t<\/div>\n\t\t\t\t<div class=\"elementor-element elementor-element-3c4168a elementor-widget elementor-widget-image\" data-id=\"3c4168a\" data-element_type=\"widget\" data-widget_type=\"image.default\">\n\t\t\t\t<div class=\"elementor-widget-container\">\n\t\t\t\t\t\t\t\t\t\t\t\t<figure class=\"wp-caption\">\n\t\t\t\t\t\t\t\t\t\t<img decoding=\"async\" width=\"768\" height=\"289\" data-src=\"https:\/\/unsuisseamallorca.com\/wp-content\/uploads\/2020\/09\/patio-palma-solleric-768x289.png\" class=\"attachment-medium_large size-medium_large wp-image-5885 lazyload\" alt=\"\" data-srcset=\"https:\/\/unsuisseamallorca.com\/wp-content\/uploads\/2020\/09\/patio-palma-solleric-768x289.png 768w, https:\/\/unsuisseamallorca.com\/wp-content\/uploads\/2020\/09\/patio-palma-solleric-300x113.png 300w, https:\/\/unsuisseamallorca.com\/wp-content\/uploads\/2020\/09\/patio-palma-solleric.png 784w\" data-sizes=\"(max-width: 768px) 100vw, 768px\" src=\"data:image\/svg+xml;base64,PHN2ZyB3aWR0aD0iMSIgaGVpZ2h0PSIxIiB4bWxucz0iaHR0cDovL3d3dy53My5vcmcvMjAwMC9zdmciPjwvc3ZnPg==\" style=\"--smush-placeholder-width: 768px; --smush-placeholder-aspect-ratio: 768\/289;\" \/>\t\t\t\t\t\t\t\t\t\t\t<figcaption class=\"widget-image-caption wp-caption-text\"><\/figcaption>\n\t\t\t\t\t\t\t\t\t\t<\/figure>\n\t\t\t\t\t\t\t\t\t<\/div>\n\t\t\t\t<\/div>\n\t\t\t\t<div class=\"elementor-element elementor-element-07d9caa elementor-widget elementor-widget-image\" data-id=\"07d9caa\" data-element_type=\"widget\" data-widget_type=\"image.default\">\n\t\t\t\t<div class=\"elementor-widget-container\">\n\t\t\t\t\t\t\t\t\t\t\t\t<figure class=\"wp-caption\">\n\t\t\t\t\t\t\t\t\t\t<img decoding=\"async\" width=\"768\" height=\"289\" data-src=\"https:\/\/unsuisseamallorca.com\/wp-content\/uploads\/2020\/09\/patio-palma-reguer-768x289.png\" class=\"attachment-medium_large size-medium_large wp-image-5884 lazyload\" alt=\"\" data-srcset=\"https:\/\/unsuisseamallorca.com\/wp-content\/uploads\/2020\/09\/patio-palma-reguer-768x289.png 768w, https:\/\/unsuisseamallorca.com\/wp-content\/uploads\/2020\/09\/patio-palma-reguer-300x113.png 300w, https:\/\/unsuisseamallorca.com\/wp-content\/uploads\/2020\/09\/patio-palma-reguer.png 784w\" data-sizes=\"(max-width: 768px) 100vw, 768px\" src=\"data:image\/svg+xml;base64,PHN2ZyB3aWR0aD0iMSIgaGVpZ2h0PSIxIiB4bWxucz0iaHR0cDovL3d3dy53My5vcmcvMjAwMC9zdmciPjwvc3ZnPg==\" style=\"--smush-placeholder-width: 768px; --smush-placeholder-aspect-ratio: 768\/289;\" \/>\t\t\t\t\t\t\t\t\t\t\t<figcaption class=\"widget-image-caption wp-caption-text\"><\/figcaption>\n\t\t\t\t\t\t\t\t\t\t<\/figure>\n\t\t\t\t\t\t\t\t\t<\/div>\n\t\t\t\t<\/div>\n\t\t\t\t<div class=\"elementor-element elementor-element-ae06402 elementor-widget elementor-widget-image\" data-id=\"ae06402\" data-element_type=\"widget\" data-widget_type=\"image.default\">\n\t\t\t\t<div class=\"elementor-widget-container\">\n\t\t\t\t\t\t\t\t\t\t\t\t<figure class=\"wp-caption\">\n\t\t\t\t\t\t\t\t\t\t<img decoding=\"async\" width=\"768\" height=\"289\" data-src=\"https:\/\/unsuisseamallorca.com\/wp-content\/uploads\/2020\/09\/patio-palma-oleza-768x289.png\" class=\"attachment-medium_large size-medium_large wp-image-5882 lazyload\" alt=\"\" data-srcset=\"https:\/\/unsuisseamallorca.com\/wp-content\/uploads\/2020\/09\/patio-palma-oleza-768x289.png 768w, https:\/\/unsuisseamallorca.com\/wp-content\/uploads\/2020\/09\/patio-palma-oleza-300x113.png 300w, https:\/\/unsuisseamallorca.com\/wp-content\/uploads\/2020\/09\/patio-palma-oleza.png 784w\" data-sizes=\"(max-width: 768px) 100vw, 768px\" src=\"data:image\/svg+xml;base64,PHN2ZyB3aWR0aD0iMSIgaGVpZ2h0PSIxIiB4bWxucz0iaHR0cDovL3d3dy53My5vcmcvMjAwMC9zdmciPjwvc3ZnPg==\" style=\"--smush-placeholder-width: 768px; --smush-placeholder-aspect-ratio: 768\/289;\" \/>\t\t\t\t\t\t\t\t\t\t\t<figcaption class=\"widget-image-caption wp-caption-text\"><\/figcaption>\n\t\t\t\t\t\t\t\t\t\t<\/figure>\n\t\t\t\t\t\t\t\t\t<\/div>\n\t\t\t\t<\/div>\n\t\t\t\t<div class=\"elementor-element elementor-element-9b2f17a elementor-widget elementor-widget-image\" data-id=\"9b2f17a\" data-element_type=\"widget\" data-widget_type=\"image.default\">\n\t\t\t\t<div class=\"elementor-widget-container\">\n\t\t\t\t\t\t\t\t\t\t\t\t<figure class=\"wp-caption\">\n\t\t\t\t\t\t\t\t\t\t<img decoding=\"async\" width=\"768\" height=\"289\" data-src=\"https:\/\/unsuisseamallorca.com\/wp-content\/uploads\/2020\/09\/patio-palma-juny-varell-768x289.png\" class=\"attachment-medium_large size-medium_large wp-image-5880 lazyload\" alt=\"\" data-srcset=\"https:\/\/unsuisseamallorca.com\/wp-content\/uploads\/2020\/09\/patio-palma-juny-varell-768x289.png 768w, https:\/\/unsuisseamallorca.com\/wp-content\/uploads\/2020\/09\/patio-palma-juny-varell-300x113.png 300w, https:\/\/unsuisseamallorca.com\/wp-content\/uploads\/2020\/09\/patio-palma-juny-varell.png 784w\" data-sizes=\"(max-width: 768px) 100vw, 768px\" src=\"data:image\/svg+xml;base64,PHN2ZyB3aWR0aD0iMSIgaGVpZ2h0PSIxIiB4bWxucz0iaHR0cDovL3d3dy53My5vcmcvMjAwMC9zdmciPjwvc3ZnPg==\" style=\"--smush-placeholder-width: 768px; --smush-placeholder-aspect-ratio: 768\/289;\" \/>\t\t\t\t\t\t\t\t\t\t\t<figcaption class=\"widget-image-caption wp-caption-text\"><\/figcaption>\n\t\t\t\t\t\t\t\t\t\t<\/figure>\n\t\t\t\t\t\t\t\t\t<\/div>\n\t\t\t\t<\/div>\n\t\t\t\t<div class=\"elementor-element elementor-element-a390dbe elementor-widget elementor-widget-image\" data-id=\"a390dbe\" data-element_type=\"widget\" data-widget_type=\"image.default\">\n\t\t\t\t<div class=\"elementor-widget-container\">\n\t\t\t\t\t\t\t\t\t\t\t\t<figure class=\"wp-caption\">\n\t\t\t\t\t\t\t\t\t\t<img decoding=\"async\" width=\"640\" height=\"427\" data-src=\"https:\/\/unsuisseamallorca.com\/wp-content\/uploads\/2020\/09\/Patios-de-Palma-Mallorquines-Can-Catlar.jpg\" class=\"attachment-medium_large size-medium_large wp-image-5920 lazyload\" alt=\"\" data-srcset=\"https:\/\/unsuisseamallorca.com\/wp-content\/uploads\/2020\/09\/Patios-de-Palma-Mallorquines-Can-Catlar.jpg 640w, https:\/\/unsuisseamallorca.com\/wp-content\/uploads\/2020\/09\/Patios-de-Palma-Mallorquines-Can-Catlar-300x200.jpg 300w\" data-sizes=\"(max-width: 640px) 100vw, 640px\" src=\"data:image\/svg+xml;base64,PHN2ZyB3aWR0aD0iMSIgaGVpZ2h0PSIxIiB4bWxucz0iaHR0cDovL3d3dy53My5vcmcvMjAwMC9zdmciPjwvc3ZnPg==\" style=\"--smush-placeholder-width: 640px; --smush-placeholder-aspect-ratio: 640\/427;\" \/>\t\t\t\t\t\t\t\t\t\t\t<figcaption class=\"widget-image-caption wp-caption-text\"><\/figcaption>\n\t\t\t\t\t\t\t\t\t\t<\/figure>\n\t\t\t\t\t\t\t\t\t<\/div>\n\t\t\t\t<\/div>\n\t\t\t\t<div class=\"elementor-element elementor-element-ab3fa1b elementor-widget elementor-widget-image\" data-id=\"ab3fa1b\" data-element_type=\"widget\" data-widget_type=\"image.default\">\n\t\t\t\t<div class=\"elementor-widget-container\">\n\t\t\t\t\t\t\t\t\t\t\t\t<figure class=\"wp-caption\">\n\t\t\t\t\t\t\t\t\t\t<img decoding=\"async\" width=\"768\" height=\"289\" data-src=\"https:\/\/unsuisseamallorca.com\/wp-content\/uploads\/2020\/09\/patio-palma-hospitalet-768x289.png\" class=\"attachment-medium_large size-medium_large wp-image-5878 lazyload\" alt=\"\" data-srcset=\"https:\/\/unsuisseamallorca.com\/wp-content\/uploads\/2020\/09\/patio-palma-hospitalet-768x289.png 768w, https:\/\/unsuisseamallorca.com\/wp-content\/uploads\/2020\/09\/patio-palma-hospitalet-300x113.png 300w, https:\/\/unsuisseamallorca.com\/wp-content\/uploads\/2020\/09\/patio-palma-hospitalet.png 784w\" data-sizes=\"(max-width: 768px) 100vw, 768px\" src=\"data:image\/svg+xml;base64,PHN2ZyB3aWR0aD0iMSIgaGVpZ2h0PSIxIiB4bWxucz0iaHR0cDovL3d3dy53My5vcmcvMjAwMC9zdmciPjwvc3ZnPg==\" style=\"--smush-placeholder-width: 768px; --smush-placeholder-aspect-ratio: 768\/289;\" \/>\t\t\t\t\t\t\t\t\t\t\t<figcaption class=\"widget-image-caption wp-caption-text\"><\/figcaption>\n\t\t\t\t\t\t\t\t\t\t<\/figure>\n\t\t\t\t\t\t\t\t\t<\/div>\n\t\t\t\t<\/div>\n\t\t\t\t<div class=\"elementor-element elementor-element-726c7eb elementor-widget elementor-widget-image\" data-id=\"726c7eb\" data-element_type=\"widget\" data-widget_type=\"image.default\">\n\t\t\t\t<div class=\"elementor-widget-container\">\n\t\t\t\t\t\t\t\t\t\t\t\t<figure class=\"wp-caption\">\n\t\t\t\t\t\t\t\t\t\t<img decoding=\"async\" width=\"768\" height=\"512\" data-src=\"https:\/\/unsuisseamallorca.com\/wp-content\/uploads\/2020\/10\/Sandra-Vallaure-CC-BY-20-Palma6-768x512.jpg\" class=\"attachment-medium_large size-medium_large wp-image-6104 lazyload\" alt=\"\" data-srcset=\"https:\/\/unsuisseamallorca.com\/wp-content\/uploads\/2020\/10\/Sandra-Vallaure-CC-BY-20-Palma6-768x512.jpg 768w, https:\/\/unsuisseamallorca.com\/wp-content\/uploads\/2020\/10\/Sandra-Vallaure-CC-BY-20-Palma6-300x200.jpg 300w, https:\/\/unsuisseamallorca.com\/wp-content\/uploads\/2020\/10\/Sandra-Vallaure-CC-BY-20-Palma6-1024x683.jpg 1024w, https:\/\/unsuisseamallorca.com\/wp-content\/uploads\/2020\/10\/Sandra-Vallaure-CC-BY-20-Palma6.jpg 1200w\" data-sizes=\"(max-width: 768px) 100vw, 768px\" src=\"data:image\/svg+xml;base64,PHN2ZyB3aWR0aD0iMSIgaGVpZ2h0PSIxIiB4bWxucz0iaHR0cDovL3d3dy53My5vcmcvMjAwMC9zdmciPjwvc3ZnPg==\" style=\"--smush-placeholder-width: 768px; --smush-placeholder-aspect-ratio: 768\/512;\" \/>\t\t\t\t\t\t\t\t\t\t\t<figcaption class=\"widget-image-caption wp-caption-text\"><\/figcaption>\n\t\t\t\t\t\t\t\t\t\t<\/figure>\n\t\t\t\t\t\t\t\t\t<\/div>\n\t\t\t\t<\/div>\n\t\t\t\t<div class=\"elementor-element elementor-element-56c009c elementor-widget elementor-widget-image\" data-id=\"56c009c\" data-element_type=\"widget\" data-widget_type=\"image.default\">\n\t\t\t\t<div class=\"elementor-widget-container\">\n\t\t\t\t\t\t\t\t\t\t\t\t<figure class=\"wp-caption\">\n\t\t\t\t\t\t\t\t\t\t<img decoding=\"async\" width=\"474\" height=\"323\" data-src=\"https:\/\/unsuisseamallorca.com\/wp-content\/uploads\/2020\/10\/OIP.jpg\" class=\"attachment-medium_large size-medium_large wp-image-6103 lazyload\" alt=\"\" data-srcset=\"https:\/\/unsuisseamallorca.com\/wp-content\/uploads\/2020\/10\/OIP.jpg 474w, https:\/\/unsuisseamallorca.com\/wp-content\/uploads\/2020\/10\/OIP-300x204.jpg 300w\" data-sizes=\"(max-width: 474px) 100vw, 474px\" src=\"data:image\/svg+xml;base64,PHN2ZyB3aWR0aD0iMSIgaGVpZ2h0PSIxIiB4bWxucz0iaHR0cDovL3d3dy53My5vcmcvMjAwMC9zdmciPjwvc3ZnPg==\" style=\"--smush-placeholder-width: 474px; --smush-placeholder-aspect-ratio: 474\/323;\" \/>\t\t\t\t\t\t\t\t\t\t\t<figcaption class=\"widget-image-caption wp-caption-text\"><\/figcaption>\n\t\t\t\t\t\t\t\t\t\t<\/figure>\n\t\t\t\t\t\t\t\t\t<\/div>\n\t\t\t\t<\/div>\n\t\t\t\t<div class=\"elementor-element elementor-element-f421fa9 elementor-widget elementor-widget-image\" data-id=\"f421fa9\" data-element_type=\"widget\" data-widget_type=\"image.default\">\n\t\t\t\t<div class=\"elementor-widget-container\">\n\t\t\t\t\t\t\t\t\t\t\t\t<figure class=\"wp-caption\">\n\t\t\t\t\t\t\t\t\t\t<img decoding=\"async\" width=\"640\" height=\"425\" data-src=\"https:\/\/unsuisseamallorca.com\/wp-content\/uploads\/2020\/10\/12.jpg\" class=\"attachment-medium_large size-medium_large wp-image-6102 lazyload\" alt=\"\" data-srcset=\"https:\/\/unsuisseamallorca.com\/wp-content\/uploads\/2020\/10\/12.jpg 640w, https:\/\/unsuisseamallorca.com\/wp-content\/uploads\/2020\/10\/12-300x199.jpg 300w\" data-sizes=\"(max-width: 640px) 100vw, 640px\" src=\"data:image\/svg+xml;base64,PHN2ZyB3aWR0aD0iMSIgaGVpZ2h0PSIxIiB4bWxucz0iaHR0cDovL3d3dy53My5vcmcvMjAwMC9zdmciPjwvc3ZnPg==\" style=\"--smush-placeholder-width: 640px; --smush-placeholder-aspect-ratio: 640\/425;\" \/>\t\t\t\t\t\t\t\t\t\t\t<figcaption class=\"widget-image-caption wp-caption-text\"><\/figcaption>\n\t\t\t\t\t\t\t\t\t\t<\/figure>\n\t\t\t\t\t\t\t\t\t<\/div>\n\t\t\t\t<\/div>\n\t\t\t\t\t<\/div>\n\t\t<\/div>\n\t\t\t\t<div class=\"elementor-column elementor-col-50 elementor-top-column elementor-element elementor-element-28a86e13\" data-id=\"28a86e13\" data-element_type=\"column\">\n\t\t\t<div class=\"elementor-widget-wrap elementor-element-populated\">\n\t\t\t\t\t\t<div class=\"elementor-element elementor-element-f3d0b43 elementor-widget elementor-widget-heading\" data-id=\"f3d0b43\" data-element_type=\"widget\" data-widget_type=\"heading.default\">\n\t\t\t\t<div class=\"elementor-widget-container\">\n\t\t\t\t\t<h3 class=\"elementor-heading-title elementor-size-default\">Les patios<\/h3>\t\t\t\t<\/div>\n\t\t\t\t<\/div>\n\t\t\t\t<div class=\"elementor-element elementor-element-1cab8b7d elementor-widget elementor-widget-text-editor\" data-id=\"1cab8b7d\" data-element_type=\"widget\" data-widget_type=\"text-editor.default\">\n\t\t\t\t<div class=\"elementor-widget-container\">\n\t\t\t\t\t\t\t\t\t<p>Palma compte plus de soixante palais de l&rsquo;aristocratie ou de la haute bourgeoisie,\u00a0des recoins intimes, des escaliers monumentaux, des palmiers, des puits\u2026et m\u00eame des attelages, ils renferment un riche patrimoine reflet de l\u2019histoire de Palma.\u00a0A mi-chemin entre la maison et la rue, les patios \u00e9taient aussi des lieux de rencontre et de passage, t\u00e9moins de la vie sociale des habitants.\u00a0Aujourd\u2019hui plusieurs de ces demeures sont le si\u00e8ge d\u2019institutions publiques ou de mus\u00e9es, ils sont donc accessibles aux visiteurs, cependant la plupart des patios sont priv\u00e9s, souvent occult\u00e9s par de grandes portes.\u00a0Mais vue la notori\u00e9t\u00e9 des patios et l\u2019engouement des visiteurs, la mairie de Palma a financ\u00e9 l\u2019installation des grilles de beaucoup d\u2019entre eux afin qu\u2019ils puissent \u00eatre admir\u00e9s au moins de l\u2019ext\u00e9rieur.<br \/>Pour d\u00e9couvrir ces lieux charmants rien de tel qu\u2019une balade \u00e0 pied, nous vous accompagnons aux d\u00e9tours des rues pour vous proposer un parcours (non exhaustif) qui conduit\u00a0aux plus beaux patios des grandes familles nobles, install\u00e9es aux alentours de la\u00a0 Cath\u00e9drale\u00a0et dans le c\u0153ur de la Ville.\u00a0Beaux, uniques, tant\u00f4t sobres ou singuliers, parfois ostentatoires, ils ont attir\u00e9 l\u2019attention d\u2019\u00e9crivains c\u00e9l\u00e8bres comme l\u2019Archiduc Luis Salvador,\u00a0Josep Pla ou encore\u00a0Jules Verne\u00a0qui apr\u00e8s la visite de Palma, fascin\u00e9 par leur caract\u00e8re pittoresque, d\u00e9cide d\u2019en faire le d\u00e9cor des aventures de ses personnages dans\u00a0<strong>\u00ab\u00a0Clovis Dardentor\u00a0\u00bb<\/strong>.\u00a0 Leur origine remonte \u00e0 l\u2019\u00e9poque romaine, mais les patios prennent une v\u00e9ritable importance \u00e0 partir du 13<sup>\u00e8me<\/sup>\u00a0si\u00e8cle. Tout d\u2019abord d\u2019apparence aust\u00e8re et de style gothique, la prosp\u00e9rit\u00e9 des nobles majorquins au 17<sup>\u00e8me<\/sup>\u00a0et 18<sup>\u00e8me<\/sup>\u00a0si\u00e8cle, leur apporte une d\u00e9coration beaucoup plus luxueuse et raffin\u00e9e, dans les styles renaissance et baroque.<br \/><br \/><strong>Les patios ouverts au public\u00a0:<\/strong><br \/><br \/><br \/><strong>Casal solleric ,\u00a0<\/strong>27 Paseo del Borne : l\u2019ancienne maison du Marquis de Solleric construite int\u00e9gralement au 18<sup>\u00e8me<\/sup>\u00a0si\u00e8cle est aujourd\u2019hui un espace d\u2019exposition pour les arts visuels contemporains. Le patio au sol en pierre l\u00e9g\u00e8rement en pente, est ferm\u00e9 par des arches appuy\u00e9es sur des colonnes et abrite un escalier monumental.<br \/><br \/><br \/><strong>Can Vivot,\u00a0<\/strong>4 Carrer de Can Savell\u00e0 : Juan Sureda Villalonga, premier Marquis de Vivot est \u00e0 l\u2019origine de la structure de la maison et du patio au 17<sup>\u00e8me<\/sup>\u00a0si\u00e8cle. Il s\u2019agit d\u2019un patio baroque, au sol en pierre aux formes g\u00e9om\u00e9triques, aux arches \u00e9normes et \u00e0 l\u2019escalier de style imp\u00e9rial.<br \/>La toiture lambriss\u00e9e abrite plusieurs attelages ancien, ce patio somptueux, \u00e9l\u00e9gant est un incontournable de Palma, consid\u00e9r\u00e9 comme un des plus beaux de la ville par l\u2019Archiduc Lu\u00eds Salvador.<br \/><br \/><br \/><strong>Cal Reguer (Casal Balaguer),\u00a0<\/strong>3 Carrer Uni\u00f3 : ce patio n\u00e9ogothique de la maison du Marquis del Reguer, nous emm\u00e8ne \u00e0 la fin du 19<sup>\u00e8me<\/sup>\u00a0si\u00e8cle. Le sol pav\u00e9, les arches, l\u2019escalier ont des d\u00e9tails qui les rendent uniques. Il est aujourd\u2019hui le Centre Culturel Balaguer, si\u00e8ge du\u00a0Cercle des Beaux-Arts de Majorque.<br \/><br \/><br \/><strong>Ca de la gran Cristiana<\/strong>, 5 Carrer de la Portella : la demeure de style gothique du Comte de Ayamans r\u00e9nov\u00e9e au 17<sup>\u00e8me<\/sup>\u00a0doit son nom \u00e0 Catalina Zaforteza i de Togores qui pour son appui \u00e0 la cause Carliste (mouvement politique espagnol du d\u00e9but du 19<sup>\u00e8me<\/sup>\u00a0si\u00e8cle) fut surnomm\u00e9e la \u00ab\u00a0grande chr\u00e9tienne\u00a0\u00bb. Aujourd\u2019hui, elle accueille le Mus\u00e9e de Majorque.<br \/><br \/><br \/><strong>Can Bordils,\u00a0<\/strong>9 Carrer de l\u2019Almudaina : les r\u00e9novations successives de la maison de la Famille Sureda ont \u00e9limin\u00e9 presque toutes traces de son pass\u00e9 m\u00e9di\u00e9val, l\u2019escalier du patio date du milieu du 20<sup>\u00e8me<\/sup>\u00a0si\u00e8cle et est un peu trop sobre pour l\u2019ensemble. Elle est aujourd\u2019hui le si\u00e8ge des Archives municipales de Palma.<\/p><p><strong>Hosptital Sant Pere i Sant Bernat, l\u2019Hospitalet<\/strong>, 1 Carrer de Sant Bernat : l\u2019h\u00f4pital de Sant Pere i Sant Bernat se trouve dans un b\u00e2timent du 18<sup>\u00e8me<\/sup> si\u00e8cle qui poss\u00e8de un tr\u00e8s joli patio avec des arches basses, des colonnes de style ioniques, une vo\u00fbte et bien entendu un majestueux escalier.<br \/><br \/><br \/><strong>A admirer derri\u00e8re les grilles\u00a0:<br \/><br \/><br \/><\/strong><br \/><strong>Can Cresp\u00ed (Can Ribera)<\/strong>, 1 Carrer de Sant Roc : la demeure de la Famille Cresp\u00ed date du 18<sup>\u00e8me<\/sup>\u00a0si\u00e8cle, les arches, l\u2019escalier, la balustrade de fer forg\u00e9, et les colonnes de marbre rouge donnent au patio une touche unique plus sobre que les pr\u00e9c\u00e9dents.<br \/><br \/><br \/><strong>Can Juny<\/strong>, 13 Carrer de Can Savell\u00e0 : \u00e0 quelques pas de Can Vivot, les murs rouges de ce patio d\u2019origine m\u00e9di\u00e9vale, r\u00e9nov\u00e9 au 17<sup>\u00e8me<\/sup> si\u00e8cle, ses colonnes, ses arches et son sol en pierre lui conf\u00e8rent un style tr\u00e8s particulier.<br \/><br \/><br \/><strong>Cal Catlar del Llorer<\/strong>, 15 Carrer de Can Savell\u00e0 : ce patio est un des plus anciens de Palma, de style gothique, aux piliers octogonaux, il y a quelques ann\u00e9es, lors d\u2019une r\u00e9novation, 2 fresques murales gothiques ont \u00e9t\u00e9 d\u00e9couvertes, elles se trouvent aujourd\u2019hui au Mus\u00e9e de Majorque.<br \/><br \/><br \/><strong>Can Vanrell,\u00a0<\/strong>1 Carrer de San Alonso : ce petit patio seigneurial a \u00e9t\u00e9 r\u00e9form\u00e9 avec les \u00e9l\u00e9ments classique des patios de Palma au 18<sup>\u00e8me<\/sup>\u00a0si\u00e8cle\u00a0: des arches basses et des colonnes aux chapiteaux ioniques.<br \/><br \/><br \/><strong>Can Cald\u00e9s,\u00a0<\/strong>3 Carrer d\u2019en Calders : un m\u00e9lange de styles du m\u00e9di\u00e9val d\u2019origine au modernisme du d\u00e9but du 20<sup>\u00e8me<\/sup>\u00a0si\u00e8cle, la restauration de ce patio a mis en lumi\u00e8re le mod\u00e8le type des patios du\u00a0quartier juif\u00a0de Palma.<br \/><br \/><br \/><strong>La Crian\u00e7a<\/strong>, 13 Carrer de Monti-Sion : dans ce b\u00e2timent du 16<sup>\u00e8me<\/sup> si\u00e8cle se trouvait une institution consacr\u00e9e \u00e0 l\u2019\u00e9ducation des petites filles de la bourgeoisie et de la noblesse, d\u2019o\u00f9 son nom La Crian\u00e7a (l\u2019\u00e9ducation), dans le patio se trouvent des piliers octogonaux et non des colonnes.<br \/><br \/><br \/><strong>Des patios ferm\u00e9s de grande valeur\u00a0patrimoniale<\/strong><br \/><br \/><br \/><strong>Can Oleza<\/strong>, 9 Carrer d\u2019en Morey : ce patio du 17<sup>\u00e8me<\/sup>\u00a0si\u00e8cle avec ses arches basses, ses colonnes ioniques, sa balustrade en fer forg\u00e9\u2026a servi d\u2019inspiration et de mod\u00e8le pour tous ceux qui ont \u00e9t\u00e9 construits ou r\u00e9nov\u00e9s dans la ville \u00e0 partir du 18<sup>\u00e8me<\/sup>\u00a0si\u00e8cle.<br \/><strong><br \/><br \/><br \/>Can Descatlar<\/strong>\u00a0(Cal Marqu\u00e9s del Palmer), 7 Carrer del Sol : la demeure du Marquis del Palmer a \u00e9t\u00e9 r\u00e9nov\u00e9e sur ordre du Capitaine Pere Abr\u00ed-Descaltar, au 16<sup>\u00e8me<\/sup>\u00a0si\u00e8cle, sur les fondations de l\u2019ant\u00e9rieure maison gothique. C\u2019est dans cette demeure que de 1442 \u00e0 1787 \u00e9tait frapp\u00e9e la monnaie de Majorque. Malgr\u00e9 les r\u00e9novations subies entre le 18<sup>\u00e8me<\/sup>\u00a0et le 20<sup>\u00e8me<\/sup>\u00a0si\u00e8cle, le patio conserve des parties de style renaissance d\u2019origine.<br \/>Ne ratez surtout pas le\u00a0<strong>\u00ab\u00a0Barbu avec des seins\u00a0\u00bb<\/strong>\u00a0la statue qui veille sur la fa\u00e7ade de l\u2019\u00e9difice.<br \/><br \/><br \/>Chaque ann\u00e9e, une Route des Patios est organis\u00e9e par l\u2019office du Tourisme de Palma, pour conna\u00eetre les prochaines dates : <strong><a href=\"http:\/\/www.infomallorca.net\/\">www.infomallorca.net<\/a><\/strong><\/p>\t\t\t\t\t\t\t\t<\/div>\n\t\t\t\t<\/div>\n\t\t\t\t\t<\/div>\n\t\t<\/div>\n\t\t\t\t\t<\/div>\n\t\t<\/section>\n\t\t\t\t<section class=\"elementor-section elementor-top-section elementor-element elementor-element-24e30b2 elementor-section-content-middle elementor-reverse-mobile elementor-section-boxed elementor-section-height-default elementor-section-height-default\" data-id=\"24e30b2\" data-element_type=\"section\">\n\t\t\t\t\t\t<div class=\"elementor-container elementor-column-gap-default\">\n\t\t\t\t\t<div class=\"elementor-column elementor-col-50 elementor-top-column elementor-element elementor-element-f2476a6\" data-id=\"f2476a6\" data-element_type=\"column\">\n\t\t\t<div class=\"elementor-widget-wrap elementor-element-populated\">\n\t\t\t\t\t\t<div class=\"elementor-element elementor-element-a2e234e elementor-widget elementor-widget-heading\" data-id=\"a2e234e\" data-element_type=\"widget\" data-widget_type=\"heading.default\">\n\t\t\t\t<div class=\"elementor-widget-container\">\n\t\t\t\t\t<h3 class=\"elementor-heading-title elementor-size-default\">Les march\u00e9s<\/h3>\t\t\t\t<\/div>\n\t\t\t\t<\/div>\n\t\t\t\t<div class=\"elementor-element elementor-element-05ee02a elementor-widget elementor-widget-text-editor\" data-id=\"05ee02a\" data-element_type=\"widget\" data-widget_type=\"text-editor.default\">\n\t\t\t\t<div class=\"elementor-widget-container\">\n\t\t\t\t\t\t\t\t\tA Majorque comme ailleurs, la gastronomie est devenue un ph\u00e9nom\u00e8ne culturel et les march\u00e9s de v\u00e9ritables vitrines des produits traditionnels: Le reflet d&rsquo;une culture et d&rsquo;une identit\u00e9. Si la tradition des march\u00e9s \u00e0 Majorque r\u00e9sulte de l\u2019environnement agricole caract\u00e9ristique de ce territoire, les march\u00e9s de l&rsquo;\u00eele se sont aujourd&rsquo;hui affranchis de cette \u00e9tiquette \u00ab\u00a0agricole\u00a0\u00bb pour devenir de v\u00e9ritables foires gastronomiques\u00a0o\u00f9 l\u2019on vient surtout d\u00e9guster les<strong>\u00a0produits du terroir\u00a0<\/strong>durant son s\u00e9jour \u00e0 Majorque. Palma en recense \u00e0 elle seule de nombreux, chacun ayant son charme et ses propres caract\u00e9ristiques.<br><br>\nParmi les plus embl\u00e9matiques :<br><br>\n<strong>Le march\u00e9 de \u00ab\u00a0Pere Garau\u00a0\u00bb<\/strong> est sans doute le\u00a0plus populaire ! Situ\u00e9 \u00e0 l&rsquo;\u00e9cart des sites touristiques dans l&rsquo;un des quartiers les plus peupl\u00e9s et multiculturels de la ville, sur la place du m\u00eame nom, le march\u00e9 municipal de Pere Garau s\u00e9duit par son charme typique\u00a0et ses prix\u00a0abordables. Il a ouvert ses portes en 1943, et compte donc parmi les march\u00e9s les plus anciens de Palma. Sur une surface d&rsquo;environ 1000 m2 sont propos\u00e9s \u00e0 la vente tous les\u00a0fruits et l\u00e9gumes\u00a0de l\u2019\u00eele, la plupart du temps par les\u00a0producteurs\u00a0eux-m\u00eames.\n\nOutre des produits frais et de saison, le march\u00e9 de Pere Garau propose les mardis, jeudis et samedis, une large gamme de v\u00eatements et d&rsquo;accessoires. Il est \u00e9galement le seul march\u00e9 sur lequel sont vendus des animaux vivants.Attention aux horaires, il ferme en d\u00e9but d&rsquo;apr\u00e8s-midi.<br>\n<strong>Le march\u00e9 de \u00ab\u00a0Santa Catalina\u00a0\u00bb <\/strong>\nsitu\u00e9 dans le\u00a0quartier branch\u00e9 de Santa Catalina, ce march\u00e9 couvert est l&rsquo;un des\u00a0incontournables. Il propose des\u00a0produits locaux de qualit\u00e9\u00a0dans une atmosph\u00e8re conviviale, quoique \u00ab\u00a0s\u00e9lect\u00a0\u00bb. En effet, tout en conservant l&rsquo;authenticit\u00e9 des march\u00e9s traditionnels, le march\u00e9 de Santa Catalina est devenu une source d\u2019apprentissage et de connaissances culinaires, un lieu unique \u00e0 explorer, o\u00f9 il fait bon de d\u00e9couvrir de nouvelles saveurs&#8230; Ce n\u2019est donc pas simplement la qualit\u00e9 des produits qui font sa notori\u00e9t\u00e9, mais aussi et surtout son environnement. Situ\u00e9 dans le quartier cosmopolite du m\u00eame nom, ce march\u00e9  est devenu pour beaucoup le \u00ab\u00a0Soho\u00a0\u00bb de Palma, un\u00a0m\u00e9lange \u00e9clectique de cultures\u00a0; un lieu branch\u00e9 o\u00f9 se c\u00f4toient les femmes majorquines arpentant les rues commer\u00e7antes avec leur caddie et les femmes su\u00e9doises habill\u00e9es \u00e0 la derni\u00e8re mode. Dans ce quartier, les fa\u00e7ades des magasins ont \u00e9t\u00e9 r\u00e9nov\u00e9es, et les bars et les restaurants ont peu \u00e0 peu remplac\u00e9 les commerces traditionnels.\nLe march\u00e9 rassemble une cinquantaine des\u00a0meilleurs petits producteurs de la r\u00e9gion\u00a0offrant : poissons et fruits de mer fra\u00eechement p\u00each\u00e9s, viandes de qualit\u00e9 sup\u00e9rieure, plats pr\u00e9par\u00e9s, jambons et saucisses, et notamment la\u00a0<strong>Sobrasada<\/strong>, la saucisse la plus connue de l&rsquo;\u00eele, des fromages locaux et de saison, des cornichons et des olives au vinaigre, du vin, des fruits et des l\u00e9gumes, bien s\u00fbr, mais aussi des p\u00e2tisseries traditionnelles et des fleurs. pour joindre l&rsquo;utile \u00e0 l&rsquo;agr\u00e9able, on peut \u00e9galement y\u00a0d\u00e9guster de bonnes tapas\u00a0accompagn\u00e9es d&rsquo;un petit ros\u00e9 \u00e0 l&rsquo;heure du d\u00e9jeuner. En r\u00e9sum\u00e9, le lieu est un paradis pour tous ceux qui se soucient de la qualit\u00e9 et de l\u2019origine des produits qu&rsquo;ils consomment aussi bien que pour les amateurs de bonne cuisine, qu\u2019ils soient locaux ou visiteurs du monde entier.<br>\n<strong>Le march\u00e9 \u00ab\u00a0d\u2019El Olivar\u00a0\u00bb<\/strong> (march\u00e9 de l&rsquo;oliveraie) est situ\u00e9 dans le\u00a0centre historique de Palma, c&rsquo;est un\u00a0march\u00e9 typique \u00e0 ne surtout pas manquer lors de votre s\u00e9jour \u00e0 Majorque. Ouvert en 1951, puis r\u00e9nov\u00e9 entre 1998 et 2003, il est le\u00a0plus grand march\u00e9 couvert\u00a0de l&rsquo;archipel et est devenu au fil des ans LE rendez-vous incontournable des producteurs locaux de la r\u00e9gion. Outre ses impressionnants\u00a0\u00e9tals de poissons approvisionn\u00e9s directement depuis le port, on y trouve de nombreux produits frais, fruits et l\u00e9gumes et\u00a0produits du terroir. En particulier, les fromages, vins et charcuteries, qui feront le bonheur des amateurs de bons produits locaux. Ne partez pas sans avoir go\u00fbt\u00e9 le fameux saucisson traditionnel, \u00e0 moins que vous ne pr\u00e9f\u00e9riez go\u00fbter les saveurs de la mer au bar \u00e0 hu\u00eetres?&#8230; Bref, fl\u00e2ner \u00e0 travers le d\u00e9dale de couleurs et d&rsquo;ar\u00f4mes du march\u00e9 d&rsquo;El Olivar est non seulement un r\u00e9gal pour tous les sens mais aussi le moyen le plus s\u00fbr de go\u00fbter au\u00a0meilleur de la gastronomie majorquine!<br>\n<strong>Le march\u00e9 \u00e9cologique de \u00ab\u00a0la Plaza de los Patines\u00a0\u00bb <\/strong>une alimentation saine, une production locale et des m\u00e9thodes durables<\/strong>&#8230; Tel est le credo de ce petit march\u00e9 100% \u00e9cologique qui se tient tous les mardis et les samedis de 8h00 \u00e0 14h00 \u00e0 proximit\u00e9 de la Plaza de los Patines, la place des patineurs.\u00a0C&rsquo;est le premier march\u00e9 de produits biologiques \u00e0 s&rsquo;\u00eatre implant\u00e9 dans Palma.\nUne quinzaine de stands y proposent des\u00a0produits exclusivement bio: fruits et l\u00e9gumes, mais aussi pain et sucreries, vin, huile d\u2019olive, fromage, viande et bien plus encore! Les produits sont dispos\u00e9s sur des tissus traditionnels de Majorque, le service est soign\u00e9 et les \u00e9changes avec les commer\u00e7ants passionn\u00e9s (et passionnants!). La client\u00e8le elle-m\u00eame est compos\u00e9e de visiteurs \u00e9trangers aussi bien que de r\u00e9sidents locaux, tous souhaitant \u00e9viter de consommer des aliments contamin\u00e9s par les pesticides et souhaitant promouvoir les petites entreprises locales qui travaillent de mani\u00e8re \u00e9thique et honn\u00eate. L&rsquo;on peut s&rsquo;y rendre le mardi et le samedi de 8h00 \u00e0 14h00.<br>\n\n<strong>Le march\u00e9 de \u00ab\u00a0San Juan\u00a0\u00bb<\/strong> \u00a0a ouvert ses portes (7\/7 de 12h.\u00e0 24h.) en plein coeur de Palma o\u00f9 il c\u00e9l\u00e8bre la\u00a0gastronomie tous les jours de l&rsquo;ann\u00e9e. C&rsquo;est le premier march\u00e9 du genre de la ville, cr\u00e9\u00e9 sur le mod\u00e8le des march\u00e9s gastronomiques d&rsquo;autres grandes villes europ\u00e9ennes telles que Madrid, Barcelone, Londres, Berlin ou Rotterdam. Situ\u00e9 dans un superbe b\u00e2timent moderniste construit au d\u00e9but du XX\u00e8me si\u00e8cle, \u00e0 l&rsquo;\u00e9cart du centre culturel et commercial de S&rsquo;Escorxador, le march\u00e9 gastronomique de San Juan accueille diff\u00e9rents espaces proposant diff\u00e9rents types de cuisine, locale, mais pas que! \nLe march\u00e9 dispose en outre de son propre bar :\u00a0The One, qui occupe toute une aile du b\u00e2timent du march\u00e9 reli\u00e9e \u00e0 la zone centrale o\u00f9 se trouvent les stands de nourriture, et jouit ainsi d&rsquo;une certaine ind\u00e9pendance. C&rsquo;est un bar chaleureux et confortable, appr\u00e9ci\u00e9 pour son design soign\u00e9 et ses cocktails audacieux ; l&rsquo;endroit id\u00e9al pour prolonger la soir\u00e9e apr\u00e8s le d\u00eener ou se d\u00e9tendre apr\u00e8s le travail. Un<b>\u00a0espace de cuisine participative<\/b>\u00a0a \u00e9galement \u00e9t\u00e9 con\u00e7u \u00e0 l&rsquo;\u00e9tage sup\u00e9rieur du march\u00e9 pour permettre aux gens d&rsquo;apprendre \u00e0 cuisiner et de partager leurs exp\u00e9riences culinaires au cours de diverses activit\u00e9s gastronomiques : cours de cuisine, anniversaire th\u00e9matique, d\u00e9gustations de vin&#8230; Le\u00a0<strong>Cooking4People<\/strong>\u00a0est avant tout un lieu de partage et de convivialit\u00e9.<br>\n\n<strong>Le Mercat 1930<\/strong> est un nouvel\u00a0<strong>espace gastronomique<\/strong>\u00a0qui a ouvert ses portes en ao\u00fbt 2017 avec la vocation de \u00ab\u00a0stimuler tous les sens\u00a0\u00bb! Il est depuis devenu un point de passage oblig\u00e9 sur le\u00a0Passage Maritime.\nH\u00e9berg\u00e9 dans un \u00e9difice Art D\u00e9co charg\u00e9 d&rsquo;histoire, le Mercat 1930 a \u00e9t\u00e9 d\u00e9ssin\u00e9 par l&rsquo;architecte de d\u00e9coration int\u00e9rieure\u00a0Jorge Bibiloni\u00a0dans un style industriel convivial. Il peut accueillir jusqu&rsquo;\u00e0 200 personnes \u00e0 l&rsquo;int\u00e9rieur et presqu&rsquo;autant sur sa terrasse ext\u00e9rieure. Le Mercat 1930 se veut un lieu de d\u00e9couverte culinaire autour de\u00a0produits frais, cuisin\u00e9s devant les visiteurs. Chaque stand (13 au total) propose une cuisine diff\u00e9rente. De la gastronomie locale, tapas et fruits de mer, \u00e0 la cuisine italienne, en passant par les sushis et les\u00a0derni\u00e8res tendances en mati\u00e8re de fooding, il y en a pour tous les go\u00fbts! Les amateurs de\u00a0bi\u00e8res du monde\u00a0trouveront aussi leur bonheur dans l&rsquo;un des 3 bars th\u00e9matiques du march\u00e9. \nLe Mercat 1930 (7\/7 de 12h.\u00e0 24h.) est un espace vivant qui accueille \u00e9galement de nombreux \u00e9v\u00e8nements.\n\t\t\t\t\t\t\t\t<\/div>\n\t\t\t\t<\/div>\n\t\t\t\t\t<\/div>\n\t\t<\/div>\n\t\t\t\t<div class=\"elementor-column elementor-col-50 elementor-top-column elementor-element elementor-element-5178dbb\" data-id=\"5178dbb\" data-element_type=\"column\">\n\t\t\t<div class=\"elementor-widget-wrap elementor-element-populated\">\n\t\t\t\t\t\t<div class=\"elementor-element elementor-element-4864bc1 elementor-widget elementor-widget-image\" data-id=\"4864bc1\" data-element_type=\"widget\" data-widget_type=\"image.default\">\n\t\t\t\t<div class=\"elementor-widget-container\">\n\t\t\t\t\t\t\t\t\t\t\t\t\t\t\t<img decoding=\"async\" width=\"768\" height=\"512\" data-src=\"https:\/\/unsuisseamallorca.com\/wp-content\/uploads\/2020\/09\/IMG_6968-768x512.jpg\" class=\"attachment-medium_large size-medium_large wp-image-5892 lazyload\" alt=\"\" data-srcset=\"https:\/\/unsuisseamallorca.com\/wp-content\/uploads\/2020\/09\/IMG_6968-768x512.jpg 768w, https:\/\/unsuisseamallorca.com\/wp-content\/uploads\/2020\/09\/IMG_6968-300x200.jpg 300w, https:\/\/unsuisseamallorca.com\/wp-content\/uploads\/2020\/09\/IMG_6968-1024x683.jpg 1024w, https:\/\/unsuisseamallorca.com\/wp-content\/uploads\/2020\/09\/IMG_6968-1536x1024.jpg 1536w, https:\/\/unsuisseamallorca.com\/wp-content\/uploads\/2020\/09\/IMG_6968-2048x1365.jpg 2048w, https:\/\/unsuisseamallorca.com\/wp-content\/uploads\/2020\/09\/IMG_6968-scaled.jpg 2560w\" data-sizes=\"(max-width: 768px) 100vw, 768px\" src=\"data:image\/svg+xml;base64,PHN2ZyB3aWR0aD0iMSIgaGVpZ2h0PSIxIiB4bWxucz0iaHR0cDovL3d3dy53My5vcmcvMjAwMC9zdmciPjwvc3ZnPg==\" style=\"--smush-placeholder-width: 768px; --smush-placeholder-aspect-ratio: 768\/512;\" \/>\t\t\t\t\t\t\t\t\t\t\t\t\t\t\t<\/div>\n\t\t\t\t<\/div>\n\t\t\t\t<div class=\"elementor-element elementor-element-7d6a5fc elementor-widget elementor-widget-image\" data-id=\"7d6a5fc\" data-element_type=\"widget\" data-widget_type=\"image.default\">\n\t\t\t\t<div class=\"elementor-widget-container\">\n\t\t\t\t\t\t\t\t\t\t\t\t\t\t\t<img decoding=\"async\" width=\"768\" height=\"576\" data-src=\"https:\/\/unsuisseamallorca.com\/wp-content\/uploads\/2020\/09\/DSC01107-768x576.jpg\" class=\"attachment-medium_large size-medium_large wp-image-5891 lazyload\" alt=\"\" data-srcset=\"https:\/\/unsuisseamallorca.com\/wp-content\/uploads\/2020\/09\/DSC01107-768x576.jpg 768w, https:\/\/unsuisseamallorca.com\/wp-content\/uploads\/2020\/09\/DSC01107-300x225.jpg 300w, https:\/\/unsuisseamallorca.com\/wp-content\/uploads\/2020\/09\/DSC01107-1024x768.jpg 1024w, https:\/\/unsuisseamallorca.com\/wp-content\/uploads\/2020\/09\/DSC01107-1536x1152.jpg 1536w, https:\/\/unsuisseamallorca.com\/wp-content\/uploads\/2020\/09\/DSC01107-2048x1536.jpg 2048w, https:\/\/unsuisseamallorca.com\/wp-content\/uploads\/2020\/09\/DSC01107-scaled.jpg 2560w\" data-sizes=\"(max-width: 768px) 100vw, 768px\" src=\"data:image\/svg+xml;base64,PHN2ZyB3aWR0aD0iMSIgaGVpZ2h0PSIxIiB4bWxucz0iaHR0cDovL3d3dy53My5vcmcvMjAwMC9zdmciPjwvc3ZnPg==\" style=\"--smush-placeholder-width: 768px; --smush-placeholder-aspect-ratio: 768\/576;\" \/>\t\t\t\t\t\t\t\t\t\t\t\t\t\t\t<\/div>\n\t\t\t\t<\/div>\n\t\t\t\t<div class=\"elementor-element elementor-element-b3f3536 elementor-widget elementor-widget-image\" data-id=\"b3f3536\" data-element_type=\"widget\" data-widget_type=\"image.default\">\n\t\t\t\t<div class=\"elementor-widget-container\">\n\t\t\t\t\t\t\t\t\t\t\t\t\t\t\t<img decoding=\"async\" width=\"768\" height=\"576\" data-src=\"https:\/\/unsuisseamallorca.com\/wp-content\/uploads\/2020\/09\/DSC01106-768x576.jpg\" class=\"attachment-medium_large size-medium_large wp-image-5890 lazyload\" alt=\"\" data-srcset=\"https:\/\/unsuisseamallorca.com\/wp-content\/uploads\/2020\/09\/DSC01106-768x576.jpg 768w, https:\/\/unsuisseamallorca.com\/wp-content\/uploads\/2020\/09\/DSC01106-300x225.jpg 300w, https:\/\/unsuisseamallorca.com\/wp-content\/uploads\/2020\/09\/DSC01106-1024x768.jpg 1024w, https:\/\/unsuisseamallorca.com\/wp-content\/uploads\/2020\/09\/DSC01106-1536x1152.jpg 1536w, https:\/\/unsuisseamallorca.com\/wp-content\/uploads\/2020\/09\/DSC01106-2048x1536.jpg 2048w, https:\/\/unsuisseamallorca.com\/wp-content\/uploads\/2020\/09\/DSC01106-scaled.jpg 2560w\" data-sizes=\"(max-width: 768px) 100vw, 768px\" src=\"data:image\/svg+xml;base64,PHN2ZyB3aWR0aD0iMSIgaGVpZ2h0PSIxIiB4bWxucz0iaHR0cDovL3d3dy53My5vcmcvMjAwMC9zdmciPjwvc3ZnPg==\" style=\"--smush-placeholder-width: 768px; --smush-placeholder-aspect-ratio: 768\/576;\" \/>\t\t\t\t\t\t\t\t\t\t\t\t\t\t\t<\/div>\n\t\t\t\t<\/div>\n\t\t\t\t<div class=\"elementor-element elementor-element-f417ffe elementor-widget elementor-widget-image\" data-id=\"f417ffe\" data-element_type=\"widget\" data-widget_type=\"image.default\">\n\t\t\t\t<div class=\"elementor-widget-container\">\n\t\t\t\t\t\t\t\t\t\t\t\t\t\t\t<img decoding=\"async\" width=\"768\" height=\"576\" data-src=\"https:\/\/unsuisseamallorca.com\/wp-content\/uploads\/2020\/09\/DSC01104-768x576.jpg\" class=\"attachment-medium_large size-medium_large wp-image-5889 lazyload\" alt=\"\" data-srcset=\"https:\/\/unsuisseamallorca.com\/wp-content\/uploads\/2020\/09\/DSC01104-768x576.jpg 768w, https:\/\/unsuisseamallorca.com\/wp-content\/uploads\/2020\/09\/DSC01104-300x225.jpg 300w, https:\/\/unsuisseamallorca.com\/wp-content\/uploads\/2020\/09\/DSC01104-1024x768.jpg 1024w, https:\/\/unsuisseamallorca.com\/wp-content\/uploads\/2020\/09\/DSC01104-1536x1152.jpg 1536w, https:\/\/unsuisseamallorca.com\/wp-content\/uploads\/2020\/09\/DSC01104-2048x1536.jpg 2048w, https:\/\/unsuisseamallorca.com\/wp-content\/uploads\/2020\/09\/DSC01104-scaled.jpg 2560w\" data-sizes=\"(max-width: 768px) 100vw, 768px\" src=\"data:image\/svg+xml;base64,PHN2ZyB3aWR0aD0iMSIgaGVpZ2h0PSIxIiB4bWxucz0iaHR0cDovL3d3dy53My5vcmcvMjAwMC9zdmciPjwvc3ZnPg==\" style=\"--smush-placeholder-width: 768px; --smush-placeholder-aspect-ratio: 768\/576;\" \/>\t\t\t\t\t\t\t\t\t\t\t\t\t\t\t<\/div>\n\t\t\t\t<\/div>\n\t\t\t\t<div class=\"elementor-element elementor-element-c7f47a7 elementor-widget elementor-widget-image\" data-id=\"c7f47a7\" data-element_type=\"widget\" data-widget_type=\"image.default\">\n\t\t\t\t<div class=\"elementor-widget-container\">\n\t\t\t\t\t\t\t\t\t\t\t\t\t\t\t<img decoding=\"async\" width=\"768\" height=\"576\" data-src=\"https:\/\/unsuisseamallorca.com\/wp-content\/uploads\/2020\/09\/DSC01102-768x576.jpg\" class=\"attachment-medium_large size-medium_large wp-image-5888 lazyload\" alt=\"\" data-srcset=\"https:\/\/unsuisseamallorca.com\/wp-content\/uploads\/2020\/09\/DSC01102-768x576.jpg 768w, https:\/\/unsuisseamallorca.com\/wp-content\/uploads\/2020\/09\/DSC01102-300x225.jpg 300w, https:\/\/unsuisseamallorca.com\/wp-content\/uploads\/2020\/09\/DSC01102-1024x768.jpg 1024w, https:\/\/unsuisseamallorca.com\/wp-content\/uploads\/2020\/09\/DSC01102-1536x1152.jpg 1536w, https:\/\/unsuisseamallorca.com\/wp-content\/uploads\/2020\/09\/DSC01102-2048x1536.jpg 2048w, https:\/\/unsuisseamallorca.com\/wp-content\/uploads\/2020\/09\/DSC01102-scaled.jpg 2560w\" data-sizes=\"(max-width: 768px) 100vw, 768px\" src=\"data:image\/svg+xml;base64,PHN2ZyB3aWR0aD0iMSIgaGVpZ2h0PSIxIiB4bWxucz0iaHR0cDovL3d3dy53My5vcmcvMjAwMC9zdmciPjwvc3ZnPg==\" style=\"--smush-placeholder-width: 768px; --smush-placeholder-aspect-ratio: 768\/576;\" \/>\t\t\t\t\t\t\t\t\t\t\t\t\t\t\t<\/div>\n\t\t\t\t<\/div>\n\t\t\t\t<div class=\"elementor-element elementor-element-6f1cb20 elementor-widget elementor-widget-image\" data-id=\"6f1cb20\" data-element_type=\"widget\" data-widget_type=\"image.default\">\n\t\t\t\t<div class=\"elementor-widget-container\">\n\t\t\t\t\t\t\t\t\t\t\t\t\t\t\t<img decoding=\"async\" width=\"768\" height=\"576\" data-src=\"https:\/\/unsuisseamallorca.com\/wp-content\/uploads\/2020\/09\/DSC01101-768x576.jpg\" class=\"attachment-medium_large size-medium_large wp-image-5887 lazyload\" alt=\"\" data-srcset=\"https:\/\/unsuisseamallorca.com\/wp-content\/uploads\/2020\/09\/DSC01101-768x576.jpg 768w, https:\/\/unsuisseamallorca.com\/wp-content\/uploads\/2020\/09\/DSC01101-300x225.jpg 300w, https:\/\/unsuisseamallorca.com\/wp-content\/uploads\/2020\/09\/DSC01101-1024x768.jpg 1024w, https:\/\/unsuisseamallorca.com\/wp-content\/uploads\/2020\/09\/DSC01101-1536x1152.jpg 1536w, https:\/\/unsuisseamallorca.com\/wp-content\/uploads\/2020\/09\/DSC01101-2048x1536.jpg 2048w, https:\/\/unsuisseamallorca.com\/wp-content\/uploads\/2020\/09\/DSC01101-scaled.jpg 2560w\" data-sizes=\"(max-width: 768px) 100vw, 768px\" src=\"data:image\/svg+xml;base64,PHN2ZyB3aWR0aD0iMSIgaGVpZ2h0PSIxIiB4bWxucz0iaHR0cDovL3d3dy53My5vcmcvMjAwMC9zdmciPjwvc3ZnPg==\" style=\"--smush-placeholder-width: 768px; --smush-placeholder-aspect-ratio: 768\/576;\" \/>\t\t\t\t\t\t\t\t\t\t\t\t\t\t\t<\/div>\n\t\t\t\t<\/div>\n\t\t\t\t<div class=\"elementor-element elementor-element-839fa49 elementor-widget elementor-widget-image\" data-id=\"839fa49\" data-element_type=\"widget\" data-widget_type=\"image.default\">\n\t\t\t\t<div class=\"elementor-widget-container\">\n\t\t\t\t\t\t\t\t\t\t\t\t\t\t\t<img decoding=\"async\" width=\"620\" height=\"330\" data-src=\"https:\/\/unsuisseamallorca.com\/wp-content\/uploads\/2020\/10\/mercado-ecologico-plaza-patines-55.jpg\" class=\"attachment-medium_large size-medium_large wp-image-6093 lazyload\" alt=\"\" data-srcset=\"https:\/\/unsuisseamallorca.com\/wp-content\/uploads\/2020\/10\/mercado-ecologico-plaza-patines-55.jpg 620w, https:\/\/unsuisseamallorca.com\/wp-content\/uploads\/2020\/10\/mercado-ecologico-plaza-patines-55-300x160.jpg 300w\" data-sizes=\"(max-width: 620px) 100vw, 620px\" src=\"data:image\/svg+xml;base64,PHN2ZyB3aWR0aD0iMSIgaGVpZ2h0PSIxIiB4bWxucz0iaHR0cDovL3d3dy53My5vcmcvMjAwMC9zdmciPjwvc3ZnPg==\" style=\"--smush-placeholder-width: 620px; --smush-placeholder-aspect-ratio: 620\/330;\" \/>\t\t\t\t\t\t\t\t\t\t\t\t\t\t\t<\/div>\n\t\t\t\t<\/div>\n\t\t\t\t<div class=\"elementor-element elementor-element-eb2f587 elementor-widget elementor-widget-image\" data-id=\"eb2f587\" data-element_type=\"widget\" data-widget_type=\"image.default\">\n\t\t\t\t<div class=\"elementor-widget-container\">\n\t\t\t\t\t\t\t\t\t\t\t\t\t\t\t<img decoding=\"async\" width=\"768\" height=\"301\" data-src=\"https:\/\/unsuisseamallorca.com\/wp-content\/uploads\/2020\/10\/Frontal_Pere_Garau_01-768x301.jpg\" class=\"attachment-medium_large size-medium_large wp-image-6090 lazyload\" alt=\"\" data-srcset=\"https:\/\/unsuisseamallorca.com\/wp-content\/uploads\/2020\/10\/Frontal_Pere_Garau_01-768x301.jpg 768w, https:\/\/unsuisseamallorca.com\/wp-content\/uploads\/2020\/10\/Frontal_Pere_Garau_01-300x118.jpg 300w, https:\/\/unsuisseamallorca.com\/wp-content\/uploads\/2020\/10\/Frontal_Pere_Garau_01.jpg 800w\" data-sizes=\"(max-width: 768px) 100vw, 768px\" src=\"data:image\/svg+xml;base64,PHN2ZyB3aWR0aD0iMSIgaGVpZ2h0PSIxIiB4bWxucz0iaHR0cDovL3d3dy53My5vcmcvMjAwMC9zdmciPjwvc3ZnPg==\" style=\"--smush-placeholder-width: 768px; --smush-placeholder-aspect-ratio: 768\/301;\" \/>\t\t\t\t\t\t\t\t\t\t\t\t\t\t\t<\/div>\n\t\t\t\t<\/div>\n\t\t\t\t<div class=\"elementor-element elementor-element-8a802e2 elementor-widget elementor-widget-image\" data-id=\"8a802e2\" data-element_type=\"widget\" data-widget_type=\"image.default\">\n\t\t\t\t<div class=\"elementor-widget-container\">\n\t\t\t\t\t\t\t\t\t\t\t\t\t\t\t<img decoding=\"async\" width=\"768\" height=\"412\" data-src=\"https:\/\/unsuisseamallorca.com\/wp-content\/uploads\/2020\/10\/mallorca-mercado-santa-catalina.jpg.imgo_-768x412.jpg\" class=\"attachment-medium_large size-medium_large wp-image-6091 lazyload\" alt=\"\" data-srcset=\"https:\/\/unsuisseamallorca.com\/wp-content\/uploads\/2020\/10\/mallorca-mercado-santa-catalina.jpg.imgo_-768x412.jpg 768w, https:\/\/unsuisseamallorca.com\/wp-content\/uploads\/2020\/10\/mallorca-mercado-santa-catalina.jpg.imgo_-300x161.jpg 300w, https:\/\/unsuisseamallorca.com\/wp-content\/uploads\/2020\/10\/mallorca-mercado-santa-catalina.jpg.imgo_.jpg 1000w\" data-sizes=\"(max-width: 768px) 100vw, 768px\" src=\"data:image\/svg+xml;base64,PHN2ZyB3aWR0aD0iMSIgaGVpZ2h0PSIxIiB4bWxucz0iaHR0cDovL3d3dy53My5vcmcvMjAwMC9zdmciPjwvc3ZnPg==\" style=\"--smush-placeholder-width: 768px; --smush-placeholder-aspect-ratio: 768\/412;\" \/>\t\t\t\t\t\t\t\t\t\t\t\t\t\t\t<\/div>\n\t\t\t\t<\/div>\n\t\t\t\t<div class=\"elementor-element elementor-element-b53a622 elementor-widget elementor-widget-image\" data-id=\"b53a622\" data-element_type=\"widget\" data-widget_type=\"image.default\">\n\t\t\t\t<div class=\"elementor-widget-container\">\n\t\t\t\t\t\t\t\t\t\t\t\t\t\t\t<img decoding=\"async\" width=\"550\" height=\"412\" data-src=\"https:\/\/unsuisseamallorca.com\/wp-content\/uploads\/2020\/10\/mercado_San_Juan.jpg\" class=\"attachment-medium_large size-medium_large wp-image-6092 lazyload\" alt=\"\" data-srcset=\"https:\/\/unsuisseamallorca.com\/wp-content\/uploads\/2020\/10\/mercado_San_Juan.jpg 550w, https:\/\/unsuisseamallorca.com\/wp-content\/uploads\/2020\/10\/mercado_San_Juan-300x225.jpg 300w\" data-sizes=\"(max-width: 550px) 100vw, 550px\" src=\"data:image\/svg+xml;base64,PHN2ZyB3aWR0aD0iMSIgaGVpZ2h0PSIxIiB4bWxucz0iaHR0cDovL3d3dy53My5vcmcvMjAwMC9zdmciPjwvc3ZnPg==\" style=\"--smush-placeholder-width: 550px; --smush-placeholder-aspect-ratio: 550\/412;\" \/>\t\t\t\t\t\t\t\t\t\t\t\t\t\t\t<\/div>\n\t\t\t\t<\/div>\n\t\t\t\t<div class=\"elementor-element elementor-element-7757bf6 elementor-widget elementor-widget-image\" data-id=\"7757bf6\" data-element_type=\"widget\" data-widget_type=\"image.default\">\n\t\t\t\t<div class=\"elementor-widget-container\">\n\t\t\t\t\t\t\t\t\t\t\t\t\t\t\t<img decoding=\"async\" width=\"768\" height=\"406\" data-src=\"https:\/\/unsuisseamallorca.com\/wp-content\/uploads\/2020\/10\/mercat-1930-21-768x406.jpg\" class=\"attachment-medium_large size-medium_large wp-image-6094 lazyload\" alt=\"\" data-srcset=\"https:\/\/unsuisseamallorca.com\/wp-content\/uploads\/2020\/10\/mercat-1930-21-768x406.jpg 768w, https:\/\/unsuisseamallorca.com\/wp-content\/uploads\/2020\/10\/mercat-1930-21-300x159.jpg 300w, https:\/\/unsuisseamallorca.com\/wp-content\/uploads\/2020\/10\/mercat-1930-21.jpg 955w\" data-sizes=\"(max-width: 768px) 100vw, 768px\" src=\"data:image\/svg+xml;base64,PHN2ZyB3aWR0aD0iMSIgaGVpZ2h0PSIxIiB4bWxucz0iaHR0cDovL3d3dy53My5vcmcvMjAwMC9zdmciPjwvc3ZnPg==\" style=\"--smush-placeholder-width: 768px; --smush-placeholder-aspect-ratio: 768\/406;\" \/>\t\t\t\t\t\t\t\t\t\t\t\t\t\t\t<\/div>\n\t\t\t\t<\/div>\n\t\t\t\t<div class=\"elementor-element elementor-element-8389880 elementor-widget elementor-widget-image\" data-id=\"8389880\" data-element_type=\"widget\" data-widget_type=\"image.default\">\n\t\t\t\t<div class=\"elementor-widget-container\">\n\t\t\t\t\t\t\t\t\t\t\t\t\t\t\t<img decoding=\"async\" width=\"768\" height=\"625\" data-src=\"https:\/\/unsuisseamallorca.com\/wp-content\/uploads\/2020\/10\/home-mercado-san-juan-mercado-okk-768x625.jpg\" class=\"attachment-medium_large size-medium_large wp-image-6096 lazyload\" alt=\"\" data-srcset=\"https:\/\/unsuisseamallorca.com\/wp-content\/uploads\/2020\/10\/home-mercado-san-juan-mercado-okk-768x625.jpg 768w, https:\/\/unsuisseamallorca.com\/wp-content\/uploads\/2020\/10\/home-mercado-san-juan-mercado-okk-300x244.jpg 300w, https:\/\/unsuisseamallorca.com\/wp-content\/uploads\/2020\/10\/home-mercado-san-juan-mercado-okk.jpg 986w\" data-sizes=\"(max-width: 768px) 100vw, 768px\" src=\"data:image\/svg+xml;base64,PHN2ZyB3aWR0aD0iMSIgaGVpZ2h0PSIxIiB4bWxucz0iaHR0cDovL3d3dy53My5vcmcvMjAwMC9zdmciPjwvc3ZnPg==\" style=\"--smush-placeholder-width: 768px; --smush-placeholder-aspect-ratio: 768\/625;\" \/>\t\t\t\t\t\t\t\t\t\t\t\t\t\t\t<\/div>\n\t\t\t\t<\/div>\n\t\t\t\t\t<\/div>\n\t\t<\/div>\n\t\t\t\t\t<\/div>\n\t\t<\/section>\n\t\t\t\t<section class=\"elementor-section elementor-top-section elementor-element elementor-element-9ea5162 elementor-section-content-middle elementor-section-boxed elementor-section-height-default elementor-section-height-default\" data-id=\"9ea5162\" data-element_type=\"section\">\n\t\t\t\t\t\t<div class=\"elementor-container elementor-column-gap-default\">\n\t\t\t\t\t<div class=\"elementor-column elementor-col-50 elementor-top-column elementor-element elementor-element-94c41ea\" data-id=\"94c41ea\" data-element_type=\"column\">\n\t\t\t<div class=\"elementor-widget-wrap elementor-element-populated\">\n\t\t\t\t\t\t<div class=\"elementor-element elementor-element-6ceeb6d elementor-widget elementor-widget-image\" data-id=\"6ceeb6d\" data-element_type=\"widget\" data-widget_type=\"image.default\">\n\t\t\t\t<div class=\"elementor-widget-container\">\n\t\t\t\t\t\t\t\t\t\t\t\t<figure class=\"wp-caption\">\n\t\t\t\t\t\t\t\t\t\t<img decoding=\"async\" width=\"768\" height=\"512\" data-src=\"https:\/\/unsuisseamallorca.com\/wp-content\/uploads\/2020\/10\/palma-aquarium-1-768x512.jpg\" class=\"attachment-medium_large size-medium_large wp-image-6081 lazyload\" alt=\"\" data-srcset=\"https:\/\/unsuisseamallorca.com\/wp-content\/uploads\/2020\/10\/palma-aquarium-1-768x512.jpg 768w, https:\/\/unsuisseamallorca.com\/wp-content\/uploads\/2020\/10\/palma-aquarium-1-300x200.jpg 300w, https:\/\/unsuisseamallorca.com\/wp-content\/uploads\/2020\/10\/palma-aquarium-1-1024x683.jpg 1024w, https:\/\/unsuisseamallorca.com\/wp-content\/uploads\/2020\/10\/palma-aquarium-1-1536x1024.jpg 1536w, https:\/\/unsuisseamallorca.com\/wp-content\/uploads\/2020\/10\/palma-aquarium-1.jpg 1920w\" data-sizes=\"(max-width: 768px) 100vw, 768px\" src=\"data:image\/svg+xml;base64,PHN2ZyB3aWR0aD0iMSIgaGVpZ2h0PSIxIiB4bWxucz0iaHR0cDovL3d3dy53My5vcmcvMjAwMC9zdmciPjwvc3ZnPg==\" style=\"--smush-placeholder-width: 768px; --smush-placeholder-aspect-ratio: 768\/512;\" \/>\t\t\t\t\t\t\t\t\t\t\t<figcaption class=\"widget-image-caption wp-caption-text\">Plong\u00e9e avec les requins<\/figcaption>\n\t\t\t\t\t\t\t\t\t\t<\/figure>\n\t\t\t\t\t\t\t\t\t<\/div>\n\t\t\t\t<\/div>\n\t\t\t\t<div class=\"elementor-element elementor-element-b96ac4d elementor-widget elementor-widget-image\" data-id=\"b96ac4d\" data-element_type=\"widget\" data-widget_type=\"image.default\">\n\t\t\t\t<div class=\"elementor-widget-container\">\n\t\t\t\t\t\t\t\t\t\t\t\t<figure class=\"wp-caption\">\n\t\t\t\t\t\t\t\t\t\t<img decoding=\"async\" width=\"600\" height=\"400\" data-src=\"https:\/\/unsuisseamallorca.com\/wp-content\/uploads\/2020\/10\/Palma-Aquarium-tiburones.jpg\" class=\"attachment-medium_large size-medium_large wp-image-6082 lazyload\" alt=\"\" data-srcset=\"https:\/\/unsuisseamallorca.com\/wp-content\/uploads\/2020\/10\/Palma-Aquarium-tiburones.jpg 600w, https:\/\/unsuisseamallorca.com\/wp-content\/uploads\/2020\/10\/Palma-Aquarium-tiburones-300x200.jpg 300w\" data-sizes=\"(max-width: 600px) 100vw, 600px\" src=\"data:image\/svg+xml;base64,PHN2ZyB3aWR0aD0iMSIgaGVpZ2h0PSIxIiB4bWxucz0iaHR0cDovL3d3dy53My5vcmcvMjAwMC9zdmciPjwvc3ZnPg==\" style=\"--smush-placeholder-width: 600px; --smush-placeholder-aspect-ratio: 600\/400;\" \/>\t\t\t\t\t\t\t\t\t\t\t<figcaption class=\"widget-image-caption wp-caption-text\">Plong\u00e9e avec les requins<\/figcaption>\n\t\t\t\t\t\t\t\t\t\t<\/figure>\n\t\t\t\t\t\t\t\t\t<\/div>\n\t\t\t\t<\/div>\n\t\t\t\t<div class=\"elementor-element elementor-element-9544c1f elementor-widget elementor-widget-image\" data-id=\"9544c1f\" data-element_type=\"widget\" data-widget_type=\"image.default\">\n\t\t\t\t<div class=\"elementor-widget-container\">\n\t\t\t\t\t\t\t\t\t\t\t\t<figure class=\"wp-caption\">\n\t\t\t\t\t\t\t\t\t\t<img decoding=\"async\" width=\"768\" height=\"466\" data-src=\"https:\/\/unsuisseamallorca.com\/wp-content\/uploads\/2020\/06\/30_07_1811_34_44Actividades_Buceo_con_tiburones_2da-768x466.jpg\" class=\"attachment-medium_large size-medium_large wp-image-4454 lazyload\" alt=\"\" data-srcset=\"https:\/\/unsuisseamallorca.com\/wp-content\/uploads\/2020\/06\/30_07_1811_34_44Actividades_Buceo_con_tiburones_2da-768x466.jpg 768w, https:\/\/unsuisseamallorca.com\/wp-content\/uploads\/2020\/06\/30_07_1811_34_44Actividades_Buceo_con_tiburones_2da-300x182.jpg 300w, https:\/\/unsuisseamallorca.com\/wp-content\/uploads\/2020\/06\/30_07_1811_34_44Actividades_Buceo_con_tiburones_2da-1024x621.jpg 1024w, https:\/\/unsuisseamallorca.com\/wp-content\/uploads\/2020\/06\/30_07_1811_34_44Actividades_Buceo_con_tiburones_2da.jpg 1200w\" data-sizes=\"(max-width: 768px) 100vw, 768px\" src=\"data:image\/svg+xml;base64,PHN2ZyB3aWR0aD0iMSIgaGVpZ2h0PSIxIiB4bWxucz0iaHR0cDovL3d3dy53My5vcmcvMjAwMC9zdmciPjwvc3ZnPg==\" style=\"--smush-placeholder-width: 768px; --smush-placeholder-aspect-ratio: 768\/466;\" \/>\t\t\t\t\t\t\t\t\t\t\t<figcaption class=\"widget-image-caption wp-caption-text\">Plong\u00e9e avec les requins<\/figcaption>\n\t\t\t\t\t\t\t\t\t\t<\/figure>\n\t\t\t\t\t\t\t\t\t<\/div>\n\t\t\t\t<\/div>\n\t\t\t\t\t<\/div>\n\t\t<\/div>\n\t\t\t\t<div class=\"elementor-column elementor-col-50 elementor-top-column elementor-element elementor-element-1241e59\" data-id=\"1241e59\" data-element_type=\"column\">\n\t\t\t<div class=\"elementor-widget-wrap elementor-element-populated\">\n\t\t\t\t\t\t<div class=\"elementor-element elementor-element-d081391 elementor-widget elementor-widget-heading\" data-id=\"d081391\" data-element_type=\"widget\" data-widget_type=\"heading.default\">\n\t\t\t\t<div class=\"elementor-widget-container\">\n\t\t\t\t\t<h3 class=\"elementor-heading-title elementor-size-default\">L'aquarium<\/h3>\t\t\t\t<\/div>\n\t\t\t\t<\/div>\n\t\t\t\t<div class=\"elementor-element elementor-element-531a492 elementor-widget elementor-widget-text-editor\" data-id=\"531a492\" data-element_type=\"widget\" data-widget_type=\"text-editor.default\">\n\t\t\t\t<div class=\"elementor-widget-container\">\n\t\t\t\t\t\t\t\t\t<p>Le Palma Aquarium est une vraie source de divertissement aussi bien pour les vacanciers en qu\u00eate de qui\u00e9tude que d\u2019aventure.\u00a0Situ\u00e9 \u00e0 Majorque, ce bassin est un exemple pour l\u2019Europe en termes d\u2019innovation dans le secteur du tourisme.<\/p><p><b>La grandeur au rendez-vous<\/b><\/p><p>Si Majorque est la plus grande \u00eele des Bal\u00e9ares, elle abrite aussi l\u2019un des plus grands bassins \u00e0 requin d\u2019Europe. \u00ab Le Big Blue \u00bb, tel qu\u2019on le surnomme, est un aquarium de 3,5 millions de litres et de 8, 5 m\u00e8tres de profondeur.\u00a0Il h\u00e9berge actuellement quatre esp\u00e8ces de squale tr\u00e8s fr\u00e9quents dans la M\u00e9diterran\u00e9e. Mais il n\u2019y a pas que les requins, plus de 200 esp\u00e8ces d\u2019animaux marins y vivent en parfaite symbiose.\u00a0Le Palma Aquarium, appartenant au groupe Coral World International, est une propri\u00e9t\u00e9\u00a0priv\u00e9e\u00a0d\u2019environ 12 000 m2.\u00a0Il s\u2019agit d\u2019un immense parc o\u00f9 enfant et adulte peuvent d\u00e9couvrir ensemble les merveilles de la nature\u00a0(700 esp\u00e8ces d\u2019animaux avec\u00a08000\u00a0exemplaires)\u00a0entrepos\u00e9es dans les 55 aquariums.\u00a0Outre les bassins, les places, les salles de restauration et les cascades, une petite reconstitution de la \u00ab Jungle \u00bb amazonienne vient ajouter une touche d\u2019exotisme au reste de l\u2019installation.\u00a0Dispos\u00e9 sur le haut du toit, \u00ab\u00a0the\u00a0Jungle \u00bb se trouve \u00eatre non seulement le plus grand jardin suspendu de l\u2019Espagne, mais\u00a0\u00e9galement de l\u2019Europe toute en enti\u00e8re.<\/p><p><b>Un vrai observatoire du monde marin<\/b><\/p><p>Palma Aquarium, c\u2019est aussi une base d\u00e9di\u00e9e \u00e0 l\u2019observation du monde marin.\u00a0La vision de son propri\u00e9taire, Benjamin Khan, est claire \u00e0 ce sujet.\u00a0Pour ce grand passionn\u00e9 de la vie sous-marine, un aquarium est avant tout un moyen pour faire conna\u00eetre au grand public l\u2019importance que repr\u00e9sentent r\u00e9ellement les animaux et plantes marines pour l\u2019\u00e9cosyst\u00e8me.<\/p>\t\t\t\t\t\t\t\t<\/div>\n\t\t\t\t<\/div>\n\t\t\t\t\t<\/div>\n\t\t<\/div>\n\t\t\t\t\t<\/div>\n\t\t<\/section>\n\t\t\t\t<section class=\"elementor-section elementor-top-section elementor-element elementor-element-2bfa65f elementor-section-content-middle elementor-reverse-mobile elementor-section-boxed elementor-section-height-default elementor-section-height-default\" data-id=\"2bfa65f\" data-element_type=\"section\">\n\t\t\t\t\t\t<div class=\"elementor-container elementor-column-gap-default\">\n\t\t\t\t\t<div class=\"elementor-column elementor-col-50 elementor-top-column elementor-element elementor-element-c4bc390\" data-id=\"c4bc390\" data-element_type=\"column\">\n\t\t\t<div class=\"elementor-widget-wrap elementor-element-populated\">\n\t\t\t\t\t\t<div class=\"elementor-element elementor-element-b8c69ea elementor-widget elementor-widget-heading\" data-id=\"b8c69ea\" data-element_type=\"widget\" data-widget_type=\"heading.default\">\n\t\t\t\t<div class=\"elementor-widget-container\">\n\t\t\t\t\t<h3 class=\"elementor-heading-title elementor-size-default\">Le bus touristique<\/h3>\t\t\t\t<\/div>\n\t\t\t\t<\/div>\n\t\t\t\t<div class=\"elementor-element elementor-element-7f1d740 elementor-widget elementor-widget-text-editor\" data-id=\"7f1d740\" data-element_type=\"widget\" data-widget_type=\"text-editor.default\">\n\t\t\t\t<div class=\"elementor-widget-container\">\n\t\t\t\t\t\t\t\t\t<p>Je trouve que le bus touristique est un bon moyen de visiter, sans trop marcher et sans se prendre la t\u00eate, l\u2019ensemble de la ville, avec mont\u00e9e et descente libre. Si vous \u00eates plus \u00ab\u00a0sportif\u00a0\u00bb Une id\u00e9e sympa pour votre s\u00e9jour c\u2019est de d\u00e9couvrir la ville en v\u00e9lo avec un guide parlant fran\u00e7ais, moi par exemple. cela vous permettra d\u2019avoir une belle approche et surtout d\u2019en connaitre plus sur l\u2019histoire de Palma.<\/p>\t\t\t\t\t\t\t\t<\/div>\n\t\t\t\t<\/div>\n\t\t\t\t\t<\/div>\n\t\t<\/div>\n\t\t\t\t<div class=\"elementor-column elementor-col-50 elementor-top-column elementor-element elementor-element-302ecc4\" data-id=\"302ecc4\" data-element_type=\"column\">\n\t\t\t<div class=\"elementor-widget-wrap elementor-element-populated\">\n\t\t\t\t\t\t<div class=\"elementor-element elementor-element-b99a61c elementor-widget elementor-widget-image\" data-id=\"b99a61c\" data-element_type=\"widget\" data-widget_type=\"image.default\">\n\t\t\t\t<div class=\"elementor-widget-container\">\n\t\t\t\t\t\t\t\t\t\t\t\t\t\t\t<img decoding=\"async\" width=\"768\" height=\"512\" data-src=\"https:\/\/unsuisseamallorca.com\/wp-content\/uploads\/2020\/09\/bus-touristique-majorque-768x512.jpg\" class=\"attachment-medium_large size-medium_large wp-image-5898 lazyload\" alt=\"\" data-srcset=\"https:\/\/unsuisseamallorca.com\/wp-content\/uploads\/2020\/09\/bus-touristique-majorque-768x512.jpg 768w, https:\/\/unsuisseamallorca.com\/wp-content\/uploads\/2020\/09\/bus-touristique-majorque-300x200.jpg 300w, https:\/\/unsuisseamallorca.com\/wp-content\/uploads\/2020\/09\/bus-touristique-majorque-1024x683.jpg 1024w, https:\/\/unsuisseamallorca.com\/wp-content\/uploads\/2020\/09\/bus-touristique-majorque.jpg 1280w\" data-sizes=\"(max-width: 768px) 100vw, 768px\" src=\"data:image\/svg+xml;base64,PHN2ZyB3aWR0aD0iMSIgaGVpZ2h0PSIxIiB4bWxucz0iaHR0cDovL3d3dy53My5vcmcvMjAwMC9zdmciPjwvc3ZnPg==\" style=\"--smush-placeholder-width: 768px; --smush-placeholder-aspect-ratio: 768\/512;\" \/>\t\t\t\t\t\t\t\t\t\t\t\t\t\t\t<\/div>\n\t\t\t\t<\/div>\n\t\t\t\t\t<\/div>\n\t\t<\/div>\n\t\t\t\t\t<\/div>\n\t\t<\/section>\n\t\t\t\t<\/div>\n\t\t","protected":false},"excerpt":{"rendered":"<p>Le trac\u00e9 d&rsquo;une ville est l&rsquo;oeuvre du temps plut\u00f4t que d&rsquo;un architecte. Palma ou Palma de Majorque en fran\u00e7ais, Palma ou Palma de Mallorca en catalan et en castillan, se nomme officiellement Palma depuis 2016. Elle est la ville principale de l&rsquo;\u00eele de Majorque et la capitale de la communaut\u00e9 autonome des \u00eeles Bal\u00e9ares. Elle [&hellip;]<\/p>\n","protected":false},"author":1,"featured_media":0,"parent":0,"menu_order":0,"comment_status":"closed","ping_status":"closed","template":"","meta":{"ocean_post_layout":"","ocean_both_sidebars_style":"","ocean_both_sidebars_content_width":0,"ocean_both_sidebars_sidebars_width":0,"ocean_sidebar":"0","ocean_second_sidebar":"0","ocean_disable_margins":"enable","ocean_add_body_class":"","ocean_shortcode_before_top_bar":"","ocean_shortcode_after_top_bar":"","ocean_shortcode_before_header":"","ocean_shortcode_after_header":"","ocean_has_shortcode":"","ocean_shortcode_after_title":"","ocean_shortcode_before_footer_widgets":"","ocean_shortcode_after_footer_widgets":"","ocean_shortcode_before_footer_bottom":"","ocean_shortcode_after_footer_bottom":"","ocean_display_top_bar":"default","ocean_display_header":"default","ocean_header_style":"","ocean_center_header_left_menu":"0","ocean_custom_header_template":"0","ocean_custom_logo":0,"ocean_custom_retina_logo":0,"ocean_custom_logo_max_width":0,"ocean_custom_logo_tablet_max_width":0,"ocean_custom_logo_mobile_max_width":0,"ocean_custom_logo_max_height":0,"ocean_custom_logo_tablet_max_height":0,"ocean_custom_logo_mobile_max_height":0,"ocean_header_custom_menu":"0","ocean_menu_typo_font_family":"0","ocean_menu_typo_font_subset":"","ocean_menu_typo_font_size":0,"ocean_menu_typo_font_size_tablet":0,"ocean_menu_typo_font_size_mobile":0,"ocean_menu_typo_font_size_unit":"px","ocean_menu_typo_font_weight":"","ocean_menu_typo_font_weight_tablet":"","ocean_menu_typo_font_weight_mobile":"","ocean_menu_typo_transform":"","ocean_menu_typo_transform_tablet":"","ocean_menu_typo_transform_mobile":"","ocean_menu_typo_line_height":0,"ocean_menu_typo_line_height_tablet":0,"ocean_menu_typo_line_height_mobile":0,"ocean_menu_typo_line_height_unit":"","ocean_menu_typo_spacing":0,"ocean_menu_typo_spacing_tablet":0,"ocean_menu_typo_spacing_mobile":0,"ocean_menu_typo_spacing_unit":"","ocean_menu_link_color":"","ocean_menu_link_color_hover":"","ocean_menu_link_color_active":"","ocean_menu_link_background":"","ocean_menu_link_hover_background":"","ocean_menu_link_active_background":"","ocean_menu_social_links_bg":"","ocean_menu_social_hover_links_bg":"","ocean_menu_social_links_color":"","ocean_menu_social_hover_links_color":"","ocean_disable_title":"default","ocean_disable_heading":"default","ocean_post_title":"","ocean_post_subheading":"","ocean_post_title_style":"","ocean_post_title_background_color":"","ocean_post_title_background":0,"ocean_post_title_bg_image_position":"","ocean_post_title_bg_image_attachment":"","ocean_post_title_bg_image_repeat":"","ocean_post_title_bg_image_size":"","ocean_post_title_height":0,"ocean_post_title_bg_overlay":0.5,"ocean_post_title_bg_overlay_color":"","ocean_disable_breadcrumbs":"default","ocean_breadcrumbs_color":"","ocean_breadcrumbs_separator_color":"","ocean_breadcrumbs_links_color":"","ocean_breadcrumbs_links_hover_color":"","ocean_display_footer_widgets":"default","ocean_display_footer_bottom":"default","ocean_custom_footer_template":"0","footnotes":""},"class_list":["post-799","page","type-page","status-publish","hentry","entry"],"yoast_head":"<!-- This site is optimized with the Yoast SEO plugin v26.4 - https:\/\/yoast.com\/wordpress\/plugins\/seo\/ -->\n<title>PALMA UN SUISSE A MAJORQUE<\/title>\n<meta name=\"robots\" content=\"index, follow, max-snippet:-1, max-image-preview:large, max-video-preview:-1\" \/>\n<link rel=\"canonical\" href=\"https:\/\/unsuisseamallorca.com\/index.php\/palma\/\" \/>\n<meta property=\"og:locale\" content=\"fr_FR\" \/>\n<meta property=\"og:type\" content=\"article\" \/>\n<meta property=\"og:title\" content=\"PALMA UN SUISSE A MAJORQUE\" \/>\n<meta property=\"og:description\" content=\"Le trac\u00e9 d&rsquo;une ville est l&rsquo;oeuvre du temps plut\u00f4t que d&rsquo;un architecte. Palma ou Palma de Majorque en fran\u00e7ais, Palma ou Palma de Mallorca en catalan et en castillan, se nomme officiellement Palma depuis 2016. Elle est la ville principale de l&rsquo;\u00eele de Majorque et la capitale de la communaut\u00e9 autonome des \u00eeles Bal\u00e9ares. Elle [&hellip;]\" \/>\n<meta property=\"og:url\" content=\"https:\/\/unsuisseamallorca.com\/index.php\/palma\/\" \/>\n<meta property=\"og:site_name\" content=\"UN SUISSE A MAJORQUE\" \/>\n<meta property=\"article:modified_time\" content=\"2021-06-13T14:11:38+00:00\" \/>\n<meta property=\"og:image\" content=\"https:\/\/unsuisseamallorca.com\/wp-content\/uploads\/2020\/09\/DSC01082-1024x768.jpg\" \/>\n<meta name=\"twitter:card\" content=\"summary_large_image\" \/>\n<meta name=\"twitter:label1\" content=\"Dur\u00e9e de lecture estim\u00e9e\" \/>\n\t<meta name=\"twitter:data1\" content=\"30 minutes\" \/>\n<script type=\"application\/ld+json\" class=\"yoast-schema-graph\">{\"@context\":\"https:\/\/schema.org\",\"@graph\":[{\"@type\":\"WebPage\",\"@id\":\"https:\/\/unsuisseamallorca.com\/index.php\/palma\/\",\"url\":\"https:\/\/unsuisseamallorca.com\/index.php\/palma\/\",\"name\":\"PALMA UN SUISSE A MAJORQUE\",\"isPartOf\":{\"@id\":\"https:\/\/unsuisseamallorca.com\/#website\"},\"primaryImageOfPage\":{\"@id\":\"https:\/\/unsuisseamallorca.com\/index.php\/palma\/#primaryimage\"},\"image\":{\"@id\":\"https:\/\/unsuisseamallorca.com\/index.php\/palma\/#primaryimage\"},\"thumbnailUrl\":\"https:\/\/unsuisseamallorca.com\/wp-content\/uploads\/2020\/09\/DSC01082-1024x768.jpg\",\"datePublished\":\"2019-03-13T16:27:33+00:00\",\"dateModified\":\"2021-06-13T14:11:38+00:00\",\"breadcrumb\":{\"@id\":\"https:\/\/unsuisseamallorca.com\/index.php\/palma\/#breadcrumb\"},\"inLanguage\":\"fr-FR\",\"potentialAction\":[{\"@type\":\"ReadAction\",\"target\":[\"https:\/\/unsuisseamallorca.com\/index.php\/palma\/\"]}]},{\"@type\":\"ImageObject\",\"inLanguage\":\"fr-FR\",\"@id\":\"https:\/\/unsuisseamallorca.com\/index.php\/palma\/#primaryimage\",\"url\":\"https:\/\/unsuisseamallorca.com\/wp-content\/uploads\/2020\/09\/DSC01082-scaled.jpg\",\"contentUrl\":\"https:\/\/unsuisseamallorca.com\/wp-content\/uploads\/2020\/09\/DSC01082-scaled.jpg\",\"width\":2560,\"height\":1920},{\"@type\":\"BreadcrumbList\",\"@id\":\"https:\/\/unsuisseamallorca.com\/index.php\/palma\/#breadcrumb\",\"itemListElement\":[{\"@type\":\"ListItem\",\"position\":1,\"name\":\"Accueil\",\"item\":\"https:\/\/unsuisseamallorca.com\/\"},{\"@type\":\"ListItem\",\"position\":2,\"name\":\"PALMA\"}]},{\"@type\":\"WebSite\",\"@id\":\"https:\/\/unsuisseamallorca.com\/#website\",\"url\":\"https:\/\/unsuisseamallorca.com\/\",\"name\":\"UN SUISSE A MAJORQUE\",\"description\":\"Le voyageur voit ce qu&#039;il voit, le touriste voit ce qu&#039;il est venu voir !\",\"potentialAction\":[{\"@type\":\"SearchAction\",\"target\":{\"@type\":\"EntryPoint\",\"urlTemplate\":\"https:\/\/unsuisseamallorca.com\/?s={search_term_string}\"},\"query-input\":{\"@type\":\"PropertyValueSpecification\",\"valueRequired\":true,\"valueName\":\"search_term_string\"}}],\"inLanguage\":\"fr-FR\"}]}<\/script>\n<!-- \/ Yoast SEO plugin. -->","yoast_head_json":{"title":"PALMA UN SUISSE A MAJORQUE","robots":{"index":"index","follow":"follow","max-snippet":"max-snippet:-1","max-image-preview":"max-image-preview:large","max-video-preview":"max-video-preview:-1"},"canonical":"https:\/\/unsuisseamallorca.com\/index.php\/palma\/","og_locale":"fr_FR","og_type":"article","og_title":"PALMA UN SUISSE A MAJORQUE","og_description":"Le trac\u00e9 d&rsquo;une ville est l&rsquo;oeuvre du temps plut\u00f4t que d&rsquo;un architecte. Palma ou Palma de Majorque en fran\u00e7ais, Palma ou Palma de Mallorca en catalan et en castillan, se nomme officiellement Palma depuis 2016. Elle est la ville principale de l&rsquo;\u00eele de Majorque et la capitale de la communaut\u00e9 autonome des \u00eeles Bal\u00e9ares. Elle [&hellip;]","og_url":"https:\/\/unsuisseamallorca.com\/index.php\/palma\/","og_site_name":"UN SUISSE A MAJORQUE","article_modified_time":"2021-06-13T14:11:38+00:00","og_image":[{"url":"https:\/\/unsuisseamallorca.com\/wp-content\/uploads\/2020\/09\/DSC01082-1024x768.jpg","type":"","width":"","height":""}],"twitter_card":"summary_large_image","twitter_misc":{"Dur\u00e9e de lecture estim\u00e9e":"30 minutes"},"schema":{"@context":"https:\/\/schema.org","@graph":[{"@type":"WebPage","@id":"https:\/\/unsuisseamallorca.com\/index.php\/palma\/","url":"https:\/\/unsuisseamallorca.com\/index.php\/palma\/","name":"PALMA UN SUISSE A MAJORQUE","isPartOf":{"@id":"https:\/\/unsuisseamallorca.com\/#website"},"primaryImageOfPage":{"@id":"https:\/\/unsuisseamallorca.com\/index.php\/palma\/#primaryimage"},"image":{"@id":"https:\/\/unsuisseamallorca.com\/index.php\/palma\/#primaryimage"},"thumbnailUrl":"https:\/\/unsuisseamallorca.com\/wp-content\/uploads\/2020\/09\/DSC01082-1024x768.jpg","datePublished":"2019-03-13T16:27:33+00:00","dateModified":"2021-06-13T14:11:38+00:00","breadcrumb":{"@id":"https:\/\/unsuisseamallorca.com\/index.php\/palma\/#breadcrumb"},"inLanguage":"fr-FR","potentialAction":[{"@type":"ReadAction","target":["https:\/\/unsuisseamallorca.com\/index.php\/palma\/"]}]},{"@type":"ImageObject","inLanguage":"fr-FR","@id":"https:\/\/unsuisseamallorca.com\/index.php\/palma\/#primaryimage","url":"https:\/\/unsuisseamallorca.com\/wp-content\/uploads\/2020\/09\/DSC01082-scaled.jpg","contentUrl":"https:\/\/unsuisseamallorca.com\/wp-content\/uploads\/2020\/09\/DSC01082-scaled.jpg","width":2560,"height":1920},{"@type":"BreadcrumbList","@id":"https:\/\/unsuisseamallorca.com\/index.php\/palma\/#breadcrumb","itemListElement":[{"@type":"ListItem","position":1,"name":"Accueil","item":"https:\/\/unsuisseamallorca.com\/"},{"@type":"ListItem","position":2,"name":"PALMA"}]},{"@type":"WebSite","@id":"https:\/\/unsuisseamallorca.com\/#website","url":"https:\/\/unsuisseamallorca.com\/","name":"UN SUISSE A MAJORQUE","description":"Le voyageur voit ce qu&#039;il voit, le touriste voit ce qu&#039;il est venu voir !","potentialAction":[{"@type":"SearchAction","target":{"@type":"EntryPoint","urlTemplate":"https:\/\/unsuisseamallorca.com\/?s={search_term_string}"},"query-input":{"@type":"PropertyValueSpecification","valueRequired":true,"valueName":"search_term_string"}}],"inLanguage":"fr-FR"}]}},"_links":{"self":[{"href":"https:\/\/unsuisseamallorca.com\/index.php\/wp-json\/wp\/v2\/pages\/799","targetHints":{"allow":["GET"]}}],"collection":[{"href":"https:\/\/unsuisseamallorca.com\/index.php\/wp-json\/wp\/v2\/pages"}],"about":[{"href":"https:\/\/unsuisseamallorca.com\/index.php\/wp-json\/wp\/v2\/types\/page"}],"author":[{"embeddable":true,"href":"https:\/\/unsuisseamallorca.com\/index.php\/wp-json\/wp\/v2\/users\/1"}],"replies":[{"embeddable":true,"href":"https:\/\/unsuisseamallorca.com\/index.php\/wp-json\/wp\/v2\/comments?post=799"}],"version-history":[{"count":139,"href":"https:\/\/unsuisseamallorca.com\/index.php\/wp-json\/wp\/v2\/pages\/799\/revisions"}],"predecessor-version":[{"id":7667,"href":"https:\/\/unsuisseamallorca.com\/index.php\/wp-json\/wp\/v2\/pages\/799\/revisions\/7667"}],"wp:attachment":[{"href":"https:\/\/unsuisseamallorca.com\/index.php\/wp-json\/wp\/v2\/media?parent=799"}],"curies":[{"name":"wp","href":"https:\/\/api.w.org\/{rel}","templated":true}]}}