{"id":6542,"date":"2021-01-04T09:17:07","date_gmt":"2021-01-04T08:17:07","guid":{"rendered":"https:\/\/unsuisseamallorca.com\/?page_id=6542"},"modified":"2021-01-08T11:13:56","modified_gmt":"2021-01-08T10:13:56","slug":"selva-a-caimari","status":"publish","type":"page","link":"https:\/\/unsuisseamallorca.com\/index.php\/selva-a-caimari\/","title":{"rendered":"Selva \u00e0 Caimari"},"content":{"rendered":"\t\t<div data-elementor-type=\"wp-post\" data-elementor-id=\"6542\" class=\"elementor elementor-6542\" data-elementor-post-type=\"page\">\n\t\t\t\t\t\t<section class=\"elementor-section elementor-top-section elementor-element elementor-element-e9f9c3e elementor-section-boxed elementor-section-height-default elementor-section-height-default\" data-id=\"e9f9c3e\" data-element_type=\"section\" data-settings=\"{&quot;background_background&quot;:&quot;classic&quot;,&quot;shape_divider_bottom&quot;:&quot;waves&quot;}\">\n\t\t\t\t\t\t\t<div class=\"elementor-background-overlay\"><\/div>\n\t\t\t\t\t\t<div class=\"elementor-shape elementor-shape-bottom\" aria-hidden=\"true\" data-negative=\"false\">\n\t\t\t<svg xmlns=\"http:\/\/www.w3.org\/2000\/svg\" viewBox=\"0 0 1000 100\" preserveAspectRatio=\"none\">\n\t<path class=\"elementor-shape-fill\" d=\"M421.9,6.5c22.6-2.5,51.5,0.4,75.5,5.3c23.6,4.9,70.9,23.5,100.5,35.7c75.8,32.2,133.7,44.5,192.6,49.7\n\tc23.6,2.1,48.7,3.5,103.4-2.5c54.7-6,106.2-25.6,106.2-25.6V0H0v30.3c0,0,72,32.6,158.4,30.5c39.2-0.7,92.8-6.7,134-22.4\n\tc21.2-8.1,52.2-18.2,79.7-24.2C399.3,7.9,411.6,7.5,421.9,6.5z\"\/>\n<\/svg>\t\t<\/div>\n\t\t\t\t\t<div class=\"elementor-container elementor-column-gap-default\">\n\t\t\t\t\t<div class=\"elementor-column elementor-col-100 elementor-top-column elementor-element elementor-element-285b9e6e\" data-id=\"285b9e6e\" data-element_type=\"column\" data-settings=\"{&quot;background_background&quot;:&quot;classic&quot;}\">\n\t\t\t<div class=\"elementor-widget-wrap elementor-element-populated\">\n\t\t\t\t\t\t<div class=\"elementor-element elementor-element-6d2f2764 elementor-widget elementor-widget-heading\" data-id=\"6d2f2764\" data-element_type=\"widget\" data-widget_type=\"heading.default\">\n\t\t\t\t<div class=\"elementor-widget-container\">\n\t\t\t\t\t<h3 class=\"elementor-heading-title elementor-size-default\">Un intellectuel assis va moins loin qu'un con qui marche. (M. Audiard)<\/h3>\t\t\t\t<\/div>\n\t\t\t\t<\/div>\n\t\t\t\t<div class=\"elementor-element elementor-element-4e83e4c4 elementor-widget__width-initial elementor-fixed elementor-widget elementor-widget-button\" data-id=\"4e83e4c4\" data-element_type=\"widget\" data-settings=\"{&quot;_position&quot;:&quot;fixed&quot;}\" data-widget_type=\"button.default\">\n\t\t\t\t<div class=\"elementor-widget-container\">\n\t\t\t\t\t\t\t\t\t<div class=\"elementor-button-wrapper\">\n\t\t\t\t\t<a class=\"elementor-button elementor-button-link elementor-size-md\" href=\"#\">\n\t\t\t\t\t\t<span class=\"elementor-button-content-wrapper\">\n\t\t\t\t\t\t<span class=\"elementor-button-icon\">\n\t\t\t\t<i aria-hidden=\"true\" class=\"fas fa-envelope\"><\/i>\t\t\t<\/span>\n\t\t\t\t\t\t\t\t<\/span>\n\t\t\t\t\t<\/a>\n\t\t\t\t<\/div>\n\t\t\t\t\t\t\t\t<\/div>\n\t\t\t\t<\/div>\n\t\t\t\t\t<\/div>\n\t\t<\/div>\n\t\t\t\t\t<\/div>\n\t\t<\/section>\n\t\t\t\t<section class=\"elementor-section elementor-top-section elementor-element elementor-element-6ba8a278 elementor-section-height-min-height elementor-section-boxed elementor-section-height-default elementor-section-items-middle\" data-id=\"6ba8a278\" data-element_type=\"section\" data-settings=\"{&quot;background_background&quot;:&quot;classic&quot;,&quot;shape_divider_bottom&quot;:&quot;arrow&quot;,&quot;shape_divider_bottom_negative&quot;:&quot;yes&quot;}\">\n\t\t\t\t\t\t\t<div class=\"elementor-background-overlay\"><\/div>\n\t\t\t\t\t\t<div class=\"elementor-shape elementor-shape-bottom\" aria-hidden=\"true\" data-negative=\"true\">\n\t\t\t<svg xmlns=\"http:\/\/www.w3.org\/2000\/svg\" viewBox=\"0 0 700 10\" preserveAspectRatio=\"none\">\n\t<path class=\"elementor-shape-fill\" d=\"M360 0L350 9.9 340 0 0 0 0 10 700 10 700 0\"\/>\n<\/svg>\t\t<\/div>\n\t\t\t\t\t<div class=\"elementor-container elementor-column-gap-default\">\n\t\t\t\t\t<div class=\"elementor-column elementor-col-100 elementor-top-column elementor-element elementor-element-3f748f8\" data-id=\"3f748f8\" data-element_type=\"column\">\n\t\t\t<div class=\"elementor-widget-wrap\">\n\t\t\t\t\t\t\t<\/div>\n\t\t<\/div>\n\t\t\t\t\t<\/div>\n\t\t<\/section>\n\t\t\t\t<section class=\"elementor-section elementor-top-section elementor-element elementor-element-63d7b039 elementor-section-boxed elementor-section-height-default elementor-section-height-default\" data-id=\"63d7b039\" data-element_type=\"section\">\n\t\t\t\t\t\t<div class=\"elementor-container elementor-column-gap-default\">\n\t\t\t\t\t<div class=\"elementor-column elementor-col-100 elementor-top-column elementor-element elementor-element-13d43fdf\" data-id=\"13d43fdf\" data-element_type=\"column\">\n\t\t\t<div class=\"elementor-widget-wrap elementor-element-populated\">\n\t\t\t\t\t\t<div class=\"elementor-element elementor-element-346b3a8f elementor-widget elementor-widget-text-editor\" data-id=\"346b3a8f\" data-element_type=\"widget\" data-widget_type=\"text-editor.default\">\n\t\t\t\t<div class=\"elementor-widget-container\">\n\t\t\t\t\t\t\t\t\t<p><span class=\"VIiyi\" lang=\"fr\"><span class=\"JLqJ4b ChMk0b\" data-language-for-alternatives=\"fr\" data-language-to-translate-into=\"auto\" data-phrase-index=\"0\">Cette \u00e9tape du parcours Art\u00e0 &#8211; Lluc\u00a0nous m\u00e8ne du village de Selva, porte d&rsquo;entr\u00e9e des p\u00e8lerins. qui depuis des temps imm\u00e9moriaux et de tous les lieux de Majorque se rendent au sanctuaire de Lluc. Nous nous approchons de la Sierra de Tramuntana par d&rsquo;anciens sentiers entre murs, amandiers et caroubiers, direction Caimari qui nous attend, avec un fond de montagnes et d&rsquo;oliveraies annonc\u00e9s par la\u00a0proximit\u00e9 de la mont\u00e9e vers Lluc.<\/span><\/span><\/p>\t\t\t\t\t\t\t\t<\/div>\n\t\t\t\t<\/div>\n\t\t\t\t\t<\/div>\n\t\t<\/div>\n\t\t\t\t\t<\/div>\n\t\t<\/section>\n\t\t\t\t<section class=\"elementor-section elementor-top-section elementor-element elementor-element-cafdab3 elementor-section-content-middle elementor-reverse-mobile elementor-section-boxed elementor-section-height-default elementor-section-height-default\" data-id=\"cafdab3\" data-element_type=\"section\">\n\t\t\t\t\t\t<div class=\"elementor-container elementor-column-gap-default\">\n\t\t\t\t\t<div class=\"elementor-column elementor-col-50 elementor-top-column elementor-element elementor-element-2e36939b\" data-id=\"2e36939b\" data-element_type=\"column\">\n\t\t\t<div class=\"elementor-widget-wrap elementor-element-populated\">\n\t\t\t\t\t\t<div class=\"elementor-element elementor-element-7d11735a elementor-widget elementor-widget-heading\" data-id=\"7d11735a\" data-element_type=\"widget\" data-widget_type=\"heading.default\">\n\t\t\t\t<div class=\"elementor-widget-container\">\n\t\t\t\t\t<h3 class=\"elementor-heading-title elementor-size-default\">Etape 5: Selva \u00e0 Caimari<\/h3>\t\t\t\t<\/div>\n\t\t\t\t<\/div>\n\t\t\t\t<div class=\"elementor-element elementor-element-5150a8b3 elementor-widget elementor-widget-text-editor\" data-id=\"5150a8b3\" data-element_type=\"widget\" data-widget_type=\"text-editor.default\">\n\t\t\t\t<div class=\"elementor-widget-container\">\n\t\t\t\t\t\t\t\t\t<p><span title=\"\">Dur\u00e9e: 40min, 2,200 Km<\/span><br \/><span title=\"\">D\u00e9nivel\u00e9: \u2191 56 m, \u2193 42 m<\/span><br \/><span title=\"\">Difficult\u00e9: Basse<\/span><\/p><p>Nous d\u00e9finissons le point de d\u00e9part pour cela \u00e9tape \u00e0 la source de Valella,\u00a0 le long de la route d&rsquo;Inca \u00e0 Lluc (Ma &#8211; 2130), que l&rsquo;on trouve juste apr\u00e8s les premi\u00e8res maisons de Selva. De l\u00e0, nous commen\u00e7ons le voyage par le Cam\u00ed Vell de Caimari \u00e0 Inca, qui est parall\u00e8le \u00e0 cette route et m\u00e8ne \u00e0 la plaine de Sa Font de Camarata. Apr\u00e8s une courte c\u00f4te vers le de Moscari (Ma &#8211; 2131), que nous traversons prudemment. Puis nous continuons dans la rue de Penyal et de So n&rsquo;Arnau, par o\u00f9 nous arrivons aux maisons du m\u00eame nom, pr\u00e8s desquelles nous trouvons le Cam\u00ed Vell de Caimari \u00e0 Inca, qui nous fait passer le terrain communal et se raccorde \u00e0 la route Ma &#8211; 2130, \u00e0 la hauteur de la volta des Jurat. De l\u00e0, vous pouvez voir le village de Caimari, avec ses zones communes \u00e0 l&rsquo;arri\u00e8re, y compris la colline Escuder, avec 571 m\u00e8tres et la forme conique caract\u00e9ristique, et le Puig de n&rsquo;Ali, qui avec 1 031 m\u00e8tres est le plus haut de la r\u00e9gion. Apr\u00e8s le virage, nous trouvons le Camino Viejo, une section r\u00e9cemment r\u00e9cup\u00e9r\u00e9e par la Mairie de Majorque et Selva, qui peu apr\u00e8s traverse le torrent de Pont d\u2019en Blai, par un pont de pierre sec d&rsquo;une belle finition o\u00f9 nous trouvons un bar dans un petit escalier sur la droite. De l\u00e0, nous marchons parall\u00e8lement \u00e0 la Ma &#8211; route 2130 et nous arrivons \u00e0 l&rsquo;entr\u00e9e de Caimari, puis par un chemin que nous trouvons \u00e0 droite et bien indiqu\u00e9, nous nous dirigeons vers le Parc ethnologique, qui contient un \u00e9chantillon repr\u00e9sentatif des constructions li\u00e9e \u00e0 l&rsquo;exploitation des montagnes. De retour sur la route, nous trouvons les premi\u00e8res maisons du village de Caimari, point final de notre voyage.<\/p>\t\t\t\t\t\t\t\t<\/div>\n\t\t\t\t<\/div>\n\t\t\t\t\t<\/div>\n\t\t<\/div>\n\t\t\t\t<div class=\"elementor-column elementor-col-50 elementor-top-column elementor-element elementor-element-3bdfeea8\" data-id=\"3bdfeea8\" data-element_type=\"column\">\n\t\t\t<div class=\"elementor-widget-wrap elementor-element-populated\">\n\t\t\t\t\t\t<div class=\"elementor-element elementor-element-06a2271 elementor-widget elementor-widget-image\" data-id=\"06a2271\" data-element_type=\"widget\" data-widget_type=\"image.default\">\n\t\t\t\t<div class=\"elementor-widget-container\">\n\t\t\t\t\t\t\t\t\t\t\t\t<figure class=\"wp-caption\">\n\t\t\t\t\t\t\t\t\t\t<img fetchpriority=\"high\" decoding=\"async\" width=\"1600\" height=\"901\" src=\"https:\/\/unsuisseamallorca.com\/wp-content\/uploads\/2021\/01\/Selva.jpg\" class=\"attachment-full size-full wp-image-6565\" alt=\"\" srcset=\"https:\/\/unsuisseamallorca.com\/wp-content\/uploads\/2021\/01\/Selva.jpg 1600w, https:\/\/unsuisseamallorca.com\/wp-content\/uploads\/2021\/01\/Selva-300x169.jpg 300w, https:\/\/unsuisseamallorca.com\/wp-content\/uploads\/2021\/01\/Selva-1024x577.jpg 1024w, https:\/\/unsuisseamallorca.com\/wp-content\/uploads\/2021\/01\/Selva-768x432.jpg 768w, https:\/\/unsuisseamallorca.com\/wp-content\/uploads\/2021\/01\/Selva-1536x865.jpg 1536w\" sizes=\"(max-width: 1600px) 100vw, 1600px\" \/>\t\t\t\t\t\t\t\t\t\t\t<figcaption class=\"widget-image-caption wp-caption-text\">Selva<\/figcaption>\n\t\t\t\t\t\t\t\t\t\t<\/figure>\n\t\t\t\t\t\t\t\t\t<\/div>\n\t\t\t\t<\/div>\n\t\t\t\t<div class=\"elementor-element elementor-element-7215ba5 elementor-widget elementor-widget-image\" data-id=\"7215ba5\" data-element_type=\"widget\" data-widget_type=\"image.default\">\n\t\t\t\t<div class=\"elementor-widget-container\">\n\t\t\t\t\t\t\t\t\t\t\t\t<figure class=\"wp-caption\">\n\t\t\t\t\t\t\t\t\t\t<img decoding=\"async\" width=\"1600\" height=\"901\" data-src=\"https:\/\/unsuisseamallorca.com\/wp-content\/uploads\/2021\/01\/Selva-c.jpg\" class=\"attachment-full size-full wp-image-6564 lazyload\" alt=\"\" data-srcset=\"https:\/\/unsuisseamallorca.com\/wp-content\/uploads\/2021\/01\/Selva-c.jpg 1600w, https:\/\/unsuisseamallorca.com\/wp-content\/uploads\/2021\/01\/Selva-c-300x169.jpg 300w, https:\/\/unsuisseamallorca.com\/wp-content\/uploads\/2021\/01\/Selva-c-1024x577.jpg 1024w, https:\/\/unsuisseamallorca.com\/wp-content\/uploads\/2021\/01\/Selva-c-768x432.jpg 768w, https:\/\/unsuisseamallorca.com\/wp-content\/uploads\/2021\/01\/Selva-c-1536x865.jpg 1536w\" data-sizes=\"(max-width: 1600px) 100vw, 1600px\" src=\"data:image\/svg+xml;base64,PHN2ZyB3aWR0aD0iMSIgaGVpZ2h0PSIxIiB4bWxucz0iaHR0cDovL3d3dy53My5vcmcvMjAwMC9zdmciPjwvc3ZnPg==\" style=\"--smush-placeholder-width: 1600px; --smush-placeholder-aspect-ratio: 1600\/901;\" \/>\t\t\t\t\t\t\t\t\t\t\t<figcaption class=\"widget-image-caption wp-caption-text\">Selva<\/figcaption>\n\t\t\t\t\t\t\t\t\t\t<\/figure>\n\t\t\t\t\t\t\t\t\t<\/div>\n\t\t\t\t<\/div>\n\t\t\t\t<div class=\"elementor-element elementor-element-7c5201d elementor-widget elementor-widget-image\" data-id=\"7c5201d\" data-element_type=\"widget\" data-widget_type=\"image.default\">\n\t\t\t\t<div class=\"elementor-widget-container\">\n\t\t\t\t\t\t\t\t\t\t\t\t<figure class=\"wp-caption\">\n\t\t\t\t\t\t\t\t\t\t<img decoding=\"async\" width=\"1600\" height=\"901\" data-src=\"https:\/\/unsuisseamallorca.com\/wp-content\/uploads\/2021\/01\/Caimari.jpg\" class=\"attachment-full size-full wp-image-6562 lazyload\" alt=\"\" data-srcset=\"https:\/\/unsuisseamallorca.com\/wp-content\/uploads\/2021\/01\/Caimari.jpg 1600w, https:\/\/unsuisseamallorca.com\/wp-content\/uploads\/2021\/01\/Caimari-300x169.jpg 300w, https:\/\/unsuisseamallorca.com\/wp-content\/uploads\/2021\/01\/Caimari-1024x577.jpg 1024w, https:\/\/unsuisseamallorca.com\/wp-content\/uploads\/2021\/01\/Caimari-768x432.jpg 768w, https:\/\/unsuisseamallorca.com\/wp-content\/uploads\/2021\/01\/Caimari-1536x865.jpg 1536w\" data-sizes=\"(max-width: 1600px) 100vw, 1600px\" src=\"data:image\/svg+xml;base64,PHN2ZyB3aWR0aD0iMSIgaGVpZ2h0PSIxIiB4bWxucz0iaHR0cDovL3d3dy53My5vcmcvMjAwMC9zdmciPjwvc3ZnPg==\" style=\"--smush-placeholder-width: 1600px; --smush-placeholder-aspect-ratio: 1600\/901;\" \/>\t\t\t\t\t\t\t\t\t\t\t<figcaption class=\"widget-image-caption wp-caption-text\">Caimari<\/figcaption>\n\t\t\t\t\t\t\t\t\t\t<\/figure>\n\t\t\t\t\t\t\t\t\t<\/div>\n\t\t\t\t<\/div>\n\t\t\t\t\t<\/div>\n\t\t<\/div>\n\t\t\t\t\t<\/div>\n\t\t<\/section>\n\t\t\t\t<section class=\"elementor-section elementor-top-section elementor-element elementor-element-ddb7ee8 elementor-section-boxed elementor-section-height-default elementor-section-height-default\" data-id=\"ddb7ee8\" data-element_type=\"section\">\n\t\t\t\t\t\t<div class=\"elementor-container elementor-column-gap-default\">\n\t\t\t\t\t<div class=\"elementor-column elementor-col-100 elementor-top-column elementor-element elementor-element-a9a6ec1\" data-id=\"a9a6ec1\" data-element_type=\"column\">\n\t\t\t<div class=\"elementor-widget-wrap elementor-element-populated\">\n\t\t\t\t\t\t<div class=\"elementor-element elementor-element-e5a4932 elementor-widget elementor-widget-image\" data-id=\"e5a4932\" data-element_type=\"widget\" data-widget_type=\"image.default\">\n\t\t\t\t<div class=\"elementor-widget-container\">\n\t\t\t\t\t\t\t\t\t\t\t\t\t\t\t<img decoding=\"async\" width=\"414\" height=\"709\" data-src=\"https:\/\/unsuisseamallorca.com\/wp-content\/uploads\/2021\/01\/Carte-etape-5.jpg\" class=\"attachment-large size-large wp-image-6569 lazyload\" alt=\"\" data-srcset=\"https:\/\/unsuisseamallorca.com\/wp-content\/uploads\/2021\/01\/Carte-etape-5.jpg 414w, https:\/\/unsuisseamallorca.com\/wp-content\/uploads\/2021\/01\/Carte-etape-5-175x300.jpg 175w\" data-sizes=\"(max-width: 414px) 100vw, 414px\" src=\"data:image\/svg+xml;base64,PHN2ZyB3aWR0aD0iMSIgaGVpZ2h0PSIxIiB4bWxucz0iaHR0cDovL3d3dy53My5vcmcvMjAwMC9zdmciPjwvc3ZnPg==\" style=\"--smush-placeholder-width: 414px; --smush-placeholder-aspect-ratio: 414\/709;\" \/>\t\t\t\t\t\t\t\t\t\t\t\t\t\t\t<\/div>\n\t\t\t\t<\/div>\n\t\t\t\t\t<\/div>\n\t\t<\/div>\n\t\t\t\t\t<\/div>\n\t\t<\/section>\n\t\t\t\t<\/div>\n\t\t","protected":false},"excerpt":{"rendered":"<p>Un intellectuel assis va moins loin qu&rsquo;un con qui marche. (M. Audiard) Cette \u00e9tape du parcours Art\u00e0 &#8211; Lluc\u00a0nous m\u00e8ne du village de Selva, porte d&rsquo;entr\u00e9e des p\u00e8lerins. qui depuis des temps imm\u00e9moriaux et de tous les lieux de Majorque se rendent au sanctuaire de Lluc. Nous nous approchons de la Sierra de Tramuntana par [&hellip;]<\/p>\n","protected":false},"author":1,"featured_media":0,"parent":0,"menu_order":0,"comment_status":"closed","ping_status":"closed","template":"","meta":{"ocean_post_layout":"","ocean_both_sidebars_style":"","ocean_both_sidebars_content_width":0,"ocean_both_sidebars_sidebars_width":0,"ocean_sidebar":"0","ocean_second_sidebar":"0","ocean_disable_margins":"enable","ocean_add_body_class":"","ocean_shortcode_before_top_bar":"","ocean_shortcode_after_top_bar":"","ocean_shortcode_before_header":"","ocean_shortcode_after_header":"","ocean_has_shortcode":"","ocean_shortcode_after_title":"","ocean_shortcode_before_footer_widgets":"","ocean_shortcode_after_footer_widgets":"","ocean_shortcode_before_footer_bottom":"","ocean_shortcode_after_footer_bottom":"","ocean_display_top_bar":"default","ocean_display_header":"default","ocean_header_style":"","ocean_center_header_left_menu":"0","ocean_custom_header_template":"0","ocean_custom_logo":0,"ocean_custom_retina_logo":0,"ocean_custom_logo_max_width":0,"ocean_custom_logo_tablet_max_width":0,"ocean_custom_logo_mobile_max_width":0,"ocean_custom_logo_max_height":0,"ocean_custom_logo_tablet_max_height":0,"ocean_custom_logo_mobile_max_height":0,"ocean_header_custom_menu":"0","ocean_menu_typo_font_family":"0","ocean_menu_typo_font_subset":"","ocean_menu_typo_font_size":0,"ocean_menu_typo_font_size_tablet":0,"ocean_menu_typo_font_size_mobile":0,"ocean_menu_typo_font_size_unit":"px","ocean_menu_typo_font_weight":"","ocean_menu_typo_font_weight_tablet":"","ocean_menu_typo_font_weight_mobile":"","ocean_menu_typo_transform":"","ocean_menu_typo_transform_tablet":"","ocean_menu_typo_transform_mobile":"","ocean_menu_typo_line_height":0,"ocean_menu_typo_line_height_tablet":0,"ocean_menu_typo_line_height_mobile":0,"ocean_menu_typo_line_height_unit":"","ocean_menu_typo_spacing":0,"ocean_menu_typo_spacing_tablet":0,"ocean_menu_typo_spacing_mobile":0,"ocean_menu_typo_spacing_unit":"","ocean_menu_link_color":"","ocean_menu_link_color_hover":"","ocean_menu_link_color_active":"","ocean_menu_link_background":"","ocean_menu_link_hover_background":"","ocean_menu_link_active_background":"","ocean_menu_social_links_bg":"","ocean_menu_social_hover_links_bg":"","ocean_menu_social_links_color":"","ocean_menu_social_hover_links_color":"","ocean_disable_title":"default","ocean_disable_heading":"default","ocean_post_title":"","ocean_post_subheading":"","ocean_post_title_style":"","ocean_post_title_background_color":"","ocean_post_title_background":0,"ocean_post_title_bg_image_position":"","ocean_post_title_bg_image_attachment":"","ocean_post_title_bg_image_repeat":"","ocean_post_title_bg_image_size":"","ocean_post_title_height":0,"ocean_post_title_bg_overlay":0.5,"ocean_post_title_bg_overlay_color":"","ocean_disable_breadcrumbs":"default","ocean_breadcrumbs_color":"","ocean_breadcrumbs_separator_color":"","ocean_breadcrumbs_links_color":"","ocean_breadcrumbs_links_hover_color":"","ocean_display_footer_widgets":"default","ocean_display_footer_bottom":"default","ocean_custom_footer_template":"0","footnotes":""},"class_list":["post-6542","page","type-page","status-publish","hentry","entry"],"yoast_head":"<!-- This site is optimized with the Yoast SEO plugin v26.4 - https:\/\/yoast.com\/wordpress\/plugins\/seo\/ -->\n<title>Selva \u00e0 Caimari UN SUISSE A MAJORQUE<\/title>\n<meta name=\"robots\" content=\"index, follow, max-snippet:-1, max-image-preview:large, max-video-preview:-1\" \/>\n<link rel=\"canonical\" href=\"https:\/\/unsuisseamallorca.com\/index.php\/selva-a-caimari\/\" \/>\n<meta property=\"og:locale\" content=\"fr_FR\" \/>\n<meta property=\"og:type\" content=\"article\" \/>\n<meta property=\"og:title\" content=\"Selva \u00e0 Caimari UN SUISSE A MAJORQUE\" \/>\n<meta property=\"og:description\" content=\"Un intellectuel assis va moins loin qu&rsquo;un con qui marche. (M. Audiard) Cette \u00e9tape du parcours Art\u00e0 &#8211; Lluc\u00a0nous m\u00e8ne du village de Selva, porte d&rsquo;entr\u00e9e des p\u00e8lerins. qui depuis des temps imm\u00e9moriaux et de tous les lieux de Majorque se rendent au sanctuaire de Lluc. Nous nous approchons de la Sierra de Tramuntana par [&hellip;]\" \/>\n<meta property=\"og:url\" content=\"https:\/\/unsuisseamallorca.com\/index.php\/selva-a-caimari\/\" \/>\n<meta property=\"og:site_name\" content=\"UN SUISSE A MAJORQUE\" \/>\n<meta property=\"article:modified_time\" content=\"2021-01-08T10:13:56+00:00\" \/>\n<meta property=\"og:image\" content=\"https:\/\/unsuisseamallorca.com\/wp-content\/uploads\/2021\/01\/Selva.jpg\" \/>\n<meta name=\"twitter:card\" content=\"summary_large_image\" \/>\n<meta name=\"twitter:label1\" content=\"Dur\u00e9e de lecture estim\u00e9e\" \/>\n\t<meta name=\"twitter:data1\" content=\"2 minutes\" \/>\n<script type=\"application\/ld+json\" class=\"yoast-schema-graph\">{\"@context\":\"https:\/\/schema.org\",\"@graph\":[{\"@type\":\"WebPage\",\"@id\":\"https:\/\/unsuisseamallorca.com\/index.php\/selva-a-caimari\/\",\"url\":\"https:\/\/unsuisseamallorca.com\/index.php\/selva-a-caimari\/\",\"name\":\"Selva \u00e0 Caimari UN SUISSE A MAJORQUE\",\"isPartOf\":{\"@id\":\"https:\/\/unsuisseamallorca.com\/#website\"},\"primaryImageOfPage\":{\"@id\":\"https:\/\/unsuisseamallorca.com\/index.php\/selva-a-caimari\/#primaryimage\"},\"image\":{\"@id\":\"https:\/\/unsuisseamallorca.com\/index.php\/selva-a-caimari\/#primaryimage\"},\"thumbnailUrl\":\"https:\/\/unsuisseamallorca.com\/wp-content\/uploads\/2021\/01\/Selva.jpg\",\"datePublished\":\"2021-01-04T08:17:07+00:00\",\"dateModified\":\"2021-01-08T10:13:56+00:00\",\"breadcrumb\":{\"@id\":\"https:\/\/unsuisseamallorca.com\/index.php\/selva-a-caimari\/#breadcrumb\"},\"inLanguage\":\"fr-FR\",\"potentialAction\":[{\"@type\":\"ReadAction\",\"target\":[\"https:\/\/unsuisseamallorca.com\/index.php\/selva-a-caimari\/\"]}]},{\"@type\":\"ImageObject\",\"inLanguage\":\"fr-FR\",\"@id\":\"https:\/\/unsuisseamallorca.com\/index.php\/selva-a-caimari\/#primaryimage\",\"url\":\"https:\/\/unsuisseamallorca.com\/wp-content\/uploads\/2021\/01\/Selva.jpg\",\"contentUrl\":\"https:\/\/unsuisseamallorca.com\/wp-content\/uploads\/2021\/01\/Selva.jpg\",\"width\":1600,\"height\":901},{\"@type\":\"BreadcrumbList\",\"@id\":\"https:\/\/unsuisseamallorca.com\/index.php\/selva-a-caimari\/#breadcrumb\",\"itemListElement\":[{\"@type\":\"ListItem\",\"position\":1,\"name\":\"Accueil\",\"item\":\"https:\/\/unsuisseamallorca.com\/\"},{\"@type\":\"ListItem\",\"position\":2,\"name\":\"Selva \u00e0 Caimari\"}]},{\"@type\":\"WebSite\",\"@id\":\"https:\/\/unsuisseamallorca.com\/#website\",\"url\":\"https:\/\/unsuisseamallorca.com\/\",\"name\":\"UN SUISSE A MAJORQUE\",\"description\":\"Le voyageur voit ce qu&#039;il voit, le touriste voit ce qu&#039;il est venu voir !\",\"potentialAction\":[{\"@type\":\"SearchAction\",\"target\":{\"@type\":\"EntryPoint\",\"urlTemplate\":\"https:\/\/unsuisseamallorca.com\/?s={search_term_string}\"},\"query-input\":{\"@type\":\"PropertyValueSpecification\",\"valueRequired\":true,\"valueName\":\"search_term_string\"}}],\"inLanguage\":\"fr-FR\"}]}<\/script>\n<!-- \/ Yoast SEO plugin. -->","yoast_head_json":{"title":"Selva \u00e0 Caimari UN SUISSE A MAJORQUE","robots":{"index":"index","follow":"follow","max-snippet":"max-snippet:-1","max-image-preview":"max-image-preview:large","max-video-preview":"max-video-preview:-1"},"canonical":"https:\/\/unsuisseamallorca.com\/index.php\/selva-a-caimari\/","og_locale":"fr_FR","og_type":"article","og_title":"Selva \u00e0 Caimari UN SUISSE A MAJORQUE","og_description":"Un intellectuel assis va moins loin qu&rsquo;un con qui marche. (M. Audiard) Cette \u00e9tape du parcours Art\u00e0 &#8211; Lluc\u00a0nous m\u00e8ne du village de Selva, porte d&rsquo;entr\u00e9e des p\u00e8lerins. qui depuis des temps imm\u00e9moriaux et de tous les lieux de Majorque se rendent au sanctuaire de Lluc. Nous nous approchons de la Sierra de Tramuntana par [&hellip;]","og_url":"https:\/\/unsuisseamallorca.com\/index.php\/selva-a-caimari\/","og_site_name":"UN SUISSE A MAJORQUE","article_modified_time":"2021-01-08T10:13:56+00:00","og_image":[{"url":"https:\/\/unsuisseamallorca.com\/wp-content\/uploads\/2021\/01\/Selva.jpg","type":"","width":"","height":""}],"twitter_card":"summary_large_image","twitter_misc":{"Dur\u00e9e de lecture estim\u00e9e":"2 minutes"},"schema":{"@context":"https:\/\/schema.org","@graph":[{"@type":"WebPage","@id":"https:\/\/unsuisseamallorca.com\/index.php\/selva-a-caimari\/","url":"https:\/\/unsuisseamallorca.com\/index.php\/selva-a-caimari\/","name":"Selva \u00e0 Caimari UN SUISSE A MAJORQUE","isPartOf":{"@id":"https:\/\/unsuisseamallorca.com\/#website"},"primaryImageOfPage":{"@id":"https:\/\/unsuisseamallorca.com\/index.php\/selva-a-caimari\/#primaryimage"},"image":{"@id":"https:\/\/unsuisseamallorca.com\/index.php\/selva-a-caimari\/#primaryimage"},"thumbnailUrl":"https:\/\/unsuisseamallorca.com\/wp-content\/uploads\/2021\/01\/Selva.jpg","datePublished":"2021-01-04T08:17:07+00:00","dateModified":"2021-01-08T10:13:56+00:00","breadcrumb":{"@id":"https:\/\/unsuisseamallorca.com\/index.php\/selva-a-caimari\/#breadcrumb"},"inLanguage":"fr-FR","potentialAction":[{"@type":"ReadAction","target":["https:\/\/unsuisseamallorca.com\/index.php\/selva-a-caimari\/"]}]},{"@type":"ImageObject","inLanguage":"fr-FR","@id":"https:\/\/unsuisseamallorca.com\/index.php\/selva-a-caimari\/#primaryimage","url":"https:\/\/unsuisseamallorca.com\/wp-content\/uploads\/2021\/01\/Selva.jpg","contentUrl":"https:\/\/unsuisseamallorca.com\/wp-content\/uploads\/2021\/01\/Selva.jpg","width":1600,"height":901},{"@type":"BreadcrumbList","@id":"https:\/\/unsuisseamallorca.com\/index.php\/selva-a-caimari\/#breadcrumb","itemListElement":[{"@type":"ListItem","position":1,"name":"Accueil","item":"https:\/\/unsuisseamallorca.com\/"},{"@type":"ListItem","position":2,"name":"Selva \u00e0 Caimari"}]},{"@type":"WebSite","@id":"https:\/\/unsuisseamallorca.com\/#website","url":"https:\/\/unsuisseamallorca.com\/","name":"UN SUISSE A MAJORQUE","description":"Le voyageur voit ce qu&#039;il voit, le touriste voit ce qu&#039;il est venu voir !","potentialAction":[{"@type":"SearchAction","target":{"@type":"EntryPoint","urlTemplate":"https:\/\/unsuisseamallorca.com\/?s={search_term_string}"},"query-input":{"@type":"PropertyValueSpecification","valueRequired":true,"valueName":"search_term_string"}}],"inLanguage":"fr-FR"}]}},"_links":{"self":[{"href":"https:\/\/unsuisseamallorca.com\/index.php\/wp-json\/wp\/v2\/pages\/6542","targetHints":{"allow":["GET"]}}],"collection":[{"href":"https:\/\/unsuisseamallorca.com\/index.php\/wp-json\/wp\/v2\/pages"}],"about":[{"href":"https:\/\/unsuisseamallorca.com\/index.php\/wp-json\/wp\/v2\/types\/page"}],"author":[{"embeddable":true,"href":"https:\/\/unsuisseamallorca.com\/index.php\/wp-json\/wp\/v2\/users\/1"}],"replies":[{"embeddable":true,"href":"https:\/\/unsuisseamallorca.com\/index.php\/wp-json\/wp\/v2\/comments?post=6542"}],"version-history":[{"count":16,"href":"https:\/\/unsuisseamallorca.com\/index.php\/wp-json\/wp\/v2\/pages\/6542\/revisions"}],"predecessor-version":[{"id":6720,"href":"https:\/\/unsuisseamallorca.com\/index.php\/wp-json\/wp\/v2\/pages\/6542\/revisions\/6720"}],"wp:attachment":[{"href":"https:\/\/unsuisseamallorca.com\/index.php\/wp-json\/wp\/v2\/media?parent=6542"}],"curies":[{"name":"wp","href":"https:\/\/api.w.org\/{rel}","templated":true}]}}