{"id":6124,"date":"2020-10-14T09:03:21","date_gmt":"2020-10-14T07:03:21","guid":{"rendered":"https:\/\/unsuisseamallorca.com\/?page_id=6124"},"modified":"2021-10-28T15:26:37","modified_gmt":"2021-10-28T13:26:37","slug":"colonia-sant-jordi","status":"publish","type":"page","link":"https:\/\/unsuisseamallorca.com\/index.php\/colonia-sant-jordi\/","title":{"rendered":"COLONIA SANT JORDI"},"content":{"rendered":"\t\t<div data-elementor-type=\"wp-page\" data-elementor-id=\"6124\" class=\"elementor elementor-6124\" data-elementor-post-type=\"page\">\n\t\t\t\t\t\t<section class=\"elementor-section elementor-top-section elementor-element elementor-element-37480f2 elementor-section-content-middle elementor-section-boxed elementor-section-height-default elementor-section-height-default\" data-id=\"37480f2\" data-element_type=\"section\">\n\t\t\t\t\t\t<div class=\"elementor-container elementor-column-gap-no\">\n\t\t\t\t\t<div class=\"elementor-column elementor-col-100 elementor-top-column elementor-element elementor-element-248a41d\" data-id=\"248a41d\" data-element_type=\"column\" data-settings=\"{&quot;background_background&quot;:&quot;classic&quot;}\">\n\t\t\t<div class=\"elementor-widget-wrap elementor-element-populated\">\n\t\t\t\t\t\t<div class=\"elementor-element elementor-element-843f232 elementor-widget elementor-widget-heading\" data-id=\"843f232\" data-element_type=\"widget\" data-widget_type=\"heading.default\">\n\t\t\t\t<div class=\"elementor-widget-container\">\n\t\t\t\t\t<h3 class=\"elementor-heading-title elementor-size-default\">On conna\u00eet la valeur du sel quand il n'y en a plus, et celle d'un p\u00e8re apr\u00e8s sa mort.<\/h3>\t\t\t\t<\/div>\n\t\t\t\t<\/div>\n\t\t\t\t\t<\/div>\n\t\t<\/div>\n\t\t\t\t\t<\/div>\n\t\t<\/section>\n\t\t\t\t<section class=\"elementor-section elementor-top-section elementor-element elementor-element-f8f43ba elementor-section-height-min-height elementor-section-boxed elementor-section-height-default elementor-section-items-middle\" data-id=\"f8f43ba\" data-element_type=\"section\" data-settings=\"{&quot;background_background&quot;:&quot;classic&quot;}\">\n\t\t\t\t\t\t\t<div class=\"elementor-background-overlay\"><\/div>\n\t\t\t\t\t\t\t<div class=\"elementor-container elementor-column-gap-default\">\n\t\t\t\t\t<div class=\"elementor-column elementor-col-100 elementor-top-column elementor-element elementor-element-57b6220\" data-id=\"57b6220\" data-element_type=\"column\">\n\t\t\t<div class=\"elementor-widget-wrap elementor-element-populated\">\n\t\t\t\t\t\t\t<\/div>\n\t\t<\/div>\n\t\t\t\t\t<\/div>\n\t\t<\/section>\n\t\t\t\t<section class=\"elementor-section elementor-top-section elementor-element elementor-element-6d476c4 elementor-section-content-middle elementor-section-boxed elementor-section-height-default elementor-section-height-default\" data-id=\"6d476c4\" data-element_type=\"section\" data-settings=\"{&quot;background_background&quot;:&quot;classic&quot;}\">\n\t\t\t\t\t\t<div class=\"elementor-container elementor-column-gap-default\">\n\t\t\t\t\t<div class=\"elementor-column elementor-col-100 elementor-top-column elementor-element elementor-element-542d044\" data-id=\"542d044\" data-element_type=\"column\">\n\t\t\t<div class=\"elementor-widget-wrap elementor-element-populated\">\n\t\t\t\t\t\t<div class=\"elementor-element elementor-element-a384553 elementor-widget elementor-widget-heading\" data-id=\"a384553\" data-element_type=\"widget\" data-widget_type=\"heading.default\">\n\t\t\t\t<div class=\"elementor-widget-container\">\n\t\t\t\t\t<h3 class=\"elementor-heading-title elementor-size-large\">C'est ici que nous avons trouv\u00e9 notre bonheur, apr\u00e8s de nombreuses recherches et visites qui ne correspondaient pas \u00e0 nos crit\u00e8res. Alors que nous n'y croyons plus trop, ce fut Notre Coup de Coeur. Et depuis nous ne cessons de nous \u00e9merveiller chaque jour que nous y passons.<\/h3>\t\t\t\t<\/div>\n\t\t\t\t<\/div>\n\t\t\t\t\t<\/div>\n\t\t<\/div>\n\t\t\t\t\t<\/div>\n\t\t<\/section>\n\t\t\t\t<section class=\"elementor-section elementor-top-section elementor-element elementor-element-3d7d335 elementor-section-content-middle elementor-section-boxed elementor-section-height-default elementor-section-height-default\" data-id=\"3d7d335\" data-element_type=\"section\" data-settings=\"{&quot;background_background&quot;:&quot;classic&quot;}\">\n\t\t\t\t\t\t<div class=\"elementor-container elementor-column-gap-default\">\n\t\t\t\t\t<div class=\"elementor-column elementor-col-100 elementor-top-column elementor-element elementor-element-c155775\" data-id=\"c155775\" data-element_type=\"column\">\n\t\t\t<div class=\"elementor-widget-wrap elementor-element-populated\">\n\t\t\t\t\t\t<div class=\"elementor-element elementor-element-3bebb38 elementor-widget elementor-widget-heading\" data-id=\"3bebb38\" data-element_type=\"widget\" data-widget_type=\"heading.default\">\n\t\t\t\t<div class=\"elementor-widget-container\">\n\t\t\t\t\t<h2 class=\"elementor-heading-title elementor-size-large\">Colonia Sant Jordi, environ 3'000 habitants, fait partie de la commune de Ses Salines dans le comt\u00e9 du Midi (Migjorn). Anciennement elle \u00e9tait aussi  parfois  appel\u00e9e Puerto de Campos. Avec une des plus anciennes salines du monde, cette ancienne ville de p\u00eacheurs est devenue une station baln\u00e9aire familiale dans les ann\u00e9es 1960, mais elle a su garder le contr\u00f4le de son expansion. Situ\u00e9e \u00e0 la pointe sud de l'\u00eele, elle est la ville la plus m\u00e9ridionale de Majorque.\nBien que anim\u00e9e en \u00e9t\u00e9, elle retrouve son calme d'antan sit\u00f4t les vacanciers rentr\u00e9s chez eux. <\/h2>\t\t\t\t<\/div>\n\t\t\t\t<\/div>\n\t\t\t\t\t<\/div>\n\t\t<\/div>\n\t\t\t\t\t<\/div>\n\t\t<\/section>\n\t\t\t\t<section class=\"elementor-section elementor-top-section elementor-element elementor-element-44f2ddc elementor-section-content-middle elementor-reverse-mobile elementor-section-boxed elementor-section-height-default elementor-section-height-default\" data-id=\"44f2ddc\" data-element_type=\"section\">\n\t\t\t\t\t\t<div class=\"elementor-container elementor-column-gap-default\">\n\t\t\t\t\t<div class=\"elementor-column elementor-col-50 elementor-top-column elementor-element elementor-element-94544da\" data-id=\"94544da\" data-element_type=\"column\">\n\t\t\t<div class=\"elementor-widget-wrap elementor-element-populated\">\n\t\t\t\t\t\t<div class=\"elementor-element elementor-element-a22b5ce elementor-widget elementor-widget-heading\" data-id=\"a22b5ce\" data-element_type=\"widget\" data-widget_type=\"heading.default\">\n\t\t\t\t<div class=\"elementor-widget-container\">\n\t\t\t\t\t<h3 class=\"elementor-heading-title elementor-size-default\">La ville<\/h3>\t\t\t\t<\/div>\n\t\t\t\t<\/div>\n\t\t\t\t<div class=\"elementor-element elementor-element-3089ee0 elementor-widget elementor-widget-text-editor\" data-id=\"3089ee0\" data-element_type=\"widget\" data-widget_type=\"text-editor.default\">\n\t\t\t\t<div class=\"elementor-widget-container\">\n\t\t\t\t\t\t\t\t\t<p>Col\u00f2nia de\u00a0Sant Jordi\u00a0est situ\u00e9e sur une petite presqu\u2019\u00eele saillante, dans le coin sud-est de l\u2019\u00eele ; la localit\u00e9 est une sorte de cul-de-sac, les c\u00f4tes, de part et d\u2019autre, \u00e9tant des zones prot\u00e9g\u00e9es d\u00e9pourvues de routes&#8230; Ce petit port de p\u00eache de 3000 habitants est devenu une destination touristique depuis les ann\u00e9es cinquante. C\u2019est une destination de d\u00e9couverte de la nature gr\u00e2ce \u00e0 sa proximit\u00e9 avec le Parc National de l\u2019Archipel de Cabrera et des salines. Les Romains exploitaient d\u00e9j\u00e0 les Salines de Colonia, il y a plus de 2500 Ans. Les chercheurs pensent que Colonia de Sant Jordi serait de la ville de Ticus. Le port de Colonia de Sant Jordi reste un d\u00e9bouch\u00e9 pour exporter la production des salines S\u2019Aval et Salobrar. Certains habitants de Majorque y ont implant\u00e9 leurs r\u00e9sidences secondaires, les familles appr\u00e9cient les longues plages au Sud-Est et au Nord-Ouest.<br \/><br \/>Le village a bien maitris\u00e9 son d\u00e9veloppement urbain. Il est facile de s\u2019y rep\u00e9rer gr\u00e2ce \u00e0 son am\u00e9nagement en damier : le port se trouve au sud-est et la plupart des h\u00f4tels sont implant\u00e9s au nord-ouest, proche des plages d\u2019Es Trenc et Estanys.\u00a0<\/p>\t\t\t\t\t\t\t\t<\/div>\n\t\t\t\t<\/div>\n\t\t\t\t<div class=\"elementor-element elementor-element-63870d6 elementor-align-left elementor-mobile-align-center elementor-widget elementor-widget-button\" data-id=\"63870d6\" data-element_type=\"widget\" data-widget_type=\"button.default\">\n\t\t\t\t<div class=\"elementor-widget-container\">\n\t\t\t\t\t\t\t\t\t<div class=\"elementor-button-wrapper\">\n\t\t\t\t\t<a class=\"elementor-button elementor-button-link elementor-size-md\" href=\"https:\/\/youtu.be\/k3saq-S17sk\">\n\t\t\t\t\t\t<span class=\"elementor-button-content-wrapper\">\n\t\t\t\t\t\t<span class=\"elementor-button-icon\">\n\t\t\t\t<i aria-hidden=\"true\" class=\"fas fa-angle-double-right\"><\/i>\t\t\t<\/span>\n\t\t\t\t\t\t\t\t\t<span class=\"elementor-button-text\">Le village vu du ciel<\/span>\n\t\t\t\t\t<\/span>\n\t\t\t\t\t<\/a>\n\t\t\t\t<\/div>\n\t\t\t\t\t\t\t\t<\/div>\n\t\t\t\t<\/div>\n\t\t\t\t\t<\/div>\n\t\t<\/div>\n\t\t\t\t<div class=\"elementor-column elementor-col-50 elementor-top-column elementor-element elementor-element-4e936bb\" data-id=\"4e936bb\" data-element_type=\"column\">\n\t\t\t<div class=\"elementor-widget-wrap elementor-element-populated\">\n\t\t\t\t\t\t<div class=\"elementor-element elementor-element-d558495 elementor-widget elementor-widget-image\" data-id=\"d558495\" data-element_type=\"widget\" data-widget_type=\"image.default\">\n\t\t\t\t<div class=\"elementor-widget-container\">\n\t\t\t\t\t\t\t\t\t\t\t\t<figure class=\"wp-caption\">\n\t\t\t\t\t\t\t\t\t\t<img fetchpriority=\"high\" decoding=\"async\" width=\"768\" height=\"576\" src=\"https:\/\/unsuisseamallorca.com\/wp-content\/uploads\/2020\/10\/IMG_0375-768x576.jpg\" class=\"attachment-medium_large size-medium_large wp-image-6154\" alt=\"\" srcset=\"https:\/\/unsuisseamallorca.com\/wp-content\/uploads\/2020\/10\/IMG_0375-768x576.jpg 768w, https:\/\/unsuisseamallorca.com\/wp-content\/uploads\/2020\/10\/IMG_0375-300x225.jpg 300w, https:\/\/unsuisseamallorca.com\/wp-content\/uploads\/2020\/10\/IMG_0375-1024x768.jpg 1024w, https:\/\/unsuisseamallorca.com\/wp-content\/uploads\/2020\/10\/IMG_0375-1536x1152.jpg 1536w, https:\/\/unsuisseamallorca.com\/wp-content\/uploads\/2020\/10\/IMG_0375-2048x1536.jpg 2048w, https:\/\/unsuisseamallorca.com\/wp-content\/uploads\/2020\/10\/IMG_0375-scaled.jpg 2560w\" sizes=\"(max-width: 768px) 100vw, 768px\" \/>\t\t\t\t\t\t\t\t\t\t\t<figcaption class=\"widget-image-caption wp-caption-text\">Carrer Gabriel Roca<\/figcaption>\n\t\t\t\t\t\t\t\t\t\t<\/figure>\n\t\t\t\t\t\t\t\t\t<\/div>\n\t\t\t\t<\/div>\n\t\t\t\t\t<\/div>\n\t\t<\/div>\n\t\t\t\t\t<\/div>\n\t\t<\/section>\n\t\t\t\t<section class=\"elementor-section elementor-top-section elementor-element elementor-element-e4cbdd3 elementor-section-content-middle elementor-section-boxed elementor-section-height-default elementor-section-height-default\" data-id=\"e4cbdd3\" data-element_type=\"section\">\n\t\t\t\t\t\t<div class=\"elementor-container elementor-column-gap-default\">\n\t\t\t\t\t<div class=\"elementor-column elementor-col-50 elementor-top-column elementor-element elementor-element-a27c67d\" data-id=\"a27c67d\" data-element_type=\"column\">\n\t\t\t<div class=\"elementor-widget-wrap elementor-element-populated\">\n\t\t\t\t\t\t<div class=\"elementor-element elementor-element-d5772c2 elementor-widget elementor-widget-image\" data-id=\"d5772c2\" data-element_type=\"widget\" data-widget_type=\"image.default\">\n\t\t\t\t<div class=\"elementor-widget-container\">\n\t\t\t\t\t\t\t\t\t\t\t\t<figure class=\"wp-caption\">\n\t\t\t\t\t\t\t\t\t\t<img decoding=\"async\" width=\"768\" height=\"576\" data-src=\"https:\/\/unsuisseamallorca.com\/wp-content\/uploads\/2021\/10\/DJI_0773-768x576.jpg\" class=\"attachment-medium_large size-medium_large wp-image-8815 lazyload\" alt=\"\" data-srcset=\"https:\/\/unsuisseamallorca.com\/wp-content\/uploads\/2021\/10\/DJI_0773-768x576.jpg 768w, https:\/\/unsuisseamallorca.com\/wp-content\/uploads\/2021\/10\/DJI_0773-300x225.jpg 300w, https:\/\/unsuisseamallorca.com\/wp-content\/uploads\/2021\/10\/DJI_0773-1024x768.jpg 1024w, https:\/\/unsuisseamallorca.com\/wp-content\/uploads\/2021\/10\/DJI_0773-1536x1152.jpg 1536w, https:\/\/unsuisseamallorca.com\/wp-content\/uploads\/2021\/10\/DJI_0773-2048x1536.jpg 2048w, https:\/\/unsuisseamallorca.com\/wp-content\/uploads\/2021\/10\/DJI_0773-scaled.jpg 2560w\" data-sizes=\"(max-width: 768px) 100vw, 768px\" src=\"data:image\/svg+xml;base64,PHN2ZyB3aWR0aD0iMSIgaGVpZ2h0PSIxIiB4bWxucz0iaHR0cDovL3d3dy53My5vcmcvMjAwMC9zdmciPjwvc3ZnPg==\" style=\"--smush-placeholder-width: 768px; --smush-placeholder-aspect-ratio: 768\/576;\" \/>\t\t\t\t\t\t\t\t\t\t\t<figcaption class=\"widget-image-caption wp-caption-text\">Le sud du village vu de la mer<\/figcaption>\n\t\t\t\t\t\t\t\t\t\t<\/figure>\n\t\t\t\t\t\t\t\t\t<\/div>\n\t\t\t\t<\/div>\n\t\t\t\t<div class=\"elementor-element elementor-element-c982cff elementor-widget elementor-widget-image\" data-id=\"c982cff\" data-element_type=\"widget\" data-widget_type=\"image.default\">\n\t\t\t\t<div class=\"elementor-widget-container\">\n\t\t\t\t\t\t\t\t\t\t\t\t<figure class=\"wp-caption\">\n\t\t\t\t\t\t\t\t\t\t<img decoding=\"async\" width=\"768\" height=\"576\" data-src=\"https:\/\/unsuisseamallorca.com\/wp-content\/uploads\/2021\/10\/IMG_2424-768x576.jpg\" class=\"attachment-medium_large size-medium_large wp-image-8790 lazyload\" alt=\"\" data-srcset=\"https:\/\/unsuisseamallorca.com\/wp-content\/uploads\/2021\/10\/IMG_2424-768x576.jpg 768w, https:\/\/unsuisseamallorca.com\/wp-content\/uploads\/2021\/10\/IMG_2424-300x225.jpg 300w, https:\/\/unsuisseamallorca.com\/wp-content\/uploads\/2021\/10\/IMG_2424-1024x768.jpg 1024w, https:\/\/unsuisseamallorca.com\/wp-content\/uploads\/2021\/10\/IMG_2424-1536x1152.jpg 1536w, https:\/\/unsuisseamallorca.com\/wp-content\/uploads\/2021\/10\/IMG_2424-2048x1536.jpg 2048w, https:\/\/unsuisseamallorca.com\/wp-content\/uploads\/2021\/10\/IMG_2424-scaled.jpg 2560w\" data-sizes=\"(max-width: 768px) 100vw, 768px\" src=\"data:image\/svg+xml;base64,PHN2ZyB3aWR0aD0iMSIgaGVpZ2h0PSIxIiB4bWxucz0iaHR0cDovL3d3dy53My5vcmcvMjAwMC9zdmciPjwvc3ZnPg==\" style=\"--smush-placeholder-width: 768px; --smush-placeholder-aspect-ratio: 768\/576;\" \/>\t\t\t\t\t\t\t\t\t\t\t<figcaption class=\"widget-image-caption wp-caption-text\">Le phare<\/figcaption>\n\t\t\t\t\t\t\t\t\t\t<\/figure>\n\t\t\t\t\t\t\t\t\t<\/div>\n\t\t\t\t<\/div>\n\t\t\t\t<div class=\"elementor-element elementor-element-acd5a85 elementor-align-left elementor-mobile-align-center elementor-widget elementor-widget-button\" data-id=\"acd5a85\" data-element_type=\"widget\" data-widget_type=\"button.default\">\n\t\t\t\t<div class=\"elementor-widget-container\">\n\t\t\t\t\t\t\t\t\t<div class=\"elementor-button-wrapper\">\n\t\t\t\t\t<a class=\"elementor-button elementor-button-link elementor-size-md\" href=\"https:\/\/youtu.be\/v1S2MxhCG3k\">\n\t\t\t\t\t\t<span class=\"elementor-button-content-wrapper\">\n\t\t\t\t\t\t<span class=\"elementor-button-icon\">\n\t\t\t\t<i aria-hidden=\"true\" class=\"fas fa-angle-double-right\"><\/i>\t\t\t<\/span>\n\t\t\t\t\t\t\t\t\t<span class=\"elementor-button-text\">La carte en vid\u00e9o<\/span>\n\t\t\t\t\t<\/span>\n\t\t\t\t\t<\/a>\n\t\t\t\t<\/div>\n\t\t\t\t\t\t\t\t<\/div>\n\t\t\t\t<\/div>\n\t\t\t\t<div class=\"elementor-element elementor-element-8b4aa83 elementor-align-left elementor-mobile-align-center elementor-widget elementor-widget-button\" data-id=\"8b4aa83\" data-element_type=\"widget\" data-widget_type=\"button.default\">\n\t\t\t\t<div class=\"elementor-widget-container\">\n\t\t\t\t\t\t\t\t\t<div class=\"elementor-button-wrapper\">\n\t\t\t\t\t<a class=\"elementor-button elementor-button-link elementor-size-md\" href=\"https:\/\/youtu.be\/lME9c-jFyec\">\n\t\t\t\t\t\t<span class=\"elementor-button-content-wrapper\">\n\t\t\t\t\t\t<span class=\"elementor-button-icon\">\n\t\t\t\t<i aria-hidden=\"true\" class=\"fas fa-angle-double-right\"><\/i>\t\t\t<\/span>\n\t\t\t\t\t\t\t\t\t<span class=\"elementor-button-text\">Le parcours en vid\u00e9o<\/span>\n\t\t\t\t\t<\/span>\n\t\t\t\t\t<\/a>\n\t\t\t\t<\/div>\n\t\t\t\t\t\t\t\t<\/div>\n\t\t\t\t<\/div>\n\t\t\t\t\t<\/div>\n\t\t<\/div>\n\t\t\t\t<div class=\"elementor-column elementor-col-50 elementor-top-column elementor-element elementor-element-738441c\" data-id=\"738441c\" data-element_type=\"column\">\n\t\t\t<div class=\"elementor-widget-wrap elementor-element-populated\">\n\t\t\t\t\t\t<div class=\"elementor-element elementor-element-b1819f0 elementor-widget elementor-widget-heading\" data-id=\"b1819f0\" data-element_type=\"widget\" data-widget_type=\"heading.default\">\n\t\t\t\t<div class=\"elementor-widget-container\">\n\t\t\t\t\t<h3 class=\"elementor-heading-title elementor-size-default\">Tour de Colonia Sant Jordi<\/h3>\t\t\t\t<\/div>\n\t\t\t\t<\/div>\n\t\t\t\t<div class=\"elementor-element elementor-element-020c958 elementor-widget elementor-widget-text-editor\" data-id=\"020c958\" data-element_type=\"widget\" data-widget_type=\"text-editor.default\">\n\t\t\t\t<div class=\"elementor-widget-container\">\n\t\t\t\t\t\t\t\t\t<p style=\"text-align: center;\"><strong>6 Km en 1 heure 15 minutes<\/strong><\/p>\t\t\t\t\t\t\t\t<\/div>\n\t\t\t\t<\/div>\n\t\t\t\t<div class=\"elementor-element elementor-element-4a33957 elementor-widget elementor-widget-text-editor\" data-id=\"4a33957\" data-element_type=\"widget\" data-widget_type=\"text-editor.default\">\n\t\t\t\t<div class=\"elementor-widget-container\">\n\t\t\t\t\t\t\t\t\t<p><em>Randonn\u00e9e en partie c\u00f4ti\u00e8re avec de beaux points de vues. Tant\u00f4t sur un chemin en pierre, tant\u00f4t sur des ponts en bois, pour finir sur quelques routes du village. Chemin illumin\u00e9 le soir. <\/em><\/p>\t\t\t\t\t\t\t\t<\/div>\n\t\t\t\t<\/div>\n\t\t\t\t<div class=\"elementor-element elementor-element-2a6d341 elementor-widget elementor-widget-text-editor\" data-id=\"2a6d341\" data-element_type=\"widget\" data-widget_type=\"text-editor.default\">\n\t\t\t\t<div class=\"elementor-widget-container\">\n\t\t\t\t\t\t\t\t\t<p>Nous partons de la Cala Galiota qui est devant l&rsquo;un des meilleurs restaurants du village : Cassa\u00ef. On longe la c\u00f4te sur un chemin am\u00e9nag\u00e9 et \u00e9clair\u00e9 par des leds en s&rsquo;\u00e9loignant du phare. Durant notre parcours jusqu&rsquo;\u00e0 la plage de Estanys nous avons \u00e0 notre gauche la mer avec des \u00eelots et sur notre droite des h\u00f4tels. Arriv\u00e9s \u00e0 plage Estanys nous pourrions continuer une autre ballade qui nous m\u00e8nerait jusqu&rsquo;\u00e0 Ses Covetes par la fabuleuse plage de Es Trenc (vous trouverez cette randonn\u00e9e sur une autre page du site). Nous allons longer la Saline de Colonia et ensuite la contourner en direction de l&rsquo;h\u00f4tel Blau Colonia. Ensuite nous sommes en bordure du village c\u00f4t\u00e9 campagne avec des vignes et des oliviers. Nous continuons jusqu&rsquo;\u00e0 la station service et prenons \u00e0 gauche pour arriver vers l&rsquo;aquarium, deux alternatives s&rsquo;offrent \u00e0 nous pour rejoindre le port : par l&rsquo;escalier qui nous fera passer par la plage ou par l&rsquo;avenue Gabriel Roca bord\u00e9e de restaurants o\u00f9 nous pourrons faire une halte. Ensuite direction le port que nous contournons pour passer devant un deuxi\u00e8me restaurant r\u00e9put\u00e9 : Sal de Coc\u00f2. Nous continuons par le bord de mer et arrivons au phare o\u00f9 nous profitons du point de vue sur l&rsquo;archipel de Cabrera, avant de continuer notre route et arriver \u00e0 notre point de d\u00e9part.<\/p>\t\t\t\t\t\t\t\t<\/div>\n\t\t\t\t<\/div>\n\t\t\t\t\t<\/div>\n\t\t<\/div>\n\t\t\t\t\t<\/div>\n\t\t<\/section>\n\t\t\t\t<section class=\"elementor-section elementor-top-section elementor-element elementor-element-36cfd8d elementor-section-content-middle elementor-reverse-mobile elementor-section-boxed elementor-section-height-default elementor-section-height-default\" data-id=\"36cfd8d\" data-element_type=\"section\">\n\t\t\t\t\t\t<div class=\"elementor-container elementor-column-gap-default\">\n\t\t\t\t\t<div class=\"elementor-column elementor-col-50 elementor-top-column elementor-element elementor-element-38ba505\" data-id=\"38ba505\" data-element_type=\"column\">\n\t\t\t<div class=\"elementor-widget-wrap elementor-element-populated\">\n\t\t\t\t\t\t<div class=\"elementor-element elementor-element-ab3ef14 elementor-widget elementor-widget-heading\" data-id=\"ab3ef14\" data-element_type=\"widget\" data-widget_type=\"heading.default\">\n\t\t\t\t<div class=\"elementor-widget-container\">\n\t\t\t\t\t<h3 class=\"elementor-heading-title elementor-size-default\">Randonn\u00e9es au d\u00e9part de Colonia Sant Jordi<\/h3>\t\t\t\t<\/div>\n\t\t\t\t<\/div>\n\t\t\t\t<div class=\"elementor-element elementor-element-092c7b3 elementor-widget elementor-widget-text-editor\" data-id=\"092c7b3\" data-element_type=\"widget\" data-widget_type=\"text-editor.default\">\n\t\t\t\t<div class=\"elementor-widget-container\">\n\t\t\t\t\t\t\t\t\tDe plus grandes plages bordent le village, au nord:\u00a0 Es Peregons Petits, Es Peregons Grand et Es Trenc ( La plus belle de l&rsquo;\u00eele pour les amoureux de sable blanc).<br> Au sud: plages de Es Port, Es Dol\u00e7, Can Curt, Es dofi, Es Carbo, En Tugores et Es Caragol.\t\t\t\t\t\t\t\t<\/div>\n\t\t\t\t<\/div>\n\t\t\t\t<div class=\"elementor-element elementor-element-70d9559 elementor-align-left elementor-mobile-align-center elementor-widget elementor-widget-button\" data-id=\"70d9559\" data-element_type=\"widget\" data-widget_type=\"button.default\">\n\t\t\t\t<div class=\"elementor-widget-container\">\n\t\t\t\t\t\t\t\t\t<div class=\"elementor-button-wrapper\">\n\t\t\t\t\t<a class=\"elementor-button elementor-button-link elementor-size-md\" href=\"https:\/\/unsuisseamallorca.com\/index.php\/le-long-de-la-cote-sud\/\">\n\t\t\t\t\t\t<span class=\"elementor-button-content-wrapper\">\n\t\t\t\t\t\t<span class=\"elementor-button-icon\">\n\t\t\t\t<i aria-hidden=\"true\" class=\"fas fa-angle-double-right\"><\/i>\t\t\t<\/span>\n\t\t\t\t\t\t\t\t\t<span class=\"elementor-button-text\">Randonn\u00e9es au d\u00e9part de Colonia Sant Jordi<\/span>\n\t\t\t\t\t<\/span>\n\t\t\t\t\t<\/a>\n\t\t\t\t<\/div>\n\t\t\t\t\t\t\t\t<\/div>\n\t\t\t\t<\/div>\n\t\t\t\t\t<\/div>\n\t\t<\/div>\n\t\t\t\t<div class=\"elementor-column elementor-col-50 elementor-top-column elementor-element elementor-element-ab7ca41\" data-id=\"ab7ca41\" data-element_type=\"column\">\n\t\t\t<div class=\"elementor-widget-wrap elementor-element-populated\">\n\t\t\t\t\t\t<div class=\"elementor-element elementor-element-00a6bf4 elementor-widget elementor-widget-image\" data-id=\"00a6bf4\" data-element_type=\"widget\" data-widget_type=\"image.default\">\n\t\t\t\t<div class=\"elementor-widget-container\">\n\t\t\t\t\t\t\t\t\t\t\t\t\t\t\t<img decoding=\"async\" width=\"768\" height=\"576\" data-src=\"https:\/\/unsuisseamallorca.com\/wp-content\/uploads\/2020\/10\/DATJ2623-768x576.jpg\" class=\"attachment-medium_large size-medium_large wp-image-6148 lazyload\" alt=\"\" data-srcset=\"https:\/\/unsuisseamallorca.com\/wp-content\/uploads\/2020\/10\/DATJ2623-768x576.jpg 768w, https:\/\/unsuisseamallorca.com\/wp-content\/uploads\/2020\/10\/DATJ2623-300x225.jpg 300w, https:\/\/unsuisseamallorca.com\/wp-content\/uploads\/2020\/10\/DATJ2623.jpg 1024w\" data-sizes=\"(max-width: 768px) 100vw, 768px\" src=\"data:image\/svg+xml;base64,PHN2ZyB3aWR0aD0iMSIgaGVpZ2h0PSIxIiB4bWxucz0iaHR0cDovL3d3dy53My5vcmcvMjAwMC9zdmciPjwvc3ZnPg==\" style=\"--smush-placeholder-width: 768px; --smush-placeholder-aspect-ratio: 768\/576;\" \/>\t\t\t\t\t\t\t\t\t\t\t\t\t\t\t<\/div>\n\t\t\t\t<\/div>\n\t\t\t\t\t<\/div>\n\t\t<\/div>\n\t\t\t\t\t<\/div>\n\t\t<\/section>\n\t\t\t\t<section class=\"elementor-section elementor-top-section elementor-element elementor-element-a14e8f4 elementor-section-content-middle elementor-section-boxed elementor-section-height-default elementor-section-height-default\" data-id=\"a14e8f4\" data-element_type=\"section\">\n\t\t\t\t\t\t<div class=\"elementor-container elementor-column-gap-default\">\n\t\t\t\t\t<div class=\"elementor-column elementor-col-50 elementor-top-column elementor-element elementor-element-6fba181\" data-id=\"6fba181\" data-element_type=\"column\">\n\t\t\t<div class=\"elementor-widget-wrap elementor-element-populated\">\n\t\t\t\t\t\t<div class=\"elementor-element elementor-element-edcce24 elementor-widget elementor-widget-image\" data-id=\"edcce24\" data-element_type=\"widget\" data-widget_type=\"image.default\">\n\t\t\t\t<div class=\"elementor-widget-container\">\n\t\t\t\t\t\t\t\t\t\t\t\t<figure class=\"wp-caption\">\n\t\t\t\t\t\t\t\t\t\t<img decoding=\"async\" width=\"768\" height=\"576\" data-src=\"https:\/\/unsuisseamallorca.com\/wp-content\/uploads\/2020\/10\/DJI_0153-768x576.jpg\" class=\"attachment-medium_large size-medium_large wp-image-6172 lazyload\" alt=\"\" data-srcset=\"https:\/\/unsuisseamallorca.com\/wp-content\/uploads\/2020\/10\/DJI_0153-768x576.jpg 768w, https:\/\/unsuisseamallorca.com\/wp-content\/uploads\/2020\/10\/DJI_0153-300x225.jpg 300w, https:\/\/unsuisseamallorca.com\/wp-content\/uploads\/2020\/10\/DJI_0153-1024x767.jpg 1024w, https:\/\/unsuisseamallorca.com\/wp-content\/uploads\/2020\/10\/DJI_0153-1536x1151.jpg 1536w, https:\/\/unsuisseamallorca.com\/wp-content\/uploads\/2020\/10\/DJI_0153-2048x1535.jpg 2048w, https:\/\/unsuisseamallorca.com\/wp-content\/uploads\/2020\/10\/DJI_0153-scaled.jpg 2560w\" data-sizes=\"(max-width: 768px) 100vw, 768px\" src=\"data:image\/svg+xml;base64,PHN2ZyB3aWR0aD0iMSIgaGVpZ2h0PSIxIiB4bWxucz0iaHR0cDovL3d3dy53My5vcmcvMjAwMC9zdmciPjwvc3ZnPg==\" style=\"--smush-placeholder-width: 768px; --smush-placeholder-aspect-ratio: 768\/576;\" \/>\t\t\t\t\t\t\t\t\t\t\t<figcaption class=\"widget-image-caption wp-caption-text\">Salines de Colonia Sant Jordi<\/figcaption>\n\t\t\t\t\t\t\t\t\t\t<\/figure>\n\t\t\t\t\t\t\t\t\t<\/div>\n\t\t\t\t<\/div>\n\t\t\t\t\t<\/div>\n\t\t<\/div>\n\t\t\t\t<div class=\"elementor-column elementor-col-50 elementor-top-column elementor-element elementor-element-d33130a\" data-id=\"d33130a\" data-element_type=\"column\">\n\t\t\t<div class=\"elementor-widget-wrap elementor-element-populated\">\n\t\t\t\t\t\t<div class=\"elementor-element elementor-element-f8a5d98 elementor-widget elementor-widget-heading\" data-id=\"f8a5d98\" data-element_type=\"widget\" data-widget_type=\"heading.default\">\n\t\t\t\t<div class=\"elementor-widget-container\">\n\t\t\t\t\t<h3 class=\"elementor-heading-title elementor-size-default\">Les Salines de S'Avall<\/h3>\t\t\t\t<\/div>\n\t\t\t\t<\/div>\n\t\t\t\t<div class=\"elementor-element elementor-element-7b122ea elementor-widget elementor-widget-text-editor\" data-id=\"7b122ea\" data-element_type=\"widget\" data-widget_type=\"text-editor.default\">\n\t\t\t\t<div class=\"elementor-widget-container\">\n\t\t\t\t\t\t\t\t\t<p>Les salines sont les 2\u00e8mes plus anciennes au monde et datent du lVsi\u00e8cle avant JC, elles ont \u00e9t\u00e9 exploit\u00e9es par les Ph\u00e9niciens d&rsquo;abord, puis par les Romains, Byzantins, Arabes et enfin par les Chr\u00e9tiens. Aujourd&rsquo;hui encore l&rsquo;exploitation de sel pour l&rsquo;industrie y est pr\u00e9sente. C&rsquo;est cette activit\u00e9 tr\u00e8s ancienne qui donna son nom \u00e0 la commune de Ses Salines dont Colonia Sant Jordi fait partie. Les marais salants sont l&rsquo;habitat de cannes de provence, de tamaris, de gen\u00e9vrier et de la salicorne d&rsquo;Europe. De micro-organismes sont pr\u00e9sents dans l&rsquo;eau saum\u00e2tre et servent de nourriture \u00e0 des crustac\u00e9s qui eux-m\u00eames sont consomm\u00e9s par des \u00e9chasses blanches, des chevaliers gambettes, des canards ou encore des go\u00e9lands.<\/p>\t\t\t\t\t\t\t\t<\/div>\n\t\t\t\t<\/div>\n\t\t\t\t<div class=\"elementor-element elementor-element-3d42bcf elementor-align-left elementor-mobile-align-center elementor-widget elementor-widget-button\" data-id=\"3d42bcf\" data-element_type=\"widget\" data-widget_type=\"button.default\">\n\t\t\t\t<div class=\"elementor-widget-container\">\n\t\t\t\t\t\t\t\t\t<div class=\"elementor-button-wrapper\">\n\t\t\t\t\t<a class=\"elementor-button elementor-button-link elementor-size-md\" href=\"https:\/\/youtu.be\/_OeUeVXNIW0\">\n\t\t\t\t\t\t<span class=\"elementor-button-content-wrapper\">\n\t\t\t\t\t\t<span class=\"elementor-button-icon\">\n\t\t\t\t<i aria-hidden=\"true\" class=\"fas fa-angle-double-right\"><\/i>\t\t\t<\/span>\n\t\t\t\t\t\t\t\t\t<span class=\"elementor-button-text\">Vid\u00e9o des salines vues du ciel<\/span>\n\t\t\t\t\t<\/span>\n\t\t\t\t\t<\/a>\n\t\t\t\t<\/div>\n\t\t\t\t\t\t\t\t<\/div>\n\t\t\t\t<\/div>\n\t\t\t\t\t<\/div>\n\t\t<\/div>\n\t\t\t\t\t<\/div>\n\t\t<\/section>\n\t\t\t\t<section class=\"elementor-section elementor-top-section elementor-element elementor-element-db690b4 elementor-section-content-middle elementor-reverse-mobile elementor-section-boxed elementor-section-height-default elementor-section-height-default\" data-id=\"db690b4\" data-element_type=\"section\">\n\t\t\t\t\t\t<div class=\"elementor-container elementor-column-gap-default\">\n\t\t\t\t\t<div class=\"elementor-column elementor-col-50 elementor-top-column elementor-element elementor-element-68712b6\" data-id=\"68712b6\" data-element_type=\"column\">\n\t\t\t<div class=\"elementor-widget-wrap elementor-element-populated\">\n\t\t\t\t\t\t<div class=\"elementor-element elementor-element-ba42c61 elementor-widget elementor-widget-heading\" data-id=\"ba42c61\" data-element_type=\"widget\" data-widget_type=\"heading.default\">\n\t\t\t\t<div class=\"elementor-widget-container\">\n\t\t\t\t\t<h3 class=\"elementor-heading-title elementor-size-default\">Le Port et le Phare<\/h3>\t\t\t\t<\/div>\n\t\t\t\t<\/div>\n\t\t\t\t<div class=\"elementor-element elementor-element-dd52f01 elementor-widget elementor-widget-text-editor\" data-id=\"dd52f01\" data-element_type=\"widget\" data-widget_type=\"text-editor.default\">\n\t\t\t\t<div class=\"elementor-widget-container\">\n\t\t\t\t\t\t\t\t\t<p>Le Port naturel fut utilis\u00e9 d\u00e8s le lV\u00e8me si\u00e8cle av. JC pour exporter le sel des salines. Des vestiges de cette p\u00e9riode punique se trouvent toujours sur l&rsquo;\u00eelot de Na Guardis, juste \u00e0 l&rsquo;ext\u00e9rieur du port. Le port a \u00e9t\u00e9 ensuite utilis\u00e9 par les Romains, d&rsquo;ailleurs des \u00e9paves de cette \u00e9poque ont \u00e9t\u00e9 retrouv\u00e9es pr\u00e8s de la c\u00f4te. Aujourd&rsquo;hui le port est toujours utilis\u00e9 par les p\u00eacheurs qui le partage avec les plaisanciers. Un quai a \u00e9t\u00e9 am\u00e9nag\u00e9 pour les navettes allant \u00e0 Cabrera ainsi que pour le club de plong\u00e9e.<\/p><p>Au bout de la jet\u00e9e de Punta Alta se trouve le phare de Colonia Sant Jordi qui avec la balise \u00ab\u00a0cardinale ouest\u00a0\u00bb sur l&rsquo;\u00eelot de Na Guardis, dont nous parlions ci-dessus, dirige les bateaux vers l&rsquo;entr\u00e9e du port, les abords de la baie \u00e9tant parsem\u00e9s de roches affleurantes.<\/p>\t\t\t\t\t\t\t\t<\/div>\n\t\t\t\t<\/div>\n\t\t\t\t\t<\/div>\n\t\t<\/div>\n\t\t\t\t<div class=\"elementor-column elementor-col-50 elementor-top-column elementor-element elementor-element-22237c8\" data-id=\"22237c8\" data-element_type=\"column\">\n\t\t\t<div class=\"elementor-widget-wrap elementor-element-populated\">\n\t\t\t\t\t\t<div class=\"elementor-element elementor-element-8cec98e elementor-widget elementor-widget-image\" data-id=\"8cec98e\" data-element_type=\"widget\" data-widget_type=\"image.default\">\n\t\t\t\t<div class=\"elementor-widget-container\">\n\t\t\t\t\t\t\t\t\t\t\t\t<figure class=\"wp-caption\">\n\t\t\t\t\t\t\t\t\t\t<img decoding=\"async\" width=\"768\" height=\"576\" data-src=\"https:\/\/unsuisseamallorca.com\/wp-content\/uploads\/2020\/10\/IMG_0380-768x576.jpg\" class=\"attachment-medium_large size-medium_large wp-image-6156 lazyload\" alt=\"\" data-srcset=\"https:\/\/unsuisseamallorca.com\/wp-content\/uploads\/2020\/10\/IMG_0380-768x576.jpg 768w, https:\/\/unsuisseamallorca.com\/wp-content\/uploads\/2020\/10\/IMG_0380-300x225.jpg 300w, https:\/\/unsuisseamallorca.com\/wp-content\/uploads\/2020\/10\/IMG_0380-1024x768.jpg 1024w, https:\/\/unsuisseamallorca.com\/wp-content\/uploads\/2020\/10\/IMG_0380-1536x1152.jpg 1536w, https:\/\/unsuisseamallorca.com\/wp-content\/uploads\/2020\/10\/IMG_0380-2048x1536.jpg 2048w, https:\/\/unsuisseamallorca.com\/wp-content\/uploads\/2020\/10\/IMG_0380-scaled.jpg 2560w\" data-sizes=\"(max-width: 768px) 100vw, 768px\" src=\"data:image\/svg+xml;base64,PHN2ZyB3aWR0aD0iMSIgaGVpZ2h0PSIxIiB4bWxucz0iaHR0cDovL3d3dy53My5vcmcvMjAwMC9zdmciPjwvc3ZnPg==\" style=\"--smush-placeholder-width: 768px; --smush-placeholder-aspect-ratio: 768\/576;\" \/>\t\t\t\t\t\t\t\t\t\t\t<figcaption class=\"widget-image-caption wp-caption-text\">Port de Colonia Sant Jordi<\/figcaption>\n\t\t\t\t\t\t\t\t\t\t<\/figure>\n\t\t\t\t\t\t\t\t\t<\/div>\n\t\t\t\t<\/div>\n\t\t\t\t\t<\/div>\n\t\t<\/div>\n\t\t\t\t\t<\/div>\n\t\t<\/section>\n\t\t\t\t<section class=\"elementor-section elementor-top-section elementor-element elementor-element-8b2a3d3 elementor-section-content-middle elementor-section-boxed elementor-section-height-default elementor-section-height-default\" data-id=\"8b2a3d3\" data-element_type=\"section\">\n\t\t\t\t\t\t<div class=\"elementor-container elementor-column-gap-default\">\n\t\t\t\t\t<div class=\"elementor-column elementor-col-50 elementor-top-column elementor-element elementor-element-829aa3c\" data-id=\"829aa3c\" data-element_type=\"column\">\n\t\t\t<div class=\"elementor-widget-wrap elementor-element-populated\">\n\t\t\t\t\t\t<div class=\"elementor-element elementor-element-cd2e0fe elementor-widget elementor-widget-image\" data-id=\"cd2e0fe\" data-element_type=\"widget\" data-widget_type=\"image.default\">\n\t\t\t\t<div class=\"elementor-widget-container\">\n\t\t\t\t\t\t\t\t\t\t\t\t<figure class=\"wp-caption\">\n\t\t\t\t\t\t\t\t\t\t<img decoding=\"async\" width=\"768\" height=\"576\" data-src=\"https:\/\/unsuisseamallorca.com\/wp-content\/uploads\/2021\/03\/DJI_0336-768x576.jpg\" class=\"attachment-medium_large size-medium_large wp-image-7086 lazyload\" alt=\"\" data-srcset=\"https:\/\/unsuisseamallorca.com\/wp-content\/uploads\/2021\/03\/DJI_0336-768x576.jpg 768w, https:\/\/unsuisseamallorca.com\/wp-content\/uploads\/2021\/03\/DJI_0336-300x225.jpg 300w, https:\/\/unsuisseamallorca.com\/wp-content\/uploads\/2021\/03\/DJI_0336-1024x768.jpg 1024w, https:\/\/unsuisseamallorca.com\/wp-content\/uploads\/2021\/03\/DJI_0336-1536x1152.jpg 1536w, https:\/\/unsuisseamallorca.com\/wp-content\/uploads\/2021\/03\/DJI_0336-2048x1536.jpg 2048w, https:\/\/unsuisseamallorca.com\/wp-content\/uploads\/2021\/03\/DJI_0336-scaled.jpg 2560w\" data-sizes=\"(max-width: 768px) 100vw, 768px\" src=\"data:image\/svg+xml;base64,PHN2ZyB3aWR0aD0iMSIgaGVpZ2h0PSIxIiB4bWxucz0iaHR0cDovL3d3dy53My5vcmcvMjAwMC9zdmciPjwvc3ZnPg==\" style=\"--smush-placeholder-width: 768px; --smush-placeholder-aspect-ratio: 768\/576;\" \/>\t\t\t\t\t\t\t\t\t\t\t<figcaption class=\"widget-image-caption wp-caption-text\">Pla\u00e7a de la Constitucio<\/figcaption>\n\t\t\t\t\t\t\t\t\t\t<\/figure>\n\t\t\t\t\t\t\t\t\t<\/div>\n\t\t\t\t<\/div>\n\t\t\t\t<div class=\"elementor-element elementor-element-686dfde elementor-widget elementor-widget-image\" data-id=\"686dfde\" data-element_type=\"widget\" data-widget_type=\"image.default\">\n\t\t\t\t<div class=\"elementor-widget-container\">\n\t\t\t\t\t\t\t\t\t\t\t\t<figure class=\"wp-caption\">\n\t\t\t\t\t\t\t\t\t\t<img decoding=\"async\" width=\"768\" height=\"576\" data-src=\"https:\/\/unsuisseamallorca.com\/wp-content\/uploads\/2021\/03\/DJI_0335-768x576.jpg\" class=\"attachment-medium_large size-medium_large wp-image-7085 lazyload\" alt=\"\" data-srcset=\"https:\/\/unsuisseamallorca.com\/wp-content\/uploads\/2021\/03\/DJI_0335-768x576.jpg 768w, https:\/\/unsuisseamallorca.com\/wp-content\/uploads\/2021\/03\/DJI_0335-300x225.jpg 300w, https:\/\/unsuisseamallorca.com\/wp-content\/uploads\/2021\/03\/DJI_0335-1024x768.jpg 1024w, https:\/\/unsuisseamallorca.com\/wp-content\/uploads\/2021\/03\/DJI_0335-1536x1152.jpg 1536w, https:\/\/unsuisseamallorca.com\/wp-content\/uploads\/2021\/03\/DJI_0335-2048x1536.jpg 2048w, https:\/\/unsuisseamallorca.com\/wp-content\/uploads\/2021\/03\/DJI_0335-scaled.jpg 2560w\" data-sizes=\"(max-width: 768px) 100vw, 768px\" src=\"data:image\/svg+xml;base64,PHN2ZyB3aWR0aD0iMSIgaGVpZ2h0PSIxIiB4bWxucz0iaHR0cDovL3d3dy53My5vcmcvMjAwMC9zdmciPjwvc3ZnPg==\" style=\"--smush-placeholder-width: 768px; --smush-placeholder-aspect-ratio: 768\/576;\" \/>\t\t\t\t\t\t\t\t\t\t\t<figcaption class=\"widget-image-caption wp-caption-text\">Pla\u00e7a de la Mare de Deu<\/figcaption>\n\t\t\t\t\t\t\t\t\t\t<\/figure>\n\t\t\t\t\t\t\t\t\t<\/div>\n\t\t\t\t<\/div>\n\t\t\t\t<div class=\"elementor-element elementor-element-2b5a1d8 elementor-widget elementor-widget-image\" data-id=\"2b5a1d8\" data-element_type=\"widget\" data-widget_type=\"image.default\">\n\t\t\t\t<div class=\"elementor-widget-container\">\n\t\t\t\t\t\t\t\t\t\t\t\t<figure class=\"wp-caption\">\n\t\t\t\t\t\t\t\t\t\t<img decoding=\"async\" width=\"768\" height=\"576\" data-src=\"https:\/\/unsuisseamallorca.com\/wp-content\/uploads\/2021\/03\/DJI_0334-768x576.jpg\" class=\"attachment-medium_large size-medium_large wp-image-7084 lazyload\" alt=\"\" data-srcset=\"https:\/\/unsuisseamallorca.com\/wp-content\/uploads\/2021\/03\/DJI_0334-768x576.jpg 768w, https:\/\/unsuisseamallorca.com\/wp-content\/uploads\/2021\/03\/DJI_0334-300x225.jpg 300w, https:\/\/unsuisseamallorca.com\/wp-content\/uploads\/2021\/03\/DJI_0334-1024x768.jpg 1024w, https:\/\/unsuisseamallorca.com\/wp-content\/uploads\/2021\/03\/DJI_0334-1536x1152.jpg 1536w, https:\/\/unsuisseamallorca.com\/wp-content\/uploads\/2021\/03\/DJI_0334-2048x1536.jpg 2048w, https:\/\/unsuisseamallorca.com\/wp-content\/uploads\/2021\/03\/DJI_0334-scaled.jpg 2560w\" data-sizes=\"(max-width: 768px) 100vw, 768px\" src=\"data:image\/svg+xml;base64,PHN2ZyB3aWR0aD0iMSIgaGVpZ2h0PSIxIiB4bWxucz0iaHR0cDovL3d3dy53My5vcmcvMjAwMC9zdmciPjwvc3ZnPg==\" style=\"--smush-placeholder-width: 768px; --smush-placeholder-aspect-ratio: 768\/576;\" \/>\t\t\t\t\t\t\t\t\t\t\t<figcaption class=\"widget-image-caption wp-caption-text\">Pla\u00e7a Pou d'En Verdara<\/figcaption>\n\t\t\t\t\t\t\t\t\t\t<\/figure>\n\t\t\t\t\t\t\t\t\t<\/div>\n\t\t\t\t<\/div>\n\t\t\t\t\t<\/div>\n\t\t<\/div>\n\t\t\t\t<div class=\"elementor-column elementor-col-50 elementor-top-column elementor-element elementor-element-ea97032\" data-id=\"ea97032\" data-element_type=\"column\">\n\t\t\t<div class=\"elementor-widget-wrap elementor-element-populated\">\n\t\t\t\t\t\t<div class=\"elementor-element elementor-element-6b90dc0 elementor-widget elementor-widget-heading\" data-id=\"6b90dc0\" data-element_type=\"widget\" data-widget_type=\"heading.default\">\n\t\t\t\t<div class=\"elementor-widget-container\">\n\t\t\t\t\t<h3 class=\"elementor-heading-title elementor-size-default\">Les Places<\/h3>\t\t\t\t<\/div>\n\t\t\t\t<\/div>\n\t\t\t\t<div class=\"elementor-element elementor-element-032c510 elementor-widget elementor-widget-text-editor\" data-id=\"032c510\" data-element_type=\"widget\" data-widget_type=\"text-editor.default\">\n\t\t\t\t<div class=\"elementor-widget-container\">\n\t\t\t\t\t\t\t\t\t<ul><li class=\"p1\"><h3><span class=\"s1\">La Pla\u00e7a d&rsquo;Es Dol\u00e7<\/span><\/h3><\/li><\/ul><p class=\"p1\"><span class=\"s1\">C&rsquo;est ici que se trouve le centre des visiteurs de Cabrera et son aquarium, en direction ouest par la Carrer Gabriel Roca on longe la plage Es Port bord\u00e9e de palmiers, de boutiques et de restaurants jusqu&rsquo;au port.<\/span><\/p><ul><li class=\"p1\"><h3><span class=\"s1\">La Pla\u00e7a de Sa Tore<\/span><\/h3><\/li><\/ul><p class=\"p1\"><span class=\"s1\">Rien de sp\u00e9cial sur cette place.<\/span><\/p><ul><li class=\"p1\"><h3><span class=\"s1\">La Pla\u00e7a de la Constitucio<\/span><\/h3><\/li><\/ul><p class=\"p1\"><span class=\"s1\">Rien de sp\u00e9cial sur cette place si ce n&rsquo;est que l&rsquo;on peut prendre les 4 directions de la ville.<\/span><\/p><ul><li class=\"p1\"><h3><span class=\"s1\">La Pla\u00e7a de la Mare de Deu<\/span><\/h3><\/li><\/ul><p class=\"p1\"><span class=\"s1\">D\u00e9but de l&rsquo;Avenue Primavera, la Colonia Sant Jordi moderne avec de nombreuses boutiques et restaurants de tous genres.<\/span><\/p><ul><li class=\"p1\"><h3><span class=\"s1\">La Pla\u00e7a Cristofol Colom<\/span><\/h3><\/li><\/ul><p class=\"p1\"><span class=\"s1\">Devant l&rsquo;h\u00f4tel \u00a0\u00bb Sur Mallorca\u00a0\u00bb<\/span><\/p><ul><li class=\"p1\"><h3><span class=\"s1\">La Pla\u00e7a Pou d&rsquo;En Verdera<\/span><\/h3><\/li><\/ul><p class=\"p1\"><span class=\"s1\">Une des plus appr\u00e9ci\u00e9e des enfants et \u00e9galement la plus grande, avec des jeux et des zones de d\u00e9tente.<\/span><\/p><ul><li class=\"p1\"><h3><span class=\"s1\">La Pla\u00e7a d&rsquo;Europa<\/span><\/h3><\/li><\/ul><p class=\"p1\"><span class=\"s1\">Marque la fin des magasins situ\u00e9s le long de l&rsquo;Avenue Primavera.<\/span><\/p><ul><li class=\"p1\"><h3><span class=\"s1\">La Pla\u00e7a Moli de Sa Sal<\/span><\/h3><\/li><\/ul><p class=\"p1\"><span class=\"s1\">C&rsquo;est la place la plus au nord, d&rsquo;ici vous partez \u00e0 l&rsquo;est en direction de Es Trenc en 45 minutes ou \u00e0 l&rsquo;ouest pour rejoindre le port dans le m\u00eame temps.<\/span><\/p>\t\t\t\t\t\t\t\t<\/div>\n\t\t\t\t<\/div>\n\t\t\t\t\t<\/div>\n\t\t<\/div>\n\t\t\t\t\t<\/div>\n\t\t<\/section>\n\t\t\t\t<section class=\"elementor-section elementor-top-section elementor-element elementor-element-c020cd0 elementor-section-content-middle elementor-reverse-mobile elementor-section-boxed elementor-section-height-default elementor-section-height-default\" data-id=\"c020cd0\" data-element_type=\"section\">\n\t\t\t\t\t\t<div class=\"elementor-container elementor-column-gap-default\">\n\t\t\t\t\t<div class=\"elementor-column elementor-col-50 elementor-top-column elementor-element elementor-element-f0fe54e\" data-id=\"f0fe54e\" data-element_type=\"column\">\n\t\t\t<div class=\"elementor-widget-wrap elementor-element-populated\">\n\t\t\t\t\t\t<div class=\"elementor-element elementor-element-1aaf425 elementor-widget elementor-widget-heading\" data-id=\"1aaf425\" data-element_type=\"widget\" data-widget_type=\"heading.default\">\n\t\t\t\t<div class=\"elementor-widget-container\">\n\t\t\t\t\t<h3 class=\"elementor-heading-title elementor-size-default\">Eglises et monuments<\/h3>\t\t\t\t<\/div>\n\t\t\t\t<\/div>\n\t\t\t\t<div class=\"elementor-element elementor-element-516d797 elementor-widget elementor-widget-text-editor\" data-id=\"516d797\" data-element_type=\"widget\" data-widget_type=\"text-editor.default\">\n\t\t\t\t<div class=\"elementor-widget-container\">\n\t\t\t\t\t\t\t\t\t<p>Un b\u00e2timent fortifi\u00e9 du XV\u00e8me si\u00e8cle, une tour de guet du XlV \u00e8me si\u00e8cle et la tour de Ca&rsquo;n B\u00e0rbara sont des t\u00e9moins de l&rsquo;histoire de Majorque.<\/p>\t\t\t\t\t\t\t\t<\/div>\n\t\t\t\t<\/div>\n\t\t\t\t\t<\/div>\n\t\t<\/div>\n\t\t\t\t<div class=\"elementor-column elementor-col-50 elementor-top-column elementor-element elementor-element-cc89dd0\" data-id=\"cc89dd0\" data-element_type=\"column\">\n\t\t\t<div class=\"elementor-widget-wrap elementor-element-populated\">\n\t\t\t\t\t\t<div class=\"elementor-element elementor-element-b849a64 elementor-widget elementor-widget-image\" data-id=\"b849a64\" data-element_type=\"widget\" data-widget_type=\"image.default\">\n\t\t\t\t<div class=\"elementor-widget-container\">\n\t\t\t\t\t\t\t\t\t\t\t\t\t\t\t<img decoding=\"async\" width=\"768\" height=\"576\" data-src=\"https:\/\/unsuisseamallorca.com\/wp-content\/uploads\/2020\/10\/DATJ2623-768x576.jpg\" class=\"attachment-medium_large size-medium_large wp-image-6148 lazyload\" alt=\"\" data-srcset=\"https:\/\/unsuisseamallorca.com\/wp-content\/uploads\/2020\/10\/DATJ2623-768x576.jpg 768w, https:\/\/unsuisseamallorca.com\/wp-content\/uploads\/2020\/10\/DATJ2623-300x225.jpg 300w, https:\/\/unsuisseamallorca.com\/wp-content\/uploads\/2020\/10\/DATJ2623.jpg 1024w\" data-sizes=\"(max-width: 768px) 100vw, 768px\" src=\"data:image\/svg+xml;base64,PHN2ZyB3aWR0aD0iMSIgaGVpZ2h0PSIxIiB4bWxucz0iaHR0cDovL3d3dy53My5vcmcvMjAwMC9zdmciPjwvc3ZnPg==\" style=\"--smush-placeholder-width: 768px; --smush-placeholder-aspect-ratio: 768\/576;\" \/>\t\t\t\t\t\t\t\t\t\t\t\t\t\t\t<\/div>\n\t\t\t\t<\/div>\n\t\t\t\t\t<\/div>\n\t\t<\/div>\n\t\t\t\t\t<\/div>\n\t\t<\/section>\n\t\t\t\t<section class=\"elementor-section elementor-top-section elementor-element elementor-element-2ff9cbd elementor-section-content-middle elementor-section-boxed elementor-section-height-default elementor-section-height-default\" data-id=\"2ff9cbd\" data-element_type=\"section\">\n\t\t\t\t\t\t<div class=\"elementor-container elementor-column-gap-default\">\n\t\t\t\t\t<div class=\"elementor-column elementor-col-50 elementor-top-column elementor-element elementor-element-0a0854b\" data-id=\"0a0854b\" data-element_type=\"column\">\n\t\t\t<div class=\"elementor-widget-wrap elementor-element-populated\">\n\t\t\t\t\t\t<div class=\"elementor-element elementor-element-e0da598 elementor-widget elementor-widget-image\" data-id=\"e0da598\" data-element_type=\"widget\" data-widget_type=\"image.default\">\n\t\t\t\t<div class=\"elementor-widget-container\">\n\t\t\t\t\t\t\t\t\t\t\t\t\t\t\t<img decoding=\"async\" data-src=\"https:\/\/unsuisseamallorca.com\/wp-content\/uploads\/elementor\/thumbs\/IMG_2308-scaled-pdj12fgh7l7p2nrzeee7qnu4pg4kbzpsgijvuvzpmw.jpg\" title=\"IMG_2308\" alt=\"IMG_2308\" src=\"data:image\/svg+xml;base64,PHN2ZyB3aWR0aD0iMSIgaGVpZ2h0PSIxIiB4bWxucz0iaHR0cDovL3d3dy53My5vcmcvMjAwMC9zdmciPjwvc3ZnPg==\" class=\"lazyload\" style=\"--smush-placeholder-width: 768px; --smush-placeholder-aspect-ratio: 768\/500;\" \/>\t\t\t\t\t\t\t\t\t\t\t\t\t\t\t<\/div>\n\t\t\t\t<\/div>\n\t\t\t\t\t<\/div>\n\t\t<\/div>\n\t\t\t\t<div class=\"elementor-column elementor-col-50 elementor-top-column elementor-element elementor-element-1aaaf3e\" data-id=\"1aaaf3e\" data-element_type=\"column\">\n\t\t\t<div class=\"elementor-widget-wrap elementor-element-populated\">\n\t\t\t\t\t\t<div class=\"elementor-element elementor-element-2f7fc3a elementor-widget elementor-widget-heading\" data-id=\"2f7fc3a\" data-element_type=\"widget\" data-widget_type=\"heading.default\">\n\t\t\t\t<div class=\"elementor-widget-container\">\n\t\t\t\t\t<h3 class=\"elementor-heading-title elementor-size-default\">Le march\u00e9<\/h3>\t\t\t\t<\/div>\n\t\t\t\t<\/div>\n\t\t\t\t<div class=\"elementor-element elementor-element-96a7674 elementor-widget elementor-widget-text-editor\" data-id=\"96a7674\" data-element_type=\"widget\" data-widget_type=\"text-editor.default\">\n\t\t\t\t<div class=\"elementor-widget-container\">\n\t\t\t\t\t\t\t\t\t<p>Tous les mercredis a lieu le march\u00e9 du village, il se situe sur l&rsquo;avenue ferm\u00e9e \u00e0 cette occasion aux v\u00e9hicules. Gastronomie locale, produits artisanaux de l&rsquo;\u00eele y ont leur place au milieu de produits dont je ne parlerai pas.<\/p>\t\t\t\t\t\t\t\t<\/div>\n\t\t\t\t<\/div>\n\t\t\t\t\t<\/div>\n\t\t<\/div>\n\t\t\t\t\t<\/div>\n\t\t<\/section>\n\t\t\t\t<section class=\"elementor-section elementor-top-section elementor-element elementor-element-bd702db elementor-section-content-middle elementor-reverse-mobile elementor-section-boxed elementor-section-height-default elementor-section-height-default\" data-id=\"bd702db\" data-element_type=\"section\">\n\t\t\t\t\t\t<div class=\"elementor-container elementor-column-gap-default\">\n\t\t\t\t\t<div class=\"elementor-column elementor-col-50 elementor-top-column elementor-element elementor-element-dececd2\" data-id=\"dececd2\" data-element_type=\"column\">\n\t\t\t<div class=\"elementor-widget-wrap elementor-element-populated\">\n\t\t\t\t\t\t<div class=\"elementor-element elementor-element-c324294 elementor-widget elementor-widget-heading\" data-id=\"c324294\" data-element_type=\"widget\" data-widget_type=\"heading.default\">\n\t\t\t\t<div class=\"elementor-widget-container\">\n\t\t\t\t\t<h3 class=\"elementor-heading-title elementor-size-default\">Les plages<\/h3>\t\t\t\t<\/div>\n\t\t\t\t<\/div>\n\t\t\t\t<div class=\"elementor-element elementor-element-f0047dd elementor-widget elementor-widget-text-editor\" data-id=\"f0047dd\" data-element_type=\"widget\" data-widget_type=\"text-editor.default\">\n\t\t\t\t<div class=\"elementor-widget-container\">\n\t\t\t\t\t\t\t\t\t<p>Vous \u00eates ici dans la r\u00e9gion cartes postales, les plages au sable blanc, aux eaux turquoises et cristallines, aux \u00eelots pr\u00e8s de la c\u00f4te, aux couchers de soleil chaque jour diff\u00e9rents font que vous allez remplir votre \u00ab\u00a0Smartphone\u00a0\u00bb. En partant des salines le long de la promenade de mer il y a:<br \/><strong>La plage de Estanys,<\/strong>\u00a0 plage de sable fin et de douce pente. L&rsquo;occupation de cette plage en saison est haute car un h\u00f4tel se trouve \u00e0 quelques dizaines de m\u00e8tres, c&rsquo;est ici que d\u00e9marre plusieurs plages paradisiaques dont celle d\u2019Es Trenc (elle rejoint la petite station de Ses Covetes) qui est l\u2019une des plus grandes et des plus sauvages de Majorque. de l&rsquo;autre c\u00f4t\u00e9 de l&rsquo;h\u00f4tel nous trouvons <br \/><strong>La plage de Marqu\u00e8s, <\/strong>de l&rsquo;autre c\u00f4t\u00e9 de l&rsquo;h\u00f4tel, \u00e9galement connue sous le nom de plage Es Coto, est une petite plage de sable avec location de parasols en saison, elle est \u00e9galement fr\u00e9quent\u00e9e par les touristes de l&rsquo;h\u00f4tel du m\u00eame non. En saison beaucoup de bateaux sont amarr\u00e9s juste devant. C&rsquo;est le point de d\u00e9part pour les visites en catamaran de la c\u00f4te sud.<br \/><strong>La plage de Bassa des Cabots<\/strong>, plage pour bronzer car tr\u00e8s peu profonde et une barri\u00e8re de rocher la s\u00e9pare de la mer.<br \/><strong>La plage de Cala Galiota,<\/strong> o\u00f9 nous habitons, est une plage de sable, l&rsquo;acc\u00e8s \u00e0 la mer est bord\u00e9 de rochers \u00e0 part un petit chemin de sable, mais ces m\u00eames rochers sont appr\u00e9ci\u00e9s pour les amateurs de faune sous-marine, les baigneurs quand \u00e0 eux trouve une belle zone de sable blanc. <br \/><strong>La plage du Port<\/strong> situ\u00e9e dans la ville, plein d&rsquo;activit\u00e9s telles que kayak, paddle et bateau pour visiter les plages non accessibles en voiture. Commerces et restaurants bordent la plage. L&rsquo;eau y est limpide malgr\u00e9 la proximit\u00e9 du port et la pr\u00e9sence de nombreuses bou\u00e9es pour bateaux. Peu profonde elle est id\u00e9ale pour les enfants. Son sable blanc en fait une plage fr\u00e9quent\u00e9e par les insulaires. Elle est \u00e9galement appr\u00e9ci\u00e9e car \u00e0 l&rsquo;abri des vents. C&rsquo;est la seule plage de Colonia Sant Jordi gard\u00e9e.<\/p>\t\t\t\t\t\t\t\t<\/div>\n\t\t\t\t<\/div>\n\t\t\t\t<div class=\"elementor-element elementor-element-c9b468b elementor-align-left elementor-mobile-align-center elementor-widget elementor-widget-button\" data-id=\"c9b468b\" data-element_type=\"widget\" data-widget_type=\"button.default\">\n\t\t\t\t<div class=\"elementor-widget-container\">\n\t\t\t\t\t\t\t\t\t<div class=\"elementor-button-wrapper\">\n\t\t\t\t\t<a class=\"elementor-button elementor-button-link elementor-size-md\" href=\"https:\/\/youtu.be\/ZzML57ggdXc\">\n\t\t\t\t\t\t<span class=\"elementor-button-content-wrapper\">\n\t\t\t\t\t\t<span class=\"elementor-button-icon\">\n\t\t\t\t<i aria-hidden=\"true\" class=\"fas fa-angle-double-right\"><\/i>\t\t\t<\/span>\n\t\t\t\t\t\t\t\t\t<span class=\"elementor-button-text\">Vid\u00e9o des plages<\/span>\n\t\t\t\t\t<\/span>\n\t\t\t\t\t<\/a>\n\t\t\t\t<\/div>\n\t\t\t\t\t\t\t\t<\/div>\n\t\t\t\t<\/div>\n\t\t\t\t\t<\/div>\n\t\t<\/div>\n\t\t\t\t<div class=\"elementor-column elementor-col-50 elementor-top-column elementor-element elementor-element-0fc9607\" data-id=\"0fc9607\" data-element_type=\"column\">\n\t\t\t<div class=\"elementor-widget-wrap elementor-element-populated\">\n\t\t\t\t\t\t<div class=\"elementor-element elementor-element-2abfe5a elementor-widget elementor-widget-image\" data-id=\"2abfe5a\" data-element_type=\"widget\" data-widget_type=\"image.default\">\n\t\t\t\t<div class=\"elementor-widget-container\">\n\t\t\t\t\t\t\t\t\t\t\t\t<figure class=\"wp-caption\">\n\t\t\t\t\t\t\t\t\t\t<img decoding=\"async\" width=\"768\" height=\"560\" data-src=\"https:\/\/unsuisseamallorca.com\/wp-content\/uploads\/2021\/10\/plan-plages-colonia-sant-jordi-majorque-768x560.jpg\" class=\"attachment-medium_large size-medium_large wp-image-8904 lazyload\" alt=\"\" data-srcset=\"https:\/\/unsuisseamallorca.com\/wp-content\/uploads\/2021\/10\/plan-plages-colonia-sant-jordi-majorque-768x560.jpg 768w, https:\/\/unsuisseamallorca.com\/wp-content\/uploads\/2021\/10\/plan-plages-colonia-sant-jordi-majorque-300x219.jpg 300w, https:\/\/unsuisseamallorca.com\/wp-content\/uploads\/2021\/10\/plan-plages-colonia-sant-jordi-majorque.jpg 950w\" data-sizes=\"(max-width: 768px) 100vw, 768px\" src=\"data:image\/svg+xml;base64,PHN2ZyB3aWR0aD0iMSIgaGVpZ2h0PSIxIiB4bWxucz0iaHR0cDovL3d3dy53My5vcmcvMjAwMC9zdmciPjwvc3ZnPg==\" style=\"--smush-placeholder-width: 768px; --smush-placeholder-aspect-ratio: 768\/560;\" \/>\t\t\t\t\t\t\t\t\t\t\t<figcaption class=\"widget-image-caption wp-caption-text\">Plage de Estanys<\/figcaption>\n\t\t\t\t\t\t\t\t\t\t<\/figure>\n\t\t\t\t\t\t\t\t\t<\/div>\n\t\t\t\t<\/div>\n\t\t\t\t<div class=\"elementor-element elementor-element-828b9b1 elementor-widget elementor-widget-image\" data-id=\"828b9b1\" data-element_type=\"widget\" data-widget_type=\"image.default\">\n\t\t\t\t<div class=\"elementor-widget-container\">\n\t\t\t\t\t\t\t\t\t\t\t\t<figure class=\"wp-caption\">\n\t\t\t\t\t\t\t\t\t\t<img decoding=\"async\" width=\"768\" height=\"575\" data-src=\"https:\/\/unsuisseamallorca.com\/wp-content\/uploads\/2021\/10\/playa-dels-estanys-2-768x575.jpg\" class=\"attachment-medium_large size-medium_large wp-image-8911 lazyload\" alt=\"\" data-srcset=\"https:\/\/unsuisseamallorca.com\/wp-content\/uploads\/2021\/10\/playa-dels-estanys-2-768x575.jpg 768w, https:\/\/unsuisseamallorca.com\/wp-content\/uploads\/2021\/10\/playa-dels-estanys-2-300x225.jpg 300w, https:\/\/unsuisseamallorca.com\/wp-content\/uploads\/2021\/10\/playa-dels-estanys-2.jpg 899w\" data-sizes=\"(max-width: 768px) 100vw, 768px\" src=\"data:image\/svg+xml;base64,PHN2ZyB3aWR0aD0iMSIgaGVpZ2h0PSIxIiB4bWxucz0iaHR0cDovL3d3dy53My5vcmcvMjAwMC9zdmciPjwvc3ZnPg==\" style=\"--smush-placeholder-width: 768px; --smush-placeholder-aspect-ratio: 768\/575;\" \/>\t\t\t\t\t\t\t\t\t\t\t<figcaption class=\"widget-image-caption wp-caption-text\">Plage de Estanys<\/figcaption>\n\t\t\t\t\t\t\t\t\t\t<\/figure>\n\t\t\t\t\t\t\t\t\t<\/div>\n\t\t\t\t<\/div>\n\t\t\t\t<div class=\"elementor-element elementor-element-83c1762 elementor-widget elementor-widget-image\" data-id=\"83c1762\" data-element_type=\"widget\" data-widget_type=\"image.default\">\n\t\t\t\t<div class=\"elementor-widget-container\">\n\t\t\t\t\t\t\t\t\t\t\t\t<figure class=\"wp-caption\">\n\t\t\t\t\t\t\t\t\t\t<img decoding=\"async\" data-src=\"https:\/\/unsuisseamallorca.com\/wp-content\/uploads\/elementor\/thumbs\/IMG_0178-scaled-oxaaycgkh2jwnmhlzwyqsdsar9zv9r192jp9hlnrew.jpg\" title=\"IMG_0178\" alt=\"IMG_0178\" src=\"data:image\/svg+xml;base64,PHN2ZyB3aWR0aD0iMSIgaGVpZ2h0PSIxIiB4bWxucz0iaHR0cDovL3d3dy53My5vcmcvMjAwMC9zdmciPjwvc3ZnPg==\" class=\"lazyload\" style=\"--smush-placeholder-width: 768px; --smush-placeholder-aspect-ratio: 768\/500;\" \/>\t\t\t\t\t\t\t\t\t\t\t<figcaption class=\"widget-image-caption wp-caption-text\">Plage deCala Galiota<\/figcaption>\n\t\t\t\t\t\t\t\t\t\t<\/figure>\n\t\t\t\t\t\t\t\t\t<\/div>\n\t\t\t\t<\/div>\n\t\t\t\t<div class=\"elementor-element elementor-element-fee2b60 elementor-widget elementor-widget-image\" data-id=\"fee2b60\" data-element_type=\"widget\" data-widget_type=\"image.default\">\n\t\t\t\t<div class=\"elementor-widget-container\">\n\t\t\t\t\t\t\t\t\t\t\t\t<figure class=\"wp-caption\">\n\t\t\t\t\t\t\t\t\t\t<img decoding=\"async\" width=\"768\" height=\"576\" data-src=\"https:\/\/unsuisseamallorca.com\/wp-content\/uploads\/2020\/10\/IMG_0394-768x576.jpg\" class=\"attachment-medium_large size-medium_large wp-image-6180 lazyload\" alt=\"\" data-srcset=\"https:\/\/unsuisseamallorca.com\/wp-content\/uploads\/2020\/10\/IMG_0394-768x576.jpg 768w, https:\/\/unsuisseamallorca.com\/wp-content\/uploads\/2020\/10\/IMG_0394-300x225.jpg 300w, https:\/\/unsuisseamallorca.com\/wp-content\/uploads\/2020\/10\/IMG_0394-1024x768.jpg 1024w, https:\/\/unsuisseamallorca.com\/wp-content\/uploads\/2020\/10\/IMG_0394-1536x1152.jpg 1536w, https:\/\/unsuisseamallorca.com\/wp-content\/uploads\/2020\/10\/IMG_0394-2048x1536.jpg 2048w, https:\/\/unsuisseamallorca.com\/wp-content\/uploads\/2020\/10\/IMG_0394-scaled.jpg 2560w\" data-sizes=\"(max-width: 768px) 100vw, 768px\" src=\"data:image\/svg+xml;base64,PHN2ZyB3aWR0aD0iMSIgaGVpZ2h0PSIxIiB4bWxucz0iaHR0cDovL3d3dy53My5vcmcvMjAwMC9zdmciPjwvc3ZnPg==\" style=\"--smush-placeholder-width: 768px; --smush-placeholder-aspect-ratio: 768\/576;\" \/>\t\t\t\t\t\t\t\t\t\t\t<figcaption class=\"widget-image-caption wp-caption-text\">Plage de Bassa des Cabots<\/figcaption>\n\t\t\t\t\t\t\t\t\t\t<\/figure>\n\t\t\t\t\t\t\t\t\t<\/div>\n\t\t\t\t<\/div>\n\t\t\t\t\t<\/div>\n\t\t<\/div>\n\t\t\t\t\t<\/div>\n\t\t<\/section>\n\t\t\t\t<section class=\"elementor-section elementor-top-section elementor-element elementor-element-6802a4b elementor-section-content-middle elementor-section-boxed elementor-section-height-default elementor-section-height-default\" data-id=\"6802a4b\" data-element_type=\"section\">\n\t\t\t\t\t\t<div class=\"elementor-container elementor-column-gap-default\">\n\t\t\t\t\t<div class=\"elementor-column elementor-col-50 elementor-top-column elementor-element elementor-element-687dc7e\" data-id=\"687dc7e\" data-element_type=\"column\">\n\t\t\t<div class=\"elementor-widget-wrap elementor-element-populated\">\n\t\t\t\t\t\t<div class=\"elementor-element elementor-element-bb5c117 elementor-widget elementor-widget-image\" data-id=\"bb5c117\" data-element_type=\"widget\" data-widget_type=\"image.default\">\n\t\t\t\t<div class=\"elementor-widget-container\">\n\t\t\t\t\t\t\t\t\t\t\t\t<figure class=\"wp-caption\">\n\t\t\t\t\t\t\t\t\t\t<img decoding=\"async\" width=\"768\" height=\"512\" data-src=\"https:\/\/unsuisseamallorca.com\/wp-content\/uploads\/2020\/11\/IMG_9531-768x512.jpg\" class=\"attachment-medium_large size-medium_large wp-image-6312 lazyload\" alt=\"\" data-srcset=\"https:\/\/unsuisseamallorca.com\/wp-content\/uploads\/2020\/11\/IMG_9531-768x512.jpg 768w, https:\/\/unsuisseamallorca.com\/wp-content\/uploads\/2020\/11\/IMG_9531-300x200.jpg 300w, https:\/\/unsuisseamallorca.com\/wp-content\/uploads\/2020\/11\/IMG_9531-1024x683.jpg 1024w, https:\/\/unsuisseamallorca.com\/wp-content\/uploads\/2020\/11\/IMG_9531-1536x1024.jpg 1536w, https:\/\/unsuisseamallorca.com\/wp-content\/uploads\/2020\/11\/IMG_9531-2048x1365.jpg 2048w, https:\/\/unsuisseamallorca.com\/wp-content\/uploads\/2020\/11\/IMG_9531-scaled.jpg 2560w\" data-sizes=\"(max-width: 768px) 100vw, 768px\" src=\"data:image\/svg+xml;base64,PHN2ZyB3aWR0aD0iMSIgaGVpZ2h0PSIxIiB4bWxucz0iaHR0cDovL3d3dy53My5vcmcvMjAwMC9zdmciPjwvc3ZnPg==\" style=\"--smush-placeholder-width: 768px; --smush-placeholder-aspect-ratio: 768\/512;\" \/>\t\t\t\t\t\t\t\t\t\t\t<figcaption class=\"widget-image-caption wp-caption-text\"><\/figcaption>\n\t\t\t\t\t\t\t\t\t\t<\/figure>\n\t\t\t\t\t\t\t\t\t<\/div>\n\t\t\t\t<\/div>\n\t\t\t\t\t<\/div>\n\t\t<\/div>\n\t\t\t\t<div class=\"elementor-column elementor-col-50 elementor-top-column elementor-element elementor-element-00363fa\" data-id=\"00363fa\" data-element_type=\"column\">\n\t\t\t<div class=\"elementor-widget-wrap elementor-element-populated\">\n\t\t\t\t\t\t<div class=\"elementor-element elementor-element-1ead9f4 elementor-widget elementor-widget-heading\" data-id=\"1ead9f4\" data-element_type=\"widget\" data-widget_type=\"heading.default\">\n\t\t\t\t<div class=\"elementor-widget-container\">\n\t\t\t\t\t<h3 class=\"elementor-heading-title elementor-size-default\">Les thermes<\/h3>\t\t\t\t<\/div>\n\t\t\t\t<\/div>\n\t\t\t\t<div class=\"elementor-element elementor-element-005e381 elementor-widget elementor-widget-text-editor\" data-id=\"005e381\" data-element_type=\"widget\" data-widget_type=\"text-editor.default\">\n\t\t\t\t<div class=\"elementor-widget-container\">\n\t\t\t\t\t\t\t\t\t<p>Les thermes de Sant Joan sont les seules sources d&rsquo;eau thermale sur l&rsquo;\u00eele de Majorque. Ils se trouvent \u00e0 proximit\u00e9 des salines d&rsquo;Es Trenc. Son eau est l\u00e9g\u00e8rement sal\u00e9e et radioactive, elle\u00a0 jaillit \u00e0 38\u00b0. Les bains furent construits au Xlll \u00e8me si\u00e8cle. L&rsquo;\u00e9tablissement actuel fut construit en 1844, il a \u00e9t\u00e9 transform\u00e9 depuis en un h\u00f4tel luxueux dot\u00e9 d&rsquo;un Spa, mais l&rsquo;acc\u00e8s aux bains par le public est toujours possible pour un prix relativement raisonnable.<\/p>\t\t\t\t\t\t\t\t<\/div>\n\t\t\t\t<\/div>\n\t\t\t\t\t<\/div>\n\t\t<\/div>\n\t\t\t\t\t<\/div>\n\t\t<\/section>\n\t\t\t\t<section class=\"elementor-section elementor-top-section elementor-element elementor-element-a1ffacd elementor-section-content-middle elementor-reverse-mobile elementor-section-boxed elementor-section-height-default elementor-section-height-default\" data-id=\"a1ffacd\" data-element_type=\"section\">\n\t\t\t\t\t\t<div class=\"elementor-container elementor-column-gap-default\">\n\t\t\t\t\t<div class=\"elementor-column elementor-col-50 elementor-top-column elementor-element elementor-element-6d74e58\" data-id=\"6d74e58\" data-element_type=\"column\">\n\t\t\t<div class=\"elementor-widget-wrap elementor-element-populated\">\n\t\t\t\t\t\t<div class=\"elementor-element elementor-element-de007e2 elementor-widget elementor-widget-heading\" data-id=\"de007e2\" data-element_type=\"widget\" data-widget_type=\"heading.default\">\n\t\t\t\t<div class=\"elementor-widget-container\">\n\t\t\t\t\t<h3 class=\"elementor-heading-title elementor-size-default\">Le centre de Cabrera<\/h3>\t\t\t\t<\/div>\n\t\t\t\t<\/div>\n\t\t\t\t<div class=\"elementor-element elementor-element-ccffe0f elementor-widget elementor-widget-text-editor\" data-id=\"ccffe0f\" data-element_type=\"widget\" data-widget_type=\"text-editor.default\">\n\t\t\t\t<div class=\"elementor-widget-container\">\n\t\t\t\t\t\t\t\t\t<p>La proximit\u00e9 de l&rsquo;archipel de Cabrera, qui est une r\u00e9serve marine, a fait que c&rsquo;est de Colonia Sant Jordi que partent les navettes officielles pour aller le visiter. C&rsquo;est une des plus belles excursion \u00e0 faire sur Majorque. Avant de s&rsquo;y rendre on peut visiter le centre d&rsquo;interpr\u00e9tation de Cabrera qui depuis 2008 pr\u00e9sente 17 aquariums contenant environ 400 poissons ( 150 esp\u00e8ces) et autres habitants vivant dans les eaux de Cabrera. Pour les voir dans leur \u00e9l\u00e8ment naturel, un centre de plong\u00e9e est situ\u00e9 \u00e0 la rue Gabriel Roca et propose des sorties journali\u00e8res \u00e0 Cabrera.<\/p>\t\t\t\t\t\t\t\t<\/div>\n\t\t\t\t<\/div>\n\t\t\t\t\t<\/div>\n\t\t<\/div>\n\t\t\t\t<div class=\"elementor-column elementor-col-50 elementor-top-column elementor-element elementor-element-f5cbbdc\" data-id=\"f5cbbdc\" data-element_type=\"column\">\n\t\t\t<div class=\"elementor-widget-wrap elementor-element-populated\">\n\t\t\t\t\t\t<div class=\"elementor-element elementor-element-40a6a33 elementor-widget elementor-widget-image\" data-id=\"40a6a33\" data-element_type=\"widget\" data-widget_type=\"image.default\">\n\t\t\t\t<div class=\"elementor-widget-container\">\n\t\t\t\t\t\t\t\t\t\t\t\t\t\t\t<img decoding=\"async\" width=\"768\" height=\"484\" data-src=\"https:\/\/unsuisseamallorca.com\/wp-content\/uploads\/2020\/11\/Centre-de-Cabrera-2-768x484.jpeg\" class=\"attachment-medium_large size-medium_large wp-image-6344 lazyload\" alt=\"\" data-srcset=\"https:\/\/unsuisseamallorca.com\/wp-content\/uploads\/2020\/11\/Centre-de-Cabrera-2-768x484.jpeg 768w, https:\/\/unsuisseamallorca.com\/wp-content\/uploads\/2020\/11\/Centre-de-Cabrera-2-300x189.jpeg 300w, https:\/\/unsuisseamallorca.com\/wp-content\/uploads\/2020\/11\/Centre-de-Cabrera-2.jpeg 1024w\" data-sizes=\"(max-width: 768px) 100vw, 768px\" src=\"data:image\/svg+xml;base64,PHN2ZyB3aWR0aD0iMSIgaGVpZ2h0PSIxIiB4bWxucz0iaHR0cDovL3d3dy53My5vcmcvMjAwMC9zdmciPjwvc3ZnPg==\" style=\"--smush-placeholder-width: 768px; --smush-placeholder-aspect-ratio: 768\/484;\" \/>\t\t\t\t\t\t\t\t\t\t\t\t\t\t\t<\/div>\n\t\t\t\t<\/div>\n\t\t\t\t<div class=\"elementor-element elementor-element-8d92d97 elementor-widget elementor-widget-image\" data-id=\"8d92d97\" data-element_type=\"widget\" data-widget_type=\"image.default\">\n\t\t\t\t<div class=\"elementor-widget-container\">\n\t\t\t\t\t\t\t\t\t\t\t\t\t\t\t<img decoding=\"async\" width=\"768\" height=\"576\" data-src=\"https:\/\/unsuisseamallorca.com\/wp-content\/uploads\/2020\/04\/DSC02138-768x576.jpg\" class=\"attachment-medium_large size-medium_large wp-image-2555 lazyload\" alt=\"\" data-srcset=\"https:\/\/unsuisseamallorca.com\/wp-content\/uploads\/2020\/04\/DSC02138-768x576.jpg 768w, https:\/\/unsuisseamallorca.com\/wp-content\/uploads\/2020\/04\/DSC02138-300x225.jpg 300w, https:\/\/unsuisseamallorca.com\/wp-content\/uploads\/2020\/04\/DSC02138-1024x768.jpg 1024w, https:\/\/unsuisseamallorca.com\/wp-content\/uploads\/2020\/04\/DSC02138-1536x1152.jpg 1536w, https:\/\/unsuisseamallorca.com\/wp-content\/uploads\/2020\/04\/DSC02138-2048x1536.jpg 2048w, https:\/\/unsuisseamallorca.com\/wp-content\/uploads\/2020\/04\/DSC02138-scaled.jpg 2560w\" data-sizes=\"(max-width: 768px) 100vw, 768px\" src=\"data:image\/svg+xml;base64,PHN2ZyB3aWR0aD0iMSIgaGVpZ2h0PSIxIiB4bWxucz0iaHR0cDovL3d3dy53My5vcmcvMjAwMC9zdmciPjwvc3ZnPg==\" style=\"--smush-placeholder-width: 768px; --smush-placeholder-aspect-ratio: 768\/576;\" \/>\t\t\t\t\t\t\t\t\t\t\t\t\t\t\t<\/div>\n\t\t\t\t<\/div>\n\t\t\t\t\t<\/div>\n\t\t<\/div>\n\t\t\t\t\t<\/div>\n\t\t<\/section>\n\t\t\t\t<section class=\"elementor-section elementor-top-section elementor-element elementor-element-763555c elementor-section-content-middle elementor-section-boxed elementor-section-height-default elementor-section-height-default\" data-id=\"763555c\" data-element_type=\"section\">\n\t\t\t\t\t\t<div class=\"elementor-container elementor-column-gap-default\">\n\t\t\t\t\t<div class=\"elementor-column elementor-col-50 elementor-top-column elementor-element elementor-element-08247c0\" data-id=\"08247c0\" data-element_type=\"column\">\n\t\t\t<div class=\"elementor-widget-wrap elementor-element-populated\">\n\t\t\t\t\t\t<div class=\"elementor-element elementor-element-66eb5c3 elementor-widget elementor-widget-image\" data-id=\"66eb5c3\" data-element_type=\"widget\" data-widget_type=\"image.default\">\n\t\t\t\t<div class=\"elementor-widget-container\">\n\t\t\t\t\t\t\t\t\t\t\t\t<figure class=\"wp-caption\">\n\t\t\t\t\t\t\t\t\t\t<img decoding=\"async\" width=\"768\" height=\"576\" data-src=\"https:\/\/unsuisseamallorca.com\/wp-content\/uploads\/2020\/11\/G0072730-272-768x576.jpg\" class=\"attachment-medium_large size-medium_large wp-image-6313 lazyload\" alt=\"\" data-srcset=\"https:\/\/unsuisseamallorca.com\/wp-content\/uploads\/2020\/11\/G0072730-272-768x576.jpg 768w, https:\/\/unsuisseamallorca.com\/wp-content\/uploads\/2020\/11\/G0072730-272-300x225.jpg 300w, https:\/\/unsuisseamallorca.com\/wp-content\/uploads\/2020\/11\/G0072730-272-1024x768.jpg 1024w, https:\/\/unsuisseamallorca.com\/wp-content\/uploads\/2020\/11\/G0072730-272-1536x1152.jpg 1536w, https:\/\/unsuisseamallorca.com\/wp-content\/uploads\/2020\/11\/G0072730-272-2048x1536.jpg 2048w, https:\/\/unsuisseamallorca.com\/wp-content\/uploads\/2020\/11\/G0072730-272-scaled.jpg 2560w\" data-sizes=\"(max-width: 768px) 100vw, 768px\" src=\"data:image\/svg+xml;base64,PHN2ZyB3aWR0aD0iMSIgaGVpZ2h0PSIxIiB4bWxucz0iaHR0cDovL3d3dy53My5vcmcvMjAwMC9zdmciPjwvc3ZnPg==\" style=\"--smush-placeholder-width: 768px; --smush-placeholder-aspect-ratio: 768\/576;\" \/>\t\t\t\t\t\t\t\t\t\t\t<figcaption class=\"widget-image-caption wp-caption-text\">M\u00e9rou \u00e0 Cabrera<\/figcaption>\n\t\t\t\t\t\t\t\t\t\t<\/figure>\n\t\t\t\t\t\t\t\t\t<\/div>\n\t\t\t\t<\/div>\n\t\t\t\t\t<\/div>\n\t\t<\/div>\n\t\t\t\t<div class=\"elementor-column elementor-col-50 elementor-top-column elementor-element elementor-element-8e40d26\" data-id=\"8e40d26\" data-element_type=\"column\">\n\t\t\t<div class=\"elementor-widget-wrap elementor-element-populated\">\n\t\t\t\t\t\t<div class=\"elementor-element elementor-element-db6d8f3 elementor-widget elementor-widget-heading\" data-id=\"db6d8f3\" data-element_type=\"widget\" data-widget_type=\"heading.default\">\n\t\t\t\t<div class=\"elementor-widget-container\">\n\t\t\t\t\t<h3 class=\"elementor-heading-title elementor-size-default\">La plong\u00e9e<\/h3>\t\t\t\t<\/div>\n\t\t\t\t<\/div>\n\t\t\t\t<div class=\"elementor-element elementor-element-1520c88 elementor-widget elementor-widget-text-editor\" data-id=\"1520c88\" data-element_type=\"widget\" data-widget_type=\"text-editor.default\">\n\t\t\t\t<div class=\"elementor-widget-container\">\n\t\t\t\t\t\t\t\t\t<p>Les fonds marins pr\u00e8s de Colonia Sant Jordi abondent d&rsquo;\u00e9paves qui attirent de nombreux plongeurs. On peut observer du c\u00f4t\u00e9 sud-est des restes de bateaux romains. C&rsquo;est \u00e9galement le point de d\u00e9part id\u00e9al pour les plong\u00e9es dans la r\u00e9serve marine de Cabrera, les bateaux de plong\u00e9e s&rsquo;amarrent \u00e0 des bou\u00e9es r\u00e9serv\u00e9es car il est interdit d&rsquo;y jeter l&rsquo;ancre. De plus le nombre de bateaux pouvant y aller chaque jour est sp\u00e9cifi\u00e9, ce qui fait de ces plong\u00e9es des immersions dans un monde incroyablement riche.<\/p>\t\t\t\t\t\t\t\t<\/div>\n\t\t\t\t<\/div>\n\t\t\t\t\t<\/div>\n\t\t<\/div>\n\t\t\t\t\t<\/div>\n\t\t<\/section>\n\t\t\t\t<section class=\"elementor-section elementor-top-section elementor-element elementor-element-e4fd24a elementor-section-content-middle elementor-reverse-mobile elementor-section-boxed elementor-section-height-default elementor-section-height-default\" data-id=\"e4fd24a\" data-element_type=\"section\">\n\t\t\t\t\t\t<div class=\"elementor-container elementor-column-gap-default\">\n\t\t\t\t\t<div class=\"elementor-column elementor-col-50 elementor-top-column elementor-element elementor-element-893c71b\" data-id=\"893c71b\" data-element_type=\"column\">\n\t\t\t<div class=\"elementor-widget-wrap elementor-element-populated\">\n\t\t\t\t\t\t<div class=\"elementor-element elementor-element-ce38874 elementor-widget elementor-widget-heading\" data-id=\"ce38874\" data-element_type=\"widget\" data-widget_type=\"heading.default\">\n\t\t\t\t<div class=\"elementor-widget-container\">\n\t\t\t\t\t<h3 class=\"elementor-heading-title elementor-size-default\">Nos bonnes adresses<\/h3>\t\t\t\t<\/div>\n\t\t\t\t<\/div>\n\t\t\t\t<div class=\"elementor-element elementor-element-a93dd3d elementor-widget elementor-widget-text-editor\" data-id=\"a93dd3d\" data-element_type=\"widget\" data-widget_type=\"text-editor.default\">\n\t\t\t\t<div class=\"elementor-widget-container\">\n\t\t\t\t\t\t\t\t\t<p>Boulangerie Forn de Pons<\/p><p>Restaurant\u00a0 PEP SERRA<\/p><p>Restaurant Cassa\u00ef<\/p><p>Restaurant Sal de Coco<\/p><p>Restaurant La Mallorquina<\/p><p>Restaurant Es Mollet<\/p><p>Miguel Restaurante<\/p><p>Gelateria Colonial<\/p><p>\u00a0<\/p>\t\t\t\t\t\t\t\t<\/div>\n\t\t\t\t<\/div>\n\t\t\t\t\t<\/div>\n\t\t<\/div>\n\t\t\t\t<div class=\"elementor-column elementor-col-50 elementor-top-column elementor-element elementor-element-ab15b39\" data-id=\"ab15b39\" data-element_type=\"column\">\n\t\t\t<div class=\"elementor-widget-wrap elementor-element-populated\">\n\t\t\t\t\t\t<div class=\"elementor-element elementor-element-cde05b9 elementor-widget elementor-widget-image\" data-id=\"cde05b9\" data-element_type=\"widget\" data-widget_type=\"image.default\">\n\t\t\t\t<div class=\"elementor-widget-container\">\n\t\t\t\t\t\t\t\t\t\t\t\t\t\t\t<img decoding=\"async\" width=\"768\" height=\"576\" data-src=\"https:\/\/unsuisseamallorca.com\/wp-content\/uploads\/2021\/09\/IMG_2609-768x576.jpg\" class=\"attachment-medium_large size-medium_large wp-image-8699 lazyload\" alt=\"\" data-srcset=\"https:\/\/unsuisseamallorca.com\/wp-content\/uploads\/2021\/09\/IMG_2609-768x576.jpg 768w, https:\/\/unsuisseamallorca.com\/wp-content\/uploads\/2021\/09\/IMG_2609-300x225.jpg 300w, https:\/\/unsuisseamallorca.com\/wp-content\/uploads\/2021\/09\/IMG_2609-1024x768.jpg 1024w, https:\/\/unsuisseamallorca.com\/wp-content\/uploads\/2021\/09\/IMG_2609-1536x1152.jpg 1536w, https:\/\/unsuisseamallorca.com\/wp-content\/uploads\/2021\/09\/IMG_2609-2048x1536.jpg 2048w, https:\/\/unsuisseamallorca.com\/wp-content\/uploads\/2021\/09\/IMG_2609-scaled.jpg 2560w\" data-sizes=\"(max-width: 768px) 100vw, 768px\" src=\"data:image\/svg+xml;base64,PHN2ZyB3aWR0aD0iMSIgaGVpZ2h0PSIxIiB4bWxucz0iaHR0cDovL3d3dy53My5vcmcvMjAwMC9zdmciPjwvc3ZnPg==\" style=\"--smush-placeholder-width: 768px; --smush-placeholder-aspect-ratio: 768\/576;\" \/>\t\t\t\t\t\t\t\t\t\t\t\t\t\t\t<\/div>\n\t\t\t\t<\/div>\n\t\t\t\t<div class=\"elementor-element elementor-element-9ba62df elementor-widget elementor-widget-image\" data-id=\"9ba62df\" data-element_type=\"widget\" data-widget_type=\"image.default\">\n\t\t\t\t<div class=\"elementor-widget-container\">\n\t\t\t\t\t\t\t\t\t\t\t\t\t\t\t<img decoding=\"async\" width=\"768\" height=\"576\" data-src=\"https:\/\/unsuisseamallorca.com\/wp-content\/uploads\/2021\/09\/IMG_2349-768x576.jpg\" class=\"attachment-medium_large size-medium_large wp-image-8701 lazyload\" alt=\"\" data-srcset=\"https:\/\/unsuisseamallorca.com\/wp-content\/uploads\/2021\/09\/IMG_2349-768x576.jpg 768w, https:\/\/unsuisseamallorca.com\/wp-content\/uploads\/2021\/09\/IMG_2349-300x225.jpg 300w, https:\/\/unsuisseamallorca.com\/wp-content\/uploads\/2021\/09\/IMG_2349-1024x768.jpg 1024w, https:\/\/unsuisseamallorca.com\/wp-content\/uploads\/2021\/09\/IMG_2349-1536x1152.jpg 1536w, https:\/\/unsuisseamallorca.com\/wp-content\/uploads\/2021\/09\/IMG_2349-2048x1536.jpg 2048w, https:\/\/unsuisseamallorca.com\/wp-content\/uploads\/2021\/09\/IMG_2349-scaled.jpg 2560w\" data-sizes=\"(max-width: 768px) 100vw, 768px\" src=\"data:image\/svg+xml;base64,PHN2ZyB3aWR0aD0iMSIgaGVpZ2h0PSIxIiB4bWxucz0iaHR0cDovL3d3dy53My5vcmcvMjAwMC9zdmciPjwvc3ZnPg==\" style=\"--smush-placeholder-width: 768px; --smush-placeholder-aspect-ratio: 768\/576;\" \/>\t\t\t\t\t\t\t\t\t\t\t\t\t\t\t<\/div>\n\t\t\t\t<\/div>\n\t\t\t\t\t<\/div>\n\t\t<\/div>\n\t\t\t\t\t<\/div>\n\t\t<\/section>\n\t\t\t\t<section class=\"elementor-section elementor-top-section elementor-element elementor-element-881b1b3 elementor-section-content-middle elementor-section-boxed elementor-section-height-default elementor-section-height-default\" data-id=\"881b1b3\" data-element_type=\"section\">\n\t\t\t\t\t\t<div class=\"elementor-container elementor-column-gap-no\">\n\t\t\t\t\t<div class=\"elementor-column elementor-col-100 elementor-top-column elementor-element elementor-element-36fcd9a\" data-id=\"36fcd9a\" data-element_type=\"column\">\n\t\t\t<div class=\"elementor-widget-wrap elementor-element-populated\">\n\t\t\t\t\t\t<div class=\"elementor-element elementor-element-3cf11d0 elementor-widget elementor-widget-heading\" data-id=\"3cf11d0\" data-element_type=\"widget\" data-widget_type=\"heading.default\">\n\t\t\t\t<div class=\"elementor-widget-container\">\n\t\t\t\t\t<h4 class=\"elementor-heading-title elementor-size-default\">Vues de Colonia Sant Jordi<\/h4>\t\t\t\t<\/div>\n\t\t\t\t<\/div>\n\t\t\t\t<div class=\"elementor-element elementor-element-bb65716 elementor-widget elementor-widget-heading\" data-id=\"bb65716\" data-element_type=\"widget\" data-widget_type=\"heading.default\">\n\t\t\t\t<div class=\"elementor-widget-container\">\n\t\t\t\t\t<h5 class=\"elementor-heading-title elementor-size-default\">Cliquez sur les photos pour agrandir<\/h5>\t\t\t\t<\/div>\n\t\t\t\t<\/div>\n\t\t\t\t<div class=\"elementor-element elementor-element-02cc510 gallery-spacing-custom elementor-widget elementor-widget-image-gallery\" data-id=\"02cc510\" data-element_type=\"widget\" data-widget_type=\"image-gallery.default\">\n\t\t\t\t<div class=\"elementor-widget-container\">\n\t\t\t\t\t\t\t<div class=\"elementor-image-gallery\">\n\t\t\t<div id='gallery-1' class='gallery galleryid-6124 gallery-columns-4 gallery-size-medium'><figure class='gallery-item'>\n\t\t\t<div class='gallery-icon landscape'>\n\t\t\t\t<a data-elementor-open-lightbox=\"yes\" data-elementor-lightbox-slideshow=\"02cc510\" data-elementor-lightbox-title=\"DCIM100MEDIADJI_0864.JPG\" data-e-action-hash=\"#elementor-action%3Aaction%3Dlightbox%26settings%3DeyJpZCI6MjU2MSwidXJsIjoiaHR0cHM6XC9cL3Vuc3Vpc3NlYW1hbGxvcmNhLmNvbVwvd3AtY29udGVudFwvdXBsb2Fkc1wvMjAyMFwvMDRcL0RKSV8wODY0LXNjYWxlZC5qcGciLCJzbGlkZXNob3ciOiIwMmNjNTEwIn0%3D\" href='https:\/\/unsuisseamallorca.com\/wp-content\/uploads\/2020\/04\/DJI_0864-scaled.jpg'><img decoding=\"async\" width=\"300\" height=\"225\" data-src=\"https:\/\/unsuisseamallorca.com\/wp-content\/uploads\/2020\/04\/DJI_0864-300x225.jpg\" class=\"attachment-medium size-medium lazyload\" alt=\"\" data-srcset=\"https:\/\/unsuisseamallorca.com\/wp-content\/uploads\/2020\/04\/DJI_0864-300x225.jpg 300w, https:\/\/unsuisseamallorca.com\/wp-content\/uploads\/2020\/04\/DJI_0864-1024x768.jpg 1024w, https:\/\/unsuisseamallorca.com\/wp-content\/uploads\/2020\/04\/DJI_0864-768x576.jpg 768w, https:\/\/unsuisseamallorca.com\/wp-content\/uploads\/2020\/04\/DJI_0864-1536x1152.jpg 1536w, https:\/\/unsuisseamallorca.com\/wp-content\/uploads\/2020\/04\/DJI_0864-2048x1536.jpg 2048w, https:\/\/unsuisseamallorca.com\/wp-content\/uploads\/2020\/04\/DJI_0864-scaled.jpg 2560w\" data-sizes=\"(max-width: 300px) 100vw, 300px\" src=\"data:image\/svg+xml;base64,PHN2ZyB3aWR0aD0iMSIgaGVpZ2h0PSIxIiB4bWxucz0iaHR0cDovL3d3dy53My5vcmcvMjAwMC9zdmciPjwvc3ZnPg==\" style=\"--smush-placeholder-width: 300px; --smush-placeholder-aspect-ratio: 300\/225;\" \/><\/a>\n\t\t\t<\/div><\/figure><figure class='gallery-item'>\n\t\t\t<div class='gallery-icon landscape'>\n\t\t\t\t<a data-elementor-open-lightbox=\"yes\" data-elementor-lightbox-slideshow=\"02cc510\" data-elementor-lightbox-title=\"DCIM100MEDIADJI_0724.JPG\" data-e-action-hash=\"#elementor-action%3Aaction%3Dlightbox%26settings%3DeyJpZCI6MjU2MywidXJsIjoiaHR0cHM6XC9cL3Vuc3Vpc3NlYW1hbGxvcmNhLmNvbVwvd3AtY29udGVudFwvdXBsb2Fkc1wvMjAyMFwvMDRcL0RKSV8wNzI0LXNjYWxlZC5qcGciLCJzbGlkZXNob3ciOiIwMmNjNTEwIn0%3D\" href='https:\/\/unsuisseamallorca.com\/wp-content\/uploads\/2020\/04\/DJI_0724-scaled.jpg'><img decoding=\"async\" width=\"300\" height=\"225\" data-src=\"https:\/\/unsuisseamallorca.com\/wp-content\/uploads\/2020\/04\/DJI_0724-300x225.jpg\" class=\"attachment-medium size-medium lazyload\" alt=\"\" data-srcset=\"https:\/\/unsuisseamallorca.com\/wp-content\/uploads\/2020\/04\/DJI_0724-300x225.jpg 300w, https:\/\/unsuisseamallorca.com\/wp-content\/uploads\/2020\/04\/DJI_0724-1024x768.jpg 1024w, https:\/\/unsuisseamallorca.com\/wp-content\/uploads\/2020\/04\/DJI_0724-768x576.jpg 768w, https:\/\/unsuisseamallorca.com\/wp-content\/uploads\/2020\/04\/DJI_0724-1536x1152.jpg 1536w, https:\/\/unsuisseamallorca.com\/wp-content\/uploads\/2020\/04\/DJI_0724-2048x1536.jpg 2048w, https:\/\/unsuisseamallorca.com\/wp-content\/uploads\/2020\/04\/DJI_0724-scaled.jpg 2560w\" data-sizes=\"(max-width: 300px) 100vw, 300px\" src=\"data:image\/svg+xml;base64,PHN2ZyB3aWR0aD0iMSIgaGVpZ2h0PSIxIiB4bWxucz0iaHR0cDovL3d3dy53My5vcmcvMjAwMC9zdmciPjwvc3ZnPg==\" style=\"--smush-placeholder-width: 300px; --smush-placeholder-aspect-ratio: 300\/225;\" \/><\/a>\n\t\t\t<\/div><\/figure><figure class='gallery-item'>\n\t\t\t<div class='gallery-icon landscape'>\n\t\t\t\t<a data-elementor-open-lightbox=\"yes\" data-elementor-lightbox-slideshow=\"02cc510\" data-elementor-lightbox-title=\"IMG_8304\" data-e-action-hash=\"#elementor-action%3Aaction%3Dlightbox%26settings%3DeyJpZCI6MjU2MCwidXJsIjoiaHR0cHM6XC9cL3Vuc3Vpc3NlYW1hbGxvcmNhLmNvbVwvd3AtY29udGVudFwvdXBsb2Fkc1wvMjAyMFwvMDRcL0lNR184MzA0LXNjYWxlZC5qcGciLCJzbGlkZXNob3ciOiIwMmNjNTEwIn0%3D\" href='https:\/\/unsuisseamallorca.com\/wp-content\/uploads\/2020\/04\/IMG_8304-scaled.jpg'><img decoding=\"async\" width=\"300\" height=\"225\" data-src=\"https:\/\/unsuisseamallorca.com\/wp-content\/uploads\/2020\/04\/IMG_8304-300x225.jpg\" class=\"attachment-medium size-medium lazyload\" alt=\"\" data-srcset=\"https:\/\/unsuisseamallorca.com\/wp-content\/uploads\/2020\/04\/IMG_8304-300x225.jpg 300w, https:\/\/unsuisseamallorca.com\/wp-content\/uploads\/2020\/04\/IMG_8304-1024x768.jpg 1024w, https:\/\/unsuisseamallorca.com\/wp-content\/uploads\/2020\/04\/IMG_8304-768x576.jpg 768w, https:\/\/unsuisseamallorca.com\/wp-content\/uploads\/2020\/04\/IMG_8304-1536x1152.jpg 1536w, https:\/\/unsuisseamallorca.com\/wp-content\/uploads\/2020\/04\/IMG_8304-2048x1536.jpg 2048w, https:\/\/unsuisseamallorca.com\/wp-content\/uploads\/2020\/04\/IMG_8304-scaled.jpg 2560w\" data-sizes=\"(max-width: 300px) 100vw, 300px\" src=\"data:image\/svg+xml;base64,PHN2ZyB3aWR0aD0iMSIgaGVpZ2h0PSIxIiB4bWxucz0iaHR0cDovL3d3dy53My5vcmcvMjAwMC9zdmciPjwvc3ZnPg==\" style=\"--smush-placeholder-width: 300px; --smush-placeholder-aspect-ratio: 300\/225;\" \/><\/a>\n\t\t\t<\/div><\/figure><figure class='gallery-item'>\n\t\t\t<div class='gallery-icon landscape'>\n\t\t\t\t<a data-elementor-open-lightbox=\"yes\" data-elementor-lightbox-slideshow=\"02cc510\" data-elementor-lightbox-title=\"DCIM100MEDIADJI_0698.JPG\" data-e-action-hash=\"#elementor-action%3Aaction%3Dlightbox%26settings%3DeyJpZCI6MjU2MiwidXJsIjoiaHR0cHM6XC9cL3Vuc3Vpc3NlYW1hbGxvcmNhLmNvbVwvd3AtY29udGVudFwvdXBsb2Fkc1wvMjAyMFwvMDRcL0RKSV8wNjk4LXNjYWxlZC5qcGciLCJzbGlkZXNob3ciOiIwMmNjNTEwIn0%3D\" href='https:\/\/unsuisseamallorca.com\/wp-content\/uploads\/2020\/04\/DJI_0698-scaled.jpg'><img decoding=\"async\" width=\"300\" height=\"225\" data-src=\"https:\/\/unsuisseamallorca.com\/wp-content\/uploads\/2020\/04\/DJI_0698-300x225.jpg\" class=\"attachment-medium size-medium lazyload\" alt=\"\" data-srcset=\"https:\/\/unsuisseamallorca.com\/wp-content\/uploads\/2020\/04\/DJI_0698-300x225.jpg 300w, https:\/\/unsuisseamallorca.com\/wp-content\/uploads\/2020\/04\/DJI_0698-1024x768.jpg 1024w, https:\/\/unsuisseamallorca.com\/wp-content\/uploads\/2020\/04\/DJI_0698-768x576.jpg 768w, https:\/\/unsuisseamallorca.com\/wp-content\/uploads\/2020\/04\/DJI_0698-1536x1152.jpg 1536w, https:\/\/unsuisseamallorca.com\/wp-content\/uploads\/2020\/04\/DJI_0698-2048x1536.jpg 2048w, https:\/\/unsuisseamallorca.com\/wp-content\/uploads\/2020\/04\/DJI_0698-scaled.jpg 2560w\" data-sizes=\"(max-width: 300px) 100vw, 300px\" src=\"data:image\/svg+xml;base64,PHN2ZyB3aWR0aD0iMSIgaGVpZ2h0PSIxIiB4bWxucz0iaHR0cDovL3d3dy53My5vcmcvMjAwMC9zdmciPjwvc3ZnPg==\" style=\"--smush-placeholder-width: 300px; --smush-placeholder-aspect-ratio: 300\/225;\" \/><\/a>\n\t\t\t<\/div><\/figure><figure class='gallery-item'>\n\t\t\t<div class='gallery-icon landscape'>\n\t\t\t\t<a data-elementor-open-lightbox=\"yes\" data-elementor-lightbox-slideshow=\"02cc510\" data-elementor-lightbox-title=\"IMG_6081\" data-e-action-hash=\"#elementor-action%3Aaction%3Dlightbox%26settings%3DeyJpZCI6MjU1OSwidXJsIjoiaHR0cHM6XC9cL3Vuc3Vpc3NlYW1hbGxvcmNhLmNvbVwvd3AtY29udGVudFwvdXBsb2Fkc1wvMjAyMFwvMDRcL0lNR182MDgxLXNjYWxlZC5qcGciLCJzbGlkZXNob3ciOiIwMmNjNTEwIn0%3D\" href='https:\/\/unsuisseamallorca.com\/wp-content\/uploads\/2020\/04\/IMG_6081-scaled.jpg'><img decoding=\"async\" width=\"300\" height=\"225\" data-src=\"https:\/\/unsuisseamallorca.com\/wp-content\/uploads\/2020\/04\/IMG_6081-300x225.jpg\" class=\"attachment-medium size-medium lazyload\" alt=\"\" data-srcset=\"https:\/\/unsuisseamallorca.com\/wp-content\/uploads\/2020\/04\/IMG_6081-300x225.jpg 300w, https:\/\/unsuisseamallorca.com\/wp-content\/uploads\/2020\/04\/IMG_6081-1024x768.jpg 1024w, https:\/\/unsuisseamallorca.com\/wp-content\/uploads\/2020\/04\/IMG_6081-768x576.jpg 768w, https:\/\/unsuisseamallorca.com\/wp-content\/uploads\/2020\/04\/IMG_6081-1536x1152.jpg 1536w, https:\/\/unsuisseamallorca.com\/wp-content\/uploads\/2020\/04\/IMG_6081-2048x1536.jpg 2048w, https:\/\/unsuisseamallorca.com\/wp-content\/uploads\/2020\/04\/IMG_6081-scaled.jpg 2560w\" data-sizes=\"(max-width: 300px) 100vw, 300px\" src=\"data:image\/svg+xml;base64,PHN2ZyB3aWR0aD0iMSIgaGVpZ2h0PSIxIiB4bWxucz0iaHR0cDovL3d3dy53My5vcmcvMjAwMC9zdmciPjwvc3ZnPg==\" style=\"--smush-placeholder-width: 300px; --smush-placeholder-aspect-ratio: 300\/225;\" \/><\/a>\n\t\t\t<\/div><\/figure><figure class='gallery-item'>\n\t\t\t<div class='gallery-icon landscape'>\n\t\t\t\t<a data-elementor-open-lightbox=\"yes\" data-elementor-lightbox-slideshow=\"02cc510\" data-elementor-lightbox-title=\"IMG_1317\" data-e-action-hash=\"#elementor-action%3Aaction%3Dlightbox%26settings%3DeyJpZCI6MjU1NCwidXJsIjoiaHR0cHM6XC9cL3Vuc3Vpc3NlYW1hbGxvcmNhLmNvbVwvd3AtY29udGVudFwvdXBsb2Fkc1wvMjAyMFwvMDRcL0lNR18xMzE3LXNjYWxlZC5qcGciLCJzbGlkZXNob3ciOiIwMmNjNTEwIn0%3D\" href='https:\/\/unsuisseamallorca.com\/wp-content\/uploads\/2020\/04\/IMG_1317-scaled.jpg'><img decoding=\"async\" width=\"300\" height=\"200\" data-src=\"https:\/\/unsuisseamallorca.com\/wp-content\/uploads\/2020\/04\/IMG_1317-300x200.jpg\" class=\"attachment-medium size-medium lazyload\" alt=\"\" data-srcset=\"https:\/\/unsuisseamallorca.com\/wp-content\/uploads\/2020\/04\/IMG_1317-300x200.jpg 300w, https:\/\/unsuisseamallorca.com\/wp-content\/uploads\/2020\/04\/IMG_1317-1024x683.jpg 1024w, https:\/\/unsuisseamallorca.com\/wp-content\/uploads\/2020\/04\/IMG_1317-768x512.jpg 768w, https:\/\/unsuisseamallorca.com\/wp-content\/uploads\/2020\/04\/IMG_1317-1536x1024.jpg 1536w, https:\/\/unsuisseamallorca.com\/wp-content\/uploads\/2020\/04\/IMG_1317-2048x1365.jpg 2048w, https:\/\/unsuisseamallorca.com\/wp-content\/uploads\/2020\/04\/IMG_1317-scaled.jpg 2560w\" data-sizes=\"(max-width: 300px) 100vw, 300px\" src=\"data:image\/svg+xml;base64,PHN2ZyB3aWR0aD0iMSIgaGVpZ2h0PSIxIiB4bWxucz0iaHR0cDovL3d3dy53My5vcmcvMjAwMC9zdmciPjwvc3ZnPg==\" style=\"--smush-placeholder-width: 300px; --smush-placeholder-aspect-ratio: 300\/200;\" \/><\/a>\n\t\t\t<\/div><\/figure><figure class='gallery-item'>\n\t\t\t<div class='gallery-icon landscape'>\n\t\t\t\t<a data-elementor-open-lightbox=\"yes\" data-elementor-lightbox-slideshow=\"02cc510\" data-elementor-lightbox-title=\"DSC02153\" data-e-action-hash=\"#elementor-action%3Aaction%3Dlightbox%26settings%3DeyJpZCI6MjU1NywidXJsIjoiaHR0cHM6XC9cL3Vuc3Vpc3NlYW1hbGxvcmNhLmNvbVwvd3AtY29udGVudFwvdXBsb2Fkc1wvMjAyMFwvMDRcL0RTQzAyMTUzLXNjYWxlZC5qcGciLCJzbGlkZXNob3ciOiIwMmNjNTEwIn0%3D\" href='https:\/\/unsuisseamallorca.com\/wp-content\/uploads\/2020\/04\/DSC02153-scaled.jpg'><img decoding=\"async\" width=\"300\" height=\"225\" data-src=\"https:\/\/unsuisseamallorca.com\/wp-content\/uploads\/2020\/04\/DSC02153-300x225.jpg\" class=\"attachment-medium size-medium lazyload\" alt=\"\" data-srcset=\"https:\/\/unsuisseamallorca.com\/wp-content\/uploads\/2020\/04\/DSC02153-300x225.jpg 300w, https:\/\/unsuisseamallorca.com\/wp-content\/uploads\/2020\/04\/DSC02153-1024x768.jpg 1024w, https:\/\/unsuisseamallorca.com\/wp-content\/uploads\/2020\/04\/DSC02153-768x576.jpg 768w, https:\/\/unsuisseamallorca.com\/wp-content\/uploads\/2020\/04\/DSC02153-1536x1152.jpg 1536w, https:\/\/unsuisseamallorca.com\/wp-content\/uploads\/2020\/04\/DSC02153-2048x1536.jpg 2048w, https:\/\/unsuisseamallorca.com\/wp-content\/uploads\/2020\/04\/DSC02153-scaled.jpg 2560w\" data-sizes=\"(max-width: 300px) 100vw, 300px\" src=\"data:image\/svg+xml;base64,PHN2ZyB3aWR0aD0iMSIgaGVpZ2h0PSIxIiB4bWxucz0iaHR0cDovL3d3dy53My5vcmcvMjAwMC9zdmciPjwvc3ZnPg==\" style=\"--smush-placeholder-width: 300px; --smush-placeholder-aspect-ratio: 300\/225;\" \/><\/a>\n\t\t\t<\/div><\/figure><figure class='gallery-item'>\n\t\t\t<div class='gallery-icon landscape'>\n\t\t\t\t<a data-elementor-open-lightbox=\"yes\" data-elementor-lightbox-slideshow=\"02cc510\" data-elementor-lightbox-title=\"DSC02139\" data-e-action-hash=\"#elementor-action%3Aaction%3Dlightbox%26settings%3DeyJpZCI6MjU1NiwidXJsIjoiaHR0cHM6XC9cL3Vuc3Vpc3NlYW1hbGxvcmNhLmNvbVwvd3AtY29udGVudFwvdXBsb2Fkc1wvMjAyMFwvMDRcL0RTQzAyMTM5LXNjYWxlZC5qcGciLCJzbGlkZXNob3ciOiIwMmNjNTEwIn0%3D\" href='https:\/\/unsuisseamallorca.com\/wp-content\/uploads\/2020\/04\/DSC02139-scaled.jpg'><img decoding=\"async\" width=\"300\" height=\"225\" data-src=\"https:\/\/unsuisseamallorca.com\/wp-content\/uploads\/2020\/04\/DSC02139-300x225.jpg\" class=\"attachment-medium size-medium lazyload\" alt=\"\" data-srcset=\"https:\/\/unsuisseamallorca.com\/wp-content\/uploads\/2020\/04\/DSC02139-300x225.jpg 300w, https:\/\/unsuisseamallorca.com\/wp-content\/uploads\/2020\/04\/DSC02139-1024x768.jpg 1024w, https:\/\/unsuisseamallorca.com\/wp-content\/uploads\/2020\/04\/DSC02139-768x576.jpg 768w, https:\/\/unsuisseamallorca.com\/wp-content\/uploads\/2020\/04\/DSC02139-1536x1152.jpg 1536w, https:\/\/unsuisseamallorca.com\/wp-content\/uploads\/2020\/04\/DSC02139-2048x1536.jpg 2048w, https:\/\/unsuisseamallorca.com\/wp-content\/uploads\/2020\/04\/DSC02139-scaled.jpg 2560w\" data-sizes=\"(max-width: 300px) 100vw, 300px\" src=\"data:image\/svg+xml;base64,PHN2ZyB3aWR0aD0iMSIgaGVpZ2h0PSIxIiB4bWxucz0iaHR0cDovL3d3dy53My5vcmcvMjAwMC9zdmciPjwvc3ZnPg==\" style=\"--smush-placeholder-width: 300px; --smush-placeholder-aspect-ratio: 300\/225;\" \/><\/a>\n\t\t\t<\/div><\/figure><figure class='gallery-item'>\n\t\t\t<div class='gallery-icon portrait'>\n\t\t\t\t<a data-elementor-open-lightbox=\"yes\" data-elementor-lightbox-slideshow=\"02cc510\" data-elementor-lightbox-title=\"DSCN3215\" data-e-action-hash=\"#elementor-action%3Aaction%3Dlightbox%26settings%3DeyJpZCI6MjU1OCwidXJsIjoiaHR0cHM6XC9cL3Vuc3Vpc3NlYW1hbGxvcmNhLmNvbVwvd3AtY29udGVudFwvdXBsb2Fkc1wvMjAyMFwvMDRcL0RTQ04zMjE1LXNjYWxlZC5qcGciLCJzbGlkZXNob3ciOiIwMmNjNTEwIn0%3D\" href='https:\/\/unsuisseamallorca.com\/wp-content\/uploads\/2020\/04\/DSCN3215-scaled.jpg'><img decoding=\"async\" width=\"225\" height=\"300\" data-src=\"https:\/\/unsuisseamallorca.com\/wp-content\/uploads\/2020\/04\/DSCN3215-225x300.jpg\" class=\"attachment-medium size-medium lazyload\" alt=\"\" data-srcset=\"https:\/\/unsuisseamallorca.com\/wp-content\/uploads\/2020\/04\/DSCN3215-225x300.jpg 225w, https:\/\/unsuisseamallorca.com\/wp-content\/uploads\/2020\/04\/DSCN3215-768x1024.jpg 768w, https:\/\/unsuisseamallorca.com\/wp-content\/uploads\/2020\/04\/DSCN3215-1152x1536.jpg 1152w, https:\/\/unsuisseamallorca.com\/wp-content\/uploads\/2020\/04\/DSCN3215-1536x2048.jpg 1536w, https:\/\/unsuisseamallorca.com\/wp-content\/uploads\/2020\/04\/DSCN3215-scaled.jpg 1920w\" data-sizes=\"(max-width: 225px) 100vw, 225px\" src=\"data:image\/svg+xml;base64,PHN2ZyB3aWR0aD0iMSIgaGVpZ2h0PSIxIiB4bWxucz0iaHR0cDovL3d3dy53My5vcmcvMjAwMC9zdmciPjwvc3ZnPg==\" style=\"--smush-placeholder-width: 225px; --smush-placeholder-aspect-ratio: 225\/300;\" \/><\/a>\n\t\t\t<\/div><\/figure><figure class='gallery-item'>\n\t\t\t<div class='gallery-icon landscape'>\n\t\t\t\t<a data-elementor-open-lightbox=\"yes\" data-elementor-lightbox-slideshow=\"02cc510\" data-elementor-lightbox-title=\"DSC02138\" data-e-action-hash=\"#elementor-action%3Aaction%3Dlightbox%26settings%3DeyJpZCI6MjU1NSwidXJsIjoiaHR0cHM6XC9cL3Vuc3Vpc3NlYW1hbGxvcmNhLmNvbVwvd3AtY29udGVudFwvdXBsb2Fkc1wvMjAyMFwvMDRcL0RTQzAyMTM4LXNjYWxlZC5qcGciLCJzbGlkZXNob3ciOiIwMmNjNTEwIn0%3D\" href='https:\/\/unsuisseamallorca.com\/wp-content\/uploads\/2020\/04\/DSC02138-scaled.jpg'><img decoding=\"async\" width=\"300\" height=\"225\" data-src=\"https:\/\/unsuisseamallorca.com\/wp-content\/uploads\/2020\/04\/DSC02138-300x225.jpg\" class=\"attachment-medium size-medium lazyload\" alt=\"\" data-srcset=\"https:\/\/unsuisseamallorca.com\/wp-content\/uploads\/2020\/04\/DSC02138-300x225.jpg 300w, https:\/\/unsuisseamallorca.com\/wp-content\/uploads\/2020\/04\/DSC02138-1024x768.jpg 1024w, https:\/\/unsuisseamallorca.com\/wp-content\/uploads\/2020\/04\/DSC02138-768x576.jpg 768w, https:\/\/unsuisseamallorca.com\/wp-content\/uploads\/2020\/04\/DSC02138-1536x1152.jpg 1536w, https:\/\/unsuisseamallorca.com\/wp-content\/uploads\/2020\/04\/DSC02138-2048x1536.jpg 2048w, https:\/\/unsuisseamallorca.com\/wp-content\/uploads\/2020\/04\/DSC02138-scaled.jpg 2560w\" data-sizes=\"(max-width: 300px) 100vw, 300px\" src=\"data:image\/svg+xml;base64,PHN2ZyB3aWR0aD0iMSIgaGVpZ2h0PSIxIiB4bWxucz0iaHR0cDovL3d3dy53My5vcmcvMjAwMC9zdmciPjwvc3ZnPg==\" style=\"--smush-placeholder-width: 300px; --smush-placeholder-aspect-ratio: 300\/225;\" \/><\/a>\n\t\t\t<\/div><\/figure><figure class='gallery-item'>\n\t\t\t<div class='gallery-icon landscape'>\n\t\t\t\t<a data-elementor-open-lightbox=\"yes\" data-elementor-lightbox-slideshow=\"02cc510\" data-elementor-lightbox-title=\"IMG_8881\" data-e-action-hash=\"#elementor-action%3Aaction%3Dlightbox%26settings%3DeyJpZCI6MjU2NCwidXJsIjoiaHR0cHM6XC9cL3Vuc3Vpc3NlYW1hbGxvcmNhLmNvbVwvd3AtY29udGVudFwvdXBsb2Fkc1wvMjAyMFwvMDRcL0lNR184ODgxLXNjYWxlZC5qcGciLCJzbGlkZXNob3ciOiIwMmNjNTEwIn0%3D\" href='https:\/\/unsuisseamallorca.com\/wp-content\/uploads\/2020\/04\/IMG_8881-scaled.jpg'><img decoding=\"async\" width=\"300\" height=\"200\" data-src=\"https:\/\/unsuisseamallorca.com\/wp-content\/uploads\/2020\/04\/IMG_8881-300x200.jpg\" class=\"attachment-medium size-medium lazyload\" alt=\"\" data-srcset=\"https:\/\/unsuisseamallorca.com\/wp-content\/uploads\/2020\/04\/IMG_8881-300x200.jpg 300w, https:\/\/unsuisseamallorca.com\/wp-content\/uploads\/2020\/04\/IMG_8881-1024x683.jpg 1024w, https:\/\/unsuisseamallorca.com\/wp-content\/uploads\/2020\/04\/IMG_8881-768x512.jpg 768w, https:\/\/unsuisseamallorca.com\/wp-content\/uploads\/2020\/04\/IMG_8881-1536x1024.jpg 1536w, https:\/\/unsuisseamallorca.com\/wp-content\/uploads\/2020\/04\/IMG_8881-2048x1365.jpg 2048w, https:\/\/unsuisseamallorca.com\/wp-content\/uploads\/2020\/04\/IMG_8881-scaled.jpg 2560w\" data-sizes=\"(max-width: 300px) 100vw, 300px\" src=\"data:image\/svg+xml;base64,PHN2ZyB3aWR0aD0iMSIgaGVpZ2h0PSIxIiB4bWxucz0iaHR0cDovL3d3dy53My5vcmcvMjAwMC9zdmciPjwvc3ZnPg==\" style=\"--smush-placeholder-width: 300px; --smush-placeholder-aspect-ratio: 300\/200;\" \/><\/a>\n\t\t\t<\/div><\/figure><figure class='gallery-item'>\n\t\t\t<div class='gallery-icon landscape'>\n\t\t\t\t<a data-elementor-open-lightbox=\"yes\" data-elementor-lightbox-slideshow=\"02cc510\" data-elementor-lightbox-title=\"IMG_1081\" data-e-action-hash=\"#elementor-action%3Aaction%3Dlightbox%26settings%3DeyJpZCI6MjU1MywidXJsIjoiaHR0cHM6XC9cL3Vuc3Vpc3NlYW1hbGxvcmNhLmNvbVwvd3AtY29udGVudFwvdXBsb2Fkc1wvMjAyMFwvMDRcL0lNR18xMDgxLXNjYWxlZC5qcGciLCJzbGlkZXNob3ciOiIwMmNjNTEwIn0%3D\" href='https:\/\/unsuisseamallorca.com\/wp-content\/uploads\/2020\/04\/IMG_1081-scaled.jpg'><img decoding=\"async\" width=\"300\" height=\"200\" data-src=\"https:\/\/unsuisseamallorca.com\/wp-content\/uploads\/2020\/04\/IMG_1081-300x200.jpg\" class=\"attachment-medium size-medium lazyload\" alt=\"\" data-srcset=\"https:\/\/unsuisseamallorca.com\/wp-content\/uploads\/2020\/04\/IMG_1081-300x200.jpg 300w, https:\/\/unsuisseamallorca.com\/wp-content\/uploads\/2020\/04\/IMG_1081-1024x683.jpg 1024w, https:\/\/unsuisseamallorca.com\/wp-content\/uploads\/2020\/04\/IMG_1081-768x512.jpg 768w, https:\/\/unsuisseamallorca.com\/wp-content\/uploads\/2020\/04\/IMG_1081-1536x1024.jpg 1536w, https:\/\/unsuisseamallorca.com\/wp-content\/uploads\/2020\/04\/IMG_1081-2048x1365.jpg 2048w, https:\/\/unsuisseamallorca.com\/wp-content\/uploads\/2020\/04\/IMG_1081-scaled.jpg 2560w\" data-sizes=\"(max-width: 300px) 100vw, 300px\" src=\"data:image\/svg+xml;base64,PHN2ZyB3aWR0aD0iMSIgaGVpZ2h0PSIxIiB4bWxucz0iaHR0cDovL3d3dy53My5vcmcvMjAwMC9zdmciPjwvc3ZnPg==\" style=\"--smush-placeholder-width: 300px; --smush-placeholder-aspect-ratio: 300\/200;\" \/><\/a>\n\t\t\t<\/div><\/figure>\n\t\t<\/div>\n\t\t<\/div>\n\t\t\t\t\t\t<\/div>\n\t\t\t\t<\/div>\n\t\t\t\t\t<\/div>\n\t\t<\/div>\n\t\t\t\t\t<\/div>\n\t\t<\/section>\n\t\t\t\t<\/div>\n\t\t","protected":false},"excerpt":{"rendered":"<p>On conna\u00eet la valeur du sel quand il n&rsquo;y en a plus, et celle d&rsquo;un p\u00e8re apr\u00e8s sa mort. C&rsquo;est ici que nous avons trouv\u00e9 notre bonheur, apr\u00e8s de nombreuses recherches et visites qui ne correspondaient pas \u00e0 nos crit\u00e8res. Alors que nous n&rsquo;y croyons plus trop, ce fut Notre Coup de Coeur. Et depuis [&hellip;]<\/p>\n","protected":false},"author":1,"featured_media":0,"parent":0,"menu_order":0,"comment_status":"closed","ping_status":"closed","template":"","meta":{"ocean_post_layout":"","ocean_both_sidebars_style":"","ocean_both_sidebars_content_width":0,"ocean_both_sidebars_sidebars_width":0,"ocean_sidebar":"","ocean_second_sidebar":"","ocean_disable_margins":"enable","ocean_add_body_class":"","ocean_shortcode_before_top_bar":"","ocean_shortcode_after_top_bar":"","ocean_shortcode_before_header":"","ocean_shortcode_after_header":"","ocean_has_shortcode":"","ocean_shortcode_after_title":"","ocean_shortcode_before_footer_widgets":"","ocean_shortcode_after_footer_widgets":"","ocean_shortcode_before_footer_bottom":"","ocean_shortcode_after_footer_bottom":"","ocean_display_top_bar":"default","ocean_display_header":"default","ocean_header_style":"","ocean_center_header_left_menu":"","ocean_custom_header_template":"","ocean_custom_logo":0,"ocean_custom_retina_logo":0,"ocean_custom_logo_max_width":0,"ocean_custom_logo_tablet_max_width":0,"ocean_custom_logo_mobile_max_width":0,"ocean_custom_logo_max_height":0,"ocean_custom_logo_tablet_max_height":0,"ocean_custom_logo_mobile_max_height":0,"ocean_header_custom_menu":"","ocean_menu_typo_font_family":"","ocean_menu_typo_font_subset":"","ocean_menu_typo_font_size":0,"ocean_menu_typo_font_size_tablet":0,"ocean_menu_typo_font_size_mobile":0,"ocean_menu_typo_font_size_unit":"px","ocean_menu_typo_font_weight":"","ocean_menu_typo_font_weight_tablet":"","ocean_menu_typo_font_weight_mobile":"","ocean_menu_typo_transform":"","ocean_menu_typo_transform_tablet":"","ocean_menu_typo_transform_mobile":"","ocean_menu_typo_line_height":0,"ocean_menu_typo_line_height_tablet":0,"ocean_menu_typo_line_height_mobile":0,"ocean_menu_typo_line_height_unit":"","ocean_menu_typo_spacing":0,"ocean_menu_typo_spacing_tablet":0,"ocean_menu_typo_spacing_mobile":0,"ocean_menu_typo_spacing_unit":"","ocean_menu_link_color":"","ocean_menu_link_color_hover":"","ocean_menu_link_color_active":"","ocean_menu_link_background":"","ocean_menu_link_hover_background":"","ocean_menu_link_active_background":"","ocean_menu_social_links_bg":"","ocean_menu_social_hover_links_bg":"","ocean_menu_social_links_color":"","ocean_menu_social_hover_links_color":"","ocean_disable_title":"default","ocean_disable_heading":"default","ocean_post_title":"","ocean_post_subheading":"","ocean_post_title_style":"","ocean_post_title_background_color":"","ocean_post_title_background":0,"ocean_post_title_bg_image_position":"","ocean_post_title_bg_image_attachment":"","ocean_post_title_bg_image_repeat":"","ocean_post_title_bg_image_size":"","ocean_post_title_height":0,"ocean_post_title_bg_overlay":0.5,"ocean_post_title_bg_overlay_color":"","ocean_disable_breadcrumbs":"default","ocean_breadcrumbs_color":"","ocean_breadcrumbs_separator_color":"","ocean_breadcrumbs_links_color":"","ocean_breadcrumbs_links_hover_color":"","ocean_display_footer_widgets":"default","ocean_display_footer_bottom":"default","ocean_custom_footer_template":"","footnotes":""},"class_list":["post-6124","page","type-page","status-publish","hentry","entry"],"yoast_head":"<!-- This site is optimized with the Yoast SEO plugin v26.4 - https:\/\/yoast.com\/wordpress\/plugins\/seo\/ -->\n<title>COLONIA SANT JORDI UN SUISSE A MAJORQUE<\/title>\n<meta name=\"robots\" content=\"index, follow, max-snippet:-1, max-image-preview:large, max-video-preview:-1\" \/>\n<link rel=\"canonical\" href=\"https:\/\/unsuisseamallorca.com\/index.php\/colonia-sant-jordi\/\" \/>\n<meta property=\"og:locale\" content=\"fr_FR\" \/>\n<meta property=\"og:type\" content=\"article\" \/>\n<meta property=\"og:title\" content=\"COLONIA SANT JORDI UN SUISSE A MAJORQUE\" \/>\n<meta property=\"og:description\" content=\"On conna\u00eet la valeur du sel quand il n&rsquo;y en a plus, et celle d&rsquo;un p\u00e8re apr\u00e8s sa mort. C&rsquo;est ici que nous avons trouv\u00e9 notre bonheur, apr\u00e8s de nombreuses recherches et visites qui ne correspondaient pas \u00e0 nos crit\u00e8res. Alors que nous n&rsquo;y croyons plus trop, ce fut Notre Coup de Coeur. Et depuis [&hellip;]\" \/>\n<meta property=\"og:url\" content=\"https:\/\/unsuisseamallorca.com\/index.php\/colonia-sant-jordi\/\" \/>\n<meta property=\"og:site_name\" content=\"UN SUISSE A MAJORQUE\" \/>\n<meta property=\"article:modified_time\" content=\"2021-10-28T13:26:37+00:00\" \/>\n<meta property=\"og:image\" content=\"https:\/\/unsuisseamallorca.com\/wp-content\/uploads\/2020\/10\/IMG_0375-768x576.jpg\" \/>\n<meta name=\"twitter:card\" content=\"summary_large_image\" \/>\n<meta name=\"twitter:label1\" content=\"Dur\u00e9e de lecture estim\u00e9e\" \/>\n\t<meta name=\"twitter:data1\" content=\"16 minutes\" \/>\n<script type=\"application\/ld+json\" class=\"yoast-schema-graph\">{\"@context\":\"https:\/\/schema.org\",\"@graph\":[{\"@type\":\"WebPage\",\"@id\":\"https:\/\/unsuisseamallorca.com\/index.php\/colonia-sant-jordi\/\",\"url\":\"https:\/\/unsuisseamallorca.com\/index.php\/colonia-sant-jordi\/\",\"name\":\"COLONIA SANT JORDI UN SUISSE A MAJORQUE\",\"isPartOf\":{\"@id\":\"https:\/\/unsuisseamallorca.com\/#website\"},\"primaryImageOfPage\":{\"@id\":\"https:\/\/unsuisseamallorca.com\/index.php\/colonia-sant-jordi\/#primaryimage\"},\"image\":{\"@id\":\"https:\/\/unsuisseamallorca.com\/index.php\/colonia-sant-jordi\/#primaryimage\"},\"thumbnailUrl\":\"https:\/\/unsuisseamallorca.com\/wp-content\/uploads\/2020\/10\/IMG_0375-768x576.jpg\",\"datePublished\":\"2020-10-14T07:03:21+00:00\",\"dateModified\":\"2021-10-28T13:26:37+00:00\",\"breadcrumb\":{\"@id\":\"https:\/\/unsuisseamallorca.com\/index.php\/colonia-sant-jordi\/#breadcrumb\"},\"inLanguage\":\"fr-FR\",\"potentialAction\":[{\"@type\":\"ReadAction\",\"target\":[\"https:\/\/unsuisseamallorca.com\/index.php\/colonia-sant-jordi\/\"]}]},{\"@type\":\"ImageObject\",\"inLanguage\":\"fr-FR\",\"@id\":\"https:\/\/unsuisseamallorca.com\/index.php\/colonia-sant-jordi\/#primaryimage\",\"url\":\"https:\/\/unsuisseamallorca.com\/wp-content\/uploads\/2020\/10\/IMG_0375-scaled.jpg\",\"contentUrl\":\"https:\/\/unsuisseamallorca.com\/wp-content\/uploads\/2020\/10\/IMG_0375-scaled.jpg\",\"width\":2560,\"height\":1920},{\"@type\":\"BreadcrumbList\",\"@id\":\"https:\/\/unsuisseamallorca.com\/index.php\/colonia-sant-jordi\/#breadcrumb\",\"itemListElement\":[{\"@type\":\"ListItem\",\"position\":1,\"name\":\"Accueil\",\"item\":\"https:\/\/unsuisseamallorca.com\/\"},{\"@type\":\"ListItem\",\"position\":2,\"name\":\"COLONIA SANT JORDI\"}]},{\"@type\":\"WebSite\",\"@id\":\"https:\/\/unsuisseamallorca.com\/#website\",\"url\":\"https:\/\/unsuisseamallorca.com\/\",\"name\":\"UN SUISSE A MAJORQUE\",\"description\":\"Le voyageur voit ce qu&#039;il voit, le touriste voit ce qu&#039;il est venu voir !\",\"potentialAction\":[{\"@type\":\"SearchAction\",\"target\":{\"@type\":\"EntryPoint\",\"urlTemplate\":\"https:\/\/unsuisseamallorca.com\/?s={search_term_string}\"},\"query-input\":{\"@type\":\"PropertyValueSpecification\",\"valueRequired\":true,\"valueName\":\"search_term_string\"}}],\"inLanguage\":\"fr-FR\"}]}<\/script>\n<!-- \/ Yoast SEO plugin. -->","yoast_head_json":{"title":"COLONIA SANT JORDI UN SUISSE A MAJORQUE","robots":{"index":"index","follow":"follow","max-snippet":"max-snippet:-1","max-image-preview":"max-image-preview:large","max-video-preview":"max-video-preview:-1"},"canonical":"https:\/\/unsuisseamallorca.com\/index.php\/colonia-sant-jordi\/","og_locale":"fr_FR","og_type":"article","og_title":"COLONIA SANT JORDI UN SUISSE A MAJORQUE","og_description":"On conna\u00eet la valeur du sel quand il n&rsquo;y en a plus, et celle d&rsquo;un p\u00e8re apr\u00e8s sa mort. C&rsquo;est ici que nous avons trouv\u00e9 notre bonheur, apr\u00e8s de nombreuses recherches et visites qui ne correspondaient pas \u00e0 nos crit\u00e8res. Alors que nous n&rsquo;y croyons plus trop, ce fut Notre Coup de Coeur. Et depuis [&hellip;]","og_url":"https:\/\/unsuisseamallorca.com\/index.php\/colonia-sant-jordi\/","og_site_name":"UN SUISSE A MAJORQUE","article_modified_time":"2021-10-28T13:26:37+00:00","og_image":[{"url":"https:\/\/unsuisseamallorca.com\/wp-content\/uploads\/2020\/10\/IMG_0375-768x576.jpg","type":"","width":"","height":""}],"twitter_card":"summary_large_image","twitter_misc":{"Dur\u00e9e de lecture estim\u00e9e":"16 minutes"},"schema":{"@context":"https:\/\/schema.org","@graph":[{"@type":"WebPage","@id":"https:\/\/unsuisseamallorca.com\/index.php\/colonia-sant-jordi\/","url":"https:\/\/unsuisseamallorca.com\/index.php\/colonia-sant-jordi\/","name":"COLONIA SANT JORDI UN SUISSE A MAJORQUE","isPartOf":{"@id":"https:\/\/unsuisseamallorca.com\/#website"},"primaryImageOfPage":{"@id":"https:\/\/unsuisseamallorca.com\/index.php\/colonia-sant-jordi\/#primaryimage"},"image":{"@id":"https:\/\/unsuisseamallorca.com\/index.php\/colonia-sant-jordi\/#primaryimage"},"thumbnailUrl":"https:\/\/unsuisseamallorca.com\/wp-content\/uploads\/2020\/10\/IMG_0375-768x576.jpg","datePublished":"2020-10-14T07:03:21+00:00","dateModified":"2021-10-28T13:26:37+00:00","breadcrumb":{"@id":"https:\/\/unsuisseamallorca.com\/index.php\/colonia-sant-jordi\/#breadcrumb"},"inLanguage":"fr-FR","potentialAction":[{"@type":"ReadAction","target":["https:\/\/unsuisseamallorca.com\/index.php\/colonia-sant-jordi\/"]}]},{"@type":"ImageObject","inLanguage":"fr-FR","@id":"https:\/\/unsuisseamallorca.com\/index.php\/colonia-sant-jordi\/#primaryimage","url":"https:\/\/unsuisseamallorca.com\/wp-content\/uploads\/2020\/10\/IMG_0375-scaled.jpg","contentUrl":"https:\/\/unsuisseamallorca.com\/wp-content\/uploads\/2020\/10\/IMG_0375-scaled.jpg","width":2560,"height":1920},{"@type":"BreadcrumbList","@id":"https:\/\/unsuisseamallorca.com\/index.php\/colonia-sant-jordi\/#breadcrumb","itemListElement":[{"@type":"ListItem","position":1,"name":"Accueil","item":"https:\/\/unsuisseamallorca.com\/"},{"@type":"ListItem","position":2,"name":"COLONIA SANT JORDI"}]},{"@type":"WebSite","@id":"https:\/\/unsuisseamallorca.com\/#website","url":"https:\/\/unsuisseamallorca.com\/","name":"UN SUISSE A MAJORQUE","description":"Le voyageur voit ce qu&#039;il voit, le touriste voit ce qu&#039;il est venu voir !","potentialAction":[{"@type":"SearchAction","target":{"@type":"EntryPoint","urlTemplate":"https:\/\/unsuisseamallorca.com\/?s={search_term_string}"},"query-input":{"@type":"PropertyValueSpecification","valueRequired":true,"valueName":"search_term_string"}}],"inLanguage":"fr-FR"}]}},"_links":{"self":[{"href":"https:\/\/unsuisseamallorca.com\/index.php\/wp-json\/wp\/v2\/pages\/6124","targetHints":{"allow":["GET"]}}],"collection":[{"href":"https:\/\/unsuisseamallorca.com\/index.php\/wp-json\/wp\/v2\/pages"}],"about":[{"href":"https:\/\/unsuisseamallorca.com\/index.php\/wp-json\/wp\/v2\/types\/page"}],"author":[{"embeddable":true,"href":"https:\/\/unsuisseamallorca.com\/index.php\/wp-json\/wp\/v2\/users\/1"}],"replies":[{"embeddable":true,"href":"https:\/\/unsuisseamallorca.com\/index.php\/wp-json\/wp\/v2\/comments?post=6124"}],"version-history":[{"count":202,"href":"https:\/\/unsuisseamallorca.com\/index.php\/wp-json\/wp\/v2\/pages\/6124\/revisions"}],"predecessor-version":[{"id":9025,"href":"https:\/\/unsuisseamallorca.com\/index.php\/wp-json\/wp\/v2\/pages\/6124\/revisions\/9025"}],"wp:attachment":[{"href":"https:\/\/unsuisseamallorca.com\/index.php\/wp-json\/wp\/v2\/media?parent=6124"}],"curies":[{"name":"wp","href":"https:\/\/api.w.org\/{rel}","templated":true}]}}