{"id":5366,"date":"2020-07-28T15:13:31","date_gmt":"2020-07-28T13:13:31","guid":{"rendered":"https:\/\/unsuisseamallorca.com\/?page_id=5366"},"modified":"2020-07-28T15:13:47","modified_gmt":"2020-07-28T13:13:47","slug":"les-randonnees-dans-le-raiguer-2","status":"publish","type":"page","link":"https:\/\/unsuisseamallorca.com\/index.php\/les-randonnees-dans-le-raiguer-2\/","title":{"rendered":"LES RANDONNEES DANS LE RAIGUER"},"content":{"rendered":"\t\t<div data-elementor-type=\"wp-post\" data-elementor-id=\"5366\" class=\"elementor elementor-5366\" data-elementor-post-type=\"page\">\n\t\t\t\t\t\t<section class=\"elementor-section elementor-top-section elementor-element elementor-element-e9f9c3e elementor-section-boxed elementor-section-height-default elementor-section-height-default\" data-id=\"e9f9c3e\" data-element_type=\"section\" data-settings=\"{&quot;background_background&quot;:&quot;gradient&quot;,&quot;shape_divider_bottom&quot;:&quot;waves&quot;}\">\n\t\t\t\t\t\t\t<div class=\"elementor-background-overlay\"><\/div>\n\t\t\t\t\t\t<div class=\"elementor-shape elementor-shape-bottom\" aria-hidden=\"true\" data-negative=\"false\">\n\t\t\t<svg xmlns=\"http:\/\/www.w3.org\/2000\/svg\" viewBox=\"0 0 1000 100\" preserveAspectRatio=\"none\">\n\t<path class=\"elementor-shape-fill\" d=\"M421.9,6.5c22.6-2.5,51.5,0.4,75.5,5.3c23.6,4.9,70.9,23.5,100.5,35.7c75.8,32.2,133.7,44.5,192.6,49.7\n\tc23.6,2.1,48.7,3.5,103.4-2.5c54.7-6,106.2-25.6,106.2-25.6V0H0v30.3c0,0,72,32.6,158.4,30.5c39.2-0.7,92.8-6.7,134-22.4\n\tc21.2-8.1,52.2-18.2,79.7-24.2C399.3,7.9,411.6,7.5,421.9,6.5z\"\/>\n<\/svg>\t\t<\/div>\n\t\t\t\t\t<div class=\"elementor-container elementor-column-gap-default\">\n\t\t\t\t\t<div class=\"elementor-column elementor-col-100 elementor-top-column elementor-element elementor-element-285b9e6e\" data-id=\"285b9e6e\" data-element_type=\"column\">\n\t\t\t<div class=\"elementor-widget-wrap elementor-element-populated\">\n\t\t\t\t\t\t<div class=\"elementor-element elementor-element-6d2f2764 elementor-widget elementor-widget-heading\" data-id=\"6d2f2764\" data-element_type=\"widget\" data-widget_type=\"heading.default\">\n\t\t\t\t<div class=\"elementor-widget-container\">\n\t\t\t\t\t<h3 class=\"elementor-heading-title elementor-size-default\">SERRA TRAMUNTANA : CANDIDATE AU PATRIMOINE MONDIALE DE L\u2019UNESCO<\/h3>\t\t\t\t<\/div>\n\t\t\t\t<\/div>\n\t\t\t\t<div class=\"elementor-element elementor-element-4e83e4c4 elementor-widget__width-initial elementor-fixed elementor-widget elementor-widget-button\" data-id=\"4e83e4c4\" data-element_type=\"widget\" data-settings=\"{&quot;_position&quot;:&quot;fixed&quot;}\" data-widget_type=\"button.default\">\n\t\t\t\t<div class=\"elementor-widget-container\">\n\t\t\t\t\t\t\t\t\t<div class=\"elementor-button-wrapper\">\n\t\t\t\t\t<a class=\"elementor-button elementor-button-link elementor-size-md\" href=\"#\">\n\t\t\t\t\t\t<span class=\"elementor-button-content-wrapper\">\n\t\t\t\t\t\t<span class=\"elementor-button-icon\">\n\t\t\t\t<i aria-hidden=\"true\" class=\"fas fa-envelope\"><\/i>\t\t\t<\/span>\n\t\t\t\t\t\t\t\t<\/span>\n\t\t\t\t\t<\/a>\n\t\t\t\t<\/div>\n\t\t\t\t\t\t\t\t<\/div>\n\t\t\t\t<\/div>\n\t\t\t\t\t<\/div>\n\t\t<\/div>\n\t\t\t\t\t<\/div>\n\t\t<\/section>\n\t\t\t\t<section class=\"elementor-section elementor-top-section elementor-element elementor-element-6a405b78 elementor-section-content-middle elementor-section-boxed elementor-section-height-default elementor-section-height-default\" data-id=\"6a405b78\" data-element_type=\"section\">\n\t\t\t\t\t\t<div class=\"elementor-container elementor-column-gap-no\">\n\t\t\t\t\t<div class=\"elementor-column elementor-col-100 elementor-top-column elementor-element elementor-element-28d1924d\" data-id=\"28d1924d\" data-element_type=\"column\">\n\t\t\t<div class=\"elementor-widget-wrap elementor-element-populated\">\n\t\t\t\t\t\t<div class=\"elementor-element elementor-element-180d040a elementor-widget elementor-widget-heading\" data-id=\"180d040a\" data-element_type=\"widget\" data-widget_type=\"heading.default\">\n\t\t\t\t<div class=\"elementor-widget-container\">\n\t\t\t\t\t<h3 class=\"elementor-heading-title elementor-size-default\">Quand on marche seul on va vite, mais quand on marche \u00e0 deux on va plus loin<\/h3>\t\t\t\t<\/div>\n\t\t\t\t<\/div>\n\t\t\t\t\t<\/div>\n\t\t<\/div>\n\t\t\t\t\t<\/div>\n\t\t<\/section>\n\t\t\t\t<section class=\"elementor-section elementor-top-section elementor-element elementor-element-6ba8a278 elementor-section-height-min-height elementor-section-boxed elementor-section-height-default elementor-section-items-middle\" data-id=\"6ba8a278\" data-element_type=\"section\" data-settings=\"{&quot;background_background&quot;:&quot;classic&quot;,&quot;shape_divider_bottom&quot;:&quot;arrow&quot;,&quot;shape_divider_bottom_negative&quot;:&quot;yes&quot;}\">\n\t\t\t\t\t\t\t<div class=\"elementor-background-overlay\"><\/div>\n\t\t\t\t\t\t<div class=\"elementor-shape elementor-shape-bottom\" aria-hidden=\"true\" data-negative=\"true\">\n\t\t\t<svg xmlns=\"http:\/\/www.w3.org\/2000\/svg\" viewBox=\"0 0 700 10\" preserveAspectRatio=\"none\">\n\t<path class=\"elementor-shape-fill\" d=\"M360 0L350 9.9 340 0 0 0 0 10 700 10 700 0\"\/>\n<\/svg>\t\t<\/div>\n\t\t\t\t\t<div class=\"elementor-container elementor-column-gap-default\">\n\t\t\t\t\t<div class=\"elementor-column elementor-col-100 elementor-top-column elementor-element elementor-element-3f748f8\" data-id=\"3f748f8\" data-element_type=\"column\">\n\t\t\t<div class=\"elementor-widget-wrap\">\n\t\t\t\t\t\t\t<\/div>\n\t\t<\/div>\n\t\t\t\t\t<\/div>\n\t\t<\/section>\n\t\t\t\t<section class=\"elementor-section elementor-top-section elementor-element elementor-element-63d7b039 elementor-section-boxed elementor-section-height-default elementor-section-height-default\" data-id=\"63d7b039\" data-element_type=\"section\">\n\t\t\t\t\t\t<div class=\"elementor-container elementor-column-gap-default\">\n\t\t\t\t\t<div class=\"elementor-column elementor-col-100 elementor-top-column elementor-element elementor-element-13d43fdf\" data-id=\"13d43fdf\" data-element_type=\"column\">\n\t\t\t<div class=\"elementor-widget-wrap elementor-element-populated\">\n\t\t\t\t\t\t<div class=\"elementor-element elementor-element-346b3a8f elementor-widget elementor-widget-text-editor\" data-id=\"346b3a8f\" data-element_type=\"widget\" data-widget_type=\"text-editor.default\">\n\t\t\t\t<div class=\"elementor-widget-container\">\n\t\t\t\t\t\t\t\t\t<p>Le <strong>GR221<\/strong> est appel\u00e9 route de la pierre s\u00e8che (Ruta de la pedra en sec en majorquin) en raison du grand nombre de constructions r\u00e9alis\u00e9es avec cette m\u00e9thode ancestrale qui le jalonnent, des pierres taill\u00e9es \u00e0 la main qui s\u2019emboitent et forment un dessin harmonieux sans jamais utiliser de liant. D\u2019une longueur d\u2019environ 183 km, le GR221 traverse du Nord au Sud la Serra de Tramuntana, le massif montagneux de l\u2019Ouest de Majorque, inscrit depuis 2011 au Patrimoine mondial de l\u2019Unesco. Profitant des anciens sentiers qui longent les plus hauts sommets de la Serra Tramuntana, cet itin\u00e9raire a \u00e9t\u00e9 balis\u00e9 selon les normes officielles et, est ainsi devenu un v\u00e9ritable sentier de grande randonn\u00e9e de plus en plus pris\u00e9.<\/p>\t\t\t\t\t\t\t\t<\/div>\n\t\t\t\t<\/div>\n\t\t\t\t\t<\/div>\n\t\t<\/div>\n\t\t\t\t\t<\/div>\n\t\t<\/section>\n\t\t\t\t<section class=\"elementor-section elementor-top-section elementor-element elementor-element-696727e elementor-section-boxed elementor-section-height-default elementor-section-height-default\" data-id=\"696727e\" data-element_type=\"section\">\n\t\t\t\t\t\t<div class=\"elementor-container elementor-column-gap-default\">\n\t\t\t\t\t<div class=\"elementor-column elementor-col-100 elementor-top-column elementor-element elementor-element-d8fb9d9\" data-id=\"d8fb9d9\" data-element_type=\"column\">\n\t\t\t<div class=\"elementor-widget-wrap elementor-element-populated\">\n\t\t\t\t\t\t<div class=\"elementor-element elementor-element-616869b elementor-widget elementor-widget-text-editor\" data-id=\"616869b\" data-element_type=\"widget\" data-widget_type=\"text-editor.default\">\n\t\t\t\t<div class=\"elementor-widget-container\">\n\t\t\t\t\t\t\t\t\t<p><strong>Le circuit officiel part d\u2019Andratx au sud pour relier Pollen\u00e7a au nord (<span style=\"display: inline !important; float: none; background-color: #ffffff; color: #333333; cursor: text; font-family: Georgia,'Times New Roman','Bitstream Charter',Times,serif; font-size: 16px; font-style: normal; font-variant: normal; font-weight: 400; letter-spacing: normal; orphans: 2; text-align: left; text-decoration: none; text-indent: 0px; text-transform: none; -webkit-text-stroke-width: 0px; white-space: normal; word-spacing: 0px;\">en passant par les villages de Calvi\u00e0, Estellencs, Banyalbufar, Esporles, Valldemossa, Dei\u00e0, S\u00f3ller et Escorca)<\/span>. Il se divise en 8 \u00e9tapes qui permettent de passer la nuit soit dans une auberge de montagne soit dans un h\u00f4tel plus confortable au sein d\u2019un village. Des services de bus (TIB) permettent de faire le GR221 en plusieurs excursions plus courtes.<\/strong><\/p>\t\t\t\t\t\t\t\t<\/div>\n\t\t\t\t<\/div>\n\t\t\t\t\t<\/div>\n\t\t<\/div>\n\t\t\t\t\t<\/div>\n\t\t<\/section>\n\t\t\t\t<section class=\"elementor-section elementor-top-section elementor-element elementor-element-cafdab3 elementor-section-content-middle elementor-reverse-mobile elementor-section-boxed elementor-section-height-default elementor-section-height-default\" data-id=\"cafdab3\" data-element_type=\"section\">\n\t\t\t\t\t\t<div class=\"elementor-container elementor-column-gap-default\">\n\t\t\t\t\t<div class=\"elementor-column elementor-col-50 elementor-top-column elementor-element elementor-element-2e36939b\" data-id=\"2e36939b\" data-element_type=\"column\">\n\t\t\t<div class=\"elementor-widget-wrap elementor-element-populated\">\n\t\t\t\t\t\t<div class=\"elementor-element elementor-element-7d11735a elementor-widget elementor-widget-heading\" data-id=\"7d11735a\" data-element_type=\"widget\" data-widget_type=\"heading.default\">\n\t\t\t\t<div class=\"elementor-widget-container\">\n\t\t\t\t\t<h3 class=\"elementor-heading-title elementor-size-default\">Etape 1: Port Andratx \u00e0 La Trapa<\/h3>\t\t\t\t<\/div>\n\t\t\t\t<\/div>\n\t\t\t\t<div class=\"elementor-element elementor-element-5150a8b3 elementor-widget elementor-widget-text-editor\" data-id=\"5150a8b3\" data-element_type=\"widget\" data-widget_type=\"text-editor.default\">\n\t\t\t\t<div class=\"elementor-widget-container\">\n\t\t\t\t\t\t\t\t\t<p><span tabindex=\"-1\" title=\"\" contenteditable=\"false\">Dur\u00e9e: 3h 45min<\/span>, 18 km<br \/><span title=\"\">D\u00e9nivel\u00e9: \u2191 600 m, \u2193 330 m<\/span><br \/><span title=\"\">Difficult\u00e9: moyenne<\/span><br \/><span title=\"\">Signal\u00e9 uniquement avec des rep\u00e8res et des marques de peinture. <\/span><span title=\"\">La route ne pr\u00e9sente aucun probl\u00e8me de passage.<\/span> <span title=\"\">\u00c0 La Trapa, les b\u00e2timents du monast\u00e8re doivent \u00eatre restaur\u00e9s pour devenir un refuge de montagne.\u00a0<\/span><\/p>\t\t\t\t\t\t\t\t<\/div>\n\t\t\t\t<\/div>\n\t\t\t\t<div class=\"elementor-element elementor-element-e94354d elementor-align-left elementor-mobile-align-center elementor-widget elementor-widget-button\" data-id=\"e94354d\" data-element_type=\"widget\" data-widget_type=\"button.default\">\n\t\t\t\t<div class=\"elementor-widget-container\">\n\t\t\t\t\t\t\t\t\t<div class=\"elementor-button-wrapper\">\n\t\t\t\t\t<a class=\"elementor-button elementor-button-link elementor-size-md\" href=\"https:\/\/unsuisseamallorca.com\/index.php\/andraxt-a-la-trapa\/\" target=\"_blank\">\n\t\t\t\t\t\t<span class=\"elementor-button-content-wrapper\">\n\t\t\t\t\t\t<span class=\"elementor-button-icon\">\n\t\t\t\t<i aria-hidden=\"true\" class=\"fas fa-angle-double-right\"><\/i>\t\t\t<\/span>\n\t\t\t\t\t\t\t\t\t<span class=\"elementor-button-text\">En savoir Plus<\/span>\n\t\t\t\t\t<\/span>\n\t\t\t\t\t<\/a>\n\t\t\t\t<\/div>\n\t\t\t\t\t\t\t\t<\/div>\n\t\t\t\t<\/div>\n\t\t\t\t\t<\/div>\n\t\t<\/div>\n\t\t\t\t<div class=\"elementor-column elementor-col-50 elementor-top-column elementor-element elementor-element-3bdfeea8\" data-id=\"3bdfeea8\" data-element_type=\"column\">\n\t\t\t<div class=\"elementor-widget-wrap elementor-element-populated\">\n\t\t\t\t\t\t<div class=\"elementor-element elementor-element-7a987f00 elementor-widget elementor-widget-image\" data-id=\"7a987f00\" data-element_type=\"widget\" data-widget_type=\"image.default\">\n\t\t\t\t<div class=\"elementor-widget-container\">\n\t\t\t\t\t\t\t\t\t\t\t\t\t\t\t<img fetchpriority=\"high\" decoding=\"async\" width=\"300\" height=\"225\" src=\"https:\/\/unsuisseamallorca.com\/wp-content\/uploads\/2020\/05\/etapa201-pas20vermell-300x225.jpg\" class=\"attachment-medium size-medium wp-image-2924\" alt=\"\" srcset=\"https:\/\/unsuisseamallorca.com\/wp-content\/uploads\/2020\/05\/etapa201-pas20vermell-300x225.jpg 300w, https:\/\/unsuisseamallorca.com\/wp-content\/uploads\/2020\/05\/etapa201-pas20vermell.jpg 450w\" sizes=\"(max-width: 300px) 100vw, 300px\" \/>\t\t\t\t\t\t\t\t\t\t\t\t\t\t\t<\/div>\n\t\t\t\t<\/div>\n\t\t\t\t\t<\/div>\n\t\t<\/div>\n\t\t\t\t\t<\/div>\n\t\t<\/section>\n\t\t\t\t<section class=\"elementor-section elementor-top-section elementor-element elementor-element-513003ac elementor-section-content-middle elementor-section-boxed elementor-section-height-default elementor-section-height-default\" data-id=\"513003ac\" data-element_type=\"section\">\n\t\t\t\t\t\t<div class=\"elementor-container elementor-column-gap-default\">\n\t\t\t\t\t<div class=\"elementor-column elementor-col-50 elementor-top-column elementor-element elementor-element-109200a2\" data-id=\"109200a2\" data-element_type=\"column\">\n\t\t\t<div class=\"elementor-widget-wrap elementor-element-populated\">\n\t\t\t\t\t\t<div class=\"elementor-element elementor-element-77909b3a elementor-widget elementor-widget-image\" data-id=\"77909b3a\" data-element_type=\"widget\" data-widget_type=\"image.default\">\n\t\t\t\t<div class=\"elementor-widget-container\">\n\t\t\t\t\t\t\t\t\t\t\t\t\t\t\t<img decoding=\"async\" width=\"320\" height=\"240\" data-src=\"https:\/\/unsuisseamallorca.com\/wp-content\/uploads\/2020\/05\/etapa201-trapa2.jpg\" class=\"attachment-full size-full wp-image-2926 lazyload\" alt=\"\" data-srcset=\"https:\/\/unsuisseamallorca.com\/wp-content\/uploads\/2020\/05\/etapa201-trapa2.jpg 320w, https:\/\/unsuisseamallorca.com\/wp-content\/uploads\/2020\/05\/etapa201-trapa2-300x225.jpg 300w\" data-sizes=\"(max-width: 320px) 100vw, 320px\" src=\"data:image\/svg+xml;base64,PHN2ZyB3aWR0aD0iMSIgaGVpZ2h0PSIxIiB4bWxucz0iaHR0cDovL3d3dy53My5vcmcvMjAwMC9zdmciPjwvc3ZnPg==\" style=\"--smush-placeholder-width: 320px; --smush-placeholder-aspect-ratio: 320\/240;\" \/>\t\t\t\t\t\t\t\t\t\t\t\t\t\t\t<\/div>\n\t\t\t\t<\/div>\n\t\t\t\t\t<\/div>\n\t\t<\/div>\n\t\t\t\t<div class=\"elementor-column elementor-col-50 elementor-top-column elementor-element elementor-element-15c1a90f\" data-id=\"15c1a90f\" data-element_type=\"column\">\n\t\t\t<div class=\"elementor-widget-wrap elementor-element-populated\">\n\t\t\t\t\t\t<div class=\"elementor-element elementor-element-53c0d86e elementor-widget elementor-widget-heading\" data-id=\"53c0d86e\" data-element_type=\"widget\" data-widget_type=\"heading.default\">\n\t\t\t\t<div class=\"elementor-widget-container\">\n\t\t\t\t\t<h3 class=\"elementor-heading-title elementor-size-default\">Etape 2: De La Trapa \u00e0 Estellencs<\/h3>\t\t\t\t<\/div>\n\t\t\t\t<\/div>\n\t\t\t\t<div class=\"elementor-element elementor-element-315e8668 elementor-widget elementor-widget-text-editor\" data-id=\"315e8668\" data-element_type=\"widget\" data-widget_type=\"text-editor.default\">\n\t\t\t\t<div class=\"elementor-widget-container\">\n\t\t\t\t\t\t\t\t\t<p><span title=\"\">Dur\u00e9e: 7h 15min<\/span><br \/><span title=\"\">D\u00e9nivel\u00e9: \u2191 800 m, \u2193 920 m<\/span><br \/><span title=\"\">Difficult\u00e9: moyenne-\u00e9lev\u00e9e<\/span><br \/><span title=\"\">Signal\u00e9 uniquement avec des rep\u00e8res et des marques de peinture. <\/span><span title=\"\">Le chemin ne pr\u00e9sente aucun probl\u00e8me de passage, mais l&rsquo;orientation est compliqu\u00e9e. <\/span><span title=\"\">En chemin, nous trouvons le refuge priv\u00e9 de Ses Fontanelles et le refuge de La Coma d&rsquo;en Vidal.<\/span><\/p>\t\t\t\t\t\t\t\t<\/div>\n\t\t\t\t<\/div>\n\t\t\t\t<div class=\"elementor-element elementor-element-397d413d elementor-align-left elementor-mobile-align-center elementor-widget elementor-widget-button\" data-id=\"397d413d\" data-element_type=\"widget\" data-widget_type=\"button.default\">\n\t\t\t\t<div class=\"elementor-widget-container\">\n\t\t\t\t\t\t\t\t\t<div class=\"elementor-button-wrapper\">\n\t\t\t\t\t<a class=\"elementor-button elementor-button-link elementor-size-md\" href=\"https:\/\/unsuisseamallorca.com\/index.php\/la-trapa-a-estellencs\/\" target=\"_blank\">\n\t\t\t\t\t\t<span class=\"elementor-button-content-wrapper\">\n\t\t\t\t\t\t<span class=\"elementor-button-icon\">\n\t\t\t\t<i aria-hidden=\"true\" class=\"fas fa-angle-double-right\"><\/i>\t\t\t<\/span>\n\t\t\t\t\t\t\t\t\t<span class=\"elementor-button-text\">En savoir plus<\/span>\n\t\t\t\t\t<\/span>\n\t\t\t\t\t<\/a>\n\t\t\t\t<\/div>\n\t\t\t\t\t\t\t\t<\/div>\n\t\t\t\t<\/div>\n\t\t\t\t\t<\/div>\n\t\t<\/div>\n\t\t\t\t\t<\/div>\n\t\t<\/section>\n\t\t\t\t<section class=\"elementor-section elementor-top-section elementor-element elementor-element-7b6d4ad elementor-section-content-middle elementor-reverse-mobile elementor-section-boxed elementor-section-height-default elementor-section-height-default\" data-id=\"7b6d4ad\" data-element_type=\"section\">\n\t\t\t\t\t\t<div class=\"elementor-container elementor-column-gap-default\">\n\t\t\t\t\t<div class=\"elementor-column elementor-col-50 elementor-top-column elementor-element elementor-element-623a8c3\" data-id=\"623a8c3\" data-element_type=\"column\">\n\t\t\t<div class=\"elementor-widget-wrap elementor-element-populated\">\n\t\t\t\t\t\t<div class=\"elementor-element elementor-element-aa92587 elementor-widget elementor-widget-heading\" data-id=\"aa92587\" data-element_type=\"widget\" data-widget_type=\"heading.default\">\n\t\t\t\t<div class=\"elementor-widget-container\">\n\t\t\t\t\t<h3 class=\"elementor-heading-title elementor-size-default\">Etape 3: De Estellencs \u00e0 Esporles<\/h3>\t\t\t\t<\/div>\n\t\t\t\t<\/div>\n\t\t\t\t<div class=\"elementor-element elementor-element-2ae53d7 elementor-widget elementor-widget-text-editor\" data-id=\"2ae53d7\" data-element_type=\"widget\" data-widget_type=\"text-editor.default\">\n\t\t\t\t<div class=\"elementor-widget-container\">\n\t\t\t\t\t\t\t\t\t<p><span title=\"\">Dur\u00e9e: 5h<\/span><br \/><span title=\"\">D\u00e9nivel\u00e9: \u2191 500 m, \u2193 450 m<\/span><br \/><span title=\"\">Difficult\u00e9: moyenne-basse<\/span><br \/><span title=\"\">Balis\u00e9<\/span><\/p>\t\t\t\t\t\t\t\t<\/div>\n\t\t\t\t<\/div>\n\t\t\t\t<div class=\"elementor-element elementor-element-c374f72 elementor-align-left elementor-mobile-align-center elementor-widget elementor-widget-button\" data-id=\"c374f72\" data-element_type=\"widget\" data-widget_type=\"button.default\">\n\t\t\t\t<div class=\"elementor-widget-container\">\n\t\t\t\t\t\t\t\t\t<div class=\"elementor-button-wrapper\">\n\t\t\t\t\t<a class=\"elementor-button elementor-button-link elementor-size-md\" href=\"https:\/\/unsuisseamallorca.com\/index.php\/estellencs-a-esporles\/\" target=\"_blank\">\n\t\t\t\t\t\t<span class=\"elementor-button-content-wrapper\">\n\t\t\t\t\t\t<span class=\"elementor-button-icon\">\n\t\t\t\t<i aria-hidden=\"true\" class=\"fas fa-angle-double-right\"><\/i>\t\t\t<\/span>\n\t\t\t\t\t\t\t\t\t<span class=\"elementor-button-text\">En savoir Plus<\/span>\n\t\t\t\t\t<\/span>\n\t\t\t\t\t<\/a>\n\t\t\t\t<\/div>\n\t\t\t\t\t\t\t\t<\/div>\n\t\t\t\t<\/div>\n\t\t\t\t\t<\/div>\n\t\t<\/div>\n\t\t\t\t<div class=\"elementor-column elementor-col-50 elementor-top-column elementor-element elementor-element-5493e89\" data-id=\"5493e89\" data-element_type=\"column\">\n\t\t\t<div class=\"elementor-widget-wrap elementor-element-populated\">\n\t\t\t\t\t\t<div class=\"elementor-element elementor-element-eaa62fa elementor-widget elementor-widget-image\" data-id=\"eaa62fa\" data-element_type=\"widget\" data-widget_type=\"image.default\">\n\t\t\t\t<div class=\"elementor-widget-container\">\n\t\t\t\t\t\t\t\t\t\t\t\t\t\t\t<img decoding=\"async\" width=\"320\" height=\"240\" data-src=\"https:\/\/unsuisseamallorca.com\/wp-content\/uploads\/2020\/05\/etapa202-esclop10.jpg\" class=\"attachment-full size-full wp-image-2927 lazyload\" alt=\"\" data-srcset=\"https:\/\/unsuisseamallorca.com\/wp-content\/uploads\/2020\/05\/etapa202-esclop10.jpg 320w, https:\/\/unsuisseamallorca.com\/wp-content\/uploads\/2020\/05\/etapa202-esclop10-300x225.jpg 300w\" data-sizes=\"(max-width: 320px) 100vw, 320px\" src=\"data:image\/svg+xml;base64,PHN2ZyB3aWR0aD0iMSIgaGVpZ2h0PSIxIiB4bWxucz0iaHR0cDovL3d3dy53My5vcmcvMjAwMC9zdmciPjwvc3ZnPg==\" style=\"--smush-placeholder-width: 320px; --smush-placeholder-aspect-ratio: 320\/240;\" \/>\t\t\t\t\t\t\t\t\t\t\t\t\t\t\t<\/div>\n\t\t\t\t<\/div>\n\t\t\t\t\t<\/div>\n\t\t<\/div>\n\t\t\t\t\t<\/div>\n\t\t<\/section>\n\t\t\t\t<section class=\"elementor-section elementor-top-section elementor-element elementor-element-308efde elementor-section-content-middle elementor-section-boxed elementor-section-height-default elementor-section-height-default\" data-id=\"308efde\" data-element_type=\"section\">\n\t\t\t\t\t\t<div class=\"elementor-container elementor-column-gap-default\">\n\t\t\t\t\t<div class=\"elementor-column elementor-col-50 elementor-top-column elementor-element elementor-element-339d269\" data-id=\"339d269\" data-element_type=\"column\">\n\t\t\t<div class=\"elementor-widget-wrap elementor-element-populated\">\n\t\t\t\t\t\t<div class=\"elementor-element elementor-element-9899985 elementor-widget elementor-widget-image\" data-id=\"9899985\" data-element_type=\"widget\" data-widget_type=\"image.default\">\n\t\t\t\t<div class=\"elementor-widget-container\">\n\t\t\t\t\t\t\t\t\t\t\t\t\t\t\t<img decoding=\"async\" width=\"320\" height=\"240\" data-src=\"https:\/\/unsuisseamallorca.com\/wp-content\/uploads\/2020\/05\/etapa4-deia1.jpg\" class=\"attachment-full size-full wp-image-2932 lazyload\" alt=\"\" data-srcset=\"https:\/\/unsuisseamallorca.com\/wp-content\/uploads\/2020\/05\/etapa4-deia1.jpg 320w, https:\/\/unsuisseamallorca.com\/wp-content\/uploads\/2020\/05\/etapa4-deia1-300x225.jpg 300w\" data-sizes=\"(max-width: 320px) 100vw, 320px\" src=\"data:image\/svg+xml;base64,PHN2ZyB3aWR0aD0iMSIgaGVpZ2h0PSIxIiB4bWxucz0iaHR0cDovL3d3dy53My5vcmcvMjAwMC9zdmciPjwvc3ZnPg==\" style=\"--smush-placeholder-width: 320px; --smush-placeholder-aspect-ratio: 320\/240;\" \/>\t\t\t\t\t\t\t\t\t\t\t\t\t\t\t<\/div>\n\t\t\t\t<\/div>\n\t\t\t\t\t<\/div>\n\t\t<\/div>\n\t\t\t\t<div class=\"elementor-column elementor-col-50 elementor-top-column elementor-element elementor-element-9647497\" data-id=\"9647497\" data-element_type=\"column\">\n\t\t\t<div class=\"elementor-widget-wrap elementor-element-populated\">\n\t\t\t\t\t\t<div class=\"elementor-element elementor-element-27783f8 elementor-widget elementor-widget-heading\" data-id=\"27783f8\" data-element_type=\"widget\" data-widget_type=\"heading.default\">\n\t\t\t\t<div class=\"elementor-widget-container\">\n\t\t\t\t\t<h3 class=\"elementor-heading-title elementor-size-default\">Etape 4: De Esporles \u00e0 Dei\u00e0<\/h3>\t\t\t\t<\/div>\n\t\t\t\t<\/div>\n\t\t\t\t<div class=\"elementor-element elementor-element-4fefb11 elementor-widget elementor-widget-text-editor\" data-id=\"4fefb11\" data-element_type=\"widget\" data-widget_type=\"text-editor.default\">\n\t\t\t\t<div class=\"elementor-widget-container\">\n\t\t\t\t\t\t\t\t\t<p><span title=\"\">Dur\u00e9e: 6 h 30 min<\/span><br \/><span title=\"\">D\u00e9nivel\u00e9: \u2191 1120 m, \u2193 1170 m<\/span><br \/><span title=\"\">Difficult\u00e9: moyenne-\u00e9lev\u00e9e pour les diff\u00e9rences \u00e0 surmonter. <\/span><span title=\"\">Signal\u00e9 uniquement avec des rep\u00e8res et des marques de peinture.<\/span> <span title=\"\">Signal\u00e9 entre <\/span><span title=\"\">Esporles et le Coll de sa Basseta\u00a0<\/span><\/p>\t\t\t\t\t\t\t\t<\/div>\n\t\t\t\t<\/div>\n\t\t\t\t<div class=\"elementor-element elementor-element-ee811a9 elementor-align-left elementor-mobile-align-center elementor-widget elementor-widget-button\" data-id=\"ee811a9\" data-element_type=\"widget\" data-widget_type=\"button.default\">\n\t\t\t\t<div class=\"elementor-widget-container\">\n\t\t\t\t\t\t\t\t\t<div class=\"elementor-button-wrapper\">\n\t\t\t\t\t<a class=\"elementor-button elementor-button-link elementor-size-md\" href=\"https:\/\/unsuisseamallorca.com\/index.php\/esporles-a-deia\/\" target=\"_blank\">\n\t\t\t\t\t\t<span class=\"elementor-button-content-wrapper\">\n\t\t\t\t\t\t<span class=\"elementor-button-icon\">\n\t\t\t\t<i aria-hidden=\"true\" class=\"fas fa-angle-double-right\"><\/i>\t\t\t<\/span>\n\t\t\t\t\t\t\t\t\t<span class=\"elementor-button-text\">En savoir plus<\/span>\n\t\t\t\t\t<\/span>\n\t\t\t\t\t<\/a>\n\t\t\t\t<\/div>\n\t\t\t\t\t\t\t\t<\/div>\n\t\t\t\t<\/div>\n\t\t\t\t\t<\/div>\n\t\t<\/div>\n\t\t\t\t\t<\/div>\n\t\t<\/section>\n\t\t\t\t<section class=\"elementor-section elementor-top-section elementor-element elementor-element-5d07114 elementor-section-content-middle elementor-reverse-mobile elementor-section-boxed elementor-section-height-default elementor-section-height-default\" data-id=\"5d07114\" data-element_type=\"section\">\n\t\t\t\t\t\t<div class=\"elementor-container elementor-column-gap-default\">\n\t\t\t\t\t<div class=\"elementor-column elementor-col-50 elementor-top-column elementor-element elementor-element-ab6dd71\" data-id=\"ab6dd71\" data-element_type=\"column\">\n\t\t\t<div class=\"elementor-widget-wrap elementor-element-populated\">\n\t\t\t\t\t\t<div class=\"elementor-element elementor-element-325d777 elementor-widget elementor-widget-heading\" data-id=\"325d777\" data-element_type=\"widget\" data-widget_type=\"heading.default\">\n\t\t\t\t<div class=\"elementor-widget-container\">\n\t\t\t\t\t<h3 class=\"elementor-heading-title elementor-size-default\">Etape 5: De Dei\u00e0 \u00e0 Soller<\/h3>\t\t\t\t<\/div>\n\t\t\t\t<\/div>\n\t\t\t\t<div class=\"elementor-element elementor-element-532f404 elementor-widget elementor-widget-text-editor\" data-id=\"532f404\" data-element_type=\"widget\" data-widget_type=\"text-editor.default\">\n\t\t\t\t<div class=\"elementor-widget-container\">\n\t\t\t\t\t\t\t\t\t<p class=\"Estilo27\"><span title=\"\">Dur\u00e9e: 3h 15min<\/span><br \/><span title=\"\">D\u00e9nivel\u00e9: \u2191 441 m, \u2193 608 m<\/span><br \/><span title=\"\">Difficult\u00e9: moyenne<\/span><br \/><span title=\"\">Balis\u00e9<\/span><\/p>\t\t\t\t\t\t\t\t<\/div>\n\t\t\t\t<\/div>\n\t\t\t\t<div class=\"elementor-element elementor-element-e413570 elementor-align-left elementor-mobile-align-center elementor-widget elementor-widget-button\" data-id=\"e413570\" data-element_type=\"widget\" data-widget_type=\"button.default\">\n\t\t\t\t<div class=\"elementor-widget-container\">\n\t\t\t\t\t\t\t\t\t<div class=\"elementor-button-wrapper\">\n\t\t\t\t\t<a class=\"elementor-button elementor-button-link elementor-size-md\" href=\"https:\/\/unsuisseamallorca.com\/index.php\/deia-a-soller\/\" target=\"_blank\">\n\t\t\t\t\t\t<span class=\"elementor-button-content-wrapper\">\n\t\t\t\t\t\t<span class=\"elementor-button-icon\">\n\t\t\t\t<i aria-hidden=\"true\" class=\"fas fa-angle-double-right\"><\/i>\t\t\t<\/span>\n\t\t\t\t\t\t\t\t\t<span class=\"elementor-button-text\">En savoir Plus<\/span>\n\t\t\t\t\t<\/span>\n\t\t\t\t\t<\/a>\n\t\t\t\t<\/div>\n\t\t\t\t\t\t\t\t<\/div>\n\t\t\t\t<\/div>\n\t\t\t\t\t<\/div>\n\t\t<\/div>\n\t\t\t\t<div class=\"elementor-column elementor-col-50 elementor-top-column elementor-element elementor-element-b7f21a5\" data-id=\"b7f21a5\" data-element_type=\"column\">\n\t\t\t<div class=\"elementor-widget-wrap elementor-element-populated\">\n\t\t\t\t\t\t<div class=\"elementor-element elementor-element-592a440 elementor-widget elementor-widget-image\" data-id=\"592a440\" data-element_type=\"widget\" data-widget_type=\"image.default\">\n\t\t\t\t<div class=\"elementor-widget-container\">\n\t\t\t\t\t\t\t\t\t\t\t\t\t\t\t<img decoding=\"async\" width=\"320\" height=\"240\" data-src=\"https:\/\/unsuisseamallorca.com\/wp-content\/uploads\/2020\/05\/etapa206-port.jpg\" class=\"attachment-full size-full wp-image-2935 lazyload\" alt=\"\" data-srcset=\"https:\/\/unsuisseamallorca.com\/wp-content\/uploads\/2020\/05\/etapa206-port.jpg 320w, https:\/\/unsuisseamallorca.com\/wp-content\/uploads\/2020\/05\/etapa206-port-300x225.jpg 300w\" data-sizes=\"(max-width: 320px) 100vw, 320px\" src=\"data:image\/svg+xml;base64,PHN2ZyB3aWR0aD0iMSIgaGVpZ2h0PSIxIiB4bWxucz0iaHR0cDovL3d3dy53My5vcmcvMjAwMC9zdmciPjwvc3ZnPg==\" style=\"--smush-placeholder-width: 320px; --smush-placeholder-aspect-ratio: 320\/240;\" \/>\t\t\t\t\t\t\t\t\t\t\t\t\t\t\t<\/div>\n\t\t\t\t<\/div>\n\t\t\t\t\t<\/div>\n\t\t<\/div>\n\t\t\t\t\t<\/div>\n\t\t<\/section>\n\t\t\t\t<section class=\"elementor-section elementor-top-section elementor-element elementor-element-a216dd4 elementor-section-content-middle elementor-section-boxed elementor-section-height-default elementor-section-height-default\" data-id=\"a216dd4\" data-element_type=\"section\">\n\t\t\t\t\t\t<div class=\"elementor-container elementor-column-gap-default\">\n\t\t\t\t\t<div class=\"elementor-column elementor-col-50 elementor-top-column elementor-element elementor-element-b7f71ee\" data-id=\"b7f71ee\" data-element_type=\"column\">\n\t\t\t<div class=\"elementor-widget-wrap elementor-element-populated\">\n\t\t\t\t\t\t<div class=\"elementor-element elementor-element-58dbb5e elementor-widget elementor-widget-image\" data-id=\"58dbb5e\" data-element_type=\"widget\" data-widget_type=\"image.default\">\n\t\t\t\t<div class=\"elementor-widget-container\">\n\t\t\t\t\t\t\t\t\t\t\t\t\t\t\t<img decoding=\"async\" width=\"320\" height=\"240\" data-src=\"https:\/\/unsuisseamallorca.com\/wp-content\/uploads\/2020\/05\/etapa206-6.jpg\" class=\"attachment-full size-full wp-image-2937 lazyload\" alt=\"\" data-srcset=\"https:\/\/unsuisseamallorca.com\/wp-content\/uploads\/2020\/05\/etapa206-6.jpg 320w, https:\/\/unsuisseamallorca.com\/wp-content\/uploads\/2020\/05\/etapa206-6-300x225.jpg 300w\" data-sizes=\"(max-width: 320px) 100vw, 320px\" src=\"data:image\/svg+xml;base64,PHN2ZyB3aWR0aD0iMSIgaGVpZ2h0PSIxIiB4bWxucz0iaHR0cDovL3d3dy53My5vcmcvMjAwMC9zdmciPjwvc3ZnPg==\" style=\"--smush-placeholder-width: 320px; --smush-placeholder-aspect-ratio: 320\/240;\" \/>\t\t\t\t\t\t\t\t\t\t\t\t\t\t\t<\/div>\n\t\t\t\t<\/div>\n\t\t\t\t\t<\/div>\n\t\t<\/div>\n\t\t\t\t<div class=\"elementor-column elementor-col-50 elementor-top-column elementor-element elementor-element-6ac2b9b\" data-id=\"6ac2b9b\" data-element_type=\"column\">\n\t\t\t<div class=\"elementor-widget-wrap elementor-element-populated\">\n\t\t\t\t\t\t<div class=\"elementor-element elementor-element-3ba0e09 elementor-widget elementor-widget-heading\" data-id=\"3ba0e09\" data-element_type=\"widget\" data-widget_type=\"heading.default\">\n\t\t\t\t<div class=\"elementor-widget-container\">\n\t\t\t\t\t<h3 class=\"elementor-heading-title elementor-size-default\">Etape 6: De Soller \u00e0 Tossals Verds<\/h3>\t\t\t\t<\/div>\n\t\t\t\t<\/div>\n\t\t\t\t<div class=\"elementor-element elementor-element-72e80da elementor-widget elementor-widget-text-editor\" data-id=\"72e80da\" data-element_type=\"widget\" data-widget_type=\"text-editor.default\">\n\t\t\t\t<div class=\"elementor-widget-container\">\n\t\t\t\t\t\t\t\t\t<p><span title=\"\">Dur\u00e9e: 8h<\/span><br \/><span title=\"\">D\u00e9nivel\u00e9: \u2191 970 m, \u2193 550 m<\/span><br \/><span title=\"\">Difficult\u00e9: moyenne-\u00e9lev\u00e9e (pour sa dur\u00e9e)<\/span><br \/><span title=\"\">Balis\u00e9<\/span><\/p>\t\t\t\t\t\t\t\t<\/div>\n\t\t\t\t<\/div>\n\t\t\t\t<div class=\"elementor-element elementor-element-0b05e0d elementor-align-left elementor-mobile-align-center elementor-widget elementor-widget-button\" data-id=\"0b05e0d\" data-element_type=\"widget\" data-widget_type=\"button.default\">\n\t\t\t\t<div class=\"elementor-widget-container\">\n\t\t\t\t\t\t\t\t\t<div class=\"elementor-button-wrapper\">\n\t\t\t\t\t<a class=\"elementor-button elementor-button-link elementor-size-md\" href=\"https:\/\/unsuisseamallorca.com\/index.php\/soller-a-tossals-verds\/\" target=\"_blank\">\n\t\t\t\t\t\t<span class=\"elementor-button-content-wrapper\">\n\t\t\t\t\t\t<span class=\"elementor-button-icon\">\n\t\t\t\t<i aria-hidden=\"true\" class=\"fas fa-angle-double-right\"><\/i>\t\t\t<\/span>\n\t\t\t\t\t\t\t\t\t<span class=\"elementor-button-text\">En savoir plus<\/span>\n\t\t\t\t\t<\/span>\n\t\t\t\t\t<\/a>\n\t\t\t\t<\/div>\n\t\t\t\t\t\t\t\t<\/div>\n\t\t\t\t<\/div>\n\t\t\t\t\t<\/div>\n\t\t<\/div>\n\t\t\t\t\t<\/div>\n\t\t<\/section>\n\t\t\t\t<section class=\"elementor-section elementor-top-section elementor-element elementor-element-2763603 elementor-section-content-middle elementor-reverse-mobile elementor-section-boxed elementor-section-height-default elementor-section-height-default\" data-id=\"2763603\" data-element_type=\"section\">\n\t\t\t\t\t\t<div class=\"elementor-container elementor-column-gap-default\">\n\t\t\t\t\t<div class=\"elementor-column elementor-col-50 elementor-top-column elementor-element elementor-element-9f5db50\" data-id=\"9f5db50\" data-element_type=\"column\">\n\t\t\t<div class=\"elementor-widget-wrap elementor-element-populated\">\n\t\t\t\t\t\t<div class=\"elementor-element elementor-element-96c8916 elementor-widget elementor-widget-heading\" data-id=\"96c8916\" data-element_type=\"widget\" data-widget_type=\"heading.default\">\n\t\t\t\t<div class=\"elementor-widget-container\">\n\t\t\t\t\t<h3 class=\"elementor-heading-title elementor-size-default\">Etape 7: De Tossals Verds \u00e0 Llucs<\/h3>\t\t\t\t<\/div>\n\t\t\t\t<\/div>\n\t\t\t\t<div class=\"elementor-element elementor-element-7cb3409 elementor-widget elementor-widget-text-editor\" data-id=\"7cb3409\" data-element_type=\"widget\" data-widget_type=\"text-editor.default\">\n\t\t\t\t<div class=\"elementor-widget-container\">\n\t\t\t\t\t\t\t\t\t<p><span title=\"\">Dur\u00e9e: 5h 15min<\/span><br \/><span title=\"\">D\u00e9nivel\u00e9: \u2191 830 m, \u2193 800 m<\/span><br \/><span title=\"\">Difficult\u00e9: moyenne-\u00e9lev\u00e9e<\/span><br \/><span title=\"\">Balis\u00e9<\/span><\/p>\t\t\t\t\t\t\t\t<\/div>\n\t\t\t\t<\/div>\n\t\t\t\t<div class=\"elementor-element elementor-element-2fd459d elementor-align-left elementor-mobile-align-center elementor-widget elementor-widget-button\" data-id=\"2fd459d\" data-element_type=\"widget\" data-widget_type=\"button.default\">\n\t\t\t\t<div class=\"elementor-widget-container\">\n\t\t\t\t\t\t\t\t\t<div class=\"elementor-button-wrapper\">\n\t\t\t\t\t<a class=\"elementor-button elementor-button-link elementor-size-md\" href=\"https:\/\/unsuisseamallorca.com\/index.php\/tossals-verds-a-llucs\/\" target=\"_blank\">\n\t\t\t\t\t\t<span class=\"elementor-button-content-wrapper\">\n\t\t\t\t\t\t<span class=\"elementor-button-icon\">\n\t\t\t\t<i aria-hidden=\"true\" class=\"fas fa-angle-double-right\"><\/i>\t\t\t<\/span>\n\t\t\t\t\t\t\t\t\t<span class=\"elementor-button-text\">En savoir Plus<\/span>\n\t\t\t\t\t<\/span>\n\t\t\t\t\t<\/a>\n\t\t\t\t<\/div>\n\t\t\t\t\t\t\t\t<\/div>\n\t\t\t\t<\/div>\n\t\t\t\t\t<\/div>\n\t\t<\/div>\n\t\t\t\t<div class=\"elementor-column elementor-col-50 elementor-top-column elementor-element elementor-element-04a51d6\" data-id=\"04a51d6\" data-element_type=\"column\">\n\t\t\t<div class=\"elementor-widget-wrap elementor-element-populated\">\n\t\t\t\t\t\t<div class=\"elementor-element elementor-element-ee664ee elementor-widget elementor-widget-image\" data-id=\"ee664ee\" data-element_type=\"widget\" data-widget_type=\"image.default\">\n\t\t\t\t<div class=\"elementor-widget-container\">\n\t\t\t\t\t\t\t\t\t\t\t\t\t\t\t<img decoding=\"async\" width=\"250\" height=\"333\" data-src=\"https:\/\/unsuisseamallorca.com\/wp-content\/uploads\/2020\/05\/etapa207-5.jpg\" class=\"attachment-full size-full wp-image-2938 lazyload\" alt=\"\" data-srcset=\"https:\/\/unsuisseamallorca.com\/wp-content\/uploads\/2020\/05\/etapa207-5.jpg 250w, https:\/\/unsuisseamallorca.com\/wp-content\/uploads\/2020\/05\/etapa207-5-225x300.jpg 225w\" data-sizes=\"(max-width: 250px) 100vw, 250px\" src=\"data:image\/svg+xml;base64,PHN2ZyB3aWR0aD0iMSIgaGVpZ2h0PSIxIiB4bWxucz0iaHR0cDovL3d3dy53My5vcmcvMjAwMC9zdmciPjwvc3ZnPg==\" style=\"--smush-placeholder-width: 250px; --smush-placeholder-aspect-ratio: 250\/333;\" \/>\t\t\t\t\t\t\t\t\t\t\t\t\t\t\t<\/div>\n\t\t\t\t<\/div>\n\t\t\t\t\t<\/div>\n\t\t<\/div>\n\t\t\t\t\t<\/div>\n\t\t<\/section>\n\t\t\t\t<section class=\"elementor-section elementor-top-section elementor-element elementor-element-aa2bb6d elementor-section-content-middle elementor-section-boxed elementor-section-height-default elementor-section-height-default\" data-id=\"aa2bb6d\" data-element_type=\"section\">\n\t\t\t\t\t\t<div class=\"elementor-container elementor-column-gap-default\">\n\t\t\t\t\t<div class=\"elementor-column elementor-col-50 elementor-top-column elementor-element elementor-element-c22342b\" data-id=\"c22342b\" data-element_type=\"column\">\n\t\t\t<div class=\"elementor-widget-wrap elementor-element-populated\">\n\t\t\t\t\t\t<div class=\"elementor-element elementor-element-89a534e elementor-widget elementor-widget-image\" data-id=\"89a534e\" data-element_type=\"widget\" data-widget_type=\"image.default\">\n\t\t\t\t<div class=\"elementor-widget-container\">\n\t\t\t\t\t\t\t\t\t\t\t\t\t\t\t<img decoding=\"async\" width=\"320\" height=\"180\" data-src=\"https:\/\/unsuisseamallorca.com\/wp-content\/uploads\/2020\/05\/etapa208-6.jpg\" class=\"attachment-full size-full wp-image-2939 lazyload\" alt=\"\" data-srcset=\"https:\/\/unsuisseamallorca.com\/wp-content\/uploads\/2020\/05\/etapa208-6.jpg 320w, https:\/\/unsuisseamallorca.com\/wp-content\/uploads\/2020\/05\/etapa208-6-300x169.jpg 300w\" data-sizes=\"(max-width: 320px) 100vw, 320px\" src=\"data:image\/svg+xml;base64,PHN2ZyB3aWR0aD0iMSIgaGVpZ2h0PSIxIiB4bWxucz0iaHR0cDovL3d3dy53My5vcmcvMjAwMC9zdmciPjwvc3ZnPg==\" style=\"--smush-placeholder-width: 320px; --smush-placeholder-aspect-ratio: 320\/180;\" \/>\t\t\t\t\t\t\t\t\t\t\t\t\t\t\t<\/div>\n\t\t\t\t<\/div>\n\t\t\t\t\t<\/div>\n\t\t<\/div>\n\t\t\t\t<div class=\"elementor-column elementor-col-50 elementor-top-column elementor-element elementor-element-a6570c9\" data-id=\"a6570c9\" data-element_type=\"column\">\n\t\t\t<div class=\"elementor-widget-wrap elementor-element-populated\">\n\t\t\t\t\t\t<div class=\"elementor-element elementor-element-e3fc1c4 elementor-widget elementor-widget-heading\" data-id=\"e3fc1c4\" data-element_type=\"widget\" data-widget_type=\"heading.default\">\n\t\t\t\t<div class=\"elementor-widget-container\">\n\t\t\t\t\t<h3 class=\"elementor-heading-title elementor-size-default\">Etape 8: De Llucs \u00e0 Pollen\u00e7a<\/h3>\t\t\t\t<\/div>\n\t\t\t\t<\/div>\n\t\t\t\t<div class=\"elementor-element elementor-element-714783e elementor-widget elementor-widget-text-editor\" data-id=\"714783e\" data-element_type=\"widget\" data-widget_type=\"text-editor.default\">\n\t\t\t\t<div class=\"elementor-widget-container\">\n\t\t\t\t\t\t\t\t\t<p><span title=\"\">18,5 Km pour une dur\u00e9e de 6h<\/span><br \/><span title=\"\">D\u00e9nivel\u00e9: \u2191 250 m, \u2193 700 m<\/span><br \/><span title=\"\">Difficult\u00e9: moyenne-basse<\/span><br \/><span title=\"\">Balis\u00e9<\/span><\/p>\t\t\t\t\t\t\t\t<\/div>\n\t\t\t\t<\/div>\n\t\t\t\t<div class=\"elementor-element elementor-element-8448321 elementor-align-left elementor-mobile-align-center elementor-widget elementor-widget-button\" data-id=\"8448321\" data-element_type=\"widget\" data-widget_type=\"button.default\">\n\t\t\t\t<div class=\"elementor-widget-container\">\n\t\t\t\t\t\t\t\t\t<div class=\"elementor-button-wrapper\">\n\t\t\t\t\t<a class=\"elementor-button elementor-button-link elementor-size-md\" href=\"https:\/\/unsuisseamallorca.com\/index.php\/llucs-a-pollenca\/\" target=\"_blank\">\n\t\t\t\t\t\t<span class=\"elementor-button-content-wrapper\">\n\t\t\t\t\t\t<span class=\"elementor-button-icon\">\n\t\t\t\t<i aria-hidden=\"true\" class=\"fas fa-angle-double-right\"><\/i>\t\t\t<\/span>\n\t\t\t\t\t\t\t\t\t<span class=\"elementor-button-text\">En savoir plus<\/span>\n\t\t\t\t\t<\/span>\n\t\t\t\t\t<\/a>\n\t\t\t\t<\/div>\n\t\t\t\t\t\t\t\t<\/div>\n\t\t\t\t<\/div>\n\t\t\t\t\t<\/div>\n\t\t<\/div>\n\t\t\t\t\t<\/div>\n\t\t<\/section>\n\t\t\t\t<\/div>\n\t\t","protected":false},"excerpt":{"rendered":"<p>SERRA TRAMUNTANA : CANDIDATE AU PATRIMOINE MONDIALE DE L\u2019UNESCO Quand on marche seul on va vite, mais quand on marche \u00e0 deux on va plus loin Le GR221 est appel\u00e9 route de la pierre s\u00e8che (Ruta de la pedra en sec en majorquin) en raison du grand nombre de constructions r\u00e9alis\u00e9es avec cette m\u00e9thode ancestrale [&hellip;]<\/p>\n","protected":false},"author":1,"featured_media":0,"parent":0,"menu_order":0,"comment_status":"closed","ping_status":"closed","template":"","meta":{"ocean_post_layout":"","ocean_both_sidebars_style":"","ocean_both_sidebars_content_width":0,"ocean_both_sidebars_sidebars_width":0,"ocean_sidebar":"0","ocean_second_sidebar":"0","ocean_disable_margins":"enable","ocean_add_body_class":"","ocean_shortcode_before_top_bar":"","ocean_shortcode_after_top_bar":"","ocean_shortcode_before_header":"","ocean_shortcode_after_header":"","ocean_has_shortcode":"","ocean_shortcode_after_title":"","ocean_shortcode_before_footer_widgets":"","ocean_shortcode_after_footer_widgets":"","ocean_shortcode_before_footer_bottom":"","ocean_shortcode_after_footer_bottom":"","ocean_display_top_bar":"default","ocean_display_header":"default","ocean_header_style":"","ocean_center_header_left_menu":"0","ocean_custom_header_template":"0","ocean_custom_logo":0,"ocean_custom_retina_logo":0,"ocean_custom_logo_max_width":0,"ocean_custom_logo_tablet_max_width":0,"ocean_custom_logo_mobile_max_width":0,"ocean_custom_logo_max_height":0,"ocean_custom_logo_tablet_max_height":0,"ocean_custom_logo_mobile_max_height":0,"ocean_header_custom_menu":"0","ocean_menu_typo_font_family":"0","ocean_menu_typo_font_subset":"","ocean_menu_typo_font_size":0,"ocean_menu_typo_font_size_tablet":0,"ocean_menu_typo_font_size_mobile":0,"ocean_menu_typo_font_size_unit":"px","ocean_menu_typo_font_weight":"","ocean_menu_typo_font_weight_tablet":"","ocean_menu_typo_font_weight_mobile":"","ocean_menu_typo_transform":"","ocean_menu_typo_transform_tablet":"","ocean_menu_typo_transform_mobile":"","ocean_menu_typo_line_height":0,"ocean_menu_typo_line_height_tablet":0,"ocean_menu_typo_line_height_mobile":0,"ocean_menu_typo_line_height_unit":"","ocean_menu_typo_spacing":0,"ocean_menu_typo_spacing_tablet":0,"ocean_menu_typo_spacing_mobile":0,"ocean_menu_typo_spacing_unit":"","ocean_menu_link_color":"","ocean_menu_link_color_hover":"","ocean_menu_link_color_active":"","ocean_menu_link_background":"","ocean_menu_link_hover_background":"","ocean_menu_link_active_background":"","ocean_menu_social_links_bg":"","ocean_menu_social_hover_links_bg":"","ocean_menu_social_links_color":"","ocean_menu_social_hover_links_color":"","ocean_disable_title":"default","ocean_disable_heading":"default","ocean_post_title":"","ocean_post_subheading":"","ocean_post_title_style":"","ocean_post_title_background_color":"","ocean_post_title_background":0,"ocean_post_title_bg_image_position":"","ocean_post_title_bg_image_attachment":"","ocean_post_title_bg_image_repeat":"","ocean_post_title_bg_image_size":"","ocean_post_title_height":0,"ocean_post_title_bg_overlay":0.5,"ocean_post_title_bg_overlay_color":"","ocean_disable_breadcrumbs":"default","ocean_breadcrumbs_color":"","ocean_breadcrumbs_separator_color":"","ocean_breadcrumbs_links_color":"","ocean_breadcrumbs_links_hover_color":"","ocean_display_footer_widgets":"default","ocean_display_footer_bottom":"default","ocean_custom_footer_template":"0","footnotes":""},"class_list":["post-5366","page","type-page","status-publish","hentry","entry"],"yoast_head":"<!-- This site is optimized with the Yoast SEO plugin v26.4 - https:\/\/yoast.com\/wordpress\/plugins\/seo\/ -->\n<title>LES RANDONNEES DANS LE RAIGUER UN SUISSE A MAJORQUE<\/title>\n<meta name=\"robots\" content=\"index, follow, max-snippet:-1, max-image-preview:large, max-video-preview:-1\" \/>\n<link rel=\"canonical\" href=\"https:\/\/unsuisseamallorca.com\/index.php\/les-randonnees-dans-le-raiguer-2\/\" \/>\n<meta property=\"og:locale\" content=\"fr_FR\" \/>\n<meta property=\"og:type\" content=\"article\" \/>\n<meta property=\"og:title\" content=\"LES RANDONNEES DANS LE RAIGUER UN SUISSE A MAJORQUE\" \/>\n<meta property=\"og:description\" content=\"SERRA TRAMUNTANA : CANDIDATE AU PATRIMOINE MONDIALE DE L\u2019UNESCO Quand on marche seul on va vite, mais quand on marche \u00e0 deux on va plus loin Le GR221 est appel\u00e9 route de la pierre s\u00e8che (Ruta de la pedra en sec en majorquin) en raison du grand nombre de constructions r\u00e9alis\u00e9es avec cette m\u00e9thode ancestrale [&hellip;]\" \/>\n<meta property=\"og:url\" content=\"https:\/\/unsuisseamallorca.com\/index.php\/les-randonnees-dans-le-raiguer-2\/\" \/>\n<meta property=\"og:site_name\" content=\"UN SUISSE A MAJORQUE\" \/>\n<meta property=\"article:modified_time\" content=\"2020-07-28T13:13:47+00:00\" \/>\n<meta property=\"og:image\" content=\"https:\/\/unsuisseamallorca.com\/wp-content\/uploads\/2020\/05\/etapa201-pas20vermell-300x225.jpg\" \/>\n<meta name=\"twitter:card\" content=\"summary_large_image\" \/>\n<meta name=\"twitter:label1\" content=\"Dur\u00e9e de lecture estim\u00e9e\" \/>\n\t<meta name=\"twitter:data1\" content=\"2 minutes\" \/>\n<script type=\"application\/ld+json\" class=\"yoast-schema-graph\">{\"@context\":\"https:\/\/schema.org\",\"@graph\":[{\"@type\":\"WebPage\",\"@id\":\"https:\/\/unsuisseamallorca.com\/index.php\/les-randonnees-dans-le-raiguer-2\/\",\"url\":\"https:\/\/unsuisseamallorca.com\/index.php\/les-randonnees-dans-le-raiguer-2\/\",\"name\":\"LES RANDONNEES DANS LE RAIGUER UN SUISSE A MAJORQUE\",\"isPartOf\":{\"@id\":\"https:\/\/unsuisseamallorca.com\/#website\"},\"primaryImageOfPage\":{\"@id\":\"https:\/\/unsuisseamallorca.com\/index.php\/les-randonnees-dans-le-raiguer-2\/#primaryimage\"},\"image\":{\"@id\":\"https:\/\/unsuisseamallorca.com\/index.php\/les-randonnees-dans-le-raiguer-2\/#primaryimage\"},\"thumbnailUrl\":\"https:\/\/unsuisseamallorca.com\/wp-content\/uploads\/2020\/05\/etapa201-pas20vermell-300x225.jpg\",\"datePublished\":\"2020-07-28T13:13:31+00:00\",\"dateModified\":\"2020-07-28T13:13:47+00:00\",\"breadcrumb\":{\"@id\":\"https:\/\/unsuisseamallorca.com\/index.php\/les-randonnees-dans-le-raiguer-2\/#breadcrumb\"},\"inLanguage\":\"fr-FR\",\"potentialAction\":[{\"@type\":\"ReadAction\",\"target\":[\"https:\/\/unsuisseamallorca.com\/index.php\/les-randonnees-dans-le-raiguer-2\/\"]}]},{\"@type\":\"ImageObject\",\"inLanguage\":\"fr-FR\",\"@id\":\"https:\/\/unsuisseamallorca.com\/index.php\/les-randonnees-dans-le-raiguer-2\/#primaryimage\",\"url\":\"https:\/\/unsuisseamallorca.com\/wp-content\/uploads\/2020\/05\/etapa201-pas20vermell.jpg\",\"contentUrl\":\"https:\/\/unsuisseamallorca.com\/wp-content\/uploads\/2020\/05\/etapa201-pas20vermell.jpg\",\"width\":450,\"height\":337,\"caption\":\"OLYMPUS DIGITAL CAMERA\"},{\"@type\":\"BreadcrumbList\",\"@id\":\"https:\/\/unsuisseamallorca.com\/index.php\/les-randonnees-dans-le-raiguer-2\/#breadcrumb\",\"itemListElement\":[{\"@type\":\"ListItem\",\"position\":1,\"name\":\"Accueil\",\"item\":\"https:\/\/unsuisseamallorca.com\/\"},{\"@type\":\"ListItem\",\"position\":2,\"name\":\"LES RANDONNEES DANS LE RAIGUER\"}]},{\"@type\":\"WebSite\",\"@id\":\"https:\/\/unsuisseamallorca.com\/#website\",\"url\":\"https:\/\/unsuisseamallorca.com\/\",\"name\":\"UN SUISSE A MAJORQUE\",\"description\":\"Le voyageur voit ce qu&#039;il voit, le touriste voit ce qu&#039;il est venu voir !\",\"potentialAction\":[{\"@type\":\"SearchAction\",\"target\":{\"@type\":\"EntryPoint\",\"urlTemplate\":\"https:\/\/unsuisseamallorca.com\/?s={search_term_string}\"},\"query-input\":{\"@type\":\"PropertyValueSpecification\",\"valueRequired\":true,\"valueName\":\"search_term_string\"}}],\"inLanguage\":\"fr-FR\"}]}<\/script>\n<!-- \/ Yoast SEO plugin. -->","yoast_head_json":{"title":"LES RANDONNEES DANS LE RAIGUER UN SUISSE A MAJORQUE","robots":{"index":"index","follow":"follow","max-snippet":"max-snippet:-1","max-image-preview":"max-image-preview:large","max-video-preview":"max-video-preview:-1"},"canonical":"https:\/\/unsuisseamallorca.com\/index.php\/les-randonnees-dans-le-raiguer-2\/","og_locale":"fr_FR","og_type":"article","og_title":"LES RANDONNEES DANS LE RAIGUER UN SUISSE A MAJORQUE","og_description":"SERRA TRAMUNTANA : CANDIDATE AU PATRIMOINE MONDIALE DE L\u2019UNESCO Quand on marche seul on va vite, mais quand on marche \u00e0 deux on va plus loin Le GR221 est appel\u00e9 route de la pierre s\u00e8che (Ruta de la pedra en sec en majorquin) en raison du grand nombre de constructions r\u00e9alis\u00e9es avec cette m\u00e9thode ancestrale [&hellip;]","og_url":"https:\/\/unsuisseamallorca.com\/index.php\/les-randonnees-dans-le-raiguer-2\/","og_site_name":"UN SUISSE A MAJORQUE","article_modified_time":"2020-07-28T13:13:47+00:00","og_image":[{"url":"https:\/\/unsuisseamallorca.com\/wp-content\/uploads\/2020\/05\/etapa201-pas20vermell-300x225.jpg","type":"","width":"","height":""}],"twitter_card":"summary_large_image","twitter_misc":{"Dur\u00e9e de lecture estim\u00e9e":"2 minutes"},"schema":{"@context":"https:\/\/schema.org","@graph":[{"@type":"WebPage","@id":"https:\/\/unsuisseamallorca.com\/index.php\/les-randonnees-dans-le-raiguer-2\/","url":"https:\/\/unsuisseamallorca.com\/index.php\/les-randonnees-dans-le-raiguer-2\/","name":"LES RANDONNEES DANS LE RAIGUER UN SUISSE A MAJORQUE","isPartOf":{"@id":"https:\/\/unsuisseamallorca.com\/#website"},"primaryImageOfPage":{"@id":"https:\/\/unsuisseamallorca.com\/index.php\/les-randonnees-dans-le-raiguer-2\/#primaryimage"},"image":{"@id":"https:\/\/unsuisseamallorca.com\/index.php\/les-randonnees-dans-le-raiguer-2\/#primaryimage"},"thumbnailUrl":"https:\/\/unsuisseamallorca.com\/wp-content\/uploads\/2020\/05\/etapa201-pas20vermell-300x225.jpg","datePublished":"2020-07-28T13:13:31+00:00","dateModified":"2020-07-28T13:13:47+00:00","breadcrumb":{"@id":"https:\/\/unsuisseamallorca.com\/index.php\/les-randonnees-dans-le-raiguer-2\/#breadcrumb"},"inLanguage":"fr-FR","potentialAction":[{"@type":"ReadAction","target":["https:\/\/unsuisseamallorca.com\/index.php\/les-randonnees-dans-le-raiguer-2\/"]}]},{"@type":"ImageObject","inLanguage":"fr-FR","@id":"https:\/\/unsuisseamallorca.com\/index.php\/les-randonnees-dans-le-raiguer-2\/#primaryimage","url":"https:\/\/unsuisseamallorca.com\/wp-content\/uploads\/2020\/05\/etapa201-pas20vermell.jpg","contentUrl":"https:\/\/unsuisseamallorca.com\/wp-content\/uploads\/2020\/05\/etapa201-pas20vermell.jpg","width":450,"height":337,"caption":"OLYMPUS DIGITAL CAMERA"},{"@type":"BreadcrumbList","@id":"https:\/\/unsuisseamallorca.com\/index.php\/les-randonnees-dans-le-raiguer-2\/#breadcrumb","itemListElement":[{"@type":"ListItem","position":1,"name":"Accueil","item":"https:\/\/unsuisseamallorca.com\/"},{"@type":"ListItem","position":2,"name":"LES RANDONNEES DANS LE RAIGUER"}]},{"@type":"WebSite","@id":"https:\/\/unsuisseamallorca.com\/#website","url":"https:\/\/unsuisseamallorca.com\/","name":"UN SUISSE A MAJORQUE","description":"Le voyageur voit ce qu&#039;il voit, le touriste voit ce qu&#039;il est venu voir !","potentialAction":[{"@type":"SearchAction","target":{"@type":"EntryPoint","urlTemplate":"https:\/\/unsuisseamallorca.com\/?s={search_term_string}"},"query-input":{"@type":"PropertyValueSpecification","valueRequired":true,"valueName":"search_term_string"}}],"inLanguage":"fr-FR"}]}},"_links":{"self":[{"href":"https:\/\/unsuisseamallorca.com\/index.php\/wp-json\/wp\/v2\/pages\/5366","targetHints":{"allow":["GET"]}}],"collection":[{"href":"https:\/\/unsuisseamallorca.com\/index.php\/wp-json\/wp\/v2\/pages"}],"about":[{"href":"https:\/\/unsuisseamallorca.com\/index.php\/wp-json\/wp\/v2\/types\/page"}],"author":[{"embeddable":true,"href":"https:\/\/unsuisseamallorca.com\/index.php\/wp-json\/wp\/v2\/users\/1"}],"replies":[{"embeddable":true,"href":"https:\/\/unsuisseamallorca.com\/index.php\/wp-json\/wp\/v2\/comments?post=5366"}],"version-history":[{"count":1,"href":"https:\/\/unsuisseamallorca.com\/index.php\/wp-json\/wp\/v2\/pages\/5366\/revisions"}],"predecessor-version":[{"id":5367,"href":"https:\/\/unsuisseamallorca.com\/index.php\/wp-json\/wp\/v2\/pages\/5366\/revisions\/5367"}],"wp:attachment":[{"href":"https:\/\/unsuisseamallorca.com\/index.php\/wp-json\/wp\/v2\/media?parent=5366"}],"curies":[{"name":"wp","href":"https:\/\/api.w.org\/{rel}","templated":true}]}}