{"id":4827,"date":"2020-07-13T08:33:40","date_gmt":"2020-07-13T06:33:40","guid":{"rendered":"https:\/\/unsuisseamallorca.com\/?page_id=4824"},"modified":"2020-07-13T08:33:40","modified_gmt":"2020-07-13T06:33:40","slug":"ibiza-3","status":"publish","type":"page","link":"https:\/\/unsuisseamallorca.com\/index.php\/es\/ibiza-3\/","title":{"rendered":"Ibiza"},"content":{"rendered":"<h3>Al\u00e9grate porque cada lugar est\u00e1 aqu\u00ed y cada momento es ahora. (Dalai Lama)<\/h3>\n<h2>Formentera (en catal\u00e1n y castellano) es la m\u00e1s peque\u00f1a de las cuatro islas principales y habitadas de las Islas Baleares Espa\u00f1olas. Se encuentra al sur de la isla de Ibiza con la que forma todas las Islas Pityuses. La isla tambi\u00e9n es una comuna. En los a\u00f1os sesenta, el turismo se desarroll\u00f3. Los hippies se sintieron muy temprano atra\u00eddos por Formentera.<br \/>\nLa isla incorpor\u00f3 la Autonom\u00eda de las Islas Baleares, cuando fue fundada en 1983. En 2007 obtuvo un estatus espec\u00edfico, su concejo insular se convirti\u00f3 en aut\u00f3nomo del de Ibiza. Formentera es una isla principal situada a unos 6 km al sur de Ibiza y tiene 19 kil\u00f3metros de largo. Islas Baleares<\/h2>\n<h2>La isla tiene una poblaci\u00f3n de casi 12.000 habitantes para 83 kil\u00f3metros cuadrados. La Savina es el pueblo donde se encuentra el puerto y el puerto deportivo de la isla, los otros pueblos son: Sant Francesc Xavier (el pueblo principal de la isla), Sant Ferran de ses Roques, El Pilar de la Mola, Es Pujols<\/h2>\n<figure><img decoding=\"async\" title=\"Sin t\u00edtulo\" data-src=\"https:\/\/unsuisseamallorca.com\/wp-content\/uploads\/elementor\/thumbs\/Sans-titre-oscm6qwblojvq1o8297oowfbof3o0qe753bpq4uvt4.jpg\" alt=\"Sin t\u00edtulo\" src=\"data:image\/svg+xml;base64,PHN2ZyB3aWR0aD0iMSIgaGVpZ2h0PSIxIiB4bWxucz0iaHR0cDovL3d3dy53My5vcmcvMjAwMC9zdmciPjwvc3ZnPg==\" class=\"lazyload\" style=\"--smush-placeholder-width: 500px; --smush-placeholder-aspect-ratio: 500\/500;\" \/><figcaption><\/figcaption><\/figure>\n<h3>\u00bfC\u00f3mo puedo llegar all\u00ed?<\/h3>\n<p>La isla es accesible s\u00f3lo en barco, desde la isla de Ibiza, as\u00ed como desde espa\u00f1a continental. Para descubrir la isla de Formentera en total libertad, basta con alquilar un coche, una moto o una bicicleta en el puerto de Savina, justo al lado del muelle de aterrizaje del ferry. El recorrido por la isla en bicicleta es posible en 1 d\u00eda (75 km.) pero le aconsejo que evite la temporada de calor.<br \/>\n<img fetchpriority=\"high\" decoding=\"async\" src=\"https:\/\/unsuisseamallorca.com\/wp-content\/uploads\/2020\/06\/IMG_7962-768x512.jpg\" sizes=\"(max-width: 768px) 100vw, 768px\" srcset=\"https:\/\/unsuisseamallorca.com\/wp-content\/uploads\/2020\/06\/IMG_7962-768x512.jpg 768w, https:\/\/unsuisseamallorca.com\/wp-content\/uploads\/2020\/06\/IMG_7962-300x200.jpg 300w, https:\/\/unsuisseamallorca.com\/wp-content\/uploads\/2020\/06\/IMG_7962-1024x683.jpg 1024w, https:\/\/unsuisseamallorca.com\/wp-content\/uploads\/2020\/06\/IMG_7962-1536x1024.jpg 1536w, https:\/\/unsuisseamallorca.com\/wp-content\/uploads\/2020\/06\/IMG_7962-2048x1365.jpg 2048w\" alt=\"\" width=\"768\" height=\"512\" \/><br \/>\n<img decoding=\"async\" data-src=\"https:\/\/unsuisseamallorca.com\/wp-content\/uploads\/2020\/07\/5c05093ac172d139534882-768x512.jpg\" data-sizes=\"(max-width: 768px) 100vw, 768px\" data-srcset=\"https:\/\/unsuisseamallorca.com\/wp-content\/uploads\/2020\/07\/5c05093ac172d139534882-768x512.jpg 768w, https:\/\/unsuisseamallorca.com\/wp-content\/uploads\/2020\/07\/5c05093ac172d139534882-300x200.jpg 300w, https:\/\/unsuisseamallorca.com\/wp-content\/uploads\/2020\/07\/5c05093ac172d139534882-1024x683.jpg 1024w, https:\/\/unsuisseamallorca.com\/wp-content\/uploads\/2020\/07\/5c05093ac172d139534882-1536x1024.jpg 1536w, https:\/\/unsuisseamallorca.com\/wp-content\/uploads\/2020\/07\/5c05093ac172d139534882.jpg 1800w\" alt=\"\" width=\"768\" height=\"512\" src=\"data:image\/svg+xml;base64,PHN2ZyB3aWR0aD0iMSIgaGVpZ2h0PSIxIiB4bWxucz0iaHR0cDovL3d3dy53My5vcmcvMjAwMC9zdmciPjwvc3ZnPg==\" class=\"lazyload\" style=\"--smush-placeholder-width: 768px; --smush-placeholder-aspect-ratio: 768\/512;\" \/><br \/>\n<img decoding=\"async\" data-src=\"https:\/\/unsuisseamallorca.com\/wp-content\/uploads\/2020\/07\/laguna-espalmador.jpg\" data-sizes=\"(max-width: 640px) 100vw, 640px\" data-srcset=\"https:\/\/unsuisseamallorca.com\/wp-content\/uploads\/2020\/07\/laguna-espalmador.jpg 640w, https:\/\/unsuisseamallorca.com\/wp-content\/uploads\/2020\/07\/laguna-espalmador-300x225.jpg 300w\" alt=\"\" width=\"640\" height=\"480\" src=\"data:image\/svg+xml;base64,PHN2ZyB3aWR0aD0iMSIgaGVpZ2h0PSIxIiB4bWxucz0iaHR0cDovL3d3dy53My5vcmcvMjAwMC9zdmciPjwvc3ZnPg==\" class=\"lazyload\" style=\"--smush-placeholder-width: 640px; --smush-placeholder-aspect-ratio: 640\/480;\" \/><br \/>\n<img decoding=\"async\" data-src=\"https:\/\/unsuisseamallorca.com\/wp-content\/uploads\/2020\/07\/barro.jpg\" data-sizes=\"(max-width: 767px) 100vw, 767px\" data-srcset=\"https:\/\/unsuisseamallorca.com\/wp-content\/uploads\/2020\/07\/barro.jpg 767w, https:\/\/unsuisseamallorca.com\/wp-content\/uploads\/2020\/07\/barro-300x198.jpg 300w\" alt=\"\" width=\"767\" height=\"505\" src=\"data:image\/svg+xml;base64,PHN2ZyB3aWR0aD0iMSIgaGVpZ2h0PSIxIiB4bWxucz0iaHR0cDovL3d3dy53My5vcmcvMjAwMC9zdmciPjwvc3ZnPg==\" class=\"lazyload\" style=\"--smush-placeholder-width: 767px; --smush-placeholder-aspect-ratio: 767\/505;\" \/><\/p>\n<h3>Isla Espalmador<\/h3>\n<p>Espalmador es una isla privada cerca de Formentera. Aunque pertenece a una familia castellana, la isla se puede visitar; La hermosa playa de S&#39;Alga solo vale la pena una visita! Si algunas gu\u00edas de viaje sugieren que se puede caminar a trav\u00e9s de las aguas poco profundas que conectan Formentera con Espalmador (estrecho de El Pas), le recomendamos encarecidamente que se encuentra. Es mejor tomar el barco que sale de La Savina y viaja varias veces al d\u00eda: usted estar\u00e1 seguro de llegar con seguridad. De hecho, en Espalmador hay m\u00e1s yates, barcos y veleros que cualquier otra cosa, la mayor\u00eda de ellos provienen de la cercana isla de Ibiza. En el centro de la isla de Espalmador hay un estanque fangoso, apreciado por aquellos que creen en las virtudes de los ba\u00f1os de barro. Para los visitantes, casi se ha convertido en una tradici\u00f3n tomar un ba\u00f1o de barro y luego correr al mar para enjuagar. Propiedad privada deshabitada pero sus 146 hect\u00e1reas son accesibles para los ba\u00f1istas (nudistas) que tambi\u00e9n aprecian los famosos ba\u00f1os de barro de azufre, que se forman en cuencos naturales cerca de sus largas playas naturales de arena fina. Los barcos pueden mojarse en las calas celestiales de S&#39;Alga en el centro y su Torreta en el noroeste.<\/p>\n<h3>Senderismo para el tour por la isla<\/h3>\n<p>Primera etapa: 28km en 7 horas. No es una etapa dif\u00edcil, pero su larga distancia, su calor y algunas dificultades en el campo lo complican. Vistas de gran belleza, sorpresas importantes y desconocidas y algunos de los lugares m\u00e1s famosos de Formentera en un solo itinerario. Salimos de Sa Rosa des Vents en el puerto de La Savina, hacia S&#39;Estany des Peix, tomamos el camino que conduce a Can Marroig y Torre de sa Gavina. A continuaci\u00f3n, siga la costa hasta Cala Saona, la \u00faltima oportunidad de encontrar un lugar para sofocar (si est\u00e1 abierto). No hay dificultad en la carretera. Saliendo de Cala Saona, el camino comienza a subir, ver\u00e1 zonas con espectaculares acantilados. Luego se llega a las cercan\u00edas del vertedero del Cabo de Barbaria. A partir de ah\u00ed, el camino se vuelve m\u00e1s complicado, pedregoso, varios torrentes, los dos primeros son m\u00e1s complicados de bajar y subir. Llegas a Es Far des Cap de Barbaria y Sa Torre, lugares muy representativos de Formentera. A medida que contin\u00faas, sigues pasando por torrents, pero m\u00e1s f\u00e1cil de pasar. La mayor dificultad viene cuando se trata de pasar Torrent Fondo, es un descenso vertiginoso que puede no ser f\u00e1cil de ver al principio, pero no es tan dif\u00edcil cuando est\u00e1s all\u00ed. M\u00e1s tarde, se llega a una zona civilizada hasta Es Raco de s&#39;Alga. Por \u00faltimo, alternando algunos tramos de arena dura y una pasarela, visite la Torre des Pi des Catal\u00e1 y termine alrededor del Hotel Formentera Playa.<br \/>\nSegunda etapa: 25km en 5 horas. Este es un paso relativamente simple excepto en el punto indicado como &quot;Torrente salvaje&quot;. Desde el Hotel Formentera Playa en Migjorn, se dirige a la pasarela, a lo largo de la costa hasta la Muerte Calo y Es Ram. Luego una intensa subida que te lleva a la cima de La Mola. A lo largo de los senderos despejados, llegamos al barrio de Es Far de La Mola, una de las visita obligadas de Formentera.<br \/>\nContinuamos nuestra ruta entrando por la Vendenda des Monestir, primero por un camino despejado y luego por un terreno pedregoso y muy cerca de los acantilados. No hay camino despejado y vamos varios kil\u00f3metros, evitando en la medida de lo posible las piedras y arbustos. Una vez que llegas al &quot;torrente salvaje&quot; tienes la sensaci\u00f3n de que es imposible pasar, pero un camino pasa y el descenso, as\u00ed como la subida requieren toda tu atenci\u00f3n. Una vez pasado el torrente, encontramos un terreno pedregoso, luego un camino muy cerca del acantilado, ahora es a trav\u00e9s del bosque que avanzamos hasta la Cama de sa Pujada, que esta vez baja hasta el hermoso pueblo de Es Calo de Sant Agusto.<br \/>\nTercera etapa: 21 km en 5 horas. del Tour de Formentera despu\u00e9s del Camino All Round de Formentera (FART) de 2013, aunque esta vez casi no es necesaria ninguna pista, ya que la carretera es bastante costera (aunque en Punta Prima hicimos una alternativa). A pesar de junio, hab\u00eda habido una tormenta por la noche y la ruta se pod\u00eda hacer sin problemas de calor excesivos, aunque ya hay mucha gente en todas sus playas a medida que pasamos. Este paso muy caliente puede ser muy doloroso. La ruta es absolutamente espectacular. Saliendo de Es Camo, se cruzan playas y rocas hasta Cala en Baster, destacando el espectacular color del agua en todo momento. En Cala en Baster comienza el \u00fanico d\u00eda de subida al acantilado de Punta Prima, incluyendo su torre. M\u00e1s tarde, nos mudamos dentro de un establecimiento tur\u00edstico (que se puede evitar f\u00e1cilmente si lo desea) sin ning\u00fan problema para llegar a Es Pujols, donde toda la infraestructura tur\u00edstica ya estaba a plena capacidad. Despu\u00e9s de un ba\u00f1o, continuaremos por la zona de playas de Ses Canyes y Sa Roqueta, hasta llegar a las playas de Llevant. En estos lugares, hay muchos kil\u00f3metros para ir en la arena, lo que dificulta el paso, hay varios bares abiertos si se necesita un aperitivo. Una vez que salgas del \u00faltimo establecimiento de los Illetes (Ministro) a la izquierda, sigue la secci\u00f3n m\u00e1s rocosa hasta Trucadors, la zona m\u00e1s septentrional de Formentera con un paso hacia Espalmador, a veces peligrosa. Volvimos al otro lado (donde el viento soplaba mucho m\u00e1s esta vez) y pasamos por el barrio m\u00e1s famoso de Formentera (Illetes) casi vac\u00edo, luego desde el restaurante Es Molo de Sal pasamos por la playa de Es Cavall den Borr\u00e1s, dej\u00e1ndolo lijado por el chiringuito de la playa de Beso y se dirige hacia La Savina , terminando con la rosa de los vientos del puerto.<br \/>\n<img decoding=\"async\" data-src=\"https:\/\/unsuisseamallorca.com\/wp-content\/uploads\/2020\/07\/1-768x576.jpg\" data-sizes=\"(max-width: 768px) 100vw, 768px\" data-srcset=\"https:\/\/unsuisseamallorca.com\/wp-content\/uploads\/2020\/07\/1-768x576.jpg 768w, https:\/\/unsuisseamallorca.com\/wp-content\/uploads\/2020\/07\/1-300x225.jpg 300w, https:\/\/unsuisseamallorca.com\/wp-content\/uploads\/2020\/07\/1-1024x768.jpg 1024w, https:\/\/unsuisseamallorca.com\/wp-content\/uploads\/2020\/07\/1-1536x1152.jpg 1536w, https:\/\/unsuisseamallorca.com\/wp-content\/uploads\/2020\/07\/1.jpg 1600w\" alt=\"\" width=\"768\" height=\"576\" src=\"data:image\/svg+xml;base64,PHN2ZyB3aWR0aD0iMSIgaGVpZ2h0PSIxIiB4bWxucz0iaHR0cDovL3d3dy53My5vcmcvMjAwMC9zdmciPjwvc3ZnPg==\" class=\"lazyload\" style=\"--smush-placeholder-width: 768px; --smush-placeholder-aspect-ratio: 768\/576;\" \/><br \/>\n<img decoding=\"async\" data-src=\"https:\/\/unsuisseamallorca.com\/wp-content\/uploads\/2020\/07\/11365564Master-768x1024.jpg\" data-sizes=\"(max-width: 768px) 100vw, 768px\" data-srcset=\"https:\/\/unsuisseamallorca.com\/wp-content\/uploads\/2020\/07\/11365564Master-768x1024.jpg 768w, https:\/\/unsuisseamallorca.com\/wp-content\/uploads\/2020\/07\/11365564Master-225x300.jpg 225w, https:\/\/unsuisseamallorca.com\/wp-content\/uploads\/2020\/07\/11365564Master.jpg 900w\" alt=\"\" width=\"768\" height=\"1024\" src=\"data:image\/svg+xml;base64,PHN2ZyB3aWR0aD0iMSIgaGVpZ2h0PSIxIiB4bWxucz0iaHR0cDovL3d3dy53My5vcmcvMjAwMC9zdmciPjwvc3ZnPg==\" class=\"lazyload\" style=\"--smush-placeholder-width: 768px; --smush-placeholder-aspect-ratio: 768\/1024;\" \/><br \/>\n<img decoding=\"async\" data-src=\"https:\/\/unsuisseamallorca.com\/wp-content\/uploads\/2020\/07\/15030279Master-768x1024.jpg\" data-sizes=\"(max-width: 768px) 100vw, 768px\" data-srcset=\"https:\/\/unsuisseamallorca.com\/wp-content\/uploads\/2020\/07\/15030279Master-768x1024.jpg 768w, https:\/\/unsuisseamallorca.com\/wp-content\/uploads\/2020\/07\/15030279Master-225x300.jpg 225w, https:\/\/unsuisseamallorca.com\/wp-content\/uploads\/2020\/07\/15030279Master.jpg 900w\" alt=\"\" width=\"768\" height=\"1024\" src=\"data:image\/svg+xml;base64,PHN2ZyB3aWR0aD0iMSIgaGVpZ2h0PSIxIiB4bWxucz0iaHR0cDovL3d3dy53My5vcmcvMjAwMC9zdmciPjwvc3ZnPg==\" class=\"lazyload\" style=\"--smush-placeholder-width: 768px; --smush-placeholder-aspect-ratio: 768\/1024;\" \/><br \/>\n<img decoding=\"async\" data-src=\"https:\/\/unsuisseamallorca.com\/wp-content\/uploads\/2020\/07\/15088760Master-768x576.jpg\" data-sizes=\"(max-width: 768px) 100vw, 768px\" data-srcset=\"https:\/\/unsuisseamallorca.com\/wp-content\/uploads\/2020\/07\/15088760Master-768x576.jpg 768w, https:\/\/unsuisseamallorca.com\/wp-content\/uploads\/2020\/07\/15088760Master-300x225.jpg 300w, https:\/\/unsuisseamallorca.com\/wp-content\/uploads\/2020\/07\/15088760Master-1024x768.jpg 1024w, https:\/\/unsuisseamallorca.com\/wp-content\/uploads\/2020\/07\/15088760Master-1536x1152.jpg 1536w, https:\/\/unsuisseamallorca.com\/wp-content\/uploads\/2020\/07\/15088760Master.jpg 1600w\" alt=\"\" width=\"768\" height=\"576\" src=\"data:image\/svg+xml;base64,PHN2ZyB3aWR0aD0iMSIgaGVpZ2h0PSIxIiB4bWxucz0iaHR0cDovL3d3dy53My5vcmcvMjAwMC9zdmciPjwvc3ZnPg==\" class=\"lazyload\" style=\"--smush-placeholder-width: 768px; --smush-placeholder-aspect-ratio: 768\/576;\" \/><br \/>\n<img decoding=\"async\" data-src=\"https:\/\/unsuisseamallorca.com\/wp-content\/uploads\/2020\/07\/15088835Master-768x576.jpg\" data-sizes=\"(max-width: 768px) 100vw, 768px\" data-srcset=\"https:\/\/unsuisseamallorca.com\/wp-content\/uploads\/2020\/07\/15088835Master-768x576.jpg 768w, https:\/\/unsuisseamallorca.com\/wp-content\/uploads\/2020\/07\/15088835Master-300x225.jpg 300w, https:\/\/unsuisseamallorca.com\/wp-content\/uploads\/2020\/07\/15088835Master-1024x768.jpg 1024w, https:\/\/unsuisseamallorca.com\/wp-content\/uploads\/2020\/07\/15088835Master-1536x1152.jpg 1536w, https:\/\/unsuisseamallorca.com\/wp-content\/uploads\/2020\/07\/15088835Master.jpg 1600w\" alt=\"\" width=\"768\" height=\"576\" src=\"data:image\/svg+xml;base64,PHN2ZyB3aWR0aD0iMSIgaGVpZ2h0PSIxIiB4bWxucz0iaHR0cDovL3d3dy53My5vcmcvMjAwMC9zdmciPjwvc3ZnPg==\" class=\"lazyload\" style=\"--smush-placeholder-width: 768px; --smush-placeholder-aspect-ratio: 768\/576;\" \/><br \/>\n<img decoding=\"async\" data-src=\"https:\/\/unsuisseamallorca.com\/wp-content\/uploads\/2020\/07\/15088959Master-768x1024.jpg\" data-sizes=\"(max-width: 768px) 100vw, 768px\" data-srcset=\"https:\/\/unsuisseamallorca.com\/wp-content\/uploads\/2020\/07\/15088959Master-768x1024.jpg 768w, https:\/\/unsuisseamallorca.com\/wp-content\/uploads\/2020\/07\/15088959Master-225x300.jpg 225w, https:\/\/unsuisseamallorca.com\/wp-content\/uploads\/2020\/07\/15088959Master.jpg 900w\" alt=\"\" width=\"768\" height=\"1024\" src=\"data:image\/svg+xml;base64,PHN2ZyB3aWR0aD0iMSIgaGVpZ2h0PSIxIiB4bWxucz0iaHR0cDovL3d3dy53My5vcmcvMjAwMC9zdmciPjwvc3ZnPg==\" class=\"lazyload\" style=\"--smush-placeholder-width: 768px; --smush-placeholder-aspect-ratio: 768\/1024;\" \/><br \/>\n<img decoding=\"async\" data-src=\"https:\/\/unsuisseamallorca.com\/wp-content\/uploads\/2020\/07\/16336732Master-768x576.jpg\" data-sizes=\"(max-width: 768px) 100vw, 768px\" data-srcset=\"https:\/\/unsuisseamallorca.com\/wp-content\/uploads\/2020\/07\/16336732Master-768x576.jpg 768w, https:\/\/unsuisseamallorca.com\/wp-content\/uploads\/2020\/07\/16336732Master-300x225.jpg 300w, https:\/\/unsuisseamallorca.com\/wp-content\/uploads\/2020\/07\/16336732Master-1024x768.jpg 1024w, https:\/\/unsuisseamallorca.com\/wp-content\/uploads\/2020\/07\/16336732Master-1536x1152.jpg 1536w, https:\/\/unsuisseamallorca.com\/wp-content\/uploads\/2020\/07\/16336732Master.jpg 1600w\" alt=\"\" width=\"768\" height=\"576\" src=\"data:image\/svg+xml;base64,PHN2ZyB3aWR0aD0iMSIgaGVpZ2h0PSIxIiB4bWxucz0iaHR0cDovL3d3dy53My5vcmcvMjAwMC9zdmciPjwvc3ZnPg==\" class=\"lazyload\" style=\"--smush-placeholder-width: 768px; --smush-placeholder-aspect-ratio: 768\/576;\" \/><br \/>\n<img decoding=\"async\" data-src=\"https:\/\/unsuisseamallorca.com\/wp-content\/uploads\/2020\/07\/Bandera_de_Formentera.svg-1-768x512.png\" data-sizes=\"(max-width: 768px) 100vw, 768px\" data-srcset=\"https:\/\/unsuisseamallorca.com\/wp-content\/uploads\/2020\/07\/Bandera_de_Formentera.svg-1-768x512.png 768w, https:\/\/unsuisseamallorca.com\/wp-content\/uploads\/2020\/07\/Bandera_de_Formentera.svg-1-300x200.png 300w, https:\/\/unsuisseamallorca.com\/wp-content\/uploads\/2020\/07\/Bandera_de_Formentera.svg-1-1024x683.png 1024w, https:\/\/unsuisseamallorca.com\/wp-content\/uploads\/2020\/07\/Bandera_de_Formentera.svg-1-1536x1024.png 1536w, https:\/\/unsuisseamallorca.com\/wp-content\/uploads\/2020\/07\/Bandera_de_Formentera.svg-1.png 1920w\" alt=\"\" width=\"768\" height=\"512\" src=\"data:image\/svg+xml;base64,PHN2ZyB3aWR0aD0iMSIgaGVpZ2h0PSIxIiB4bWxucz0iaHR0cDovL3d3dy53My5vcmcvMjAwMC9zdmciPjwvc3ZnPg==\" class=\"lazyload\" style=\"--smush-placeholder-width: 768px; --smush-placeholder-aspect-ratio: 768\/512;\" \/><\/p>\n<h3>Culturas<\/h3>\n<p>Los paisajes de vi\u00f1edos, olivos y peque\u00f1os campos de trigo&#8230; o cactus, y en general las rutas de senderismo que tambi\u00e9n descubren en un desv\u00edo las cuevas profundas formadas por el agua en la roca k\u00e1rstica.<\/p>\n<h3>\u00bfQu\u00e9 ver?<\/h3>\n<p>A la vuelta de la ruta de senderismo que une las aldeas de Las Salinas con su Pedrera a lo largo de los dos estanques de sal, aparece la Punta Pedreras (al oeste de la isla y al suroeste del puerto de Savina: una gran extensi\u00f3n mineral salpicada de agujeros que el mar ha transformado en piscinas naturales, tambi\u00e9n llenas de lodos de sulfuro y bordeadas de sal. Las salinas y las estructuras que los alimentan son inevitables, al igual que: el hist\u00f3rico molino de viento, las antiguas torres de vigilancia alrededor de la isla, las peque\u00f1as casas campesinas tradicionales y las peque\u00f1as capillas de piedra con muy pocas aberturas. Los pueblos tienen mucho encanto, especialmente San Francesco Xavier con sus casas encaladas y tiendas de artesan\u00edas locales. Formentera es tambi\u00e9n el hogar de una de las playas m\u00e1s bellas del mundo: sus islas. Su arena blanca contrasta con el color cautivador de sus aguas. Uno de mis lugares favoritos en Formentera es el Faro de Mola, un lugar aislado del mundo y encaramado en un acantilado. Este faro es accesible s\u00f3lo por una carretera. El panorama es realmente impresionante y la guinda del pastel, dif\u00edcilmente conocer\u00e1 a nadie.<\/p>\n<p><img decoding=\"async\" data-src=\"https:\/\/unsuisseamallorca.com\/wp-content\/uploads\/2020\/07\/shutterstock_367662158-1-3000x2500-1-768x576.jpg\" data-sizes=\"(max-width: 768px) 100vw, 768px\" data-srcset=\"https:\/\/unsuisseamallorca.com\/wp-content\/uploads\/2020\/07\/shutterstock_367662158-1-3000x2500-1-768x576.jpg 768w, https:\/\/unsuisseamallorca.com\/wp-content\/uploads\/2020\/07\/shutterstock_367662158-1-3000x2500-1-300x225.jpg 300w, https:\/\/unsuisseamallorca.com\/wp-content\/uploads\/2020\/07\/shutterstock_367662158-1-3000x2500-1-1024x768.jpg 1024w, https:\/\/unsuisseamallorca.com\/wp-content\/uploads\/2020\/07\/shutterstock_367662158-1-3000x2500-1-1536x1152.jpg 1536w, https:\/\/unsuisseamallorca.com\/wp-content\/uploads\/2020\/07\/shutterstock_367662158-1-3000x2500-1.jpg 1600w\" alt=\"\" width=\"768\" height=\"576\" src=\"data:image\/svg+xml;base64,PHN2ZyB3aWR0aD0iMSIgaGVpZ2h0PSIxIiB4bWxucz0iaHR0cDovL3d3dy53My5vcmcvMjAwMC9zdmciPjwvc3ZnPg==\" class=\"lazyload\" style=\"--smush-placeholder-width: 768px; --smush-placeholder-aspect-ratio: 768\/576;\" \/><br \/>\n<img decoding=\"async\" data-src=\"https:\/\/unsuisseamallorca.com\/wp-content\/uploads\/2020\/07\/boat-trip-formentera1-768x420.jpg\" data-sizes=\"(max-width: 768px) 100vw, 768px\" data-srcset=\"https:\/\/unsuisseamallorca.com\/wp-content\/uploads\/2020\/07\/boat-trip-formentera1-768x420.jpg 768w, https:\/\/unsuisseamallorca.com\/wp-content\/uploads\/2020\/07\/boat-trip-formentera1-300x164.jpg 300w, https:\/\/unsuisseamallorca.com\/wp-content\/uploads\/2020\/07\/boat-trip-formentera1-1024x559.jpg 1024w, https:\/\/unsuisseamallorca.com\/wp-content\/uploads\/2020\/07\/boat-trip-formentera1.jpg 1100w\" alt=\"\" width=\"768\" height=\"420\" src=\"data:image\/svg+xml;base64,PHN2ZyB3aWR0aD0iMSIgaGVpZ2h0PSIxIiB4bWxucz0iaHR0cDovL3d3dy53My5vcmcvMjAwMC9zdmciPjwvc3ZnPg==\" class=\"lazyload\" style=\"--smush-placeholder-width: 768px; --smush-placeholder-aspect-ratio: 768\/420;\" \/><br \/>\n<img decoding=\"async\" data-src=\"https:\/\/unsuisseamallorca.com\/wp-content\/uploads\/2020\/07\/photo.1518631.w630.jpg\" data-sizes=\"(max-width: 630px) 100vw, 630px\" data-srcset=\"https:\/\/unsuisseamallorca.com\/wp-content\/uploads\/2020\/07\/photo.1518631.w630.jpg 630w, https:\/\/unsuisseamallorca.com\/wp-content\/uploads\/2020\/07\/photo.1518631.w630-300x225.jpg 300w\" alt=\"\" width=\"630\" height=\"473\" src=\"data:image\/svg+xml;base64,PHN2ZyB3aWR0aD0iMSIgaGVpZ2h0PSIxIiB4bWxucz0iaHR0cDovL3d3dy53My5vcmcvMjAwMC9zdmciPjwvc3ZnPg==\" class=\"lazyload\" style=\"--smush-placeholder-width: 630px; --smush-placeholder-aspect-ratio: 630\/473;\" \/><br \/>\n<img decoding=\"async\" data-src=\"https:\/\/unsuisseamallorca.com\/wp-content\/uploads\/2020\/07\/experiencia-formentera-ses-salines-de-formentera-uno-de-los-paisajes-mas-impactantes-de-las-islas-img1-768x432.jpg\" data-sizes=\"(max-width: 768px) 100vw, 768px\" data-srcset=\"https:\/\/unsuisseamallorca.com\/wp-content\/uploads\/2020\/07\/experiencia-formentera-ses-salines-de-formentera-uno-de-los-paisajes-mas-impactantes-de-las-islas-img1-768x432.jpg 768w, https:\/\/unsuisseamallorca.com\/wp-content\/uploads\/2020\/07\/experiencia-formentera-ses-salines-de-formentera-uno-de-los-paisajes-mas-impactantes-de-las-islas-img1-300x169.jpg 300w, https:\/\/unsuisseamallorca.com\/wp-content\/uploads\/2020\/07\/experiencia-formentera-ses-salines-de-formentera-uno-de-los-paisajes-mas-impactantes-de-las-islas-img1-1024x576.jpg 1024w, https:\/\/unsuisseamallorca.com\/wp-content\/uploads\/2020\/07\/experiencia-formentera-ses-salines-de-formentera-uno-de-los-paisajes-mas-impactantes-de-las-islas-img1-1536x864.jpg 1536w, https:\/\/unsuisseamallorca.com\/wp-content\/uploads\/2020\/07\/experiencia-formentera-ses-salines-de-formentera-uno-de-los-paisajes-mas-impactantes-de-las-islas-img1.jpg 1920w\" alt=\"\" width=\"768\" height=\"432\" src=\"data:image\/svg+xml;base64,PHN2ZyB3aWR0aD0iMSIgaGVpZ2h0PSIxIiB4bWxucz0iaHR0cDovL3d3dy53My5vcmcvMjAwMC9zdmciPjwvc3ZnPg==\" class=\"lazyload\" style=\"--smush-placeholder-width: 768px; --smush-placeholder-aspect-ratio: 768\/432;\" \/><br \/>\n<img decoding=\"async\" data-src=\"https:\/\/unsuisseamallorca.com\/wp-content\/uploads\/2020\/07\/gianfranco-di-nuzzo1-1024x656-1-768x492.jpg\" data-sizes=\"(max-width: 768px) 100vw, 768px\" data-srcset=\"https:\/\/unsuisseamallorca.com\/wp-content\/uploads\/2020\/07\/gianfranco-di-nuzzo1-1024x656-1-768x492.jpg 768w, https:\/\/unsuisseamallorca.com\/wp-content\/uploads\/2020\/07\/gianfranco-di-nuzzo1-1024x656-1-300x192.jpg 300w, https:\/\/unsuisseamallorca.com\/wp-content\/uploads\/2020\/07\/gianfranco-di-nuzzo1-1024x656-1.jpg 1024w\" alt=\"\" width=\"768\" height=\"492\" src=\"data:image\/svg+xml;base64,PHN2ZyB3aWR0aD0iMSIgaGVpZ2h0PSIxIiB4bWxucz0iaHR0cDovL3d3dy53My5vcmcvMjAwMC9zdmciPjwvc3ZnPg==\" class=\"lazyload\" style=\"--smush-placeholder-width: 768px; --smush-placeholder-aspect-ratio: 768\/492;\" \/><\/p>\n<h3>Las salinas<\/h3>\n<p>Las salinas de Formentera fueron declaradas Patrimonio de la Humanidad por la UNESCO en 1999.\u00a0Son un sitio excepcional formado por m\u00e1s de 2.000 a\u00f1os de historia y son el hogar del lago de sal marino m\u00e1s grande de Europa, alimentado por agua de mar filtrada naturalmente oxigenada por el prado submarino m\u00e1s grande de Posidona Oceanica en el mundo.<\/p>\n<p><strong>David Calzada Pous<\/strong> reinici\u00f3 la producci\u00f3n de sal en Formentera en 2008.\u00a0Fue al querer probar la calidad del agua que descubri\u00f3 que en forma l\u00edquida, la sal de Formentera ten\u00eda un sabor muy armonioso comparable a otras sales marinas de calidad.\u00a0Las pruebas de laboratorio mostraron que la sal l\u00edquida de Formentera conten\u00eda s\u00f3lo un 8% de sodio. Fue entonces cuando David Calzada Pous lanz\u00f3 la comercializaci\u00f3n de este producto para permitir a las personas disfrutar del sabor de la sal mientras limitaba los riesgos asociados con el sodio.<\/p>\n<h3>Las playas<\/h3>\n<p>Formentera cuenta con unos 20 kil\u00f3metros de hermosas playas de arena blanca bordeadas de aguas turquesas (un color debido a la presencia de posidonias, una planta acu\u00e1tica; de hecho, Formentera tiene la mayor pradera de posidonia, declarada Patrimonio de la Humanidad por la Unesco en 1999). Las playas se han conservado gracias a una urbanizaci\u00f3n muy baja, sin grandes complejos inmobiliarios. En Formentera, el naturismo est\u00e1 permitido en todas las playas y todas las playas son mixtas, por lo que depende de usted si desea o no mantener su traje de ba\u00f1o! As\u00ed que s\u00ed, probablemente sea mejor buscar la playa que m\u00e1s te convenga y encontrar el pedazo de arena adecuado para instalarse.<\/p>\n<p>Dado que Formentera es una peque\u00f1a isla, ser\u00e1 f\u00e1cil recorrer las cortas distancias de una playa a otra para encontrar un rinc\u00f3n protegido del viento. Como hay viento diario, elija una playa situada contra la corriente: si el viento sopla desde el norte, ir al sur de la isla; Si es un viento del oeste, vaya al este&#8230; Ver\u00e1s en cada playa las banderas que indican las condiciones de la nataci\u00f3n: ten mucho cuidado con lo que dicen. Para que conste, la bandera verde significa &quot;nataci\u00f3n autorizada&quot;, la &quot;nataci\u00f3n peligrosa&quot; amarilla y la bandera roja significa &quot;sin nadar&quot;. Aunque el mar puede parecer tranquilo, algunos lugares est\u00e1n ba\u00f1ados por fuertes corrientes que pueden ser peligrosas.<\/p>\n<h4>Illetes \/ Llevant<\/h4>\n<p>Situadas en el Parque Natural de Salines, estas playas son accesibles en coche o moto por un precio de entrada (de mayo a octubre, 4 euros para coches y 2 euros para veh\u00edculos de dos ruedas). Illetes y Llevant se encuentran en la pen\u00ednsula de Es Trucadors. Illetes est\u00e1 al oeste y Llevant al este, pero casi se podr\u00eda decir que es una sola playa con dos lados. Illetes es la playa m\u00e1s famosa de Formentera, filmada en varios comerciales. Por eso se invadi\u00f3 en agosto. Sin embargo, esta playa pr\u00edstina tiene varios chiringuitos. Las aguas de ba\u00f1o son generalmente bastante tranquilas, protegidas por los muchos islotes que corren a lo largo de la costa. Se puede llegar f\u00e1cilmente a Illetes por carretera, en coche o autob\u00fas, o a pie desde La Savina. La playa de Llevant, al este, es m\u00e1s salvaje y menos concurrida, principalmente por el viento que sopla. De hecho, la isla de Formentera est\u00e1 expuesta a los vientos del oc\u00e9ano, Llevant es a menudo arrastrado por el viento con un mar m\u00e1s \u00e1spero, mientras que el otro lado (Illetes) es tranquilo y tranquilo. Esta playa es f\u00e1cilmente accesible por carretera, coche o autob\u00fas, y a pocos pasos de Es Pujols.<\/p>\n<h4>Migjorn<\/h4>\n<p>La playa m\u00e1s larga de Formentera (casi 8 kil\u00f3metros), Migjorn se encuentra en el sur de la isla. Es una sucesi\u00f3n de playas separadas por peque\u00f1as pilas de rocas. El comienzo de la playa es m\u00e1s salvaje con una gran cantidad de algas, mientras que el otro extremo tiene un gran tramo de arena (llamado Es Arenals). En Migjorn, es muy importante prestar atenci\u00f3n a las advertencias de los guardacostas, ya que los arrecifes sumergidos paralelos a la costa causan fuertes corrientes que pueden ser muy peligrosas. Aqu\u00ed, cuando la bandera es roja, usted debe NUNCA, y realmente NUNCA ba\u00f1arse. La playa de Migjorn se extiende por las playas de Es Cupina y Es Cjo des Mort, lugares con encanto para estar. Es muy f\u00e1cil llegar a Migjorn, s\u00f3lo tiene que seguir la se\u00f1alizaci\u00f3n en la carretera principal.<\/p>\n<h4>Tramuntana \/ Ses Platgetes<\/h4>\n<p>Esta playa est\u00e1 sin litoral entre dos zonas de pesca: Cala en Baster y Es Calo de Sant Agusto. Esta costa es a menudo golpeada por las calabazas del norte, pero se pueden encontrar f\u00e1cilmente algunos lugares protegidos. Antes de llegar a Es Calo de Sant Agusto, se encontrar\u00e1 con Ses Platgetes, peque\u00f1as calas con cabeceras rocosas, un espl\u00e9ndido mar y tramos de arena fina. Al igual que otras playas, es f\u00e1cilmente accesible en coche o autob\u00fas.<\/p>\n<h4>Cala Saona<\/h4>\n<p>Esta playa se encuentra en la costa oeste de la isla. Tambi\u00e9n es uno de los m\u00e1s concurrido gracias a la presencia de un hotel junto a la playa. Es una hermosa playa grande (de unos 140 metros de largo y 120 metros de ancho) situada entre dos acantilados. El acceso en coche es conveniente (ruta indicada desde Sant Francesc) y los autobuses sirven a la estaci\u00f3n.<\/p>\n<h4>Es Pujols<\/h4>\n<p>Es Pujols se puede considerar una playa urbana, ya que se ha integrado en el pueblo. Est\u00e1 muy bien protegido gracias a la presencia de islas. Esta playa es particularmente hermosa en temporada baja, cuando el pueblo recupera su tranquilidad. Pierde parte de su encanto en temporada alta.<\/p>\n<h4>Cavall de en Borr\u00e1s<\/h4>\n<p>Se encuentra al principio de Illetes, cerca del puerto de La Savina. Adem\u00e1s, puedes venir a pie desde La Savina<\/p>\n<p><img decoding=\"async\" data-src=\"https:\/\/unsuisseamallorca.com\/wp-content\/uploads\/2020\/07\/IMG_0629-768x576.png\" data-sizes=\"(max-width: 768px) 100vw, 768px\" data-srcset=\"https:\/\/unsuisseamallorca.com\/wp-content\/uploads\/2020\/07\/IMG_0629-768x576.png 768w, https:\/\/unsuisseamallorca.com\/wp-content\/uploads\/2020\/07\/IMG_0629-300x225.png 300w, https:\/\/unsuisseamallorca.com\/wp-content\/uploads\/2020\/07\/IMG_0629-1024x768.png 1024w, https:\/\/unsuisseamallorca.com\/wp-content\/uploads\/2020\/07\/IMG_0629-1536x1152.png 1536w, https:\/\/unsuisseamallorca.com\/wp-content\/uploads\/2020\/07\/IMG_0629.png 2048w\" alt=\"\" width=\"768\" height=\"576\" src=\"data:image\/svg+xml;base64,PHN2ZyB3aWR0aD0iMSIgaGVpZ2h0PSIxIiB4bWxucz0iaHR0cDovL3d3dy53My5vcmcvMjAwMC9zdmciPjwvc3ZnPg==\" class=\"lazyload\" style=\"--smush-placeholder-width: 768px; --smush-placeholder-aspect-ratio: 768\/576;\" \/><br \/>\n<img decoding=\"async\" data-src=\"https:\/\/unsuisseamallorca.com\/wp-content\/uploads\/2020\/07\/IMG_0630-768x576.png\" data-sizes=\"(max-width: 768px) 100vw, 768px\" data-srcset=\"https:\/\/unsuisseamallorca.com\/wp-content\/uploads\/2020\/07\/IMG_0630-768x576.png 768w, https:\/\/unsuisseamallorca.com\/wp-content\/uploads\/2020\/07\/IMG_0630-300x225.png 300w, https:\/\/unsuisseamallorca.com\/wp-content\/uploads\/2020\/07\/IMG_0630-1024x768.png 1024w, https:\/\/unsuisseamallorca.com\/wp-content\/uploads\/2020\/07\/IMG_0630-1536x1152.png 1536w, https:\/\/unsuisseamallorca.com\/wp-content\/uploads\/2020\/07\/IMG_0630.png 2048w\" alt=\"\" width=\"768\" height=\"576\" src=\"data:image\/svg+xml;base64,PHN2ZyB3aWR0aD0iMSIgaGVpZ2h0PSIxIiB4bWxucz0iaHR0cDovL3d3dy53My5vcmcvMjAwMC9zdmciPjwvc3ZnPg==\" class=\"lazyload\" style=\"--smush-placeholder-width: 768px; --smush-placeholder-aspect-ratio: 768\/576;\" \/><br \/>\n<img decoding=\"async\" data-src=\"https:\/\/unsuisseamallorca.com\/wp-content\/uploads\/2020\/07\/IMG_0631-768x576.png\" data-sizes=\"(max-width: 768px) 100vw, 768px\" data-srcset=\"https:\/\/unsuisseamallorca.com\/wp-content\/uploads\/2020\/07\/IMG_0631-768x576.png 768w, https:\/\/unsuisseamallorca.com\/wp-content\/uploads\/2020\/07\/IMG_0631-300x225.png 300w, https:\/\/unsuisseamallorca.com\/wp-content\/uploads\/2020\/07\/IMG_0631-1024x768.png 1024w, https:\/\/unsuisseamallorca.com\/wp-content\/uploads\/2020\/07\/IMG_0631-1536x1152.png 1536w, https:\/\/unsuisseamallorca.com\/wp-content\/uploads\/2020\/07\/IMG_0631.png 2048w\" alt=\"\" width=\"768\" height=\"576\" src=\"data:image\/svg+xml;base64,PHN2ZyB3aWR0aD0iMSIgaGVpZ2h0PSIxIiB4bWxucz0iaHR0cDovL3d3dy53My5vcmcvMjAwMC9zdmciPjwvc3ZnPg==\" class=\"lazyload\" style=\"--smush-placeholder-width: 768px; --smush-placeholder-aspect-ratio: 768\/576;\" \/><br \/>\n<img decoding=\"async\" data-src=\"https:\/\/unsuisseamallorca.com\/wp-content\/uploads\/2020\/07\/IMG_0635-768x576.png\" data-sizes=\"(max-width: 768px) 100vw, 768px\" data-srcset=\"https:\/\/unsuisseamallorca.com\/wp-content\/uploads\/2020\/07\/IMG_0635-768x576.png 768w, https:\/\/unsuisseamallorca.com\/wp-content\/uploads\/2020\/07\/IMG_0635-300x225.png 300w, https:\/\/unsuisseamallorca.com\/wp-content\/uploads\/2020\/07\/IMG_0635-1024x768.png 1024w, https:\/\/unsuisseamallorca.com\/wp-content\/uploads\/2020\/07\/IMG_0635-1536x1152.png 1536w, https:\/\/unsuisseamallorca.com\/wp-content\/uploads\/2020\/07\/IMG_0635.png 2048w\" alt=\"\" width=\"768\" height=\"576\" src=\"data:image\/svg+xml;base64,PHN2ZyB3aWR0aD0iMSIgaGVpZ2h0PSIxIiB4bWxucz0iaHR0cDovL3d3dy53My5vcmcvMjAwMC9zdmciPjwvc3ZnPg==\" class=\"lazyload\" style=\"--smush-placeholder-width: 768px; --smush-placeholder-aspect-ratio: 768\/576;\" \/><br \/>\n<img decoding=\"async\" data-src=\"https:\/\/unsuisseamallorca.com\/wp-content\/uploads\/2020\/07\/IMG_0636-768x576.png\" data-sizes=\"(max-width: 768px) 100vw, 768px\" data-srcset=\"https:\/\/unsuisseamallorca.com\/wp-content\/uploads\/2020\/07\/IMG_0636-768x576.png 768w, https:\/\/unsuisseamallorca.com\/wp-content\/uploads\/2020\/07\/IMG_0636-300x225.png 300w, https:\/\/unsuisseamallorca.com\/wp-content\/uploads\/2020\/07\/IMG_0636-1024x768.png 1024w, https:\/\/unsuisseamallorca.com\/wp-content\/uploads\/2020\/07\/IMG_0636-1536x1152.png 1536w, https:\/\/unsuisseamallorca.com\/wp-content\/uploads\/2020\/07\/IMG_0636.png 2048w\" alt=\"\" width=\"768\" height=\"576\" src=\"data:image\/svg+xml;base64,PHN2ZyB3aWR0aD0iMSIgaGVpZ2h0PSIxIiB4bWxucz0iaHR0cDovL3d3dy53My5vcmcvMjAwMC9zdmciPjwvc3ZnPg==\" class=\"lazyload\" style=\"--smush-placeholder-width: 768px; --smush-placeholder-aspect-ratio: 768\/576;\" \/><br \/>\n<img decoding=\"async\" data-src=\"https:\/\/unsuisseamallorca.com\/wp-content\/uploads\/2020\/07\/IMG_0634-768x576.png\" data-sizes=\"(max-width: 768px) 100vw, 768px\" data-srcset=\"https:\/\/unsuisseamallorca.com\/wp-content\/uploads\/2020\/07\/IMG_0634-768x576.png 768w, https:\/\/unsuisseamallorca.com\/wp-content\/uploads\/2020\/07\/IMG_0634-300x225.png 300w, https:\/\/unsuisseamallorca.com\/wp-content\/uploads\/2020\/07\/IMG_0634-1024x768.png 1024w, https:\/\/unsuisseamallorca.com\/wp-content\/uploads\/2020\/07\/IMG_0634-1536x1152.png 1536w, https:\/\/unsuisseamallorca.com\/wp-content\/uploads\/2020\/07\/IMG_0634.png 2048w\" alt=\"\" width=\"768\" height=\"576\" src=\"data:image\/svg+xml;base64,PHN2ZyB3aWR0aD0iMSIgaGVpZ2h0PSIxIiB4bWxucz0iaHR0cDovL3d3dy53My5vcmcvMjAwMC9zdmciPjwvc3ZnPg==\" class=\"lazyload\" style=\"--smush-placeholder-width: 768px; --smush-placeholder-aspect-ratio: 768\/576;\" \/><br \/>\n<img decoding=\"async\" data-src=\"https:\/\/unsuisseamallorca.com\/wp-content\/uploads\/2020\/07\/IMG_0633-768x576.png\" data-sizes=\"(max-width: 768px) 100vw, 768px\" data-srcset=\"https:\/\/unsuisseamallorca.com\/wp-content\/uploads\/2020\/07\/IMG_0633-768x576.png 768w, https:\/\/unsuisseamallorca.com\/wp-content\/uploads\/2020\/07\/IMG_0633-300x225.png 300w, https:\/\/unsuisseamallorca.com\/wp-content\/uploads\/2020\/07\/IMG_0633-1024x768.png 1024w, https:\/\/unsuisseamallorca.com\/wp-content\/uploads\/2020\/07\/IMG_0633-1536x1152.png 1536w, https:\/\/unsuisseamallorca.com\/wp-content\/uploads\/2020\/07\/IMG_0633.png 2048w\" alt=\"\" width=\"768\" height=\"576\" src=\"data:image\/svg+xml;base64,PHN2ZyB3aWR0aD0iMSIgaGVpZ2h0PSIxIiB4bWxucz0iaHR0cDovL3d3dy53My5vcmcvMjAwMC9zdmciPjwvc3ZnPg==\" class=\"lazyload\" style=\"--smush-placeholder-width: 768px; --smush-placeholder-aspect-ratio: 768\/576;\" \/><br \/>\n<img decoding=\"async\" data-src=\"https:\/\/unsuisseamallorca.com\/wp-content\/uploads\/2020\/07\/3149BCC400000578-3449182-image-a-15_1455640258999_582_374.jpg\" data-sizes=\"(max-width: 582px) 100vw, 582px\" data-srcset=\"https:\/\/unsuisseamallorca.com\/wp-content\/uploads\/2020\/07\/3149BCC400000578-3449182-image-a-15_1455640258999_582_374.jpg 582w, https:\/\/unsuisseamallorca.com\/wp-content\/uploads\/2020\/07\/3149BCC400000578-3449182-image-a-15_1455640258999_582_374-300x193.jpg 300w\" alt=\"\" width=\"582\" height=\"374\" src=\"data:image\/svg+xml;base64,PHN2ZyB3aWR0aD0iMSIgaGVpZ2h0PSIxIiB4bWxucz0iaHR0cDovL3d3dy53My5vcmcvMjAwMC9zdmciPjwvc3ZnPg==\" class=\"lazyload\" style=\"--smush-placeholder-width: 582px; --smush-placeholder-aspect-ratio: 582\/374;\" \/><br \/>\n<img decoding=\"async\" data-src=\"https:\/\/unsuisseamallorca.com\/wp-content\/uploads\/2020\/07\/playas-y-calas-formentera-768x256.jpg\" data-sizes=\"(max-width: 768px) 100vw, 768px\" data-srcset=\"https:\/\/unsuisseamallorca.com\/wp-content\/uploads\/2020\/07\/playas-y-calas-formentera-768x256.jpg 768w, https:\/\/unsuisseamallorca.com\/wp-content\/uploads\/2020\/07\/playas-y-calas-formentera-300x100.jpg 300w, https:\/\/unsuisseamallorca.com\/wp-content\/uploads\/2020\/07\/playas-y-calas-formentera-1024x341.jpg 1024w, https:\/\/unsuisseamallorca.com\/wp-content\/uploads\/2020\/07\/playas-y-calas-formentera.jpg 1120w\" alt=\"\" width=\"768\" height=\"256\" src=\"data:image\/svg+xml;base64,PHN2ZyB3aWR0aD0iMSIgaGVpZ2h0PSIxIiB4bWxucz0iaHR0cDovL3d3dy53My5vcmcvMjAwMC9zdmciPjwvc3ZnPg==\" class=\"lazyload\" style=\"--smush-placeholder-width: 768px; --smush-placeholder-aspect-ratio: 768\/256;\" \/><\/p>\n<h2>BIENVENIDOS a Formentera<\/h2>\n<p>El verdadero viaje del descubrimiento no es buscar nuevos paisajes, sino tener nuevos ojos.<\/p>\n<p><a role=\"button\" href=\"https:\/\/unsuisseamallorca.com\/\"><br \/>\nDe vuelta a la recepci\u00f3n<br \/>\n<\/a><\/p>\n","protected":false},"excerpt":{"rendered":"<p>Al\u00e9grate porque cada lugar est\u00e1 aqu\u00ed y cada momento es ahora. (Dalai Lama) Formentera (en catal\u00e1n y castellano) es la m\u00e1s peque\u00f1a de las cuatro islas principales y habitadas de las Islas Baleares Espa\u00f1olas. Se encuentra al sur de la isla de Ibiza con la que forma todas las Islas Pityuses. La isla tambi\u00e9n es [&hellip;]<\/p>\n","protected":false},"author":1,"featured_media":0,"parent":0,"menu_order":0,"comment_status":"closed","ping_status":"closed","template":"","meta":{"ocean_post_layout":"","ocean_both_sidebars_style":"","ocean_both_sidebars_content_width":0,"ocean_both_sidebars_sidebars_width":0,"ocean_sidebar":"","ocean_second_sidebar":"","ocean_disable_margins":"enable","ocean_add_body_class":"","ocean_shortcode_before_top_bar":"","ocean_shortcode_after_top_bar":"","ocean_shortcode_before_header":"","ocean_shortcode_after_header":"","ocean_has_shortcode":"","ocean_shortcode_after_title":"","ocean_shortcode_before_footer_widgets":"","ocean_shortcode_after_footer_widgets":"","ocean_shortcode_before_footer_bottom":"","ocean_shortcode_after_footer_bottom":"","ocean_display_top_bar":"default","ocean_display_header":"default","ocean_header_style":"","ocean_center_header_left_menu":"","ocean_custom_header_template":"","ocean_custom_logo":0,"ocean_custom_retina_logo":0,"ocean_custom_logo_max_width":0,"ocean_custom_logo_tablet_max_width":0,"ocean_custom_logo_mobile_max_width":0,"ocean_custom_logo_max_height":0,"ocean_custom_logo_tablet_max_height":0,"ocean_custom_logo_mobile_max_height":0,"ocean_header_custom_menu":"","ocean_menu_typo_font_family":"","ocean_menu_typo_font_subset":"","ocean_menu_typo_font_size":0,"ocean_menu_typo_font_size_tablet":0,"ocean_menu_typo_font_size_mobile":0,"ocean_menu_typo_font_size_unit":"px","ocean_menu_typo_font_weight":"","ocean_menu_typo_font_weight_tablet":"","ocean_menu_typo_font_weight_mobile":"","ocean_menu_typo_transform":"","ocean_menu_typo_transform_tablet":"","ocean_menu_typo_transform_mobile":"","ocean_menu_typo_line_height":0,"ocean_menu_typo_line_height_tablet":0,"ocean_menu_typo_line_height_mobile":0,"ocean_menu_typo_line_height_unit":"","ocean_menu_typo_spacing":0,"ocean_menu_typo_spacing_tablet":0,"ocean_menu_typo_spacing_mobile":0,"ocean_menu_typo_spacing_unit":"","ocean_menu_link_color":"","ocean_menu_link_color_hover":"","ocean_menu_link_color_active":"","ocean_menu_link_background":"","ocean_menu_link_hover_background":"","ocean_menu_link_active_background":"","ocean_menu_social_links_bg":"","ocean_menu_social_hover_links_bg":"","ocean_menu_social_links_color":"","ocean_menu_social_hover_links_color":"","ocean_disable_title":"default","ocean_disable_heading":"default","ocean_post_title":"","ocean_post_subheading":"","ocean_post_title_style":"","ocean_post_title_background_color":"","ocean_post_title_background":0,"ocean_post_title_bg_image_position":"","ocean_post_title_bg_image_attachment":"","ocean_post_title_bg_image_repeat":"","ocean_post_title_bg_image_size":"","ocean_post_title_height":0,"ocean_post_title_bg_overlay":0.5,"ocean_post_title_bg_overlay_color":"","ocean_disable_breadcrumbs":"default","ocean_breadcrumbs_color":"","ocean_breadcrumbs_separator_color":"","ocean_breadcrumbs_links_color":"","ocean_breadcrumbs_links_hover_color":"","ocean_display_footer_widgets":"default","ocean_display_footer_bottom":"default","ocean_custom_footer_template":"","footnotes":""},"class_list":["post-4827","page","type-page","status-publish","hentry","entry"],"yoast_head":"<!-- This site is optimized with the Yoast SEO plugin v26.4 - https:\/\/yoast.com\/wordpress\/plugins\/seo\/ -->\n<title>Ibiza UN SUISSE A MAJORQUE<\/title>\n<meta name=\"robots\" content=\"index, follow, max-snippet:-1, max-image-preview:large, max-video-preview:-1\" \/>\n<link rel=\"canonical\" href=\"https:\/\/unsuisseamallorca.com\/index.php\/es\/ibiza-3\/\" \/>\n<meta property=\"og:locale\" content=\"fr_FR\" \/>\n<meta property=\"og:type\" content=\"article\" \/>\n<meta property=\"og:title\" content=\"Ibiza UN SUISSE A MAJORQUE\" \/>\n<meta property=\"og:description\" content=\"Al\u00e9grate porque cada lugar est\u00e1 aqu\u00ed y cada momento es ahora. (Dalai Lama) Formentera (en catal\u00e1n y castellano) es la m\u00e1s peque\u00f1a de las cuatro islas principales y habitadas de las Islas Baleares Espa\u00f1olas. Se encuentra al sur de la isla de Ibiza con la que forma todas las Islas Pityuses. La isla tambi\u00e9n es [&hellip;]\" \/>\n<meta property=\"og:url\" content=\"https:\/\/unsuisseamallorca.com\/index.php\/es\/ibiza-3\/\" \/>\n<meta property=\"og:site_name\" content=\"UN SUISSE A MAJORQUE\" \/>\n<meta property=\"og:image\" content=\"https:\/\/unsuisseamallorca.com\/wp-content\/uploads\/elementor\/thumbs\/Sans-titre-oscm6qwblojvq1o8297oowfbof3o0qe753bpq4uvt4.jpg\" \/>\n<meta name=\"twitter:card\" content=\"summary_large_image\" \/>\n<meta name=\"twitter:label1\" content=\"Dur\u00e9e de lecture estim\u00e9e\" \/>\n\t<meta name=\"twitter:data1\" content=\"13 minutes\" \/>\n<script type=\"application\/ld+json\" class=\"yoast-schema-graph\">{\"@context\":\"https:\/\/schema.org\",\"@graph\":[{\"@type\":\"WebPage\",\"@id\":\"https:\/\/unsuisseamallorca.com\/index.php\/es\/ibiza-3\/\",\"url\":\"https:\/\/unsuisseamallorca.com\/index.php\/es\/ibiza-3\/\",\"name\":\"Ibiza UN SUISSE A MAJORQUE\",\"isPartOf\":{\"@id\":\"https:\/\/unsuisseamallorca.com\/#website\"},\"primaryImageOfPage\":{\"@id\":\"https:\/\/unsuisseamallorca.com\/index.php\/es\/ibiza-3\/#primaryimage\"},\"image\":{\"@id\":\"https:\/\/unsuisseamallorca.com\/index.php\/es\/ibiza-3\/#primaryimage\"},\"thumbnailUrl\":\"https:\/\/unsuisseamallorca.com\/wp-content\/uploads\/elementor\/thumbs\/Sans-titre-oscm6qwblojvq1o8297oowfbof3o0qe753bpq4uvt4.jpg\",\"datePublished\":\"2020-07-13T06:33:40+00:00\",\"breadcrumb\":{\"@id\":\"https:\/\/unsuisseamallorca.com\/index.php\/es\/ibiza-3\/#breadcrumb\"},\"inLanguage\":\"fr-FR\",\"potentialAction\":[{\"@type\":\"ReadAction\",\"target\":[\"https:\/\/unsuisseamallorca.com\/index.php\/es\/ibiza-3\/\"]}]},{\"@type\":\"ImageObject\",\"inLanguage\":\"fr-FR\",\"@id\":\"https:\/\/unsuisseamallorca.com\/index.php\/es\/ibiza-3\/#primaryimage\",\"url\":\"https:\/\/unsuisseamallorca.com\/wp-content\/uploads\/elementor\/thumbs\/Sans-titre-oscm6qwblojvq1o8297oowfbof3o0qe753bpq4uvt4.jpg\",\"contentUrl\":\"https:\/\/unsuisseamallorca.com\/wp-content\/uploads\/elementor\/thumbs\/Sans-titre-oscm6qwblojvq1o8297oowfbof3o0qe753bpq4uvt4.jpg\"},{\"@type\":\"BreadcrumbList\",\"@id\":\"https:\/\/unsuisseamallorca.com\/index.php\/es\/ibiza-3\/#breadcrumb\",\"itemListElement\":[{\"@type\":\"ListItem\",\"position\":1,\"name\":\"Accueil\",\"item\":\"https:\/\/unsuisseamallorca.com\/\"},{\"@type\":\"ListItem\",\"position\":2,\"name\":\"Ibiza\"}]},{\"@type\":\"WebSite\",\"@id\":\"https:\/\/unsuisseamallorca.com\/#website\",\"url\":\"https:\/\/unsuisseamallorca.com\/\",\"name\":\"UN SUISSE A MAJORQUE\",\"description\":\"Le voyageur voit ce qu&#039;il voit, le touriste voit ce qu&#039;il est venu voir !\",\"potentialAction\":[{\"@type\":\"SearchAction\",\"target\":{\"@type\":\"EntryPoint\",\"urlTemplate\":\"https:\/\/unsuisseamallorca.com\/?s={search_term_string}\"},\"query-input\":{\"@type\":\"PropertyValueSpecification\",\"valueRequired\":true,\"valueName\":\"search_term_string\"}}],\"inLanguage\":\"fr-FR\"}]}<\/script>\n<!-- \/ Yoast SEO plugin. -->","yoast_head_json":{"title":"Ibiza UN SUISSE A MAJORQUE","robots":{"index":"index","follow":"follow","max-snippet":"max-snippet:-1","max-image-preview":"max-image-preview:large","max-video-preview":"max-video-preview:-1"},"canonical":"https:\/\/unsuisseamallorca.com\/index.php\/es\/ibiza-3\/","og_locale":"fr_FR","og_type":"article","og_title":"Ibiza UN SUISSE A MAJORQUE","og_description":"Al\u00e9grate porque cada lugar est\u00e1 aqu\u00ed y cada momento es ahora. (Dalai Lama) Formentera (en catal\u00e1n y castellano) es la m\u00e1s peque\u00f1a de las cuatro islas principales y habitadas de las Islas Baleares Espa\u00f1olas. Se encuentra al sur de la isla de Ibiza con la que forma todas las Islas Pityuses. La isla tambi\u00e9n es [&hellip;]","og_url":"https:\/\/unsuisseamallorca.com\/index.php\/es\/ibiza-3\/","og_site_name":"UN SUISSE A MAJORQUE","og_image":[{"url":"https:\/\/unsuisseamallorca.com\/wp-content\/uploads\/elementor\/thumbs\/Sans-titre-oscm6qwblojvq1o8297oowfbof3o0qe753bpq4uvt4.jpg","type":"","width":"","height":""}],"twitter_card":"summary_large_image","twitter_misc":{"Dur\u00e9e de lecture estim\u00e9e":"13 minutes"},"schema":{"@context":"https:\/\/schema.org","@graph":[{"@type":"WebPage","@id":"https:\/\/unsuisseamallorca.com\/index.php\/es\/ibiza-3\/","url":"https:\/\/unsuisseamallorca.com\/index.php\/es\/ibiza-3\/","name":"Ibiza UN SUISSE A MAJORQUE","isPartOf":{"@id":"https:\/\/unsuisseamallorca.com\/#website"},"primaryImageOfPage":{"@id":"https:\/\/unsuisseamallorca.com\/index.php\/es\/ibiza-3\/#primaryimage"},"image":{"@id":"https:\/\/unsuisseamallorca.com\/index.php\/es\/ibiza-3\/#primaryimage"},"thumbnailUrl":"https:\/\/unsuisseamallorca.com\/wp-content\/uploads\/elementor\/thumbs\/Sans-titre-oscm6qwblojvq1o8297oowfbof3o0qe753bpq4uvt4.jpg","datePublished":"2020-07-13T06:33:40+00:00","breadcrumb":{"@id":"https:\/\/unsuisseamallorca.com\/index.php\/es\/ibiza-3\/#breadcrumb"},"inLanguage":"fr-FR","potentialAction":[{"@type":"ReadAction","target":["https:\/\/unsuisseamallorca.com\/index.php\/es\/ibiza-3\/"]}]},{"@type":"ImageObject","inLanguage":"fr-FR","@id":"https:\/\/unsuisseamallorca.com\/index.php\/es\/ibiza-3\/#primaryimage","url":"https:\/\/unsuisseamallorca.com\/wp-content\/uploads\/elementor\/thumbs\/Sans-titre-oscm6qwblojvq1o8297oowfbof3o0qe753bpq4uvt4.jpg","contentUrl":"https:\/\/unsuisseamallorca.com\/wp-content\/uploads\/elementor\/thumbs\/Sans-titre-oscm6qwblojvq1o8297oowfbof3o0qe753bpq4uvt4.jpg"},{"@type":"BreadcrumbList","@id":"https:\/\/unsuisseamallorca.com\/index.php\/es\/ibiza-3\/#breadcrumb","itemListElement":[{"@type":"ListItem","position":1,"name":"Accueil","item":"https:\/\/unsuisseamallorca.com\/"},{"@type":"ListItem","position":2,"name":"Ibiza"}]},{"@type":"WebSite","@id":"https:\/\/unsuisseamallorca.com\/#website","url":"https:\/\/unsuisseamallorca.com\/","name":"UN SUISSE A MAJORQUE","description":"Le voyageur voit ce qu&#039;il voit, le touriste voit ce qu&#039;il est venu voir !","potentialAction":[{"@type":"SearchAction","target":{"@type":"EntryPoint","urlTemplate":"https:\/\/unsuisseamallorca.com\/?s={search_term_string}"},"query-input":{"@type":"PropertyValueSpecification","valueRequired":true,"valueName":"search_term_string"}}],"inLanguage":"fr-FR"}]}},"_links":{"self":[{"href":"https:\/\/unsuisseamallorca.com\/index.php\/wp-json\/wp\/v2\/pages\/4827","targetHints":{"allow":["GET"]}}],"collection":[{"href":"https:\/\/unsuisseamallorca.com\/index.php\/wp-json\/wp\/v2\/pages"}],"about":[{"href":"https:\/\/unsuisseamallorca.com\/index.php\/wp-json\/wp\/v2\/types\/page"}],"author":[{"embeddable":true,"href":"https:\/\/unsuisseamallorca.com\/index.php\/wp-json\/wp\/v2\/users\/1"}],"replies":[{"embeddable":true,"href":"https:\/\/unsuisseamallorca.com\/index.php\/wp-json\/wp\/v2\/comments?post=4827"}],"version-history":[{"count":0,"href":"https:\/\/unsuisseamallorca.com\/index.php\/wp-json\/wp\/v2\/pages\/4827\/revisions"}],"wp:attachment":[{"href":"https:\/\/unsuisseamallorca.com\/index.php\/wp-json\/wp\/v2\/media?parent=4827"}],"curies":[{"name":"wp","href":"https:\/\/api.w.org\/{rel}","templated":true}]}}