{"id":4697,"date":"2020-07-09T08:41:25","date_gmt":"2020-07-09T06:41:25","guid":{"rendered":"https:\/\/unsuisseamallorca.com\/?page_id=4688"},"modified":"2020-07-09T08:41:25","modified_gmt":"2020-07-09T06:41:25","slug":"ibiza-2-3","status":"publish","type":"page","link":"https:\/\/unsuisseamallorca.com\/index.php\/de\/ibiza-2-3\/","title":{"rendered":"Ibiza"},"content":{"rendered":"<h3>Erinnert Mallorca nur an Sonne, Str\u00e4nde und Betonk\u00fcsten?<\/h3>\n<h2>Wir werden Sie die Insel auf eine andere Art und Weise sehen lassen. Berge mit Blick auf das Meer, Buchten mit t\u00fcrkisfarbenem Wasser, sch\u00f6ne St\u00e4dte und D\u00f6rfer, Werke von K\u00fcnstlern. Es gibt viel zu tun!<br \/>\nEs ist auch ein sch\u00f6nes Wanderziel im Herbst und Fr\u00fchling. Das sch\u00f6ne Serra Tramuntana Massiv erreicht nur 1432 m, aber wenn Sie vom Meeresspiegel starten, kann es immer noch sch\u00f6ne Anstiege machen. Die Insel eignet sich gut f\u00fcr einen gemischten Aufenthalt, halb Wandern, Halbbesuch und Spaziergang. Sie k\u00f6nnen herumlaufen und viele Beton- und \u00fcberf\u00fcllte K\u00fcsten vermeiden. Und dann essen wir gut: Fisch, Meeresfr\u00fcchte, Fleisch, Tapas, es gibt die Wahl, und den mallorquinischen Wein zu begleiten &#8230;<\/h2>\n<h2>Die Insel hat fast 900.000 Einwohner. Die Hauptstadt ist Palma, die Mallorquiner nennen es Ciutat.<br \/>\nKatalanisch ist die Amtssprache mit Kastilisch.<br \/>\nEs enth\u00e4lt 6 Hauptkomarques (Regionen), die wir unten sehen.<\/h2>\n<figure><img decoding=\"async\" title=\"Travel_map_of_Mallorca\" data-src=\"https:\/\/unsuisseamallorca.com\/wp-content\/uploads\/elementor\/thumbs\/Travel_map_of_Mallorca-en-o56xlsl8dvwuo1vbg0tgcxu5wk6jzu2cbhnhrh7yq0.png\" alt=\"Travel_map_of_Mallorca\" src=\"data:image\/svg+xml;base64,PHN2ZyB3aWR0aD0iMSIgaGVpZ2h0PSIxIiB4bWxucz0iaHR0cDovL3d3dy53My5vcmcvMjAwMC9zdmciPjwvc3ZnPg==\" class=\"lazyload\" style=\"--smush-placeholder-width: 500px; --smush-placeholder-aspect-ratio: 500\/500;\" \/><figcaption>Violett &#8211; Llevant &#8211; Rot &#8211; Serra Tramuntana &#8211; Blau &#8211; Palma &#8211; Gelb &#8211; Raiguer &#8211; Braun &#8211; Pla &#8211; Gr\u00fcn &#8211; Migjorn<\/figcaption><\/figure>\n<h3>Die Ostk\u00fcste: Der Llevant<\/h3>\n<p>Der Llevant (offizieller Name auf Katalanisch) levante auf Kastilisch, ist ein Comisk der Insel Mallorca. Seinen Namen verdankt es der begrenzten Region der Insel, wo die Sonne \u00fcber dem Meer aufsteigen dliegt. In der Tat ist die Landschaft ein Gebirge, das sie von der Ebene trennt (von der Ko-Ordque von pla, die sie nach Nordwesten grenzt). Die Llevant-Berge sind jedoch niedriger als die der Serra de Tramontana (an der Nordwestk\u00fcste).<br \/>\n<a role=\"button\" href=\"https:\/\/unsuisseamallorca.com\/index.php\/llevant-la-cote-nord-est\/\" target=\"_blank\" rel=\"noopener noreferrer\"><br \/>\nMehr \u00fcber die<br \/>\n<\/a><br \/>\n<img fetchpriority=\"high\" decoding=\"async\" src=\"https:\/\/unsuisseamallorca.com\/wp-content\/uploads\/2020\/06\/IMG_7962-768x512.jpg\" sizes=\"(max-width: 768px) 100vw, 768px\" srcset=\"https:\/\/unsuisseamallorca.com\/wp-content\/uploads\/2020\/06\/IMG_7962-768x512.jpg 768w, https:\/\/unsuisseamallorca.com\/wp-content\/uploads\/2020\/06\/IMG_7962-300x200.jpg 300w, https:\/\/unsuisseamallorca.com\/wp-content\/uploads\/2020\/06\/IMG_7962-1024x683.jpg 1024w, https:\/\/unsuisseamallorca.com\/wp-content\/uploads\/2020\/06\/IMG_7962-1536x1024.jpg 1536w, https:\/\/unsuisseamallorca.com\/wp-content\/uploads\/2020\/06\/IMG_7962-2048x1365.jpg 2048w\" alt=\"\" width=\"768\" height=\"512\" \/><br \/>\n<img decoding=\"async\" data-src=\"https:\/\/unsuisseamallorca.com\/wp-content\/uploads\/2020\/06\/IMG_0113-768x1024.jpg\" data-sizes=\"(max-width: 768px) 100vw, 768px\" data-srcset=\"https:\/\/unsuisseamallorca.com\/wp-content\/uploads\/2020\/06\/IMG_0113-768x1024.jpg 768w, https:\/\/unsuisseamallorca.com\/wp-content\/uploads\/2020\/06\/IMG_0113-225x300.jpg 225w, https:\/\/unsuisseamallorca.com\/wp-content\/uploads\/2020\/06\/IMG_0113-1152x1536.jpg 1152w, https:\/\/unsuisseamallorca.com\/wp-content\/uploads\/2020\/06\/IMG_0113-1536x2048.jpg 1536w, https:\/\/unsuisseamallorca.com\/wp-content\/uploads\/2020\/06\/IMG_0113-scaled.jpg 1920w\" alt=\"\" width=\"768\" height=\"1024\" src=\"data:image\/svg+xml;base64,PHN2ZyB3aWR0aD0iMSIgaGVpZ2h0PSIxIiB4bWxucz0iaHR0cDovL3d3dy53My5vcmcvMjAwMC9zdmciPjwvc3ZnPg==\" class=\"lazyload\" style=\"--smush-placeholder-width: 768px; --smush-placeholder-aspect-ratio: 768\/1024;\" \/><\/p>\n<h3>Westk\u00fcste: La Serra Tramuntana<\/h3>\n<p>Die Serra de Tramuntana (offizieller Name auf Katalanisch) ist auch die Sierra de Tramontana (kastilisch) und die gr\u00f6\u00dfte Bergkette der Insel im Nordwesten der Insel. Sein Name bezieht sich direkt auf das Tramontan, den Nordwind, der im Massiv vorhanden ist und vom Kontinent weht (von Frankreich zwischen dem Zentralmassiv und den Pyren\u00e4en). Es ist ein Massiv, das haupts\u00e4chlich aus mittleren Bergen und K\u00fcstenh\u00fcgeln besteht, die in hohen, gut geschnitzten Klippen ins Meer st\u00fcrzen.<br \/>\n<a role=\"button\" href=\"https:\/\/unsuisseamallorca.com\/index.php\/la-serra-tramuntana-2\/\" target=\"_blank\" rel=\"noopener noreferrer\"><br \/>\nMehr \u00fcber die<br \/>\n<\/a><\/p>\n<h3>Palma<\/h3>\n<p>Das Gemeindegebiet betr\u00e4gt 208,63 km2, das sich zwischen dem Na Burguesa Gebirge und dem Prado de Sant Jordi erstreckt. Die Stadt befindet sich im Zentrum der Bucht von Palma, etwa 13 Meter \u00fcber dem Meeresspiegel. Mehrere B\u00e4che, wie La Riera oder Gros, flie\u00dfen ins Mittelmeer. Mit 440.772 Einwohnern (Stand: 1. Januar 2018) ist Palma bev\u00f6lkerungsm\u00e4\u00dfig die achtgr\u00f6\u00dfte Stadt Spaniens und die erste der Balearen. Dar\u00fcber hinaus umfasst die Metropolregion neun St\u00e4dte, die 560.240 Einwohner auf einer Fl\u00e4che von 1015,88 km2 erreichen, die 14. von Spanien.<br \/>\n<a role=\"button\" href=\"https:\/\/unsuisseamallorca.com\/index.php\/palma\/\" target=\"_blank\" rel=\"noopener noreferrer\"><br \/>\nMehr \u00fcber die<br \/>\n<\/a><br \/>\n<img decoding=\"async\" data-src=\"https:\/\/unsuisseamallorca.com\/wp-content\/uploads\/2020\/06\/IMG_0991-768x576.jpg\" data-sizes=\"(max-width: 768px) 100vw, 768px\" data-srcset=\"https:\/\/unsuisseamallorca.com\/wp-content\/uploads\/2020\/06\/IMG_0991-768x576.jpg 768w, https:\/\/unsuisseamallorca.com\/wp-content\/uploads\/2020\/06\/IMG_0991-300x225.jpg 300w, https:\/\/unsuisseamallorca.com\/wp-content\/uploads\/2020\/06\/IMG_0991-1024x768.jpg 1024w, https:\/\/unsuisseamallorca.com\/wp-content\/uploads\/2020\/06\/IMG_0991-1536x1152.jpg 1536w, https:\/\/unsuisseamallorca.com\/wp-content\/uploads\/2020\/06\/IMG_0991-2048x1536.jpg 2048w\" alt=\"\" width=\"768\" height=\"576\" src=\"data:image\/svg+xml;base64,PHN2ZyB3aWR0aD0iMSIgaGVpZ2h0PSIxIiB4bWxucz0iaHR0cDovL3d3dy53My5vcmcvMjAwMC9zdmciPjwvc3ZnPg==\" class=\"lazyload\" style=\"--smush-placeholder-width: 768px; --smush-placeholder-aspect-ratio: 768\/576;\" \/><br \/>\n<img decoding=\"async\" data-src=\"https:\/\/unsuisseamallorca.com\/wp-content\/uploads\/2020\/06\/Alaro_08_gr.jpg\" data-sizes=\"(max-width: 720px) 100vw, 720px\" data-srcset=\"https:\/\/unsuisseamallorca.com\/wp-content\/uploads\/2020\/06\/Alaro_08_gr.jpg 720w, https:\/\/unsuisseamallorca.com\/wp-content\/uploads\/2020\/06\/Alaro_08_gr-300x265.jpg 300w\" alt=\"\" width=\"720\" height=\"637\" src=\"data:image\/svg+xml;base64,PHN2ZyB3aWR0aD0iMSIgaGVpZ2h0PSIxIiB4bWxucz0iaHR0cDovL3d3dy53My5vcmcvMjAwMC9zdmciPjwvc3ZnPg==\" class=\"lazyload\" style=\"--smush-placeholder-width: 720px; --smush-placeholder-aspect-ratio: 720\/637;\" \/><\/p>\n<h3>Das Zentrum: Le Raiguer<\/h3>\n<p>Es Raiguer (offiziell auf Katalanisch) ist ein langer Korridor, der sich von Palma bis Alcudia erstreckt. Es ist ein flaches Gebiet, das entlang der \u00f6stlichen Ausl\u00e4ufer der Serra Tramuntana verl\u00e4uft. Im S\u00fcden und Osten liegen die weiten Ebenen von Es Pla, unterbrochen von H\u00fcgeln, die von Kl\u00f6stern, Einsiedeleien oder Burgen gekr\u00f6nt werden.<br \/>\n<a role=\"button\" href=\"https:\/\/unsuisseamallorca.com\/index.php\/raiguer-la-cote-nord\/\" target=\"_blank\" rel=\"noopener noreferrer\"><br \/>\nMehr \u00fcber die<br \/>\n<\/a><\/p>\n<h3>Inland: La Pla de Mallorca<\/h3>\n<p>La Pla de Mallorca (offiziell auf Katalanisch) vormals Llanura de Mallorca. Sein Name bedeutet die &quot;Majorca-Ebene&quot; wegen der Natur seines Landes und seiner Verwendung f\u00fcr bew\u00e4sserte landwirtschaftliche Kulturen (Gem\u00fcse, Weizen und sogar Reis), die sich den bergigeren oder h\u00fcgeligeren Regionen der Insel entgegenstellen, wobei die Ebene \u00fcber das Orofluvial-System, das haupts\u00e4chlich aus den Bergen oder H\u00fcgeln stammt, die es auf 3 Seiten bis zur K\u00fcste bis zum Nordosten der Insel mit Wasser gespeist werden, mit Wasser gespeist wird.<\/p>\n<p><a role=\"button\" href=\"https:\/\/unsuisseamallorca.com\/index.php\/el-pla-le-centre-de-l-ile\/\" target=\"_blank\" rel=\"noopener noreferrer\"><br \/>\nMehr \u00fcber die<br \/>\n<\/a><br \/>\n<img decoding=\"async\" data-src=\"https:\/\/unsuisseamallorca.com\/wp-content\/uploads\/2020\/06\/comte_pla_mallorca_003_nord_plaine_depuis_cura_2012-09-16-768x384.jpg\" data-sizes=\"(max-width: 768px) 100vw, 768px\" data-srcset=\"https:\/\/unsuisseamallorca.com\/wp-content\/uploads\/2020\/06\/comte_pla_mallorca_003_nord_plaine_depuis_cura_2012-09-16-768x384.jpg 768w, https:\/\/unsuisseamallorca.com\/wp-content\/uploads\/2020\/06\/comte_pla_mallorca_003_nord_plaine_depuis_cura_2012-09-16-300x150.jpg 300w, https:\/\/unsuisseamallorca.com\/wp-content\/uploads\/2020\/06\/comte_pla_mallorca_003_nord_plaine_depuis_cura_2012-09-16-1024x512.jpg 1024w, https:\/\/unsuisseamallorca.com\/wp-content\/uploads\/2020\/06\/comte_pla_mallorca_003_nord_plaine_depuis_cura_2012-09-16-1536x768.jpg 1536w, https:\/\/unsuisseamallorca.com\/wp-content\/uploads\/2020\/06\/comte_pla_mallorca_003_nord_plaine_depuis_cura_2012-09-16-2048x1024.jpg 2048w\" alt=\"\" width=\"768\" height=\"384\" src=\"data:image\/svg+xml;base64,PHN2ZyB3aWR0aD0iMSIgaGVpZ2h0PSIxIiB4bWxucz0iaHR0cDovL3d3dy53My5vcmcvMjAwMC9zdmciPjwvc3ZnPg==\" class=\"lazyload\" style=\"--smush-placeholder-width: 768px; --smush-placeholder-aspect-ratio: 768\/384;\" \/><br \/>\n<img decoding=\"async\" data-src=\"https:\/\/unsuisseamallorca.com\/wp-content\/uploads\/2020\/06\/57-768x512.jpg\" data-sizes=\"(max-width: 768px) 100vw, 768px\" data-srcset=\"https:\/\/unsuisseamallorca.com\/wp-content\/uploads\/2020\/06\/57-768x512.jpg 768w, https:\/\/unsuisseamallorca.com\/wp-content\/uploads\/2020\/06\/57-300x200.jpg 300w, https:\/\/unsuisseamallorca.com\/wp-content\/uploads\/2020\/06\/57-1024x683.jpg 1024w, https:\/\/unsuisseamallorca.com\/wp-content\/uploads\/2020\/06\/57-1536x1024.jpg 1536w, https:\/\/unsuisseamallorca.com\/wp-content\/uploads\/2020\/06\/57-2048x1365.jpg 2048w\" alt=\"\" width=\"768\" height=\"512\" src=\"data:image\/svg+xml;base64,PHN2ZyB3aWR0aD0iMSIgaGVpZ2h0PSIxIiB4bWxucz0iaHR0cDovL3d3dy53My5vcmcvMjAwMC9zdmciPjwvc3ZnPg==\" class=\"lazyload\" style=\"--smush-placeholder-width: 768px; --smush-placeholder-aspect-ratio: 768\/512;\" \/><\/p>\n<h3>S\u00fcden: Migjorn<\/h3>\n<p>Der Migjorn (offiziell auf Katalanisch) liegt im s\u00fcdlichen Teil, von S&#39;Arenal im Westen bis Porto Colom im Osten. Es ist im Wesentlichen die Kontinuit\u00e4t der Pla de Mallorca im S\u00fcden, das Randa-Massiv trennt die beiden Nachteile. Es ist eine haupts\u00e4chlich Kalksteinebene mit dem Hauptgipfel des Puig de Sant Salvador auf 510 Metern. Die K\u00fcste ist eine Abfolge von Sandstr\u00e4nden und felsigen Promontoirs die Calas sind manchmal tief wie Cala Pi. Die Klippen k\u00f6nnen von einer gro\u00dfen H\u00f6he wie der Cap Blanc mit seinen 85 Metern sein.<br \/>\n<a role=\"button\" href=\"https:\/\/unsuisseamallorca.com\/index.php\/migjorn-la-cote-sud-est\/\" target=\"_blank\" rel=\"noopener noreferrer\"><br \/>\nMehr \u00fcber die<br \/>\n<\/a><\/p>\n<h2>WILLKOMMEN auf Mallorca<\/h2>\n<p>Die wahre Entdeckungsreise besteht nicht darin, nach neuen Landschaften zu suchen, sondern neue Augen zu haben.<\/p>\n<p><a role=\"button\" href=\"https:\/\/unsuisseamallorca.com\/\"><br \/>\nZur\u00fcck zur Rezeption<br \/>\n<\/a><\/p>\n","protected":false},"excerpt":{"rendered":"<p>Erinnert Mallorca nur an Sonne, Str\u00e4nde und Betonk\u00fcsten? Wir werden Sie die Insel auf eine andere Art und Weise sehen lassen. Berge mit Blick auf das Meer, Buchten mit t\u00fcrkisfarbenem Wasser, sch\u00f6ne St\u00e4dte und D\u00f6rfer, Werke von K\u00fcnstlern. Es gibt viel zu tun! Es ist auch ein sch\u00f6nes Wanderziel im Herbst und Fr\u00fchling. Das sch\u00f6ne [&hellip;]<\/p>\n","protected":false},"author":1,"featured_media":0,"parent":0,"menu_order":0,"comment_status":"closed","ping_status":"closed","template":"","meta":{"ocean_post_layout":"","ocean_both_sidebars_style":"","ocean_both_sidebars_content_width":0,"ocean_both_sidebars_sidebars_width":0,"ocean_sidebar":"","ocean_second_sidebar":"","ocean_disable_margins":"enable","ocean_add_body_class":"","ocean_shortcode_before_top_bar":"","ocean_shortcode_after_top_bar":"","ocean_shortcode_before_header":"","ocean_shortcode_after_header":"","ocean_has_shortcode":"","ocean_shortcode_after_title":"","ocean_shortcode_before_footer_widgets":"","ocean_shortcode_after_footer_widgets":"","ocean_shortcode_before_footer_bottom":"","ocean_shortcode_after_footer_bottom":"","ocean_display_top_bar":"default","ocean_display_header":"default","ocean_header_style":"","ocean_center_header_left_menu":"","ocean_custom_header_template":"","ocean_custom_logo":0,"ocean_custom_retina_logo":0,"ocean_custom_logo_max_width":0,"ocean_custom_logo_tablet_max_width":0,"ocean_custom_logo_mobile_max_width":0,"ocean_custom_logo_max_height":0,"ocean_custom_logo_tablet_max_height":0,"ocean_custom_logo_mobile_max_height":0,"ocean_header_custom_menu":"","ocean_menu_typo_font_family":"","ocean_menu_typo_font_subset":"","ocean_menu_typo_font_size":0,"ocean_menu_typo_font_size_tablet":0,"ocean_menu_typo_font_size_mobile":0,"ocean_menu_typo_font_size_unit":"px","ocean_menu_typo_font_weight":"","ocean_menu_typo_font_weight_tablet":"","ocean_menu_typo_font_weight_mobile":"","ocean_menu_typo_transform":"","ocean_menu_typo_transform_tablet":"","ocean_menu_typo_transform_mobile":"","ocean_menu_typo_line_height":0,"ocean_menu_typo_line_height_tablet":0,"ocean_menu_typo_line_height_mobile":0,"ocean_menu_typo_line_height_unit":"","ocean_menu_typo_spacing":0,"ocean_menu_typo_spacing_tablet":0,"ocean_menu_typo_spacing_mobile":0,"ocean_menu_typo_spacing_unit":"","ocean_menu_link_color":"","ocean_menu_link_color_hover":"","ocean_menu_link_color_active":"","ocean_menu_link_background":"","ocean_menu_link_hover_background":"","ocean_menu_link_active_background":"","ocean_menu_social_links_bg":"","ocean_menu_social_hover_links_bg":"","ocean_menu_social_links_color":"","ocean_menu_social_hover_links_color":"","ocean_disable_title":"default","ocean_disable_heading":"default","ocean_post_title":"","ocean_post_subheading":"","ocean_post_title_style":"","ocean_post_title_background_color":"","ocean_post_title_background":0,"ocean_post_title_bg_image_position":"","ocean_post_title_bg_image_attachment":"","ocean_post_title_bg_image_repeat":"","ocean_post_title_bg_image_size":"","ocean_post_title_height":0,"ocean_post_title_bg_overlay":0.5,"ocean_post_title_bg_overlay_color":"","ocean_disable_breadcrumbs":"default","ocean_breadcrumbs_color":"","ocean_breadcrumbs_separator_color":"","ocean_breadcrumbs_links_color":"","ocean_breadcrumbs_links_hover_color":"","ocean_display_footer_widgets":"default","ocean_display_footer_bottom":"default","ocean_custom_footer_template":"","footnotes":""},"class_list":["post-4697","page","type-page","status-publish","hentry","entry"],"yoast_head":"<!-- This site is optimized with the Yoast SEO plugin v26.4 - https:\/\/yoast.com\/wordpress\/plugins\/seo\/ -->\n<title>Ibiza UN SUISSE A MAJORQUE<\/title>\n<meta name=\"robots\" content=\"index, follow, max-snippet:-1, max-image-preview:large, max-video-preview:-1\" \/>\n<link rel=\"canonical\" href=\"https:\/\/unsuisseamallorca.com\/index.php\/de\/ibiza-2-3\/\" \/>\n<meta property=\"og:locale\" content=\"fr_FR\" \/>\n<meta property=\"og:type\" content=\"article\" \/>\n<meta property=\"og:title\" content=\"Ibiza UN SUISSE A MAJORQUE\" \/>\n<meta property=\"og:description\" content=\"Erinnert Mallorca nur an Sonne, Str\u00e4nde und Betonk\u00fcsten? Wir werden Sie die Insel auf eine andere Art und Weise sehen lassen. Berge mit Blick auf das Meer, Buchten mit t\u00fcrkisfarbenem Wasser, sch\u00f6ne St\u00e4dte und D\u00f6rfer, Werke von K\u00fcnstlern. Es gibt viel zu tun! Es ist auch ein sch\u00f6nes Wanderziel im Herbst und Fr\u00fchling. Das sch\u00f6ne [&hellip;]\" \/>\n<meta property=\"og:url\" content=\"https:\/\/unsuisseamallorca.com\/index.php\/de\/ibiza-2-3\/\" \/>\n<meta property=\"og:site_name\" content=\"UN SUISSE A MAJORQUE\" \/>\n<meta property=\"og:image\" content=\"https:\/\/unsuisseamallorca.com\/wp-content\/uploads\/elementor\/thumbs\/Travel_map_of_Mallorca-en-o56xlsl8dvwuo1vbg0tgcxu5wk6jzu2cbhnhrh7yq0.png\" \/>\n<meta name=\"twitter:card\" content=\"summary_large_image\" \/>\n<meta name=\"twitter:label1\" content=\"Dur\u00e9e de lecture estim\u00e9e\" \/>\n\t<meta name=\"twitter:data1\" content=\"4 minutes\" \/>\n<script type=\"application\/ld+json\" class=\"yoast-schema-graph\">{\"@context\":\"https:\/\/schema.org\",\"@graph\":[{\"@type\":\"WebPage\",\"@id\":\"https:\/\/unsuisseamallorca.com\/index.php\/de\/ibiza-2-3\/\",\"url\":\"https:\/\/unsuisseamallorca.com\/index.php\/de\/ibiza-2-3\/\",\"name\":\"Ibiza UN SUISSE A MAJORQUE\",\"isPartOf\":{\"@id\":\"https:\/\/unsuisseamallorca.com\/#website\"},\"primaryImageOfPage\":{\"@id\":\"https:\/\/unsuisseamallorca.com\/index.php\/de\/ibiza-2-3\/#primaryimage\"},\"image\":{\"@id\":\"https:\/\/unsuisseamallorca.com\/index.php\/de\/ibiza-2-3\/#primaryimage\"},\"thumbnailUrl\":\"https:\/\/unsuisseamallorca.com\/wp-content\/uploads\/elementor\/thumbs\/Travel_map_of_Mallorca-en-o56xlsl8dvwuo1vbg0tgcxu5wk6jzu2cbhnhrh7yq0.png\",\"datePublished\":\"2020-07-09T06:41:25+00:00\",\"breadcrumb\":{\"@id\":\"https:\/\/unsuisseamallorca.com\/index.php\/de\/ibiza-2-3\/#breadcrumb\"},\"inLanguage\":\"fr-FR\",\"potentialAction\":[{\"@type\":\"ReadAction\",\"target\":[\"https:\/\/unsuisseamallorca.com\/index.php\/de\/ibiza-2-3\/\"]}]},{\"@type\":\"ImageObject\",\"inLanguage\":\"fr-FR\",\"@id\":\"https:\/\/unsuisseamallorca.com\/index.php\/de\/ibiza-2-3\/#primaryimage\",\"url\":\"https:\/\/unsuisseamallorca.com\/wp-content\/uploads\/elementor\/thumbs\/Travel_map_of_Mallorca-en-o56xlsl8dvwuo1vbg0tgcxu5wk6jzu2cbhnhrh7yq0.png\",\"contentUrl\":\"https:\/\/unsuisseamallorca.com\/wp-content\/uploads\/elementor\/thumbs\/Travel_map_of_Mallorca-en-o56xlsl8dvwuo1vbg0tgcxu5wk6jzu2cbhnhrh7yq0.png\"},{\"@type\":\"BreadcrumbList\",\"@id\":\"https:\/\/unsuisseamallorca.com\/index.php\/de\/ibiza-2-3\/#breadcrumb\",\"itemListElement\":[{\"@type\":\"ListItem\",\"position\":1,\"name\":\"Accueil\",\"item\":\"https:\/\/unsuisseamallorca.com\/\"},{\"@type\":\"ListItem\",\"position\":2,\"name\":\"Ibiza\"}]},{\"@type\":\"WebSite\",\"@id\":\"https:\/\/unsuisseamallorca.com\/#website\",\"url\":\"https:\/\/unsuisseamallorca.com\/\",\"name\":\"UN SUISSE A MAJORQUE\",\"description\":\"Le voyageur voit ce qu&#039;il voit, le touriste voit ce qu&#039;il est venu voir !\",\"potentialAction\":[{\"@type\":\"SearchAction\",\"target\":{\"@type\":\"EntryPoint\",\"urlTemplate\":\"https:\/\/unsuisseamallorca.com\/?s={search_term_string}\"},\"query-input\":{\"@type\":\"PropertyValueSpecification\",\"valueRequired\":true,\"valueName\":\"search_term_string\"}}],\"inLanguage\":\"fr-FR\"}]}<\/script>\n<!-- \/ Yoast SEO plugin. -->","yoast_head_json":{"title":"Ibiza UN SUISSE A MAJORQUE","robots":{"index":"index","follow":"follow","max-snippet":"max-snippet:-1","max-image-preview":"max-image-preview:large","max-video-preview":"max-video-preview:-1"},"canonical":"https:\/\/unsuisseamallorca.com\/index.php\/de\/ibiza-2-3\/","og_locale":"fr_FR","og_type":"article","og_title":"Ibiza UN SUISSE A MAJORQUE","og_description":"Erinnert Mallorca nur an Sonne, Str\u00e4nde und Betonk\u00fcsten? Wir werden Sie die Insel auf eine andere Art und Weise sehen lassen. Berge mit Blick auf das Meer, Buchten mit t\u00fcrkisfarbenem Wasser, sch\u00f6ne St\u00e4dte und D\u00f6rfer, Werke von K\u00fcnstlern. Es gibt viel zu tun! Es ist auch ein sch\u00f6nes Wanderziel im Herbst und Fr\u00fchling. Das sch\u00f6ne [&hellip;]","og_url":"https:\/\/unsuisseamallorca.com\/index.php\/de\/ibiza-2-3\/","og_site_name":"UN SUISSE A MAJORQUE","og_image":[{"url":"https:\/\/unsuisseamallorca.com\/wp-content\/uploads\/elementor\/thumbs\/Travel_map_of_Mallorca-en-o56xlsl8dvwuo1vbg0tgcxu5wk6jzu2cbhnhrh7yq0.png","type":"","width":"","height":""}],"twitter_card":"summary_large_image","twitter_misc":{"Dur\u00e9e de lecture estim\u00e9e":"4 minutes"},"schema":{"@context":"https:\/\/schema.org","@graph":[{"@type":"WebPage","@id":"https:\/\/unsuisseamallorca.com\/index.php\/de\/ibiza-2-3\/","url":"https:\/\/unsuisseamallorca.com\/index.php\/de\/ibiza-2-3\/","name":"Ibiza UN SUISSE A MAJORQUE","isPartOf":{"@id":"https:\/\/unsuisseamallorca.com\/#website"},"primaryImageOfPage":{"@id":"https:\/\/unsuisseamallorca.com\/index.php\/de\/ibiza-2-3\/#primaryimage"},"image":{"@id":"https:\/\/unsuisseamallorca.com\/index.php\/de\/ibiza-2-3\/#primaryimage"},"thumbnailUrl":"https:\/\/unsuisseamallorca.com\/wp-content\/uploads\/elementor\/thumbs\/Travel_map_of_Mallorca-en-o56xlsl8dvwuo1vbg0tgcxu5wk6jzu2cbhnhrh7yq0.png","datePublished":"2020-07-09T06:41:25+00:00","breadcrumb":{"@id":"https:\/\/unsuisseamallorca.com\/index.php\/de\/ibiza-2-3\/#breadcrumb"},"inLanguage":"fr-FR","potentialAction":[{"@type":"ReadAction","target":["https:\/\/unsuisseamallorca.com\/index.php\/de\/ibiza-2-3\/"]}]},{"@type":"ImageObject","inLanguage":"fr-FR","@id":"https:\/\/unsuisseamallorca.com\/index.php\/de\/ibiza-2-3\/#primaryimage","url":"https:\/\/unsuisseamallorca.com\/wp-content\/uploads\/elementor\/thumbs\/Travel_map_of_Mallorca-en-o56xlsl8dvwuo1vbg0tgcxu5wk6jzu2cbhnhrh7yq0.png","contentUrl":"https:\/\/unsuisseamallorca.com\/wp-content\/uploads\/elementor\/thumbs\/Travel_map_of_Mallorca-en-o56xlsl8dvwuo1vbg0tgcxu5wk6jzu2cbhnhrh7yq0.png"},{"@type":"BreadcrumbList","@id":"https:\/\/unsuisseamallorca.com\/index.php\/de\/ibiza-2-3\/#breadcrumb","itemListElement":[{"@type":"ListItem","position":1,"name":"Accueil","item":"https:\/\/unsuisseamallorca.com\/"},{"@type":"ListItem","position":2,"name":"Ibiza"}]},{"@type":"WebSite","@id":"https:\/\/unsuisseamallorca.com\/#website","url":"https:\/\/unsuisseamallorca.com\/","name":"UN SUISSE A MAJORQUE","description":"Le voyageur voit ce qu&#039;il voit, le touriste voit ce qu&#039;il est venu voir !","potentialAction":[{"@type":"SearchAction","target":{"@type":"EntryPoint","urlTemplate":"https:\/\/unsuisseamallorca.com\/?s={search_term_string}"},"query-input":{"@type":"PropertyValueSpecification","valueRequired":true,"valueName":"search_term_string"}}],"inLanguage":"fr-FR"}]}},"_links":{"self":[{"href":"https:\/\/unsuisseamallorca.com\/index.php\/wp-json\/wp\/v2\/pages\/4697","targetHints":{"allow":["GET"]}}],"collection":[{"href":"https:\/\/unsuisseamallorca.com\/index.php\/wp-json\/wp\/v2\/pages"}],"about":[{"href":"https:\/\/unsuisseamallorca.com\/index.php\/wp-json\/wp\/v2\/types\/page"}],"author":[{"embeddable":true,"href":"https:\/\/unsuisseamallorca.com\/index.php\/wp-json\/wp\/v2\/users\/1"}],"replies":[{"embeddable":true,"href":"https:\/\/unsuisseamallorca.com\/index.php\/wp-json\/wp\/v2\/comments?post=4697"}],"version-history":[{"count":0,"href":"https:\/\/unsuisseamallorca.com\/index.php\/wp-json\/wp\/v2\/pages\/4697\/revisions"}],"wp:attachment":[{"href":"https:\/\/unsuisseamallorca.com\/index.php\/wp-json\/wp\/v2\/media?parent=4697"}],"curies":[{"name":"wp","href":"https:\/\/api.w.org\/{rel}","templated":true}]}}