{"id":4696,"date":"2020-07-09T08:41:25","date_gmt":"2020-07-09T06:41:25","guid":{"rendered":"https:\/\/unsuisseamallorca.com\/?page_id=4688"},"modified":"2020-07-09T08:41:25","modified_gmt":"2020-07-09T06:41:25","slug":"ibiza-2-2","status":"publish","type":"page","link":"https:\/\/unsuisseamallorca.com\/index.php\/es\/ibiza-2-2\/","title":{"rendered":"Ibiza"},"content":{"rendered":"<h3>\u00bfMallorca s\u00f3lo te recuerda el sol, las playas y las costas de hormig\u00f3n?<\/h3>\n<h2>Te haremos ver la isla de una manera diferente. Monta\u00f1as con vistas al mar, calas con aguas turquesas, hermosos pueblos y aldeas, obras de artistas. \u00a1Hay mucho que hacer!<br \/>\nTambi\u00e9n es un hermoso destino de senderismo en el oto\u00f1o y la primavera. El hermoso macizo de Serra Tramuntana s\u00f3lo alcanza los 1432 m, pero cuando se empieza desde el nivel del mar, todav\u00eda puede hacer hermosas subidas. La isla se presta bien para una estancia mixta, media caminata, media visita y paseo. Se puede caminar alrededor, evitando una gran cantidad de hormig\u00f3n y costas superpobladas. Y luego, comemos bien: pescado, marisco, carne, tapas, est\u00e1 la opci\u00f3n, y para acompa\u00f1ar el vino mallorqu\u00edn &#8230;<\/h2>\n<h2>La isla tiene una poblaci\u00f3n de casi 900.000 habitantes. Su capital es Palma, los mallorqu\u00ednes la llaman Ciutat.<br \/>\nEl catal\u00e1n es la lengua oficial con castellano.<br \/>\nIncluye 6 comarques principales (regiones) que vemos a continuaci\u00f3n.<\/h2>\n<figure><img decoding=\"async\" title=\"Travel_map_of_Mallorca\" data-src=\"https:\/\/unsuisseamallorca.com\/wp-content\/uploads\/elementor\/thumbs\/Travel_map_of_Mallorca-en-o56xlsl8dvwuo1vbg0tgcxu5wk6jzu2cbhnhrh7yq0.png\" alt=\"Travel_map_of_Mallorca\" src=\"data:image\/svg+xml;base64,PHN2ZyB3aWR0aD0iMSIgaGVpZ2h0PSIxIiB4bWxucz0iaHR0cDovL3d3dy53My5vcmcvMjAwMC9zdmciPjwvc3ZnPg==\" class=\"lazyload\" style=\"--smush-placeholder-width: 500px; --smush-placeholder-aspect-ratio: 500\/500;\" \/><figcaption>Violeta &#8211; Llevant &#8211; Rojo &#8211; Serra Tramuntana &#8211; Azul &#8211; Palma &#8211; Amarillo &#8211; Raiguer &#8211; Marr\u00f3n &#8211; Pla &#8211; Verde &#8211; Migjorn<\/figcaption><\/figure>\n<h3>La Costa Este: El Llevant<\/h3>\n<p>El Levante llevant (nombre oficial en catal\u00e1n) en castellano, es un comisk de la isla de Mallorca. Toma su nombre de la regi\u00f3n limitada de la isla donde se puede ver el sol saliendo sobre el mar. De hecho, el paisaje es una cordillera que lo separa de la llanura (del co-ordque de pla que lo limita al noroeste). Sin embargo, las monta\u00f1as de Llevant son m\u00e1s bajas que las de la Serra de Tramontana (en la costa noroeste).<br \/>\n<a role=\"button\" href=\"https:\/\/unsuisseamallorca.com\/index.php\/llevant-la-cote-nord-est\/\" target=\"_blank\" rel=\"noopener noreferrer\"><br \/>\nObtenga m\u00e1s informaci\u00f3n sobre la<br \/>\n<\/a><br \/>\n<img fetchpriority=\"high\" decoding=\"async\" src=\"https:\/\/unsuisseamallorca.com\/wp-content\/uploads\/2020\/06\/IMG_7962-768x512.jpg\" sizes=\"(max-width: 768px) 100vw, 768px\" srcset=\"https:\/\/unsuisseamallorca.com\/wp-content\/uploads\/2020\/06\/IMG_7962-768x512.jpg 768w, https:\/\/unsuisseamallorca.com\/wp-content\/uploads\/2020\/06\/IMG_7962-300x200.jpg 300w, https:\/\/unsuisseamallorca.com\/wp-content\/uploads\/2020\/06\/IMG_7962-1024x683.jpg 1024w, https:\/\/unsuisseamallorca.com\/wp-content\/uploads\/2020\/06\/IMG_7962-1536x1024.jpg 1536w, https:\/\/unsuisseamallorca.com\/wp-content\/uploads\/2020\/06\/IMG_7962-2048x1365.jpg 2048w\" alt=\"\" width=\"768\" height=\"512\" \/><br \/>\n<img decoding=\"async\" data-src=\"https:\/\/unsuisseamallorca.com\/wp-content\/uploads\/2020\/06\/IMG_0113-768x1024.jpg\" data-sizes=\"(max-width: 768px) 100vw, 768px\" data-srcset=\"https:\/\/unsuisseamallorca.com\/wp-content\/uploads\/2020\/06\/IMG_0113-768x1024.jpg 768w, https:\/\/unsuisseamallorca.com\/wp-content\/uploads\/2020\/06\/IMG_0113-225x300.jpg 225w, https:\/\/unsuisseamallorca.com\/wp-content\/uploads\/2020\/06\/IMG_0113-1152x1536.jpg 1152w, https:\/\/unsuisseamallorca.com\/wp-content\/uploads\/2020\/06\/IMG_0113-1536x2048.jpg 1536w, https:\/\/unsuisseamallorca.com\/wp-content\/uploads\/2020\/06\/IMG_0113-scaled.jpg 1920w\" alt=\"\" width=\"768\" height=\"1024\" src=\"data:image\/svg+xml;base64,PHN2ZyB3aWR0aD0iMSIgaGVpZ2h0PSIxIiB4bWxucz0iaHR0cDovL3d3dy53My5vcmcvMjAwMC9zdmciPjwvc3ZnPg==\" class=\"lazyload\" style=\"--smush-placeholder-width: 768px; --smush-placeholder-aspect-ratio: 768\/1024;\" \/><\/p>\n<h3>Costa Oeste: La Serra Tramuntana<\/h3>\n<p>La Serra de Tramuntana (nombre oficial en catal\u00e1n) tambi\u00e9n Sierra de Tramontana (en castellano) es la principal cordillera de la isla, situada en el noroeste de la isla. Su nombre se refiere directamente al tramontano, el viento del norte presente en el macizo y que sopla desde el continente (desde Francia entre el macizo central y los Pirineos). Es un macizo que consiste principalmente en monta\u00f1as medias y colinas costeras que se sumergen hacia el mar en altos acantilados bien tallados.<br \/>\n<a role=\"button\" href=\"https:\/\/unsuisseamallorca.com\/index.php\/la-serra-tramuntana-2\/\" target=\"_blank\" rel=\"noopener noreferrer\"><br \/>\nObtenga m\u00e1s informaci\u00f3n sobre la<br \/>\n<\/a><\/p>\n<h3>Palma<\/h3>\n<p>Su t\u00e9rmino municipal es de 208,63 km2 que se extiende entre la sierra de Na Burguesa y el Prado de Sant Jordi. La ciudad est\u00e1 situada en el centro de la Bah\u00eda de Palma, a unos 13 metros sobre el nivel del mar. Varios torrentes, como La Riera o Gros, desembocas en el Mediterr\u00e1neo. Con 440.772 habitantes (a 1 de enero de 2018), Palma es la octava ciudad m\u00e1s grande de Espa\u00f1a en cuanto a poblaci\u00f3n y la primera de las Islas Baleares. Adem\u00e1s, su \u00e1rea metropolitana comprende nueve ciudades que alcanzan los 560.240 habitantes en un \u00e1rea de 1015,88 km2, el 14 de Espa\u00f1a.<br \/>\n<a role=\"button\" href=\"https:\/\/unsuisseamallorca.com\/index.php\/palma\/\" target=\"_blank\" rel=\"noopener noreferrer\"><br \/>\nObtenga m\u00e1s informaci\u00f3n sobre la<br \/>\n<\/a><br \/>\n<img decoding=\"async\" data-src=\"https:\/\/unsuisseamallorca.com\/wp-content\/uploads\/2020\/06\/IMG_0991-768x576.jpg\" data-sizes=\"(max-width: 768px) 100vw, 768px\" data-srcset=\"https:\/\/unsuisseamallorca.com\/wp-content\/uploads\/2020\/06\/IMG_0991-768x576.jpg 768w, https:\/\/unsuisseamallorca.com\/wp-content\/uploads\/2020\/06\/IMG_0991-300x225.jpg 300w, https:\/\/unsuisseamallorca.com\/wp-content\/uploads\/2020\/06\/IMG_0991-1024x768.jpg 1024w, https:\/\/unsuisseamallorca.com\/wp-content\/uploads\/2020\/06\/IMG_0991-1536x1152.jpg 1536w, https:\/\/unsuisseamallorca.com\/wp-content\/uploads\/2020\/06\/IMG_0991-2048x1536.jpg 2048w\" alt=\"\" width=\"768\" height=\"576\" src=\"data:image\/svg+xml;base64,PHN2ZyB3aWR0aD0iMSIgaGVpZ2h0PSIxIiB4bWxucz0iaHR0cDovL3d3dy53My5vcmcvMjAwMC9zdmciPjwvc3ZnPg==\" class=\"lazyload\" style=\"--smush-placeholder-width: 768px; --smush-placeholder-aspect-ratio: 768\/576;\" \/><br \/>\n<img decoding=\"async\" data-src=\"https:\/\/unsuisseamallorca.com\/wp-content\/uploads\/2020\/06\/Alaro_08_gr.jpg\" data-sizes=\"(max-width: 720px) 100vw, 720px\" data-srcset=\"https:\/\/unsuisseamallorca.com\/wp-content\/uploads\/2020\/06\/Alaro_08_gr.jpg 720w, https:\/\/unsuisseamallorca.com\/wp-content\/uploads\/2020\/06\/Alaro_08_gr-300x265.jpg 300w\" alt=\"\" width=\"720\" height=\"637\" src=\"data:image\/svg+xml;base64,PHN2ZyB3aWR0aD0iMSIgaGVpZ2h0PSIxIiB4bWxucz0iaHR0cDovL3d3dy53My5vcmcvMjAwMC9zdmciPjwvc3ZnPg==\" class=\"lazyload\" style=\"--smush-placeholder-width: 720px; --smush-placeholder-aspect-ratio: 720\/637;\" \/><\/p>\n<h3>El centro: Le Raiguer<\/h3>\n<p>Es Raiguer (oficialmente en catal\u00e1n), es un largo corredor que se extiende desde Palma hasta Alcudia. Es una zona llana que discurre a lo largo de las estribaciones orientales de la Serra Tramuntana. Al sur y al este se encuentran las vastas llanuras de Es Pla, salpicadas de colinas coronadas por monasterios, ermitas o castillos.<br \/>\n<a role=\"button\" href=\"https:\/\/unsuisseamallorca.com\/index.php\/raiguer-la-cote-nord\/\" target=\"_blank\" rel=\"noopener noreferrer\"><br \/>\nObtenga m\u00e1s informaci\u00f3n sobre la<br \/>\n<\/a><\/p>\n<h3>Interior: La Pla de Mallorca<\/h3>\n<p>La Pla de Mallorca (oficialmente en catal\u00e1n) Llanura de Mallorca. Su nombre significa la &quot;llanura majorca&quot; debido a la naturaleza de su tierra y su uso para cultivos agr\u00edcolas de regad\u00edo (vegetales, trigo e incluso arroz) que se oponen a las regiones m\u00e1s monta\u00f1osas o monta\u00f1osas de la isla, siendo la llanura alimentada con agua a trav\u00e9s del sistema orofluvial procedente principalmente de las monta\u00f1as o colinas que la enmarcan en 3 lados hasta la costa al noreste de la isla.<\/p>\n<p><a role=\"button\" href=\"https:\/\/unsuisseamallorca.com\/index.php\/el-pla-le-centre-de-l-ile\/\" target=\"_blank\" rel=\"noopener noreferrer\"><br \/>\nObtenga m\u00e1s informaci\u00f3n sobre la<br \/>\n<\/a><br \/>\n<img decoding=\"async\" data-src=\"https:\/\/unsuisseamallorca.com\/wp-content\/uploads\/2020\/06\/comte_pla_mallorca_003_nord_plaine_depuis_cura_2012-09-16-768x384.jpg\" data-sizes=\"(max-width: 768px) 100vw, 768px\" data-srcset=\"https:\/\/unsuisseamallorca.com\/wp-content\/uploads\/2020\/06\/comte_pla_mallorca_003_nord_plaine_depuis_cura_2012-09-16-768x384.jpg 768w, https:\/\/unsuisseamallorca.com\/wp-content\/uploads\/2020\/06\/comte_pla_mallorca_003_nord_plaine_depuis_cura_2012-09-16-300x150.jpg 300w, https:\/\/unsuisseamallorca.com\/wp-content\/uploads\/2020\/06\/comte_pla_mallorca_003_nord_plaine_depuis_cura_2012-09-16-1024x512.jpg 1024w, https:\/\/unsuisseamallorca.com\/wp-content\/uploads\/2020\/06\/comte_pla_mallorca_003_nord_plaine_depuis_cura_2012-09-16-1536x768.jpg 1536w, https:\/\/unsuisseamallorca.com\/wp-content\/uploads\/2020\/06\/comte_pla_mallorca_003_nord_plaine_depuis_cura_2012-09-16-2048x1024.jpg 2048w\" alt=\"\" width=\"768\" height=\"384\" src=\"data:image\/svg+xml;base64,PHN2ZyB3aWR0aD0iMSIgaGVpZ2h0PSIxIiB4bWxucz0iaHR0cDovL3d3dy53My5vcmcvMjAwMC9zdmciPjwvc3ZnPg==\" class=\"lazyload\" style=\"--smush-placeholder-width: 768px; --smush-placeholder-aspect-ratio: 768\/384;\" \/><br \/>\n<img decoding=\"async\" data-src=\"https:\/\/unsuisseamallorca.com\/wp-content\/uploads\/2020\/06\/57-768x512.jpg\" data-sizes=\"(max-width: 768px) 100vw, 768px\" data-srcset=\"https:\/\/unsuisseamallorca.com\/wp-content\/uploads\/2020\/06\/57-768x512.jpg 768w, https:\/\/unsuisseamallorca.com\/wp-content\/uploads\/2020\/06\/57-300x200.jpg 300w, https:\/\/unsuisseamallorca.com\/wp-content\/uploads\/2020\/06\/57-1024x683.jpg 1024w, https:\/\/unsuisseamallorca.com\/wp-content\/uploads\/2020\/06\/57-1536x1024.jpg 1536w, https:\/\/unsuisseamallorca.com\/wp-content\/uploads\/2020\/06\/57-2048x1365.jpg 2048w\" alt=\"\" width=\"768\" height=\"512\" src=\"data:image\/svg+xml;base64,PHN2ZyB3aWR0aD0iMSIgaGVpZ2h0PSIxIiB4bWxucz0iaHR0cDovL3d3dy53My5vcmcvMjAwMC9zdmciPjwvc3ZnPg==\" class=\"lazyload\" style=\"--smush-placeholder-width: 768px; --smush-placeholder-aspect-ratio: 768\/512;\" \/><\/p>\n<h3>Sur: Migjorn<\/h3>\n<p>El Migjorn (oficialmente en catal\u00e1n) se encuentra en la parte sur, desde S&#39;Arenal en el oeste hasta Porto Colom en el este. Es esencialmente la continuidad del Pla de Mallorca al sur, el macizo de Randa separa los dos contras. Es una llanura principalmente caliza con la cumbre principal del Puig de Sant Salvador a 510 metros. La costa es una sucesi\u00f3n de playas de arena y promontoirs rocosos las calas son a veces profundas como Cala Pi. Los acantilados pueden ser de gran altura como el Cap Blanc con sus 85 metros.<br \/>\n<a role=\"button\" href=\"https:\/\/unsuisseamallorca.com\/index.php\/migjorn-la-cote-sud-est\/\" target=\"_blank\" rel=\"noopener noreferrer\"><br \/>\nObtenga m\u00e1s informaci\u00f3n sobre la<br \/>\n<\/a><\/p>\n<h2>BIENVENIDOS A Mallorca<\/h2>\n<p>El verdadero viaje del descubrimiento no es buscar nuevos paisajes, sino tener nuevos ojos.<\/p>\n<p><a role=\"button\" href=\"https:\/\/unsuisseamallorca.com\/\"><br \/>\nDe vuelta a la recepci\u00f3n<br \/>\n<\/a><\/p>\n","protected":false},"excerpt":{"rendered":"<p>\u00bfMallorca s\u00f3lo te recuerda el sol, las playas y las costas de hormig\u00f3n? Te haremos ver la isla de una manera diferente. Monta\u00f1as con vistas al mar, calas con aguas turquesas, hermosos pueblos y aldeas, obras de artistas. \u00a1Hay mucho que hacer! Tambi\u00e9n es un hermoso destino de senderismo en el oto\u00f1o y la primavera. [&hellip;]<\/p>\n","protected":false},"author":1,"featured_media":0,"parent":0,"menu_order":0,"comment_status":"closed","ping_status":"closed","template":"","meta":{"ocean_post_layout":"","ocean_both_sidebars_style":"","ocean_both_sidebars_content_width":0,"ocean_both_sidebars_sidebars_width":0,"ocean_sidebar":"","ocean_second_sidebar":"","ocean_disable_margins":"enable","ocean_add_body_class":"","ocean_shortcode_before_top_bar":"","ocean_shortcode_after_top_bar":"","ocean_shortcode_before_header":"","ocean_shortcode_after_header":"","ocean_has_shortcode":"","ocean_shortcode_after_title":"","ocean_shortcode_before_footer_widgets":"","ocean_shortcode_after_footer_widgets":"","ocean_shortcode_before_footer_bottom":"","ocean_shortcode_after_footer_bottom":"","ocean_display_top_bar":"default","ocean_display_header":"default","ocean_header_style":"","ocean_center_header_left_menu":"","ocean_custom_header_template":"","ocean_custom_logo":0,"ocean_custom_retina_logo":0,"ocean_custom_logo_max_width":0,"ocean_custom_logo_tablet_max_width":0,"ocean_custom_logo_mobile_max_width":0,"ocean_custom_logo_max_height":0,"ocean_custom_logo_tablet_max_height":0,"ocean_custom_logo_mobile_max_height":0,"ocean_header_custom_menu":"","ocean_menu_typo_font_family":"","ocean_menu_typo_font_subset":"","ocean_menu_typo_font_size":0,"ocean_menu_typo_font_size_tablet":0,"ocean_menu_typo_font_size_mobile":0,"ocean_menu_typo_font_size_unit":"px","ocean_menu_typo_font_weight":"","ocean_menu_typo_font_weight_tablet":"","ocean_menu_typo_font_weight_mobile":"","ocean_menu_typo_transform":"","ocean_menu_typo_transform_tablet":"","ocean_menu_typo_transform_mobile":"","ocean_menu_typo_line_height":0,"ocean_menu_typo_line_height_tablet":0,"ocean_menu_typo_line_height_mobile":0,"ocean_menu_typo_line_height_unit":"","ocean_menu_typo_spacing":0,"ocean_menu_typo_spacing_tablet":0,"ocean_menu_typo_spacing_mobile":0,"ocean_menu_typo_spacing_unit":"","ocean_menu_link_color":"","ocean_menu_link_color_hover":"","ocean_menu_link_color_active":"","ocean_menu_link_background":"","ocean_menu_link_hover_background":"","ocean_menu_link_active_background":"","ocean_menu_social_links_bg":"","ocean_menu_social_hover_links_bg":"","ocean_menu_social_links_color":"","ocean_menu_social_hover_links_color":"","ocean_disable_title":"default","ocean_disable_heading":"default","ocean_post_title":"","ocean_post_subheading":"","ocean_post_title_style":"","ocean_post_title_background_color":"","ocean_post_title_background":0,"ocean_post_title_bg_image_position":"","ocean_post_title_bg_image_attachment":"","ocean_post_title_bg_image_repeat":"","ocean_post_title_bg_image_size":"","ocean_post_title_height":0,"ocean_post_title_bg_overlay":0.5,"ocean_post_title_bg_overlay_color":"","ocean_disable_breadcrumbs":"default","ocean_breadcrumbs_color":"","ocean_breadcrumbs_separator_color":"","ocean_breadcrumbs_links_color":"","ocean_breadcrumbs_links_hover_color":"","ocean_display_footer_widgets":"default","ocean_display_footer_bottom":"default","ocean_custom_footer_template":"","footnotes":""},"class_list":["post-4696","page","type-page","status-publish","hentry","entry"],"yoast_head":"<!-- This site is optimized with the Yoast SEO plugin v26.4 - https:\/\/yoast.com\/wordpress\/plugins\/seo\/ -->\n<title>Ibiza UN SUISSE A MAJORQUE<\/title>\n<meta name=\"robots\" content=\"index, follow, max-snippet:-1, max-image-preview:large, max-video-preview:-1\" \/>\n<link rel=\"canonical\" href=\"https:\/\/unsuisseamallorca.com\/index.php\/es\/ibiza-2-2\/\" \/>\n<meta property=\"og:locale\" content=\"fr_FR\" \/>\n<meta property=\"og:type\" content=\"article\" \/>\n<meta property=\"og:title\" content=\"Ibiza UN SUISSE A MAJORQUE\" \/>\n<meta property=\"og:description\" content=\"\u00bfMallorca s\u00f3lo te recuerda el sol, las playas y las costas de hormig\u00f3n? Te haremos ver la isla de una manera diferente. Monta\u00f1as con vistas al mar, calas con aguas turquesas, hermosos pueblos y aldeas, obras de artistas. \u00a1Hay mucho que hacer! Tambi\u00e9n es un hermoso destino de senderismo en el oto\u00f1o y la primavera. [&hellip;]\" \/>\n<meta property=\"og:url\" content=\"https:\/\/unsuisseamallorca.com\/index.php\/es\/ibiza-2-2\/\" \/>\n<meta property=\"og:site_name\" content=\"UN SUISSE A MAJORQUE\" \/>\n<meta property=\"og:image\" content=\"https:\/\/unsuisseamallorca.com\/wp-content\/uploads\/elementor\/thumbs\/Travel_map_of_Mallorca-en-o56xlsl8dvwuo1vbg0tgcxu5wk6jzu2cbhnhrh7yq0.png\" \/>\n<meta name=\"twitter:card\" content=\"summary_large_image\" \/>\n<meta name=\"twitter:label1\" content=\"Dur\u00e9e de lecture estim\u00e9e\" \/>\n\t<meta name=\"twitter:data1\" content=\"4 minutes\" \/>\n<script type=\"application\/ld+json\" class=\"yoast-schema-graph\">{\"@context\":\"https:\/\/schema.org\",\"@graph\":[{\"@type\":\"WebPage\",\"@id\":\"https:\/\/unsuisseamallorca.com\/index.php\/es\/ibiza-2-2\/\",\"url\":\"https:\/\/unsuisseamallorca.com\/index.php\/es\/ibiza-2-2\/\",\"name\":\"Ibiza UN SUISSE A MAJORQUE\",\"isPartOf\":{\"@id\":\"https:\/\/unsuisseamallorca.com\/#website\"},\"primaryImageOfPage\":{\"@id\":\"https:\/\/unsuisseamallorca.com\/index.php\/es\/ibiza-2-2\/#primaryimage\"},\"image\":{\"@id\":\"https:\/\/unsuisseamallorca.com\/index.php\/es\/ibiza-2-2\/#primaryimage\"},\"thumbnailUrl\":\"https:\/\/unsuisseamallorca.com\/wp-content\/uploads\/elementor\/thumbs\/Travel_map_of_Mallorca-en-o56xlsl8dvwuo1vbg0tgcxu5wk6jzu2cbhnhrh7yq0.png\",\"datePublished\":\"2020-07-09T06:41:25+00:00\",\"breadcrumb\":{\"@id\":\"https:\/\/unsuisseamallorca.com\/index.php\/es\/ibiza-2-2\/#breadcrumb\"},\"inLanguage\":\"fr-FR\",\"potentialAction\":[{\"@type\":\"ReadAction\",\"target\":[\"https:\/\/unsuisseamallorca.com\/index.php\/es\/ibiza-2-2\/\"]}]},{\"@type\":\"ImageObject\",\"inLanguage\":\"fr-FR\",\"@id\":\"https:\/\/unsuisseamallorca.com\/index.php\/es\/ibiza-2-2\/#primaryimage\",\"url\":\"https:\/\/unsuisseamallorca.com\/wp-content\/uploads\/elementor\/thumbs\/Travel_map_of_Mallorca-en-o56xlsl8dvwuo1vbg0tgcxu5wk6jzu2cbhnhrh7yq0.png\",\"contentUrl\":\"https:\/\/unsuisseamallorca.com\/wp-content\/uploads\/elementor\/thumbs\/Travel_map_of_Mallorca-en-o56xlsl8dvwuo1vbg0tgcxu5wk6jzu2cbhnhrh7yq0.png\"},{\"@type\":\"BreadcrumbList\",\"@id\":\"https:\/\/unsuisseamallorca.com\/index.php\/es\/ibiza-2-2\/#breadcrumb\",\"itemListElement\":[{\"@type\":\"ListItem\",\"position\":1,\"name\":\"Accueil\",\"item\":\"https:\/\/unsuisseamallorca.com\/\"},{\"@type\":\"ListItem\",\"position\":2,\"name\":\"Ibiza\"}]},{\"@type\":\"WebSite\",\"@id\":\"https:\/\/unsuisseamallorca.com\/#website\",\"url\":\"https:\/\/unsuisseamallorca.com\/\",\"name\":\"UN SUISSE A MAJORQUE\",\"description\":\"Le voyageur voit ce qu&#039;il voit, le touriste voit ce qu&#039;il est venu voir !\",\"potentialAction\":[{\"@type\":\"SearchAction\",\"target\":{\"@type\":\"EntryPoint\",\"urlTemplate\":\"https:\/\/unsuisseamallorca.com\/?s={search_term_string}\"},\"query-input\":{\"@type\":\"PropertyValueSpecification\",\"valueRequired\":true,\"valueName\":\"search_term_string\"}}],\"inLanguage\":\"fr-FR\"}]}<\/script>\n<!-- \/ Yoast SEO plugin. -->","yoast_head_json":{"title":"Ibiza UN SUISSE A MAJORQUE","robots":{"index":"index","follow":"follow","max-snippet":"max-snippet:-1","max-image-preview":"max-image-preview:large","max-video-preview":"max-video-preview:-1"},"canonical":"https:\/\/unsuisseamallorca.com\/index.php\/es\/ibiza-2-2\/","og_locale":"fr_FR","og_type":"article","og_title":"Ibiza UN SUISSE A MAJORQUE","og_description":"\u00bfMallorca s\u00f3lo te recuerda el sol, las playas y las costas de hormig\u00f3n? Te haremos ver la isla de una manera diferente. Monta\u00f1as con vistas al mar, calas con aguas turquesas, hermosos pueblos y aldeas, obras de artistas. \u00a1Hay mucho que hacer! Tambi\u00e9n es un hermoso destino de senderismo en el oto\u00f1o y la primavera. [&hellip;]","og_url":"https:\/\/unsuisseamallorca.com\/index.php\/es\/ibiza-2-2\/","og_site_name":"UN SUISSE A MAJORQUE","og_image":[{"url":"https:\/\/unsuisseamallorca.com\/wp-content\/uploads\/elementor\/thumbs\/Travel_map_of_Mallorca-en-o56xlsl8dvwuo1vbg0tgcxu5wk6jzu2cbhnhrh7yq0.png","type":"","width":"","height":""}],"twitter_card":"summary_large_image","twitter_misc":{"Dur\u00e9e de lecture estim\u00e9e":"4 minutes"},"schema":{"@context":"https:\/\/schema.org","@graph":[{"@type":"WebPage","@id":"https:\/\/unsuisseamallorca.com\/index.php\/es\/ibiza-2-2\/","url":"https:\/\/unsuisseamallorca.com\/index.php\/es\/ibiza-2-2\/","name":"Ibiza UN SUISSE A MAJORQUE","isPartOf":{"@id":"https:\/\/unsuisseamallorca.com\/#website"},"primaryImageOfPage":{"@id":"https:\/\/unsuisseamallorca.com\/index.php\/es\/ibiza-2-2\/#primaryimage"},"image":{"@id":"https:\/\/unsuisseamallorca.com\/index.php\/es\/ibiza-2-2\/#primaryimage"},"thumbnailUrl":"https:\/\/unsuisseamallorca.com\/wp-content\/uploads\/elementor\/thumbs\/Travel_map_of_Mallorca-en-o56xlsl8dvwuo1vbg0tgcxu5wk6jzu2cbhnhrh7yq0.png","datePublished":"2020-07-09T06:41:25+00:00","breadcrumb":{"@id":"https:\/\/unsuisseamallorca.com\/index.php\/es\/ibiza-2-2\/#breadcrumb"},"inLanguage":"fr-FR","potentialAction":[{"@type":"ReadAction","target":["https:\/\/unsuisseamallorca.com\/index.php\/es\/ibiza-2-2\/"]}]},{"@type":"ImageObject","inLanguage":"fr-FR","@id":"https:\/\/unsuisseamallorca.com\/index.php\/es\/ibiza-2-2\/#primaryimage","url":"https:\/\/unsuisseamallorca.com\/wp-content\/uploads\/elementor\/thumbs\/Travel_map_of_Mallorca-en-o56xlsl8dvwuo1vbg0tgcxu5wk6jzu2cbhnhrh7yq0.png","contentUrl":"https:\/\/unsuisseamallorca.com\/wp-content\/uploads\/elementor\/thumbs\/Travel_map_of_Mallorca-en-o56xlsl8dvwuo1vbg0tgcxu5wk6jzu2cbhnhrh7yq0.png"},{"@type":"BreadcrumbList","@id":"https:\/\/unsuisseamallorca.com\/index.php\/es\/ibiza-2-2\/#breadcrumb","itemListElement":[{"@type":"ListItem","position":1,"name":"Accueil","item":"https:\/\/unsuisseamallorca.com\/"},{"@type":"ListItem","position":2,"name":"Ibiza"}]},{"@type":"WebSite","@id":"https:\/\/unsuisseamallorca.com\/#website","url":"https:\/\/unsuisseamallorca.com\/","name":"UN SUISSE A MAJORQUE","description":"Le voyageur voit ce qu&#039;il voit, le touriste voit ce qu&#039;il est venu voir !","potentialAction":[{"@type":"SearchAction","target":{"@type":"EntryPoint","urlTemplate":"https:\/\/unsuisseamallorca.com\/?s={search_term_string}"},"query-input":{"@type":"PropertyValueSpecification","valueRequired":true,"valueName":"search_term_string"}}],"inLanguage":"fr-FR"}]}},"_links":{"self":[{"href":"https:\/\/unsuisseamallorca.com\/index.php\/wp-json\/wp\/v2\/pages\/4696","targetHints":{"allow":["GET"]}}],"collection":[{"href":"https:\/\/unsuisseamallorca.com\/index.php\/wp-json\/wp\/v2\/pages"}],"about":[{"href":"https:\/\/unsuisseamallorca.com\/index.php\/wp-json\/wp\/v2\/types\/page"}],"author":[{"embeddable":true,"href":"https:\/\/unsuisseamallorca.com\/index.php\/wp-json\/wp\/v2\/users\/1"}],"replies":[{"embeddable":true,"href":"https:\/\/unsuisseamallorca.com\/index.php\/wp-json\/wp\/v2\/comments?post=4696"}],"version-history":[{"count":0,"href":"https:\/\/unsuisseamallorca.com\/index.php\/wp-json\/wp\/v2\/pages\/4696\/revisions"}],"wp:attachment":[{"href":"https:\/\/unsuisseamallorca.com\/index.php\/wp-json\/wp\/v2\/media?parent=4696"}],"curies":[{"name":"wp","href":"https:\/\/api.w.org\/{rel}","templated":true}]}}