{"id":4689,"date":"2020-07-09T08:42:30","date_gmt":"2020-07-09T06:42:30","guid":{"rendered":"https:\/\/unsuisseamallorca.com\/?page_id=4689"},"modified":"2021-06-07T08:30:26","modified_gmt":"2021-06-07T06:30:26","slug":"formentera-2","status":"publish","type":"page","link":"https:\/\/unsuisseamallorca.com\/index.php\/formentera-2\/","title":{"rendered":"FORMENTERA"},"content":{"rendered":"\t\t<div data-elementor-type=\"wp-post\" data-elementor-id=\"4689\" class=\"elementor elementor-4689\" data-elementor-post-type=\"page\">\n\t\t\t\t\t\t<section class=\"elementor-section elementor-top-section elementor-element elementor-element-25724e2 elementor-section-content-middle elementor-section-boxed elementor-section-height-default elementor-section-height-default\" data-id=\"25724e2\" data-element_type=\"section\">\n\t\t\t\t\t\t<div class=\"elementor-container elementor-column-gap-no\">\n\t\t\t\t\t<div class=\"elementor-column elementor-col-100 elementor-top-column elementor-element elementor-element-2eb711d4\" data-id=\"2eb711d4\" data-element_type=\"column\">\n\t\t\t<div class=\"elementor-widget-wrap elementor-element-populated\">\n\t\t\t\t\t\t<div class=\"elementor-element elementor-element-3d378aac elementor-widget elementor-widget-heading\" data-id=\"3d378aac\" data-element_type=\"widget\" data-widget_type=\"heading.default\">\n\t\t\t\t<div class=\"elementor-widget-container\">\n\t\t\t\t\t<h3 class=\"elementor-heading-title elementor-size-default\">R\u00e9jouissez-vous parce que chaque endroit est ici et chaque instant est maintenant.(Dala\u00ef Lama)<\/h3>\t\t\t\t<\/div>\n\t\t\t\t<\/div>\n\t\t\t\t\t<\/div>\n\t\t<\/div>\n\t\t\t\t\t<\/div>\n\t\t<\/section>\n\t\t\t\t<section class=\"elementor-section elementor-top-section elementor-element elementor-element-2c61389 elementor-section-height-full elementor-section-content-middle elementor-section-boxed elementor-section-height-default elementor-section-items-middle\" data-id=\"2c61389\" data-element_type=\"section\" data-settings=\"{&quot;background_background&quot;:&quot;classic&quot;}\">\n\t\t\t\t\t\t\t<div class=\"elementor-background-overlay\"><\/div>\n\t\t\t\t\t\t\t<div class=\"elementor-container elementor-column-gap-no\">\n\t\t\t\t\t<div class=\"elementor-column elementor-col-100 elementor-top-column elementor-element elementor-element-478918c\" data-id=\"478918c\" data-element_type=\"column\">\n\t\t\t<div class=\"elementor-widget-wrap\">\n\t\t\t\t\t\t\t<\/div>\n\t\t<\/div>\n\t\t\t\t\t<\/div>\n\t\t<\/section>\n\t\t\t\t<section class=\"elementor-section elementor-top-section elementor-element elementor-element-920977d elementor-section-content-middle elementor-section-boxed elementor-section-height-default elementor-section-height-default\" data-id=\"920977d\" data-element_type=\"section\" data-settings=\"{&quot;background_background&quot;:&quot;classic&quot;}\">\n\t\t\t\t\t\t<div class=\"elementor-container elementor-column-gap-default\">\n\t\t\t\t\t<div class=\"elementor-column elementor-col-100 elementor-top-column elementor-element elementor-element-6fa92a9\" data-id=\"6fa92a9\" data-element_type=\"column\">\n\t\t\t<div class=\"elementor-widget-wrap elementor-element-populated\">\n\t\t\t\t\t\t<div class=\"elementor-element elementor-element-f47718f elementor-widget elementor-widget-heading\" data-id=\"f47718f\" data-element_type=\"widget\" data-widget_type=\"heading.default\">\n\t\t\t\t<div class=\"elementor-widget-container\">\n\t\t\t\t\t<h2 class=\"elementor-heading-title elementor-size-large\">Formentera (en catalan et en castillan) est la plus petite des quatre \u00eeles principales et habit\u00e9es de l'archipel espagnol des Bal\u00e9ares. Elle est situ\u00e9e au sud de l'\u00eele d'Ibiza avec laquelle elle forme l'ensemble des \u00eeles Pityuses. L'\u00eele constitue \u00e9galement une commune. Dans les ann\u00e9es soixante, le tourisme se d\u00e9veloppe. Les Hippies sont, tr\u00e8s t\u00f4t, attir\u00e9s par Formentera. \nL'\u00eele int\u00e8gre l'Autonomie des Bal\u00e9ares, \u00e0 sa cr\u00e9ation en 1983. En 2007, elle obtient un statut sp\u00e9cifique, son Conseil insulaire devenant autonome de celui d'Ibiza.  Formentera est une \u00eele principale situ\u00e9e \u00e0 environ 6 km au sud d'Ibiza et est longue de 19 kilom\u00e8tres. l'archipel des Bal\u00e9ares<\/h2>\t\t\t\t<\/div>\n\t\t\t\t<\/div>\n\t\t\t\t\t<\/div>\n\t\t<\/div>\n\t\t\t\t\t<\/div>\n\t\t<\/section>\n\t\t\t\t<section class=\"elementor-section elementor-top-section elementor-element elementor-element-b4ebb84 elementor-section-content-middle elementor-section-boxed elementor-section-height-default elementor-section-height-default\" data-id=\"b4ebb84\" data-element_type=\"section\" data-settings=\"{&quot;background_background&quot;:&quot;classic&quot;}\">\n\t\t\t\t\t\t<div class=\"elementor-container elementor-column-gap-default\">\n\t\t\t\t\t<div class=\"elementor-column elementor-col-100 elementor-top-column elementor-element elementor-element-226cf3a\" data-id=\"226cf3a\" data-element_type=\"column\">\n\t\t\t<div class=\"elementor-widget-wrap elementor-element-populated\">\n\t\t\t\t\t\t<div class=\"elementor-element elementor-element-117d0cc elementor-widget elementor-widget-heading\" data-id=\"117d0cc\" data-element_type=\"widget\" data-widget_type=\"heading.default\">\n\t\t\t\t<div class=\"elementor-widget-container\">\n\t\t\t\t\t<h2 class=\"elementor-heading-title elementor-size-large\">L'\u00eele compte pr\u00e8s de 12 000 habitants pour 83 km2. La Savina est le village o\u00f9 se situe le port et la marina de l\u2019\u00eele, les autres villages sont : Sant Francesc Xavier (le principal village de l\u2019ile), Sant Ferran de ses Roques, El Pilar de la Mola, Es Pujols<\/h2>\t\t\t\t<\/div>\n\t\t\t\t<\/div>\n\t\t\t\t\t<\/div>\n\t\t<\/div>\n\t\t\t\t\t<\/div>\n\t\t<\/section>\n\t\t\t\t<section class=\"elementor-section elementor-top-section elementor-element elementor-element-26ae39ac elementor-section-content-middle elementor-reverse-mobile elementor-section-boxed elementor-section-height-default elementor-section-height-default\" data-id=\"26ae39ac\" data-element_type=\"section\">\n\t\t\t\t\t\t<div class=\"elementor-container elementor-column-gap-default\">\n\t\t\t\t\t<div class=\"elementor-column elementor-col-50 elementor-top-column elementor-element elementor-element-7a5e7928\" data-id=\"7a5e7928\" data-element_type=\"column\">\n\t\t\t<div class=\"elementor-widget-wrap elementor-element-populated\">\n\t\t\t\t\t\t<div class=\"elementor-element elementor-element-770ad0e8 elementor-widget elementor-widget-heading\" data-id=\"770ad0e8\" data-element_type=\"widget\" data-widget_type=\"heading.default\">\n\t\t\t\t<div class=\"elementor-widget-container\">\n\t\t\t\t\t<h3 class=\"elementor-heading-title elementor-size-default\">Comment y aller ?<\/h3>\t\t\t\t<\/div>\n\t\t\t\t<\/div>\n\t\t\t\t<div class=\"elementor-element elementor-element-1020b6b3 elementor-widget elementor-widget-text-editor\" data-id=\"1020b6b3\" data-element_type=\"widget\" data-widget_type=\"text-editor.default\">\n\t\t\t\t<div class=\"elementor-widget-container\">\n\t\t\t\t\t\t\t\t\tL&rsquo;\u00eele n&rsquo;est accessible que par bateau, depuis l\u2019\u00eele d&rsquo;Ibiza, ainsi que depuis l&rsquo;Espagne continentale. Pour d\u00e9couvrir l\u2019\u00eele de Formentera en toute libert\u00e9, il suffit de louer une voiture, un scooter ou un v\u00e9lo au port de la Savina, juste \u00e0 c\u00f4t\u00e9 du quai de d\u00e9barquement du ferry. Le tour de l&rsquo;\u00eele \u00e0 v\u00e9lo est possible en 1 jour (75 Km.) mais je vous conseille d&rsquo;\u00e9viter la saison chaude. \t\t\t\t\t\t\t\t<\/div>\n\t\t\t\t<\/div>\n\t\t\t\t\t<\/div>\n\t\t<\/div>\n\t\t\t\t<div class=\"elementor-column elementor-col-50 elementor-top-column elementor-element elementor-element-70a0fac4\" data-id=\"70a0fac4\" data-element_type=\"column\">\n\t\t\t<div class=\"elementor-widget-wrap elementor-element-populated\">\n\t\t\t\t\t\t<div class=\"elementor-element elementor-element-1e1f86e1 elementor-widget elementor-widget-image\" data-id=\"1e1f86e1\" data-element_type=\"widget\" data-widget_type=\"image.default\">\n\t\t\t\t<div class=\"elementor-widget-container\">\n\t\t\t\t\t\t\t\t\t\t\t\t\t\t\t<img fetchpriority=\"high\" decoding=\"async\" width=\"768\" height=\"512\" src=\"https:\/\/unsuisseamallorca.com\/wp-content\/uploads\/2020\/06\/IMG_7962-768x512.jpg\" class=\"attachment-medium_large size-medium_large wp-image-4272\" alt=\"\" srcset=\"https:\/\/unsuisseamallorca.com\/wp-content\/uploads\/2020\/06\/IMG_7962-768x512.jpg 768w, https:\/\/unsuisseamallorca.com\/wp-content\/uploads\/2020\/06\/IMG_7962-300x200.jpg 300w, https:\/\/unsuisseamallorca.com\/wp-content\/uploads\/2020\/06\/IMG_7962-1024x683.jpg 1024w, https:\/\/unsuisseamallorca.com\/wp-content\/uploads\/2020\/06\/IMG_7962-1536x1024.jpg 1536w, https:\/\/unsuisseamallorca.com\/wp-content\/uploads\/2020\/06\/IMG_7962-2048x1365.jpg 2048w, https:\/\/unsuisseamallorca.com\/wp-content\/uploads\/2020\/06\/IMG_7962-scaled.jpg 2560w\" sizes=\"(max-width: 768px) 100vw, 768px\" \/>\t\t\t\t\t\t\t\t\t\t\t\t\t\t\t<\/div>\n\t\t\t\t<\/div>\n\t\t\t\t\t<\/div>\n\t\t<\/div>\n\t\t\t\t\t<\/div>\n\t\t<\/section>\n\t\t\t\t<section class=\"elementor-section elementor-top-section elementor-element elementor-element-eb92bed elementor-section-content-middle elementor-section-boxed elementor-section-height-default elementor-section-height-default\" data-id=\"eb92bed\" data-element_type=\"section\">\n\t\t\t\t\t\t<div class=\"elementor-container elementor-column-gap-default\">\n\t\t\t\t\t<div class=\"elementor-column elementor-col-50 elementor-top-column elementor-element elementor-element-4c6018f9\" data-id=\"4c6018f9\" data-element_type=\"column\">\n\t\t\t<div class=\"elementor-widget-wrap elementor-element-populated\">\n\t\t\t\t\t\t<div class=\"elementor-element elementor-element-5b5cbf02 elementor-widget elementor-widget-image\" data-id=\"5b5cbf02\" data-element_type=\"widget\" data-widget_type=\"image.default\">\n\t\t\t\t<div class=\"elementor-widget-container\">\n\t\t\t\t\t\t\t\t\t\t\t\t\t\t\t<img decoding=\"async\" width=\"768\" height=\"512\" data-src=\"https:\/\/unsuisseamallorca.com\/wp-content\/uploads\/2020\/07\/5c05093ac172d139534882-768x512.jpg\" class=\"attachment-medium_large size-medium_large wp-image-4819 lazyload\" alt=\"\" data-srcset=\"https:\/\/unsuisseamallorca.com\/wp-content\/uploads\/2020\/07\/5c05093ac172d139534882-768x512.jpg 768w, https:\/\/unsuisseamallorca.com\/wp-content\/uploads\/2020\/07\/5c05093ac172d139534882-300x200.jpg 300w, https:\/\/unsuisseamallorca.com\/wp-content\/uploads\/2020\/07\/5c05093ac172d139534882-1024x683.jpg 1024w, https:\/\/unsuisseamallorca.com\/wp-content\/uploads\/2020\/07\/5c05093ac172d139534882-1536x1024.jpg 1536w, https:\/\/unsuisseamallorca.com\/wp-content\/uploads\/2020\/07\/5c05093ac172d139534882.jpg 1800w\" data-sizes=\"(max-width: 768px) 100vw, 768px\" src=\"data:image\/svg+xml;base64,PHN2ZyB3aWR0aD0iMSIgaGVpZ2h0PSIxIiB4bWxucz0iaHR0cDovL3d3dy53My5vcmcvMjAwMC9zdmciPjwvc3ZnPg==\" style=\"--smush-placeholder-width: 768px; --smush-placeholder-aspect-ratio: 768\/512;\" \/>\t\t\t\t\t\t\t\t\t\t\t\t\t\t\t<\/div>\n\t\t\t\t<\/div>\n\t\t\t\t<div class=\"elementor-element elementor-element-b7d94cb elementor-widget elementor-widget-image\" data-id=\"b7d94cb\" data-element_type=\"widget\" data-widget_type=\"image.default\">\n\t\t\t\t<div class=\"elementor-widget-container\">\n\t\t\t\t\t\t\t\t\t\t\t\t\t\t\t<img decoding=\"async\" width=\"640\" height=\"480\" data-src=\"https:\/\/unsuisseamallorca.com\/wp-content\/uploads\/2020\/07\/laguna-espalmador.jpg\" class=\"attachment-medium_large size-medium_large wp-image-4820 lazyload\" alt=\"\" data-srcset=\"https:\/\/unsuisseamallorca.com\/wp-content\/uploads\/2020\/07\/laguna-espalmador.jpg 640w, https:\/\/unsuisseamallorca.com\/wp-content\/uploads\/2020\/07\/laguna-espalmador-300x225.jpg 300w\" data-sizes=\"(max-width: 640px) 100vw, 640px\" src=\"data:image\/svg+xml;base64,PHN2ZyB3aWR0aD0iMSIgaGVpZ2h0PSIxIiB4bWxucz0iaHR0cDovL3d3dy53My5vcmcvMjAwMC9zdmciPjwvc3ZnPg==\" style=\"--smush-placeholder-width: 640px; --smush-placeholder-aspect-ratio: 640\/480;\" \/>\t\t\t\t\t\t\t\t\t\t\t\t\t\t\t<\/div>\n\t\t\t\t<\/div>\n\t\t\t\t<div class=\"elementor-element elementor-element-1a2ad70 elementor-widget elementor-widget-image\" data-id=\"1a2ad70\" data-element_type=\"widget\" data-widget_type=\"image.default\">\n\t\t\t\t<div class=\"elementor-widget-container\">\n\t\t\t\t\t\t\t\t\t\t\t\t\t\t\t<img decoding=\"async\" width=\"767\" height=\"505\" data-src=\"https:\/\/unsuisseamallorca.com\/wp-content\/uploads\/2020\/07\/barro.jpg\" class=\"attachment-medium_large size-medium_large wp-image-4761 lazyload\" alt=\"\" data-srcset=\"https:\/\/unsuisseamallorca.com\/wp-content\/uploads\/2020\/07\/barro.jpg 767w, https:\/\/unsuisseamallorca.com\/wp-content\/uploads\/2020\/07\/barro-300x198.jpg 300w\" data-sizes=\"(max-width: 767px) 100vw, 767px\" src=\"data:image\/svg+xml;base64,PHN2ZyB3aWR0aD0iMSIgaGVpZ2h0PSIxIiB4bWxucz0iaHR0cDovL3d3dy53My5vcmcvMjAwMC9zdmciPjwvc3ZnPg==\" style=\"--smush-placeholder-width: 767px; --smush-placeholder-aspect-ratio: 767\/505;\" \/>\t\t\t\t\t\t\t\t\t\t\t\t\t\t\t<\/div>\n\t\t\t\t<\/div>\n\t\t\t\t\t<\/div>\n\t\t<\/div>\n\t\t\t\t<div class=\"elementor-column elementor-col-50 elementor-top-column elementor-element elementor-element-199ca114\" data-id=\"199ca114\" data-element_type=\"column\">\n\t\t\t<div class=\"elementor-widget-wrap elementor-element-populated\">\n\t\t\t\t\t\t<div class=\"elementor-element elementor-element-2c59d1dc elementor-widget elementor-widget-heading\" data-id=\"2c59d1dc\" data-element_type=\"widget\" data-widget_type=\"heading.default\">\n\t\t\t\t<div class=\"elementor-widget-container\">\n\t\t\t\t\t<h3 class=\"elementor-heading-title elementor-size-default\"> \u00cele d'Espalmador<\/h3>\t\t\t\t<\/div>\n\t\t\t\t<\/div>\n\t\t\t\t<div class=\"elementor-element elementor-element-7253690f elementor-widget elementor-widget-text-editor\" data-id=\"7253690f\" data-element_type=\"widget\" data-widget_type=\"text-editor.default\">\n\t\t\t\t<div class=\"elementor-widget-container\">\n\t\t\t\t\t\t\t\t\t\nEspalmador est une \u00eele priv\u00e9e situ\u00e9e \u00e0 proximit\u00e9 de Formentera. Bien qu\u2019elle appartienne \u00e0 une famille castillane, l\u2019\u00eele peut se visiter ; la superbe plage S\u2019Alga vaut \u00e0 elle seule le d\u00e9tour ! Si certains guides de voyage sugg\u00e8rent que l\u2019on peut traverser \u00e0 pied les eaux peu profondes qui relient Formentera \u00e0 Espalmador (d\u00e9troit d\u2019El Pas), nous vous le d\u00e9conseillons vivement. Il vaut mieux emprunter le bateau qui part de La Savina et fait plusieurs fois par jour la navette : vous serez s\u00fbr d\u2019arriver sain et sauf. En effet, \u00e0 Espalmador, il y a plus de yachts, de bateaux et de voiliers qu\u2019autre chose, la plupart d\u2019entre eux viennent de l\u2019\u00eele voisine d\u2019Ibiza. Au centre de l\u2019\u00eele d\u2019Espalmador se trouve un \u00e9tang boueux, pris\u00e9 par ceux qui croient aux vertus des bains de boue. Pour les visiteurs, c\u2019est presque devenu une tradition de prendre un bain de boue, puis de courir jusqu\u2019\u00e0 la mer pour se rincer.Propri\u00e9t\u00e9 priv\u00e9e inhabit\u00e9e mais ses 146 hectares sont accessibles aux baigneurs (nudistes) qui appr\u00e9cient aussi les bains de boue sulfur\u00e9e tr\u00e8s renomm\u00e9s, qui se forment dans des cuvettes naturelles \u00e0 proximit\u00e9 de ses longues plages naturelles de sable fin. Les bateaux peuvent mouiller dans les anses paradisiaques de s&rsquo;Alga au centre et de sa Torreta au nord-ouest.\t\t\t\t\t\t\t\t<\/div>\n\t\t\t\t<\/div>\n\t\t\t\t\t<\/div>\n\t\t<\/div>\n\t\t\t\t\t<\/div>\n\t\t<\/section>\n\t\t\t\t<section class=\"elementor-section elementor-top-section elementor-element elementor-element-ec12927 elementor-section-content-middle elementor-reverse-mobile elementor-section-boxed elementor-section-height-default elementor-section-height-default\" data-id=\"ec12927\" data-element_type=\"section\">\n\t\t\t\t\t\t<div class=\"elementor-container elementor-column-gap-default\">\n\t\t\t\t\t<div class=\"elementor-column elementor-col-50 elementor-top-column elementor-element elementor-element-3e192d2\" data-id=\"3e192d2\" data-element_type=\"column\">\n\t\t\t<div class=\"elementor-widget-wrap elementor-element-populated\">\n\t\t\t\t\t\t<div class=\"elementor-element elementor-element-99ed61b elementor-widget elementor-widget-heading\" data-id=\"99ed61b\" data-element_type=\"widget\" data-widget_type=\"heading.default\">\n\t\t\t\t<div class=\"elementor-widget-container\">\n\t\t\t\t\t<h3 class=\"elementor-heading-title elementor-size-default\">Randonn\u00e9es pour le tour de l'\u00eele<\/h3>\t\t\t\t<\/div>\n\t\t\t\t<\/div>\n\t\t\t\t<div class=\"elementor-element elementor-element-0b36c21 elementor-widget elementor-widget-text-editor\" data-id=\"0b36c21\" data-element_type=\"widget\" data-widget_type=\"text-editor.default\">\n\t\t\t\t<div class=\"elementor-widget-container\">\n\t\t\t\t\t\t\t\t\t<strong>Premi\u00e8re \u00e9tape :<\/strong> 28 Km en 7 heures. Ce n&rsquo;est pas une \u00e9tape difficile mais sa longue distance, sa chaleur et quelques difficult\u00e9s sur le parcours le complique. Des vues d&rsquo;une grande beaut\u00e9, des surprises importantes et inconnues et certains des endroits les plus c\u00e9l\u00e8bres de Formentera sur un seul itin\u00e9raire.On part de Sa Rosa des Vents dans le port de La Savina, en direction de S&rsquo;Estany des Peix, prendre le chemin qui m\u00e8ne \u00e0 Can Marroig et \u00e0 Torre de sa Gavina. Ensuite, suivez la c\u00f4te jusqu&rsquo;\u00e0 Cala Saona, la derni\u00e8re chance de trouver un endroit pour sw d\u00e9salt\u00e9rer (s&rsquo;il est ouvert). La route ne pr\u00e9sente pas de difficult\u00e9. En quittant Cala Saona, le chemin commence \u00e0 monter, vous y verrez des zones avec des falaises spectaculaires. Puis vous atteignez les environs de la d\u00e9charge du Cap de Barbaria. De l\u00e0, le chemin devient plus compliqu\u00e9, caillouteux, plusieurs torrents, les deux premiers sont plus compliqu\u00e9s \u00e0 descendre et \u00e0 remonter. Vous arrivez \u00e0 Es Far des Cap de Barbaria et Sa Torre, lieux tr\u00e8s repr\u00e9sentatifs de Formentera. En continuant, vous traversez encore des torrents, mais plus faciles \u00e0 passer. La difficult\u00e9 la plus grande vient quand il s&rsquo;agit de passer Torrent Fondo, c&rsquo;est une descente vertigineuse qui peut ne pas \u00eatre facile \u00e0 voir au d\u00e9but, mais n&rsquo;est pas si difficile quand on y est. Plus tard, vous atteignez une zone civilis\u00e9e jusqu&rsquo;\u00e0 Es Rac\u00f3 de s&rsquo;Alga. Enfin, en alternant quelques \u00e9tendues de sable dur et une passerelle, visitez la Torre des Pi des Catal\u00e0 et terminez aux alentours de l&rsquo;h\u00f4tel Formentera Playa.<p>\n\n<p><strong>Deuxi\u00e8me \u00e9tape :<\/strong> 25 Km en 5 heures. C&rsquo;est une \u00e9tape relativement simple sauf au point indiqu\u00e9 comme \u00ab\u00a0Wild torrent\u00a0\u00bb. En partant de l&rsquo;h\u00f4tel Formentera Playa de Migjorn, vous vous dirigez vers la passerelle, vous cheminerez le long de la c\u00f4te jusqu&rsquo; au Cal\u00f3 des Mort et Es Ram. Ensuite une mont\u00e9e intense qui vous emm\u00e8ne au sommet de La Mola. Tout au long des sentiers clairs, nous atteignons le quartier d&rsquo;Es Far de La Mola, l&rsquo;un des incontournables de Formentera.\nNous continuons notre route en entrant par la Vendenda des Monestir, d&rsquo;abord par un chemin d\u00e9gag\u00e9 puis par un terrain caillouteux et tr\u00e8s proche des falaises. Il n&rsquo;y a pas de chemin tr\u00e8s clair et on avance sur plusieurs kilom\u00e8tres, en \u00e9vitant autant que possible les pierres et arbustes. Une fois arriv\u00e9 au \u00ab\u00a0torrent sauvage\u00a0\u00bb on a le sentiment qu&rsquo;il est impossible de passer, mais un sentier passe et la descente ainsi que la mont\u00e9e demandent toute votre attention. Une fois pass\u00e9 le torrent, on retrouve un sol pierreux, puis un chemin tr\u00e8s proche de la falaise, maintenant c&rsquo;est \u00e0 travers la for\u00eat que nous avan\u00e7ons jusqu&rsquo; au Cam\u00ed de sa Pujada, qui cette fois descend jusqu&rsquo;au beau village d&rsquo;Es Cal\u00f3 de Sant Agust\u00ed.\n\n<p><strong>Troisi\u00e8me \u00e9tape :<\/strong>\n21 km en 5 heures. du Tour de Formentera apr\u00e8s le Formentera All Round Trail (FART) de 2013, bien que cette fois, presque aucune piste ne soit n\u00e9cessaire, car la route est assez c\u00f4ti\u00e8re (bien qu&rsquo;\u00e0 Punta Prima nous avons fait une alternative). Malgr\u00e9 juin, il y avait eu un orage la nuit et l&rsquo;itin\u00e9raire pouvait se faire sans probl\u00e8mes de chaleur excessive, bien qu&rsquo;il y ait d\u00e9j\u00e0 beaucoup de monde sur toutes ses plages car nous sommes pass\u00e9s. Cette \u00e9tape tr\u00e8s chaude peut \u00eatre tr\u00e8s douloureuse. L&rsquo;itin\u00e9raire est absolument spectaculaire.En quittant Es Cal\u00f3, vous traversez des plages et des rochers jusqu&rsquo;\u00e0 Cala en Baster, mettant en \u00e9vidence la couleur spectaculaire de l&rsquo;eau \u00e0 tout moment. \u00c0 Cala en Baster commence la seule mont\u00e9e de jour vers la falaise de Punta Prima, y \u200b\u200bcompris sa tour. Plus tard, nous sommes pass\u00e9s \u00e0 l&rsquo;int\u00e9rieur d&rsquo;un \u00e9tablissement touristique (qui peut \u00eatre facilement \u00e9vit\u00e9 si vous le souhaitez) sans aucun probl\u00e8me pour vous rendre \u00e0 Es Pujols, o\u00f9 toutes les infrastructures touristiques \u00e9taient d\u00e9j\u00e0 \u00e0 pleine capacit\u00e9. Apr\u00e8s une baignade, nous continuerons \u00e0 travers la zone des plages de Ses Canyes et Sa Roqueta, jusqu&rsquo;\u00e0 atteindre les plages de Llevant. \u00c0 ces endroits, il y a de nombreux kilom\u00e8tres \u00e0 faire sur le sable, ce qui rend le passage difficile, il y a plusieurs bars ouverts si une collation est n\u00e9cessaire. Une fois que vous quittez le dernier \u00e9tablissement des Illetes (es Ministre) sur la gauche, suivez la section plus rocheuse jusqu&rsquo;\u00e0 Trucadors, la zone la plus septentrionale de Formentera avec un pas vers s&rsquo;Espalmador, parfois dangereux. Nous sommes retourn\u00e9s de l&rsquo;autre c\u00f4t\u00e9 (o\u00f9 le vent a souffl\u00e9 beaucoup plus cette fois) et sommes pass\u00e9s par le quartier le plus c\u00e9l\u00e8bre de Formentera (Illetes) presque vide, puis du restaurant Es Mol\u00ed de Sal nous sommes pass\u00e9s par la plage d&rsquo;Es Cavall den Borr\u00e0s, laissant il est ponc\u00e9 par le bar de plage de Beso Beach et se dirige vers La Savina, se terminant par la rose des vents du port.\t\t\t\t\t\t\t\t<\/div>\n\t\t\t\t<\/div>\n\t\t\t\t\t<\/div>\n\t\t<\/div>\n\t\t\t\t<div class=\"elementor-column elementor-col-50 elementor-top-column elementor-element elementor-element-92bbe09\" data-id=\"92bbe09\" data-element_type=\"column\">\n\t\t\t<div class=\"elementor-widget-wrap elementor-element-populated\">\n\t\t\t\t\t\t<div class=\"elementor-element elementor-element-b02a69b elementor-widget elementor-widget-image\" data-id=\"b02a69b\" data-element_type=\"widget\" data-widget_type=\"image.default\">\n\t\t\t\t<div class=\"elementor-widget-container\">\n\t\t\t\t\t\t\t\t\t\t\t\t\t\t\t<img decoding=\"async\" width=\"768\" height=\"576\" data-src=\"https:\/\/unsuisseamallorca.com\/wp-content\/uploads\/2020\/07\/1-768x576.jpg\" class=\"attachment-medium_large size-medium_large wp-image-4748 lazyload\" alt=\"\" data-srcset=\"https:\/\/unsuisseamallorca.com\/wp-content\/uploads\/2020\/07\/1-768x576.jpg 768w, https:\/\/unsuisseamallorca.com\/wp-content\/uploads\/2020\/07\/1-300x225.jpg 300w, https:\/\/unsuisseamallorca.com\/wp-content\/uploads\/2020\/07\/1-1024x768.jpg 1024w, https:\/\/unsuisseamallorca.com\/wp-content\/uploads\/2020\/07\/1-1536x1152.jpg 1536w, https:\/\/unsuisseamallorca.com\/wp-content\/uploads\/2020\/07\/1.jpg 1600w\" data-sizes=\"(max-width: 768px) 100vw, 768px\" src=\"data:image\/svg+xml;base64,PHN2ZyB3aWR0aD0iMSIgaGVpZ2h0PSIxIiB4bWxucz0iaHR0cDovL3d3dy53My5vcmcvMjAwMC9zdmciPjwvc3ZnPg==\" style=\"--smush-placeholder-width: 768px; --smush-placeholder-aspect-ratio: 768\/576;\" \/>\t\t\t\t\t\t\t\t\t\t\t\t\t\t\t<\/div>\n\t\t\t\t<\/div>\n\t\t\t\t<div class=\"elementor-element elementor-element-a82b651 elementor-widget elementor-widget-image\" data-id=\"a82b651\" data-element_type=\"widget\" data-widget_type=\"image.default\">\n\t\t\t\t<div class=\"elementor-widget-container\">\n\t\t\t\t\t\t\t\t\t\t\t\t\t\t\t<img decoding=\"async\" width=\"768\" height=\"1024\" data-src=\"https:\/\/unsuisseamallorca.com\/wp-content\/uploads\/2020\/07\/11365564Master-768x1024.jpg\" class=\"attachment-medium_large size-medium_large wp-image-4749 lazyload\" alt=\"\" data-srcset=\"https:\/\/unsuisseamallorca.com\/wp-content\/uploads\/2020\/07\/11365564Master-768x1024.jpg 768w, https:\/\/unsuisseamallorca.com\/wp-content\/uploads\/2020\/07\/11365564Master-225x300.jpg 225w, https:\/\/unsuisseamallorca.com\/wp-content\/uploads\/2020\/07\/11365564Master.jpg 900w\" data-sizes=\"(max-width: 768px) 100vw, 768px\" src=\"data:image\/svg+xml;base64,PHN2ZyB3aWR0aD0iMSIgaGVpZ2h0PSIxIiB4bWxucz0iaHR0cDovL3d3dy53My5vcmcvMjAwMC9zdmciPjwvc3ZnPg==\" style=\"--smush-placeholder-width: 768px; --smush-placeholder-aspect-ratio: 768\/1024;\" \/>\t\t\t\t\t\t\t\t\t\t\t\t\t\t\t<\/div>\n\t\t\t\t<\/div>\n\t\t\t\t<div class=\"elementor-element elementor-element-96e6d42 elementor-widget elementor-widget-image\" data-id=\"96e6d42\" data-element_type=\"widget\" data-widget_type=\"image.default\">\n\t\t\t\t<div class=\"elementor-widget-container\">\n\t\t\t\t\t\t\t\t\t\t\t\t\t\t\t<img decoding=\"async\" width=\"768\" height=\"1024\" data-src=\"https:\/\/unsuisseamallorca.com\/wp-content\/uploads\/2020\/07\/15030279Master-768x1024.jpg\" class=\"attachment-medium_large size-medium_large wp-image-4751 lazyload\" alt=\"\" data-srcset=\"https:\/\/unsuisseamallorca.com\/wp-content\/uploads\/2020\/07\/15030279Master-768x1024.jpg 768w, https:\/\/unsuisseamallorca.com\/wp-content\/uploads\/2020\/07\/15030279Master-225x300.jpg 225w, https:\/\/unsuisseamallorca.com\/wp-content\/uploads\/2020\/07\/15030279Master.jpg 900w\" data-sizes=\"(max-width: 768px) 100vw, 768px\" src=\"data:image\/svg+xml;base64,PHN2ZyB3aWR0aD0iMSIgaGVpZ2h0PSIxIiB4bWxucz0iaHR0cDovL3d3dy53My5vcmcvMjAwMC9zdmciPjwvc3ZnPg==\" style=\"--smush-placeholder-width: 768px; --smush-placeholder-aspect-ratio: 768\/1024;\" \/>\t\t\t\t\t\t\t\t\t\t\t\t\t\t\t<\/div>\n\t\t\t\t<\/div>\n\t\t\t\t<div class=\"elementor-element elementor-element-f36035d elementor-widget elementor-widget-image\" data-id=\"f36035d\" data-element_type=\"widget\" data-widget_type=\"image.default\">\n\t\t\t\t<div class=\"elementor-widget-container\">\n\t\t\t\t\t\t\t\t\t\t\t\t\t\t\t<img decoding=\"async\" width=\"768\" height=\"576\" data-src=\"https:\/\/unsuisseamallorca.com\/wp-content\/uploads\/2020\/07\/15088760Master-768x576.jpg\" class=\"attachment-medium_large size-medium_large wp-image-4753 lazyload\" alt=\"\" data-srcset=\"https:\/\/unsuisseamallorca.com\/wp-content\/uploads\/2020\/07\/15088760Master-768x576.jpg 768w, https:\/\/unsuisseamallorca.com\/wp-content\/uploads\/2020\/07\/15088760Master-300x225.jpg 300w, https:\/\/unsuisseamallorca.com\/wp-content\/uploads\/2020\/07\/15088760Master-1024x768.jpg 1024w, https:\/\/unsuisseamallorca.com\/wp-content\/uploads\/2020\/07\/15088760Master-1536x1152.jpg 1536w, https:\/\/unsuisseamallorca.com\/wp-content\/uploads\/2020\/07\/15088760Master.jpg 1600w\" data-sizes=\"(max-width: 768px) 100vw, 768px\" src=\"data:image\/svg+xml;base64,PHN2ZyB3aWR0aD0iMSIgaGVpZ2h0PSIxIiB4bWxucz0iaHR0cDovL3d3dy53My5vcmcvMjAwMC9zdmciPjwvc3ZnPg==\" style=\"--smush-placeholder-width: 768px; --smush-placeholder-aspect-ratio: 768\/576;\" \/>\t\t\t\t\t\t\t\t\t\t\t\t\t\t\t<\/div>\n\t\t\t\t<\/div>\n\t\t\t\t<div class=\"elementor-element elementor-element-f26981a elementor-widget elementor-widget-image\" data-id=\"f26981a\" data-element_type=\"widget\" data-widget_type=\"image.default\">\n\t\t\t\t<div class=\"elementor-widget-container\">\n\t\t\t\t\t\t\t\t\t\t\t\t\t\t\t<img decoding=\"async\" width=\"768\" height=\"576\" data-src=\"https:\/\/unsuisseamallorca.com\/wp-content\/uploads\/2020\/07\/15088835Master-768x576.jpg\" class=\"attachment-medium_large size-medium_large wp-image-4755 lazyload\" alt=\"\" data-srcset=\"https:\/\/unsuisseamallorca.com\/wp-content\/uploads\/2020\/07\/15088835Master-768x576.jpg 768w, https:\/\/unsuisseamallorca.com\/wp-content\/uploads\/2020\/07\/15088835Master-300x225.jpg 300w, https:\/\/unsuisseamallorca.com\/wp-content\/uploads\/2020\/07\/15088835Master-1024x768.jpg 1024w, https:\/\/unsuisseamallorca.com\/wp-content\/uploads\/2020\/07\/15088835Master-1536x1152.jpg 1536w, https:\/\/unsuisseamallorca.com\/wp-content\/uploads\/2020\/07\/15088835Master.jpg 1600w\" data-sizes=\"(max-width: 768px) 100vw, 768px\" src=\"data:image\/svg+xml;base64,PHN2ZyB3aWR0aD0iMSIgaGVpZ2h0PSIxIiB4bWxucz0iaHR0cDovL3d3dy53My5vcmcvMjAwMC9zdmciPjwvc3ZnPg==\" style=\"--smush-placeholder-width: 768px; --smush-placeholder-aspect-ratio: 768\/576;\" \/>\t\t\t\t\t\t\t\t\t\t\t\t\t\t\t<\/div>\n\t\t\t\t<\/div>\n\t\t\t\t<div class=\"elementor-element elementor-element-4b18181 elementor-widget elementor-widget-image\" data-id=\"4b18181\" data-element_type=\"widget\" data-widget_type=\"image.default\">\n\t\t\t\t<div class=\"elementor-widget-container\">\n\t\t\t\t\t\t\t\t\t\t\t\t\t\t\t<img decoding=\"async\" width=\"768\" height=\"1024\" data-src=\"https:\/\/unsuisseamallorca.com\/wp-content\/uploads\/2020\/07\/15088959Master-768x1024.jpg\" class=\"attachment-medium_large size-medium_large wp-image-4756 lazyload\" alt=\"\" data-srcset=\"https:\/\/unsuisseamallorca.com\/wp-content\/uploads\/2020\/07\/15088959Master-768x1024.jpg 768w, https:\/\/unsuisseamallorca.com\/wp-content\/uploads\/2020\/07\/15088959Master-225x300.jpg 225w, https:\/\/unsuisseamallorca.com\/wp-content\/uploads\/2020\/07\/15088959Master.jpg 900w\" data-sizes=\"(max-width: 768px) 100vw, 768px\" src=\"data:image\/svg+xml;base64,PHN2ZyB3aWR0aD0iMSIgaGVpZ2h0PSIxIiB4bWxucz0iaHR0cDovL3d3dy53My5vcmcvMjAwMC9zdmciPjwvc3ZnPg==\" style=\"--smush-placeholder-width: 768px; --smush-placeholder-aspect-ratio: 768\/1024;\" \/>\t\t\t\t\t\t\t\t\t\t\t\t\t\t\t<\/div>\n\t\t\t\t<\/div>\n\t\t\t\t<div class=\"elementor-element elementor-element-0c4b94d elementor-widget elementor-widget-image\" data-id=\"0c4b94d\" data-element_type=\"widget\" data-widget_type=\"image.default\">\n\t\t\t\t<div class=\"elementor-widget-container\">\n\t\t\t\t\t\t\t\t\t\t\t\t\t\t\t<img decoding=\"async\" width=\"768\" height=\"576\" data-src=\"https:\/\/unsuisseamallorca.com\/wp-content\/uploads\/2020\/07\/16336732Master-768x576.jpg\" class=\"attachment-medium_large size-medium_large wp-image-4757 lazyload\" alt=\"\" data-srcset=\"https:\/\/unsuisseamallorca.com\/wp-content\/uploads\/2020\/07\/16336732Master-768x576.jpg 768w, https:\/\/unsuisseamallorca.com\/wp-content\/uploads\/2020\/07\/16336732Master-300x225.jpg 300w, https:\/\/unsuisseamallorca.com\/wp-content\/uploads\/2020\/07\/16336732Master-1024x768.jpg 1024w, https:\/\/unsuisseamallorca.com\/wp-content\/uploads\/2020\/07\/16336732Master-1536x1152.jpg 1536w, https:\/\/unsuisseamallorca.com\/wp-content\/uploads\/2020\/07\/16336732Master.jpg 1600w\" data-sizes=\"(max-width: 768px) 100vw, 768px\" src=\"data:image\/svg+xml;base64,PHN2ZyB3aWR0aD0iMSIgaGVpZ2h0PSIxIiB4bWxucz0iaHR0cDovL3d3dy53My5vcmcvMjAwMC9zdmciPjwvc3ZnPg==\" style=\"--smush-placeholder-width: 768px; --smush-placeholder-aspect-ratio: 768\/576;\" \/>\t\t\t\t\t\t\t\t\t\t\t\t\t\t\t<\/div>\n\t\t\t\t<\/div>\n\t\t\t\t\t<\/div>\n\t\t<\/div>\n\t\t\t\t\t<\/div>\n\t\t<\/section>\n\t\t\t\t<section class=\"elementor-section elementor-top-section elementor-element elementor-element-41864fb4 elementor-section-content-middle elementor-section-boxed elementor-section-height-default elementor-section-height-default\" data-id=\"41864fb4\" data-element_type=\"section\">\n\t\t\t\t\t\t<div class=\"elementor-container elementor-column-gap-default\">\n\t\t\t\t\t<div class=\"elementor-column elementor-col-50 elementor-top-column elementor-element elementor-element-19bf1e77\" data-id=\"19bf1e77\" data-element_type=\"column\">\n\t\t\t<div class=\"elementor-widget-wrap elementor-element-populated\">\n\t\t\t\t\t\t<div class=\"elementor-element elementor-element-41ea9a0a elementor-widget elementor-widget-image\" data-id=\"41ea9a0a\" data-element_type=\"widget\" data-widget_type=\"image.default\">\n\t\t\t\t<div class=\"elementor-widget-container\">\n\t\t\t\t\t\t\t\t\t\t\t\t\t\t\t<img decoding=\"async\" width=\"768\" height=\"512\" data-src=\"https:\/\/unsuisseamallorca.com\/wp-content\/uploads\/2020\/07\/Bandera_de_Formentera.svg-1-768x512.png\" class=\"attachment-medium_large size-medium_large wp-image-4760 lazyload\" alt=\"\" data-srcset=\"https:\/\/unsuisseamallorca.com\/wp-content\/uploads\/2020\/07\/Bandera_de_Formentera.svg-1-768x512.png 768w, https:\/\/unsuisseamallorca.com\/wp-content\/uploads\/2020\/07\/Bandera_de_Formentera.svg-1-300x200.png 300w, https:\/\/unsuisseamallorca.com\/wp-content\/uploads\/2020\/07\/Bandera_de_Formentera.svg-1-1024x683.png 1024w, https:\/\/unsuisseamallorca.com\/wp-content\/uploads\/2020\/07\/Bandera_de_Formentera.svg-1-1536x1024.png 1536w, https:\/\/unsuisseamallorca.com\/wp-content\/uploads\/2020\/07\/Bandera_de_Formentera.svg-1.png 1920w\" data-sizes=\"(max-width: 768px) 100vw, 768px\" src=\"data:image\/svg+xml;base64,PHN2ZyB3aWR0aD0iMSIgaGVpZ2h0PSIxIiB4bWxucz0iaHR0cDovL3d3dy53My5vcmcvMjAwMC9zdmciPjwvc3ZnPg==\" style=\"--smush-placeholder-width: 768px; --smush-placeholder-aspect-ratio: 768\/512;\" \/>\t\t\t\t\t\t\t\t\t\t\t\t\t\t\t<\/div>\n\t\t\t\t<\/div>\n\t\t\t\t\t<\/div>\n\t\t<\/div>\n\t\t\t\t<div class=\"elementor-column elementor-col-50 elementor-top-column elementor-element elementor-element-5bcc10c7\" data-id=\"5bcc10c7\" data-element_type=\"column\">\n\t\t\t<div class=\"elementor-widget-wrap elementor-element-populated\">\n\t\t\t\t\t\t<div class=\"elementor-element elementor-element-7dd6b54c elementor-widget elementor-widget-heading\" data-id=\"7dd6b54c\" data-element_type=\"widget\" data-widget_type=\"heading.default\">\n\t\t\t\t<div class=\"elementor-widget-container\">\n\t\t\t\t\t<h3 class=\"elementor-heading-title elementor-size-default\">Les cultures<\/h3>\t\t\t\t<\/div>\n\t\t\t\t<\/div>\n\t\t\t\t<div class=\"elementor-element elementor-element-7f9a3e92 elementor-widget elementor-widget-text-editor\" data-id=\"7f9a3e92\" data-element_type=\"widget\" data-widget_type=\"text-editor.default\">\n\t\t\t\t<div class=\"elementor-widget-container\">\n\t\t\t\t\t\t\t\t\t<p>Les paysages de vigne, d&rsquo;oliviers et de petits champs de bl\u00e9&#8230; ou de cactus, et d&rsquo;une fa\u00e7on g\u00e9n\u00e9rale les chemins de randonn\u00e9e qui d\u00e9couvrent aussi au gr\u00e9 d&rsquo;un d\u00e9tour des grottes profondes form\u00e9es par l&rsquo;eau dans la roche karstique.<\/p>\t\t\t\t\t\t\t\t<\/div>\n\t\t\t\t<\/div>\n\t\t\t\t\t<\/div>\n\t\t<\/div>\n\t\t\t\t\t<\/div>\n\t\t<\/section>\n\t\t\t\t<section class=\"elementor-section elementor-top-section elementor-element elementor-element-25ef497 elementor-section-content-middle elementor-reverse-mobile elementor-section-boxed elementor-section-height-default elementor-section-height-default\" data-id=\"25ef497\" data-element_type=\"section\">\n\t\t\t\t\t\t<div class=\"elementor-container elementor-column-gap-default\">\n\t\t\t\t\t<div class=\"elementor-column elementor-col-50 elementor-top-column elementor-element elementor-element-c336aa5\" data-id=\"c336aa5\" data-element_type=\"column\">\n\t\t\t<div class=\"elementor-widget-wrap elementor-element-populated\">\n\t\t\t\t\t\t<div class=\"elementor-element elementor-element-567e33e elementor-widget elementor-widget-heading\" data-id=\"567e33e\" data-element_type=\"widget\" data-widget_type=\"heading.default\">\n\t\t\t\t<div class=\"elementor-widget-container\">\n\t\t\t\t\t<h3 class=\"elementor-heading-title elementor-size-default\">Que voir ?<\/h3>\t\t\t\t<\/div>\n\t\t\t\t<\/div>\n\t\t\t\t<div class=\"elementor-element elementor-element-5b76840 elementor-widget elementor-widget-text-editor\" data-id=\"5b76840\" data-element_type=\"widget\" data-widget_type=\"text-editor.default\">\n\t\t\t\t<div class=\"elementor-widget-container\">\n\t\t\t\t\t\t\t\t\t<p>Au d\u00e9tour du chemin de randonn\u00e9e reliant les hameaux de Las Salinas \u00e0 sa Pedrera le long des deux \u00e9tangs sal\u00e9s, appara\u00eet la Punta Pedreras (\u00e0 l&rsquo;ouest de l&rsquo;\u00eele et au sud-ouest du port de la Savina\u00a0: une grande \u00e9tendue min\u00e9rale parsem\u00e9e de trou\u00e9es que la mer a transform\u00e9es en piscines naturelles, elles aussi remplies de boues sulfur\u00e9es et bord\u00e9es de sel. Les salines et les ouvrages qui les alimentent sont incontournables, de m\u00eame que : le moulin \u00e0 vent historique, les anciennes tours de guet autour de l&rsquo;\u00eele, les petites maisons traditionnelles paysannes et les petites chapelles de pierre avec tr\u00e8s peu d&rsquo;ouvertures. Les villages ont \u00e9norm\u00e9ment de charme, notamment San Francesco Xavier avec ses maisons blanchies \u00e0 la chaux et ses boutiques d\u2019artisanat local. Formentera abrite \u00e9galement l\u2019une des plus belles plages du monde : Ses Illetes. Son sable blanc contraste avec la couleur envoutante de ses eaux. L\u2019un de mes lieux favoris \u00e0 Formentera est le phare de la Mola, un lieu coup\u00e9 du monde et perch\u00e9 sur une falaise. Ce phare n\u2019est accessible que par une seule et unique route. Le panorama y est vraiment \u00e0 couper le souffle et cerise sur le g\u00e2teau, vous ne croiserez presque personne.<\/p>\t\t\t\t\t\t\t\t<\/div>\n\t\t\t\t<\/div>\n\t\t\t\t\t<\/div>\n\t\t<\/div>\n\t\t\t\t<div class=\"elementor-column elementor-col-50 elementor-top-column elementor-element elementor-element-b814f89\" data-id=\"b814f89\" data-element_type=\"column\">\n\t\t\t<div class=\"elementor-widget-wrap elementor-element-populated\">\n\t\t\t\t\t\t<div class=\"elementor-element elementor-element-1da3cfa elementor-widget elementor-widget-image\" data-id=\"1da3cfa\" data-element_type=\"widget\" data-widget_type=\"image.default\">\n\t\t\t\t<div class=\"elementor-widget-container\">\n\t\t\t\t\t\t\t\t\t\t\t\t\t\t\t<img decoding=\"async\" width=\"768\" height=\"576\" data-src=\"https:\/\/unsuisseamallorca.com\/wp-content\/uploads\/2020\/07\/shutterstock_367662158-1-3000x2500-1-768x576.jpg\" class=\"attachment-medium_large size-medium_large wp-image-4821 lazyload\" alt=\"\" data-srcset=\"https:\/\/unsuisseamallorca.com\/wp-content\/uploads\/2020\/07\/shutterstock_367662158-1-3000x2500-1-768x576.jpg 768w, https:\/\/unsuisseamallorca.com\/wp-content\/uploads\/2020\/07\/shutterstock_367662158-1-3000x2500-1-300x225.jpg 300w, https:\/\/unsuisseamallorca.com\/wp-content\/uploads\/2020\/07\/shutterstock_367662158-1-3000x2500-1-1024x768.jpg 1024w, https:\/\/unsuisseamallorca.com\/wp-content\/uploads\/2020\/07\/shutterstock_367662158-1-3000x2500-1-1536x1152.jpg 1536w, https:\/\/unsuisseamallorca.com\/wp-content\/uploads\/2020\/07\/shutterstock_367662158-1-3000x2500-1.jpg 1600w\" data-sizes=\"(max-width: 768px) 100vw, 768px\" src=\"data:image\/svg+xml;base64,PHN2ZyB3aWR0aD0iMSIgaGVpZ2h0PSIxIiB4bWxucz0iaHR0cDovL3d3dy53My5vcmcvMjAwMC9zdmciPjwvc3ZnPg==\" style=\"--smush-placeholder-width: 768px; --smush-placeholder-aspect-ratio: 768\/576;\" \/>\t\t\t\t\t\t\t\t\t\t\t\t\t\t\t<\/div>\n\t\t\t\t<\/div>\n\t\t\t\t<div class=\"elementor-element elementor-element-fc86586 elementor-widget elementor-widget-image\" data-id=\"fc86586\" data-element_type=\"widget\" data-widget_type=\"image.default\">\n\t\t\t\t<div class=\"elementor-widget-container\">\n\t\t\t\t\t\t\t\t\t\t\t\t\t\t\t<img decoding=\"async\" width=\"768\" height=\"420\" data-src=\"https:\/\/unsuisseamallorca.com\/wp-content\/uploads\/2020\/07\/boat-trip-formentera1-768x420.jpg\" class=\"attachment-medium_large size-medium_large wp-image-4762 lazyload\" alt=\"\" data-srcset=\"https:\/\/unsuisseamallorca.com\/wp-content\/uploads\/2020\/07\/boat-trip-formentera1-768x420.jpg 768w, https:\/\/unsuisseamallorca.com\/wp-content\/uploads\/2020\/07\/boat-trip-formentera1-300x164.jpg 300w, https:\/\/unsuisseamallorca.com\/wp-content\/uploads\/2020\/07\/boat-trip-formentera1-1024x559.jpg 1024w, https:\/\/unsuisseamallorca.com\/wp-content\/uploads\/2020\/07\/boat-trip-formentera1.jpg 1100w\" data-sizes=\"(max-width: 768px) 100vw, 768px\" src=\"data:image\/svg+xml;base64,PHN2ZyB3aWR0aD0iMSIgaGVpZ2h0PSIxIiB4bWxucz0iaHR0cDovL3d3dy53My5vcmcvMjAwMC9zdmciPjwvc3ZnPg==\" style=\"--smush-placeholder-width: 768px; --smush-placeholder-aspect-ratio: 768\/420;\" \/>\t\t\t\t\t\t\t\t\t\t\t\t\t\t\t<\/div>\n\t\t\t\t<\/div>\n\t\t\t\t<div class=\"elementor-element elementor-element-e456663 elementor-widget elementor-widget-image\" data-id=\"e456663\" data-element_type=\"widget\" data-widget_type=\"image.default\">\n\t\t\t\t<div class=\"elementor-widget-container\">\n\t\t\t\t\t\t\t\t\t\t\t\t\t\t\t<img decoding=\"async\" width=\"630\" height=\"473\" data-src=\"https:\/\/unsuisseamallorca.com\/wp-content\/uploads\/2020\/07\/photo.1518631.w630.jpg\" class=\"attachment-medium_large size-medium_large wp-image-4768 lazyload\" alt=\"\" data-srcset=\"https:\/\/unsuisseamallorca.com\/wp-content\/uploads\/2020\/07\/photo.1518631.w630.jpg 630w, https:\/\/unsuisseamallorca.com\/wp-content\/uploads\/2020\/07\/photo.1518631.w630-300x225.jpg 300w\" data-sizes=\"(max-width: 630px) 100vw, 630px\" src=\"data:image\/svg+xml;base64,PHN2ZyB3aWR0aD0iMSIgaGVpZ2h0PSIxIiB4bWxucz0iaHR0cDovL3d3dy53My5vcmcvMjAwMC9zdmciPjwvc3ZnPg==\" style=\"--smush-placeholder-width: 630px; --smush-placeholder-aspect-ratio: 630\/473;\" \/>\t\t\t\t\t\t\t\t\t\t\t\t\t\t\t<\/div>\n\t\t\t\t<\/div>\n\t\t\t\t\t<\/div>\n\t\t<\/div>\n\t\t\t\t\t<\/div>\n\t\t<\/section>\n\t\t\t\t<section class=\"elementor-section elementor-top-section elementor-element elementor-element-76e74b31 elementor-section-content-middle elementor-section-boxed elementor-section-height-default elementor-section-height-default\" data-id=\"76e74b31\" data-element_type=\"section\">\n\t\t\t\t\t\t<div class=\"elementor-container elementor-column-gap-default\">\n\t\t\t\t\t<div class=\"elementor-column elementor-col-50 elementor-top-column elementor-element elementor-element-5d33816\" data-id=\"5d33816\" data-element_type=\"column\">\n\t\t\t<div class=\"elementor-widget-wrap elementor-element-populated\">\n\t\t\t\t\t\t<div class=\"elementor-element elementor-element-5300db54 elementor-widget elementor-widget-image\" data-id=\"5300db54\" data-element_type=\"widget\" data-widget_type=\"image.default\">\n\t\t\t\t<div class=\"elementor-widget-container\">\n\t\t\t\t\t\t\t\t\t\t\t\t\t\t\t<img decoding=\"async\" width=\"768\" height=\"432\" data-src=\"https:\/\/unsuisseamallorca.com\/wp-content\/uploads\/2020\/07\/experiencia-formentera-ses-salines-de-formentera-uno-de-los-paisajes-mas-impactantes-de-las-islas-img1-768x432.jpg\" class=\"attachment-medium_large size-medium_large wp-image-4772 lazyload\" alt=\"\" data-srcset=\"https:\/\/unsuisseamallorca.com\/wp-content\/uploads\/2020\/07\/experiencia-formentera-ses-salines-de-formentera-uno-de-los-paisajes-mas-impactantes-de-las-islas-img1-768x432.jpg 768w, https:\/\/unsuisseamallorca.com\/wp-content\/uploads\/2020\/07\/experiencia-formentera-ses-salines-de-formentera-uno-de-los-paisajes-mas-impactantes-de-las-islas-img1-300x169.jpg 300w, https:\/\/unsuisseamallorca.com\/wp-content\/uploads\/2020\/07\/experiencia-formentera-ses-salines-de-formentera-uno-de-los-paisajes-mas-impactantes-de-las-islas-img1-1024x576.jpg 1024w, https:\/\/unsuisseamallorca.com\/wp-content\/uploads\/2020\/07\/experiencia-formentera-ses-salines-de-formentera-uno-de-los-paisajes-mas-impactantes-de-las-islas-img1-1536x864.jpg 1536w, https:\/\/unsuisseamallorca.com\/wp-content\/uploads\/2020\/07\/experiencia-formentera-ses-salines-de-formentera-uno-de-los-paisajes-mas-impactantes-de-las-islas-img1.jpg 1920w\" data-sizes=\"(max-width: 768px) 100vw, 768px\" src=\"data:image\/svg+xml;base64,PHN2ZyB3aWR0aD0iMSIgaGVpZ2h0PSIxIiB4bWxucz0iaHR0cDovL3d3dy53My5vcmcvMjAwMC9zdmciPjwvc3ZnPg==\" style=\"--smush-placeholder-width: 768px; --smush-placeholder-aspect-ratio: 768\/432;\" \/>\t\t\t\t\t\t\t\t\t\t\t\t\t\t\t<\/div>\n\t\t\t\t<\/div>\n\t\t\t\t<div class=\"elementor-element elementor-element-a2249b2 elementor-widget elementor-widget-image\" data-id=\"a2249b2\" data-element_type=\"widget\" data-widget_type=\"image.default\">\n\t\t\t\t<div class=\"elementor-widget-container\">\n\t\t\t\t\t\t\t\t\t\t\t\t\t\t\t<img decoding=\"async\" width=\"768\" height=\"492\" data-src=\"https:\/\/unsuisseamallorca.com\/wp-content\/uploads\/2020\/07\/gianfranco-di-nuzzo1-1024x656-1-768x492.jpg\" class=\"attachment-medium_large size-medium_large wp-image-4773 lazyload\" alt=\"\" data-srcset=\"https:\/\/unsuisseamallorca.com\/wp-content\/uploads\/2020\/07\/gianfranco-di-nuzzo1-1024x656-1-768x492.jpg 768w, https:\/\/unsuisseamallorca.com\/wp-content\/uploads\/2020\/07\/gianfranco-di-nuzzo1-1024x656-1-300x192.jpg 300w, https:\/\/unsuisseamallorca.com\/wp-content\/uploads\/2020\/07\/gianfranco-di-nuzzo1-1024x656-1.jpg 1024w\" data-sizes=\"(max-width: 768px) 100vw, 768px\" src=\"data:image\/svg+xml;base64,PHN2ZyB3aWR0aD0iMSIgaGVpZ2h0PSIxIiB4bWxucz0iaHR0cDovL3d3dy53My5vcmcvMjAwMC9zdmciPjwvc3ZnPg==\" style=\"--smush-placeholder-width: 768px; --smush-placeholder-aspect-ratio: 768\/492;\" \/>\t\t\t\t\t\t\t\t\t\t\t\t\t\t\t<\/div>\n\t\t\t\t<\/div>\n\t\t\t\t\t<\/div>\n\t\t<\/div>\n\t\t\t\t<div class=\"elementor-column elementor-col-50 elementor-top-column elementor-element elementor-element-65603144\" data-id=\"65603144\" data-element_type=\"column\">\n\t\t\t<div class=\"elementor-widget-wrap elementor-element-populated\">\n\t\t\t\t\t\t<div class=\"elementor-element elementor-element-6dc09614 elementor-widget elementor-widget-heading\" data-id=\"6dc09614\" data-element_type=\"widget\" data-widget_type=\"heading.default\">\n\t\t\t\t<div class=\"elementor-widget-container\">\n\t\t\t\t\t<h3 class=\"elementor-heading-title elementor-size-default\">Les salines <\/h3>\t\t\t\t<\/div>\n\t\t\t\t<\/div>\n\t\t\t\t<div class=\"elementor-element elementor-element-2d6b1574 elementor-widget elementor-widget-text-editor\" data-id=\"2d6b1574\" data-element_type=\"widget\" data-widget_type=\"text-editor.default\">\n\t\t\t\t<div class=\"elementor-widget-container\">\n\t\t\t\t\t\t\t\t\tLes salines de Formentera ont \u00e9t\u00e9 d\u00e9clar\u00e9es \u00ab patrimoine mondial de l\u2019UNESCO \u00bb en 1999.\u00a0Elles constituent un site exceptionnel fa\u00e7onn\u00e9 par plus de 2.000 ans d\u2019histoire et h\u00e9bergent le plus grand lac sal\u00e9 marin d\u2019Europe aliment\u00e9 par l\u2019eau de mer naturellement filtr\u00e9e et oxyg\u00e9n\u00e9e par la plus grande prairie sous-marine mondiale de Posidona Oc\u00e9anica.<\/span><\/p>\n<p class=\"mt-4 grey gt_grey_content\"><strong>David Calzada Pous<\/strong> a relanc\u00e9 la production de sel \u00e0 Formentera en 2008.\u00a0C\u2019est en voulant tester la qualit\u00e9 de l\u2019eau qu\u2019il a d\u00e9couvert que sous une forme liquide, le sel de Formentera avait un go\u00fbt tr\u00e8s harmonieux comparable aux autres sels marins de qualit\u00e9.\u00a0Des tests en laboratoire ont prouv\u00e9 que le sel liquide de Formentera ne contenait que 8% de sodium. C\u2019est alors que David Calzada Pous a lanc\u00e9 la commercialisation de ce produit afin de permettre aux gens de profiter du go\u00fbt de sel tout en limitant les risques li\u00e9s au sodium.<\/p>\t\t\t\t\t\t\t\t<\/div>\n\t\t\t\t<\/div>\n\t\t\t\t\t<\/div>\n\t\t<\/div>\n\t\t\t\t\t<\/div>\n\t\t<\/section>\n\t\t\t\t<section class=\"elementor-section elementor-top-section elementor-element elementor-element-4fe42287 elementor-section-content-middle elementor-section-boxed elementor-section-height-default elementor-section-height-default\" data-id=\"4fe42287\" data-element_type=\"section\">\n\t\t\t\t\t\t<div class=\"elementor-container elementor-column-gap-no\">\n\t\t\t\t\t<div class=\"elementor-column elementor-col-100 elementor-top-column elementor-element elementor-element-75e7092a\" data-id=\"75e7092a\" data-element_type=\"column\">\n\t\t\t<div class=\"elementor-widget-wrap elementor-element-populated\">\n\t\t\t\t\t\t\t<\/div>\n\t\t<\/div>\n\t\t\t\t\t<\/div>\n\t\t<\/section>\n\t\t\t\t<section class=\"elementor-section elementor-top-section elementor-element elementor-element-68c01800 elementor-section-content-middle elementor-reverse-mobile elementor-section-boxed elementor-section-height-default elementor-section-height-default\" data-id=\"68c01800\" data-element_type=\"section\">\n\t\t\t\t\t\t<div class=\"elementor-container elementor-column-gap-default\">\n\t\t\t\t\t<div class=\"elementor-column elementor-col-50 elementor-top-column elementor-element elementor-element-31924d81\" data-id=\"31924d81\" data-element_type=\"column\">\n\t\t\t<div class=\"elementor-widget-wrap elementor-element-populated\">\n\t\t\t\t\t\t<div class=\"elementor-element elementor-element-1b4200b4 elementor-widget elementor-widget-heading\" data-id=\"1b4200b4\" data-element_type=\"widget\" data-widget_type=\"heading.default\">\n\t\t\t\t<div class=\"elementor-widget-container\">\n\t\t\t\t\t<h3 class=\"elementor-heading-title elementor-size-default\">Les plages<\/h3>\t\t\t\t<\/div>\n\t\t\t\t<\/div>\n\t\t\t\t<div class=\"elementor-element elementor-element-60af5e02 elementor-widget elementor-widget-text-editor\" data-id=\"60af5e02\" data-element_type=\"widget\" data-widget_type=\"text-editor.default\">\n\t\t\t\t<div class=\"elementor-widget-container\">\n\t\t\t\t\t\t\t\t\t<p>Formentera compte quelque 20 kilom\u00e8tres de belles plages de sable blanc bord\u00e9es d\u2019eaux turquoise (couleur due \u00e0 la pr\u00e9sence de posidonies, une plante aquatique ; en effet, Formentera poss\u00e8de la plus grande prairie de posidonies, class\u00e9e au Patrimoine mondial de l\u2019Unesco en 1999). Les plages ont \u00e9t\u00e9 pr\u00e9serv\u00e9es gr\u00e2ce \u00e0 une urbanisation tr\u00e8s faible, sans grands ensembles immobiliers. \u00c0 Formentera, le naturisme est autoris\u00e9 sur toutes les plages et toutes les plages sont mixtes, donc \u00e0 vous de choisir si vous voulez garder ou pas votre maillot de bain ! Alors oui, le mieux sera sans doute de chercher la plage qui vous convient le mieux et de trouver le bon coin de sable pour vous installer.<\/p><p>\u00c9tant donn\u00e9 que Formentera est une petite \u00eele, il vous sera facile de parcourir les courtes distances d\u2019une plage \u00e0 l\u2019autre pour trouver un coin abrit\u00e9 du vent. Comme il y a tous les jours du vent, choisissez une plage situ\u00e9e \u00e0 contre-courant : si le vent souffle du nord, allez au sud de l\u2019\u00eele ; si c\u2019est un vent d\u2019ouest, allez \u00e0 l\u2019est\u2026 Vous verrez sur chaque plage les drapeaux signalant les conditions de baignade : faites vraiment tr\u00e8s attention \u00e0 ce qu\u2019ils indiquent. Pour m\u00e9moire, le drapeau vert signifie \u00ab baignade autoris\u00e9e \u00bb, le jaune \u00ab baignade dangereuse \u00bb et le drapeau rouge \u00ab baignade interdite \u00bb. Bien que la mer puisse vous para\u00eetre calme, certains endroits sont baign\u00e9s par des courants forts qui peuvent \u00eatre dangereux.<\/p><h4>Illetes \/ Llevant<\/h4><p>Situ\u00e9es dans le Parc naturel des Salines, ces plages sont accessibles en voiture ou \u00e0 moto moyennant un droit d\u2019entr\u00e9e (de mai \u00e0 octobre, 4 euros pour les voitures et 2 euros pour les deux-roues). Illetes et Llevant se trouvent sur la p\u00e9ninsule d\u2019Es Trucadors. Illetes est \u00e0 l\u2019ouest et Llevant \u00e0 l\u2019est, mais on pourrait presque dire qu\u2019il s\u2019agit d\u2019une seule et m\u00eame plage avec deux faces. Illetes est la plage la plus c\u00e9l\u00e8bre de Formentera, film\u00e9e dans nombre de publicit\u00e9s. C\u2019est s\u00fbrement pour cela qu\u2019elle est envahie en ao\u00fbt. Cette plage vierge comporte cependant plusieurs bars de plage. Les eaux de baignade sont g\u00e9n\u00e9ralement assez calmes, prot\u00e9g\u00e9es par les nombreux \u00eelots qui longent la c\u00f4te. On acc\u00e8de facilement \u00e0 Illetes par la route, en voiture ou en bus, ou encore \u00e0 pied depuis La Savina. La plage de Llevant, \u00e0 l\u2019est, est plus sauvage et moins fr\u00e9quent\u00e9e, principalement \u00e0 cause du vent qui souffle. En effet, l\u2019\u00eele de Formentera \u00e9tant expos\u00e9e aux vents oc\u00e9aniques, Llevant est souvent balay\u00e9e par le vent avec une mer plus agit\u00e9e, alors que l\u2019autre face (Illetes) est calme et tranquille. Cette plage est ais\u00e9ment accessible par la route, en voiture ou en bus, et \u00e0 quelques minutes de marche d\u2019Es Pujols.<\/p><h4>Migjorn<\/h4><p>Plus longue plage de Formentera (presque 8 kilom\u00e8tres), Migjorn est situ\u00e9e dans le sud de l\u2019\u00eele. C\u2019est une succession de plages s\u00e9par\u00e9es par de petits amas de rochers. Le d\u00e9but de la plage est plus sauvage avec beaucoup d\u2019algues, tandis que l\u2019autre extr\u00e9mit\u00e9 pr\u00e9sente une grande \u00e9tendue de sable (qu\u2019on appelle Es Arenals). \u00c0 Migjorn, il est vraiment primordial de tenir compte des avertissements des gardes-c\u00f4tes, car les r\u00e9cifs immerg\u00e9s parall\u00e8les \u00e0 la c\u00f4te provoquent de forts courants qui peuvent \u00eatre tr\u00e8s dangereux. Ici, quand le drapeau est rouge, il ne faut JAMAIS, et vraiment JAMAIS se baigner. La plage de Migjorn se prolonge par les plages d\u2019Es Cupina et d\u2019Es Cal\u00f3 des Mort, de charmants endroits incontournables. Il est tr\u00e8s facile de rejoindre Migjorn, il suffit de suivre la signalisation sur la route principale.<\/p><h4>Tramuntana \/ Ses Platgetes<\/h4><p>Cette plage est enclav\u00e9e entre deux zones de p\u00eache : Cala en Baster et Es Cal\u00f3 de Sant Agust\u00ed. Cette c\u00f4te est souvent battue par les bourrasques venues du Nord, mais on peut trouver sans probl\u00e8me quelques endroits abrit\u00e9s. Avant d\u2019arriver \u00e0 Es Cal\u00f3 de Sant Agust\u00ed, vous tomberez sur Ses Platgetes, des petites criques avec des promontoires rocheux, une mer splendide et des \u00e9tendues de sable fin. Tout comme les autres plages, elle est facilement accessible en voiture ou en bus.<\/p><h4>Cala Saona<\/h4><p>Cette plage se situe sur la c\u00f4te ouest de l\u2019\u00eele. C\u2019est aussi l\u2019une des plus fr\u00e9quent\u00e9es gr\u00e2ce \u00e0 la pr\u00e9sence d\u2019un h\u00f4tel \u00e0 c\u00f4t\u00e9 de la plage. C\u2019est une belle grande plage (environ 140 m\u00e8tres de long sur 120 m\u00e8tres de large) nich\u00e9e entre deux falaises. L\u2019acc\u00e8s en voiture est pratique (itin\u00e9raire indiqu\u00e9 depuis Sant Francesc) et des bus desservent la station.<\/p><h4>Es Pujols<\/h4><p>On peut consid\u00e9rer Es Pujols comme une plage urbaine, vu qu\u2019elle a \u00e9t\u00e9 int\u00e9gr\u00e9e au village. Elle est tr\u00e8s bien prot\u00e9g\u00e9e gr\u00e2ce \u00e0 la pr\u00e9sence d\u2019\u00eelets. Cette plage est particuli\u00e8rement belle en basse saison, lorsque le village retrouve sa tranquillit\u00e9. Elle perd un peu de son charme en haute saison.<\/p><h4>Cavall d\u2019en Borr\u00e0s<\/h4><p>Elle se trouve au tout d\u00e9but d\u2019Illetes, pr\u00e8s du port de La Savina. D\u2019ailleurs, on peut y venir \u00e0 pied au d\u00e9part de La Savina<\/p>\t\t\t\t\t\t\t\t<\/div>\n\t\t\t\t<\/div>\n\t\t\t\t\t<\/div>\n\t\t<\/div>\n\t\t\t\t<div class=\"elementor-column elementor-col-50 elementor-top-column elementor-element elementor-element-3df57bc4\" data-id=\"3df57bc4\" data-element_type=\"column\">\n\t\t\t<div class=\"elementor-widget-wrap elementor-element-populated\">\n\t\t\t\t\t\t<div class=\"elementor-element elementor-element-402b400a elementor-widget elementor-widget-image\" data-id=\"402b400a\" data-element_type=\"widget\" data-widget_type=\"image.default\">\n\t\t\t\t<div class=\"elementor-widget-container\">\n\t\t\t\t\t\t\t\t\t\t\t\t\t\t\t<img decoding=\"async\" width=\"768\" height=\"576\" data-src=\"https:\/\/unsuisseamallorca.com\/wp-content\/uploads\/2020\/07\/IMG_0629-768x576.png\" class=\"attachment-medium_large size-medium_large wp-image-4791 lazyload\" alt=\"\" data-srcset=\"https:\/\/unsuisseamallorca.com\/wp-content\/uploads\/2020\/07\/IMG_0629-768x576.png 768w, https:\/\/unsuisseamallorca.com\/wp-content\/uploads\/2020\/07\/IMG_0629-300x225.png 300w, https:\/\/unsuisseamallorca.com\/wp-content\/uploads\/2020\/07\/IMG_0629-1024x768.png 1024w, https:\/\/unsuisseamallorca.com\/wp-content\/uploads\/2020\/07\/IMG_0629-1536x1152.png 1536w, https:\/\/unsuisseamallorca.com\/wp-content\/uploads\/2020\/07\/IMG_0629.png 2048w\" data-sizes=\"(max-width: 768px) 100vw, 768px\" src=\"data:image\/svg+xml;base64,PHN2ZyB3aWR0aD0iMSIgaGVpZ2h0PSIxIiB4bWxucz0iaHR0cDovL3d3dy53My5vcmcvMjAwMC9zdmciPjwvc3ZnPg==\" style=\"--smush-placeholder-width: 768px; --smush-placeholder-aspect-ratio: 768\/576;\" \/>\t\t\t\t\t\t\t\t\t\t\t\t\t\t\t<\/div>\n\t\t\t\t<\/div>\n\t\t\t\t<div class=\"elementor-element elementor-element-aaa2ec0 elementor-widget elementor-widget-image\" data-id=\"aaa2ec0\" data-element_type=\"widget\" data-widget_type=\"image.default\">\n\t\t\t\t<div class=\"elementor-widget-container\">\n\t\t\t\t\t\t\t\t\t\t\t\t\t\t\t<img decoding=\"async\" width=\"768\" height=\"576\" data-src=\"https:\/\/unsuisseamallorca.com\/wp-content\/uploads\/2020\/07\/IMG_0630-768x576.png\" class=\"attachment-medium_large size-medium_large wp-image-4792 lazyload\" alt=\"\" data-srcset=\"https:\/\/unsuisseamallorca.com\/wp-content\/uploads\/2020\/07\/IMG_0630-768x576.png 768w, https:\/\/unsuisseamallorca.com\/wp-content\/uploads\/2020\/07\/IMG_0630-300x225.png 300w, https:\/\/unsuisseamallorca.com\/wp-content\/uploads\/2020\/07\/IMG_0630-1024x768.png 1024w, https:\/\/unsuisseamallorca.com\/wp-content\/uploads\/2020\/07\/IMG_0630-1536x1152.png 1536w, https:\/\/unsuisseamallorca.com\/wp-content\/uploads\/2020\/07\/IMG_0630.png 2048w\" data-sizes=\"(max-width: 768px) 100vw, 768px\" src=\"data:image\/svg+xml;base64,PHN2ZyB3aWR0aD0iMSIgaGVpZ2h0PSIxIiB4bWxucz0iaHR0cDovL3d3dy53My5vcmcvMjAwMC9zdmciPjwvc3ZnPg==\" style=\"--smush-placeholder-width: 768px; --smush-placeholder-aspect-ratio: 768\/576;\" \/>\t\t\t\t\t\t\t\t\t\t\t\t\t\t\t<\/div>\n\t\t\t\t<\/div>\n\t\t\t\t<div class=\"elementor-element elementor-element-a34cef5 elementor-widget elementor-widget-image\" data-id=\"a34cef5\" data-element_type=\"widget\" data-widget_type=\"image.default\">\n\t\t\t\t<div class=\"elementor-widget-container\">\n\t\t\t\t\t\t\t\t\t\t\t\t\t\t\t<img decoding=\"async\" width=\"768\" height=\"576\" data-src=\"https:\/\/unsuisseamallorca.com\/wp-content\/uploads\/2020\/07\/IMG_0631-768x576.png\" class=\"attachment-medium_large size-medium_large wp-image-4793 lazyload\" alt=\"\" data-srcset=\"https:\/\/unsuisseamallorca.com\/wp-content\/uploads\/2020\/07\/IMG_0631-768x576.png 768w, https:\/\/unsuisseamallorca.com\/wp-content\/uploads\/2020\/07\/IMG_0631-300x225.png 300w, https:\/\/unsuisseamallorca.com\/wp-content\/uploads\/2020\/07\/IMG_0631-1024x768.png 1024w, https:\/\/unsuisseamallorca.com\/wp-content\/uploads\/2020\/07\/IMG_0631-1536x1152.png 1536w, https:\/\/unsuisseamallorca.com\/wp-content\/uploads\/2020\/07\/IMG_0631.png 2048w\" data-sizes=\"(max-width: 768px) 100vw, 768px\" src=\"data:image\/svg+xml;base64,PHN2ZyB3aWR0aD0iMSIgaGVpZ2h0PSIxIiB4bWxucz0iaHR0cDovL3d3dy53My5vcmcvMjAwMC9zdmciPjwvc3ZnPg==\" style=\"--smush-placeholder-width: 768px; --smush-placeholder-aspect-ratio: 768\/576;\" \/>\t\t\t\t\t\t\t\t\t\t\t\t\t\t\t<\/div>\n\t\t\t\t<\/div>\n\t\t\t\t<div class=\"elementor-element elementor-element-3e9a5cd elementor-widget elementor-widget-image\" data-id=\"3e9a5cd\" data-element_type=\"widget\" data-widget_type=\"image.default\">\n\t\t\t\t<div class=\"elementor-widget-container\">\n\t\t\t\t\t\t\t\t\t\t\t\t\t\t\t<img decoding=\"async\" width=\"768\" height=\"576\" data-src=\"https:\/\/unsuisseamallorca.com\/wp-content\/uploads\/2020\/07\/IMG_0635-768x576.png\" class=\"attachment-medium_large size-medium_large wp-image-4797 lazyload\" alt=\"\" data-srcset=\"https:\/\/unsuisseamallorca.com\/wp-content\/uploads\/2020\/07\/IMG_0635-768x576.png 768w, https:\/\/unsuisseamallorca.com\/wp-content\/uploads\/2020\/07\/IMG_0635-300x225.png 300w, https:\/\/unsuisseamallorca.com\/wp-content\/uploads\/2020\/07\/IMG_0635-1024x768.png 1024w, https:\/\/unsuisseamallorca.com\/wp-content\/uploads\/2020\/07\/IMG_0635-1536x1152.png 1536w, https:\/\/unsuisseamallorca.com\/wp-content\/uploads\/2020\/07\/IMG_0635.png 2048w\" data-sizes=\"(max-width: 768px) 100vw, 768px\" src=\"data:image\/svg+xml;base64,PHN2ZyB3aWR0aD0iMSIgaGVpZ2h0PSIxIiB4bWxucz0iaHR0cDovL3d3dy53My5vcmcvMjAwMC9zdmciPjwvc3ZnPg==\" style=\"--smush-placeholder-width: 768px; --smush-placeholder-aspect-ratio: 768\/576;\" \/>\t\t\t\t\t\t\t\t\t\t\t\t\t\t\t<\/div>\n\t\t\t\t<\/div>\n\t\t\t\t<div class=\"elementor-element elementor-element-fd1f96b elementor-widget elementor-widget-image\" data-id=\"fd1f96b\" data-element_type=\"widget\" data-widget_type=\"image.default\">\n\t\t\t\t<div class=\"elementor-widget-container\">\n\t\t\t\t\t\t\t\t\t\t\t\t\t\t\t<img decoding=\"async\" width=\"768\" height=\"576\" data-src=\"https:\/\/unsuisseamallorca.com\/wp-content\/uploads\/2020\/07\/IMG_0636-768x576.png\" class=\"attachment-medium_large size-medium_large wp-image-4798 lazyload\" alt=\"\" data-srcset=\"https:\/\/unsuisseamallorca.com\/wp-content\/uploads\/2020\/07\/IMG_0636-768x576.png 768w, https:\/\/unsuisseamallorca.com\/wp-content\/uploads\/2020\/07\/IMG_0636-300x225.png 300w, https:\/\/unsuisseamallorca.com\/wp-content\/uploads\/2020\/07\/IMG_0636-1024x768.png 1024w, https:\/\/unsuisseamallorca.com\/wp-content\/uploads\/2020\/07\/IMG_0636-1536x1152.png 1536w, https:\/\/unsuisseamallorca.com\/wp-content\/uploads\/2020\/07\/IMG_0636.png 2048w\" data-sizes=\"(max-width: 768px) 100vw, 768px\" src=\"data:image\/svg+xml;base64,PHN2ZyB3aWR0aD0iMSIgaGVpZ2h0PSIxIiB4bWxucz0iaHR0cDovL3d3dy53My5vcmcvMjAwMC9zdmciPjwvc3ZnPg==\" style=\"--smush-placeholder-width: 768px; --smush-placeholder-aspect-ratio: 768\/576;\" \/>\t\t\t\t\t\t\t\t\t\t\t\t\t\t\t<\/div>\n\t\t\t\t<\/div>\n\t\t\t\t<div class=\"elementor-element elementor-element-2e8dfe9 elementor-widget elementor-widget-image\" data-id=\"2e8dfe9\" data-element_type=\"widget\" data-widget_type=\"image.default\">\n\t\t\t\t<div class=\"elementor-widget-container\">\n\t\t\t\t\t\t\t\t\t\t\t\t\t\t\t<img decoding=\"async\" width=\"768\" height=\"576\" data-src=\"https:\/\/unsuisseamallorca.com\/wp-content\/uploads\/2020\/07\/IMG_0634-768x576.png\" class=\"attachment-medium_large size-medium_large wp-image-4796 lazyload\" alt=\"\" data-srcset=\"https:\/\/unsuisseamallorca.com\/wp-content\/uploads\/2020\/07\/IMG_0634-768x576.png 768w, https:\/\/unsuisseamallorca.com\/wp-content\/uploads\/2020\/07\/IMG_0634-300x225.png 300w, https:\/\/unsuisseamallorca.com\/wp-content\/uploads\/2020\/07\/IMG_0634-1024x768.png 1024w, https:\/\/unsuisseamallorca.com\/wp-content\/uploads\/2020\/07\/IMG_0634-1536x1152.png 1536w, https:\/\/unsuisseamallorca.com\/wp-content\/uploads\/2020\/07\/IMG_0634.png 2048w\" data-sizes=\"(max-width: 768px) 100vw, 768px\" src=\"data:image\/svg+xml;base64,PHN2ZyB3aWR0aD0iMSIgaGVpZ2h0PSIxIiB4bWxucz0iaHR0cDovL3d3dy53My5vcmcvMjAwMC9zdmciPjwvc3ZnPg==\" style=\"--smush-placeholder-width: 768px; --smush-placeholder-aspect-ratio: 768\/576;\" \/>\t\t\t\t\t\t\t\t\t\t\t\t\t\t\t<\/div>\n\t\t\t\t<\/div>\n\t\t\t\t<div class=\"elementor-element elementor-element-2005c9b elementor-widget elementor-widget-image\" data-id=\"2005c9b\" data-element_type=\"widget\" data-widget_type=\"image.default\">\n\t\t\t\t<div class=\"elementor-widget-container\">\n\t\t\t\t\t\t\t\t\t\t\t\t\t\t\t<img decoding=\"async\" width=\"768\" height=\"576\" data-src=\"https:\/\/unsuisseamallorca.com\/wp-content\/uploads\/2020\/07\/IMG_0633-768x576.png\" class=\"attachment-medium_large size-medium_large wp-image-4795 lazyload\" alt=\"\" data-srcset=\"https:\/\/unsuisseamallorca.com\/wp-content\/uploads\/2020\/07\/IMG_0633-768x576.png 768w, https:\/\/unsuisseamallorca.com\/wp-content\/uploads\/2020\/07\/IMG_0633-300x225.png 300w, https:\/\/unsuisseamallorca.com\/wp-content\/uploads\/2020\/07\/IMG_0633-1024x768.png 1024w, https:\/\/unsuisseamallorca.com\/wp-content\/uploads\/2020\/07\/IMG_0633-1536x1152.png 1536w, https:\/\/unsuisseamallorca.com\/wp-content\/uploads\/2020\/07\/IMG_0633.png 2048w\" data-sizes=\"(max-width: 768px) 100vw, 768px\" src=\"data:image\/svg+xml;base64,PHN2ZyB3aWR0aD0iMSIgaGVpZ2h0PSIxIiB4bWxucz0iaHR0cDovL3d3dy53My5vcmcvMjAwMC9zdmciPjwvc3ZnPg==\" style=\"--smush-placeholder-width: 768px; --smush-placeholder-aspect-ratio: 768\/576;\" \/>\t\t\t\t\t\t\t\t\t\t\t\t\t\t\t<\/div>\n\t\t\t\t<\/div>\n\t\t\t\t<div class=\"elementor-element elementor-element-9491a5a elementor-widget elementor-widget-image\" data-id=\"9491a5a\" data-element_type=\"widget\" data-widget_type=\"image.default\">\n\t\t\t\t<div class=\"elementor-widget-container\">\n\t\t\t\t\t\t\t\t\t\t\t\t\t\t\t<img decoding=\"async\" width=\"582\" height=\"374\" data-src=\"https:\/\/unsuisseamallorca.com\/wp-content\/uploads\/2020\/07\/3149BCC400000578-3449182-image-a-15_1455640258999_582_374.jpg\" class=\"attachment-medium_large size-medium_large wp-image-4815 lazyload\" alt=\"\" data-srcset=\"https:\/\/unsuisseamallorca.com\/wp-content\/uploads\/2020\/07\/3149BCC400000578-3449182-image-a-15_1455640258999_582_374.jpg 582w, https:\/\/unsuisseamallorca.com\/wp-content\/uploads\/2020\/07\/3149BCC400000578-3449182-image-a-15_1455640258999_582_374-300x193.jpg 300w\" data-sizes=\"(max-width: 582px) 100vw, 582px\" src=\"data:image\/svg+xml;base64,PHN2ZyB3aWR0aD0iMSIgaGVpZ2h0PSIxIiB4bWxucz0iaHR0cDovL3d3dy53My5vcmcvMjAwMC9zdmciPjwvc3ZnPg==\" style=\"--smush-placeholder-width: 582px; --smush-placeholder-aspect-ratio: 582\/374;\" \/>\t\t\t\t\t\t\t\t\t\t\t\t\t\t\t<\/div>\n\t\t\t\t<\/div>\n\t\t\t\t<div class=\"elementor-element elementor-element-b82b4d0 elementor-widget elementor-widget-image\" data-id=\"b82b4d0\" data-element_type=\"widget\" data-widget_type=\"image.default\">\n\t\t\t\t<div class=\"elementor-widget-container\">\n\t\t\t\t\t\t\t\t\t\t\t\t\t\t\t<img decoding=\"async\" width=\"768\" height=\"256\" data-src=\"https:\/\/unsuisseamallorca.com\/wp-content\/uploads\/2020\/07\/playas-y-calas-formentera-768x256.jpg\" class=\"attachment-medium_large size-medium_large wp-image-4817 lazyload\" alt=\"\" data-srcset=\"https:\/\/unsuisseamallorca.com\/wp-content\/uploads\/2020\/07\/playas-y-calas-formentera-768x256.jpg 768w, https:\/\/unsuisseamallorca.com\/wp-content\/uploads\/2020\/07\/playas-y-calas-formentera-300x100.jpg 300w, https:\/\/unsuisseamallorca.com\/wp-content\/uploads\/2020\/07\/playas-y-calas-formentera-1024x341.jpg 1024w, https:\/\/unsuisseamallorca.com\/wp-content\/uploads\/2020\/07\/playas-y-calas-formentera.jpg 1120w\" data-sizes=\"(max-width: 768px) 100vw, 768px\" src=\"data:image\/svg+xml;base64,PHN2ZyB3aWR0aD0iMSIgaGVpZ2h0PSIxIiB4bWxucz0iaHR0cDovL3d3dy53My5vcmcvMjAwMC9zdmciPjwvc3ZnPg==\" style=\"--smush-placeholder-width: 768px; --smush-placeholder-aspect-ratio: 768\/256;\" \/>\t\t\t\t\t\t\t\t\t\t\t\t\t\t\t<\/div>\n\t\t\t\t<\/div>\n\t\t\t\t\t<\/div>\n\t\t<\/div>\n\t\t\t\t\t<\/div>\n\t\t<\/section>\n\t\t\t\t<section class=\"elementor-section elementor-top-section elementor-element elementor-element-81446ad elementor-section-height-full elementor-section-items-bottom elementor-section-content-bottom elementor-section-boxed elementor-section-height-default\" data-id=\"81446ad\" data-element_type=\"section\" data-settings=\"{&quot;background_background&quot;:&quot;classic&quot;}\">\n\t\t\t\t\t\t<div class=\"elementor-container elementor-column-gap-default\">\n\t\t\t\t\t<div class=\"elementor-column elementor-col-100 elementor-top-column elementor-element elementor-element-c49231e\" data-id=\"c49231e\" data-element_type=\"column\" data-settings=\"{&quot;background_background&quot;:&quot;classic&quot;}\">\n\t\t\t<div class=\"elementor-widget-wrap elementor-element-populated\">\n\t\t\t\t\t\t<div class=\"elementor-element elementor-element-d80d006 elementor-widget elementor-widget-heading\" data-id=\"d80d006\" data-element_type=\"widget\" data-widget_type=\"heading.default\">\n\t\t\t\t<div class=\"elementor-widget-container\">\n\t\t\t\t\t<h2 class=\"elementor-heading-title elementor-size-large\">BIENVENUE \u00e0 Formentera<\/h2>\t\t\t\t<\/div>\n\t\t\t\t<\/div>\n\t\t\t\t<div class=\"elementor-element elementor-element-0d129be elementor-widget elementor-widget-heading\" data-id=\"0d129be\" data-element_type=\"widget\" data-widget_type=\"heading.default\">\n\t\t\t\t<div class=\"elementor-widget-container\">\n\t\t\t\t\t<p class=\"elementor-heading-title elementor-size-large\">Le v\u00e9ritable voyage de d\u00e9couverte ne consiste pas \u00e0 chercher de nouveaux paysages, mais \u00e0 avoir de nouveaux yeux.<\/p>\t\t\t\t<\/div>\n\t\t\t\t<\/div>\n\t\t\t\t<div class=\"elementor-element elementor-element-fcf06d1 elementor-align-center elementor-widget elementor-widget-button\" data-id=\"fcf06d1\" data-element_type=\"widget\" data-widget_type=\"button.default\">\n\t\t\t\t<div class=\"elementor-widget-container\">\n\t\t\t\t\t\t\t\t\t<div class=\"elementor-button-wrapper\">\n\t\t\t\t\t<a class=\"elementor-button elementor-button-link elementor-size-xs\" href=\"https:\/\/unsuisseamallorca.com\/\">\n\t\t\t\t\t\t<span class=\"elementor-button-content-wrapper\">\n\t\t\t\t\t\t\t\t\t<span class=\"elementor-button-text\">Retour \u00e0 l'accueil<\/span>\n\t\t\t\t\t<\/span>\n\t\t\t\t\t<\/a>\n\t\t\t\t<\/div>\n\t\t\t\t\t\t\t\t<\/div>\n\t\t\t\t<\/div>\n\t\t\t\t\t<\/div>\n\t\t<\/div>\n\t\t\t\t\t<\/div>\n\t\t<\/section>\n\t\t\t\t<\/div>\n\t\t","protected":false},"excerpt":{"rendered":"<p>R\u00e9jouissez-vous parce que chaque endroit est ici et chaque instant est maintenant.(Dala\u00ef Lama) Formentera (en catalan et en castillan) est la plus petite des quatre \u00eeles principales et habit\u00e9es de l&rsquo;archipel espagnol des Bal\u00e9ares. Elle est situ\u00e9e au sud de l&rsquo;\u00eele d&rsquo;Ibiza avec laquelle elle forme l&rsquo;ensemble des \u00eeles Pityuses. L&rsquo;\u00eele constitue \u00e9galement une commune. [&hellip;]<\/p>\n","protected":false},"author":1,"featured_media":0,"parent":0,"menu_order":0,"comment_status":"closed","ping_status":"closed","template":"","meta":{"ocean_post_layout":"","ocean_both_sidebars_style":"","ocean_both_sidebars_content_width":0,"ocean_both_sidebars_sidebars_width":0,"ocean_sidebar":"0","ocean_second_sidebar":"0","ocean_disable_margins":"enable","ocean_add_body_class":"","ocean_shortcode_before_top_bar":"","ocean_shortcode_after_top_bar":"","ocean_shortcode_before_header":"","ocean_shortcode_after_header":"","ocean_has_shortcode":"","ocean_shortcode_after_title":"","ocean_shortcode_before_footer_widgets":"","ocean_shortcode_after_footer_widgets":"","ocean_shortcode_before_footer_bottom":"","ocean_shortcode_after_footer_bottom":"","ocean_display_top_bar":"default","ocean_display_header":"default","ocean_header_style":"","ocean_center_header_left_menu":"0","ocean_custom_header_template":"0","ocean_custom_logo":0,"ocean_custom_retina_logo":0,"ocean_custom_logo_max_width":0,"ocean_custom_logo_tablet_max_width":0,"ocean_custom_logo_mobile_max_width":0,"ocean_custom_logo_max_height":0,"ocean_custom_logo_tablet_max_height":0,"ocean_custom_logo_mobile_max_height":0,"ocean_header_custom_menu":"0","ocean_menu_typo_font_family":"0","ocean_menu_typo_font_subset":"","ocean_menu_typo_font_size":0,"ocean_menu_typo_font_size_tablet":0,"ocean_menu_typo_font_size_mobile":0,"ocean_menu_typo_font_size_unit":"px","ocean_menu_typo_font_weight":"","ocean_menu_typo_font_weight_tablet":"","ocean_menu_typo_font_weight_mobile":"","ocean_menu_typo_transform":"","ocean_menu_typo_transform_tablet":"","ocean_menu_typo_transform_mobile":"","ocean_menu_typo_line_height":0,"ocean_menu_typo_line_height_tablet":0,"ocean_menu_typo_line_height_mobile":0,"ocean_menu_typo_line_height_unit":"","ocean_menu_typo_spacing":0,"ocean_menu_typo_spacing_tablet":0,"ocean_menu_typo_spacing_mobile":0,"ocean_menu_typo_spacing_unit":"","ocean_menu_link_color":"","ocean_menu_link_color_hover":"","ocean_menu_link_color_active":"","ocean_menu_link_background":"","ocean_menu_link_hover_background":"","ocean_menu_link_active_background":"","ocean_menu_social_links_bg":"","ocean_menu_social_hover_links_bg":"","ocean_menu_social_links_color":"","ocean_menu_social_hover_links_color":"","ocean_disable_title":"default","ocean_disable_heading":"default","ocean_post_title":"","ocean_post_subheading":"","ocean_post_title_style":"","ocean_post_title_background_color":"","ocean_post_title_background":0,"ocean_post_title_bg_image_position":"","ocean_post_title_bg_image_attachment":"","ocean_post_title_bg_image_repeat":"","ocean_post_title_bg_image_size":"","ocean_post_title_height":0,"ocean_post_title_bg_overlay":0.5,"ocean_post_title_bg_overlay_color":"","ocean_disable_breadcrumbs":"default","ocean_breadcrumbs_color":"","ocean_breadcrumbs_separator_color":"","ocean_breadcrumbs_links_color":"","ocean_breadcrumbs_links_hover_color":"","ocean_display_footer_widgets":"default","ocean_display_footer_bottom":"default","ocean_custom_footer_template":"0","footnotes":""},"class_list":["post-4689","page","type-page","status-publish","hentry","entry"],"yoast_head":"<!-- This site is optimized with the Yoast SEO plugin v26.4 - https:\/\/yoast.com\/wordpress\/plugins\/seo\/ -->\n<title>FORMENTERA UN SUISSE A MAJORQUE<\/title>\n<meta name=\"robots\" content=\"index, follow, max-snippet:-1, max-image-preview:large, max-video-preview:-1\" \/>\n<link rel=\"canonical\" href=\"https:\/\/unsuisseamallorca.com\/index.php\/formentera-2\/\" \/>\n<meta property=\"og:locale\" content=\"fr_FR\" \/>\n<meta property=\"og:type\" content=\"article\" \/>\n<meta property=\"og:title\" content=\"FORMENTERA UN SUISSE A MAJORQUE\" \/>\n<meta property=\"og:description\" content=\"R\u00e9jouissez-vous parce que chaque endroit est ici et chaque instant est maintenant.(Dala\u00ef Lama) Formentera (en catalan et en castillan) est la plus petite des quatre \u00eeles principales et habit\u00e9es de l&rsquo;archipel espagnol des Bal\u00e9ares. Elle est situ\u00e9e au sud de l&rsquo;\u00eele d&rsquo;Ibiza avec laquelle elle forme l&rsquo;ensemble des \u00eeles Pityuses. L&rsquo;\u00eele constitue \u00e9galement une commune. [&hellip;]\" \/>\n<meta property=\"og:url\" content=\"https:\/\/unsuisseamallorca.com\/index.php\/formentera-2\/\" \/>\n<meta property=\"og:site_name\" content=\"UN SUISSE A MAJORQUE\" \/>\n<meta property=\"article:modified_time\" content=\"2021-06-07T06:30:26+00:00\" \/>\n<meta property=\"og:image\" content=\"https:\/\/unsuisseamallorca.com\/wp-content\/uploads\/2020\/06\/IMG_7962-768x512.jpg\" \/>\n<meta name=\"twitter:card\" content=\"summary_large_image\" \/>\n<meta name=\"twitter:label1\" content=\"Dur\u00e9e de lecture estim\u00e9e\" \/>\n\t<meta name=\"twitter:data1\" content=\"17 minutes\" \/>\n<script type=\"application\/ld+json\" class=\"yoast-schema-graph\">{\"@context\":\"https:\/\/schema.org\",\"@graph\":[{\"@type\":\"WebPage\",\"@id\":\"https:\/\/unsuisseamallorca.com\/index.php\/formentera-2\/\",\"url\":\"https:\/\/unsuisseamallorca.com\/index.php\/formentera-2\/\",\"name\":\"FORMENTERA UN SUISSE A MAJORQUE\",\"isPartOf\":{\"@id\":\"https:\/\/unsuisseamallorca.com\/#website\"},\"primaryImageOfPage\":{\"@id\":\"https:\/\/unsuisseamallorca.com\/index.php\/formentera-2\/#primaryimage\"},\"image\":{\"@id\":\"https:\/\/unsuisseamallorca.com\/index.php\/formentera-2\/#primaryimage\"},\"thumbnailUrl\":\"https:\/\/unsuisseamallorca.com\/wp-content\/uploads\/2020\/06\/IMG_7962-768x512.jpg\",\"datePublished\":\"2020-07-09T06:42:30+00:00\",\"dateModified\":\"2021-06-07T06:30:26+00:00\",\"breadcrumb\":{\"@id\":\"https:\/\/unsuisseamallorca.com\/index.php\/formentera-2\/#breadcrumb\"},\"inLanguage\":\"fr-FR\",\"potentialAction\":[{\"@type\":\"ReadAction\",\"target\":[\"https:\/\/unsuisseamallorca.com\/index.php\/formentera-2\/\"]}]},{\"@type\":\"ImageObject\",\"inLanguage\":\"fr-FR\",\"@id\":\"https:\/\/unsuisseamallorca.com\/index.php\/formentera-2\/#primaryimage\",\"url\":\"https:\/\/unsuisseamallorca.com\/wp-content\/uploads\/2020\/06\/IMG_7962-768x512.jpg\",\"contentUrl\":\"https:\/\/unsuisseamallorca.com\/wp-content\/uploads\/2020\/06\/IMG_7962-768x512.jpg\"},{\"@type\":\"BreadcrumbList\",\"@id\":\"https:\/\/unsuisseamallorca.com\/index.php\/formentera-2\/#breadcrumb\",\"itemListElement\":[{\"@type\":\"ListItem\",\"position\":1,\"name\":\"Accueil\",\"item\":\"https:\/\/unsuisseamallorca.com\/\"},{\"@type\":\"ListItem\",\"position\":2,\"name\":\"FORMENTERA\"}]},{\"@type\":\"WebSite\",\"@id\":\"https:\/\/unsuisseamallorca.com\/#website\",\"url\":\"https:\/\/unsuisseamallorca.com\/\",\"name\":\"UN SUISSE A MAJORQUE\",\"description\":\"Le voyageur voit ce qu&#039;il voit, le touriste voit ce qu&#039;il est venu voir !\",\"potentialAction\":[{\"@type\":\"SearchAction\",\"target\":{\"@type\":\"EntryPoint\",\"urlTemplate\":\"https:\/\/unsuisseamallorca.com\/?s={search_term_string}\"},\"query-input\":{\"@type\":\"PropertyValueSpecification\",\"valueRequired\":true,\"valueName\":\"search_term_string\"}}],\"inLanguage\":\"fr-FR\"}]}<\/script>\n<!-- \/ Yoast SEO plugin. -->","yoast_head_json":{"title":"FORMENTERA UN SUISSE A MAJORQUE","robots":{"index":"index","follow":"follow","max-snippet":"max-snippet:-1","max-image-preview":"max-image-preview:large","max-video-preview":"max-video-preview:-1"},"canonical":"https:\/\/unsuisseamallorca.com\/index.php\/formentera-2\/","og_locale":"fr_FR","og_type":"article","og_title":"FORMENTERA UN SUISSE A MAJORQUE","og_description":"R\u00e9jouissez-vous parce que chaque endroit est ici et chaque instant est maintenant.(Dala\u00ef Lama) Formentera (en catalan et en castillan) est la plus petite des quatre \u00eeles principales et habit\u00e9es de l&rsquo;archipel espagnol des Bal\u00e9ares. Elle est situ\u00e9e au sud de l&rsquo;\u00eele d&rsquo;Ibiza avec laquelle elle forme l&rsquo;ensemble des \u00eeles Pityuses. L&rsquo;\u00eele constitue \u00e9galement une commune. [&hellip;]","og_url":"https:\/\/unsuisseamallorca.com\/index.php\/formentera-2\/","og_site_name":"UN SUISSE A MAJORQUE","article_modified_time":"2021-06-07T06:30:26+00:00","og_image":[{"url":"https:\/\/unsuisseamallorca.com\/wp-content\/uploads\/2020\/06\/IMG_7962-768x512.jpg","type":"","width":"","height":""}],"twitter_card":"summary_large_image","twitter_misc":{"Dur\u00e9e de lecture estim\u00e9e":"17 minutes"},"schema":{"@context":"https:\/\/schema.org","@graph":[{"@type":"WebPage","@id":"https:\/\/unsuisseamallorca.com\/index.php\/formentera-2\/","url":"https:\/\/unsuisseamallorca.com\/index.php\/formentera-2\/","name":"FORMENTERA UN SUISSE A MAJORQUE","isPartOf":{"@id":"https:\/\/unsuisseamallorca.com\/#website"},"primaryImageOfPage":{"@id":"https:\/\/unsuisseamallorca.com\/index.php\/formentera-2\/#primaryimage"},"image":{"@id":"https:\/\/unsuisseamallorca.com\/index.php\/formentera-2\/#primaryimage"},"thumbnailUrl":"https:\/\/unsuisseamallorca.com\/wp-content\/uploads\/2020\/06\/IMG_7962-768x512.jpg","datePublished":"2020-07-09T06:42:30+00:00","dateModified":"2021-06-07T06:30:26+00:00","breadcrumb":{"@id":"https:\/\/unsuisseamallorca.com\/index.php\/formentera-2\/#breadcrumb"},"inLanguage":"fr-FR","potentialAction":[{"@type":"ReadAction","target":["https:\/\/unsuisseamallorca.com\/index.php\/formentera-2\/"]}]},{"@type":"ImageObject","inLanguage":"fr-FR","@id":"https:\/\/unsuisseamallorca.com\/index.php\/formentera-2\/#primaryimage","url":"https:\/\/unsuisseamallorca.com\/wp-content\/uploads\/2020\/06\/IMG_7962-768x512.jpg","contentUrl":"https:\/\/unsuisseamallorca.com\/wp-content\/uploads\/2020\/06\/IMG_7962-768x512.jpg"},{"@type":"BreadcrumbList","@id":"https:\/\/unsuisseamallorca.com\/index.php\/formentera-2\/#breadcrumb","itemListElement":[{"@type":"ListItem","position":1,"name":"Accueil","item":"https:\/\/unsuisseamallorca.com\/"},{"@type":"ListItem","position":2,"name":"FORMENTERA"}]},{"@type":"WebSite","@id":"https:\/\/unsuisseamallorca.com\/#website","url":"https:\/\/unsuisseamallorca.com\/","name":"UN SUISSE A MAJORQUE","description":"Le voyageur voit ce qu&#039;il voit, le touriste voit ce qu&#039;il est venu voir !","potentialAction":[{"@type":"SearchAction","target":{"@type":"EntryPoint","urlTemplate":"https:\/\/unsuisseamallorca.com\/?s={search_term_string}"},"query-input":{"@type":"PropertyValueSpecification","valueRequired":true,"valueName":"search_term_string"}}],"inLanguage":"fr-FR"}]}},"_links":{"self":[{"href":"https:\/\/unsuisseamallorca.com\/index.php\/wp-json\/wp\/v2\/pages\/4689","targetHints":{"allow":["GET"]}}],"collection":[{"href":"https:\/\/unsuisseamallorca.com\/index.php\/wp-json\/wp\/v2\/pages"}],"about":[{"href":"https:\/\/unsuisseamallorca.com\/index.php\/wp-json\/wp\/v2\/types\/page"}],"author":[{"embeddable":true,"href":"https:\/\/unsuisseamallorca.com\/index.php\/wp-json\/wp\/v2\/users\/1"}],"replies":[{"embeddable":true,"href":"https:\/\/unsuisseamallorca.com\/index.php\/wp-json\/wp\/v2\/comments?post=4689"}],"version-history":[{"count":61,"href":"https:\/\/unsuisseamallorca.com\/index.php\/wp-json\/wp\/v2\/pages\/4689\/revisions"}],"predecessor-version":[{"id":7537,"href":"https:\/\/unsuisseamallorca.com\/index.php\/wp-json\/wp\/v2\/pages\/4689\/revisions\/7537"}],"wp:attachment":[{"href":"https:\/\/unsuisseamallorca.com\/index.php\/wp-json\/wp\/v2\/media?parent=4689"}],"curies":[{"name":"wp","href":"https:\/\/api.w.org\/{rel}","templated":true}]}}