{"id":4608,"date":"2020-07-01T14:40:19","date_gmt":"2020-07-01T12:40:19","guid":{"rendered":"https:\/\/unsuisseamallorca.com\/?page_id=4605"},"modified":"2020-07-01T14:40:19","modified_gmt":"2020-07-01T12:40:19","slug":"ile-de-cabrera-5-3","status":"publish","type":"page","link":"https:\/\/unsuisseamallorca.com\/index.php\/es\/ile-de-cabrera-5-3\/","title":{"rendered":"Isla Cabrera"},"content":{"rendered":"<h3>El planeta Tierra es nuestra isla compartida, unimos fuerzas para protegerla.<\/h3>\n<h3>\u00bfC\u00f3mo puedo llegar all\u00ed?<\/h3>\n<p>Clasificada como para el sitio natural desde 1995, la isla de Sa Dragonera est\u00e1 cubierta de un matorral mediterr\u00e1neo. Proporcionar bebidas y comidas y buenos zapatos para caminar, no hay nada que comprar en el lugar. Para hacer esta excursi\u00f3n vamos a Sant Elm para tomar el ferry (cita humor\u00edstica) o m\u00e1s bien el barco que va a Sa Dragonera en 15 minutos, el pont\u00f3n est\u00e1 al lado del restaurante &quot;Es Raon&quot;. El precio del ferry es de 13 euros por persona, ida y vuelta.<br \/>\n<a role=\"button\" href=\"https:\/\/unsuisseamallorca.com\/index.php\/carte-de-lile-de-sa-dragonera\/\" target=\"_blank\" rel=\"noopener noreferrer\"><br \/>\nMapa de la isla<br \/>\n<\/a><\/p>\n<figure><img fetchpriority=\"high\" decoding=\"async\" src=\"https:\/\/unsuisseamallorca.com\/wp-content\/uploads\/2020\/06\/spain-ibiza-sant-elm-harbor-editorial-use-only-artesiawells-thinkstockphotos-526975869-768x502.jpg\" sizes=\"(max-width: 768px) 100vw, 768px\" srcset=\"https:\/\/unsuisseamallorca.com\/wp-content\/uploads\/2020\/06\/spain-ibiza-sant-elm-harbor-editorial-use-only-artesiawells-thinkstockphotos-526975869-768x502.jpg 768w, https:\/\/unsuisseamallorca.com\/wp-content\/uploads\/2020\/06\/spain-ibiza-sant-elm-harbor-editorial-use-only-artesiawells-thinkstockphotos-526975869-300x196.jpg 300w, https:\/\/unsuisseamallorca.com\/wp-content\/uploads\/2020\/06\/spain-ibiza-sant-elm-harbor-editorial-use-only-artesiawells-thinkstockphotos-526975869.jpg 800w\" alt=\"\" width=\"768\" height=\"502\" \/><figcaption>Salida desde Sant Elm<\/figcaption><\/figure>\n<figure><img decoding=\"async\" data-src=\"https:\/\/unsuisseamallorca.com\/wp-content\/uploads\/2020\/06\/Mallorca_Sa_Dragonera_island_nature_harbour_2007-08-14-768x576.jpg\" data-sizes=\"(max-width: 768px) 100vw, 768px\" data-srcset=\"https:\/\/unsuisseamallorca.com\/wp-content\/uploads\/2020\/06\/Mallorca_Sa_Dragonera_island_nature_harbour_2007-08-14-768x576.jpg 768w, https:\/\/unsuisseamallorca.com\/wp-content\/uploads\/2020\/06\/Mallorca_Sa_Dragonera_island_nature_harbour_2007-08-14-300x225.jpg 300w, https:\/\/unsuisseamallorca.com\/wp-content\/uploads\/2020\/06\/Mallorca_Sa_Dragonera_island_nature_harbour_2007-08-14.jpg 1024w\" alt=\"\" width=\"768\" height=\"576\" src=\"data:image\/svg+xml;base64,PHN2ZyB3aWR0aD0iMSIgaGVpZ2h0PSIxIiB4bWxucz0iaHR0cDovL3d3dy53My5vcmcvMjAwMC9zdmciPjwvc3ZnPg==\" class=\"lazyload\" style=\"--smush-placeholder-width: 768px; --smush-placeholder-aspect-ratio: 768\/576;\" \/><figcaption>Puerto de Sa Dragonera<\/figcaption><\/figure>\n<p><img decoding=\"async\" data-src=\"https:\/\/unsuisseamallorca.com\/wp-content\/uploads\/2020\/07\/ile_dragonera_002_plan_2010-08-17-768x611.jpg\" data-sizes=\"(max-width: 768px) 100vw, 768px\" data-srcset=\"https:\/\/unsuisseamallorca.com\/wp-content\/uploads\/2020\/07\/ile_dragonera_002_plan_2010-08-17-768x611.jpg 768w, https:\/\/unsuisseamallorca.com\/wp-content\/uploads\/2020\/07\/ile_dragonera_002_plan_2010-08-17-300x239.jpg 300w, https:\/\/unsuisseamallorca.com\/wp-content\/uploads\/2020\/07\/ile_dragonera_002_plan_2010-08-17-1024x815.jpg 1024w, https:\/\/unsuisseamallorca.com\/wp-content\/uploads\/2020\/07\/ile_dragonera_002_plan_2010-08-17-1536x1222.jpg 1536w, https:\/\/unsuisseamallorca.com\/wp-content\/uploads\/2020\/07\/ile_dragonera_002_plan_2010-08-17.jpg 1600w\" alt=\"\" width=\"768\" height=\"611\" src=\"data:image\/svg+xml;base64,PHN2ZyB3aWR0aD0iMSIgaGVpZ2h0PSIxIiB4bWxucz0iaHR0cDovL3d3dy53My5vcmcvMjAwMC9zdmciPjwvc3ZnPg==\" class=\"lazyload\" style=\"--smush-placeholder-width: 768px; --smush-placeholder-aspect-ratio: 768\/611;\" \/><br \/>\n<img decoding=\"async\" data-src=\"https:\/\/unsuisseamallorca.com\/wp-content\/uploads\/2020\/06\/9213014Master-768x1024.jpg\" data-sizes=\"(max-width: 768px) 100vw, 768px\" data-srcset=\"https:\/\/unsuisseamallorca.com\/wp-content\/uploads\/2020\/06\/9213014Master-768x1024.jpg 768w, https:\/\/unsuisseamallorca.com\/wp-content\/uploads\/2020\/06\/9213014Master-225x300.jpg 225w, https:\/\/unsuisseamallorca.com\/wp-content\/uploads\/2020\/06\/9213014Master.jpg 810w\" alt=\"\" width=\"768\" height=\"1024\" src=\"data:image\/svg+xml;base64,PHN2ZyB3aWR0aD0iMSIgaGVpZ2h0PSIxIiB4bWxucz0iaHR0cDovL3d3dy53My5vcmcvMjAwMC9zdmciPjwvc3ZnPg==\" class=\"lazyload\" style=\"--smush-placeholder-width: 768px; --smush-placeholder-aspect-ratio: 768\/1024;\" \/><br \/>\n<img decoding=\"async\" data-src=\"https:\/\/unsuisseamallorca.com\/wp-content\/uploads\/2020\/07\/742289Master-768x576.jpg\" data-sizes=\"(max-width: 768px) 100vw, 768px\" data-srcset=\"https:\/\/unsuisseamallorca.com\/wp-content\/uploads\/2020\/07\/742289Master-768x576.jpg 768w, https:\/\/unsuisseamallorca.com\/wp-content\/uploads\/2020\/07\/742289Master-300x225.jpg 300w, https:\/\/unsuisseamallorca.com\/wp-content\/uploads\/2020\/07\/742289Master-1024x768.jpg 1024w, https:\/\/unsuisseamallorca.com\/wp-content\/uploads\/2020\/07\/742289Master-1536x1152.jpg 1536w, https:\/\/unsuisseamallorca.com\/wp-content\/uploads\/2020\/07\/742289Master.jpg 1600w\" alt=\"\" width=\"768\" height=\"576\" src=\"data:image\/svg+xml;base64,PHN2ZyB3aWR0aD0iMSIgaGVpZ2h0PSIxIiB4bWxucz0iaHR0cDovL3d3dy53My5vcmcvMjAwMC9zdmciPjwvc3ZnPg==\" class=\"lazyload\" style=\"--smush-placeholder-width: 768px; --smush-placeholder-aspect-ratio: 768\/576;\" \/><br \/>\n<img decoding=\"async\" data-src=\"https:\/\/unsuisseamallorca.com\/wp-content\/uploads\/2020\/07\/789620Master-768x1024.jpg\" data-sizes=\"(max-width: 768px) 100vw, 768px\" data-srcset=\"https:\/\/unsuisseamallorca.com\/wp-content\/uploads\/2020\/07\/789620Master-768x1024.jpg 768w, https:\/\/unsuisseamallorca.com\/wp-content\/uploads\/2020\/07\/789620Master-225x300.jpg 225w, https:\/\/unsuisseamallorca.com\/wp-content\/uploads\/2020\/07\/789620Master.jpg 900w\" alt=\"\" width=\"768\" height=\"1024\" src=\"data:image\/svg+xml;base64,PHN2ZyB3aWR0aD0iMSIgaGVpZ2h0PSIxIiB4bWxucz0iaHR0cDovL3d3dy53My5vcmcvMjAwMC9zdmciPjwvc3ZnPg==\" class=\"lazyload\" style=\"--smush-placeholder-width: 768px; --smush-placeholder-aspect-ratio: 768\/1024;\" \/><\/p>\n<h3>Senderismo en la isla<\/h3>\n<p>3,2 kil\u00f3metros por s\u00f3lo 500 metros, aqu\u00ed est\u00e1n las dimensiones de esta peque\u00f1a isla con relieve empinado con el pico popi (que alberg\u00f3 una torre en 1581) que culmin\u00f3 a 360 metros. El \u00fanico acceso a la isla est\u00e1 regulado en el puerto natural de Cala Llado. Su Dragonera es una isla cubierta de un matorral mediterr\u00e1neo poblado por una fauna cuyos representantes m\u00e1s famosos son el halc\u00f3n marino y la sargantana, un lagarto que, por su apariencia, habr\u00eda dado su nombre a la isla. Fue ocupado temporalmente durante la prehistoria, y los arque\u00f3logos tambi\u00e9n han encontrado objetos romanos (\u00e1nfores) y \u00e1rabes (cer\u00e1mica). Hacia el final de la Edad Media, sirvi\u00f3 como refugio para los piratas que atraviesan los mares. En 1851, se construy\u00f3 un primer faro en el sitio de Sa Popia, donde todav\u00eda se pueden ver los restos. Un camino cruza la isla de lado a lado y 4 rutas est\u00e1n marcadas. Nadar, m\u00e1scara de snorkel es una delicia y es posible en el peque\u00f1o puerto natural, pero en las calas, no hay arena, pero guijarros para estirar.<\/p>\n<h4><strong>Ruta no 1 de Na Miranda.<\/strong><\/h4>\n<p>Esta es la ruta m\u00e1s corta y f\u00e1cil desde el puerto. 1,2 km para llegar al Mirador de Na Miranda en 30 minutos de ida y vuelta. Un primer contacto con la naturaleza de la isla y la carretera pavimentada nos da acceso a hermosas vistas de la isla.<\/p>\n<h4><strong>Ruta 2 del faro de Tramuntana<\/strong><\/h4>\n<p>Este camino de 1,7 km suavemente inclinado le llevar\u00e1 al faro donde podr\u00e1 admirar un hermoso panorama de la Serra de Tramuntana. Una caminata f\u00e1cil que toma 1 hora de ida y salida.<\/p>\n<h4><strong>Ruta 3 del Faro de Lleibeg<\/strong>.<\/h4>\n<p>Esta ruta de 4,1 km es de 2 horas y 40 horas de ida y vuelta. Recorre la costa y permite disfrutar de las bellezas de la isla durante m\u00e1s tiempo, descubrir su fauna y flora con vistas a Mallorca y al Mediterr\u00e1neo.<\/p>\n<h4><strong>Ruta 4 del antiguo faro de Na Popia<\/strong><\/h4>\n<p>Este sendero de dificultad intermedia tiene 4,5 km de largo y tarda 3 horas de ida y vuelta, es el m\u00e1s largo y nos lleva a la cima de la isla, a 352m, donde se encuentra el antiguo faro abandonado de Na Popia. Tambi\u00e9n conocido como faro de Vell. Fue uno de los m\u00e1s altos de Espa\u00f1a, este hecho se volvi\u00f3 problem\u00e1tico porque, en tiempos de niebla densa, no era muy visible y su efecto protector era por lo tanto in\u00fatil. Por esta raz\u00f3n, se extingui\u00f3 en 1910 y fue reemplazado por los dos faros actuales situados en ambos extremos de la isla.<\/p>\n<h3>Recorrido a vela por la isla<\/h3>\n<p>Con muy poco viento pero bajo un sol brillante, dos horas de navegaci\u00f3n con cena en Sant Elm.<\/p>\n<p><a role=\"button\" href=\"https:\/\/youtu.be\/p3Opl_ej5es\" target=\"_blank\" rel=\"noopener noreferrer\"><br \/>\nVideo<br \/>\n<\/a><\/p>\n<figure><img decoding=\"async\" data-src=\"https:\/\/unsuisseamallorca.com\/wp-content\/uploads\/2020\/07\/DSC00598-768x576.jpg\" data-sizes=\"(max-width: 768px) 100vw, 768px\" data-srcset=\"https:\/\/unsuisseamallorca.com\/wp-content\/uploads\/2020\/07\/DSC00598-768x576.jpg 768w, https:\/\/unsuisseamallorca.com\/wp-content\/uploads\/2020\/07\/DSC00598-300x225.jpg 300w, https:\/\/unsuisseamallorca.com\/wp-content\/uploads\/2020\/07\/DSC00598-1024x768.jpg 1024w, https:\/\/unsuisseamallorca.com\/wp-content\/uploads\/2020\/07\/DSC00598-1536x1152.jpg 1536w, https:\/\/unsuisseamallorca.com\/wp-content\/uploads\/2020\/07\/DSC00598-2048x1536.jpg 2048w\" alt=\"\" width=\"768\" height=\"576\" src=\"data:image\/svg+xml;base64,PHN2ZyB3aWR0aD0iMSIgaGVpZ2h0PSIxIiB4bWxucz0iaHR0cDovL3d3dy53My5vcmcvMjAwMC9zdmciPjwvc3ZnPg==\" class=\"lazyload\" style=\"--smush-placeholder-width: 768px; --smush-placeholder-aspect-ratio: 768\/576;\" \/><figcaption>Sant Elm<\/figcaption><\/figure>\n<p><img decoding=\"async\" data-src=\"https:\/\/unsuisseamallorca.com\/wp-content\/uploads\/2020\/07\/DSC00594-768x576.jpg\" data-sizes=\"(max-width: 768px) 100vw, 768px\" data-srcset=\"https:\/\/unsuisseamallorca.com\/wp-content\/uploads\/2020\/07\/DSC00594-768x576.jpg 768w, https:\/\/unsuisseamallorca.com\/wp-content\/uploads\/2020\/07\/DSC00594-300x225.jpg 300w, https:\/\/unsuisseamallorca.com\/wp-content\/uploads\/2020\/07\/DSC00594-1024x768.jpg 1024w, https:\/\/unsuisseamallorca.com\/wp-content\/uploads\/2020\/07\/DSC00594-1536x1152.jpg 1536w, https:\/\/unsuisseamallorca.com\/wp-content\/uploads\/2020\/07\/DSC00594-2048x1536.jpg 2048w\" alt=\"\" width=\"768\" height=\"576\" src=\"data:image\/svg+xml;base64,PHN2ZyB3aWR0aD0iMSIgaGVpZ2h0PSIxIiB4bWxucz0iaHR0cDovL3d3dy53My5vcmcvMjAwMC9zdmciPjwvc3ZnPg==\" class=\"lazyload\" style=\"--smush-placeholder-width: 768px; --smush-placeholder-aspect-ratio: 768\/576;\" \/><\/p>\n<h3>Faro de Tramuntana<\/h3>\n<p>Una caminata de una hora por 1700 metros en una suave pendiente con el punto m\u00e1s alto a 65 metros.\u00a0Hab\u00eda sido planeado construir s\u00f3lo una luz permanente montada sobre una torreta de metal y mantenida por el personal del faro de Llebeig. En 1907, era una estaci\u00f3n real con una torre y un refugio para los guardias que se construy\u00f3.\u00a0El sistema \u00f3ptico original fue retirado en 1960 y reemplazado por un sistema de iluminaci\u00f3n que funciona con gas acetileno, ya no requiere una presencia permanente en el sitio. El faro fue automatizado en 1961. El sistema \u00f3ptico original se coloc\u00f3 en el faro de Porto Colom en 1965. Ahora los antiguos edificios t\u00e9cnicos se han convertido para convertirse en una exposici\u00f3n permanente sobre la historia mar\u00edtima de Sa Dragonera.<\/p>\n<h3>Faro de Llebeig<\/h3>\n<p>Caminata de 2 horas 40 a 4,5 km con una dificultad media al faro y luego a la llegada nadando en la peque\u00f1a cala cerca del puerto! Muy desierto, el faro est\u00e1 cerrado, as\u00ed que camine, pero descubra hermosos paisajes.\u00a0Su sistema \u00f3ptico, muy moderno cuando se instal\u00f3, permaneci\u00f3 inalterado hasta 1969. Era la necesidad de automatizar los faros de los islotes para eliminar al personal residente que reemplaz\u00f3 el suministro del nuevo sistema \u00f3ptico de gas acetileno.\u00a0En 1985, debido al peso y tama\u00f1o de la \u00f3ptica original, fue necesario utilizar el Ej\u00e9rcito de los Estados Unidos para trasladarlo en helic\u00f3ptero al Faro de Portopi (en Palma) para que pudiera exhibirse entre otras se\u00f1ales mar\u00edtimas.<\/p>\n<p><img decoding=\"async\" data-src=\"https:\/\/unsuisseamallorca.com\/wp-content\/uploads\/2020\/07\/DSC00577-768x576.jpg\" data-sizes=\"(max-width: 768px) 100vw, 768px\" data-srcset=\"https:\/\/unsuisseamallorca.com\/wp-content\/uploads\/2020\/07\/DSC00577-768x576.jpg 768w, https:\/\/unsuisseamallorca.com\/wp-content\/uploads\/2020\/07\/DSC00577-300x225.jpg 300w, https:\/\/unsuisseamallorca.com\/wp-content\/uploads\/2020\/07\/DSC00577-1024x768.jpg 1024w, https:\/\/unsuisseamallorca.com\/wp-content\/uploads\/2020\/07\/DSC00577-1536x1152.jpg 1536w, https:\/\/unsuisseamallorca.com\/wp-content\/uploads\/2020\/07\/DSC00577-2048x1536.jpg 2048w\" alt=\"\" width=\"768\" height=\"576\" src=\"data:image\/svg+xml;base64,PHN2ZyB3aWR0aD0iMSIgaGVpZ2h0PSIxIiB4bWxucz0iaHR0cDovL3d3dy53My5vcmcvMjAwMC9zdmciPjwvc3ZnPg==\" class=\"lazyload\" style=\"--smush-placeholder-width: 768px; --smush-placeholder-aspect-ratio: 768\/576;\" \/><br \/>\n<img decoding=\"async\" data-src=\"https:\/\/unsuisseamallorca.com\/wp-content\/uploads\/2020\/07\/7557136Master-768x1024.jpg\" data-sizes=\"(max-width: 768px) 100vw, 768px\" data-srcset=\"https:\/\/unsuisseamallorca.com\/wp-content\/uploads\/2020\/07\/7557136Master-768x1024.jpg 768w, https:\/\/unsuisseamallorca.com\/wp-content\/uploads\/2020\/07\/7557136Master-225x300.jpg 225w, https:\/\/unsuisseamallorca.com\/wp-content\/uploads\/2020\/07\/7557136Master.jpg 900w\" alt=\"\" width=\"768\" height=\"1024\" src=\"data:image\/svg+xml;base64,PHN2ZyB3aWR0aD0iMSIgaGVpZ2h0PSIxIiB4bWxucz0iaHR0cDovL3d3dy53My5vcmcvMjAwMC9zdmciPjwvc3ZnPg==\" class=\"lazyload\" style=\"--smush-placeholder-width: 768px; --smush-placeholder-aspect-ratio: 768\/1024;\" \/><\/p>\n<h3>Torre Llebeig<\/h3>\n<p>En <abbr title=\"18\u1d49 siglo\">el si<\/abbr><sup>g<\/sup>lo XVIII en Su Dragonera para la vigilancia de la costa despu\u00e9s de incursiones piratas: en 1580, la torre de Na Pepia, a 352 m de<abbr title=\"Metro\"> a<\/abbr>ltitud; luego en 1583 la torre de Llebeig con el fin de impedir la entrada de barcos a Cala Llebeig y para proteger a los ocupantes de la torre de Na Pepia. Este \u00faltimo se mantiene en buen estado y fue rehabilitado en 2004 por el Ayuntamiento insular de Mallorca.<\/p>\n<h4>Vistas a lo largo de las caminatas<\/h4>\n<h5>Haga clic en las fotos para ampliar<\/h5>\n<figure class=\"gallery-item\"><a href=\"https:\/\/unsuisseamallorca.com\/wp-content\/uploads\/2019\/03\/sans-titre-1.png\" data-elementor-lightbox-title=\"sans-titre\" data-elementor-lightbox-slideshow=\"215096a5\" data-elementor-open-lightbox=\"yes\"><img decoding=\"async\" data-src=\"https:\/\/unsuisseamallorca.com\/wp-content\/uploads\/2019\/03\/sans-titre-1-300x300.png\" data-sizes=\"(max-width: 300px) 100vw, 300px\" data-srcset=\"https:\/\/unsuisseamallorca.com\/wp-content\/uploads\/2019\/03\/sans-titre-1-300x300.png 300w, https:\/\/unsuisseamallorca.com\/wp-content\/uploads\/2019\/03\/sans-titre-1-150x150.png 150w, https:\/\/unsuisseamallorca.com\/wp-content\/uploads\/2019\/03\/sans-titre-1-768x768.png 768w, https:\/\/unsuisseamallorca.com\/wp-content\/uploads\/2019\/03\/sans-titre-1-1024x1024.png 1024w\" alt=\"\" width=\"300\" height=\"300\" src=\"data:image\/svg+xml;base64,PHN2ZyB3aWR0aD0iMSIgaGVpZ2h0PSIxIiB4bWxucz0iaHR0cDovL3d3dy53My5vcmcvMjAwMC9zdmciPjwvc3ZnPg==\" class=\"lazyload\" style=\"--smush-placeholder-width: 300px; --smush-placeholder-aspect-ratio: 300\/300;\" \/><\/a><\/figure>\n<figure class=\"gallery-item\"><a href=\"https:\/\/unsuisseamallorca.com\/wp-content\/uploads\/2019\/03\/ile_dragonera_002_plan_2010-08-17.jpg\" data-elementor-lightbox-title=\"Sa Dragonera\" data-elementor-lightbox-slideshow=\"215096a5\" data-elementor-open-lightbox=\"yes\"><img decoding=\"async\" data-src=\"https:\/\/unsuisseamallorca.com\/wp-content\/uploads\/2019\/03\/ile_dragonera_002_plan_2010-08-17-300x239.jpg\" data-sizes=\"(max-width: 300px) 100vw, 300px\" data-srcset=\"https:\/\/unsuisseamallorca.com\/wp-content\/uploads\/2019\/03\/ile_dragonera_002_plan_2010-08-17-300x239.jpg 300w, https:\/\/unsuisseamallorca.com\/wp-content\/uploads\/2019\/03\/ile_dragonera_002_plan_2010-08-17-768x611.jpg 768w, https:\/\/unsuisseamallorca.com\/wp-content\/uploads\/2019\/03\/ile_dragonera_002_plan_2010-08-17-1024x815.jpg 1024w\" alt=\"\" width=\"300\" height=\"239\" aria-describedby=\"gallery-3-1098\" src=\"data:image\/svg+xml;base64,PHN2ZyB3aWR0aD0iMSIgaGVpZ2h0PSIxIiB4bWxucz0iaHR0cDovL3d3dy53My5vcmcvMjAwMC9zdmciPjwvc3ZnPg==\" class=\"lazyload\" style=\"--smush-placeholder-width: 300px; --smush-placeholder-aspect-ratio: 300\/239;\" \/><\/a><figcaption id=\"gallery-3-1098\" class=\"wp-caption-text gallery-caption\">Mapa del Parque Natural dragonera<\/figcaption><\/figure>\n<figure class=\"gallery-item\"><a href=\"https:\/\/unsuisseamallorca.com\/wp-content\/uploads\/2019\/03\/sa-dragonera-national.jpg\" data-elementor-lightbox-title=\"sa-dragonera-national\" data-elementor-lightbox-slideshow=\"215096a5\" data-elementor-open-lightbox=\"yes\"><img decoding=\"async\" data-src=\"https:\/\/unsuisseamallorca.com\/wp-content\/uploads\/2019\/03\/sa-dragonera-national-300x225.jpg\" data-sizes=\"(max-width: 300px) 100vw, 300px\" data-srcset=\"https:\/\/unsuisseamallorca.com\/wp-content\/uploads\/2019\/03\/sa-dragonera-national-300x225.jpg 300w, https:\/\/unsuisseamallorca.com\/wp-content\/uploads\/2019\/03\/sa-dragonera-national.jpg 550w\" alt=\"\" width=\"300\" height=\"225\" src=\"data:image\/svg+xml;base64,PHN2ZyB3aWR0aD0iMSIgaGVpZ2h0PSIxIiB4bWxucz0iaHR0cDovL3d3dy53My5vcmcvMjAwMC9zdmciPjwvc3ZnPg==\" class=\"lazyload\" style=\"--smush-placeholder-width: 300px; --smush-placeholder-aspect-ratio: 300\/225;\" \/><\/a><\/figure>\n<figure class=\"gallery-item\"><a href=\"https:\/\/unsuisseamallorca.com\/wp-content\/uploads\/2019\/03\/sa-dragonera-national-2.jpg\" data-elementor-lightbox-title=\"sa-dragonera-national 2\" data-elementor-lightbox-slideshow=\"215096a5\" data-elementor-open-lightbox=\"yes\"><img decoding=\"async\" data-src=\"https:\/\/unsuisseamallorca.com\/wp-content\/uploads\/2019\/03\/sa-dragonera-national-2-300x225.jpg\" data-sizes=\"(max-width: 300px) 100vw, 300px\" data-srcset=\"https:\/\/unsuisseamallorca.com\/wp-content\/uploads\/2019\/03\/sa-dragonera-national-2-300x225.jpg 300w, https:\/\/unsuisseamallorca.com\/wp-content\/uploads\/2019\/03\/sa-dragonera-national-2.jpg 550w\" alt=\"\" width=\"300\" height=\"225\" src=\"data:image\/svg+xml;base64,PHN2ZyB3aWR0aD0iMSIgaGVpZ2h0PSIxIiB4bWxucz0iaHR0cDovL3d3dy53My5vcmcvMjAwMC9zdmciPjwvc3ZnPg==\" class=\"lazyload\" style=\"--smush-placeholder-width: 300px; --smush-placeholder-aspect-ratio: 300\/225;\" \/><\/a><\/figure>\n<figure class=\"gallery-item\"><a href=\"https:\/\/unsuisseamallorca.com\/wp-content\/uploads\/2019\/03\/DSC04538.jpg\" data-elementor-lightbox-title=\"DSC04538\" data-elementor-lightbox-slideshow=\"215096a5\" data-elementor-open-lightbox=\"yes\"><img decoding=\"async\" data-src=\"https:\/\/unsuisseamallorca.com\/wp-content\/uploads\/2019\/03\/DSC04538-300x225.jpg\" data-sizes=\"(max-width: 300px) 100vw, 300px\" data-srcset=\"https:\/\/unsuisseamallorca.com\/wp-content\/uploads\/2019\/03\/DSC04538-300x225.jpg 300w, https:\/\/unsuisseamallorca.com\/wp-content\/uploads\/2019\/03\/DSC04538-768x576.jpg 768w, https:\/\/unsuisseamallorca.com\/wp-content\/uploads\/2019\/03\/DSC04538-1024x768.jpg 1024w\" alt=\"\" width=\"300\" height=\"225\" src=\"data:image\/svg+xml;base64,PHN2ZyB3aWR0aD0iMSIgaGVpZ2h0PSIxIiB4bWxucz0iaHR0cDovL3d3dy53My5vcmcvMjAwMC9zdmciPjwvc3ZnPg==\" class=\"lazyload\" style=\"--smush-placeholder-width: 300px; --smush-placeholder-aspect-ratio: 300\/225;\" \/><\/a><\/figure>\n<figure class=\"gallery-item\"><a href=\"https:\/\/unsuisseamallorca.com\/wp-content\/uploads\/2019\/03\/Sa-Dragonera-1.jpg\" data-elementor-lightbox-title=\"Sa-Dragonera-1\" data-elementor-lightbox-slideshow=\"215096a5\" data-elementor-open-lightbox=\"yes\"><img decoding=\"async\" data-src=\"https:\/\/unsuisseamallorca.com\/wp-content\/uploads\/2019\/03\/Sa-Dragonera-1-300x200.jpg\" data-sizes=\"(max-width: 300px) 100vw, 300px\" data-srcset=\"https:\/\/unsuisseamallorca.com\/wp-content\/uploads\/2019\/03\/Sa-Dragonera-1-300x200.jpg 300w, https:\/\/unsuisseamallorca.com\/wp-content\/uploads\/2019\/03\/Sa-Dragonera-1-768x512.jpg 768w, https:\/\/unsuisseamallorca.com\/wp-content\/uploads\/2019\/03\/Sa-Dragonera-1-1024x683.jpg 1024w, https:\/\/unsuisseamallorca.com\/wp-content\/uploads\/2019\/03\/Sa-Dragonera-1.jpg 1600w\" alt=\"\" width=\"300\" height=\"200\" src=\"data:image\/svg+xml;base64,PHN2ZyB3aWR0aD0iMSIgaGVpZ2h0PSIxIiB4bWxucz0iaHR0cDovL3d3dy53My5vcmcvMjAwMC9zdmciPjwvc3ZnPg==\" class=\"lazyload\" style=\"--smush-placeholder-width: 300px; --smush-placeholder-aspect-ratio: 300\/200;\" \/><\/a><\/figure>\n<figure class=\"gallery-item\"><a href=\"https:\/\/unsuisseamallorca.com\/wp-content\/uploads\/2019\/03\/sa-dragonera-national-3.jpg\" data-elementor-lightbox-title=\"sa-dragonera-national 3\" data-elementor-lightbox-slideshow=\"215096a5\" data-elementor-open-lightbox=\"yes\"><img decoding=\"async\" data-src=\"https:\/\/unsuisseamallorca.com\/wp-content\/uploads\/2019\/03\/sa-dragonera-national-3-300x199.jpg\" data-sizes=\"(max-width: 300px) 100vw, 300px\" data-srcset=\"https:\/\/unsuisseamallorca.com\/wp-content\/uploads\/2019\/03\/sa-dragonera-national-3-300x199.jpg 300w, https:\/\/unsuisseamallorca.com\/wp-content\/uploads\/2019\/03\/sa-dragonera-national-3.jpg 550w\" alt=\"\" width=\"300\" height=\"199\" src=\"data:image\/svg+xml;base64,PHN2ZyB3aWR0aD0iMSIgaGVpZ2h0PSIxIiB4bWxucz0iaHR0cDovL3d3dy53My5vcmcvMjAwMC9zdmciPjwvc3ZnPg==\" class=\"lazyload\" style=\"--smush-placeholder-width: 300px; --smush-placeholder-aspect-ratio: 300\/199;\" \/><\/a><\/figure>\n<figure class=\"gallery-item\"><a href=\"https:\/\/unsuisseamallorca.com\/wp-content\/uploads\/2019\/03\/DSC00575-2-1.jpg\" data-elementor-lightbox-title=\"DSC00575-2-1\" data-elementor-lightbox-slideshow=\"215096a5\" data-elementor-open-lightbox=\"yes\"><img decoding=\"async\" data-src=\"https:\/\/unsuisseamallorca.com\/wp-content\/uploads\/2019\/03\/DSC00575-2-1-300x225.jpg\" data-sizes=\"(max-width: 300px) 100vw, 300px\" data-srcset=\"https:\/\/unsuisseamallorca.com\/wp-content\/uploads\/2019\/03\/DSC00575-2-1-300x225.jpg 300w, https:\/\/unsuisseamallorca.com\/wp-content\/uploads\/2019\/03\/DSC00575-2-1-768x576.jpg 768w, https:\/\/unsuisseamallorca.com\/wp-content\/uploads\/2019\/03\/DSC00575-2-1-1024x768.jpg 1024w\" alt=\"\" width=\"300\" height=\"225\" src=\"data:image\/svg+xml;base64,PHN2ZyB3aWR0aD0iMSIgaGVpZ2h0PSIxIiB4bWxucz0iaHR0cDovL3d3dy53My5vcmcvMjAwMC9zdmciPjwvc3ZnPg==\" class=\"lazyload\" style=\"--smush-placeholder-width: 300px; --smush-placeholder-aspect-ratio: 300\/225;\" \/><\/a><\/figure>\n<figure class=\"gallery-item\"><a href=\"https:\/\/unsuisseamallorca.com\/wp-content\/uploads\/2019\/03\/DSC00577-2-1.jpg\" data-elementor-lightbox-title=\"DSC00577-2-1\" data-elementor-lightbox-slideshow=\"215096a5\" data-elementor-open-lightbox=\"yes\"><img decoding=\"async\" data-src=\"https:\/\/unsuisseamallorca.com\/wp-content\/uploads\/2019\/03\/DSC00577-2-1-300x225.jpg\" data-sizes=\"(max-width: 300px) 100vw, 300px\" data-srcset=\"https:\/\/unsuisseamallorca.com\/wp-content\/uploads\/2019\/03\/DSC00577-2-1-300x225.jpg 300w, https:\/\/unsuisseamallorca.com\/wp-content\/uploads\/2019\/03\/DSC00577-2-1-768x576.jpg 768w, https:\/\/unsuisseamallorca.com\/wp-content\/uploads\/2019\/03\/DSC00577-2-1-1024x768.jpg 1024w\" alt=\"\" width=\"300\" height=\"225\" src=\"data:image\/svg+xml;base64,PHN2ZyB3aWR0aD0iMSIgaGVpZ2h0PSIxIiB4bWxucz0iaHR0cDovL3d3dy53My5vcmcvMjAwMC9zdmciPjwvc3ZnPg==\" class=\"lazyload\" style=\"--smush-placeholder-width: 300px; --smush-placeholder-aspect-ratio: 300\/225;\" \/><\/a><\/figure>\n<figure class=\"gallery-item\"><a href=\"https:\/\/unsuisseamallorca.com\/wp-content\/uploads\/2019\/03\/DSC00581-2-1.jpg\" data-elementor-lightbox-title=\"DSC00581-2-1\" data-elementor-lightbox-slideshow=\"215096a5\" data-elementor-open-lightbox=\"yes\"><img decoding=\"async\" data-src=\"https:\/\/unsuisseamallorca.com\/wp-content\/uploads\/2019\/03\/DSC00581-2-1-300x225.jpg\" data-sizes=\"(max-width: 300px) 100vw, 300px\" data-srcset=\"https:\/\/unsuisseamallorca.com\/wp-content\/uploads\/2019\/03\/DSC00581-2-1-300x225.jpg 300w, https:\/\/unsuisseamallorca.com\/wp-content\/uploads\/2019\/03\/DSC00581-2-1-768x576.jpg 768w, https:\/\/unsuisseamallorca.com\/wp-content\/uploads\/2019\/03\/DSC00581-2-1-1024x768.jpg 1024w\" alt=\"\" width=\"300\" height=\"225\" src=\"data:image\/svg+xml;base64,PHN2ZyB3aWR0aD0iMSIgaGVpZ2h0PSIxIiB4bWxucz0iaHR0cDovL3d3dy53My5vcmcvMjAwMC9zdmciPjwvc3ZnPg==\" class=\"lazyload\" style=\"--smush-placeholder-width: 300px; --smush-placeholder-aspect-ratio: 300\/225;\" \/><\/a><\/figure>\n<figure class=\"gallery-item\"><a href=\"https:\/\/unsuisseamallorca.com\/wp-content\/uploads\/2019\/03\/DSC00588-2-1.jpg\" data-elementor-lightbox-title=\"DSC00588-2-1\" data-elementor-lightbox-slideshow=\"215096a5\" data-elementor-open-lightbox=\"yes\"><img decoding=\"async\" data-src=\"https:\/\/unsuisseamallorca.com\/wp-content\/uploads\/2019\/03\/DSC00588-2-1-300x225.jpg\" data-sizes=\"(max-width: 300px) 100vw, 300px\" data-srcset=\"https:\/\/unsuisseamallorca.com\/wp-content\/uploads\/2019\/03\/DSC00588-2-1-300x225.jpg 300w, https:\/\/unsuisseamallorca.com\/wp-content\/uploads\/2019\/03\/DSC00588-2-1-768x576.jpg 768w, https:\/\/unsuisseamallorca.com\/wp-content\/uploads\/2019\/03\/DSC00588-2-1-1024x768.jpg 1024w\" alt=\"\" width=\"300\" height=\"225\" src=\"data:image\/svg+xml;base64,PHN2ZyB3aWR0aD0iMSIgaGVpZ2h0PSIxIiB4bWxucz0iaHR0cDovL3d3dy53My5vcmcvMjAwMC9zdmciPjwvc3ZnPg==\" class=\"lazyload\" style=\"--smush-placeholder-width: 300px; --smush-placeholder-aspect-ratio: 300\/225;\" \/><\/a><\/figure>\n<figure class=\"gallery-item\"><a href=\"https:\/\/unsuisseamallorca.com\/wp-content\/uploads\/2019\/03\/DSC00594-2-1.jpg\" data-elementor-lightbox-title=\"DSC00594-2-1\" data-elementor-lightbox-slideshow=\"215096a5\" data-elementor-open-lightbox=\"yes\"><img decoding=\"async\" data-src=\"https:\/\/unsuisseamallorca.com\/wp-content\/uploads\/2019\/03\/DSC00594-2-1-300x225.jpg\" data-sizes=\"(max-width: 300px) 100vw, 300px\" data-srcset=\"https:\/\/unsuisseamallorca.com\/wp-content\/uploads\/2019\/03\/DSC00594-2-1-300x225.jpg 300w, https:\/\/unsuisseamallorca.com\/wp-content\/uploads\/2019\/03\/DSC00594-2-1-768x576.jpg 768w, https:\/\/unsuisseamallorca.com\/wp-content\/uploads\/2019\/03\/DSC00594-2-1-1024x768.jpg 1024w\" alt=\"\" width=\"300\" height=\"225\" src=\"data:image\/svg+xml;base64,PHN2ZyB3aWR0aD0iMSIgaGVpZ2h0PSIxIiB4bWxucz0iaHR0cDovL3d3dy53My5vcmcvMjAwMC9zdmciPjwvc3ZnPg==\" class=\"lazyload\" style=\"--smush-placeholder-width: 300px; --smush-placeholder-aspect-ratio: 300\/225;\" \/><\/a><\/figure>\n<figure class=\"gallery-item\"><a href=\"https:\/\/unsuisseamallorca.com\/wp-content\/uploads\/2019\/03\/DSC00595-2-1.jpg\" data-elementor-lightbox-title=\"DSC00595-2-1\" data-elementor-lightbox-slideshow=\"215096a5\" data-elementor-open-lightbox=\"yes\"><img decoding=\"async\" data-src=\"https:\/\/unsuisseamallorca.com\/wp-content\/uploads\/2019\/03\/DSC00595-2-1-300x225.jpg\" data-sizes=\"(max-width: 300px) 100vw, 300px\" data-srcset=\"https:\/\/unsuisseamallorca.com\/wp-content\/uploads\/2019\/03\/DSC00595-2-1-300x225.jpg 300w, https:\/\/unsuisseamallorca.com\/wp-content\/uploads\/2019\/03\/DSC00595-2-1-768x576.jpg 768w, https:\/\/unsuisseamallorca.com\/wp-content\/uploads\/2019\/03\/DSC00595-2-1-1024x768.jpg 1024w\" alt=\"\" width=\"300\" height=\"225\" src=\"data:image\/svg+xml;base64,PHN2ZyB3aWR0aD0iMSIgaGVpZ2h0PSIxIiB4bWxucz0iaHR0cDovL3d3dy53My5vcmcvMjAwMC9zdmciPjwvc3ZnPg==\" class=\"lazyload\" style=\"--smush-placeholder-width: 300px; --smush-placeholder-aspect-ratio: 300\/225;\" \/><\/a><\/figure>\n<figure class=\"gallery-item\"><a href=\"https:\/\/unsuisseamallorca.com\/wp-content\/uploads\/2019\/03\/2016022316253080534.jpg\" data-elementor-lightbox-title=\"2016022316253080534\" data-elementor-lightbox-slideshow=\"215096a5\" data-elementor-open-lightbox=\"yes\"><img decoding=\"async\" data-src=\"https:\/\/unsuisseamallorca.com\/wp-content\/uploads\/2019\/03\/2016022316253080534-300x200.jpg\" data-sizes=\"(max-width: 300px) 100vw, 300px\" data-srcset=\"https:\/\/unsuisseamallorca.com\/wp-content\/uploads\/2019\/03\/2016022316253080534-300x200.jpg 300w, https:\/\/unsuisseamallorca.com\/wp-content\/uploads\/2019\/03\/2016022316253080534.jpg 750w\" alt=\"\" width=\"300\" height=\"200\" src=\"data:image\/svg+xml;base64,PHN2ZyB3aWR0aD0iMSIgaGVpZ2h0PSIxIiB4bWxucz0iaHR0cDovL3d3dy53My5vcmcvMjAwMC9zdmciPjwvc3ZnPg==\" class=\"lazyload\" style=\"--smush-placeholder-width: 300px; --smush-placeholder-aspect-ratio: 300\/200;\" \/><\/a><\/figure>\n<figure class=\"gallery-item\"><a href=\"https:\/\/unsuisseamallorca.com\/wp-content\/uploads\/2019\/03\/DSC04537-1.jpg\" data-elementor-lightbox-title=\"DSC04537-1\" data-elementor-lightbox-slideshow=\"215096a5\" data-elementor-open-lightbox=\"yes\"><img decoding=\"async\" data-src=\"https:\/\/unsuisseamallorca.com\/wp-content\/uploads\/2019\/03\/DSC04537-1-300x225.jpg\" data-sizes=\"(max-width: 300px) 100vw, 300px\" data-srcset=\"https:\/\/unsuisseamallorca.com\/wp-content\/uploads\/2019\/03\/DSC04537-1-300x225.jpg 300w, https:\/\/unsuisseamallorca.com\/wp-content\/uploads\/2019\/03\/DSC04537-1-768x576.jpg 768w, https:\/\/unsuisseamallorca.com\/wp-content\/uploads\/2019\/03\/DSC04537-1-1024x768.jpg 1024w\" alt=\"\" width=\"300\" height=\"225\" src=\"data:image\/svg+xml;base64,PHN2ZyB3aWR0aD0iMSIgaGVpZ2h0PSIxIiB4bWxucz0iaHR0cDovL3d3dy53My5vcmcvMjAwMC9zdmciPjwvc3ZnPg==\" class=\"lazyload\" style=\"--smush-placeholder-width: 300px; --smush-placeholder-aspect-ratio: 300\/225;\" \/><\/a><\/figure>\n<figure class=\"gallery-item\"><a href=\"https:\/\/unsuisseamallorca.com\/wp-content\/uploads\/2019\/03\/IMG_3758-2-1.jpg\" data-elementor-lightbox-title=\"IMG_3758-2-1\" data-elementor-lightbox-slideshow=\"215096a5\" data-elementor-open-lightbox=\"yes\"><img decoding=\"async\" data-src=\"https:\/\/unsuisseamallorca.com\/wp-content\/uploads\/2019\/03\/IMG_3758-2-1-300x200.jpg\" data-sizes=\"(max-width: 300px) 100vw, 300px\" data-srcset=\"https:\/\/unsuisseamallorca.com\/wp-content\/uploads\/2019\/03\/IMG_3758-2-1-300x200.jpg 300w, https:\/\/unsuisseamallorca.com\/wp-content\/uploads\/2019\/03\/IMG_3758-2-1-768x512.jpg 768w, https:\/\/unsuisseamallorca.com\/wp-content\/uploads\/2019\/03\/IMG_3758-2-1-1024x683.jpg 1024w\" alt=\"\" width=\"300\" height=\"200\" src=\"data:image\/svg+xml;base64,PHN2ZyB3aWR0aD0iMSIgaGVpZ2h0PSIxIiB4bWxucz0iaHR0cDovL3d3dy53My5vcmcvMjAwMC9zdmciPjwvc3ZnPg==\" class=\"lazyload\" style=\"--smush-placeholder-width: 300px; --smush-placeholder-aspect-ratio: 300\/200;\" \/><\/a><\/figure>\n<figure class=\"gallery-item\"><a href=\"https:\/\/unsuisseamallorca.com\/wp-content\/uploads\/2019\/03\/IMG_3729-2-1.jpg\" data-elementor-lightbox-title=\"IMG_3729-2-1\" data-elementor-lightbox-slideshow=\"215096a5\" data-elementor-open-lightbox=\"yes\"><img decoding=\"async\" data-src=\"https:\/\/unsuisseamallorca.com\/wp-content\/uploads\/2019\/03\/IMG_3729-2-1-300x216.jpg\" data-sizes=\"(max-width: 300px) 100vw, 300px\" data-srcset=\"https:\/\/unsuisseamallorca.com\/wp-content\/uploads\/2019\/03\/IMG_3729-2-1-300x216.jpg 300w, https:\/\/unsuisseamallorca.com\/wp-content\/uploads\/2019\/03\/IMG_3729-2-1-768x553.jpg 768w, https:\/\/unsuisseamallorca.com\/wp-content\/uploads\/2019\/03\/IMG_3729-2-1-1024x737.jpg 1024w\" alt=\"\" width=\"300\" height=\"216\" src=\"data:image\/svg+xml;base64,PHN2ZyB3aWR0aD0iMSIgaGVpZ2h0PSIxIiB4bWxucz0iaHR0cDovL3d3dy53My5vcmcvMjAwMC9zdmciPjwvc3ZnPg==\" class=\"lazyload\" style=\"--smush-placeholder-width: 300px; --smush-placeholder-aspect-ratio: 300\/216;\" \/><\/a><\/figure>\n<figure class=\"gallery-item\"><a href=\"https:\/\/unsuisseamallorca.com\/wp-content\/uploads\/2019\/03\/IMG_3718-2-1-2.jpg\" data-elementor-lightbox-title=\"IMG_3718-2-1-2\" data-elementor-lightbox-slideshow=\"215096a5\" data-elementor-open-lightbox=\"yes\"><img decoding=\"async\" data-src=\"https:\/\/unsuisseamallorca.com\/wp-content\/uploads\/2019\/03\/IMG_3718-2-1-2-300x200.jpg\" data-sizes=\"(max-width: 300px) 100vw, 300px\" data-srcset=\"https:\/\/unsuisseamallorca.com\/wp-content\/uploads\/2019\/03\/IMG_3718-2-1-2-300x200.jpg 300w, https:\/\/unsuisseamallorca.com\/wp-content\/uploads\/2019\/03\/IMG_3718-2-1-2-768x512.jpg 768w, https:\/\/unsuisseamallorca.com\/wp-content\/uploads\/2019\/03\/IMG_3718-2-1-2-1024x683.jpg 1024w\" alt=\"\" width=\"300\" height=\"200\" src=\"data:image\/svg+xml;base64,PHN2ZyB3aWR0aD0iMSIgaGVpZ2h0PSIxIiB4bWxucz0iaHR0cDovL3d3dy53My5vcmcvMjAwMC9zdmciPjwvc3ZnPg==\" class=\"lazyload\" style=\"--smush-placeholder-width: 300px; --smush-placeholder-aspect-ratio: 300\/200;\" \/><\/a><\/figure>\n<figure class=\"gallery-item\"><a href=\"https:\/\/unsuisseamallorca.com\/wp-content\/uploads\/2019\/03\/DSC04755-1.jpg\" data-elementor-lightbox-title=\"DSC04755-1\" data-elementor-lightbox-slideshow=\"215096a5\" data-elementor-open-lightbox=\"yes\"><img decoding=\"async\" data-src=\"https:\/\/unsuisseamallorca.com\/wp-content\/uploads\/2019\/03\/DSC04755-1-300x225.jpg\" data-sizes=\"(max-width: 300px) 100vw, 300px\" data-srcset=\"https:\/\/unsuisseamallorca.com\/wp-content\/uploads\/2019\/03\/DSC04755-1-300x225.jpg 300w, https:\/\/unsuisseamallorca.com\/wp-content\/uploads\/2019\/03\/DSC04755-1-768x576.jpg 768w, https:\/\/unsuisseamallorca.com\/wp-content\/uploads\/2019\/03\/DSC04755-1-1024x768.jpg 1024w\" alt=\"\" width=\"300\" height=\"225\" src=\"data:image\/svg+xml;base64,PHN2ZyB3aWR0aD0iMSIgaGVpZ2h0PSIxIiB4bWxucz0iaHR0cDovL3d3dy53My5vcmcvMjAwMC9zdmciPjwvc3ZnPg==\" class=\"lazyload\" style=\"--smush-placeholder-width: 300px; --smush-placeholder-aspect-ratio: 300\/225;\" \/><\/a><\/figure>\n<figure class=\"gallery-item\"><a href=\"https:\/\/unsuisseamallorca.com\/wp-content\/uploads\/2019\/03\/DSC04920-1.jpg\" data-elementor-lightbox-title=\"DSC04920-1\" data-elementor-lightbox-slideshow=\"215096a5\" data-elementor-open-lightbox=\"yes\"><img decoding=\"async\" data-src=\"https:\/\/unsuisseamallorca.com\/wp-content\/uploads\/2019\/03\/DSC04920-1-300x225.jpg\" data-sizes=\"(max-width: 300px) 100vw, 300px\" data-srcset=\"https:\/\/unsuisseamallorca.com\/wp-content\/uploads\/2019\/03\/DSC04920-1-300x225.jpg 300w, https:\/\/unsuisseamallorca.com\/wp-content\/uploads\/2019\/03\/DSC04920-1-768x576.jpg 768w, https:\/\/unsuisseamallorca.com\/wp-content\/uploads\/2019\/03\/DSC04920-1-1024x768.jpg 1024w\" alt=\"\" width=\"300\" height=\"225\" src=\"data:image\/svg+xml;base64,PHN2ZyB3aWR0aD0iMSIgaGVpZ2h0PSIxIiB4bWxucz0iaHR0cDovL3d3dy53My5vcmcvMjAwMC9zdmciPjwvc3ZnPg==\" class=\"lazyload\" style=\"--smush-placeholder-width: 300px; --smush-placeholder-aspect-ratio: 300\/225;\" \/><\/a><\/figure>\n<figure class=\"gallery-item\"><a href=\"https:\/\/unsuisseamallorca.com\/wp-content\/uploads\/2019\/03\/IMG_1019-1.jpg\" data-elementor-lightbox-title=\"IMG_1019-1\" data-elementor-lightbox-slideshow=\"215096a5\" data-elementor-open-lightbox=\"yes\"><img decoding=\"async\" data-src=\"https:\/\/unsuisseamallorca.com\/wp-content\/uploads\/2019\/03\/IMG_1019-1-300x225.jpg\" data-sizes=\"(max-width: 300px) 100vw, 300px\" data-srcset=\"https:\/\/unsuisseamallorca.com\/wp-content\/uploads\/2019\/03\/IMG_1019-1-300x225.jpg 300w, https:\/\/unsuisseamallorca.com\/wp-content\/uploads\/2019\/03\/IMG_1019-1-768x576.jpg 768w, https:\/\/unsuisseamallorca.com\/wp-content\/uploads\/2019\/03\/IMG_1019-1-1024x768.jpg 1024w\" alt=\"\" width=\"300\" height=\"225\" src=\"data:image\/svg+xml;base64,PHN2ZyB3aWR0aD0iMSIgaGVpZ2h0PSIxIiB4bWxucz0iaHR0cDovL3d3dy53My5vcmcvMjAwMC9zdmciPjwvc3ZnPg==\" class=\"lazyload\" style=\"--smush-placeholder-width: 300px; --smush-placeholder-aspect-ratio: 300\/225;\" \/><\/a><\/figure>\n<h2>BIENVENIDOS A Mallorca<\/h2>\n<p>&quot;Si quieres salir al mar, sin ning\u00fan riesgo de volcar, entonces no compres un barco: \u00a1compra una isla!&quot;<\/p>\n<p><a role=\"button\" href=\"#\"><br \/>\nVolver al men\u00fa<br \/>\n<\/a><\/p>\n","protected":false},"excerpt":{"rendered":"<p>El planeta Tierra es nuestra isla compartida, unimos fuerzas para protegerla. \u00bfC\u00f3mo puedo llegar all\u00ed? Clasificada como para el sitio natural desde 1995, la isla de Sa Dragonera est\u00e1 cubierta de un matorral mediterr\u00e1neo. Proporcionar bebidas y comidas y buenos zapatos para caminar, no hay nada que comprar en el lugar. Para hacer esta excursi\u00f3n [&hellip;]<\/p>\n","protected":false},"author":1,"featured_media":0,"parent":0,"menu_order":0,"comment_status":"closed","ping_status":"closed","template":"","meta":{"ocean_post_layout":"","ocean_both_sidebars_style":"","ocean_both_sidebars_content_width":0,"ocean_both_sidebars_sidebars_width":0,"ocean_sidebar":"","ocean_second_sidebar":"","ocean_disable_margins":"enable","ocean_add_body_class":"","ocean_shortcode_before_top_bar":"","ocean_shortcode_after_top_bar":"","ocean_shortcode_before_header":"","ocean_shortcode_after_header":"","ocean_has_shortcode":"","ocean_shortcode_after_title":"","ocean_shortcode_before_footer_widgets":"","ocean_shortcode_after_footer_widgets":"","ocean_shortcode_before_footer_bottom":"","ocean_shortcode_after_footer_bottom":"","ocean_display_top_bar":"default","ocean_display_header":"default","ocean_header_style":"","ocean_center_header_left_menu":"","ocean_custom_header_template":"","ocean_custom_logo":0,"ocean_custom_retina_logo":0,"ocean_custom_logo_max_width":0,"ocean_custom_logo_tablet_max_width":0,"ocean_custom_logo_mobile_max_width":0,"ocean_custom_logo_max_height":0,"ocean_custom_logo_tablet_max_height":0,"ocean_custom_logo_mobile_max_height":0,"ocean_header_custom_menu":"","ocean_menu_typo_font_family":"","ocean_menu_typo_font_subset":"","ocean_menu_typo_font_size":0,"ocean_menu_typo_font_size_tablet":0,"ocean_menu_typo_font_size_mobile":0,"ocean_menu_typo_font_size_unit":"px","ocean_menu_typo_font_weight":"","ocean_menu_typo_font_weight_tablet":"","ocean_menu_typo_font_weight_mobile":"","ocean_menu_typo_transform":"","ocean_menu_typo_transform_tablet":"","ocean_menu_typo_transform_mobile":"","ocean_menu_typo_line_height":0,"ocean_menu_typo_line_height_tablet":0,"ocean_menu_typo_line_height_mobile":0,"ocean_menu_typo_line_height_unit":"","ocean_menu_typo_spacing":0,"ocean_menu_typo_spacing_tablet":0,"ocean_menu_typo_spacing_mobile":0,"ocean_menu_typo_spacing_unit":"","ocean_menu_link_color":"","ocean_menu_link_color_hover":"","ocean_menu_link_color_active":"","ocean_menu_link_background":"","ocean_menu_link_hover_background":"","ocean_menu_link_active_background":"","ocean_menu_social_links_bg":"","ocean_menu_social_hover_links_bg":"","ocean_menu_social_links_color":"","ocean_menu_social_hover_links_color":"","ocean_disable_title":"default","ocean_disable_heading":"default","ocean_post_title":"","ocean_post_subheading":"","ocean_post_title_style":"","ocean_post_title_background_color":"","ocean_post_title_background":0,"ocean_post_title_bg_image_position":"","ocean_post_title_bg_image_attachment":"","ocean_post_title_bg_image_repeat":"","ocean_post_title_bg_image_size":"","ocean_post_title_height":0,"ocean_post_title_bg_overlay":0.5,"ocean_post_title_bg_overlay_color":"","ocean_disable_breadcrumbs":"default","ocean_breadcrumbs_color":"","ocean_breadcrumbs_separator_color":"","ocean_breadcrumbs_links_color":"","ocean_breadcrumbs_links_hover_color":"","ocean_display_footer_widgets":"default","ocean_display_footer_bottom":"default","ocean_custom_footer_template":"","footnotes":""},"class_list":["post-4608","page","type-page","status-publish","hentry","entry"],"yoast_head":"<!-- This site is optimized with the Yoast SEO plugin v26.4 - https:\/\/yoast.com\/wordpress\/plugins\/seo\/ -->\n<title>Isla Cabrera UN SUISSE A MAJORQUE<\/title>\n<meta name=\"robots\" content=\"index, follow, max-snippet:-1, max-image-preview:large, max-video-preview:-1\" \/>\n<link rel=\"canonical\" href=\"https:\/\/unsuisseamallorca.com\/index.php\/es\/ile-de-cabrera-5-3\/\" \/>\n<meta property=\"og:locale\" content=\"fr_FR\" \/>\n<meta property=\"og:type\" content=\"article\" \/>\n<meta property=\"og:title\" content=\"Isla Cabrera UN SUISSE A MAJORQUE\" \/>\n<meta property=\"og:description\" content=\"El planeta Tierra es nuestra isla compartida, unimos fuerzas para protegerla. \u00bfC\u00f3mo puedo llegar all\u00ed? Clasificada como para el sitio natural desde 1995, la isla de Sa Dragonera est\u00e1 cubierta de un matorral mediterr\u00e1neo. Proporcionar bebidas y comidas y buenos zapatos para caminar, no hay nada que comprar en el lugar. Para hacer esta excursi\u00f3n [&hellip;]\" \/>\n<meta property=\"og:url\" content=\"https:\/\/unsuisseamallorca.com\/index.php\/es\/ile-de-cabrera-5-3\/\" \/>\n<meta property=\"og:site_name\" content=\"UN SUISSE A MAJORQUE\" \/>\n<meta property=\"og:image\" content=\"https:\/\/unsuisseamallorca.com\/wp-content\/uploads\/2020\/06\/spain-ibiza-sant-elm-harbor-editorial-use-only-artesiawells-thinkstockphotos-526975869-768x502.jpg\" \/>\n<meta name=\"twitter:card\" content=\"summary_large_image\" \/>\n<meta name=\"twitter:label1\" content=\"Dur\u00e9e de lecture estim\u00e9e\" \/>\n\t<meta name=\"twitter:data1\" content=\"5 minutes\" \/>\n<script type=\"application\/ld+json\" class=\"yoast-schema-graph\">{\"@context\":\"https:\/\/schema.org\",\"@graph\":[{\"@type\":\"WebPage\",\"@id\":\"https:\/\/unsuisseamallorca.com\/index.php\/es\/ile-de-cabrera-5-3\/\",\"url\":\"https:\/\/unsuisseamallorca.com\/index.php\/es\/ile-de-cabrera-5-3\/\",\"name\":\"Isla Cabrera UN SUISSE A MAJORQUE\",\"isPartOf\":{\"@id\":\"https:\/\/unsuisseamallorca.com\/#website\"},\"primaryImageOfPage\":{\"@id\":\"https:\/\/unsuisseamallorca.com\/index.php\/es\/ile-de-cabrera-5-3\/#primaryimage\"},\"image\":{\"@id\":\"https:\/\/unsuisseamallorca.com\/index.php\/es\/ile-de-cabrera-5-3\/#primaryimage\"},\"thumbnailUrl\":\"https:\/\/unsuisseamallorca.com\/wp-content\/uploads\/2020\/06\/spain-ibiza-sant-elm-harbor-editorial-use-only-artesiawells-thinkstockphotos-526975869-768x502.jpg\",\"datePublished\":\"2020-07-01T12:40:19+00:00\",\"breadcrumb\":{\"@id\":\"https:\/\/unsuisseamallorca.com\/index.php\/es\/ile-de-cabrera-5-3\/#breadcrumb\"},\"inLanguage\":\"fr-FR\",\"potentialAction\":[{\"@type\":\"ReadAction\",\"target\":[\"https:\/\/unsuisseamallorca.com\/index.php\/es\/ile-de-cabrera-5-3\/\"]}]},{\"@type\":\"ImageObject\",\"inLanguage\":\"fr-FR\",\"@id\":\"https:\/\/unsuisseamallorca.com\/index.php\/es\/ile-de-cabrera-5-3\/#primaryimage\",\"url\":\"https:\/\/unsuisseamallorca.com\/wp-content\/uploads\/2020\/06\/spain-ibiza-sant-elm-harbor-editorial-use-only-artesiawells-thinkstockphotos-526975869.jpg\",\"contentUrl\":\"https:\/\/unsuisseamallorca.com\/wp-content\/uploads\/2020\/06\/spain-ibiza-sant-elm-harbor-editorial-use-only-artesiawells-thinkstockphotos-526975869.jpg\",\"width\":800,\"height\":523},{\"@type\":\"BreadcrumbList\",\"@id\":\"https:\/\/unsuisseamallorca.com\/index.php\/es\/ile-de-cabrera-5-3\/#breadcrumb\",\"itemListElement\":[{\"@type\":\"ListItem\",\"position\":1,\"name\":\"Accueil\",\"item\":\"https:\/\/unsuisseamallorca.com\/\"},{\"@type\":\"ListItem\",\"position\":2,\"name\":\"Isla Cabrera\"}]},{\"@type\":\"WebSite\",\"@id\":\"https:\/\/unsuisseamallorca.com\/#website\",\"url\":\"https:\/\/unsuisseamallorca.com\/\",\"name\":\"UN SUISSE A MAJORQUE\",\"description\":\"Le voyageur voit ce qu&#039;il voit, le touriste voit ce qu&#039;il est venu voir !\",\"potentialAction\":[{\"@type\":\"SearchAction\",\"target\":{\"@type\":\"EntryPoint\",\"urlTemplate\":\"https:\/\/unsuisseamallorca.com\/?s={search_term_string}\"},\"query-input\":{\"@type\":\"PropertyValueSpecification\",\"valueRequired\":true,\"valueName\":\"search_term_string\"}}],\"inLanguage\":\"fr-FR\"}]}<\/script>\n<!-- \/ Yoast SEO plugin. -->","yoast_head_json":{"title":"Isla Cabrera UN SUISSE A MAJORQUE","robots":{"index":"index","follow":"follow","max-snippet":"max-snippet:-1","max-image-preview":"max-image-preview:large","max-video-preview":"max-video-preview:-1"},"canonical":"https:\/\/unsuisseamallorca.com\/index.php\/es\/ile-de-cabrera-5-3\/","og_locale":"fr_FR","og_type":"article","og_title":"Isla Cabrera UN SUISSE A MAJORQUE","og_description":"El planeta Tierra es nuestra isla compartida, unimos fuerzas para protegerla. \u00bfC\u00f3mo puedo llegar all\u00ed? Clasificada como para el sitio natural desde 1995, la isla de Sa Dragonera est\u00e1 cubierta de un matorral mediterr\u00e1neo. Proporcionar bebidas y comidas y buenos zapatos para caminar, no hay nada que comprar en el lugar. Para hacer esta excursi\u00f3n [&hellip;]","og_url":"https:\/\/unsuisseamallorca.com\/index.php\/es\/ile-de-cabrera-5-3\/","og_site_name":"UN SUISSE A MAJORQUE","og_image":[{"url":"https:\/\/unsuisseamallorca.com\/wp-content\/uploads\/2020\/06\/spain-ibiza-sant-elm-harbor-editorial-use-only-artesiawells-thinkstockphotos-526975869-768x502.jpg","type":"","width":"","height":""}],"twitter_card":"summary_large_image","twitter_misc":{"Dur\u00e9e de lecture estim\u00e9e":"5 minutes"},"schema":{"@context":"https:\/\/schema.org","@graph":[{"@type":"WebPage","@id":"https:\/\/unsuisseamallorca.com\/index.php\/es\/ile-de-cabrera-5-3\/","url":"https:\/\/unsuisseamallorca.com\/index.php\/es\/ile-de-cabrera-5-3\/","name":"Isla Cabrera UN SUISSE A MAJORQUE","isPartOf":{"@id":"https:\/\/unsuisseamallorca.com\/#website"},"primaryImageOfPage":{"@id":"https:\/\/unsuisseamallorca.com\/index.php\/es\/ile-de-cabrera-5-3\/#primaryimage"},"image":{"@id":"https:\/\/unsuisseamallorca.com\/index.php\/es\/ile-de-cabrera-5-3\/#primaryimage"},"thumbnailUrl":"https:\/\/unsuisseamallorca.com\/wp-content\/uploads\/2020\/06\/spain-ibiza-sant-elm-harbor-editorial-use-only-artesiawells-thinkstockphotos-526975869-768x502.jpg","datePublished":"2020-07-01T12:40:19+00:00","breadcrumb":{"@id":"https:\/\/unsuisseamallorca.com\/index.php\/es\/ile-de-cabrera-5-3\/#breadcrumb"},"inLanguage":"fr-FR","potentialAction":[{"@type":"ReadAction","target":["https:\/\/unsuisseamallorca.com\/index.php\/es\/ile-de-cabrera-5-3\/"]}]},{"@type":"ImageObject","inLanguage":"fr-FR","@id":"https:\/\/unsuisseamallorca.com\/index.php\/es\/ile-de-cabrera-5-3\/#primaryimage","url":"https:\/\/unsuisseamallorca.com\/wp-content\/uploads\/2020\/06\/spain-ibiza-sant-elm-harbor-editorial-use-only-artesiawells-thinkstockphotos-526975869.jpg","contentUrl":"https:\/\/unsuisseamallorca.com\/wp-content\/uploads\/2020\/06\/spain-ibiza-sant-elm-harbor-editorial-use-only-artesiawells-thinkstockphotos-526975869.jpg","width":800,"height":523},{"@type":"BreadcrumbList","@id":"https:\/\/unsuisseamallorca.com\/index.php\/es\/ile-de-cabrera-5-3\/#breadcrumb","itemListElement":[{"@type":"ListItem","position":1,"name":"Accueil","item":"https:\/\/unsuisseamallorca.com\/"},{"@type":"ListItem","position":2,"name":"Isla Cabrera"}]},{"@type":"WebSite","@id":"https:\/\/unsuisseamallorca.com\/#website","url":"https:\/\/unsuisseamallorca.com\/","name":"UN SUISSE A MAJORQUE","description":"Le voyageur voit ce qu&#039;il voit, le touriste voit ce qu&#039;il est venu voir !","potentialAction":[{"@type":"SearchAction","target":{"@type":"EntryPoint","urlTemplate":"https:\/\/unsuisseamallorca.com\/?s={search_term_string}"},"query-input":{"@type":"PropertyValueSpecification","valueRequired":true,"valueName":"search_term_string"}}],"inLanguage":"fr-FR"}]}},"_links":{"self":[{"href":"https:\/\/unsuisseamallorca.com\/index.php\/wp-json\/wp\/v2\/pages\/4608","targetHints":{"allow":["GET"]}}],"collection":[{"href":"https:\/\/unsuisseamallorca.com\/index.php\/wp-json\/wp\/v2\/pages"}],"about":[{"href":"https:\/\/unsuisseamallorca.com\/index.php\/wp-json\/wp\/v2\/types\/page"}],"author":[{"embeddable":true,"href":"https:\/\/unsuisseamallorca.com\/index.php\/wp-json\/wp\/v2\/users\/1"}],"replies":[{"embeddable":true,"href":"https:\/\/unsuisseamallorca.com\/index.php\/wp-json\/wp\/v2\/comments?post=4608"}],"version-history":[{"count":0,"href":"https:\/\/unsuisseamallorca.com\/index.php\/wp-json\/wp\/v2\/pages\/4608\/revisions"}],"wp:attachment":[{"href":"https:\/\/unsuisseamallorca.com\/index.php\/wp-json\/wp\/v2\/media?parent=4608"}],"curies":[{"name":"wp","href":"https:\/\/api.w.org\/{rel}","templated":true}]}}