{"id":37,"date":"2019-01-14T15:15:09","date_gmt":"2019-01-14T14:15:09","guid":{"rendered":"https:\/\/unsuisseamallorca.com\/?page_id=37"},"modified":"2021-09-23T08:59:53","modified_gmt":"2021-09-23T06:59:53","slug":"randonnees-dans-la-serra-tramontana","status":"publish","type":"page","link":"https:\/\/unsuisseamallorca.com\/index.php\/randonnees-dans-la-serra-tramontana\/","title":{"rendered":"Les Randonn\u00e9es"},"content":{"rendered":"\t\t<div data-elementor-type=\"wp-post\" data-elementor-id=\"37\" class=\"elementor elementor-37\" data-elementor-post-type=\"page\">\n\t\t\t\t\t\t<section class=\"elementor-section elementor-top-section elementor-element elementor-element-56144308 elementor-section-content-middle elementor-section-boxed elementor-section-height-default elementor-section-height-default\" data-id=\"56144308\" data-element_type=\"section\">\n\t\t\t\t\t\t<div class=\"elementor-container elementor-column-gap-no\">\n\t\t\t\t\t<div class=\"elementor-column elementor-col-100 elementor-top-column elementor-element elementor-element-1a679a6e\" data-id=\"1a679a6e\" data-element_type=\"column\">\n\t\t\t<div class=\"elementor-widget-wrap elementor-element-populated\">\n\t\t\t\t\t\t<div class=\"elementor-element elementor-element-3d376f3d elementor-widget elementor-widget-heading\" data-id=\"3d376f3d\" data-element_type=\"widget\" data-widget_type=\"heading.default\">\n\t\t\t\t<div class=\"elementor-widget-container\">\n\t\t\t\t\t<h3 class=\"elementor-heading-title elementor-size-default\">Quelles randonn\u00e9es  \u00e0 Majorque ?<\/h3>\t\t\t\t<\/div>\n\t\t\t\t<\/div>\n\t\t\t\t\t<\/div>\n\t\t<\/div>\n\t\t\t\t\t<\/div>\n\t\t<\/section>\n\t\t\t\t<section class=\"elementor-section elementor-top-section elementor-element elementor-element-81d919b elementor-section-height-min-height elementor-section-boxed elementor-section-height-default elementor-section-items-middle\" data-id=\"81d919b\" data-element_type=\"section\" data-settings=\"{&quot;background_background&quot;:&quot;classic&quot;,&quot;shape_divider_bottom&quot;:&quot;arrow&quot;,&quot;shape_divider_bottom_negative&quot;:&quot;yes&quot;}\">\n\t\t\t\t\t\t\t<div class=\"elementor-background-overlay\"><\/div>\n\t\t\t\t\t\t<div class=\"elementor-shape elementor-shape-bottom\" aria-hidden=\"true\" data-negative=\"true\">\n\t\t\t<svg xmlns=\"http:\/\/www.w3.org\/2000\/svg\" viewBox=\"0 0 700 10\" preserveAspectRatio=\"none\">\n\t<path class=\"elementor-shape-fill\" d=\"M360 0L350 9.9 340 0 0 0 0 10 700 10 700 0\"\/>\n<\/svg>\t\t<\/div>\n\t\t\t\t\t<div class=\"elementor-container elementor-column-gap-default\">\n\t\t\t\t\t<div class=\"elementor-column elementor-col-100 elementor-top-column elementor-element elementor-element-6071406\" data-id=\"6071406\" data-element_type=\"column\">\n\t\t\t<div class=\"elementor-widget-wrap\">\n\t\t\t\t\t\t\t<\/div>\n\t\t<\/div>\n\t\t\t\t\t<\/div>\n\t\t<\/section>\n\t\t\t\t<section class=\"elementor-section elementor-top-section elementor-element elementor-element-46dcefb elementor-section-content-middle elementor-reverse-mobile elementor-section-boxed elementor-section-height-default elementor-section-height-default\" data-id=\"46dcefb\" data-element_type=\"section\">\n\t\t\t\t\t\t<div class=\"elementor-container elementor-column-gap-default\">\n\t\t\t\t\t<div class=\"elementor-column elementor-col-50 elementor-top-column elementor-element elementor-element-5ec6ff27\" data-id=\"5ec6ff27\" data-element_type=\"column\">\n\t\t\t<div class=\"elementor-widget-wrap elementor-element-populated\">\n\t\t\t\t\t\t<div class=\"elementor-element elementor-element-4ba3f324 elementor-widget elementor-widget-heading\" data-id=\"4ba3f324\" data-element_type=\"widget\" data-widget_type=\"heading.default\">\n\t\t\t\t<div class=\"elementor-widget-container\">\n\t\t\t\t\t<h3 class=\"elementor-heading-title elementor-size-default\">Randonn\u00e9es sur la c\u00f4te ouest : Cap sur le sentier de la Pierre s\u00e8che<\/h3>\t\t\t\t<\/div>\n\t\t\t\t<\/div>\n\t\t\t\t<div class=\"elementor-element elementor-element-30324ca4 elementor-widget elementor-widget-text-editor\" data-id=\"30324ca4\" data-element_type=\"widget\" data-widget_type=\"text-editor.default\">\n\t\t\t\t<div class=\"elementor-widget-container\">\n\t\t\t\t\t\t\t\t\t<p>La Serra Tramuntana, ce massif occupe tout l\u2019Ouest de l\u2019\u00eele. Le <u>GR 221<\/u> le traverse en 7 \u00e9tapes.\u00a0Je vous recommande les 2\u00a0 \u00e9tapes suivantes si vous n&rsquo;avez pas le temps de les faire toutes : Vald\u00e9mossa-Deia- Soller et\u00a0 Soller-Fornaltux-Lac de Cuber-Monast\u00e8re de Lluc. Vous y d\u00e9couvrirez de beaux villages, des terrasses aux murs de pierres s\u00e8ches, des champs d\u2019oliviers, d\u2019orangers, de citronniers, et aussi des sommets arides avec de superbes vues sur la c\u00f4te.<\/p>\t\t\t\t\t\t\t\t<\/div>\n\t\t\t\t<\/div>\n\t\t\t\t<div class=\"elementor-element elementor-element-e5b0e79 elementor-align-left elementor-mobile-align-center elementor-widget elementor-widget-button\" data-id=\"e5b0e79\" data-element_type=\"widget\" data-widget_type=\"button.default\">\n\t\t\t\t<div class=\"elementor-widget-container\">\n\t\t\t\t\t\t\t\t\t<div class=\"elementor-button-wrapper\">\n\t\t\t\t\t<a class=\"elementor-button elementor-button-link elementor-size-md\" href=\"https:\/\/unsuisseamallorca.com\/index.php\/le-gr-221\/\" target=\"_blank\">\n\t\t\t\t\t\t<span class=\"elementor-button-content-wrapper\">\n\t\t\t\t\t\t<span class=\"elementor-button-icon\">\n\t\t\t\t<i aria-hidden=\"true\" class=\"fas fa-angle-double-right\"><\/i>\t\t\t<\/span>\n\t\t\t\t\t\t\t\t\t<span class=\"elementor-button-text\">En savoir Plus<\/span>\n\t\t\t\t\t<\/span>\n\t\t\t\t\t<\/a>\n\t\t\t\t<\/div>\n\t\t\t\t\t\t\t\t<\/div>\n\t\t\t\t<\/div>\n\t\t\t\t\t<\/div>\n\t\t<\/div>\n\t\t\t\t<div class=\"elementor-column elementor-col-50 elementor-top-column elementor-element elementor-element-d672f5a\" data-id=\"d672f5a\" data-element_type=\"column\">\n\t\t\t<div class=\"elementor-widget-wrap elementor-element-populated\">\n\t\t\t\t\t\t<div class=\"elementor-element elementor-element-e56888 elementor-widget elementor-widget-image\" data-id=\"e56888\" data-element_type=\"widget\" data-widget_type=\"image.default\">\n\t\t\t\t<div class=\"elementor-widget-container\">\n\t\t\t\t\t\t\t\t\t\t\t\t\t\t\t<img fetchpriority=\"high\" decoding=\"async\" width=\"4000\" height=\"3000\" src=\"https:\/\/unsuisseamallorca.com\/wp-content\/uploads\/2019\/04\/DJI_0251.jpg\" class=\"attachment-full size-full wp-image-1262\" alt=\"\" srcset=\"https:\/\/unsuisseamallorca.com\/wp-content\/uploads\/2019\/04\/DJI_0251.jpg 4000w, https:\/\/unsuisseamallorca.com\/wp-content\/uploads\/2019\/04\/DJI_0251-300x225.jpg 300w, https:\/\/unsuisseamallorca.com\/wp-content\/uploads\/2019\/04\/DJI_0251-768x576.jpg 768w, https:\/\/unsuisseamallorca.com\/wp-content\/uploads\/2019\/04\/DJI_0251-1024x768.jpg 1024w\" sizes=\"(max-width: 4000px) 100vw, 4000px\" \/>\t\t\t\t\t\t\t\t\t\t\t\t\t\t\t<\/div>\n\t\t\t\t<\/div>\n\t\t\t\t\t<\/div>\n\t\t<\/div>\n\t\t\t\t\t<\/div>\n\t\t<\/section>\n\t\t\t\t<section class=\"elementor-section elementor-top-section elementor-element elementor-element-61a9e261 elementor-section-content-middle elementor-section-boxed elementor-section-height-default elementor-section-height-default\" data-id=\"61a9e261\" data-element_type=\"section\">\n\t\t\t\t\t\t<div class=\"elementor-container elementor-column-gap-default\">\n\t\t\t\t\t<div class=\"elementor-column elementor-col-50 elementor-top-column elementor-element elementor-element-39408244\" data-id=\"39408244\" data-element_type=\"column\">\n\t\t\t<div class=\"elementor-widget-wrap elementor-element-populated\">\n\t\t\t\t\t\t<div class=\"elementor-element elementor-element-73120bee elementor-widget elementor-widget-image\" data-id=\"73120bee\" data-element_type=\"widget\" data-widget_type=\"image.default\">\n\t\t\t\t<div class=\"elementor-widget-container\">\n\t\t\t\t\t\t\t\t\t\t\t\t\t\t\t<img decoding=\"async\" width=\"550\" height=\"413\" data-src=\"https:\/\/unsuisseamallorca.com\/wp-content\/uploads\/2019\/03\/sa-dragonera-national-2.jpg\" class=\"attachment-full size-full wp-image-1101 lazyload\" alt=\"\" data-srcset=\"https:\/\/unsuisseamallorca.com\/wp-content\/uploads\/2019\/03\/sa-dragonera-national-2.jpg 550w, https:\/\/unsuisseamallorca.com\/wp-content\/uploads\/2019\/03\/sa-dragonera-national-2-300x225.jpg 300w\" data-sizes=\"(max-width: 550px) 100vw, 550px\" src=\"data:image\/svg+xml;base64,PHN2ZyB3aWR0aD0iMSIgaGVpZ2h0PSIxIiB4bWxucz0iaHR0cDovL3d3dy53My5vcmcvMjAwMC9zdmciPjwvc3ZnPg==\" style=\"--smush-placeholder-width: 550px; --smush-placeholder-aspect-ratio: 550\/413;\" \/>\t\t\t\t\t\t\t\t\t\t\t\t\t\t\t<\/div>\n\t\t\t\t<\/div>\n\t\t\t\t\t<\/div>\n\t\t<\/div>\n\t\t\t\t<div class=\"elementor-column elementor-col-50 elementor-top-column elementor-element elementor-element-7d00cc9f\" data-id=\"7d00cc9f\" data-element_type=\"column\">\n\t\t\t<div class=\"elementor-widget-wrap elementor-element-populated\">\n\t\t\t\t\t\t<div class=\"elementor-element elementor-element-738977b4 elementor-widget elementor-widget-heading\" data-id=\"738977b4\" data-element_type=\"widget\" data-widget_type=\"heading.default\">\n\t\t\t\t<div class=\"elementor-widget-container\">\n\t\t\t\t\t<h3 class=\"elementor-heading-title elementor-size-default\">Toujours sur la c\u00f4te ouest  L'\u00eele de la Dragonera<\/h3>\t\t\t\t<\/div>\n\t\t\t\t<\/div>\n\t\t\t\t<div class=\"elementor-element elementor-element-2e64d290 elementor-widget elementor-widget-text-editor\" data-id=\"2e64d290\" data-element_type=\"widget\" data-widget_type=\"text-editor.default\">\n\t\t\t\t<div class=\"elementor-widget-container\">\n\t\t\t\t\t\t\t\t\t<p>Sa Dragonera est une \u00eele recouverte d&rsquo;une garrigue m\u00e9diterran\u00e9enne peupl\u00e9e d&rsquo;une faune dont les plus c\u00e9l\u00e8bres repr\u00e9sentants sont le faucon marin et la sargantana, un l\u00e9zard qui, par son aspect, aurait donn\u00e9 son nom \u00e0 l&rsquo;\u00eele. Pour y aller il faut se rendre \u00e0 Sant Elm et prendre une navette. Une fois sur l&rsquo;\u00eele il y a 4 chemins de randonn\u00e9e, de 30 minutes \u00e0 4h de marche selon son envie. L&rsquo;\u00eele est escarp\u00e9e et il n&rsquo;y a aucun commerce alors &#8230;<\/p>\t\t\t\t\t\t\t\t<\/div>\n\t\t\t\t<\/div>\n\t\t\t\t<div class=\"elementor-element elementor-element-5b69bf66 elementor-align-left elementor-mobile-align-center elementor-widget elementor-widget-button\" data-id=\"5b69bf66\" data-element_type=\"widget\" data-widget_type=\"button.default\">\n\t\t\t\t<div class=\"elementor-widget-container\">\n\t\t\t\t\t\t\t\t\t<div class=\"elementor-button-wrapper\">\n\t\t\t\t\t<a class=\"elementor-button elementor-button-link elementor-size-md\" href=\"https:\/\/unsuisseamallorca.com\/index.php\/ile-de-sa-dragonera\/\">\n\t\t\t\t\t\t<span class=\"elementor-button-content-wrapper\">\n\t\t\t\t\t\t<span class=\"elementor-button-icon\">\n\t\t\t\t<i aria-hidden=\"true\" class=\"fas fa-angle-double-right\"><\/i>\t\t\t<\/span>\n\t\t\t\t\t\t\t\t\t<span class=\"elementor-button-text\">En savoir plus<\/span>\n\t\t\t\t\t<\/span>\n\t\t\t\t\t<\/a>\n\t\t\t\t<\/div>\n\t\t\t\t\t\t\t\t<\/div>\n\t\t\t\t<\/div>\n\t\t\t\t\t<\/div>\n\t\t<\/div>\n\t\t\t\t\t<\/div>\n\t\t<\/section>\n\t\t\t\t<section class=\"elementor-section elementor-top-section elementor-element elementor-element-3fbcce80 elementor-section-content-middle elementor-reverse-mobile elementor-section-boxed elementor-section-height-default elementor-section-height-default\" data-id=\"3fbcce80\" data-element_type=\"section\">\n\t\t\t\t\t\t<div class=\"elementor-container elementor-column-gap-default\">\n\t\t\t\t\t<div class=\"elementor-column elementor-col-50 elementor-top-column elementor-element elementor-element-23449336\" data-id=\"23449336\" data-element_type=\"column\">\n\t\t\t<div class=\"elementor-widget-wrap elementor-element-populated\">\n\t\t\t\t\t\t<div class=\"elementor-element elementor-element-69a835f7 elementor-widget elementor-widget-heading\" data-id=\"69a835f7\" data-element_type=\"widget\" data-widget_type=\"heading.default\">\n\t\t\t\t<div class=\"elementor-widget-container\">\n\t\t\t\t\t<h3 class=\"elementor-heading-title elementor-size-default\">Autres randonn\u00e9e \u00e0 l'ouest<\/h3>\t\t\t\t<\/div>\n\t\t\t\t<\/div>\n\t\t\t\t<div class=\"elementor-element elementor-element-3b9ad9b4 elementor-widget elementor-widget-text-editor\" data-id=\"3b9ad9b4\" data-element_type=\"widget\" data-widget_type=\"text-editor.default\">\n\t\t\t\t<div class=\"elementor-widget-container\">\n\t\t\t\t\t\t\t\t\tParcourez l\u2019Ouest de l\u2019\u00eele de Majorque. Au cours de randonn\u00e9es p\u00e9destres en libert\u00e9, \u00e0 travers les sous-bois, dans les hauteurs des montagnes, et sur les sentiers longeant la M\u00e9diterran\u00e9e, profitez du cadre naturel et tranquille qui vous entoure. D\u00e9tendez-vous dans les eaux bleues des nombreuses criques nich\u00e9es sur les c\u00f4tes de cette \u00eele paradisiaque. Les criques entre les falaises se d\u00e9nichent au gr\u00e8s de la marche et les panoramas incroyables se succ\u00e8dent inlassablement. Aussi, la nature est parfaitement pr\u00e9serv\u00e9e sur beaucoup de secteurs de l\u2019\u00eele contrairement \u00e0 la mauvaise image que l\u2019on a\u00a0 de certaines stations baln\u00e9aires. L\u2019\u00e9norme avantage c\u2019est que\u00a0les sentiers sont multiples et vari\u00e9s. En effet, le\u00a0bon marcheur\u00a0y trouvera des ascensions \u00e9piques et le\u00a0randonneur du dimanche\u00a0sera \u00e9tonn\u00e9 d\u2019acc\u00e9der \u00e0 de\u00a0beaux panoramas en tr\u00e8s peu d\u2019efforts.\t\t\t\t\t\t\t\t<\/div>\n\t\t\t\t<\/div>\n\t\t\t\t<div class=\"elementor-element elementor-element-7a5b5e3b elementor-align-left elementor-mobile-align-center elementor-widget elementor-widget-button\" data-id=\"7a5b5e3b\" data-element_type=\"widget\" data-widget_type=\"button.default\">\n\t\t\t\t<div class=\"elementor-widget-container\">\n\t\t\t\t\t\t\t\t\t<div class=\"elementor-button-wrapper\">\n\t\t\t\t\t<a class=\"elementor-button elementor-button-link elementor-size-md\" href=\"https:\/\/unsuisseamallorca.com\/?page_id=7979&#038;preview=true\">\n\t\t\t\t\t\t<span class=\"elementor-button-content-wrapper\">\n\t\t\t\t\t\t<span class=\"elementor-button-icon\">\n\t\t\t\t<i aria-hidden=\"true\" class=\"fas fa-angle-double-right\"><\/i>\t\t\t<\/span>\n\t\t\t\t\t\t\t\t\t<span class=\"elementor-button-text\">En savoir plus<\/span>\n\t\t\t\t\t<\/span>\n\t\t\t\t\t<\/a>\n\t\t\t\t<\/div>\n\t\t\t\t\t\t\t\t<\/div>\n\t\t\t\t<\/div>\n\t\t\t\t\t<\/div>\n\t\t<\/div>\n\t\t\t\t<div class=\"elementor-column elementor-col-50 elementor-top-column elementor-element elementor-element-74798d18\" data-id=\"74798d18\" data-element_type=\"column\">\n\t\t\t<div class=\"elementor-widget-wrap elementor-element-populated\">\n\t\t\t\t\t\t<div class=\"elementor-element elementor-element-6bec4783 elementor-widget elementor-widget-image\" data-id=\"6bec4783\" data-element_type=\"widget\" data-widget_type=\"image.default\">\n\t\t\t\t<div class=\"elementor-widget-container\">\n\t\t\t\t\t\t\t\t\t\t\t\t\t\t\t<img decoding=\"async\" width=\"400\" height=\"300\" data-src=\"https:\/\/unsuisseamallorca.com\/wp-content\/uploads\/2019\/03\/DSC00846-1.jpg\" class=\"attachment-large size-large wp-image-860 lazyload\" alt=\"\" data-srcset=\"https:\/\/unsuisseamallorca.com\/wp-content\/uploads\/2019\/03\/DSC00846-1.jpg 400w, https:\/\/unsuisseamallorca.com\/wp-content\/uploads\/2019\/03\/DSC00846-1-300x225.jpg 300w\" data-sizes=\"(max-width: 400px) 100vw, 400px\" src=\"data:image\/svg+xml;base64,PHN2ZyB3aWR0aD0iMSIgaGVpZ2h0PSIxIiB4bWxucz0iaHR0cDovL3d3dy53My5vcmcvMjAwMC9zdmciPjwvc3ZnPg==\" style=\"--smush-placeholder-width: 400px; --smush-placeholder-aspect-ratio: 400\/300;\" \/>\t\t\t\t\t\t\t\t\t\t\t\t\t\t\t<\/div>\n\t\t\t\t<\/div>\n\t\t\t\t\t<\/div>\n\t\t<\/div>\n\t\t\t\t\t<\/div>\n\t\t<\/section>\n\t\t\t\t<section class=\"elementor-section elementor-top-section elementor-element elementor-element-9bda569 elementor-section-content-middle elementor-section-boxed elementor-section-height-default elementor-section-height-default\" data-id=\"9bda569\" data-element_type=\"section\">\n\t\t\t\t\t\t<div class=\"elementor-container elementor-column-gap-default\">\n\t\t\t\t\t<div class=\"elementor-column elementor-col-50 elementor-top-column elementor-element elementor-element-dbae95b\" data-id=\"dbae95b\" data-element_type=\"column\">\n\t\t\t<div class=\"elementor-widget-wrap elementor-element-populated\">\n\t\t\t\t\t\t<div class=\"elementor-element elementor-element-338a60e elementor-widget elementor-widget-image\" data-id=\"338a60e\" data-element_type=\"widget\" data-widget_type=\"image.default\">\n\t\t\t\t<div class=\"elementor-widget-container\">\n\t\t\t\t\t\t\t\t\t\t\t\t\t\t\t<img decoding=\"async\" width=\"2560\" height=\"1707\" data-src=\"https:\/\/unsuisseamallorca.com\/wp-content\/uploads\/2020\/04\/IMG_8089-scaled.jpg\" class=\"attachment-full size-full wp-image-2344 lazyload\" alt=\"\" data-srcset=\"https:\/\/unsuisseamallorca.com\/wp-content\/uploads\/2020\/04\/IMG_8089-scaled.jpg 2560w, https:\/\/unsuisseamallorca.com\/wp-content\/uploads\/2020\/04\/IMG_8089-300x200.jpg 300w, https:\/\/unsuisseamallorca.com\/wp-content\/uploads\/2020\/04\/IMG_8089-1024x683.jpg 1024w, https:\/\/unsuisseamallorca.com\/wp-content\/uploads\/2020\/04\/IMG_8089-768x512.jpg 768w, https:\/\/unsuisseamallorca.com\/wp-content\/uploads\/2020\/04\/IMG_8089-1536x1024.jpg 1536w, https:\/\/unsuisseamallorca.com\/wp-content\/uploads\/2020\/04\/IMG_8089-2048x1365.jpg 2048w\" data-sizes=\"(max-width: 2560px) 100vw, 2560px\" src=\"data:image\/svg+xml;base64,PHN2ZyB3aWR0aD0iMSIgaGVpZ2h0PSIxIiB4bWxucz0iaHR0cDovL3d3dy53My5vcmcvMjAwMC9zdmciPjwvc3ZnPg==\" style=\"--smush-placeholder-width: 2560px; --smush-placeholder-aspect-ratio: 2560\/1707;\" \/>\t\t\t\t\t\t\t\t\t\t\t\t\t\t\t<\/div>\n\t\t\t\t<\/div>\n\t\t\t\t\t<\/div>\n\t\t<\/div>\n\t\t\t\t<div class=\"elementor-column elementor-col-50 elementor-top-column elementor-element elementor-element-97f8f0f\" data-id=\"97f8f0f\" data-element_type=\"column\">\n\t\t\t<div class=\"elementor-widget-wrap elementor-element-populated\">\n\t\t\t\t\t\t<div class=\"elementor-element elementor-element-0f1cef5 elementor-widget elementor-widget-heading\" data-id=\"0f1cef5\" data-element_type=\"widget\" data-widget_type=\"heading.default\">\n\t\t\t\t<div class=\"elementor-widget-container\">\n\t\t\t\t\t<h3 class=\"elementor-heading-title elementor-size-default\">Randonn\u00e9e au sud : L'archipel de Cabrera<\/h3>\t\t\t\t<\/div>\n\t\t\t\t<\/div>\n\t\t\t\t<div class=\"elementor-element elementor-element-e1a3a4f elementor-widget elementor-widget-text-editor\" data-id=\"e1a3a4f\" data-element_type=\"widget\" data-widget_type=\"text-editor.default\">\n\t\t\t\t<div class=\"elementor-widget-container\">\n\t\t\t\t\t\t\t\t\t<p>Cabrera est la plus grande \u00eele d&rsquo;un petit <a title=\"Archipel\" href=\"https:\/\/fr.wikipedia.org\/wiki\/Archipel\">archipel<\/a>, \u00e9ponyme, compos\u00e9 de dix-neuf \u00eeles ou \u00eelots. Cabrera et Conils sont les deux plus grandes \u00eeles de cet ensemble, situ\u00e9 au sud-est de <a title=\"Majorque\" href=\"https:\/\/fr.wikipedia.org\/wiki\/Majorque\">Majorque<\/a>, \u00e0 onze kilom\u00e8tres de la c\u00f4te de <a class=\"new\" title=\"Colonia de Sant Jordi (page inexistante)\" href=\"https:\/\/fr.wikipedia.org\/w\/index.php?title=Colonia_de_Sant_Jordi&amp;action=edit&amp;redlink=1\">Colonia de Sant Jordi<\/a>.<\/p>\t\t\t\t\t\t\t\t<\/div>\n\t\t\t\t<\/div>\n\t\t\t\t<div class=\"elementor-element elementor-element-88e362c elementor-align-left elementor-mobile-align-center elementor-widget elementor-widget-button\" data-id=\"88e362c\" data-element_type=\"widget\" data-widget_type=\"button.default\">\n\t\t\t\t<div class=\"elementor-widget-container\">\n\t\t\t\t\t\t\t\t\t<div class=\"elementor-button-wrapper\">\n\t\t\t\t\t<a class=\"elementor-button elementor-button-link elementor-size-md\" href=\"https:\/\/unsuisseamallorca.com\/index.php\/ile-de-cabrera\/\">\n\t\t\t\t\t\t<span class=\"elementor-button-content-wrapper\">\n\t\t\t\t\t\t<span class=\"elementor-button-icon\">\n\t\t\t\t<i aria-hidden=\"true\" class=\"fas fa-angle-double-right\"><\/i>\t\t\t<\/span>\n\t\t\t\t\t\t\t\t\t<span class=\"elementor-button-text\">En savoir plus<\/span>\n\t\t\t\t\t<\/span>\n\t\t\t\t\t<\/a>\n\t\t\t\t<\/div>\n\t\t\t\t\t\t\t\t<\/div>\n\t\t\t\t<\/div>\n\t\t\t\t\t<\/div>\n\t\t<\/div>\n\t\t\t\t\t<\/div>\n\t\t<\/section>\n\t\t\t\t<section class=\"elementor-section elementor-top-section elementor-element elementor-element-18d9971 elementor-section-content-middle elementor-reverse-mobile elementor-section-boxed elementor-section-height-default elementor-section-height-default\" data-id=\"18d9971\" data-element_type=\"section\">\n\t\t\t\t\t\t<div class=\"elementor-container elementor-column-gap-default\">\n\t\t\t\t\t<div class=\"elementor-column elementor-col-50 elementor-top-column elementor-element elementor-element-3c51199\" data-id=\"3c51199\" data-element_type=\"column\">\n\t\t\t<div class=\"elementor-widget-wrap elementor-element-populated\">\n\t\t\t\t\t\t<div class=\"elementor-element elementor-element-2972041 elementor-widget elementor-widget-heading\" data-id=\"2972041\" data-element_type=\"widget\" data-widget_type=\"heading.default\">\n\t\t\t\t<div class=\"elementor-widget-container\">\n\t\t\t\t\t<h3 class=\"elementor-heading-title elementor-size-default\">Autres randonn\u00e9es dans le sud<\/h3>\t\t\t\t<\/div>\n\t\t\t\t<\/div>\n\t\t\t\t<div class=\"elementor-element elementor-element-431b37f elementor-widget elementor-widget-text-editor\" data-id=\"431b37f\" data-element_type=\"widget\" data-widget_type=\"text-editor.default\">\n\t\t\t\t<div class=\"elementor-widget-container\">\n\t\t\t\t\t\t\t\t\t<p>Au sud-ouest du phare de cap Figuera \u00e0 Magaluf de belles randonn\u00e9es sont encore possible, ensuite la baie de Palma est tr\u00e8s urbanis\u00e9e et permets quelques promenades mais pas de v\u00e9ritables randonn\u00e9es. Il faut aller plus \u00e0 l&rsquo;est jusqu&rsquo;\u00e0 Tolleric pour pouvoir profiter de marches faciles et plates. Gr\u00e2ce \u00e0 son relief tourment\u00e9, la c\u00f4te entre le cap Blanc et le phare de Ses Salines fait du sud-est de Majorque l&rsquo;une des r\u00e9gions les moins urbanis\u00e9es de l\u2019\u00eele. Le littoral est majoritairement ourl\u00e9 de hautes falaises inaccessibles par la mer, fouett\u00e9es continuellement par les eaux de la M\u00e9diterran\u00e9e. La c\u00f4te est d\u2019une fascinante beaut\u00e9 et les falaises laissent par endroits place \u00e0 des criques tranquilles et \u00e0 de longues \u00e9tendues de sable fin.\u00a0 Peu accessible, d\u00e9di\u00e9e \u00e0 l\u2019agriculture ou \u00e0 la sauvegarde des espaces naturels, cette partie de l\u2019\u00eele a \u00e9t\u00e9 \u00e9pargn\u00e9e par les pires exc\u00e8s du b\u00e9tonnage qui ont d\u00e9figur\u00e9 Majorque par endroits, donnant une id\u00e9e de ce \u00e0 quoi l\u2019\u00eele devait ressembler jadis. L&rsquo;endroit id\u00e9al pour randonner le long des chemins de pierres et plages de sable.\u00a0<\/p>\t\t\t\t\t\t\t\t<\/div>\n\t\t\t\t<\/div>\n\t\t\t\t<div class=\"elementor-element elementor-element-cebae7e elementor-align-left elementor-mobile-align-center elementor-widget elementor-widget-button\" data-id=\"cebae7e\" data-element_type=\"widget\" data-widget_type=\"button.default\">\n\t\t\t\t<div class=\"elementor-widget-container\">\n\t\t\t\t\t\t\t\t\t<div class=\"elementor-button-wrapper\">\n\t\t\t\t\t<a class=\"elementor-button elementor-button-link elementor-size-md\" href=\"https:\/\/unsuisseamallorca.com\/index.php\/le-long-de-la-cote-sud\/\" target=\"_blank\">\n\t\t\t\t\t\t<span class=\"elementor-button-content-wrapper\">\n\t\t\t\t\t\t<span class=\"elementor-button-icon\">\n\t\t\t\t<i aria-hidden=\"true\" class=\"fas fa-angle-double-right\"><\/i>\t\t\t<\/span>\n\t\t\t\t\t\t\t\t\t<span class=\"elementor-button-text\">En savoir plus<\/span>\n\t\t\t\t\t<\/span>\n\t\t\t\t\t<\/a>\n\t\t\t\t<\/div>\n\t\t\t\t\t\t\t\t<\/div>\n\t\t\t\t<\/div>\n\t\t\t\t\t<\/div>\n\t\t<\/div>\n\t\t\t\t<div class=\"elementor-column elementor-col-50 elementor-top-column elementor-element elementor-element-1154299\" data-id=\"1154299\" data-element_type=\"column\">\n\t\t\t<div class=\"elementor-widget-wrap elementor-element-populated\">\n\t\t\t\t\t\t<div class=\"elementor-element elementor-element-c4759a3 elementor-widget elementor-widget-image\" data-id=\"c4759a3\" data-element_type=\"widget\" data-widget_type=\"image.default\">\n\t\t\t\t<div class=\"elementor-widget-container\">\n\t\t\t\t\t\t\t\t\t\t\t\t\t\t\t<img decoding=\"async\" width=\"768\" height=\"512\" data-src=\"https:\/\/unsuisseamallorca.com\/wp-content\/uploads\/2020\/05\/IMG_3048-768x512.jpg\" class=\"attachment-medium_large size-medium_large wp-image-3006 lazyload\" alt=\"\" data-srcset=\"https:\/\/unsuisseamallorca.com\/wp-content\/uploads\/2020\/05\/IMG_3048-768x512.jpg 768w, https:\/\/unsuisseamallorca.com\/wp-content\/uploads\/2020\/05\/IMG_3048-300x200.jpg 300w, https:\/\/unsuisseamallorca.com\/wp-content\/uploads\/2020\/05\/IMG_3048-1024x683.jpg 1024w, https:\/\/unsuisseamallorca.com\/wp-content\/uploads\/2020\/05\/IMG_3048-1536x1024.jpg 1536w, https:\/\/unsuisseamallorca.com\/wp-content\/uploads\/2020\/05\/IMG_3048-2048x1365.jpg 2048w, https:\/\/unsuisseamallorca.com\/wp-content\/uploads\/2020\/05\/IMG_3048-scaled.jpg 2560w\" data-sizes=\"(max-width: 768px) 100vw, 768px\" src=\"data:image\/svg+xml;base64,PHN2ZyB3aWR0aD0iMSIgaGVpZ2h0PSIxIiB4bWxucz0iaHR0cDovL3d3dy53My5vcmcvMjAwMC9zdmciPjwvc3ZnPg==\" style=\"--smush-placeholder-width: 768px; --smush-placeholder-aspect-ratio: 768\/512;\" \/>\t\t\t\t\t\t\t\t\t\t\t\t\t\t\t<\/div>\n\t\t\t\t<\/div>\n\t\t\t\t\t<\/div>\n\t\t<\/div>\n\t\t\t\t\t<\/div>\n\t\t<\/section>\n\t\t\t\t<section class=\"elementor-section elementor-top-section elementor-element elementor-element-30aff8d7 elementor-section-content-middle elementor-section-boxed elementor-section-height-default elementor-section-height-default\" data-id=\"30aff8d7\" data-element_type=\"section\">\n\t\t\t\t\t\t<div class=\"elementor-container elementor-column-gap-default\">\n\t\t\t\t\t<div class=\"elementor-column elementor-col-50 elementor-top-column elementor-element elementor-element-20941a9\" data-id=\"20941a9\" data-element_type=\"column\">\n\t\t\t<div class=\"elementor-widget-wrap elementor-element-populated\">\n\t\t\t\t\t\t<div class=\"elementor-element elementor-element-4e712010 elementor-widget elementor-widget-image\" data-id=\"4e712010\" data-element_type=\"widget\" data-widget_type=\"image.default\">\n\t\t\t\t<div class=\"elementor-widget-container\">\n\t\t\t\t\t\t\t\t\t\t\t\t\t\t\t<img decoding=\"async\" width=\"2560\" height=\"1707\" data-src=\"https:\/\/unsuisseamallorca.com\/wp-content\/uploads\/2020\/04\/IMG_8089-scaled.jpg\" class=\"attachment-full size-full wp-image-2344 lazyload\" alt=\"\" data-srcset=\"https:\/\/unsuisseamallorca.com\/wp-content\/uploads\/2020\/04\/IMG_8089-scaled.jpg 2560w, https:\/\/unsuisseamallorca.com\/wp-content\/uploads\/2020\/04\/IMG_8089-300x200.jpg 300w, https:\/\/unsuisseamallorca.com\/wp-content\/uploads\/2020\/04\/IMG_8089-1024x683.jpg 1024w, https:\/\/unsuisseamallorca.com\/wp-content\/uploads\/2020\/04\/IMG_8089-768x512.jpg 768w, https:\/\/unsuisseamallorca.com\/wp-content\/uploads\/2020\/04\/IMG_8089-1536x1024.jpg 1536w, https:\/\/unsuisseamallorca.com\/wp-content\/uploads\/2020\/04\/IMG_8089-2048x1365.jpg 2048w\" data-sizes=\"(max-width: 2560px) 100vw, 2560px\" src=\"data:image\/svg+xml;base64,PHN2ZyB3aWR0aD0iMSIgaGVpZ2h0PSIxIiB4bWxucz0iaHR0cDovL3d3dy53My5vcmcvMjAwMC9zdmciPjwvc3ZnPg==\" style=\"--smush-placeholder-width: 2560px; --smush-placeholder-aspect-ratio: 2560\/1707;\" \/>\t\t\t\t\t\t\t\t\t\t\t\t\t\t\t<\/div>\n\t\t\t\t<\/div>\n\t\t\t\t\t<\/div>\n\t\t<\/div>\n\t\t\t\t<div class=\"elementor-column elementor-col-50 elementor-top-column elementor-element elementor-element-155df346\" data-id=\"155df346\" data-element_type=\"column\">\n\t\t\t<div class=\"elementor-widget-wrap elementor-element-populated\">\n\t\t\t\t\t\t<div class=\"elementor-element elementor-element-623cc2c9 elementor-widget elementor-widget-heading\" data-id=\"623cc2c9\" data-element_type=\"widget\" data-widget_type=\"heading.default\">\n\t\t\t\t<div class=\"elementor-widget-container\">\n\t\t\t\t\t<h3 class=\"elementor-heading-title elementor-size-default\">Les randonn\u00e9es dans le centre<\/h3>\t\t\t\t<\/div>\n\t\t\t\t<\/div>\n\t\t\t\t<div class=\"elementor-element elementor-element-5da6413 elementor-widget elementor-widget-text-editor\" data-id=\"5da6413\" data-element_type=\"widget\" data-widget_type=\"text-editor.default\">\n\t\t\t\t<div class=\"elementor-widget-container\">\n\t\t\t\t\t\t\t\t\t<p><span style=\"display: inline !important; float: none; background-color: #ffffff; color: #333333; font-family: 'freigsanprobook',Arial,'Helvetica Neue',Helvetica,sans-serif,bold; font-size: 18px; font-style: normal; font-variant: normal; font-weight: 400; letter-spacing: normal; line-height: initial; orphans: 2; text-align: left; text-decoration: none; text-indent: 0px; text-transform: none; -webkit-text-stroke-width: 0px; white-space: normal; word-spacing: 0px;\">La s\u00e9r\u00e9nit\u00e9 de l\u2019arri\u00e8re-pays majorquin offre un contrepoint <\/span><span style=\"display: inline !important; float: none; background-color: #ffffff; color: #333333; font-family: 'freigsanprobook',Arial,'Helvetica Neue',Helvetica,sans-serif,bold; font-size: 18px; font-style: normal; font-variant: normal; font-weight: 400; letter-spacing: normal; line-height: initial; orphans: 2; text-align: left; text-decoration: none; text-indent: 0px; text-transform: none; -webkit-text-stroke-width: 0px; white-space: normal; word-spacing: 0px;\">parfait \u00e0 l\u2019effervescence de la c\u00f4te. <\/span><span style=\"font-size: large;\">L<span style=\"display: inline !important; float: none; background-color: #ffffff; color: #333333; font-family: 'freigsanprobook',Arial,'Helvetica Neue',Helvetica,sans-serif,bold; font-size: 18px; font-style: normal; font-variant: normal; font-weight: 400; letter-spacing: normal; line-height: initial; orphans: 2; text-align: left; text-decoration: none; text-indent: 0px; text-transform: none; -webkit-text-stroke-width: 0px; white-space: normal; word-spacing: 0px;\">\u2019int\u00e9rieur de l\u2019\u00eele <\/span><\/span><span style=\"display: inline !important; float: none; background-color: #ffffff; color: #333333; font-family: 'freigsanprobook',Arial,'Helvetica Neue',Helvetica,sans-serif,bold; font-size: 18px; font-style: normal; font-variant: normal; font-weight: 400; letter-spacing: normal; line-height: initial; orphans: 2; text-align: left; text-decoration: none; text-indent: 0px; text-transform: none; -webkit-text-stroke-width: 0px; white-space: normal; word-spacing: 0px;\">est un monde \u00e0 part : une terre de vignobles, de monast\u00e8res <\/span><span style=\"display: inline !important; float: none; background-color: #ffffff; color: #333333; font-family: 'freigsanprobook',Arial,'Helvetica Neue',Helvetica,sans-serif,bold; font-size: 18px; font-style: normal; font-variant: normal; font-weight: 400; letter-spacing: normal; line-height: initial; orphans: 2; text-align: left; text-decoration: none; text-indent: 0px; text-transform: none; -webkit-text-stroke-width: 0px; white-space: normal; word-spacing: 0px;\">perch\u00e9s au sommet de collines, et de prairies \u00e9maill\u00e9es <\/span><span style=\"display: inline !important; float: none; background-color: #ffffff; color: #333333; font-family: 'freigsanprobook',Arial,'Helvetica Neue',Helvetica,sans-serif,bold; font-size: 18px; font-style: normal; font-variant: normal; font-weight: 400; letter-spacing: normal; line-height: initial; orphans: 2; text-align: left; text-decoration: none; text-indent: 0px; text-transform: none; -webkit-text-stroke-width: 0px; white-space: normal; word-spacing: 0px;\">d\u2019oliviers, d\u2019amandiers et de caroubiers. <\/span><span style=\"display: inline !important; float: none; background-color: #ffffff; color: #333333; font-family: 'freigsanprobook',Arial,'Helvetica Neue',Helvetica,sans-serif,bold; font-size: 18px; font-style: normal; font-variant: normal; font-weight: 400; letter-spacing: normal; line-height: initial; orphans: 2; text-align: left; text-decoration: none; text-indent: 0px; text-transform: none; -webkit-text-stroke-width: 0px; white-space: normal; word-spacing: 0px;\">C\u2019est ici que bat le <\/span><span style=\"display: inline !important; float: none; background-color: #ffffff; color: #333333; font-family: 'freigsanprobook',Arial,'Helvetica Neue',Helvetica,sans-serif,bold; font-size: 18px; font-style: normal; font-variant: normal; font-weight: 400; letter-spacing: normal; line-height: initial; orphans: 2; text-align: left; text-decoration: none; text-indent: 0px; text-transform: none; -webkit-text-stroke-width: 0px; white-space: normal; word-spacing: 0px;\">coeur rural de Majorque, dans les villages domin\u00e9s par des <\/span><span style=\"display: inline !important; float: none; background-color: #ffffff; color: #333333; font-family: 'freigsanprobook',Arial,'Helvetica Neue',Helvetica,sans-serif,bold; font-size: 18px; font-style: normal; font-variant: normal; font-weight: 400; letter-spacing: normal; line-height: initial; orphans: 2; text-align: left; text-decoration: none; text-indent: 0px; text-transform: none; -webkit-text-stroke-width: 0px; white-space: normal; word-spacing: 0px;\">\u00e9glises.<\/span><\/p>\t\t\t\t\t\t\t\t<\/div>\n\t\t\t\t<\/div>\n\t\t\t\t<div class=\"elementor-element elementor-element-4add1ac9 elementor-align-left elementor-mobile-align-center elementor-widget elementor-widget-button\" data-id=\"4add1ac9\" data-element_type=\"widget\" data-widget_type=\"button.default\">\n\t\t\t\t<div class=\"elementor-widget-container\">\n\t\t\t\t\t\t\t\t\t<div class=\"elementor-button-wrapper\">\n\t\t\t\t\t<a class=\"elementor-button elementor-button-link elementor-size-md\" href=\"https:\/\/unsuisseamallorca.com\/index.php\/les-randonnees-dans-le-el-pla\/\">\n\t\t\t\t\t\t<span class=\"elementor-button-content-wrapper\">\n\t\t\t\t\t\t<span class=\"elementor-button-icon\">\n\t\t\t\t<i aria-hidden=\"true\" class=\"fas fa-angle-double-right\"><\/i>\t\t\t<\/span>\n\t\t\t\t\t\t\t\t\t<span class=\"elementor-button-text\">En savoir plus<\/span>\n\t\t\t\t\t<\/span>\n\t\t\t\t\t<\/a>\n\t\t\t\t<\/div>\n\t\t\t\t\t\t\t\t<\/div>\n\t\t\t\t<\/div>\n\t\t\t\t\t<\/div>\n\t\t<\/div>\n\t\t\t\t\t<\/div>\n\t\t<\/section>\n\t\t\t\t<section class=\"elementor-section elementor-top-section elementor-element elementor-element-5e6bd8ee elementor-section-content-middle elementor-reverse-mobile elementor-section-boxed elementor-section-height-default elementor-section-height-default\" data-id=\"5e6bd8ee\" data-element_type=\"section\">\n\t\t\t\t\t\t<div class=\"elementor-container elementor-column-gap-default\">\n\t\t\t\t\t<div class=\"elementor-column elementor-col-50 elementor-top-column elementor-element elementor-element-52dee407\" data-id=\"52dee407\" data-element_type=\"column\">\n\t\t\t<div class=\"elementor-widget-wrap elementor-element-populated\">\n\t\t\t\t\t\t<div class=\"elementor-element elementor-element-329c6c0c elementor-widget elementor-widget-heading\" data-id=\"329c6c0c\" data-element_type=\"widget\" data-widget_type=\"heading.default\">\n\t\t\t\t<div class=\"elementor-widget-container\">\n\t\t\t\t\t<h3 class=\"elementor-heading-title elementor-size-default\">Les randonn\u00e9es dans l'est<\/h3>\t\t\t\t<\/div>\n\t\t\t\t<\/div>\n\t\t\t\t<div class=\"elementor-element elementor-element-4ba4819f elementor-widget elementor-widget-text-editor\" data-id=\"4ba4819f\" data-element_type=\"widget\" data-widget_type=\"text-editor.default\">\n\t\t\t\t<div class=\"elementor-widget-container\">\n\t\t\t\t\t\t\t\t\tChaque ann\u00e9e, les touristes se pressent par centaines de milliers dans l\u2019est de Majorque, l\u2019une des plus jolies c\u00f4tes du bassin m\u00e9diterran\u00e9en. Aussi, quelques sites de la r\u00e9gion incarnent tout ce que le tourisme baln\u00e9aire a de plus d\u00e9plaisant. Mais les parois rocheuses de l\u2019est de l\u2019\u00eele n\u2019en abritent pas moins de superbes grottes, criques et petites anses, dont certaines ne sont accessibles qu\u2019\u00e0 pied et ont peu de risques d\u2019\u00eatre un jour am\u00e9nag\u00e9es.\t\t\t\t\t\t\t\t<\/div>\n\t\t\t\t<\/div>\n\t\t\t\t<div class=\"elementor-element elementor-element-505cf9d2 elementor-align-left elementor-mobile-align-center elementor-widget elementor-widget-button\" data-id=\"505cf9d2\" data-element_type=\"widget\" data-widget_type=\"button.default\">\n\t\t\t\t<div class=\"elementor-widget-container\">\n\t\t\t\t\t\t\t\t\t<div class=\"elementor-button-wrapper\">\n\t\t\t\t\t<a class=\"elementor-button elementor-button-link elementor-size-md\" href=\"https:\/\/unsuisseamallorca.com\/index.php\/le-long-de-la-cote-est\/\" target=\"_blank\">\n\t\t\t\t\t\t<span class=\"elementor-button-content-wrapper\">\n\t\t\t\t\t\t<span class=\"elementor-button-icon\">\n\t\t\t\t<i aria-hidden=\"true\" class=\"fas fa-angle-double-right\"><\/i>\t\t\t<\/span>\n\t\t\t\t\t\t\t\t\t<span class=\"elementor-button-text\">En savoir plus<\/span>\n\t\t\t\t\t<\/span>\n\t\t\t\t\t<\/a>\n\t\t\t\t<\/div>\n\t\t\t\t\t\t\t\t<\/div>\n\t\t\t\t<\/div>\n\t\t\t\t\t<\/div>\n\t\t<\/div>\n\t\t\t\t<div class=\"elementor-column elementor-col-50 elementor-top-column elementor-element elementor-element-6c84bc3d\" data-id=\"6c84bc3d\" data-element_type=\"column\">\n\t\t\t<div class=\"elementor-widget-wrap elementor-element-populated\">\n\t\t\t\t\t\t<div class=\"elementor-element elementor-element-66da6a95 elementor-widget elementor-widget-image\" data-id=\"66da6a95\" data-element_type=\"widget\" data-widget_type=\"image.default\">\n\t\t\t\t<div class=\"elementor-widget-container\">\n\t\t\t\t\t\t\t\t\t\t\t\t\t\t\t<img decoding=\"async\" width=\"768\" height=\"512\" data-src=\"https:\/\/unsuisseamallorca.com\/wp-content\/uploads\/2020\/05\/IMG_3048-768x512.jpg\" class=\"attachment-medium_large size-medium_large wp-image-3006 lazyload\" alt=\"\" data-srcset=\"https:\/\/unsuisseamallorca.com\/wp-content\/uploads\/2020\/05\/IMG_3048-768x512.jpg 768w, https:\/\/unsuisseamallorca.com\/wp-content\/uploads\/2020\/05\/IMG_3048-300x200.jpg 300w, https:\/\/unsuisseamallorca.com\/wp-content\/uploads\/2020\/05\/IMG_3048-1024x683.jpg 1024w, https:\/\/unsuisseamallorca.com\/wp-content\/uploads\/2020\/05\/IMG_3048-1536x1024.jpg 1536w, https:\/\/unsuisseamallorca.com\/wp-content\/uploads\/2020\/05\/IMG_3048-2048x1365.jpg 2048w, https:\/\/unsuisseamallorca.com\/wp-content\/uploads\/2020\/05\/IMG_3048-scaled.jpg 2560w\" data-sizes=\"(max-width: 768px) 100vw, 768px\" src=\"data:image\/svg+xml;base64,PHN2ZyB3aWR0aD0iMSIgaGVpZ2h0PSIxIiB4bWxucz0iaHR0cDovL3d3dy53My5vcmcvMjAwMC9zdmciPjwvc3ZnPg==\" style=\"--smush-placeholder-width: 768px; --smush-placeholder-aspect-ratio: 768\/512;\" \/>\t\t\t\t\t\t\t\t\t\t\t\t\t\t\t<\/div>\n\t\t\t\t<\/div>\n\t\t\t\t\t<\/div>\n\t\t<\/div>\n\t\t\t\t\t<\/div>\n\t\t<\/section>\n\t\t\t\t<section class=\"elementor-section elementor-top-section elementor-element elementor-element-786ff885 elementor-section-content-middle elementor-section-boxed elementor-section-height-default elementor-section-height-default\" data-id=\"786ff885\" data-element_type=\"section\">\n\t\t\t\t\t\t<div class=\"elementor-container elementor-column-gap-default\">\n\t\t\t\t\t<div class=\"elementor-column elementor-col-50 elementor-top-column elementor-element elementor-element-16db1358\" data-id=\"16db1358\" data-element_type=\"column\">\n\t\t\t<div class=\"elementor-widget-wrap elementor-element-populated\">\n\t\t\t\t\t\t<div class=\"elementor-element elementor-element-7f8ff0d4 elementor-widget elementor-widget-image\" data-id=\"7f8ff0d4\" data-element_type=\"widget\" data-widget_type=\"image.default\">\n\t\t\t\t<div class=\"elementor-widget-container\">\n\t\t\t\t\t\t\t\t\t\t\t\t\t\t\t<img decoding=\"async\" width=\"768\" height=\"576\" data-src=\"https:\/\/unsuisseamallorca.com\/wp-content\/uploads\/2020\/05\/Cyclades-43.4-768x576.jpg\" class=\"attachment-medium_large size-medium_large wp-image-3005 lazyload\" alt=\"\" data-srcset=\"https:\/\/unsuisseamallorca.com\/wp-content\/uploads\/2020\/05\/Cyclades-43.4-768x576.jpg 768w, https:\/\/unsuisseamallorca.com\/wp-content\/uploads\/2020\/05\/Cyclades-43.4-300x225.jpg 300w, https:\/\/unsuisseamallorca.com\/wp-content\/uploads\/2020\/05\/Cyclades-43.4-1024x768.jpg 1024w, https:\/\/unsuisseamallorca.com\/wp-content\/uploads\/2020\/05\/Cyclades-43.4-1536x1152.jpg 1536w, https:\/\/unsuisseamallorca.com\/wp-content\/uploads\/2020\/05\/Cyclades-43.4-2048x1536.jpg 2048w, https:\/\/unsuisseamallorca.com\/wp-content\/uploads\/2020\/05\/Cyclades-43.4-scaled.jpg 2560w\" data-sizes=\"(max-width: 768px) 100vw, 768px\" src=\"data:image\/svg+xml;base64,PHN2ZyB3aWR0aD0iMSIgaGVpZ2h0PSIxIiB4bWxucz0iaHR0cDovL3d3dy53My5vcmcvMjAwMC9zdmciPjwvc3ZnPg==\" style=\"--smush-placeholder-width: 768px; --smush-placeholder-aspect-ratio: 768\/576;\" \/>\t\t\t\t\t\t\t\t\t\t\t\t\t\t\t<\/div>\n\t\t\t\t<\/div>\n\t\t\t\t\t<\/div>\n\t\t<\/div>\n\t\t\t\t<div class=\"elementor-column elementor-col-50 elementor-top-column elementor-element elementor-element-795294ef\" data-id=\"795294ef\" data-element_type=\"column\">\n\t\t\t<div class=\"elementor-widget-wrap elementor-element-populated\">\n\t\t\t\t\t\t<div class=\"elementor-element elementor-element-5b44f511 elementor-widget elementor-widget-heading\" data-id=\"5b44f511\" data-element_type=\"widget\" data-widget_type=\"heading.default\">\n\t\t\t\t<div class=\"elementor-widget-container\">\n\t\t\t\t\t<h3 class=\"elementor-heading-title elementor-size-default\">Les randonn\u00e9es dans le nord<\/h3>\t\t\t\t<\/div>\n\t\t\t\t<\/div>\n\t\t\t\t<div class=\"elementor-element elementor-element-1345cd73 elementor-widget elementor-widget-text-editor\" data-id=\"1345cd73\" data-element_type=\"widget\" data-widget_type=\"text-editor.default\">\n\t\t\t\t<div class=\"elementor-widget-container\">\n\t\t\t\t\t\t\t\t\tLe nord de Majorque est une partie de l&rsquo;\u00eele des plus int\u00e9ressante, avec son littoral de toute beaut\u00e9. Le Cap des Pinar, une p\u00e9ninsule couverte de pins, ravira quant \u00e0 lui les amateurs de randonn\u00e9e. Mais le charme des c\u00f4tes et la constance des vents dans cette r\u00e9gion invitent \u00e9galement \u00e0 la parcourir \u00e0 pieds. Dans l\u2019arri\u00e8re-pays, des villes comme Alc\u00fadia et Arta ont su conserver leur authenticit\u00e9. Outre leur patrimoine m\u00e9di\u00e9val, elles s\u2019enorgueillissent de sentiers de p\u00e8lerins \u00e9galement emprunt\u00e9s par les randonneurs.\t\t\t\t\t\t\t\t<\/div>\n\t\t\t\t<\/div>\n\t\t\t\t<div class=\"elementor-element elementor-element-7acf916c elementor-align-left elementor-mobile-align-center elementor-widget elementor-widget-button\" data-id=\"7acf916c\" data-element_type=\"widget\" data-widget_type=\"button.default\">\n\t\t\t\t<div class=\"elementor-widget-container\">\n\t\t\t\t\t\t\t\t\t<div class=\"elementor-button-wrapper\">\n\t\t\t\t\t<a class=\"elementor-button elementor-button-link elementor-size-md\" href=\"https:\/\/unsuisseamallorca.com\/index.php\/randonnees-dans-le-nord\/\" target=\"_blank\">\n\t\t\t\t\t\t<span class=\"elementor-button-content-wrapper\">\n\t\t\t\t\t\t<span class=\"elementor-button-icon\">\n\t\t\t\t<i aria-hidden=\"true\" class=\"fas fa-angle-double-right\"><\/i>\t\t\t<\/span>\n\t\t\t\t\t\t\t\t\t<span class=\"elementor-button-text\">En savoir plus<\/span>\n\t\t\t\t\t<\/span>\n\t\t\t\t\t<\/a>\n\t\t\t\t<\/div>\n\t\t\t\t\t\t\t\t<\/div>\n\t\t\t\t<\/div>\n\t\t\t\t\t<\/div>\n\t\t<\/div>\n\t\t\t\t\t<\/div>\n\t\t<\/section>\n\t\t\t\t<section class=\"elementor-section elementor-top-section elementor-element elementor-element-6fab2a94 elementor-section-content-middle elementor-reverse-mobile elementor-section-boxed elementor-section-height-default elementor-section-height-default\" data-id=\"6fab2a94\" data-element_type=\"section\">\n\t\t\t\t\t\t<div class=\"elementor-container elementor-column-gap-default\">\n\t\t\t\t\t<div class=\"elementor-column elementor-col-50 elementor-top-column elementor-element elementor-element-6e48f133\" data-id=\"6e48f133\" data-element_type=\"column\">\n\t\t\t<div class=\"elementor-widget-wrap elementor-element-populated\">\n\t\t\t\t\t\t<div class=\"elementor-element elementor-element-5d45ac38 elementor-widget elementor-widget-heading\" data-id=\"5d45ac38\" data-element_type=\"widget\" data-widget_type=\"heading.default\">\n\t\t\t\t<div class=\"elementor-widget-container\">\n\t\t\t\t\t<h3 class=\"elementor-heading-title elementor-size-default\">Les randonn\u00e9es dans la \"Baie de Palma\"<\/h3>\t\t\t\t<\/div>\n\t\t\t\t<\/div>\n\t\t\t\t<div class=\"elementor-element elementor-element-2b57f16a elementor-widget elementor-widget-text-editor\" data-id=\"2b57f16a\" data-element_type=\"widget\" data-widget_type=\"text-editor.default\">\n\t\t\t\t<div class=\"elementor-widget-container\">\n\t\t\t\t\t\t\t\t\t<p><span style=\"color: #ff0000;\"><strong><span style=\"float: none; background-color: #ffffff; cursor: text; font-family: Georgia, 'Times New Roman', 'Bitstream Charter', Times, serif; font-size: 16px; font-style: normal; font-variant: normal; letter-spacing: normal; orphans: 2; text-align: left; text-decoration: none; text-indent: 0px; text-transform: none; -webkit-text-stroke-width: 0px; white-space: normal; word-spacing: 0px; display: inline !important;\">EN\u00a0 CONSTRUCTION<\/span><\/strong><\/span><\/p>\t\t\t\t\t\t\t\t<\/div>\n\t\t\t\t<\/div>\n\t\t\t\t<div class=\"elementor-element elementor-element-583fda89 elementor-align-left elementor-mobile-align-center elementor-widget elementor-widget-button\" data-id=\"583fda89\" data-element_type=\"widget\" data-widget_type=\"button.default\">\n\t\t\t\t<div class=\"elementor-widget-container\">\n\t\t\t\t\t\t\t\t\t<div class=\"elementor-button-wrapper\">\n\t\t\t\t\t<a class=\"elementor-button elementor-button-link elementor-size-md\" href=\"https:\/\/unsuisseamallorca.com\/index.php\/les-randonnees-dans-la-baie-de-palma-2\/\" target=\"_blank\">\n\t\t\t\t\t\t<span class=\"elementor-button-content-wrapper\">\n\t\t\t\t\t\t<span class=\"elementor-button-icon\">\n\t\t\t\t<i aria-hidden=\"true\" class=\"fas fa-angle-double-right\"><\/i>\t\t\t<\/span>\n\t\t\t\t\t\t\t\t\t<span class=\"elementor-button-text\">En savoir plus<\/span>\n\t\t\t\t\t<\/span>\n\t\t\t\t\t<\/a>\n\t\t\t\t<\/div>\n\t\t\t\t\t\t\t\t<\/div>\n\t\t\t\t<\/div>\n\t\t\t\t\t<\/div>\n\t\t<\/div>\n\t\t\t\t<div class=\"elementor-column elementor-col-50 elementor-top-column elementor-element elementor-element-699230d5\" data-id=\"699230d5\" data-element_type=\"column\">\n\t\t\t<div class=\"elementor-widget-wrap elementor-element-populated\">\n\t\t\t\t\t\t<div class=\"elementor-element elementor-element-6c81af12 elementor-widget elementor-widget-image\" data-id=\"6c81af12\" data-element_type=\"widget\" data-widget_type=\"image.default\">\n\t\t\t\t<div class=\"elementor-widget-container\">\n\t\t\t\t\t\t\t\t\t\t\t\t\t\t\t<img decoding=\"async\" width=\"768\" height=\"512\" data-src=\"https:\/\/unsuisseamallorca.com\/wp-content\/uploads\/2020\/05\/IMG_3048-768x512.jpg\" class=\"attachment-medium_large size-medium_large wp-image-3006 lazyload\" alt=\"\" data-srcset=\"https:\/\/unsuisseamallorca.com\/wp-content\/uploads\/2020\/05\/IMG_3048-768x512.jpg 768w, https:\/\/unsuisseamallorca.com\/wp-content\/uploads\/2020\/05\/IMG_3048-300x200.jpg 300w, https:\/\/unsuisseamallorca.com\/wp-content\/uploads\/2020\/05\/IMG_3048-1024x683.jpg 1024w, https:\/\/unsuisseamallorca.com\/wp-content\/uploads\/2020\/05\/IMG_3048-1536x1024.jpg 1536w, https:\/\/unsuisseamallorca.com\/wp-content\/uploads\/2020\/05\/IMG_3048-2048x1365.jpg 2048w, https:\/\/unsuisseamallorca.com\/wp-content\/uploads\/2020\/05\/IMG_3048-scaled.jpg 2560w\" data-sizes=\"(max-width: 768px) 100vw, 768px\" src=\"data:image\/svg+xml;base64,PHN2ZyB3aWR0aD0iMSIgaGVpZ2h0PSIxIiB4bWxucz0iaHR0cDovL3d3dy53My5vcmcvMjAwMC9zdmciPjwvc3ZnPg==\" style=\"--smush-placeholder-width: 768px; --smush-placeholder-aspect-ratio: 768\/512;\" \/>\t\t\t\t\t\t\t\t\t\t\t\t\t\t\t<\/div>\n\t\t\t\t<\/div>\n\t\t\t\t\t<\/div>\n\t\t<\/div>\n\t\t\t\t\t<\/div>\n\t\t<\/section>\n\t\t\t\t<section class=\"elementor-section elementor-top-section elementor-element elementor-element-1edaa1fe elementor-section-content-middle elementor-section-boxed elementor-section-height-default elementor-section-height-default\" data-id=\"1edaa1fe\" data-element_type=\"section\">\n\t\t\t\t\t\t<div class=\"elementor-container elementor-column-gap-default\">\n\t\t\t\t\t<div class=\"elementor-column elementor-col-50 elementor-top-column elementor-element elementor-element-66b8ee89\" data-id=\"66b8ee89\" data-element_type=\"column\">\n\t\t\t<div class=\"elementor-widget-wrap elementor-element-populated\">\n\t\t\t\t\t\t<div class=\"elementor-element elementor-element-6439642e elementor-widget elementor-widget-image\" data-id=\"6439642e\" data-element_type=\"widget\" data-widget_type=\"image.default\">\n\t\t\t\t<div class=\"elementor-widget-container\">\n\t\t\t\t\t\t\t\t\t\t\t\t\t\t\t<img decoding=\"async\" width=\"768\" height=\"576\" data-src=\"https:\/\/unsuisseamallorca.com\/wp-content\/uploads\/2020\/05\/Cyclades-43.4-768x576.jpg\" class=\"attachment-medium_large size-medium_large wp-image-3005 lazyload\" alt=\"\" data-srcset=\"https:\/\/unsuisseamallorca.com\/wp-content\/uploads\/2020\/05\/Cyclades-43.4-768x576.jpg 768w, https:\/\/unsuisseamallorca.com\/wp-content\/uploads\/2020\/05\/Cyclades-43.4-300x225.jpg 300w, https:\/\/unsuisseamallorca.com\/wp-content\/uploads\/2020\/05\/Cyclades-43.4-1024x768.jpg 1024w, https:\/\/unsuisseamallorca.com\/wp-content\/uploads\/2020\/05\/Cyclades-43.4-1536x1152.jpg 1536w, https:\/\/unsuisseamallorca.com\/wp-content\/uploads\/2020\/05\/Cyclades-43.4-2048x1536.jpg 2048w, https:\/\/unsuisseamallorca.com\/wp-content\/uploads\/2020\/05\/Cyclades-43.4-scaled.jpg 2560w\" data-sizes=\"(max-width: 768px) 100vw, 768px\" src=\"data:image\/svg+xml;base64,PHN2ZyB3aWR0aD0iMSIgaGVpZ2h0PSIxIiB4bWxucz0iaHR0cDovL3d3dy53My5vcmcvMjAwMC9zdmciPjwvc3ZnPg==\" style=\"--smush-placeholder-width: 768px; --smush-placeholder-aspect-ratio: 768\/576;\" \/>\t\t\t\t\t\t\t\t\t\t\t\t\t\t\t<\/div>\n\t\t\t\t<\/div>\n\t\t\t\t\t<\/div>\n\t\t<\/div>\n\t\t\t\t<div class=\"elementor-column elementor-col-50 elementor-top-column elementor-element elementor-element-7adbc45a\" data-id=\"7adbc45a\" data-element_type=\"column\">\n\t\t\t<div class=\"elementor-widget-wrap elementor-element-populated\">\n\t\t\t\t\t\t<div class=\"elementor-element elementor-element-5992a2b0 elementor-widget elementor-widget-heading\" data-id=\"5992a2b0\" data-element_type=\"widget\" data-widget_type=\"heading.default\">\n\t\t\t\t<div class=\"elementor-widget-container\">\n\t\t\t\t\t<h3 class=\"elementor-heading-title elementor-size-default\">Les randonn\u00e9es dans Palma<\/h3>\t\t\t\t<\/div>\n\t\t\t\t<\/div>\n\t\t\t\t<div class=\"elementor-element elementor-element-3114837e elementor-widget elementor-widget-text-editor\" data-id=\"3114837e\" data-element_type=\"widget\" data-widget_type=\"text-editor.default\">\n\t\t\t\t<div class=\"elementor-widget-container\">\n\t\t\t\t\t\t\t\t\t<p><span style=\"color: #ff0000;\"><strong><span style=\"float: none; background-color: #ffffff; cursor: text; font-family: Georgia, 'Times New Roman', 'Bitstream Charter', Times, serif; font-size: 16px; font-style: normal; font-variant: normal; letter-spacing: normal; orphans: 2; text-align: left; text-decoration: none; text-indent: 0px; text-transform: none; -webkit-text-stroke-width: 0px; white-space: normal; word-spacing: 0px; display: inline !important;\">EN\u00a0 CONSTRUCTION<\/span><\/strong><\/span><\/p>\t\t\t\t\t\t\t\t<\/div>\n\t\t\t\t<\/div>\n\t\t\t\t<div class=\"elementor-element elementor-element-c422055 elementor-align-left elementor-mobile-align-center elementor-widget elementor-widget-button\" data-id=\"c422055\" data-element_type=\"widget\" data-widget_type=\"button.default\">\n\t\t\t\t<div class=\"elementor-widget-container\">\n\t\t\t\t\t\t\t\t\t<div class=\"elementor-button-wrapper\">\n\t\t\t\t\t<a class=\"elementor-button elementor-button-link elementor-size-md\" href=\"https:\/\/unsuisseamallorca.com\/index.php\/palma\/\" target=\"_blank\">\n\t\t\t\t\t\t<span class=\"elementor-button-content-wrapper\">\n\t\t\t\t\t\t<span class=\"elementor-button-icon\">\n\t\t\t\t<i aria-hidden=\"true\" class=\"fas fa-angle-double-right\"><\/i>\t\t\t<\/span>\n\t\t\t\t\t\t\t\t\t<span class=\"elementor-button-text\">En savoir plus<\/span>\n\t\t\t\t\t<\/span>\n\t\t\t\t\t<\/a>\n\t\t\t\t<\/div>\n\t\t\t\t\t\t\t\t<\/div>\n\t\t\t\t<\/div>\n\t\t\t\t\t<\/div>\n\t\t<\/div>\n\t\t\t\t\t<\/div>\n\t\t<\/section>\n\t\t\t\t<\/div>\n\t\t","protected":false},"excerpt":{"rendered":"<p>Quelles randonn\u00e9es \u00e0 Majorque ? Randonn\u00e9es sur la c\u00f4te ouest : Cap sur le sentier de la Pierre s\u00e8che La Serra Tramuntana, ce massif occupe tout l\u2019Ouest de l\u2019\u00eele. Le GR 221 le traverse en 7 \u00e9tapes.\u00a0Je vous recommande les 2\u00a0 \u00e9tapes suivantes si vous n&rsquo;avez pas le temps de les faire toutes : Vald\u00e9mossa-Deia- [&hellip;]<\/p>\n","protected":false},"author":1,"featured_media":89,"parent":0,"menu_order":0,"comment_status":"closed","ping_status":"closed","template":"","meta":{"ocean_post_layout":"","ocean_both_sidebars_style":"","ocean_both_sidebars_content_width":0,"ocean_both_sidebars_sidebars_width":0,"ocean_sidebar":"0","ocean_second_sidebar":"0","ocean_disable_margins":"enable","ocean_add_body_class":"","ocean_shortcode_before_top_bar":"","ocean_shortcode_after_top_bar":"","ocean_shortcode_before_header":"","ocean_shortcode_after_header":"","ocean_has_shortcode":"","ocean_shortcode_after_title":"","ocean_shortcode_before_footer_widgets":"","ocean_shortcode_after_footer_widgets":"","ocean_shortcode_before_footer_bottom":"","ocean_shortcode_after_footer_bottom":"","ocean_display_top_bar":"default","ocean_display_header":"default","ocean_header_style":"","ocean_center_header_left_menu":"0","ocean_custom_header_template":"0","ocean_custom_logo":0,"ocean_custom_retina_logo":0,"ocean_custom_logo_max_width":0,"ocean_custom_logo_tablet_max_width":0,"ocean_custom_logo_mobile_max_width":0,"ocean_custom_logo_max_height":0,"ocean_custom_logo_tablet_max_height":0,"ocean_custom_logo_mobile_max_height":0,"ocean_header_custom_menu":"0","ocean_menu_typo_font_family":"0","ocean_menu_typo_font_subset":"","ocean_menu_typo_font_size":0,"ocean_menu_typo_font_size_tablet":0,"ocean_menu_typo_font_size_mobile":0,"ocean_menu_typo_font_size_unit":"px","ocean_menu_typo_font_weight":"","ocean_menu_typo_font_weight_tablet":"","ocean_menu_typo_font_weight_mobile":"","ocean_menu_typo_transform":"","ocean_menu_typo_transform_tablet":"","ocean_menu_typo_transform_mobile":"","ocean_menu_typo_line_height":0,"ocean_menu_typo_line_height_tablet":0,"ocean_menu_typo_line_height_mobile":0,"ocean_menu_typo_line_height_unit":"","ocean_menu_typo_spacing":0,"ocean_menu_typo_spacing_tablet":0,"ocean_menu_typo_spacing_mobile":0,"ocean_menu_typo_spacing_unit":"","ocean_menu_link_color":"","ocean_menu_link_color_hover":"","ocean_menu_link_color_active":"","ocean_menu_link_background":"","ocean_menu_link_hover_background":"","ocean_menu_link_active_background":"","ocean_menu_social_links_bg":"","ocean_menu_social_hover_links_bg":"","ocean_menu_social_links_color":"","ocean_menu_social_hover_links_color":"","ocean_disable_title":"default","ocean_disable_heading":"default","ocean_post_title":"","ocean_post_subheading":"","ocean_post_title_style":"","ocean_post_title_background_color":"","ocean_post_title_background":0,"ocean_post_title_bg_image_position":"","ocean_post_title_bg_image_attachment":"","ocean_post_title_bg_image_repeat":"","ocean_post_title_bg_image_size":"","ocean_post_title_height":0,"ocean_post_title_bg_overlay":0.5,"ocean_post_title_bg_overlay_color":"","ocean_disable_breadcrumbs":"default","ocean_breadcrumbs_color":"","ocean_breadcrumbs_separator_color":"","ocean_breadcrumbs_links_color":"","ocean_breadcrumbs_links_hover_color":"","ocean_display_footer_widgets":"default","ocean_display_footer_bottom":"default","ocean_custom_footer_template":"0","footnotes":""},"class_list":["post-37","page","type-page","status-publish","has-post-thumbnail","hentry","entry","has-media"],"yoast_head":"<!-- This site is optimized with the Yoast SEO plugin v26.4 - https:\/\/yoast.com\/wordpress\/plugins\/seo\/ -->\n<title>Les Randonn\u00e9es UN SUISSE A MAJORQUE<\/title>\n<meta name=\"robots\" content=\"index, follow, max-snippet:-1, max-image-preview:large, max-video-preview:-1\" \/>\n<link rel=\"canonical\" href=\"https:\/\/unsuisseamallorca.com\/index.php\/randonnees-dans-la-serra-tramontana\/\" \/>\n<meta property=\"og:locale\" content=\"fr_FR\" \/>\n<meta property=\"og:type\" content=\"article\" \/>\n<meta property=\"og:title\" content=\"Les Randonn\u00e9es UN SUISSE A MAJORQUE\" \/>\n<meta property=\"og:description\" content=\"Quelles randonn\u00e9es \u00e0 Majorque ? Randonn\u00e9es sur la c\u00f4te ouest : Cap sur le sentier de la Pierre s\u00e8che La Serra Tramuntana, ce massif occupe tout l\u2019Ouest de l\u2019\u00eele. Le GR 221 le traverse en 7 \u00e9tapes.\u00a0Je vous recommande les 2\u00a0 \u00e9tapes suivantes si vous n&rsquo;avez pas le temps de les faire toutes : Vald\u00e9mossa-Deia- [&hellip;]\" \/>\n<meta property=\"og:url\" content=\"https:\/\/unsuisseamallorca.com\/index.php\/randonnees-dans-la-serra-tramontana\/\" \/>\n<meta property=\"og:site_name\" content=\"UN SUISSE A MAJORQUE\" \/>\n<meta property=\"article:modified_time\" content=\"2021-09-23T06:59:53+00:00\" \/>\n<meta property=\"og:image\" content=\"https:\/\/unsuisseamallorca.com\/wp-content\/uploads\/2019\/01\/IMG_7004-1-e1547720692366.jpg\" \/>\n\t<meta property=\"og:image:width\" content=\"2000\" \/>\n\t<meta property=\"og:image:height\" content=\"1500\" \/>\n\t<meta property=\"og:image:type\" content=\"image\/jpeg\" \/>\n<meta name=\"twitter:card\" content=\"summary_large_image\" \/>\n<meta name=\"twitter:label1\" content=\"Dur\u00e9e de lecture estim\u00e9e\" \/>\n\t<meta name=\"twitter:data1\" content=\"6 minutes\" \/>\n<script type=\"application\/ld+json\" class=\"yoast-schema-graph\">{\"@context\":\"https:\/\/schema.org\",\"@graph\":[{\"@type\":\"WebPage\",\"@id\":\"https:\/\/unsuisseamallorca.com\/index.php\/randonnees-dans-la-serra-tramontana\/\",\"url\":\"https:\/\/unsuisseamallorca.com\/index.php\/randonnees-dans-la-serra-tramontana\/\",\"name\":\"Les Randonn\u00e9es UN SUISSE A MAJORQUE\",\"isPartOf\":{\"@id\":\"https:\/\/unsuisseamallorca.com\/#website\"},\"primaryImageOfPage\":{\"@id\":\"https:\/\/unsuisseamallorca.com\/index.php\/randonnees-dans-la-serra-tramontana\/#primaryimage\"},\"image\":{\"@id\":\"https:\/\/unsuisseamallorca.com\/index.php\/randonnees-dans-la-serra-tramontana\/#primaryimage\"},\"thumbnailUrl\":\"https:\/\/unsuisseamallorca.com\/wp-content\/uploads\/2019\/01\/IMG_7004-1-e1547720692366.jpg\",\"datePublished\":\"2019-01-14T14:15:09+00:00\",\"dateModified\":\"2021-09-23T06:59:53+00:00\",\"breadcrumb\":{\"@id\":\"https:\/\/unsuisseamallorca.com\/index.php\/randonnees-dans-la-serra-tramontana\/#breadcrumb\"},\"inLanguage\":\"fr-FR\",\"potentialAction\":[{\"@type\":\"ReadAction\",\"target\":[\"https:\/\/unsuisseamallorca.com\/index.php\/randonnees-dans-la-serra-tramontana\/\"]}]},{\"@type\":\"ImageObject\",\"inLanguage\":\"fr-FR\",\"@id\":\"https:\/\/unsuisseamallorca.com\/index.php\/randonnees-dans-la-serra-tramontana\/#primaryimage\",\"url\":\"https:\/\/unsuisseamallorca.com\/wp-content\/uploads\/2019\/01\/IMG_7004-1-e1547720692366.jpg\",\"contentUrl\":\"https:\/\/unsuisseamallorca.com\/wp-content\/uploads\/2019\/01\/IMG_7004-1-e1547720692366.jpg\",\"width\":2000,\"height\":1500},{\"@type\":\"BreadcrumbList\",\"@id\":\"https:\/\/unsuisseamallorca.com\/index.php\/randonnees-dans-la-serra-tramontana\/#breadcrumb\",\"itemListElement\":[{\"@type\":\"ListItem\",\"position\":1,\"name\":\"Accueil\",\"item\":\"https:\/\/unsuisseamallorca.com\/\"},{\"@type\":\"ListItem\",\"position\":2,\"name\":\"Les Randonn\u00e9es\"}]},{\"@type\":\"WebSite\",\"@id\":\"https:\/\/unsuisseamallorca.com\/#website\",\"url\":\"https:\/\/unsuisseamallorca.com\/\",\"name\":\"UN SUISSE A MAJORQUE\",\"description\":\"Le voyageur voit ce qu&#039;il voit, le touriste voit ce qu&#039;il est venu voir !\",\"potentialAction\":[{\"@type\":\"SearchAction\",\"target\":{\"@type\":\"EntryPoint\",\"urlTemplate\":\"https:\/\/unsuisseamallorca.com\/?s={search_term_string}\"},\"query-input\":{\"@type\":\"PropertyValueSpecification\",\"valueRequired\":true,\"valueName\":\"search_term_string\"}}],\"inLanguage\":\"fr-FR\"}]}<\/script>\n<!-- \/ Yoast SEO plugin. -->","yoast_head_json":{"title":"Les Randonn\u00e9es UN SUISSE A MAJORQUE","robots":{"index":"index","follow":"follow","max-snippet":"max-snippet:-1","max-image-preview":"max-image-preview:large","max-video-preview":"max-video-preview:-1"},"canonical":"https:\/\/unsuisseamallorca.com\/index.php\/randonnees-dans-la-serra-tramontana\/","og_locale":"fr_FR","og_type":"article","og_title":"Les Randonn\u00e9es UN SUISSE A MAJORQUE","og_description":"Quelles randonn\u00e9es \u00e0 Majorque ? Randonn\u00e9es sur la c\u00f4te ouest : Cap sur le sentier de la Pierre s\u00e8che La Serra Tramuntana, ce massif occupe tout l\u2019Ouest de l\u2019\u00eele. Le GR 221 le traverse en 7 \u00e9tapes.\u00a0Je vous recommande les 2\u00a0 \u00e9tapes suivantes si vous n&rsquo;avez pas le temps de les faire toutes : Vald\u00e9mossa-Deia- [&hellip;]","og_url":"https:\/\/unsuisseamallorca.com\/index.php\/randonnees-dans-la-serra-tramontana\/","og_site_name":"UN SUISSE A MAJORQUE","article_modified_time":"2021-09-23T06:59:53+00:00","og_image":[{"width":2000,"height":1500,"url":"https:\/\/unsuisseamallorca.com\/wp-content\/uploads\/2019\/01\/IMG_7004-1-e1547720692366.jpg","type":"image\/jpeg"}],"twitter_card":"summary_large_image","twitter_misc":{"Dur\u00e9e de lecture estim\u00e9e":"6 minutes"},"schema":{"@context":"https:\/\/schema.org","@graph":[{"@type":"WebPage","@id":"https:\/\/unsuisseamallorca.com\/index.php\/randonnees-dans-la-serra-tramontana\/","url":"https:\/\/unsuisseamallorca.com\/index.php\/randonnees-dans-la-serra-tramontana\/","name":"Les Randonn\u00e9es UN SUISSE A MAJORQUE","isPartOf":{"@id":"https:\/\/unsuisseamallorca.com\/#website"},"primaryImageOfPage":{"@id":"https:\/\/unsuisseamallorca.com\/index.php\/randonnees-dans-la-serra-tramontana\/#primaryimage"},"image":{"@id":"https:\/\/unsuisseamallorca.com\/index.php\/randonnees-dans-la-serra-tramontana\/#primaryimage"},"thumbnailUrl":"https:\/\/unsuisseamallorca.com\/wp-content\/uploads\/2019\/01\/IMG_7004-1-e1547720692366.jpg","datePublished":"2019-01-14T14:15:09+00:00","dateModified":"2021-09-23T06:59:53+00:00","breadcrumb":{"@id":"https:\/\/unsuisseamallorca.com\/index.php\/randonnees-dans-la-serra-tramontana\/#breadcrumb"},"inLanguage":"fr-FR","potentialAction":[{"@type":"ReadAction","target":["https:\/\/unsuisseamallorca.com\/index.php\/randonnees-dans-la-serra-tramontana\/"]}]},{"@type":"ImageObject","inLanguage":"fr-FR","@id":"https:\/\/unsuisseamallorca.com\/index.php\/randonnees-dans-la-serra-tramontana\/#primaryimage","url":"https:\/\/unsuisseamallorca.com\/wp-content\/uploads\/2019\/01\/IMG_7004-1-e1547720692366.jpg","contentUrl":"https:\/\/unsuisseamallorca.com\/wp-content\/uploads\/2019\/01\/IMG_7004-1-e1547720692366.jpg","width":2000,"height":1500},{"@type":"BreadcrumbList","@id":"https:\/\/unsuisseamallorca.com\/index.php\/randonnees-dans-la-serra-tramontana\/#breadcrumb","itemListElement":[{"@type":"ListItem","position":1,"name":"Accueil","item":"https:\/\/unsuisseamallorca.com\/"},{"@type":"ListItem","position":2,"name":"Les Randonn\u00e9es"}]},{"@type":"WebSite","@id":"https:\/\/unsuisseamallorca.com\/#website","url":"https:\/\/unsuisseamallorca.com\/","name":"UN SUISSE A MAJORQUE","description":"Le voyageur voit ce qu&#039;il voit, le touriste voit ce qu&#039;il est venu voir !","potentialAction":[{"@type":"SearchAction","target":{"@type":"EntryPoint","urlTemplate":"https:\/\/unsuisseamallorca.com\/?s={search_term_string}"},"query-input":{"@type":"PropertyValueSpecification","valueRequired":true,"valueName":"search_term_string"}}],"inLanguage":"fr-FR"}]}},"_links":{"self":[{"href":"https:\/\/unsuisseamallorca.com\/index.php\/wp-json\/wp\/v2\/pages\/37","targetHints":{"allow":["GET"]}}],"collection":[{"href":"https:\/\/unsuisseamallorca.com\/index.php\/wp-json\/wp\/v2\/pages"}],"about":[{"href":"https:\/\/unsuisseamallorca.com\/index.php\/wp-json\/wp\/v2\/types\/page"}],"author":[{"embeddable":true,"href":"https:\/\/unsuisseamallorca.com\/index.php\/wp-json\/wp\/v2\/users\/1"}],"replies":[{"embeddable":true,"href":"https:\/\/unsuisseamallorca.com\/index.php\/wp-json\/wp\/v2\/comments?post=37"}],"version-history":[{"count":118,"href":"https:\/\/unsuisseamallorca.com\/index.php\/wp-json\/wp\/v2\/pages\/37\/revisions"}],"predecessor-version":[{"id":8689,"href":"https:\/\/unsuisseamallorca.com\/index.php\/wp-json\/wp\/v2\/pages\/37\/revisions\/8689"}],"wp:featuredmedia":[{"embeddable":true,"href":"https:\/\/unsuisseamallorca.com\/index.php\/wp-json\/wp\/v2\/media\/89"}],"wp:attachment":[{"href":"https:\/\/unsuisseamallorca.com\/index.php\/wp-json\/wp\/v2\/media?parent=37"}],"curies":[{"name":"wp","href":"https:\/\/api.w.org\/{rel}","templated":true}]}}