{"id":353,"date":"2019-01-25T16:52:34","date_gmt":"2019-01-25T15:52:34","guid":{"rendered":"https:\/\/unsuisseamallorca.com\/?page_id=353"},"modified":"2021-11-02T11:40:31","modified_gmt":"2021-11-02T10:40:31","slug":"la-cote-est-2","status":"publish","type":"page","link":"https:\/\/unsuisseamallorca.com\/index.php\/la-cote-est-2\/","title":{"rendered":"LA C\u00d4TE EST"},"content":{"rendered":"\t\t<div data-elementor-type=\"wp-post\" data-elementor-id=\"353\" class=\"elementor elementor-353\" data-elementor-post-type=\"page\">\n\t\t\t\t\t\t<section class=\"elementor-section elementor-top-section elementor-element elementor-element-5d636cbb elementor-section-content-middle elementor-section-boxed elementor-section-height-default elementor-section-height-default\" data-id=\"5d636cbb\" data-element_type=\"section\">\n\t\t\t\t\t\t<div class=\"elementor-container elementor-column-gap-no\">\n\t\t\t\t\t<div class=\"elementor-column elementor-col-100 elementor-top-column elementor-element elementor-element-70b4131c\" data-id=\"70b4131c\" data-element_type=\"column\">\n\t\t\t<div class=\"elementor-widget-wrap elementor-element-populated\">\n\t\t\t\t\t\t<div class=\"elementor-element elementor-element-146af126 elementor-widget elementor-widget-heading\" data-id=\"146af126\" data-element_type=\"widget\" data-widget_type=\"heading.default\">\n\t\t\t\t<div class=\"elementor-widget-container\">\n\t\t\t\t\t<h3 class=\"elementor-heading-title elementor-size-default\">\nLes droits de l'homme, c'est une invention des gens de la ville, pour la campagne c'est les lois de la nature.<\/h3>\t\t\t\t<\/div>\n\t\t\t\t<\/div>\n\t\t\t\t\t<\/div>\n\t\t<\/div>\n\t\t\t\t\t<\/div>\n\t\t<\/section>\n\t\t\t\t<section class=\"elementor-section elementor-top-section elementor-element elementor-element-aa969c5 elementor-section-content-middle elementor-reverse-mobile elementor-section-boxed elementor-section-height-default elementor-section-height-default\" data-id=\"aa969c5\" data-element_type=\"section\">\n\t\t\t\t\t\t<div class=\"elementor-container elementor-column-gap-default\">\n\t\t\t\t\t<div class=\"elementor-column elementor-col-100 elementor-top-column elementor-element elementor-element-3ae40bb7\" data-id=\"3ae40bb7\" data-element_type=\"column\">\n\t\t\t<div class=\"elementor-widget-wrap elementor-element-populated\">\n\t\t\t\t\t\t<div class=\"elementor-element elementor-element-14efe722 elementor-widget elementor-widget-image\" data-id=\"14efe722\" data-element_type=\"widget\" data-widget_type=\"image.default\">\n\t\t\t\t<div class=\"elementor-widget-container\">\n\t\t\t\t\t\t\t\t\t\t\t\t\t\t\t<img decoding=\"async\" data-src=\"https:\/\/unsuisseamallorca.com\/wp-content\/uploads\/elementor\/thumbs\/La-c\u00f4te-est-B-o4v0yqisqcka3e9frwn78dgr7vsl1x89gy7lcdrj10.jpg\" title=\"La c\u00f4te est B\" alt=\"La c\u00f4te est B\" src=\"data:image\/svg+xml;base64,PHN2ZyB3aWR0aD0iMSIgaGVpZ2h0PSIxIiB4bWxucz0iaHR0cDovL3d3dy53My5vcmcvMjAwMC9zdmciPjwvc3ZnPg==\" class=\"lazyload\" style=\"--smush-placeholder-width: 450px; --smush-placeholder-aspect-ratio: 450\/450;\" \/>\t\t\t\t\t\t\t\t\t\t\t\t\t\t\t<\/div>\n\t\t\t\t<\/div>\n\t\t\t\t\t<\/div>\n\t\t<\/div>\n\t\t\t\t\t<\/div>\n\t\t<\/section>\n\t\t\t\t<section class=\"elementor-section elementor-top-section elementor-element elementor-element-9003422 elementor-section-content-middle elementor-section-boxed elementor-section-height-default elementor-section-height-default\" data-id=\"9003422\" data-element_type=\"section\" data-settings=\"{&quot;background_background&quot;:&quot;classic&quot;}\">\n\t\t\t\t\t\t<div class=\"elementor-container elementor-column-gap-default\">\n\t\t\t\t\t<div class=\"elementor-column elementor-col-100 elementor-top-column elementor-element elementor-element-34da0b6\" data-id=\"34da0b6\" data-element_type=\"column\">\n\t\t\t<div class=\"elementor-widget-wrap elementor-element-populated\">\n\t\t\t\t\t\t<div class=\"elementor-element elementor-element-a0decba elementor-widget elementor-widget-heading\" data-id=\"a0decba\" data-element_type=\"widget\" data-widget_type=\"heading.default\">\n\t\t\t\t<div class=\"elementor-widget-container\">\n\t\t\t\t\t<h2 class=\"elementor-heading-title elementor-size-large\">La c\u00f4te Est comprend d'importantes stations baln\u00e9aires \u00e0 l'image de Porto Cristo, Cala d'Or, Cala Domingos et Cala Ratjada. Mais elle offre \u00e9galement de belles criques sauvages pour ceux qui recherchent avant tout la tranquillit\u00e9. La r\u00e9serve de Mondrago est tr\u00e8s fr\u00e9quent\u00e9e, mais une visite et des baignades dans ses eaux turquoises seront inoubliables. Plusieurs grottes se situent dans les environs : les Coves del Drach et les coves del Hams, \u00e0 Porto Cristo, sont les plus connues,mais il y a aussi les coves del Arta, les Coves del Pirata et la Cueva del Pilar. La r\u00e9gion comprend par ailleurs de nombreux golfs bordant le littoral.<\/h2>\t\t\t\t<\/div>\n\t\t\t\t<\/div>\n\t\t\t\t\t<\/div>\n\t\t<\/div>\n\t\t\t\t\t<\/div>\n\t\t<\/section>\n\t\t\t\t<section class=\"elementor-section elementor-top-section elementor-element elementor-element-30d6ba87 elementor-section-content-middle elementor-reverse-mobile elementor-section-boxed elementor-section-height-default elementor-section-height-default\" data-id=\"30d6ba87\" data-element_type=\"section\">\n\t\t\t\t\t\t<div class=\"elementor-container elementor-column-gap-default\">\n\t\t\t\t\t<div class=\"elementor-column elementor-col-50 elementor-top-column elementor-element elementor-element-3da63153\" data-id=\"3da63153\" data-element_type=\"column\">\n\t\t\t<div class=\"elementor-widget-wrap elementor-element-populated\">\n\t\t\t\t\t\t<div class=\"elementor-element elementor-element-2b84163c elementor-widget elementor-widget-heading\" data-id=\"2b84163c\" data-element_type=\"widget\" data-widget_type=\"heading.default\">\n\t\t\t\t<div class=\"elementor-widget-container\">\n\t\t\t\t\t<h3 class=\"elementor-heading-title elementor-size-default\">Villes non c\u00f4ti\u00e8res<\/h3>\t\t\t\t<\/div>\n\t\t\t\t<\/div>\n\t\t\t\t<div class=\"elementor-element elementor-element-90b20a7 elementor-widget elementor-widget-text-editor\" data-id=\"90b20a7\" data-element_type=\"widget\" data-widget_type=\"text-editor.default\">\n\t\t\t\t<div class=\"elementor-widget-container\">\n\t\t\t\t\t\t\t\t\tDu nord au sud, en partant de Capdepera par la C715 puis C714 nous arriverons \u00e0 Ses Salines en environ 1 heure. Bien qu&rsquo;\u00e0 l&rsquo;int\u00e9rieur des terres Capdepera (80km de Palma) poss\u00e8de de tr\u00e8s belles calas et un phare \u00e0 son nom le long de ses 30 km de c\u00f4tes, fond\u00e9e en 1300 en village fortifi\u00e9 sa principale attraction est son ch\u00e2teau. Puis Son Servera o\u00f9 beaucoup d&rsquo;habitants portent le nom de Servera car les fondateurs de la ville ont fait chang\u00e9 de nom \u00e0 tous ses habitants (l\u00e9gende?), 2 \u00e9glises sont \u00e0 visiter. Puis nous arrivons \u00e0 Manacor (54 km de Palma), ville industrielle et artisanale, avec plus de 25&rsquo;000 habitants c&rsquo;est la deuxi\u00e8me ville de l&rsquo;\u00eele. Ville de premier abord sans grand charme, le centre historique vaut cependant la peine d&rsquo;\u00eatre visit\u00e9, 3 tours, 1 \u00e9glise et 1 couvent datent du XIII et XIV \u00e8me si\u00e9cle. La fin du XIV\u00e8me si\u00e8cle a vu se d\u00e9velopper la fabrication de perles artificielles, 2 fabricants de renomm\u00e9e mondiale vous ferront visiter et m\u00eame assister \u00e0 une d\u00e9monstration de fabrication de ces perles. A 1km se trouve le village pr\u00e9historique de S&rsquo;Hospitalet Vell, datant de 1700 av JC et qui se visite gratuitement, malheureusement les indications en 4 langues ne sont pas traduites en fran\u00e7ais. Puis vient Felanitx, petite ville viticole qui produit, malgr\u00e9 une \u00e9pid\u00e9mie de phyllox\u00e9ra au XIV\u00e8me, 1\/3 de la production viticole et d&rsquo;alcool de l&rsquo;\u00eele avec 60 distilleries. Eglise et monast\u00e8re au centre du village mais, les jours de la Saint-Augustin (27 mai) et de la Sainte-Marguerite (16 novembre) un spectacle \u00e0 ne pas manquer est : Les danseurs Els Cavallets. Le point culminant de la ville est le Puig de San Salvador (510 m), comprenant un sanctuaire, un Christ Roi et une croix de14 m\u00e8tres. Nous voil\u00e0 \u00e0 Santanyi (52 km de Palma), ville agricole qui a un centre historique int\u00e9ressant, les jours de march\u00e9 il est \u00e9galement tr\u00e8s anim\u00e9. Encore 4 km et c&rsquo;est Es Llombards, sa plus grande attractivit\u00e9 est sa c\u00f4te situ\u00e9e \u00e0 quelques kilom\u00e8tres o\u00f9 l&rsquo;on trouve de magnifiques calas. Pour finir nous arrivons \u00e0 Ses Salines, commune la plus m\u00e9ridionale de l&rsquo;\u00eele de Majorque. Le centre historique est construit avec du gr\u00e8s rose de Santanyi. Un des plus grands jardins botanique d&rsquo;Europe: 15&rsquo;000 plantes, 1&rsquo;600 esp\u00e8ces et plus de 12&rsquo;000 cact\u00e9es. A une dizaine de km se trouve le phare de Ses Salines qui fut le premier phare d&rsquo;Espagne \u00e0 \u00eatre aliment\u00e9 par des panneaux solaires.\t\t\t\t\t\t\t\t<\/div>\n\t\t\t\t<\/div>\n\t\t\t\t\t<\/div>\n\t\t<\/div>\n\t\t\t\t<div class=\"elementor-column elementor-col-50 elementor-top-column elementor-element elementor-element-40f0be88\" data-id=\"40f0be88\" data-element_type=\"column\">\n\t\t\t<div class=\"elementor-widget-wrap elementor-element-populated\">\n\t\t\t\t\t\t<div class=\"elementor-element elementor-element-3aca887a elementor-widget elementor-widget-image\" data-id=\"3aca887a\" data-element_type=\"widget\" data-widget_type=\"image.default\">\n\t\t\t\t<div class=\"elementor-widget-container\">\n\t\t\t\t\t\t\t\t\t\t\t\t<figure class=\"wp-caption\">\n\t\t\t\t\t\t\t\t\t\t<img decoding=\"async\" width=\"300\" height=\"159\" data-src=\"https:\/\/unsuisseamallorca.com\/wp-content\/uploads\/2020\/06\/arta-01-300x159.jpg\" class=\"attachment-medium size-medium wp-image-4301 lazyload\" alt=\"\" data-srcset=\"https:\/\/unsuisseamallorca.com\/wp-content\/uploads\/2020\/06\/arta-01-300x159.jpg 300w, https:\/\/unsuisseamallorca.com\/wp-content\/uploads\/2020\/06\/arta-01-768x406.jpg 768w, https:\/\/unsuisseamallorca.com\/wp-content\/uploads\/2020\/06\/arta-01.jpg 955w\" data-sizes=\"(max-width: 300px) 100vw, 300px\" src=\"data:image\/svg+xml;base64,PHN2ZyB3aWR0aD0iMSIgaGVpZ2h0PSIxIiB4bWxucz0iaHR0cDovL3d3dy53My5vcmcvMjAwMC9zdmciPjwvc3ZnPg==\" style=\"--smush-placeholder-width: 300px; --smush-placeholder-aspect-ratio: 300\/159;\" \/>\t\t\t\t\t\t\t\t\t\t\t<figcaption class=\"widget-image-caption wp-caption-text\">Capdepera<\/figcaption>\n\t\t\t\t\t\t\t\t\t\t<\/figure>\n\t\t\t\t\t\t\t\t\t<\/div>\n\t\t\t\t<\/div>\n\t\t\t\t<div class=\"elementor-element elementor-element-031eecc elementor-widget elementor-widget-image\" data-id=\"031eecc\" data-element_type=\"widget\" data-widget_type=\"image.default\">\n\t\t\t\t<div class=\"elementor-widget-container\">\n\t\t\t\t\t\t\t\t\t\t\t\t<figure class=\"wp-caption\">\n\t\t\t\t\t\t\t\t\t\t<img fetchpriority=\"high\" decoding=\"async\" width=\"300\" height=\"225\" src=\"https:\/\/unsuisseamallorca.com\/wp-content\/uploads\/2020\/06\/DSC01441-300x225.jpg\" class=\"attachment-medium size-medium wp-image-4320\" alt=\"\" srcset=\"https:\/\/unsuisseamallorca.com\/wp-content\/uploads\/2020\/06\/DSC01441-300x225.jpg 300w, https:\/\/unsuisseamallorca.com\/wp-content\/uploads\/2020\/06\/DSC01441-1024x768.jpg 1024w, https:\/\/unsuisseamallorca.com\/wp-content\/uploads\/2020\/06\/DSC01441-768x576.jpg 768w, https:\/\/unsuisseamallorca.com\/wp-content\/uploads\/2020\/06\/DSC01441-1536x1152.jpg 1536w, https:\/\/unsuisseamallorca.com\/wp-content\/uploads\/2020\/06\/DSC01441-2048x1536.jpg 2048w, https:\/\/unsuisseamallorca.com\/wp-content\/uploads\/2020\/06\/DSC01441-scaled.jpg 2560w\" sizes=\"(max-width: 300px) 100vw, 300px\" \/>\t\t\t\t\t\t\t\t\t\t\t<figcaption class=\"widget-image-caption wp-caption-text\">Manacor<\/figcaption>\n\t\t\t\t\t\t\t\t\t\t<\/figure>\n\t\t\t\t\t\t\t\t\t<\/div>\n\t\t\t\t<\/div>\n\t\t\t\t<div class=\"elementor-element elementor-element-f923ec3 elementor-widget elementor-widget-image\" data-id=\"f923ec3\" data-element_type=\"widget\" data-widget_type=\"image.default\">\n\t\t\t\t<div class=\"elementor-widget-container\">\n\t\t\t\t\t\t\t\t\t\t\t\t<figure class=\"wp-caption\">\n\t\t\t\t\t\t\t\t\t\t<img decoding=\"async\" width=\"300\" height=\"224\" data-src=\"https:\/\/unsuisseamallorca.com\/wp-content\/uploads\/2020\/06\/IMG_2712-300x224.jpg\" class=\"attachment-medium size-medium wp-image-4322 lazyload\" alt=\"\" data-srcset=\"https:\/\/unsuisseamallorca.com\/wp-content\/uploads\/2020\/06\/IMG_2712-300x224.jpg 300w, https:\/\/unsuisseamallorca.com\/wp-content\/uploads\/2020\/06\/IMG_2712-1024x765.jpg 1024w, https:\/\/unsuisseamallorca.com\/wp-content\/uploads\/2020\/06\/IMG_2712-768x574.jpg 768w, https:\/\/unsuisseamallorca.com\/wp-content\/uploads\/2020\/06\/IMG_2712-1536x1147.jpg 1536w, https:\/\/unsuisseamallorca.com\/wp-content\/uploads\/2020\/06\/IMG_2712-2048x1530.jpg 2048w, https:\/\/unsuisseamallorca.com\/wp-content\/uploads\/2020\/06\/IMG_2712-scaled.jpg 2560w\" data-sizes=\"(max-width: 300px) 100vw, 300px\" src=\"data:image\/svg+xml;base64,PHN2ZyB3aWR0aD0iMSIgaGVpZ2h0PSIxIiB4bWxucz0iaHR0cDovL3d3dy53My5vcmcvMjAwMC9zdmciPjwvc3ZnPg==\" style=\"--smush-placeholder-width: 300px; --smush-placeholder-aspect-ratio: 300\/224;\" \/>\t\t\t\t\t\t\t\t\t\t\t<figcaption class=\"widget-image-caption wp-caption-text\">Santanyi<\/figcaption>\n\t\t\t\t\t\t\t\t\t\t<\/figure>\n\t\t\t\t\t\t\t\t\t<\/div>\n\t\t\t\t<\/div>\n\t\t\t\t<div class=\"elementor-element elementor-element-3ea46f1 elementor-widget elementor-widget-image\" data-id=\"3ea46f1\" data-element_type=\"widget\" data-widget_type=\"image.default\">\n\t\t\t\t<div class=\"elementor-widget-container\">\n\t\t\t\t\t\t\t\t\t\t\t\t<figure class=\"wp-caption\">\n\t\t\t\t\t\t\t\t\t\t<img decoding=\"async\" width=\"300\" height=\"225\" data-src=\"https:\/\/unsuisseamallorca.com\/wp-content\/uploads\/2020\/06\/DSC01952-300x225.jpg\" class=\"attachment-medium size-medium wp-image-4321 lazyload\" alt=\"\" data-srcset=\"https:\/\/unsuisseamallorca.com\/wp-content\/uploads\/2020\/06\/DSC01952-300x225.jpg 300w, https:\/\/unsuisseamallorca.com\/wp-content\/uploads\/2020\/06\/DSC01952-1024x768.jpg 1024w, https:\/\/unsuisseamallorca.com\/wp-content\/uploads\/2020\/06\/DSC01952-768x576.jpg 768w, https:\/\/unsuisseamallorca.com\/wp-content\/uploads\/2020\/06\/DSC01952-1536x1152.jpg 1536w, https:\/\/unsuisseamallorca.com\/wp-content\/uploads\/2020\/06\/DSC01952-2048x1536.jpg 2048w, https:\/\/unsuisseamallorca.com\/wp-content\/uploads\/2020\/06\/DSC01952-scaled.jpg 2560w\" data-sizes=\"(max-width: 300px) 100vw, 300px\" src=\"data:image\/svg+xml;base64,PHN2ZyB3aWR0aD0iMSIgaGVpZ2h0PSIxIiB4bWxucz0iaHR0cDovL3d3dy53My5vcmcvMjAwMC9zdmciPjwvc3ZnPg==\" style=\"--smush-placeholder-width: 300px; --smush-placeholder-aspect-ratio: 300\/225;\" \/>\t\t\t\t\t\t\t\t\t\t\t<figcaption class=\"widget-image-caption wp-caption-text\">Christ Roi de Felanitx<\/figcaption>\n\t\t\t\t\t\t\t\t\t\t<\/figure>\n\t\t\t\t\t\t\t\t\t<\/div>\n\t\t\t\t<\/div>\n\t\t\t\t<div class=\"elementor-element elementor-element-52ae203 elementor-widget elementor-widget-image\" data-id=\"52ae203\" data-element_type=\"widget\" data-widget_type=\"image.default\">\n\t\t\t\t<div class=\"elementor-widget-container\">\n\t\t\t\t\t\t\t\t\t\t\t\t<figure class=\"wp-caption\">\n\t\t\t\t\t\t\t\t\t\t<img decoding=\"async\" width=\"300\" height=\"225\" data-src=\"https:\/\/unsuisseamallorca.com\/wp-content\/uploads\/2020\/06\/DJI_0932-300x225.jpg\" class=\"attachment-medium size-medium wp-image-4319 lazyload\" alt=\"\" data-srcset=\"https:\/\/unsuisseamallorca.com\/wp-content\/uploads\/2020\/06\/DJI_0932-300x225.jpg 300w, https:\/\/unsuisseamallorca.com\/wp-content\/uploads\/2020\/06\/DJI_0932-1024x768.jpg 1024w, https:\/\/unsuisseamallorca.com\/wp-content\/uploads\/2020\/06\/DJI_0932-768x576.jpg 768w, https:\/\/unsuisseamallorca.com\/wp-content\/uploads\/2020\/06\/DJI_0932-1536x1152.jpg 1536w, https:\/\/unsuisseamallorca.com\/wp-content\/uploads\/2020\/06\/DJI_0932-2048x1536.jpg 2048w, https:\/\/unsuisseamallorca.com\/wp-content\/uploads\/2020\/06\/DJI_0932-scaled.jpg 2560w\" data-sizes=\"(max-width: 300px) 100vw, 300px\" src=\"data:image\/svg+xml;base64,PHN2ZyB3aWR0aD0iMSIgaGVpZ2h0PSIxIiB4bWxucz0iaHR0cDovL3d3dy53My5vcmcvMjAwMC9zdmciPjwvc3ZnPg==\" style=\"--smush-placeholder-width: 300px; --smush-placeholder-aspect-ratio: 300\/225;\" \/>\t\t\t\t\t\t\t\t\t\t\t<figcaption class=\"widget-image-caption wp-caption-text\">Botanicactus de Ses Salines<\/figcaption>\n\t\t\t\t\t\t\t\t\t\t<\/figure>\n\t\t\t\t\t\t\t\t\t<\/div>\n\t\t\t\t<\/div>\n\t\t\t\t\t<\/div>\n\t\t<\/div>\n\t\t\t\t\t<\/div>\n\t\t<\/section>\n\t\t\t\t<section class=\"elementor-section elementor-top-section elementor-element elementor-element-3556ef78 elementor-section-content-middle elementor-section-boxed elementor-section-height-default elementor-section-height-default\" data-id=\"3556ef78\" data-element_type=\"section\">\n\t\t\t\t\t\t<div class=\"elementor-container elementor-column-gap-default\">\n\t\t\t\t\t<div class=\"elementor-column elementor-col-50 elementor-top-column elementor-element elementor-element-76869382\" data-id=\"76869382\" data-element_type=\"column\">\n\t\t\t<div class=\"elementor-widget-wrap elementor-element-populated\">\n\t\t\t\t\t\t<div class=\"elementor-element elementor-element-99b68c3 elementor-widget elementor-widget-image\" data-id=\"99b68c3\" data-element_type=\"widget\" data-widget_type=\"image.default\">\n\t\t\t\t<div class=\"elementor-widget-container\">\n\t\t\t\t\t\t\t\t\t\t\t\t<figure class=\"wp-caption\">\n\t\t\t\t\t\t\t\t\t\t<img decoding=\"async\" width=\"768\" height=\"512\" data-src=\"https:\/\/unsuisseamallorca.com\/wp-content\/uploads\/2020\/06\/Cala-Mesquida-768x512.jpg\" class=\"attachment-medium_large size-medium_large wp-image-4347 lazyload\" alt=\"\" data-srcset=\"https:\/\/unsuisseamallorca.com\/wp-content\/uploads\/2020\/06\/Cala-Mesquida-768x512.jpg 768w, https:\/\/unsuisseamallorca.com\/wp-content\/uploads\/2020\/06\/Cala-Mesquida-300x200.jpg 300w, https:\/\/unsuisseamallorca.com\/wp-content\/uploads\/2020\/06\/Cala-Mesquida-1024x683.jpg 1024w, https:\/\/unsuisseamallorca.com\/wp-content\/uploads\/2020\/06\/Cala-Mesquida-1536x1024.jpg 1536w, https:\/\/unsuisseamallorca.com\/wp-content\/uploads\/2020\/06\/Cala-Mesquida-2048x1365.jpg 2048w, https:\/\/unsuisseamallorca.com\/wp-content\/uploads\/2020\/06\/Cala-Mesquida-scaled.jpg 2560w\" data-sizes=\"(max-width: 768px) 100vw, 768px\" src=\"data:image\/svg+xml;base64,PHN2ZyB3aWR0aD0iMSIgaGVpZ2h0PSIxIiB4bWxucz0iaHR0cDovL3d3dy53My5vcmcvMjAwMC9zdmciPjwvc3ZnPg==\" style=\"--smush-placeholder-width: 768px; --smush-placeholder-aspect-ratio: 768\/512;\" \/>\t\t\t\t\t\t\t\t\t\t\t<figcaption class=\"widget-image-caption wp-caption-text\">Cala Mesquida<\/figcaption>\n\t\t\t\t\t\t\t\t\t\t<\/figure>\n\t\t\t\t\t\t\t\t\t<\/div>\n\t\t\t\t<\/div>\n\t\t\t\t<div class=\"elementor-element elementor-element-36b36e5 elementor-widget elementor-widget-image\" data-id=\"36b36e5\" data-element_type=\"widget\" data-widget_type=\"image.default\">\n\t\t\t\t<div class=\"elementor-widget-container\">\n\t\t\t\t\t\t\t\t\t\t\t\t<figure class=\"wp-caption\">\n\t\t\t\t\t\t\t\t\t\t<img decoding=\"async\" width=\"768\" height=\"512\" data-src=\"https:\/\/unsuisseamallorca.com\/wp-content\/uploads\/2020\/06\/Cala-Rajada-768x512.jpg\" class=\"attachment-medium_large size-medium_large wp-image-4349 lazyload\" alt=\"\" data-srcset=\"https:\/\/unsuisseamallorca.com\/wp-content\/uploads\/2020\/06\/Cala-Rajada-768x512.jpg 768w, https:\/\/unsuisseamallorca.com\/wp-content\/uploads\/2020\/06\/Cala-Rajada-300x200.jpg 300w, https:\/\/unsuisseamallorca.com\/wp-content\/uploads\/2020\/06\/Cala-Rajada-1024x683.jpg 1024w, https:\/\/unsuisseamallorca.com\/wp-content\/uploads\/2020\/06\/Cala-Rajada-1536x1024.jpg 1536w, https:\/\/unsuisseamallorca.com\/wp-content\/uploads\/2020\/06\/Cala-Rajada-2048x1365.jpg 2048w, https:\/\/unsuisseamallorca.com\/wp-content\/uploads\/2020\/06\/Cala-Rajada-scaled.jpg 2560w\" data-sizes=\"(max-width: 768px) 100vw, 768px\" src=\"data:image\/svg+xml;base64,PHN2ZyB3aWR0aD0iMSIgaGVpZ2h0PSIxIiB4bWxucz0iaHR0cDovL3d3dy53My5vcmcvMjAwMC9zdmciPjwvc3ZnPg==\" style=\"--smush-placeholder-width: 768px; --smush-placeholder-aspect-ratio: 768\/512;\" \/>\t\t\t\t\t\t\t\t\t\t\t<figcaption class=\"widget-image-caption wp-caption-text\">Cala Rajada<\/figcaption>\n\t\t\t\t\t\t\t\t\t\t<\/figure>\n\t\t\t\t\t\t\t\t\t<\/div>\n\t\t\t\t<\/div>\n\t\t\t\t<div class=\"elementor-element elementor-element-aa867f8 elementor-widget elementor-widget-image\" data-id=\"aa867f8\" data-element_type=\"widget\" data-widget_type=\"image.default\">\n\t\t\t\t<div class=\"elementor-widget-container\">\n\t\t\t\t\t\t\t\t\t\t\t\t<figure class=\"wp-caption\">\n\t\t\t\t\t\t\t\t\t\t<img decoding=\"async\" width=\"474\" height=\"355\" data-src=\"https:\/\/unsuisseamallorca.com\/wp-content\/uploads\/2020\/06\/Canyamel.jpg\" class=\"attachment-medium_large size-medium_large wp-image-4350 lazyload\" alt=\"\" data-srcset=\"https:\/\/unsuisseamallorca.com\/wp-content\/uploads\/2020\/06\/Canyamel.jpg 474w, https:\/\/unsuisseamallorca.com\/wp-content\/uploads\/2020\/06\/Canyamel-300x225.jpg 300w\" data-sizes=\"(max-width: 474px) 100vw, 474px\" src=\"data:image\/svg+xml;base64,PHN2ZyB3aWR0aD0iMSIgaGVpZ2h0PSIxIiB4bWxucz0iaHR0cDovL3d3dy53My5vcmcvMjAwMC9zdmciPjwvc3ZnPg==\" style=\"--smush-placeholder-width: 474px; --smush-placeholder-aspect-ratio: 474\/355;\" \/>\t\t\t\t\t\t\t\t\t\t\t<figcaption class=\"widget-image-caption wp-caption-text\">Canyamel<\/figcaption>\n\t\t\t\t\t\t\t\t\t\t<\/figure>\n\t\t\t\t\t\t\t\t\t<\/div>\n\t\t\t\t<\/div>\n\t\t\t\t<div class=\"elementor-element elementor-element-ef7ba0c elementor-widget elementor-widget-image\" data-id=\"ef7ba0c\" data-element_type=\"widget\" data-widget_type=\"image.default\">\n\t\t\t\t<div class=\"elementor-widget-container\">\n\t\t\t\t\t\t\t\t\t\t\t\t<figure class=\"wp-caption\">\n\t\t\t\t\t\t\t\t\t\t<img decoding=\"async\" width=\"512\" height=\"288\" data-src=\"https:\/\/unsuisseamallorca.com\/wp-content\/uploads\/2020\/06\/Cala-Millor.jpg\" class=\"attachment-medium_large size-medium_large wp-image-4348 lazyload\" alt=\"\" data-srcset=\"https:\/\/unsuisseamallorca.com\/wp-content\/uploads\/2020\/06\/Cala-Millor.jpg 512w, https:\/\/unsuisseamallorca.com\/wp-content\/uploads\/2020\/06\/Cala-Millor-300x169.jpg 300w\" data-sizes=\"(max-width: 512px) 100vw, 512px\" src=\"data:image\/svg+xml;base64,PHN2ZyB3aWR0aD0iMSIgaGVpZ2h0PSIxIiB4bWxucz0iaHR0cDovL3d3dy53My5vcmcvMjAwMC9zdmciPjwvc3ZnPg==\" style=\"--smush-placeholder-width: 512px; --smush-placeholder-aspect-ratio: 512\/288;\" \/>\t\t\t\t\t\t\t\t\t\t\t<figcaption class=\"widget-image-caption wp-caption-text\">Cala Millor<\/figcaption>\n\t\t\t\t\t\t\t\t\t\t<\/figure>\n\t\t\t\t\t\t\t\t\t<\/div>\n\t\t\t\t<\/div>\n\t\t\t\t<div class=\"elementor-element elementor-element-538484f elementor-widget elementor-widget-image\" data-id=\"538484f\" data-element_type=\"widget\" data-widget_type=\"image.default\">\n\t\t\t\t<div class=\"elementor-widget-container\">\n\t\t\t\t\t\t\t\t\t\t\t\t<figure class=\"wp-caption\">\n\t\t\t\t\t\t\t\t\t\t<img decoding=\"async\" width=\"768\" height=\"576\" data-src=\"https:\/\/unsuisseamallorca.com\/wp-content\/uploads\/2020\/06\/Es-Forti-\u00e0-Cala-dOr-768x576.jpg\" class=\"attachment-medium_large size-medium_large wp-image-4351 lazyload\" alt=\"\" data-srcset=\"https:\/\/unsuisseamallorca.com\/wp-content\/uploads\/2020\/06\/Es-Forti-\u00e0-Cala-dOr-768x576.jpg 768w, https:\/\/unsuisseamallorca.com\/wp-content\/uploads\/2020\/06\/Es-Forti-\u00e0-Cala-dOr-300x225.jpg 300w, https:\/\/unsuisseamallorca.com\/wp-content\/uploads\/2020\/06\/Es-Forti-\u00e0-Cala-dOr-1024x768.jpg 1024w, https:\/\/unsuisseamallorca.com\/wp-content\/uploads\/2020\/06\/Es-Forti-\u00e0-Cala-dOr-1536x1152.jpg 1536w, https:\/\/unsuisseamallorca.com\/wp-content\/uploads\/2020\/06\/Es-Forti-\u00e0-Cala-dOr-2048x1536.jpg 2048w, https:\/\/unsuisseamallorca.com\/wp-content\/uploads\/2020\/06\/Es-Forti-\u00e0-Cala-dOr-scaled.jpg 2560w\" data-sizes=\"(max-width: 768px) 100vw, 768px\" src=\"data:image\/svg+xml;base64,PHN2ZyB3aWR0aD0iMSIgaGVpZ2h0PSIxIiB4bWxucz0iaHR0cDovL3d3dy53My5vcmcvMjAwMC9zdmciPjwvc3ZnPg==\" style=\"--smush-placeholder-width: 768px; --smush-placeholder-aspect-ratio: 768\/576;\" \/>\t\t\t\t\t\t\t\t\t\t\t<figcaption class=\"widget-image-caption wp-caption-text\">Es Forti \u00e0 Cala d'Or<\/figcaption>\n\t\t\t\t\t\t\t\t\t\t<\/figure>\n\t\t\t\t\t\t\t\t\t<\/div>\n\t\t\t\t<\/div>\n\t\t\t\t<div class=\"elementor-element elementor-element-858c125 elementor-widget elementor-widget-image\" data-id=\"858c125\" data-element_type=\"widget\" data-widget_type=\"image.default\">\n\t\t\t\t<div class=\"elementor-widget-container\">\n\t\t\t\t\t\t\t\t\t\t\t\t<figure class=\"wp-caption\">\n\t\t\t\t\t\t\t\t\t\t<img decoding=\"async\" width=\"768\" height=\"574\" data-src=\"https:\/\/unsuisseamallorca.com\/wp-content\/uploads\/2020\/06\/Portocristo-768x574.jpg\" class=\"attachment-medium_large size-medium_large wp-image-4354 lazyload\" alt=\"\" data-srcset=\"https:\/\/unsuisseamallorca.com\/wp-content\/uploads\/2020\/06\/Portocristo-768x574.jpg 768w, https:\/\/unsuisseamallorca.com\/wp-content\/uploads\/2020\/06\/Portocristo-300x224.jpg 300w, https:\/\/unsuisseamallorca.com\/wp-content\/uploads\/2020\/06\/Portocristo-1024x765.jpg 1024w, https:\/\/unsuisseamallorca.com\/wp-content\/uploads\/2020\/06\/Portocristo-1536x1147.jpg 1536w, https:\/\/unsuisseamallorca.com\/wp-content\/uploads\/2020\/06\/Portocristo-2048x1530.jpg 2048w, https:\/\/unsuisseamallorca.com\/wp-content\/uploads\/2020\/06\/Portocristo-scaled.jpg 2560w\" data-sizes=\"(max-width: 768px) 100vw, 768px\" src=\"data:image\/svg+xml;base64,PHN2ZyB3aWR0aD0iMSIgaGVpZ2h0PSIxIiB4bWxucz0iaHR0cDovL3d3dy53My5vcmcvMjAwMC9zdmciPjwvc3ZnPg==\" style=\"--smush-placeholder-width: 768px; --smush-placeholder-aspect-ratio: 768\/574;\" \/>\t\t\t\t\t\t\t\t\t\t\t<figcaption class=\"widget-image-caption wp-caption-text\">Portocristo<\/figcaption>\n\t\t\t\t\t\t\t\t\t\t<\/figure>\n\t\t\t\t\t\t\t\t\t<\/div>\n\t\t\t\t<\/div>\n\t\t\t\t<div class=\"elementor-element elementor-element-308366e elementor-widget elementor-widget-image\" data-id=\"308366e\" data-element_type=\"widget\" data-widget_type=\"image.default\">\n\t\t\t\t<div class=\"elementor-widget-container\">\n\t\t\t\t\t\t\t\t\t\t\t\t<figure class=\"wp-caption\">\n\t\t\t\t\t\t\t\t\t\t<img decoding=\"async\" width=\"768\" height=\"512\" data-src=\"https:\/\/unsuisseamallorca.com\/wp-content\/uploads\/2020\/06\/Cala-Figuera-768x512.jpg\" class=\"attachment-medium_large size-medium_large wp-image-4345 lazyload\" alt=\"\" data-srcset=\"https:\/\/unsuisseamallorca.com\/wp-content\/uploads\/2020\/06\/Cala-Figuera-768x512.jpg 768w, https:\/\/unsuisseamallorca.com\/wp-content\/uploads\/2020\/06\/Cala-Figuera-300x200.jpg 300w, https:\/\/unsuisseamallorca.com\/wp-content\/uploads\/2020\/06\/Cala-Figuera-1024x683.jpg 1024w, https:\/\/unsuisseamallorca.com\/wp-content\/uploads\/2020\/06\/Cala-Figuera-1536x1024.jpg 1536w, https:\/\/unsuisseamallorca.com\/wp-content\/uploads\/2020\/06\/Cala-Figuera-2048x1365.jpg 2048w, https:\/\/unsuisseamallorca.com\/wp-content\/uploads\/2020\/06\/Cala-Figuera-scaled.jpg 2560w\" data-sizes=\"(max-width: 768px) 100vw, 768px\" src=\"data:image\/svg+xml;base64,PHN2ZyB3aWR0aD0iMSIgaGVpZ2h0PSIxIiB4bWxucz0iaHR0cDovL3d3dy53My5vcmcvMjAwMC9zdmciPjwvc3ZnPg==\" style=\"--smush-placeholder-width: 768px; --smush-placeholder-aspect-ratio: 768\/512;\" \/>\t\t\t\t\t\t\t\t\t\t\t<figcaption class=\"widget-image-caption wp-caption-text\">Cala Figuera<\/figcaption>\n\t\t\t\t\t\t\t\t\t\t<\/figure>\n\t\t\t\t\t\t\t\t\t<\/div>\n\t\t\t\t<\/div>\n\t\t\t\t\t<\/div>\n\t\t<\/div>\n\t\t\t\t<div class=\"elementor-column elementor-col-50 elementor-top-column elementor-element elementor-element-1836c8ea\" data-id=\"1836c8ea\" data-element_type=\"column\">\n\t\t\t<div class=\"elementor-widget-wrap elementor-element-populated\">\n\t\t\t\t\t\t<div class=\"elementor-element elementor-element-36ec126b elementor-widget elementor-widget-heading\" data-id=\"36ec126b\" data-element_type=\"widget\" data-widget_type=\"heading.default\">\n\t\t\t\t<div class=\"elementor-widget-container\">\n\t\t\t\t\t<h3 class=\"elementor-heading-title elementor-size-default\">Stations baln\u00e9aires<\/h3>\t\t\t\t<\/div>\n\t\t\t\t<\/div>\n\t\t\t\t<div class=\"elementor-element elementor-element-3177681 elementor-widget elementor-widget-text-editor\" data-id=\"3177681\" data-element_type=\"widget\" data-widget_type=\"text-editor.default\">\n\t\t\t\t<div class=\"elementor-widget-container\">\n\t\t\t\t\t\t\t\t\tPartons du nord pour parcourir cette c\u00f4te. Cala Mesquida est une belle plage dunaire, ses dunes vont loin \u00e0 l&rsquo;int\u00e9rieur et sont prot\u00e9g\u00e9es, un passerelle permet de les observer, elle est une des seules plages o\u00f9 se pratique le surf car les vents du nord et du nord-est l\u00e8vent de belles vagues. Cala Ratjada est un ancien port de p\u00eache qui est encore aujourd&rsquo;hui le deuxi\u00e8me plus important apr\u00e8s Palma, ratjada en catalan signifie \u00ab\u00a0raie\u00a0\u00bb un poisson abondant dans ces parages. Le tourisme y a prit ses quartiers, notamment des Allemands, et c&rsquo;est le point le plus oriental de l&rsquo;\u00eele et le plus proche de l&rsquo;\u00eele de Minorque. nous descendons maintenant vers Canyamel, village partag\u00e9 par une petite rivi\u00e8re: L&rsquo;Estany, une tour,et un site arch\u00e9ologique sont \u00e0 visiter, et pour les connaisseurs un golf pittoresque (18\/73) parcouru par des tortues m\u00e9diterran\u00e9ennes. Un peu plus bas l&rsquo;une des plus grandes station baln\u00e9aire de l&rsquo;\u00eele et la plus grande de la c\u00f4te orientale: Cala Millor. Forte communaut\u00e9 allemande et Oktoberfest organis\u00e9e\u2026, Grande plage ouverte au vent d&rsquo;ouest et souvent envahie de posidonie, une randonn\u00e9e sur la Punta de N&rsquo;amer, avec sa tour de garde, est tr\u00e8s agr\u00e9able. S&rsquo;Illot petite station pas tr\u00e8s moderne dans laquelle on trouve un village talayotique et une plage. A dix minutes se trouve Sa Coma et sa plage. Direction Porto Cristo (aussi port de Manacor), port naturel\u00a0 tr\u00e8s prot\u00e9g\u00e9 et port d&rsquo;attache du catamaran de R. Nadal. La plage de sable blanc est malheureusement tr\u00e8s pr\u00e9s du trafic maritime de l&rsquo;\u00e9t\u00e9, la population \u00e0 cette \u00e9poque double pour avoisiner les 15&rsquo;000 personnes. La tour des Faucons situ\u00e9e en bordure de falaises et qui a \u00e9t\u00e9 restaur\u00e9e offre une vue imprenable sur la baie et les villes c\u00f4ti\u00e8res avoisinantes, la grande attraction de Porto Cristo est sans doute ses grottes, deux de celles-ci ont \u00e9t\u00e9 am\u00e9nag\u00e9es pour les visites touristiques payantes: Coves dels Hams et Coves del Drach. Toute la c\u00f4te de falaises est parsem\u00e9e d&rsquo;autres grottes dont les entr\u00e9es sont au niveau de la mer ou au-dessous. Vingt km plus au sud nous voici \u00e0 Porto Colom qui est moins touristique, qui revendique comme bien d&rsquo;autres la naissance de C. Colomb,\u00a0 port naturel\u00a0 de p\u00eache situ\u00e9 dans une grande baie et qui est un des plus importants de l&rsquo;\u00eele, elle poss\u00e8de \u00e9galement une des vieilles villes les plus pr\u00e9serv\u00e9e de l&rsquo;\u00eele. Les plages sont situ\u00e9es en dehors de la baie et plusieurs calas sont atteignables par des sentiers. Plus au sud nous arrivons \u00e0 Cala d&rsquo;Or, la premi\u00e8re station touristique construite sur cette c\u00f4te en 1930, elle se voulait l&rsquo;image d&rsquo;un village d&rsquo;Ibiza, maisons basses, cubiques, toits en terrasse, peinte en blanc et aux volets verts. Les plages de dimensions r\u00e9duites se trouvent au fond de calas et de sable blanc. La seule construction historique construite en 1730 est Es Forti qui prot\u00e9geait l&rsquo;entr\u00e9e de la baie. A quinze km au sud Portopetro est un port de p\u00eache situ\u00e9 dans une baie naturelle, similaire \u00e0 Porto Colom, le village est moins touristique et moins anim\u00e9 que Cala d&rsquo;Or , on y trouve deux plages \u00e0 proximit\u00e9 du port. Celle de la Cal del Homes Morts est la plus agr\u00e9able. Bord\u00e9e par une pin\u00e8de (quelques h\u00f4tels autour), elle est situ\u00e9e dans une baie quasi-ferm\u00e9e et bien prot\u00e9g\u00e9e. Elle est appr\u00e9ci\u00e9e pour son sable fin mais aussi son calme. Elle est en pente douce et convient aux familles avec des enfants en bas-\u00e2ges. Portopetro est \u00e0 l\u2019\u00e9cart des zones les plus anim\u00e9es de Majorque. On y vient pour se ressourcer et profiter de son calme. Puis vient la r\u00e9serve de Mondrago, magnifique site naturel o\u00f9 nous pouvons varier les plaisirs, 4 sentiers pour de petites randonn\u00e9es, 3 superbes plages de sable, quelques places de pique-nique, une zone de caf\u00e9s et restaurant b\u00e2tie avant la cr\u00e9ation du parc, un \u00e9tang et des constructions d&rsquo;int\u00e9r\u00eats ethnographiques. Faune et flore vous attendent pour y passer plus d&rsquo;une journ\u00e9e. Plus au sud Cala Figuera est un petit port de p\u00eache \u00e9pargn\u00e9 par le tourisme et qui garde tout son charme. c&rsquo;est \u00e9galement d&rsquo;ici que furent emmen\u00e9es les fameuses pierres de Santanyi pour la construction de la cath\u00e9drale de Palma. Ce port est tr\u00e8s pittoresque et l&rsquo;arriv\u00e9e des chalutiers d\u00e9chargeant leur cargaison de poissons est \u00e0 voir. Et puis nous voil\u00e0 \u00e0 Cala Llombards qui fait partie des plus belles plages de l\u2019Est de Majorque. Cette enclave de sable offre un cadre paradisiaque avec un sable fin, une eau turquoise, des pins et des rochers tout autour. Sur le c\u00f4t\u00e9, quelques anciennes maisons de p\u00eacheurs laissent imaginer ce que devait \u00eatre Majorque avant les ann\u00e9es 60. La plage est connue et tr\u00e8s fr\u00e9quent\u00e9e en \u00e9t\u00e9 et c\u2019est largement m\u00e9rit\u00e9\u00a0! Sur le c\u00f4t\u00e9 droit, un sentier am\u00e9nag\u00e9 sur les rochers permet de rejoindre l\u2019extr\u00e9mit\u00e9 de la calanque. C\u2019est un spot utilis\u00e9 pour faire des plongeons, des \u00e9chelles permettent de remonter facilement. N\u2019oubliez pas vos masques et tubas, les fonds sont riches dans le secteur.\t\t\t\t\t\t\t\t<\/div>\n\t\t\t\t<\/div>\n\t\t\t\t\t<\/div>\n\t\t<\/div>\n\t\t\t\t\t<\/div>\n\t\t<\/section>\n\t\t\t\t<section class=\"elementor-section elementor-top-section elementor-element elementor-element-8aa16f4 elementor-section-content-middle elementor-reverse-mobile elementor-section-boxed elementor-section-height-default elementor-section-height-default\" data-id=\"8aa16f4\" data-element_type=\"section\">\n\t\t\t\t\t\t<div class=\"elementor-container elementor-column-gap-default\">\n\t\t\t\t\t<div class=\"elementor-column elementor-col-50 elementor-top-column elementor-element elementor-element-b5f2df4\" data-id=\"b5f2df4\" data-element_type=\"column\">\n\t\t\t<div class=\"elementor-widget-wrap elementor-element-populated\">\n\t\t\t\t\t\t<div class=\"elementor-element elementor-element-0d95cc2 elementor-widget elementor-widget-heading\" data-id=\"0d95cc2\" data-element_type=\"widget\" data-widget_type=\"heading.default\">\n\t\t\t\t<div class=\"elementor-widget-container\">\n\t\t\t\t\t<h3 class=\"elementor-heading-title elementor-size-default\">Les calas<\/h3>\t\t\t\t<\/div>\n\t\t\t\t<\/div>\n\t\t\t\t<div class=\"elementor-element elementor-element-77e5a25 elementor-widget elementor-widget-text-editor\" data-id=\"77e5a25\" data-element_type=\"widget\" data-widget_type=\"text-editor.default\">\n\t\t\t\t<div class=\"elementor-widget-container\">\n\t\t\t\t\t\t\t\t\tIci nous allons parler que des calas qui sont atteignables depuis la terre ferme et ce par des chemins\u00a0 relativement faciles. Les calas qui sont \u00e9galement des stations baln\u00e9aires sont pr\u00e9sent\u00e9es dans l&rsquo;autre chapitre ci-dessus. Attention certaines calas portent le m\u00eame nom bien que ne se trouvant pas dans la m\u00eame r\u00e9gion de l&rsquo;\u00eele.<p>\n\n<p><b> Cala Molto: <\/b> Plage de sable, longueur de la plage: 10 m\u00e8tres, largeur moyenne: 10 m\u00e8tres, degr\u00e9 d&rsquo;occupation: bas, type de plage: isol\u00e9e, Conditions de baignade: eaux tranquilles. Cala Molt\u00f3, \u00e9galement appel\u00e9e Es Guy\u00f3, est une crique rocheuse avec une petite zone de sable et un fond marin compl\u00e8tement sablonneux qui ressemble \u00e0 une piscine naturelle en raison de son eau claire toute l&rsquo;ann\u00e9e. Elle est situ\u00e9 \u00e0 quelques m\u00e8tres au nord de Cala Agulla. Paysage paradisiaque et de solitude pour le vacancier, hautement recommand\u00e9e. La profondeur est de seulement cinq m\u00e8tres. La plage est facile d\u2019acc\u00e8s, \u00e0 part le fait de faire \u00e0 pied les derniers cinq cents m\u00e8tres. Il suffit de suivre la signalisation jusqu\u2019\u00e0 la d\u00e9viation de Cala Agulla, embranchement vers le village de Capdepera et Cala Ratjada. Un parking payant est disponible pour les voitures. Le secteur n\u2019offre pas d\u2019infrastructures et reste vierge de toute installation.\u00a0Les baigneurs locaux affluent vers cette calanque, on y pratique le nudisme, notamment. On peut effectuer une excursion vers Cala Mesquida, soit un parcours d\u2019une dizaine de kilom\u00e8tres.<p>\n\n<b>Cala Agulla :<\/b> Plage de sable, Longueur de la plage:520 m\u00e9tres, largeur moyenne: 50 m\u00e8tres degr\u00e9 d&rsquo;occupation: bas, type de plage: isol\u00e9e, Conditions de baignade: eaux tranquilles. Cala Agulla est une belle plage de sable et de rochers situ\u00e9e au nord du lotissement de Cala Lliteres, Capdepera. C&rsquo;est une plage tr\u00e8s propre malgr\u00e9 le grand nombre de touristes qui viennent chaque jour. Le restaurant est situ\u00e9 sur la plage. C&rsquo;est une plage tr\u00e8s touristique et satur\u00e9e, mais il n&rsquo;y a aucun probl\u00e8me de parking. Tarif parking 4 euros par jour.<p>\n\n<strong>Cala Gat :<\/strong> Plage de sable, Longueur de la plage: 30 m\u00e8tres, Largeur moyenne: 10 m\u00e8tres, Degr\u00e9 d&rsquo;occupation: bas , Type de plage: isol\u00e9e, Conditions de baignade: eaux tranquilles. Cala Gat se trouve \u00e0 c\u00f4t\u00e9 de sa Torre Cega et \u00e0 deux kilom\u00e8tres de Capdepera. Ce lotissement a \u00e9t\u00e9 commenc\u00e9 dans les ann\u00e9es soixante-dix du XXe si\u00e8cle. Actuellement il y a des r\u00e9sidences secondaires et un petit h\u00f4tel. Sa Torre Cega \u00e9tait une fortification de vigilance contre les incursions de pirates maures depuis le XVIe si\u00e8cle. En 1911 elle a \u00e9t\u00e9 reconvertie en Palau d\u2019en March (qu\u2019on peut visiter), une famille accommod\u00e9e qui en a fait une maison-mus\u00e9e (collection exceptionnelle de 40 sculptures) et un jardin botanique (60.000 m\u00e8tres carr\u00e9s). Cette plage est petite, tranquille et belle, cercl\u00e9e par des tamarix et des palmiers nain, et invite \u00e0 nager dans son eau transparente. L&rsquo;installation portuaire la plus proche est \u00e0 0,4 mille nautique, le Club N\u00e0utic Cala Ratjada.\nL&rsquo;acc\u00e8s par la route est facile en suivant la signalisation routi\u00e8re jusqu\u2019au phare de Capdepera. L\u00e0 on prendra la d\u00e9viation qui descend par une pente prononc\u00e9e jusqu\u2019\u00e0 la calanque. On pourra garer sa voiture gratuitement dans les abords. On peut \u00e9galement s\u2019y rendre \u00e0 pied en faisant une promenade agr\u00e9able depuis le port de Cala Ratjada.\nSes caract\u00e9ristiques morphologiques et les conditions d&rsquo;accessibilit\u00e9 expliquent l&rsquo;affluence massive de baigneurs locaux.\nDepuis Cala Gat on peut visiter sa Punta des Fall ou la Cova des Castell\u00e0s qui se trouvent en dessous de el Punjol et la Punta des Castell\u00e0s.<p>\n\n<strong>Cala Petita:\u00a0<\/strong> Plage de sable,\nlongueur de la plage: 45 m\u00e8tres, largeur moyenne: 12 m\u00e8tres, degr\u00e9 d&rsquo;occupation: bas , type de plage: urbaine, conditions de baignade: eaux tranquilles. Cala Petita est une crique de sable et de roches situ\u00e9e \u00e0 Portocristo. C&rsquo;est un joli petit endroit sans ombres. Vous devez suivre un chemin pour vous rendre \u00e0 la crique. Deux endroits o\u00f9 nous pouvons nous garer au bout de l&rsquo;avenue \u00ab\u00a0Cala Petita\u00a0\u00bb dans la m\u00eame urbanisation de Porto Cristo. Petite crique peu fr\u00e9quent\u00e9e. Acc\u00e8s par un chemin tr\u00e8s d\u00e9sordonn\u00e9 en raison du nombre \u00e9lev\u00e9 de d\u00e9tours. Le trajet \u00e0 pied dure environ 15 ou 20 minutes. Il n&rsquo;y a pas de restaurants proche de la zone.<p>\n\n<strong>Cala Falco :\u00a0<\/strong> Plage de sable; longueur de la plage: 30 m\u00e8tres, largeur moyenne: 60 m\u00e8tres, degr\u00e9 d&rsquo;occupation: bas, type de plage: isol\u00e9e, conditions de baignade: eaux tranquilles. Cala Falc\u00f3 est une crique de sable et de rochers situ\u00e9e entre les quartiers r\u00e9sidentiels de Cala Rom\u00e1ntica et Cales de Mallorca, \u00e0 Manacor. C&rsquo;est dans une zone de grottes, toutes deux accessibles depuis la mer et \u00e0 pied. On y acc\u00e8de \u00e0 pied depuis Cala Varques ou depuis S&rsquo;Estany d&rsquo;en Mas. La Cala tr\u00e8s petite est peu fr\u00e9quent\u00e9e. Nous pouvons trouver une petite grotte \u00e0 partir du sol, juste \u00e0 gauche de la crique lorsque nous regardons la mer. \u00c0 l&rsquo;int\u00e9rieur, il y a deux cavit\u00e9s, l&rsquo;une avec une petite piscine. Une autre caverne est \u00e0 droite, mais vous devez aller dans la mer, cette cavit\u00e9 a trois grandes cavit\u00e9s et il n&rsquo;est pas n\u00e9cessaire de plonger pour y acc\u00e9der.<p>\n\n<strong>Cala Varques :\u00a0<\/strong>Plage de sable; longueur de la plage: 85 m\u00e8tres, largeur moyenne: 40 m\u00e8tres, degr\u00e9 d&rsquo;occupation: haut, type de plage: urbaine, conditions de baignade: mer forte. Cala Varques se trouve \u00e0 12 kilom\u00e8tres de Portocristo.\nCette plage vierge est le produit d\u2019une entr\u00e9e de mer rectangulaire dont les \u00e9pis naturels sont peu \u00e9lev\u00e9s et couronn\u00e9es de pins et de maquis. Sa c\u00f4te orientale se divise en deux plages paradisiaques et tranquilles de petite taille, s\u00e9par\u00e9es par cent cinquante m\u00e8tres de rochers aux cr\u00eates affil\u00e9es.\nLa calanque occidentale est plus petite que sa voisine. Son sable fin et blanc est entour\u00e9 par un amphith\u00e9\u00e2tre rocheux, derri\u00e8re lequel se divisent maquis et l\u2019embouchure du lit du torrent qui \u00e9tait \u00e0 son origine. La calanque orientale, par contre, regroupe, dans sa partie arri\u00e8re, une pin\u00e8de, qui envahit sa belle plage et dans ses environs on d\u00e9couvre un arc naturel ainsi qu\u2019une grotte immense. La meilleure option pour arriver \u00e0 ce coude est la mer. Les conditions sous-marines sont adapt\u00e9es au mouillage d\u2019embarcations sur plus de six m\u00e8tres de profondeur \u00e0 200 m\u00e8tres du rivage sur fond sableux couvert d\u2019eau cristalline. A 3,6 milles nautiques se trouve l\u2019installation portuaire la plus proche, le port Portocristo. L\u2019acc\u00e8s par terre se pr\u00e9sente plus difficile et il faudra s\u2019en approcher \u00e0 pied, une promenade d\u2019environ 15 minutes, par un sentier peu confortable, entre pins et pr\u00e8s du lit du torrent qui a form\u00e9 cette plage. Ces inconv\u00e9nients expliquent que l\u2019affluence de baigneurs soit faible et que ceux-ci soient les r\u00e9sidents de la zone. On y pratique le nudisme bien qu\u2019il soit interdit.<p>\n\n<strong>Cala Sequer :\u00a0<\/strong> Plage de sable et de gravier, longueur de la plage: 30 m\u00e8tres, largeur moyenne: 10 m\u00e8tres, degr\u00e9 d&rsquo;occupation: bas, type de plage: isol\u00e9e, conditions de baignade: eaux tranquilles. Cala Sequer est une crique de sable et de rochers situ\u00e9e entre les urbanisations de Cala Rom\u00e1ntica et Cales de Mallorca, \u00e0 Manacor.Il est difficile d&rsquo;acc\u00e9der \u00e0 pied derri\u00e8re une ferme.Ils pratiquent g\u00e9n\u00e9ralement le nudisme. Longue distance \u00e0 pied avec une pente, nous vous conseillons de porter de bonnes chaussures.<p>\n\n<strong>Cala Magraner :\u00a0<\/strong> Plage de sable, longueur de la plage: 60 m\u00e8tres, largeur moyenne: 80 m\u00e8tres, degr\u00e9 d&rsquo;occupation: bas , type de plage: isol\u00e9e, conditions de baignade: eaux tranquilles. Les trois baies \u00e9troites Cala Magraner, Cala Pilota et Cala Virgili se faufilent au milieu d&rsquo;un paysage plat dens\u00e9ment couvert d&rsquo;arbres et d&rsquo;arbustes \u00e0 quelques m\u00e8tres seulement. Ils ont pris naissance l\u00e0 o\u00f9 les torrents se d\u00e9versent dans la mer. En voiture, vous devez pr\u00e9voir une plus longue marche jusqu&rsquo;aux plages. Le stationnement est disponible \u00e0 un portail qui emp\u00eache les pi\u00e9tons de continuer leur voyage en voiture. De l\u00e0, vous continuez \u00e0 pied le long d&rsquo;un chemin de gravier. Ainsi, vous pouvez faire du sport directement pendant vos vacances \u00e0 Majorque. Selon la plage vers laquelle vous vous dirigez, vous devrez parcourir deux \u00e0 trois kilom\u00e8tres. Aucune des baies n&rsquo;est signal\u00e9e le long du chemin. A la derni\u00e8re grande bifurcation de la route, vous pouvez choisir l&rsquo;une des baies : A gauche se trouve la plus grande des trois baies, Cala Magraner, et la plus petite baie de Cala Pilota, tout droit vers Cala Virgili et \u00e0 droite une autre plage populaire de Majorque, Cala Bota.<p>\n\n<strong>Cala Pilota :\u00a0<\/strong> Plage de sable blanc, longueur de la plage: 30 m\u00e8tres, largeur moyenne: 25 m\u00e8tres, degr\u00e9 d&rsquo;occupation: bas, type de plage: isol\u00e9e, conditions de baignade: eaux tranquilles. Cala Pilota est une crique de pierres situ\u00e9e \u00e0 mi-chemin entre les d\u00e9veloppements de Cales de Mallorca et de Cala Rom\u00e1ntica pr\u00e8s de Manacor. C&rsquo;est une crique \u00e0 laquelle on acc\u00e8de par un chemin entre des terres priv\u00e9es. Cala Bota, Virgili et Pilota sont accessibles, mais chacune a son propre chemin. Il faut traverser des terres priv\u00e9es, il y a un chemin pour aller \u00e0 la plage. Nous devons laisser la voiture \u00e0 l&rsquo;entr\u00e9e du domaine C&rsquo;an Roig.<p>\n\n<strong>Cala Virgili :\u00a0<\/strong> Plage de sable, longueur de la plage: 33 m\u00e8tres, largeur moyenne: 20 m\u00e8tres, degr\u00e9 d&rsquo;occupation: bas , type de plage: isol\u00e9e, Conditions de baignade: eaux tranquilles. Cala Virgili est une crique de pierres avec un fond de sable situ\u00e9 pr\u00e8s de Cales de Mallorca \u00e0 Manacor. C&rsquo;est une zone \u00e0 laquelle on acc\u00e8de apr\u00e8s une courte excursion, puisque vous devez vous rendre \u00e0 pied sur un terrain priv\u00e9 par un passage. L&rsquo;excursion nous conduira \u00e0 trois criques: Cala Bota, Virgili et Pilota. On y acc\u00e8de par une longue promenade sur le domaine de C&rsquo;an Roig. Nous devons suivre le deuxi\u00e8me d\u00e9tour de la route principale sur notre droite. Il y a une petite maison de vieux p\u00eacheurs en mauvais \u00e9tat, nous vous recommandons de ne pas entrer en raison du danger d\u2019\u00e9boulement.<p>\n\n<strong>Cala Bota:\u00a0<\/strong>Plage de sable, longueur de la plage: 70 m\u00e8tres, largeur moyenne: 6 m\u00e8tres, degr\u00e9 d&rsquo;occupation: bas, type de plage: isol\u00e9e, conditions de baignade: eaux tranquilles. La plage naturelle de Cala Bota est bien cach\u00e9e dans une r\u00e9serve naturelle, entour\u00e9e d&rsquo;une for\u00eat de pins luxuriante. Le voyage se fait \u00e0 partir d&rsquo;une petite route et m\u00e8ne par la zone d&rsquo;une propri\u00e9t\u00e9 priv\u00e9e. Mais ne vous inqui\u00e9tez pas, pour se rendre \u00e0 la plage, il est permis d&rsquo;entrer dans le chemin. Seuls quelques habitants et encore moins de vacanciers viennent ici. Une idylle merveilleuse vous attend sur cette petite plage de galets, entour\u00e9e d&rsquo;un beau paysage naturel. Apportez tout ce dont vous avez besoin pour une journ\u00e9e de plage r\u00e9ussie, car il n&rsquo;y a rien d&rsquo;autre que de la nature pure. La petite baie est bien cach\u00e9e dans une zone foresti\u00e8re prot\u00e9g\u00e9e. Pour y arriver, vous devez garer votre voiture sur la route, puis marcher le long d&rsquo;une route de gravier d&rsquo;un kilom\u00e8tre de long, parfois escarp\u00e9e, \u00e0 travers la propri\u00e9t\u00e9 priv\u00e9e d&rsquo;une finca.<p>\n\n<strong>Cala S&rsquo;algar :<\/strong> Plage de rochers,longueur de la plage: 70 m\u00e8tres, largeur moyenne 6 m\u00e8tres, degr\u00e9 d&rsquo;occupation: bas, type de plage: isol\u00e9e, Conditions de baignade: eaux tranquilles. La Plage ou Cala de s\u2019Algar se trouve au versant oriental de la Punta de ses Crestes, une p\u00e9ninsule qui sert de jet\u00e9e naturelle au port de Portocolom, entre sa Cova Gran et Cova des Bufador. C\u2019est la premi\u00e8re calanque situ\u00e9e en dehors de la baie du port felanitxer \u00e0 son bord gauche. Et c\u2019est la derni\u00e8re plage de la commune de Felanitx avoisinante \u00e0 la commune de Manacor. L\u2019origine du nom de cette plage rappelle l\u2019accumulation d\u2019algues que pr\u00e9sente d\u2019habitude son talus. Autrefois, cette abondance d\u2019esp\u00e8ces v\u00e9g\u00e9tales sous-marines \u00e9tait appr\u00e9ci\u00e9e par les agriculteurs du coin puisqu\u2019ils les ramassaient pour les utiliser comme engrais sur leurs terres de cultures.\nCette plage aux grains fins fait partie d\u2019une petite rade et pr\u00e9sente une particularit\u00e9 : le talus de la plage de s\u2019Algar aura du sable ou non suivant les temp\u00eates qu\u2019on enregistrera au cours de l\u2019ann\u00e9e. Les environs de chaque crique abondent en terrains rocheux accompagn\u00e9s des buissons r\u00e9sistants.\nL\u2019acc\u00e8s \u00e0 ce littoral par la route est facile. Il suffit de suivre la signalisation routi\u00e8re vers Portocolom et l\u2019on pourra garer la voiture dans les environs des rochers pr\u00e8s de la plage.\nLes caract\u00e9ristiques d\u00e9crites plus haut font que l\u2019affluence de baigneurs est faible, ses visiteurs sont notamment les p\u00eacheurs, les habitants de Felanitx et les vacanciers qui se d\u00e9placent jusqu\u2019ici pour jouir de ses eaux limpides.<p>\n\n<strong>Cala Brafi :<\/strong> Plage de sable,\nlongueur de la plage: 40 m\u00e8tres, largeur moyenne: 20 m\u00e8tres, degr\u00e9 d&rsquo;occupation: bas, type de plage: isol\u00e9e, conditions de baignade: eaux tranquilles.Cala Brafi est \u00e0 deux kilom\u00e8tres de Portocolom. Cette manche avance 130 m\u00e8tres dans les terres, a une largeur moyenne de 50 m\u00e8tres, et aboutit en une plage commode dans un environnement vierge. Il y a seulement un escar construit entre un paysage d\u2019escarpements peu \u00e9lev\u00e9s et puis des pins, des lentisques, des oliviers sauvages, des cistes et du gen\u00e9vrier sabine.\nCette plage du littoral felanitxer, parsem\u00e9e de rochers, se caract\u00e9rise par ses dimensions r\u00e9duites, ce qui causer quelque probl\u00e8me pour \u00e9tendre la serviette de bain, pour trouver du calme et pratiquer le nudisme.\nL&rsquo;acc\u00e8s par voie terrestre se r\u00e9alise \u00e0 pied. On peut garer sa voiture sous les pins, une place pour une demi-douzaine de voitures, \u00e0 550 m\u00e8tres de distance de Cala Brafi dans les environs du lotissement de Cala Mar\u00e7al. Cette marche se fera sur des sentiers en mauvais \u00e9tat o\u00f9 il faudra surmonter des obstacles jusqu&rsquo;\u00e0 \u00e0 ce qu&rsquo;on finit par mettre pied sur cette plage parsem\u00e9e de rochers. Cette situation difficile fait que l&rsquo;affluence de touristes \u00e0 cette plage est faible.<p>\n\n<strong>Cala Estreta :<\/strong> Plage de rochers, longueur de la plage: 30 m\u00e8tres, largeur moyenne: 10 m\u00e8tres, degr\u00e9 d&rsquo;occupation: bas, type de plage: isol\u00e9e, Conditions de baignade: eaux tranquilles. Cala Estreta est une crique vierge et rocheuse avec un grand int\u00e9r\u00eat sc\u00e9nique. Situ\u00e9e \u00e0 environ 11 km de la ville d&rsquo;Art\u00e0. C&rsquo;est un tr\u00e8s bel endroit, compos\u00e9 d&rsquo;une petite plage \u00e9troite aux eaux cristallines et entour\u00e9 d&rsquo;un environnement naturel spectaculaire. La crique n&rsquo;est g\u00e9n\u00e9ralement pas tr\u00e8s fr\u00e9quent\u00e9e, elle est id\u00e9ale pour ceux qui appr\u00e9cient la tranquillit\u00e9. De plus, nous soulignons la transparence de ses eaux, qui refl\u00e8tent les zones rocheuses de ses environs. Il vaut la peine d&rsquo;aller dans ce coin oubli\u00e9 de l&rsquo;\u00eele, pour profiter du charme et de l&rsquo;inspiration de l&rsquo;environnement qui entoure la crique. Prot\u00e9g\u00e9e entre des falaises moyennes \u00e0 hautes, ses eaux sont prot\u00e9g\u00e9es de la houle mod\u00e9r\u00e9e de la r\u00e9gion.<p>\n<strong>Cala Sanau :\u00a0<\/strong>Plage de sable, longueur de la plage: 80 m\u00e8tres, largeur moyenne: 50 m\u00e8tres, degr\u00e9 d&rsquo;occupation: bas , type de plage: isol\u00e9e, cconditions de baignade: eaux tranquilles. Cala sa Nau est une crique de sable, de pierre et de roche situ\u00e9e entre Portopetro et Portocolom, \u00e0 Felanitx. C&rsquo;est une petite crique avec beaucoup d&rsquo;ombre de pins. Cala hautement recommand\u00e9e. Le vendredi et le dimanche soir, des concerts sont organis\u00e9s. Cuisine du march\u00e9 au restaurant Cala sa Nau.<p>\n\n<strong>Cala Mitjana :\u00a0<\/strong>Plage de sable,\nlongueur de la plage: 30 m\u00e8tres, largeur moyenne: 10 m\u00e8tres, degr\u00e9 d&rsquo;occupation: bas, type de plage: isol\u00e9e, conditions de baignade: eaux tranquilles. Cala Mitjana se trouve \u00e0 deux kilom\u00e8tres de Cala d&rsquo;Or. Cette belle calanque \u00e9troite se divise en deux bras, celui de gauche entre quelque 70 m\u00e8tres dans les terres pour se convertir ensuite en une crique rocheuse sans plage alors que celui de droite avance 120 m\u00e8tres pour aboutir en une belle plage tranquille, acueillante, de sable blanc et fin d\u2019une vingtaine de m\u00e8tres entre falaises, rochers, pins et arbustes qui camouflent un lotissement, cach\u00e9 \u00e0 la mer ouverte et d&rsquo;acc\u00e8s difficile par des chemins compliqu\u00e9s. L&rsquo;acc\u00e8s par terre se fait \u00e0 pied. Ceci explique l\u2019affluence faible de touristes et de baigneurs locaux. L&rsquo;itin\u00e9raire le plus simple, bien que risqu\u00e9, part depuis cala sa Nau. On marchera 20 minutes en serpentant le littoral par un sentier incommode et rocheux ; une chute peut \u00eatre fatale. Une autre possibilit\u00e9 sera de suivre la route depuis s&rsquo;Horta jusqu&rsquo;au panneau indicateur vers Cala F\u00e9. Une fois arriv\u00e9 il faudra traverser la finca priv\u00e9e et d&rsquo;entr\u00e9e restreinte qui m\u00e8nera directement \u00e0 Cala Mitjana.<p>\n\n<strong>Calo del Moro :<\/strong> Plage de sable, Longueur de la plage: 30 m\u00e8tres, largeur moyenne: 20 m\u00e8tres, degr\u00e9 d&rsquo;occupation: bas, type de plage: isol\u00e9e, conditions de baignade: eaux mod\u00e9r\u00e9es. El Cal\u00f3 des Moro, \u00e0 8,5 kilom\u00e8tres de Santany\u00ed, est la plus fr\u00e9quent\u00e9e de toutes les plages de la zone. On l\u2019appelle aussi, par erreur, par le nom de la voisine s\u2019Almunia. Ce littoral vierge, embo\u00eet\u00e9 entre hautes parois recouvertes de pins, de buissons, de gen\u00eats et de lentisques, est de sable parsem\u00e9 de grands rochers. Cette physionomie change selon l\u2019intensit\u00e9 des temp\u00eates puisque les courants marins emportent le limon au-dessous de la mer \u00e9liminant l\u2019espace du solarium. Si nous y ajoutons ses dimensions r\u00e9duites, l\u2019affluence des baigneurs, il est clair que trouver un espace libre pour \u00e9tendre sa serviette de bain peut devenir tout un probl\u00e8me. Ses eaux cristallines, ouvertes aux vents d\u2019est-sud-est font ressortir un fond sableux excellent pour la pratique de la plong\u00e9e et pour y mouiller de petites embarcations, \u00e0 une profondeur pr\u00e8s du littoral qui oscille entre trois et quatre m\u00e8tres. A deux milles nautiques se trouve l\u2019installation portuaire, le port de Cala Figuera de Santany\u00ed. Pour acc\u00e9der par la route \u00e0 ce bel endroit, il faudra garer, gratuitement, la voiture \u00e0 c\u00f4t\u00e9 des petites maisons de sa Comuna (\u00e0 1,1 kilom\u00e8tres depuis le d\u00e9but de la route qui m\u00e8ne vers s\u2019Almunia et \u00e0 un demi kilom\u00e8tre de la mer). On continue \u00e0 pied 400 m\u00e8tres par un sentier qui commence avant la fin de la route et qui \u00e9vite la d\u00e9nivellation tr\u00e8s prononc\u00e9e de la falaise qui nous conduit jusqu\u2019\u00e0 cette plage rocheuse. Ces obstacles font qu\u2019il y a une affluence moyenne de touristes et de baigneurs locaux.<p>\n\n<strong>Cala S&rsquo;Almunia : <\/strong> Plage de galets, longueur de la plage: 30 m\u00e8tres , largeur moyenne: 10 m\u00e8tres, degr\u00e9 d&rsquo;occupation: bas, type de plage: isol\u00e9e, conditions de baignade: mer mod\u00e9r\u00e9e.\u00c0 8,5 kilom\u00e8tres de Santany\u00ed, sculpt\u00e9e par la mer et le vent dans le rocher dont les rares parties lisses sont utilis\u00e9es par les baigneurs comme solariums. L\u2019acc\u00e8s \u00e0 l\u2019eau se fait en utilisant les rampes pour descendre les embarcations \u00e0 la mer. Les profondeurs entre quatre et cinq m\u00e8tres sur un fond sableux avec quelques rochers isol\u00e9s et avec un bas-fond \u00e0 surveiller. Sa beaut\u00e9 sous-marine convertit cette zone en un excellent endroit pour la pratique de la plong\u00e9e. Arriver \u00e0 s\u2019Almunia par la route est compliqu\u00e9. Une fois gar\u00e9e la voiture gratuitement \u00e0 c\u00f4t\u00e9 des petites maisons de sa Comuna, il faudra marcher quelque 200 m\u00e8tres, descendre quelques escaliers \u00e0 d\u00e9nivellation prononc\u00e9e et tourner vers la gauche pour acc\u00e9der \u00e0 cette partie de plage de r\u00eave. Etant donn\u00e9 que l\u2019accessibilit\u00e9 est probl\u00e9matique, l\u2019affluence de baigneurs est faible.<p>\n\n<strong>Cala Figuereta :\u00a0<\/strong>Longueur de la plage: 50 m\u00e8tres, largeur moyenne: 10 m\u00e8tres, degr\u00e9 d&rsquo;occupation: bas, type de plage: isol\u00e9e, conditions de baignade: mer mod\u00e9r\u00e9e. Cala Figuereta est une crique de roches situ\u00e9e \u00e0 mi-chemin entre le phare de Ses Salines et Cala Llombards. C&rsquo;est un endroit \u00e0 visiter, depuis Cala Marmols mais ne pas descendre \u00e0 l&rsquo;anse. Il y a une longue marche. Le voyage est plus facile depuis Cala s&rsquo;Almunia.<p>\n\n<strong>Cala Marmols : <\/strong>Plage de sable, longueur de la plage: 40 m\u00e8tres, largeur moyenne: 35 m\u00e8tres, degr\u00e9 d&rsquo;occupation: bas, type de plage: isol\u00e9e, conditions de baignade: mer mod\u00e9r\u00e9e.Cal\u00f3 dels M\u00e0rmols se trouve \u00e0 14 kilom\u00e8tres de ses Salines. Son nom comme celui du torrent, presque toujours sec, qui aboutit dans ses eaux vient de la blancheur du sable et des rochers qui l\u2019entourent (m\u00e0rmols signifie marbre). \u00c9blouissante plage vierge qui se trouve coinc\u00e9e entre des falaises de 20 m\u00e8tres de hauteur, lui donnant une forme triangulaire, expos\u00e9e aux vents d\u2019est-sud-ouest-sud. Son eau limpide et transparente dispose d\u2019un fond de sable, m\u00eal\u00e9 au gravier et aux galets. Sa profondeur oscille entre trois et quatre m\u00e8tres. Y aller \u00e0 pied depuis le Cap de ses Salines (une excursion de cinq kilom\u00e8tres entre petites falaises) ou en traversant la finca priv\u00e9e du Rafal des Porcs (il faudra parcourir 2,5 kilom\u00e8tres par un chemin de terre) apr\u00e8s avoir demand\u00e9 l\u2019autorisation et de l\u2019information, car faute de signalisation on peut facilement s\u2019y perdre. La finca Rafal des Porces est une des propri\u00e9t\u00e9s les plus \u00e9tendues de la commune de Santany\u00ed car elle occupe la totalit\u00e9 du littoral qui s\u2019\u00e9tend depuis le Cal\u00f3 des M\u00e0rmols jusqu\u2019\u00e0 Cala Figuereta. Des pins, du gen\u00e9vrier sabine, des oliviers sauvages et la v\u00e9g\u00e9tation propre au maquis forment la v\u00e9g\u00e9tation pr\u00e9pond\u00e9rante dans cette section de la c\u00f4te.\t\t\t\t\t\t\t\t<\/div>\n\t\t\t\t<\/div>\n\t\t\t\t\t<\/div>\n\t\t<\/div>\n\t\t\t\t<div class=\"elementor-column elementor-col-50 elementor-top-column elementor-element elementor-element-ec8b208\" data-id=\"ec8b208\" data-element_type=\"column\">\n\t\t\t<div class=\"elementor-widget-wrap elementor-element-populated\">\n\t\t\t\t\t\t<div class=\"elementor-element elementor-element-4c8dc1a elementor-widget elementor-widget-image\" data-id=\"4c8dc1a\" data-element_type=\"widget\" data-widget_type=\"image.default\">\n\t\t\t\t<div class=\"elementor-widget-container\">\n\t\t\t\t\t\t\t\t\t\t\t\t\t\t\t<img decoding=\"async\" width=\"768\" height=\"576\" data-src=\"https:\/\/unsuisseamallorca.com\/wp-content\/uploads\/2020\/07\/agulla-768x576.jpg\" class=\"attachment-medium_large size-medium_large wp-image-5201 lazyload\" alt=\"\" data-srcset=\"https:\/\/unsuisseamallorca.com\/wp-content\/uploads\/2020\/07\/agulla-768x576.jpg 768w, https:\/\/unsuisseamallorca.com\/wp-content\/uploads\/2020\/07\/agulla-300x225.jpg 300w, https:\/\/unsuisseamallorca.com\/wp-content\/uploads\/2020\/07\/agulla.jpg 1024w\" data-sizes=\"(max-width: 768px) 100vw, 768px\" src=\"data:image\/svg+xml;base64,PHN2ZyB3aWR0aD0iMSIgaGVpZ2h0PSIxIiB4bWxucz0iaHR0cDovL3d3dy53My5vcmcvMjAwMC9zdmciPjwvc3ZnPg==\" style=\"--smush-placeholder-width: 768px; --smush-placeholder-aspect-ratio: 768\/576;\" \/>\t\t\t\t\t\t\t\t\t\t\t\t\t\t\t<\/div>\n\t\t\t\t<\/div>\n\t\t\t\t<div class=\"elementor-element elementor-element-51d4d4e elementor-widget elementor-widget-image\" data-id=\"51d4d4e\" data-element_type=\"widget\" data-widget_type=\"image.default\">\n\t\t\t\t<div class=\"elementor-widget-container\">\n\t\t\t\t\t\t\t\t\t\t\t\t\t\t\t<img decoding=\"async\" width=\"768\" height=\"513\" data-src=\"https:\/\/unsuisseamallorca.com\/wp-content\/uploads\/2020\/07\/agulla-2-768x513.jpg\" class=\"attachment-medium_large size-medium_large wp-image-5200 lazyload\" alt=\"\" data-srcset=\"https:\/\/unsuisseamallorca.com\/wp-content\/uploads\/2020\/07\/agulla-2-768x513.jpg 768w, https:\/\/unsuisseamallorca.com\/wp-content\/uploads\/2020\/07\/agulla-2-300x200.jpg 300w, https:\/\/unsuisseamallorca.com\/wp-content\/uploads\/2020\/07\/agulla-2-1024x684.jpg 1024w, https:\/\/unsuisseamallorca.com\/wp-content\/uploads\/2020\/07\/agulla-2-1536x1025.jpg 1536w, https:\/\/unsuisseamallorca.com\/wp-content\/uploads\/2020\/07\/agulla-2.jpg 2048w\" data-sizes=\"(max-width: 768px) 100vw, 768px\" src=\"data:image\/svg+xml;base64,PHN2ZyB3aWR0aD0iMSIgaGVpZ2h0PSIxIiB4bWxucz0iaHR0cDovL3d3dy53My5vcmcvMjAwMC9zdmciPjwvc3ZnPg==\" style=\"--smush-placeholder-width: 768px; --smush-placeholder-aspect-ratio: 768\/513;\" \/>\t\t\t\t\t\t\t\t\t\t\t\t\t\t\t<\/div>\n\t\t\t\t<\/div>\n\t\t\t\t<div class=\"elementor-element elementor-element-46dc27f elementor-widget elementor-widget-image\" data-id=\"46dc27f\" data-element_type=\"widget\" data-widget_type=\"image.default\">\n\t\t\t\t<div class=\"elementor-widget-container\">\n\t\t\t\t\t\t\t\t\t\t\t\t\t\t\t<img decoding=\"async\" width=\"768\" height=\"512\" data-src=\"https:\/\/unsuisseamallorca.com\/wp-content\/uploads\/2020\/07\/Cala-Gat-768x512.jpg\" class=\"attachment-medium_large size-medium_large wp-image-5203 lazyload\" alt=\"\" data-srcset=\"https:\/\/unsuisseamallorca.com\/wp-content\/uploads\/2020\/07\/Cala-Gat-768x512.jpg 768w, https:\/\/unsuisseamallorca.com\/wp-content\/uploads\/2020\/07\/Cala-Gat-300x200.jpg 300w, https:\/\/unsuisseamallorca.com\/wp-content\/uploads\/2020\/07\/Cala-Gat-1024x683.jpg 1024w, https:\/\/unsuisseamallorca.com\/wp-content\/uploads\/2020\/07\/Cala-Gat-1536x1024.jpg 1536w, https:\/\/unsuisseamallorca.com\/wp-content\/uploads\/2020\/07\/Cala-Gat-2048x1365.jpg 2048w, https:\/\/unsuisseamallorca.com\/wp-content\/uploads\/2020\/07\/Cala-Gat-scaled.jpg 2560w\" data-sizes=\"(max-width: 768px) 100vw, 768px\" src=\"data:image\/svg+xml;base64,PHN2ZyB3aWR0aD0iMSIgaGVpZ2h0PSIxIiB4bWxucz0iaHR0cDovL3d3dy53My5vcmcvMjAwMC9zdmciPjwvc3ZnPg==\" style=\"--smush-placeholder-width: 768px; --smush-placeholder-aspect-ratio: 768\/512;\" \/>\t\t\t\t\t\t\t\t\t\t\t\t\t\t\t<\/div>\n\t\t\t\t<\/div>\n\t\t\t\t<div class=\"elementor-element elementor-element-7b89e0d elementor-widget elementor-widget-image\" data-id=\"7b89e0d\" data-element_type=\"widget\" data-widget_type=\"image.default\">\n\t\t\t\t<div class=\"elementor-widget-container\">\n\t\t\t\t\t\t\t\t\t\t\t\t\t\t\t<img decoding=\"async\" width=\"768\" height=\"476\" data-src=\"https:\/\/unsuisseamallorca.com\/wp-content\/uploads\/2020\/07\/cala-varques-majorque-768x476.jpg\" class=\"attachment-medium_large size-medium_large wp-image-5210 lazyload\" alt=\"\" data-srcset=\"https:\/\/unsuisseamallorca.com\/wp-content\/uploads\/2020\/07\/cala-varques-majorque-768x476.jpg 768w, https:\/\/unsuisseamallorca.com\/wp-content\/uploads\/2020\/07\/cala-varques-majorque-300x186.jpg 300w, https:\/\/unsuisseamallorca.com\/wp-content\/uploads\/2020\/07\/cala-varques-majorque-1024x634.jpg 1024w, https:\/\/unsuisseamallorca.com\/wp-content\/uploads\/2020\/07\/cala-varques-majorque-1536x952.jpg 1536w, https:\/\/unsuisseamallorca.com\/wp-content\/uploads\/2020\/07\/cala-varques-majorque-2048x1269.jpg 2048w, https:\/\/unsuisseamallorca.com\/wp-content\/uploads\/2020\/07\/cala-varques-majorque-scaled.jpg 2560w\" data-sizes=\"(max-width: 768px) 100vw, 768px\" src=\"data:image\/svg+xml;base64,PHN2ZyB3aWR0aD0iMSIgaGVpZ2h0PSIxIiB4bWxucz0iaHR0cDovL3d3dy53My5vcmcvMjAwMC9zdmciPjwvc3ZnPg==\" style=\"--smush-placeholder-width: 768px; --smush-placeholder-aspect-ratio: 768\/476;\" \/>\t\t\t\t\t\t\t\t\t\t\t\t\t\t\t<\/div>\n\t\t\t\t<\/div>\n\t\t\t\t<div class=\"elementor-element elementor-element-bea6332 elementor-widget elementor-widget-image\" data-id=\"bea6332\" data-element_type=\"widget\" data-widget_type=\"image.default\">\n\t\t\t\t<div class=\"elementor-widget-container\">\n\t\t\t\t\t\t\t\t\t\t\t\t\t\t\t<img decoding=\"async\" width=\"768\" height=\"577\" data-src=\"https:\/\/unsuisseamallorca.com\/wp-content\/uploads\/2020\/07\/Cala_Petita_03-768x577.jpg\" class=\"attachment-medium_large size-medium_large wp-image-5207 lazyload\" alt=\"\" data-srcset=\"https:\/\/unsuisseamallorca.com\/wp-content\/uploads\/2020\/07\/Cala_Petita_03-768x577.jpg 768w, https:\/\/unsuisseamallorca.com\/wp-content\/uploads\/2020\/07\/Cala_Petita_03-300x226.jpg 300w, https:\/\/unsuisseamallorca.com\/wp-content\/uploads\/2020\/07\/Cala_Petita_03-1024x770.jpg 1024w, https:\/\/unsuisseamallorca.com\/wp-content\/uploads\/2020\/07\/Cala_Petita_03.jpg 1200w\" data-sizes=\"(max-width: 768px) 100vw, 768px\" src=\"data:image\/svg+xml;base64,PHN2ZyB3aWR0aD0iMSIgaGVpZ2h0PSIxIiB4bWxucz0iaHR0cDovL3d3dy53My5vcmcvMjAwMC9zdmciPjwvc3ZnPg==\" style=\"--smush-placeholder-width: 768px; --smush-placeholder-aspect-ratio: 768\/577;\" \/>\t\t\t\t\t\t\t\t\t\t\t\t\t\t\t<\/div>\n\t\t\t\t<\/div>\n\t\t\t\t<div class=\"elementor-element elementor-element-78c4727 elementor-widget elementor-widget-image\" data-id=\"78c4727\" data-element_type=\"widget\" data-widget_type=\"image.default\">\n\t\t\t\t<div class=\"elementor-widget-container\">\n\t\t\t\t\t\t\t\t\t\t\t\t\t\t\t<img decoding=\"async\" width=\"600\" height=\"450\" data-src=\"https:\/\/unsuisseamallorca.com\/wp-content\/uploads\/2020\/07\/Cala-Gat-Maiorca-spiagge.jpg\" class=\"attachment-medium_large size-medium_large wp-image-5208 lazyload\" alt=\"\" data-srcset=\"https:\/\/unsuisseamallorca.com\/wp-content\/uploads\/2020\/07\/Cala-Gat-Maiorca-spiagge.jpg 600w, https:\/\/unsuisseamallorca.com\/wp-content\/uploads\/2020\/07\/Cala-Gat-Maiorca-spiagge-300x225.jpg 300w\" data-sizes=\"(max-width: 600px) 100vw, 600px\" src=\"data:image\/svg+xml;base64,PHN2ZyB3aWR0aD0iMSIgaGVpZ2h0PSIxIiB4bWxucz0iaHR0cDovL3d3dy53My5vcmcvMjAwMC9zdmciPjwvc3ZnPg==\" style=\"--smush-placeholder-width: 600px; --smush-placeholder-aspect-ratio: 600\/450;\" \/>\t\t\t\t\t\t\t\t\t\t\t\t\t\t\t<\/div>\n\t\t\t\t<\/div>\n\t\t\t\t<div class=\"elementor-element elementor-element-655990b elementor-widget elementor-widget-image\" data-id=\"655990b\" data-element_type=\"widget\" data-widget_type=\"image.default\">\n\t\t\t\t<div class=\"elementor-widget-container\">\n\t\t\t\t\t\t\t\t\t\t\t\t\t\t\t<img decoding=\"async\" width=\"768\" height=\"399\" data-src=\"https:\/\/unsuisseamallorca.com\/wp-content\/uploads\/2020\/07\/cala-molto-majorque-780x405-1-768x399.png\" class=\"attachment-medium_large size-medium_large wp-image-5209 lazyload\" alt=\"\" data-srcset=\"https:\/\/unsuisseamallorca.com\/wp-content\/uploads\/2020\/07\/cala-molto-majorque-780x405-1-768x399.png 768w, https:\/\/unsuisseamallorca.com\/wp-content\/uploads\/2020\/07\/cala-molto-majorque-780x405-1-300x156.png 300w, https:\/\/unsuisseamallorca.com\/wp-content\/uploads\/2020\/07\/cala-molto-majorque-780x405-1.png 780w\" data-sizes=\"(max-width: 768px) 100vw, 768px\" src=\"data:image\/svg+xml;base64,PHN2ZyB3aWR0aD0iMSIgaGVpZ2h0PSIxIiB4bWxucz0iaHR0cDovL3d3dy53My5vcmcvMjAwMC9zdmciPjwvc3ZnPg==\" style=\"--smush-placeholder-width: 768px; --smush-placeholder-aspect-ratio: 768\/399;\" \/>\t\t\t\t\t\t\t\t\t\t\t\t\t\t\t<\/div>\n\t\t\t\t<\/div>\n\t\t\t\t<div class=\"elementor-element elementor-element-c308334 elementor-widget elementor-widget-image\" data-id=\"c308334\" data-element_type=\"widget\" data-widget_type=\"image.default\">\n\t\t\t\t<div class=\"elementor-widget-container\">\n\t\t\t\t\t\t\t\t\t\t\t\t\t\t\t<img decoding=\"async\" width=\"768\" height=\"476\" data-src=\"https:\/\/unsuisseamallorca.com\/wp-content\/uploads\/2020\/07\/cala-varques-majorque-768x476.jpg\" class=\"attachment-medium_large size-medium_large wp-image-5210 lazyload\" alt=\"\" data-srcset=\"https:\/\/unsuisseamallorca.com\/wp-content\/uploads\/2020\/07\/cala-varques-majorque-768x476.jpg 768w, https:\/\/unsuisseamallorca.com\/wp-content\/uploads\/2020\/07\/cala-varques-majorque-300x186.jpg 300w, https:\/\/unsuisseamallorca.com\/wp-content\/uploads\/2020\/07\/cala-varques-majorque-1024x634.jpg 1024w, https:\/\/unsuisseamallorca.com\/wp-content\/uploads\/2020\/07\/cala-varques-majorque-1536x952.jpg 1536w, https:\/\/unsuisseamallorca.com\/wp-content\/uploads\/2020\/07\/cala-varques-majorque-2048x1269.jpg 2048w, https:\/\/unsuisseamallorca.com\/wp-content\/uploads\/2020\/07\/cala-varques-majorque-scaled.jpg 2560w\" data-sizes=\"(max-width: 768px) 100vw, 768px\" src=\"data:image\/svg+xml;base64,PHN2ZyB3aWR0aD0iMSIgaGVpZ2h0PSIxIiB4bWxucz0iaHR0cDovL3d3dy53My5vcmcvMjAwMC9zdmciPjwvc3ZnPg==\" style=\"--smush-placeholder-width: 768px; --smush-placeholder-aspect-ratio: 768\/476;\" \/>\t\t\t\t\t\t\t\t\t\t\t\t\t\t\t<\/div>\n\t\t\t\t<\/div>\n\t\t\t\t<div class=\"elementor-element elementor-element-230a934 elementor-widget elementor-widget-image\" data-id=\"230a934\" data-element_type=\"widget\" data-widget_type=\"image.default\">\n\t\t\t\t<div class=\"elementor-widget-container\">\n\t\t\t\t\t\t\t\t\t\t\t\t\t\t\t<img decoding=\"async\" width=\"768\" height=\"576\" data-src=\"https:\/\/unsuisseamallorca.com\/wp-content\/uploads\/2020\/07\/Magraner-768x576.jpg\" class=\"attachment-medium_large size-medium_large wp-image-5221 lazyload\" alt=\"\" data-srcset=\"https:\/\/unsuisseamallorca.com\/wp-content\/uploads\/2020\/07\/Magraner-768x576.jpg 768w, https:\/\/unsuisseamallorca.com\/wp-content\/uploads\/2020\/07\/Magraner-300x225.jpg 300w, https:\/\/unsuisseamallorca.com\/wp-content\/uploads\/2020\/07\/Magraner-1024x768.jpg 1024w, https:\/\/unsuisseamallorca.com\/wp-content\/uploads\/2020\/07\/Magraner.jpg 1365w\" data-sizes=\"(max-width: 768px) 100vw, 768px\" src=\"data:image\/svg+xml;base64,PHN2ZyB3aWR0aD0iMSIgaGVpZ2h0PSIxIiB4bWxucz0iaHR0cDovL3d3dy53My5vcmcvMjAwMC9zdmciPjwvc3ZnPg==\" style=\"--smush-placeholder-width: 768px; --smush-placeholder-aspect-ratio: 768\/576;\" \/>\t\t\t\t\t\t\t\t\t\t\t\t\t\t\t<\/div>\n\t\t\t\t<\/div>\n\t\t\t\t<div class=\"elementor-element elementor-element-086fc1e elementor-widget elementor-widget-image\" data-id=\"086fc1e\" data-element_type=\"widget\" data-widget_type=\"image.default\">\n\t\t\t\t<div class=\"elementor-widget-container\">\n\t\t\t\t\t\t\t\t\t\t\t\t\t\t\t<img decoding=\"async\" width=\"768\" height=\"512\" data-src=\"https:\/\/unsuisseamallorca.com\/wp-content\/uploads\/2020\/07\/IMG_9206-768x512.jpg\" class=\"attachment-medium_large size-medium_large wp-image-5214 lazyload\" alt=\"\" data-srcset=\"https:\/\/unsuisseamallorca.com\/wp-content\/uploads\/2020\/07\/IMG_9206-768x512.jpg 768w, https:\/\/unsuisseamallorca.com\/wp-content\/uploads\/2020\/07\/IMG_9206-300x200.jpg 300w, https:\/\/unsuisseamallorca.com\/wp-content\/uploads\/2020\/07\/IMG_9206-1024x683.jpg 1024w, https:\/\/unsuisseamallorca.com\/wp-content\/uploads\/2020\/07\/IMG_9206-1536x1024.jpg 1536w, https:\/\/unsuisseamallorca.com\/wp-content\/uploads\/2020\/07\/IMG_9206-2048x1365.jpg 2048w, https:\/\/unsuisseamallorca.com\/wp-content\/uploads\/2020\/07\/IMG_9206-scaled.jpg 2560w\" data-sizes=\"(max-width: 768px) 100vw, 768px\" src=\"data:image\/svg+xml;base64,PHN2ZyB3aWR0aD0iMSIgaGVpZ2h0PSIxIiB4bWxucz0iaHR0cDovL3d3dy53My5vcmcvMjAwMC9zdmciPjwvc3ZnPg==\" style=\"--smush-placeholder-width: 768px; --smush-placeholder-aspect-ratio: 768\/512;\" \/>\t\t\t\t\t\t\t\t\t\t\t\t\t\t\t<\/div>\n\t\t\t\t<\/div>\n\t\t\t\t<div class=\"elementor-element elementor-element-46bec58 elementor-widget elementor-widget-image\" data-id=\"46bec58\" data-element_type=\"widget\" data-widget_type=\"image.default\">\n\t\t\t\t<div class=\"elementor-widget-container\">\n\t\t\t\t\t\t\t\t\t\t\t\t\t\t\t<img decoding=\"async\" width=\"768\" height=\"512\" data-src=\"https:\/\/unsuisseamallorca.com\/wp-content\/uploads\/2020\/07\/IMG_9205-768x512.jpg\" class=\"attachment-medium_large size-medium_large wp-image-5213 lazyload\" alt=\"\" data-srcset=\"https:\/\/unsuisseamallorca.com\/wp-content\/uploads\/2020\/07\/IMG_9205-768x512.jpg 768w, https:\/\/unsuisseamallorca.com\/wp-content\/uploads\/2020\/07\/IMG_9205-300x200.jpg 300w, https:\/\/unsuisseamallorca.com\/wp-content\/uploads\/2020\/07\/IMG_9205-1024x683.jpg 1024w, https:\/\/unsuisseamallorca.com\/wp-content\/uploads\/2020\/07\/IMG_9205-1536x1024.jpg 1536w, https:\/\/unsuisseamallorca.com\/wp-content\/uploads\/2020\/07\/IMG_9205-2048x1365.jpg 2048w, https:\/\/unsuisseamallorca.com\/wp-content\/uploads\/2020\/07\/IMG_9205-scaled.jpg 2560w\" data-sizes=\"(max-width: 768px) 100vw, 768px\" src=\"data:image\/svg+xml;base64,PHN2ZyB3aWR0aD0iMSIgaGVpZ2h0PSIxIiB4bWxucz0iaHR0cDovL3d3dy53My5vcmcvMjAwMC9zdmciPjwvc3ZnPg==\" style=\"--smush-placeholder-width: 768px; --smush-placeholder-aspect-ratio: 768\/512;\" \/>\t\t\t\t\t\t\t\t\t\t\t\t\t\t\t<\/div>\n\t\t\t\t<\/div>\n\t\t\t\t<div class=\"elementor-element elementor-element-43f2cec elementor-widget elementor-widget-image\" data-id=\"43f2cec\" data-element_type=\"widget\" data-widget_type=\"image.default\">\n\t\t\t\t<div class=\"elementor-widget-container\">\n\t\t\t\t\t\t\t\t\t\t\t\t\t\t\t<img decoding=\"async\" width=\"768\" height=\"512\" data-src=\"https:\/\/unsuisseamallorca.com\/wp-content\/uploads\/2020\/07\/IMG_9213-768x512.jpg\" class=\"attachment-medium_large size-medium_large wp-image-5215 lazyload\" alt=\"\" data-srcset=\"https:\/\/unsuisseamallorca.com\/wp-content\/uploads\/2020\/07\/IMG_9213-768x512.jpg 768w, https:\/\/unsuisseamallorca.com\/wp-content\/uploads\/2020\/07\/IMG_9213-300x200.jpg 300w, https:\/\/unsuisseamallorca.com\/wp-content\/uploads\/2020\/07\/IMG_9213-1024x683.jpg 1024w, https:\/\/unsuisseamallorca.com\/wp-content\/uploads\/2020\/07\/IMG_9213-1536x1024.jpg 1536w, https:\/\/unsuisseamallorca.com\/wp-content\/uploads\/2020\/07\/IMG_9213-2048x1365.jpg 2048w, https:\/\/unsuisseamallorca.com\/wp-content\/uploads\/2020\/07\/IMG_9213-scaled.jpg 2560w\" data-sizes=\"(max-width: 768px) 100vw, 768px\" src=\"data:image\/svg+xml;base64,PHN2ZyB3aWR0aD0iMSIgaGVpZ2h0PSIxIiB4bWxucz0iaHR0cDovL3d3dy53My5vcmcvMjAwMC9zdmciPjwvc3ZnPg==\" style=\"--smush-placeholder-width: 768px; --smush-placeholder-aspect-ratio: 768\/512;\" \/>\t\t\t\t\t\t\t\t\t\t\t\t\t\t\t<\/div>\n\t\t\t\t<\/div>\n\t\t\t\t<div class=\"elementor-element elementor-element-2507448 elementor-widget elementor-widget-image\" data-id=\"2507448\" data-element_type=\"widget\" data-widget_type=\"image.default\">\n\t\t\t\t<div class=\"elementor-widget-container\">\n\t\t\t\t\t\t\t\t\t\t\t\t\t\t\t<img decoding=\"async\" width=\"768\" height=\"512\" data-src=\"https:\/\/unsuisseamallorca.com\/wp-content\/uploads\/2020\/07\/IMG_9221-768x512.jpg\" class=\"attachment-medium_large size-medium_large wp-image-5216 lazyload\" alt=\"\" data-srcset=\"https:\/\/unsuisseamallorca.com\/wp-content\/uploads\/2020\/07\/IMG_9221-768x512.jpg 768w, https:\/\/unsuisseamallorca.com\/wp-content\/uploads\/2020\/07\/IMG_9221-300x200.jpg 300w, https:\/\/unsuisseamallorca.com\/wp-content\/uploads\/2020\/07\/IMG_9221-1024x683.jpg 1024w, https:\/\/unsuisseamallorca.com\/wp-content\/uploads\/2020\/07\/IMG_9221-1536x1024.jpg 1536w, https:\/\/unsuisseamallorca.com\/wp-content\/uploads\/2020\/07\/IMG_9221-2048x1365.jpg 2048w, https:\/\/unsuisseamallorca.com\/wp-content\/uploads\/2020\/07\/IMG_9221-scaled.jpg 2560w\" data-sizes=\"(max-width: 768px) 100vw, 768px\" src=\"data:image\/svg+xml;base64,PHN2ZyB3aWR0aD0iMSIgaGVpZ2h0PSIxIiB4bWxucz0iaHR0cDovL3d3dy53My5vcmcvMjAwMC9zdmciPjwvc3ZnPg==\" style=\"--smush-placeholder-width: 768px; --smush-placeholder-aspect-ratio: 768\/512;\" \/>\t\t\t\t\t\t\t\t\t\t\t\t\t\t\t<\/div>\n\t\t\t\t<\/div>\n\t\t\t\t<div class=\"elementor-element elementor-element-e04d6a9 elementor-widget elementor-widget-image\" data-id=\"e04d6a9\" data-element_type=\"widget\" data-widget_type=\"image.default\">\n\t\t\t\t<div class=\"elementor-widget-container\">\n\t\t\t\t\t\t\t\t\t\t\t\t\t\t\t<img decoding=\"async\" width=\"768\" height=\"576\" data-src=\"https:\/\/unsuisseamallorca.com\/wp-content\/uploads\/2019\/04\/DPID9671-768x576.jpg\" class=\"attachment-medium_large size-medium_large wp-image-1434 lazyload\" alt=\"\" data-srcset=\"https:\/\/unsuisseamallorca.com\/wp-content\/uploads\/2019\/04\/DPID9671-768x576.jpg 768w, https:\/\/unsuisseamallorca.com\/wp-content\/uploads\/2019\/04\/DPID9671-300x225.jpg 300w, https:\/\/unsuisseamallorca.com\/wp-content\/uploads\/2019\/04\/DPID9671-1024x768.jpg 1024w, https:\/\/unsuisseamallorca.com\/wp-content\/uploads\/2019\/04\/DPID9671.jpg 4000w\" data-sizes=\"(max-width: 768px) 100vw, 768px\" src=\"data:image\/svg+xml;base64,PHN2ZyB3aWR0aD0iMSIgaGVpZ2h0PSIxIiB4bWxucz0iaHR0cDovL3d3dy53My5vcmcvMjAwMC9zdmciPjwvc3ZnPg==\" style=\"--smush-placeholder-width: 768px; --smush-placeholder-aspect-ratio: 768\/576;\" \/>\t\t\t\t\t\t\t\t\t\t\t\t\t\t\t<\/div>\n\t\t\t\t<\/div>\n\t\t\t\t<div class=\"elementor-element elementor-element-48c3fee elementor-widget elementor-widget-image\" data-id=\"48c3fee\" data-element_type=\"widget\" data-widget_type=\"image.default\">\n\t\t\t\t<div class=\"elementor-widget-container\">\n\t\t\t\t\t\t\t\t\t\t\t\t\t\t\t<img decoding=\"async\" width=\"600\" height=\"451\" data-src=\"https:\/\/unsuisseamallorca.com\/wp-content\/uploads\/2020\/07\/Magraner-2.jpg\" class=\"attachment-medium_large size-medium_large wp-image-5220 lazyload\" alt=\"\" data-srcset=\"https:\/\/unsuisseamallorca.com\/wp-content\/uploads\/2020\/07\/Magraner-2.jpg 600w, https:\/\/unsuisseamallorca.com\/wp-content\/uploads\/2020\/07\/Magraner-2-300x226.jpg 300w\" data-sizes=\"(max-width: 600px) 100vw, 600px\" src=\"data:image\/svg+xml;base64,PHN2ZyB3aWR0aD0iMSIgaGVpZ2h0PSIxIiB4bWxucz0iaHR0cDovL3d3dy53My5vcmcvMjAwMC9zdmciPjwvc3ZnPg==\" style=\"--smush-placeholder-width: 600px; --smush-placeholder-aspect-ratio: 600\/451;\" \/>\t\t\t\t\t\t\t\t\t\t\t\t\t\t\t<\/div>\n\t\t\t\t<\/div>\n\t\t\t\t<div class=\"elementor-element elementor-element-2e8f747 elementor-widget elementor-widget-image\" data-id=\"2e8f747\" data-element_type=\"widget\" data-widget_type=\"image.default\">\n\t\t\t\t<div class=\"elementor-widget-container\">\n\t\t\t\t\t\t\t\t\t\t\t\t\t\t\t<img decoding=\"async\" width=\"768\" height=\"576\" data-src=\"https:\/\/unsuisseamallorca.com\/wp-content\/uploads\/2020\/07\/IMG_9531-768x576.jpg\" class=\"attachment-medium_large size-medium_large wp-image-5219 lazyload\" alt=\"\" data-srcset=\"https:\/\/unsuisseamallorca.com\/wp-content\/uploads\/2020\/07\/IMG_9531-768x576.jpg 768w, https:\/\/unsuisseamallorca.com\/wp-content\/uploads\/2020\/07\/IMG_9531-300x225.jpg 300w, https:\/\/unsuisseamallorca.com\/wp-content\/uploads\/2020\/07\/IMG_9531-1024x768.jpg 1024w, https:\/\/unsuisseamallorca.com\/wp-content\/uploads\/2020\/07\/IMG_9531-1536x1152.jpg 1536w, https:\/\/unsuisseamallorca.com\/wp-content\/uploads\/2020\/07\/IMG_9531-2048x1536.jpg 2048w, https:\/\/unsuisseamallorca.com\/wp-content\/uploads\/2020\/07\/IMG_9531-scaled.jpg 2560w\" data-sizes=\"(max-width: 768px) 100vw, 768px\" src=\"data:image\/svg+xml;base64,PHN2ZyB3aWR0aD0iMSIgaGVpZ2h0PSIxIiB4bWxucz0iaHR0cDovL3d3dy53My5vcmcvMjAwMC9zdmciPjwvc3ZnPg==\" style=\"--smush-placeholder-width: 768px; --smush-placeholder-aspect-ratio: 768\/576;\" \/>\t\t\t\t\t\t\t\t\t\t\t\t\t\t\t<\/div>\n\t\t\t\t<\/div>\n\t\t\t\t<div class=\"elementor-element elementor-element-a9c1d19 elementor-widget elementor-widget-image\" data-id=\"a9c1d19\" data-element_type=\"widget\" data-widget_type=\"image.default\">\n\t\t\t\t<div class=\"elementor-widget-container\">\n\t\t\t\t\t\t\t\t\t\t\t\t\t\t\t<img decoding=\"async\" width=\"768\" height=\"512\" data-src=\"https:\/\/unsuisseamallorca.com\/wp-content\/uploads\/2020\/07\/IMG_9233-768x512.jpg\" class=\"attachment-medium_large size-medium_large wp-image-5218 lazyload\" alt=\"\" data-srcset=\"https:\/\/unsuisseamallorca.com\/wp-content\/uploads\/2020\/07\/IMG_9233-768x512.jpg 768w, https:\/\/unsuisseamallorca.com\/wp-content\/uploads\/2020\/07\/IMG_9233-300x200.jpg 300w, https:\/\/unsuisseamallorca.com\/wp-content\/uploads\/2020\/07\/IMG_9233-1024x683.jpg 1024w, https:\/\/unsuisseamallorca.com\/wp-content\/uploads\/2020\/07\/IMG_9233-1536x1024.jpg 1536w, https:\/\/unsuisseamallorca.com\/wp-content\/uploads\/2020\/07\/IMG_9233-2048x1365.jpg 2048w, https:\/\/unsuisseamallorca.com\/wp-content\/uploads\/2020\/07\/IMG_9233-scaled.jpg 2560w\" data-sizes=\"(max-width: 768px) 100vw, 768px\" src=\"data:image\/svg+xml;base64,PHN2ZyB3aWR0aD0iMSIgaGVpZ2h0PSIxIiB4bWxucz0iaHR0cDovL3d3dy53My5vcmcvMjAwMC9zdmciPjwvc3ZnPg==\" style=\"--smush-placeholder-width: 768px; --smush-placeholder-aspect-ratio: 768\/512;\" \/>\t\t\t\t\t\t\t\t\t\t\t\t\t\t\t<\/div>\n\t\t\t\t<\/div>\n\t\t\t\t<div class=\"elementor-element elementor-element-a80e926 elementor-widget elementor-widget-image\" data-id=\"a80e926\" data-element_type=\"widget\" data-widget_type=\"image.default\">\n\t\t\t\t<div class=\"elementor-widget-container\">\n\t\t\t\t\t\t\t\t\t\t\t\t\t\t\t<img decoding=\"async\" width=\"768\" height=\"512\" data-src=\"https:\/\/unsuisseamallorca.com\/wp-content\/uploads\/2020\/07\/IMG_9226-768x512.jpg\" class=\"attachment-medium_large size-medium_large wp-image-5217 lazyload\" alt=\"\" data-srcset=\"https:\/\/unsuisseamallorca.com\/wp-content\/uploads\/2020\/07\/IMG_9226-768x512.jpg 768w, https:\/\/unsuisseamallorca.com\/wp-content\/uploads\/2020\/07\/IMG_9226-300x200.jpg 300w, https:\/\/unsuisseamallorca.com\/wp-content\/uploads\/2020\/07\/IMG_9226-1024x683.jpg 1024w, https:\/\/unsuisseamallorca.com\/wp-content\/uploads\/2020\/07\/IMG_9226-1536x1024.jpg 1536w, https:\/\/unsuisseamallorca.com\/wp-content\/uploads\/2020\/07\/IMG_9226-2048x1365.jpg 2048w, https:\/\/unsuisseamallorca.com\/wp-content\/uploads\/2020\/07\/IMG_9226-scaled.jpg 2560w\" data-sizes=\"(max-width: 768px) 100vw, 768px\" src=\"data:image\/svg+xml;base64,PHN2ZyB3aWR0aD0iMSIgaGVpZ2h0PSIxIiB4bWxucz0iaHR0cDovL3d3dy53My5vcmcvMjAwMC9zdmciPjwvc3ZnPg==\" style=\"--smush-placeholder-width: 768px; --smush-placeholder-aspect-ratio: 768\/512;\" \/>\t\t\t\t\t\t\t\t\t\t\t\t\t\t\t<\/div>\n\t\t\t\t<\/div>\n\t\t\t\t<div class=\"elementor-element elementor-element-9425a15 elementor-widget elementor-widget-image\" data-id=\"9425a15\" data-element_type=\"widget\" data-widget_type=\"image.default\">\n\t\t\t\t<div class=\"elementor-widget-container\">\n\t\t\t\t\t\t\t\t\t\t\t\t\t\t\t<img decoding=\"async\" width=\"600\" height=\"451\" data-src=\"https:\/\/unsuisseamallorca.com\/wp-content\/uploads\/2020\/07\/Magraner-2.jpg\" class=\"attachment-medium_large size-medium_large wp-image-5220 lazyload\" alt=\"\" data-srcset=\"https:\/\/unsuisseamallorca.com\/wp-content\/uploads\/2020\/07\/Magraner-2.jpg 600w, https:\/\/unsuisseamallorca.com\/wp-content\/uploads\/2020\/07\/Magraner-2-300x226.jpg 300w\" data-sizes=\"(max-width: 600px) 100vw, 600px\" src=\"data:image\/svg+xml;base64,PHN2ZyB3aWR0aD0iMSIgaGVpZ2h0PSIxIiB4bWxucz0iaHR0cDovL3d3dy53My5vcmcvMjAwMC9zdmciPjwvc3ZnPg==\" style=\"--smush-placeholder-width: 600px; --smush-placeholder-aspect-ratio: 600\/451;\" \/>\t\t\t\t\t\t\t\t\t\t\t\t\t\t\t<\/div>\n\t\t\t\t<\/div>\n\t\t\t\t<div class=\"elementor-element elementor-element-3a2e5a6 elementor-widget elementor-widget-image\" data-id=\"3a2e5a6\" data-element_type=\"widget\" data-widget_type=\"image.default\">\n\t\t\t\t<div class=\"elementor-widget-container\">\n\t\t\t\t\t\t\t\t\t\t\t\t\t\t\t<img decoding=\"async\" width=\"670\" height=\"321\" data-src=\"https:\/\/unsuisseamallorca.com\/wp-content\/uploads\/2020\/07\/Figuera.jpg\" class=\"attachment-medium_large size-medium_large wp-image-5212 lazyload\" alt=\"\" data-srcset=\"https:\/\/unsuisseamallorca.com\/wp-content\/uploads\/2020\/07\/Figuera.jpg 670w, https:\/\/unsuisseamallorca.com\/wp-content\/uploads\/2020\/07\/Figuera-300x144.jpg 300w\" data-sizes=\"(max-width: 670px) 100vw, 670px\" src=\"data:image\/svg+xml;base64,PHN2ZyB3aWR0aD0iMSIgaGVpZ2h0PSIxIiB4bWxucz0iaHR0cDovL3d3dy53My5vcmcvMjAwMC9zdmciPjwvc3ZnPg==\" style=\"--smush-placeholder-width: 670px; --smush-placeholder-aspect-ratio: 670\/321;\" \/>\t\t\t\t\t\t\t\t\t\t\t\t\t\t\t<\/div>\n\t\t\t\t<\/div>\n\t\t\t\t<div class=\"elementor-element elementor-element-cff5e50 elementor-widget elementor-widget-image\" data-id=\"cff5e50\" data-element_type=\"widget\" data-widget_type=\"image.default\">\n\t\t\t\t<div class=\"elementor-widget-container\">\n\t\t\t\t\t\t\t\t\t\t\t\t\t\t\t<img decoding=\"async\" width=\"768\" height=\"509\" data-src=\"https:\/\/unsuisseamallorca.com\/wp-content\/uploads\/2020\/07\/Estreta-768x509.jpg\" class=\"attachment-medium_large size-medium_large wp-image-5211 lazyload\" alt=\"\" data-srcset=\"https:\/\/unsuisseamallorca.com\/wp-content\/uploads\/2020\/07\/Estreta-768x509.jpg 768w, https:\/\/unsuisseamallorca.com\/wp-content\/uploads\/2020\/07\/Estreta-300x199.jpg 300w, https:\/\/unsuisseamallorca.com\/wp-content\/uploads\/2020\/07\/Estreta.jpg 1024w\" data-sizes=\"(max-width: 768px) 100vw, 768px\" src=\"data:image\/svg+xml;base64,PHN2ZyB3aWR0aD0iMSIgaGVpZ2h0PSIxIiB4bWxucz0iaHR0cDovL3d3dy53My5vcmcvMjAwMC9zdmciPjwvc3ZnPg==\" style=\"--smush-placeholder-width: 768px; --smush-placeholder-aspect-ratio: 768\/509;\" \/>\t\t\t\t\t\t\t\t\t\t\t\t\t\t\t<\/div>\n\t\t\t\t<\/div>\n\t\t\t\t<div class=\"elementor-element elementor-element-bfc3f78 elementor-widget elementor-widget-image\" data-id=\"bfc3f78\" data-element_type=\"widget\" data-widget_type=\"image.default\">\n\t\t\t\t<div class=\"elementor-widget-container\">\n\t\t\t\t\t\t\t\t\t\t\t\t\t\t\t<img decoding=\"async\" width=\"768\" height=\"576\" data-src=\"https:\/\/unsuisseamallorca.com\/wp-content\/uploads\/2020\/07\/Sanau-2-768x576.jpg\" class=\"attachment-medium_large size-medium_large wp-image-5229 lazyload\" alt=\"\" data-srcset=\"https:\/\/unsuisseamallorca.com\/wp-content\/uploads\/2020\/07\/Sanau-2-768x576.jpg 768w, https:\/\/unsuisseamallorca.com\/wp-content\/uploads\/2020\/07\/Sanau-2-300x225.jpg 300w, https:\/\/unsuisseamallorca.com\/wp-content\/uploads\/2020\/07\/Sanau-2-1024x768.jpg 1024w, https:\/\/unsuisseamallorca.com\/wp-content\/uploads\/2020\/07\/Sanau-2-1536x1152.jpg 1536w, https:\/\/unsuisseamallorca.com\/wp-content\/uploads\/2020\/07\/Sanau-2-2048x1536.jpg 2048w, https:\/\/unsuisseamallorca.com\/wp-content\/uploads\/2020\/07\/Sanau-2-scaled.jpg 2560w\" data-sizes=\"(max-width: 768px) 100vw, 768px\" src=\"data:image\/svg+xml;base64,PHN2ZyB3aWR0aD0iMSIgaGVpZ2h0PSIxIiB4bWxucz0iaHR0cDovL3d3dy53My5vcmcvMjAwMC9zdmciPjwvc3ZnPg==\" style=\"--smush-placeholder-width: 768px; --smush-placeholder-aspect-ratio: 768\/576;\" \/>\t\t\t\t\t\t\t\t\t\t\t\t\t\t\t<\/div>\n\t\t\t\t<\/div>\n\t\t\t\t<div class=\"elementor-element elementor-element-c46cc39 elementor-widget elementor-widget-image\" data-id=\"c46cc39\" data-element_type=\"widget\" data-widget_type=\"image.default\">\n\t\t\t\t<div class=\"elementor-widget-container\">\n\t\t\t\t\t\t\t\t\t\t\t\t\t\t\t<img decoding=\"async\" width=\"768\" height=\"576\" data-src=\"https:\/\/unsuisseamallorca.com\/wp-content\/uploads\/2020\/07\/Sanau-1-768x576.jpg\" class=\"attachment-medium_large size-medium_large wp-image-5228 lazyload\" alt=\"\" data-srcset=\"https:\/\/unsuisseamallorca.com\/wp-content\/uploads\/2020\/07\/Sanau-1-768x576.jpg 768w, https:\/\/unsuisseamallorca.com\/wp-content\/uploads\/2020\/07\/Sanau-1-300x225.jpg 300w, https:\/\/unsuisseamallorca.com\/wp-content\/uploads\/2020\/07\/Sanau-1-1024x768.jpg 1024w, https:\/\/unsuisseamallorca.com\/wp-content\/uploads\/2020\/07\/Sanau-1-1536x1152.jpg 1536w, https:\/\/unsuisseamallorca.com\/wp-content\/uploads\/2020\/07\/Sanau-1-2048x1536.jpg 2048w, https:\/\/unsuisseamallorca.com\/wp-content\/uploads\/2020\/07\/Sanau-1-scaled.jpg 2560w\" data-sizes=\"(max-width: 768px) 100vw, 768px\" src=\"data:image\/svg+xml;base64,PHN2ZyB3aWR0aD0iMSIgaGVpZ2h0PSIxIiB4bWxucz0iaHR0cDovL3d3dy53My5vcmcvMjAwMC9zdmciPjwvc3ZnPg==\" style=\"--smush-placeholder-width: 768px; --smush-placeholder-aspect-ratio: 768\/576;\" \/>\t\t\t\t\t\t\t\t\t\t\t\t\t\t\t<\/div>\n\t\t\t\t<\/div>\n\t\t\t\t<div class=\"elementor-element elementor-element-c4636c3 elementor-widget elementor-widget-image\" data-id=\"c4636c3\" data-element_type=\"widget\" data-widget_type=\"image.default\">\n\t\t\t\t<div class=\"elementor-widget-container\">\n\t\t\t\t\t\t\t\t\t\t\t\t\t\t\t<img decoding=\"async\" width=\"768\" height=\"576\" data-src=\"https:\/\/unsuisseamallorca.com\/wp-content\/uploads\/2020\/07\/Mitjana-1-768x576.jpg\" class=\"attachment-medium_large size-medium_large wp-image-5223 lazyload\" alt=\"\" data-srcset=\"https:\/\/unsuisseamallorca.com\/wp-content\/uploads\/2020\/07\/Mitjana-1-768x576.jpg 768w, https:\/\/unsuisseamallorca.com\/wp-content\/uploads\/2020\/07\/Mitjana-1-300x225.jpg 300w, https:\/\/unsuisseamallorca.com\/wp-content\/uploads\/2020\/07\/Mitjana-1-1024x768.jpg 1024w, https:\/\/unsuisseamallorca.com\/wp-content\/uploads\/2020\/07\/Mitjana-1-1536x1152.jpg 1536w, https:\/\/unsuisseamallorca.com\/wp-content\/uploads\/2020\/07\/Mitjana-1-2048x1536.jpg 2048w, https:\/\/unsuisseamallorca.com\/wp-content\/uploads\/2020\/07\/Mitjana-1-scaled.jpg 2560w\" data-sizes=\"(max-width: 768px) 100vw, 768px\" src=\"data:image\/svg+xml;base64,PHN2ZyB3aWR0aD0iMSIgaGVpZ2h0PSIxIiB4bWxucz0iaHR0cDovL3d3dy53My5vcmcvMjAwMC9zdmciPjwvc3ZnPg==\" style=\"--smush-placeholder-width: 768px; --smush-placeholder-aspect-ratio: 768\/576;\" \/>\t\t\t\t\t\t\t\t\t\t\t\t\t\t\t<\/div>\n\t\t\t\t<\/div>\n\t\t\t\t<div class=\"elementor-element elementor-element-50526b0 elementor-widget elementor-widget-image\" data-id=\"50526b0\" data-element_type=\"widget\" data-widget_type=\"image.default\">\n\t\t\t\t<div class=\"elementor-widget-container\">\n\t\t\t\t\t\t\t\t\t\t\t\t\t\t\t<img decoding=\"async\" width=\"768\" height=\"576\" data-src=\"https:\/\/unsuisseamallorca.com\/wp-content\/uploads\/2020\/07\/Mitjana-2-768x576.jpg\" class=\"attachment-medium_large size-medium_large wp-image-5224 lazyload\" alt=\"\" data-srcset=\"https:\/\/unsuisseamallorca.com\/wp-content\/uploads\/2020\/07\/Mitjana-2-768x576.jpg 768w, https:\/\/unsuisseamallorca.com\/wp-content\/uploads\/2020\/07\/Mitjana-2-300x225.jpg 300w, https:\/\/unsuisseamallorca.com\/wp-content\/uploads\/2020\/07\/Mitjana-2-1024x768.jpg 1024w, https:\/\/unsuisseamallorca.com\/wp-content\/uploads\/2020\/07\/Mitjana-2-1536x1152.jpg 1536w, https:\/\/unsuisseamallorca.com\/wp-content\/uploads\/2020\/07\/Mitjana-2-2048x1536.jpg 2048w, https:\/\/unsuisseamallorca.com\/wp-content\/uploads\/2020\/07\/Mitjana-2-scaled.jpg 2560w\" data-sizes=\"(max-width: 768px) 100vw, 768px\" src=\"data:image\/svg+xml;base64,PHN2ZyB3aWR0aD0iMSIgaGVpZ2h0PSIxIiB4bWxucz0iaHR0cDovL3d3dy53My5vcmcvMjAwMC9zdmciPjwvc3ZnPg==\" style=\"--smush-placeholder-width: 768px; --smush-placeholder-aspect-ratio: 768\/576;\" \/>\t\t\t\t\t\t\t\t\t\t\t\t\t\t\t<\/div>\n\t\t\t\t<\/div>\n\t\t\t\t<div class=\"elementor-element elementor-element-8a1d2de elementor-widget elementor-widget-image\" data-id=\"8a1d2de\" data-element_type=\"widget\" data-widget_type=\"image.default\">\n\t\t\t\t<div class=\"elementor-widget-container\">\n\t\t\t\t\t\t\t\t\t\t\t\t\t\t\t<img decoding=\"async\" width=\"768\" height=\"576\" data-src=\"https:\/\/unsuisseamallorca.com\/wp-content\/uploads\/2020\/07\/SAlmunia-1-768x576.jpg\" class=\"attachment-medium_large size-medium_large wp-image-5225 lazyload\" alt=\"\" data-srcset=\"https:\/\/unsuisseamallorca.com\/wp-content\/uploads\/2020\/07\/SAlmunia-1-768x576.jpg 768w, https:\/\/unsuisseamallorca.com\/wp-content\/uploads\/2020\/07\/SAlmunia-1-300x225.jpg 300w, https:\/\/unsuisseamallorca.com\/wp-content\/uploads\/2020\/07\/SAlmunia-1-1024x768.jpg 1024w, https:\/\/unsuisseamallorca.com\/wp-content\/uploads\/2020\/07\/SAlmunia-1-1536x1152.jpg 1536w, https:\/\/unsuisseamallorca.com\/wp-content\/uploads\/2020\/07\/SAlmunia-1-2048x1536.jpg 2048w, https:\/\/unsuisseamallorca.com\/wp-content\/uploads\/2020\/07\/SAlmunia-1-scaled.jpg 2560w\" data-sizes=\"(max-width: 768px) 100vw, 768px\" src=\"data:image\/svg+xml;base64,PHN2ZyB3aWR0aD0iMSIgaGVpZ2h0PSIxIiB4bWxucz0iaHR0cDovL3d3dy53My5vcmcvMjAwMC9zdmciPjwvc3ZnPg==\" style=\"--smush-placeholder-width: 768px; --smush-placeholder-aspect-ratio: 768\/576;\" \/>\t\t\t\t\t\t\t\t\t\t\t\t\t\t\t<\/div>\n\t\t\t\t<\/div>\n\t\t\t\t<div class=\"elementor-element elementor-element-659d581 elementor-widget elementor-widget-image\" data-id=\"659d581\" data-element_type=\"widget\" data-widget_type=\"image.default\">\n\t\t\t\t<div class=\"elementor-widget-container\">\n\t\t\t\t\t\t\t\t\t\t\t\t\t\t\t<img decoding=\"async\" width=\"768\" height=\"576\" data-src=\"https:\/\/unsuisseamallorca.com\/wp-content\/uploads\/2020\/07\/Cala-Moro-1-768x576.jpg\" class=\"attachment-medium_large size-medium_large wp-image-5204 lazyload\" alt=\"\" data-srcset=\"https:\/\/unsuisseamallorca.com\/wp-content\/uploads\/2020\/07\/Cala-Moro-1-768x576.jpg 768w, https:\/\/unsuisseamallorca.com\/wp-content\/uploads\/2020\/07\/Cala-Moro-1-300x225.jpg 300w, https:\/\/unsuisseamallorca.com\/wp-content\/uploads\/2020\/07\/Cala-Moro-1-1024x768.jpg 1024w, https:\/\/unsuisseamallorca.com\/wp-content\/uploads\/2020\/07\/Cala-Moro-1-1536x1152.jpg 1536w, https:\/\/unsuisseamallorca.com\/wp-content\/uploads\/2020\/07\/Cala-Moro-1-2048x1536.jpg 2048w, https:\/\/unsuisseamallorca.com\/wp-content\/uploads\/2020\/07\/Cala-Moro-1-scaled.jpg 2560w\" data-sizes=\"(max-width: 768px) 100vw, 768px\" src=\"data:image\/svg+xml;base64,PHN2ZyB3aWR0aD0iMSIgaGVpZ2h0PSIxIiB4bWxucz0iaHR0cDovL3d3dy53My5vcmcvMjAwMC9zdmciPjwvc3ZnPg==\" style=\"--smush-placeholder-width: 768px; --smush-placeholder-aspect-ratio: 768\/576;\" \/>\t\t\t\t\t\t\t\t\t\t\t\t\t\t\t<\/div>\n\t\t\t\t<\/div>\n\t\t\t\t<div class=\"elementor-element elementor-element-11e18f7 elementor-widget elementor-widget-image\" data-id=\"11e18f7\" data-element_type=\"widget\" data-widget_type=\"image.default\">\n\t\t\t\t<div class=\"elementor-widget-container\">\n\t\t\t\t\t\t\t\t\t\t\t\t\t\t\t<img decoding=\"async\" width=\"670\" height=\"300\" data-src=\"https:\/\/unsuisseamallorca.com\/wp-content\/uploads\/2020\/07\/Salmunia.jpg\" class=\"attachment-medium_large size-medium_large wp-image-5227 lazyload\" alt=\"\" data-srcset=\"https:\/\/unsuisseamallorca.com\/wp-content\/uploads\/2020\/07\/Salmunia.jpg 670w, https:\/\/unsuisseamallorca.com\/wp-content\/uploads\/2020\/07\/Salmunia-300x134.jpg 300w\" data-sizes=\"(max-width: 670px) 100vw, 670px\" src=\"data:image\/svg+xml;base64,PHN2ZyB3aWR0aD0iMSIgaGVpZ2h0PSIxIiB4bWxucz0iaHR0cDovL3d3dy53My5vcmcvMjAwMC9zdmciPjwvc3ZnPg==\" style=\"--smush-placeholder-width: 670px; --smush-placeholder-aspect-ratio: 670\/300;\" \/>\t\t\t\t\t\t\t\t\t\t\t\t\t\t\t<\/div>\n\t\t\t\t<\/div>\n\t\t\t\t<div class=\"elementor-element elementor-element-e7582eb elementor-widget elementor-widget-image\" data-id=\"e7582eb\" data-element_type=\"widget\" data-widget_type=\"image.default\">\n\t\t\t\t<div class=\"elementor-widget-container\">\n\t\t\t\t\t\t\t\t\t\t\t\t\t\t\t<img decoding=\"async\" width=\"768\" height=\"576\" data-src=\"https:\/\/unsuisseamallorca.com\/wp-content\/uploads\/2020\/07\/SAlmunia-1-768x576.jpg\" class=\"attachment-medium_large size-medium_large wp-image-5225 lazyload\" alt=\"\" data-srcset=\"https:\/\/unsuisseamallorca.com\/wp-content\/uploads\/2020\/07\/SAlmunia-1-768x576.jpg 768w, https:\/\/unsuisseamallorca.com\/wp-content\/uploads\/2020\/07\/SAlmunia-1-300x225.jpg 300w, https:\/\/unsuisseamallorca.com\/wp-content\/uploads\/2020\/07\/SAlmunia-1-1024x768.jpg 1024w, https:\/\/unsuisseamallorca.com\/wp-content\/uploads\/2020\/07\/SAlmunia-1-1536x1152.jpg 1536w, https:\/\/unsuisseamallorca.com\/wp-content\/uploads\/2020\/07\/SAlmunia-1-2048x1536.jpg 2048w, https:\/\/unsuisseamallorca.com\/wp-content\/uploads\/2020\/07\/SAlmunia-1-scaled.jpg 2560w\" data-sizes=\"(max-width: 768px) 100vw, 768px\" src=\"data:image\/svg+xml;base64,PHN2ZyB3aWR0aD0iMSIgaGVpZ2h0PSIxIiB4bWxucz0iaHR0cDovL3d3dy53My5vcmcvMjAwMC9zdmciPjwvc3ZnPg==\" style=\"--smush-placeholder-width: 768px; --smush-placeholder-aspect-ratio: 768\/576;\" \/>\t\t\t\t\t\t\t\t\t\t\t\t\t\t\t<\/div>\n\t\t\t\t<\/div>\n\t\t\t\t<div class=\"elementor-element elementor-element-3560661 elementor-widget elementor-widget-image\" data-id=\"3560661\" data-element_type=\"widget\" data-widget_type=\"image.default\">\n\t\t\t\t<div class=\"elementor-widget-container\">\n\t\t\t\t\t\t\t\t\t\t\t\t\t\t\t<img decoding=\"async\" width=\"670\" height=\"300\" data-src=\"https:\/\/unsuisseamallorca.com\/wp-content\/uploads\/2020\/07\/Salmunia.jpg\" class=\"attachment-medium_large size-medium_large wp-image-5227 lazyload\" alt=\"\" data-srcset=\"https:\/\/unsuisseamallorca.com\/wp-content\/uploads\/2020\/07\/Salmunia.jpg 670w, https:\/\/unsuisseamallorca.com\/wp-content\/uploads\/2020\/07\/Salmunia-300x134.jpg 300w\" data-sizes=\"(max-width: 670px) 100vw, 670px\" src=\"data:image\/svg+xml;base64,PHN2ZyB3aWR0aD0iMSIgaGVpZ2h0PSIxIiB4bWxucz0iaHR0cDovL3d3dy53My5vcmcvMjAwMC9zdmciPjwvc3ZnPg==\" style=\"--smush-placeholder-width: 670px; --smush-placeholder-aspect-ratio: 670\/300;\" \/>\t\t\t\t\t\t\t\t\t\t\t\t\t\t\t<\/div>\n\t\t\t\t<\/div>\n\t\t\t\t<div class=\"elementor-element elementor-element-4b1e4ba elementor-widget elementor-widget-image\" data-id=\"4b1e4ba\" data-element_type=\"widget\" data-widget_type=\"image.default\">\n\t\t\t\t<div class=\"elementor-widget-container\">\n\t\t\t\t\t\t\t\t\t\t\t\t\t\t\t<img decoding=\"async\" width=\"768\" height=\"512\" data-src=\"https:\/\/unsuisseamallorca.com\/wp-content\/uploads\/2020\/06\/IMG_8269-768x512.jpg\" class=\"attachment-medium_large size-medium_large wp-image-4043 lazyload\" alt=\"\" data-srcset=\"https:\/\/unsuisseamallorca.com\/wp-content\/uploads\/2020\/06\/IMG_8269-768x512.jpg 768w, https:\/\/unsuisseamallorca.com\/wp-content\/uploads\/2020\/06\/IMG_8269-300x200.jpg 300w, https:\/\/unsuisseamallorca.com\/wp-content\/uploads\/2020\/06\/IMG_8269-1024x683.jpg 1024w, https:\/\/unsuisseamallorca.com\/wp-content\/uploads\/2020\/06\/IMG_8269-1536x1024.jpg 1536w, https:\/\/unsuisseamallorca.com\/wp-content\/uploads\/2020\/06\/IMG_8269-2048x1365.jpg 2048w, https:\/\/unsuisseamallorca.com\/wp-content\/uploads\/2020\/06\/IMG_8269-scaled.jpg 2560w\" data-sizes=\"(max-width: 768px) 100vw, 768px\" src=\"data:image\/svg+xml;base64,PHN2ZyB3aWR0aD0iMSIgaGVpZ2h0PSIxIiB4bWxucz0iaHR0cDovL3d3dy53My5vcmcvMjAwMC9zdmciPjwvc3ZnPg==\" style=\"--smush-placeholder-width: 768px; --smush-placeholder-aspect-ratio: 768\/512;\" \/>\t\t\t\t\t\t\t\t\t\t\t\t\t\t\t<\/div>\n\t\t\t\t<\/div>\n\t\t\t\t<div class=\"elementor-element elementor-element-8369965 elementor-widget elementor-widget-image\" data-id=\"8369965\" data-element_type=\"widget\" data-widget_type=\"image.default\">\n\t\t\t\t<div class=\"elementor-widget-container\">\n\t\t\t\t\t\t\t\t\t\t\t\t\t\t\t<img decoding=\"async\" width=\"768\" height=\"512\" data-src=\"https:\/\/unsuisseamallorca.com\/wp-content\/uploads\/2020\/07\/Marmols-768x512.jpg\" class=\"attachment-medium_large size-medium_large wp-image-5222 lazyload\" alt=\"\" data-srcset=\"https:\/\/unsuisseamallorca.com\/wp-content\/uploads\/2020\/07\/Marmols-768x512.jpg 768w, https:\/\/unsuisseamallorca.com\/wp-content\/uploads\/2020\/07\/Marmols-300x200.jpg 300w, https:\/\/unsuisseamallorca.com\/wp-content\/uploads\/2020\/07\/Marmols-1024x683.jpg 1024w, https:\/\/unsuisseamallorca.com\/wp-content\/uploads\/2020\/07\/Marmols-1536x1024.jpg 1536w, https:\/\/unsuisseamallorca.com\/wp-content\/uploads\/2020\/07\/Marmols-2048x1365.jpg 2048w, https:\/\/unsuisseamallorca.com\/wp-content\/uploads\/2020\/07\/Marmols-scaled.jpg 2560w\" data-sizes=\"(max-width: 768px) 100vw, 768px\" src=\"data:image\/svg+xml;base64,PHN2ZyB3aWR0aD0iMSIgaGVpZ2h0PSIxIiB4bWxucz0iaHR0cDovL3d3dy53My5vcmcvMjAwMC9zdmciPjwvc3ZnPg==\" style=\"--smush-placeholder-width: 768px; --smush-placeholder-aspect-ratio: 768\/512;\" \/>\t\t\t\t\t\t\t\t\t\t\t\t\t\t\t<\/div>\n\t\t\t\t<\/div>\n\t\t\t\t\t<\/div>\n\t\t<\/div>\n\t\t\t\t\t<\/div>\n\t\t<\/section>\n\t\t\t\t<section class=\"elementor-section elementor-top-section elementor-element elementor-element-12c76c29 elementor-section-content-middle elementor-section-boxed elementor-section-height-default elementor-section-height-default\" data-id=\"12c76c29\" data-element_type=\"section\">\n\t\t\t\t\t\t<div class=\"elementor-container elementor-column-gap-default\">\n\t\t\t\t\t<div class=\"elementor-column elementor-col-50 elementor-top-column elementor-element elementor-element-33a9b3a3\" data-id=\"33a9b3a3\" data-element_type=\"column\">\n\t\t\t<div class=\"elementor-widget-wrap elementor-element-populated\">\n\t\t\t\t\t\t<div class=\"elementor-element elementor-element-22019a51 elementor-widget elementor-widget-image\" data-id=\"22019a51\" data-element_type=\"widget\" data-widget_type=\"image.default\">\n\t\t\t\t<div class=\"elementor-widget-container\">\n\t\t\t\t\t\t\t\t\t\t\t\t<figure class=\"wp-caption\">\n\t\t\t\t\t\t\t\t\t\t<img decoding=\"async\" width=\"768\" height=\"771\" data-src=\"https:\/\/unsuisseamallorca.com\/wp-content\/uploads\/2020\/06\/Drach-768x771.jpg\" class=\"attachment-medium_large size-medium_large wp-image-4379 lazyload\" alt=\"\" data-srcset=\"https:\/\/unsuisseamallorca.com\/wp-content\/uploads\/2020\/06\/Drach-768x771.jpg 768w, https:\/\/unsuisseamallorca.com\/wp-content\/uploads\/2020\/06\/Drach-300x300.jpg 300w, https:\/\/unsuisseamallorca.com\/wp-content\/uploads\/2020\/06\/Drach-1020x1024.jpg 1020w, https:\/\/unsuisseamallorca.com\/wp-content\/uploads\/2020\/06\/Drach-150x150.jpg 150w, https:\/\/unsuisseamallorca.com\/wp-content\/uploads\/2020\/06\/Drach.jpg 1070w\" data-sizes=\"(max-width: 768px) 100vw, 768px\" src=\"data:image\/svg+xml;base64,PHN2ZyB3aWR0aD0iMSIgaGVpZ2h0PSIxIiB4bWxucz0iaHR0cDovL3d3dy53My5vcmcvMjAwMC9zdmciPjwvc3ZnPg==\" style=\"--smush-placeholder-width: 768px; --smush-placeholder-aspect-ratio: 768\/771;\" \/>\t\t\t\t\t\t\t\t\t\t\t<figcaption class=\"widget-image-caption wp-caption-text\">Drach<\/figcaption>\n\t\t\t\t\t\t\t\t\t\t<\/figure>\n\t\t\t\t\t\t\t\t\t<\/div>\n\t\t\t\t<\/div>\n\t\t\t\t<div class=\"elementor-element elementor-element-078da09 elementor-widget elementor-widget-image\" data-id=\"078da09\" data-element_type=\"widget\" data-widget_type=\"image.default\">\n\t\t\t\t<div class=\"elementor-widget-container\">\n\t\t\t\t\t\t\t\t\t\t\t\t<figure class=\"wp-caption\">\n\t\t\t\t\t\t\t\t\t\t<img decoding=\"async\" width=\"450\" height=\"300\" data-src=\"https:\/\/unsuisseamallorca.com\/wp-content\/uploads\/2020\/06\/Arta-2.jpg\" class=\"attachment-medium_large size-medium_large wp-image-4382 lazyload\" alt=\"\" data-srcset=\"https:\/\/unsuisseamallorca.com\/wp-content\/uploads\/2020\/06\/Arta-2.jpg 450w, https:\/\/unsuisseamallorca.com\/wp-content\/uploads\/2020\/06\/Arta-2-300x200.jpg 300w\" data-sizes=\"(max-width: 450px) 100vw, 450px\" src=\"data:image\/svg+xml;base64,PHN2ZyB3aWR0aD0iMSIgaGVpZ2h0PSIxIiB4bWxucz0iaHR0cDovL3d3dy53My5vcmcvMjAwMC9zdmciPjwvc3ZnPg==\" style=\"--smush-placeholder-width: 450px; --smush-placeholder-aspect-ratio: 450\/300;\" \/>\t\t\t\t\t\t\t\t\t\t\t<figcaption class=\"widget-image-caption wp-caption-text\">Arta<\/figcaption>\n\t\t\t\t\t\t\t\t\t\t<\/figure>\n\t\t\t\t\t\t\t\t\t<\/div>\n\t\t\t\t<\/div>\n\t\t\t\t<div class=\"elementor-element elementor-element-70fd6bb elementor-widget elementor-widget-image\" data-id=\"70fd6bb\" data-element_type=\"widget\" data-widget_type=\"image.default\">\n\t\t\t\t<div class=\"elementor-widget-container\">\n\t\t\t\t\t\t\t\t\t\t\t\t<figure class=\"wp-caption\">\n\t\t\t\t\t\t\t\t\t\t<img decoding=\"async\" width=\"550\" height=\"366\" data-src=\"https:\/\/unsuisseamallorca.com\/wp-content\/uploads\/2020\/06\/cuevas-de-campanet-sala.jpg\" class=\"attachment-medium_large size-medium_large wp-image-4378 lazyload\" alt=\"\" data-srcset=\"https:\/\/unsuisseamallorca.com\/wp-content\/uploads\/2020\/06\/cuevas-de-campanet-sala.jpg 550w, https:\/\/unsuisseamallorca.com\/wp-content\/uploads\/2020\/06\/cuevas-de-campanet-sala-300x200.jpg 300w\" data-sizes=\"(max-width: 550px) 100vw, 550px\" src=\"data:image\/svg+xml;base64,PHN2ZyB3aWR0aD0iMSIgaGVpZ2h0PSIxIiB4bWxucz0iaHR0cDovL3d3dy53My5vcmcvMjAwMC9zdmciPjwvc3ZnPg==\" style=\"--smush-placeholder-width: 550px; --smush-placeholder-aspect-ratio: 550\/366;\" \/>\t\t\t\t\t\t\t\t\t\t\t<figcaption class=\"widget-image-caption wp-caption-text\">Campanet<\/figcaption>\n\t\t\t\t\t\t\t\t\t\t<\/figure>\n\t\t\t\t\t\t\t\t\t<\/div>\n\t\t\t\t<\/div>\n\t\t\t\t<div class=\"elementor-element elementor-element-43dc629 elementor-widget elementor-widget-image\" data-id=\"43dc629\" data-element_type=\"widget\" data-widget_type=\"image.default\">\n\t\t\t\t<div class=\"elementor-widget-container\">\n\t\t\t\t\t\t\t\t\t\t\t\t<figure class=\"wp-caption\">\n\t\t\t\t\t\t\t\t\t\t<img decoding=\"async\" width=\"550\" height=\"366\" data-src=\"https:\/\/unsuisseamallorca.com\/wp-content\/uploads\/2020\/06\/Genova.jpg\" class=\"attachment-medium_large size-medium_large wp-image-4380 lazyload\" alt=\"\" data-srcset=\"https:\/\/unsuisseamallorca.com\/wp-content\/uploads\/2020\/06\/Genova.jpg 550w, https:\/\/unsuisseamallorca.com\/wp-content\/uploads\/2020\/06\/Genova-300x200.jpg 300w\" data-sizes=\"(max-width: 550px) 100vw, 550px\" src=\"data:image\/svg+xml;base64,PHN2ZyB3aWR0aD0iMSIgaGVpZ2h0PSIxIiB4bWxucz0iaHR0cDovL3d3dy53My5vcmcvMjAwMC9zdmciPjwvc3ZnPg==\" style=\"--smush-placeholder-width: 550px; --smush-placeholder-aspect-ratio: 550\/366;\" \/>\t\t\t\t\t\t\t\t\t\t\t<figcaption class=\"widget-image-caption wp-caption-text\">Genova<\/figcaption>\n\t\t\t\t\t\t\t\t\t\t<\/figure>\n\t\t\t\t\t\t\t\t\t<\/div>\n\t\t\t\t<\/div>\n\t\t\t\t\t<\/div>\n\t\t<\/div>\n\t\t\t\t<div class=\"elementor-column elementor-col-50 elementor-top-column elementor-element elementor-element-317ab8c0\" data-id=\"317ab8c0\" data-element_type=\"column\">\n\t\t\t<div class=\"elementor-widget-wrap elementor-element-populated\">\n\t\t\t\t\t\t<div class=\"elementor-element elementor-element-28ebaf0c elementor-widget elementor-widget-heading\" data-id=\"28ebaf0c\" data-element_type=\"widget\" data-widget_type=\"heading.default\">\n\t\t\t\t<div class=\"elementor-widget-container\">\n\t\t\t\t\t<h3 class=\"elementor-heading-title elementor-size-default\">Les grottes<\/h3>\t\t\t\t<\/div>\n\t\t\t\t<\/div>\n\t\t\t\t<div class=\"elementor-element elementor-element-1d75a002 elementor-widget elementor-widget-text-editor\" data-id=\"1d75a002\" data-element_type=\"widget\" data-widget_type=\"text-editor.default\">\n\t\t\t\t<div class=\"elementor-widget-container\">\n\t\t\t\t\t\t\t\t\t<p>Ci-dessous quelques unes des principales grottes \u00e0 visiter en \u00e9tant en s\u00e9curit\u00e9. Majorque poss\u00e8de d&rsquo;innombrables grottes non exploit\u00e9es, mais attention ne vous y aventurez pas sans un minimum de mat\u00e9riel : bons souliers, \u00e9clairage, t\u00e9l\u00e9phone et soyez au minimum deux personnes.<\/p><p><strong> Coves Blanques de Porto Cristo : <\/strong> Rien \u00e0 payer pour voir ces grottes en bord de mer, \u00e0 la fin du Paseo de la plage de Porto Cristo\u00a0! \u00a0Habit\u00e9es par certaines familles de p\u00eacheurs jusqu\u2019en 1888, elles offraient des conditions\u00a0 id\u00e9ales pour accueillir les familles modestes. Elles doivent leur nom, grottes blanches, \u00e0 la couleur de la roche.<\/p><p><strong>Les Coves del Drach pr\u00e8s de Porto Cristo :<\/strong>Vieux village de p\u00eacheurs tr\u00e8s touristique en \u00e9t\u00e9. Form\u00e9es de plusieurs grottes, leur attrait majeur est le Lac Martel, reconnu comme un des plus grands lacs souterrains d\u2019Europe o\u00f9 vous pourrez profiter d\u2019une promenade en barque et d\u2019un concert de musique classique.<\/p><p><strong>Les grottes Del Hams (grottes de l\u2019hame\u00e7on) \u00e0 11,5 km de Porto Cristo :<\/strong>Elles ont \u00e9t\u00e9 d\u00e9couvertes en 1905 par un sp\u00e9l\u00e9ologue majorquin \u00e0 la recherche d\u2019onyx. Bien que moins visit\u00e9es que les grottes del Drach, elles n\u2019en sont pas moins magnifiques, offrant un spectacle f\u00e9\u00e9rique gr\u00e2ce \u00e0 l\u2019\u00e9blouissante illumination. La grotte bleue, en particuliers, est un enchantement.<\/p><p><strong>Les grottes d&rsquo;Arta :<\/strong> grotte assez grande avec diff\u00e9rentes salles avec des noms (enfer, purgatoire..), un petit \u00ab\u00a0spectacle\u00a0\u00bb son et lumi\u00e8re sympa mais pas sensationnel.<br \/>Visite multilingues. Pas mal d\u2019escaliers mais pas d\u00e9rangeant. Grotte bien am\u00e9nag\u00e9e. Vue magnifique en sortie de grotte.<\/p><p><strong>Grotte de Campanet :<\/strong> Une jolie visite d\u2019environ 1h dans la fra\u00eecheur tr\u00e8s agr\u00e9able de ces grottes. Mise en valeur tr\u00e8s simple du site: juste quelques lumi\u00e8res, mais pas de jeux de couleurs, de musique ou autres ambiances kitsch comme dans d&rsquo;autres&#8230; les 3 salles sont spectaculaires et se suffisent \u00e0 elles-m\u00eames.<\/p><p><strong>Grotte de Genova :<\/strong> L&rsquo;\u00eele de Majorque regorge de grottes naturelles, et celle-ci est certainement l&rsquo;une des moins exploit\u00e9es par le tourisme, et n\u00e9anmoins tr\u00e8s belle \u00e0 visiter. Autre avantage, elle est tr\u00e8s facile d&rsquo;acc\u00e8s depuis Palma en bus public. Si vous n&rsquo;avez jamais eu l&rsquo;occasion de voir un spectacle naturel de ce genre, c&rsquo;est une tr\u00e8s bonne excursion \u00e0 moindre co\u00fbt. D\u00e9couverte par hasard en 1906, lors d&rsquo;excavations \u00e0 la recherche d&rsquo;eau douce, la grotte est situ\u00e9e dans le restaurant Es Reco de G\u00e9nova, qui en est propri\u00e9taire et g\u00e8re les visites. Une courte vid\u00e9o de pr\u00e9sentation est disponible en fran\u00e7ais au d\u00e9but de la visite, puis une tranquillit\u00e9 rare qui permet de jouer librement aux explorateurs.<\/p>\t\t\t\t\t\t\t\t<\/div>\n\t\t\t\t<\/div>\n\t\t\t\t\t<\/div>\n\t\t<\/div>\n\t\t\t\t\t<\/div>\n\t\t<\/section>\n\t\t\t\t<section class=\"elementor-section elementor-top-section elementor-element elementor-element-7830f88b elementor-section-content-middle elementor-reverse-mobile elementor-section-boxed elementor-section-height-default elementor-section-height-default\" data-id=\"7830f88b\" data-element_type=\"section\">\n\t\t\t\t\t\t<div class=\"elementor-container elementor-column-gap-default\">\n\t\t\t\t\t<div class=\"elementor-column elementor-col-50 elementor-top-column elementor-element elementor-element-1cfe93db\" data-id=\"1cfe93db\" data-element_type=\"column\">\n\t\t\t<div class=\"elementor-widget-wrap elementor-element-populated\">\n\t\t\t\t\t\t<div class=\"elementor-element elementor-element-57c16269 elementor-widget elementor-widget-heading\" data-id=\"57c16269\" data-element_type=\"widget\" data-widget_type=\"heading.default\">\n\t\t\t\t<div class=\"elementor-widget-container\">\n\t\t\t\t\t<h3 class=\"elementor-heading-title elementor-size-default\">La r\u00e9serve de Mondrago<\/h3>\t\t\t\t<\/div>\n\t\t\t\t<\/div>\n\t\t\t\t<div class=\"elementor-element elementor-element-4fa6ad66 elementor-widget elementor-widget-text-editor\" data-id=\"4fa6ad66\" data-element_type=\"widget\" data-widget_type=\"text-editor.default\">\n\t\t\t\t<div class=\"elementor-widget-container\">\n\t\t\t\t\t\t\t\t\t<p>Cette\u00a0r\u00e9serve naturelle\u00a0est une mosa\u00efque de paysages diff\u00e9rents aux contrastes de grande beaut\u00e9. Un m\u00e9lange surprenant de champs cultiv\u00e9s, de dunes, de mar\u00e9cages, de pin\u00e8des, de bosquets de ch\u00eanes verts, de gen\u00e9vriers, d\u2019oliviers et de magnifiques orchid\u00e9es sauvages autochtones.<\/p><p>Rien de mieux que de visiter le Parc \u00e0 pied, 5 randonn\u00e9es d\u2019une dur\u00e9e de 30 \u00e0 40 minutes chacune permettent de parcourir et d\u2019appr\u00e9cier toute la beaut\u00e9 de cette zone pr\u00e9serv\u00e9e. Les itin\u00e9raires p\u00e9destres sont balis\u00e9s.<\/p><p>Le Parc dispose de 2 zones de parking payant, une du c\u00f4t\u00e9 de S\u2019Amarador et l\u2019autre de ses Fonts d\u2019en Alis.<\/p><p>En plus des tr\u00e8s belles plages de sable, vous y trouverez aussi plusieurs aires r\u00e9cr\u00e9atives pour les enfants et des emplacements pour le pique-nique.<\/p>\t\t\t\t\t\t\t\t<\/div>\n\t\t\t\t<\/div>\n\t\t\t\t<div class=\"elementor-element elementor-element-50a1ab3e elementor-align-left elementor-mobile-align-center elementor-widget elementor-widget-button\" data-id=\"50a1ab3e\" data-element_type=\"widget\" data-widget_type=\"button.default\">\n\t\t\t\t<div class=\"elementor-widget-container\">\n\t\t\t\t\t\t\t\t\t<div class=\"elementor-button-wrapper\">\n\t\t\t\t\t<a class=\"elementor-button elementor-button-link elementor-size-md\" href=\"https:\/\/unsuisseamallorca.com\/index.php\/reserve-de-mondrago\/\" target=\"_blank\">\n\t\t\t\t\t\t<span class=\"elementor-button-content-wrapper\">\n\t\t\t\t\t\t<span class=\"elementor-button-icon\">\n\t\t\t\t<i aria-hidden=\"true\" class=\"fas fa-angle-double-right\"><\/i>\t\t\t<\/span>\n\t\t\t\t\t\t\t\t\t<span class=\"elementor-button-text\">En savoir plus<\/span>\n\t\t\t\t\t<\/span>\n\t\t\t\t\t<\/a>\n\t\t\t\t<\/div>\n\t\t\t\t\t\t\t\t<\/div>\n\t\t\t\t<\/div>\n\t\t\t\t\t<\/div>\n\t\t<\/div>\n\t\t\t\t<div class=\"elementor-column elementor-col-50 elementor-top-column elementor-element elementor-element-f9e4347\" data-id=\"f9e4347\" data-element_type=\"column\">\n\t\t\t<div class=\"elementor-widget-wrap elementor-element-populated\">\n\t\t\t\t\t\t<div class=\"elementor-element elementor-element-49a46b79 elementor-widget elementor-widget-image\" data-id=\"49a46b79\" data-element_type=\"widget\" data-widget_type=\"image.default\">\n\t\t\t\t<div class=\"elementor-widget-container\">\n\t\t\t\t\t\t\t\t\t\t\t\t\t\t\t<img decoding=\"async\" width=\"768\" height=\"576\" data-src=\"https:\/\/unsuisseamallorca.com\/wp-content\/uploads\/2020\/06\/Mondrago-768x576.jpg\" class=\"attachment-medium_large size-medium_large wp-image-4352 lazyload\" alt=\"\" data-srcset=\"https:\/\/unsuisseamallorca.com\/wp-content\/uploads\/2020\/06\/Mondrago-768x576.jpg 768w, https:\/\/unsuisseamallorca.com\/wp-content\/uploads\/2020\/06\/Mondrago-300x225.jpg 300w, https:\/\/unsuisseamallorca.com\/wp-content\/uploads\/2020\/06\/Mondrago-1024x768.jpg 1024w, https:\/\/unsuisseamallorca.com\/wp-content\/uploads\/2020\/06\/Mondrago-1536x1152.jpg 1536w, https:\/\/unsuisseamallorca.com\/wp-content\/uploads\/2020\/06\/Mondrago-2048x1536.jpg 2048w, https:\/\/unsuisseamallorca.com\/wp-content\/uploads\/2020\/06\/Mondrago-scaled.jpg 2560w\" data-sizes=\"(max-width: 768px) 100vw, 768px\" src=\"data:image\/svg+xml;base64,PHN2ZyB3aWR0aD0iMSIgaGVpZ2h0PSIxIiB4bWxucz0iaHR0cDovL3d3dy53My5vcmcvMjAwMC9zdmciPjwvc3ZnPg==\" style=\"--smush-placeholder-width: 768px; --smush-placeholder-aspect-ratio: 768\/576;\" \/>\t\t\t\t\t\t\t\t\t\t\t\t\t\t\t<\/div>\n\t\t\t\t<\/div>\n\t\t\t\t<div class=\"elementor-element elementor-element-cb982e2 elementor-widget elementor-widget-image\" data-id=\"cb982e2\" data-element_type=\"widget\" data-widget_type=\"image.default\">\n\t\t\t\t<div class=\"elementor-widget-container\">\n\t\t\t\t\t\t\t\t\t\t\t\t\t\t\t<img decoding=\"async\" width=\"768\" height=\"576\" data-src=\"https:\/\/unsuisseamallorca.com\/wp-content\/uploads\/2021\/10\/DJI_0166-768x576.jpg\" class=\"attachment-medium_large size-medium_large wp-image-9042 lazyload\" alt=\"\" data-srcset=\"https:\/\/unsuisseamallorca.com\/wp-content\/uploads\/2021\/10\/DJI_0166-768x576.jpg 768w, https:\/\/unsuisseamallorca.com\/wp-content\/uploads\/2021\/10\/DJI_0166-300x225.jpg 300w, https:\/\/unsuisseamallorca.com\/wp-content\/uploads\/2021\/10\/DJI_0166-1024x768.jpg 1024w, https:\/\/unsuisseamallorca.com\/wp-content\/uploads\/2021\/10\/DJI_0166-1536x1152.jpg 1536w, https:\/\/unsuisseamallorca.com\/wp-content\/uploads\/2021\/10\/DJI_0166-2048x1536.jpg 2048w, https:\/\/unsuisseamallorca.com\/wp-content\/uploads\/2021\/10\/DJI_0166-scaled.jpg 2560w\" data-sizes=\"(max-width: 768px) 100vw, 768px\" src=\"data:image\/svg+xml;base64,PHN2ZyB3aWR0aD0iMSIgaGVpZ2h0PSIxIiB4bWxucz0iaHR0cDovL3d3dy53My5vcmcvMjAwMC9zdmciPjwvc3ZnPg==\" style=\"--smush-placeholder-width: 768px; --smush-placeholder-aspect-ratio: 768\/576;\" \/>\t\t\t\t\t\t\t\t\t\t\t\t\t\t\t<\/div>\n\t\t\t\t<\/div>\n\t\t\t\t\t<\/div>\n\t\t<\/div>\n\t\t\t\t\t<\/div>\n\t\t<\/section>\n\t\t\t\t<section class=\"elementor-section elementor-top-section elementor-element elementor-element-3f428ed8 elementor-section-content-middle elementor-section-boxed elementor-section-height-default elementor-section-height-default\" data-id=\"3f428ed8\" data-element_type=\"section\">\n\t\t\t\t\t\t<div class=\"elementor-container elementor-column-gap-default\">\n\t\t\t\t\t<div class=\"elementor-column elementor-col-50 elementor-top-column elementor-element elementor-element-27c82850\" data-id=\"27c82850\" data-element_type=\"column\">\n\t\t\t<div class=\"elementor-widget-wrap elementor-element-populated\">\n\t\t\t\t\t\t<div class=\"elementor-element elementor-element-597ff64a elementor-widget elementor-widget-image\" data-id=\"597ff64a\" data-element_type=\"widget\" data-widget_type=\"image.default\">\n\t\t\t\t<div class=\"elementor-widget-container\">\n\t\t\t\t\t\t\t\t\t\t\t\t<figure class=\"wp-caption\">\n\t\t\t\t\t\t\t\t\t\t<img decoding=\"async\" width=\"600\" height=\"291\" data-src=\"https:\/\/unsuisseamallorca.com\/wp-content\/uploads\/2020\/06\/Capdepera.jpg\" class=\"attachment-medium_large size-medium_large wp-image-4362 lazyload\" alt=\"\" data-srcset=\"https:\/\/unsuisseamallorca.com\/wp-content\/uploads\/2020\/06\/Capdepera.jpg 600w, https:\/\/unsuisseamallorca.com\/wp-content\/uploads\/2020\/06\/Capdepera-300x146.jpg 300w\" data-sizes=\"(max-width: 600px) 100vw, 600px\" src=\"data:image\/svg+xml;base64,PHN2ZyB3aWR0aD0iMSIgaGVpZ2h0PSIxIiB4bWxucz0iaHR0cDovL3d3dy53My5vcmcvMjAwMC9zdmciPjwvc3ZnPg==\" style=\"--smush-placeholder-width: 600px; --smush-placeholder-aspect-ratio: 600\/291;\" \/>\t\t\t\t\t\t\t\t\t\t\t<figcaption class=\"widget-image-caption wp-caption-text\">Capdepera<\/figcaption>\n\t\t\t\t\t\t\t\t\t\t<\/figure>\n\t\t\t\t\t\t\t\t\t<\/div>\n\t\t\t\t<\/div>\n\t\t\t\t<div class=\"elementor-element elementor-element-f2b608f elementor-widget elementor-widget-image\" data-id=\"f2b608f\" data-element_type=\"widget\" data-widget_type=\"image.default\">\n\t\t\t\t<div class=\"elementor-widget-container\">\n\t\t\t\t\t\t\t\t\t\t\t\t<figure class=\"wp-caption\">\n\t\t\t\t\t\t\t\t\t\t<img decoding=\"async\" width=\"768\" height=\"513\" data-src=\"https:\/\/unsuisseamallorca.com\/wp-content\/uploads\/2020\/06\/Canyamel-1-768x513.jpg\" class=\"attachment-medium_large size-medium_large wp-image-4364 lazyload\" alt=\"\" data-srcset=\"https:\/\/unsuisseamallorca.com\/wp-content\/uploads\/2020\/06\/Canyamel-1-768x513.jpg 768w, https:\/\/unsuisseamallorca.com\/wp-content\/uploads\/2020\/06\/Canyamel-1-300x200.jpg 300w, https:\/\/unsuisseamallorca.com\/wp-content\/uploads\/2020\/06\/Canyamel-1.jpg 899w\" data-sizes=\"(max-width: 768px) 100vw, 768px\" src=\"data:image\/svg+xml;base64,PHN2ZyB3aWR0aD0iMSIgaGVpZ2h0PSIxIiB4bWxucz0iaHR0cDovL3d3dy53My5vcmcvMjAwMC9zdmciPjwvc3ZnPg==\" style=\"--smush-placeholder-width: 768px; --smush-placeholder-aspect-ratio: 768\/513;\" \/>\t\t\t\t\t\t\t\t\t\t\t<figcaption class=\"widget-image-caption wp-caption-text\">Canyamel<\/figcaption>\n\t\t\t\t\t\t\t\t\t\t<\/figure>\n\t\t\t\t\t\t\t\t\t<\/div>\n\t\t\t\t<\/div>\n\t\t\t\t<div class=\"elementor-element elementor-element-fed7f77 elementor-widget elementor-widget-image\" data-id=\"fed7f77\" data-element_type=\"widget\" data-widget_type=\"image.default\">\n\t\t\t\t<div class=\"elementor-widget-container\">\n\t\t\t\t\t\t\t\t\t\t\t\t<figure class=\"wp-caption\">\n\t\t\t\t\t\t\t\t\t\t<img decoding=\"async\" width=\"768\" height=\"432\" data-src=\"https:\/\/unsuisseamallorca.com\/wp-content\/uploads\/2020\/06\/Son-Servera-768x432.jpg\" class=\"attachment-medium_large size-medium_large wp-image-4366 lazyload\" alt=\"\" data-srcset=\"https:\/\/unsuisseamallorca.com\/wp-content\/uploads\/2020\/06\/Son-Servera-768x432.jpg 768w, https:\/\/unsuisseamallorca.com\/wp-content\/uploads\/2020\/06\/Son-Servera-300x169.jpg 300w, https:\/\/unsuisseamallorca.com\/wp-content\/uploads\/2020\/06\/Son-Servera-1024x576.jpg 1024w, https:\/\/unsuisseamallorca.com\/wp-content\/uploads\/2020\/06\/Son-Servera-1536x864.jpg 1536w, https:\/\/unsuisseamallorca.com\/wp-content\/uploads\/2020\/06\/Son-Servera.jpg 2000w\" data-sizes=\"(max-width: 768px) 100vw, 768px\" src=\"data:image\/svg+xml;base64,PHN2ZyB3aWR0aD0iMSIgaGVpZ2h0PSIxIiB4bWxucz0iaHR0cDovL3d3dy53My5vcmcvMjAwMC9zdmciPjwvc3ZnPg==\" style=\"--smush-placeholder-width: 768px; --smush-placeholder-aspect-ratio: 768\/432;\" \/>\t\t\t\t\t\t\t\t\t\t\t<figcaption class=\"widget-image-caption wp-caption-text\">Son Servera<\/figcaption>\n\t\t\t\t\t\t\t\t\t\t<\/figure>\n\t\t\t\t\t\t\t\t\t<\/div>\n\t\t\t\t<\/div>\n\t\t\t\t<div class=\"elementor-element elementor-element-98d5cdd elementor-widget elementor-widget-image\" data-id=\"98d5cdd\" data-element_type=\"widget\" data-widget_type=\"image.default\">\n\t\t\t\t<div class=\"elementor-widget-container\">\n\t\t\t\t\t\t\t\t\t\t\t\t<figure class=\"wp-caption\">\n\t\t\t\t\t\t\t\t\t\t<img decoding=\"async\" width=\"768\" height=\"576\" data-src=\"https:\/\/unsuisseamallorca.com\/wp-content\/uploads\/2020\/06\/Pula-golf-768x576.jpg\" class=\"attachment-medium_large size-medium_large wp-image-4365 lazyload\" alt=\"\" data-srcset=\"https:\/\/unsuisseamallorca.com\/wp-content\/uploads\/2020\/06\/Pula-golf-768x576.jpg 768w, https:\/\/unsuisseamallorca.com\/wp-content\/uploads\/2020\/06\/Pula-golf-300x225.jpg 300w, https:\/\/unsuisseamallorca.com\/wp-content\/uploads\/2020\/06\/Pula-golf.jpg 800w\" data-sizes=\"(max-width: 768px) 100vw, 768px\" src=\"data:image\/svg+xml;base64,PHN2ZyB3aWR0aD0iMSIgaGVpZ2h0PSIxIiB4bWxucz0iaHR0cDovL3d3dy53My5vcmcvMjAwMC9zdmciPjwvc3ZnPg==\" style=\"--smush-placeholder-width: 768px; --smush-placeholder-aspect-ratio: 768\/576;\" \/>\t\t\t\t\t\t\t\t\t\t\t<figcaption class=\"widget-image-caption wp-caption-text\">Pula Golf<\/figcaption>\n\t\t\t\t\t\t\t\t\t\t<\/figure>\n\t\t\t\t\t\t\t\t\t<\/div>\n\t\t\t\t<\/div>\n\t\t\t\t<div class=\"elementor-element elementor-element-4c85410 elementor-widget elementor-widget-image\" data-id=\"4c85410\" data-element_type=\"widget\" data-widget_type=\"image.default\">\n\t\t\t\t<div class=\"elementor-widget-container\">\n\t\t\t\t\t\t\t\t\t\t\t\t<figure class=\"wp-caption\">\n\t\t\t\t\t\t\t\t\t\t<img decoding=\"async\" width=\"768\" height=\"509\" data-src=\"https:\/\/unsuisseamallorca.com\/wp-content\/uploads\/2020\/06\/5a1ee1f09fa28455222166-768x509.jpg\" class=\"attachment-medium_large size-medium_large wp-image-4363 lazyload\" alt=\"\" data-srcset=\"https:\/\/unsuisseamallorca.com\/wp-content\/uploads\/2020\/06\/5a1ee1f09fa28455222166-768x509.jpg 768w, https:\/\/unsuisseamallorca.com\/wp-content\/uploads\/2020\/06\/5a1ee1f09fa28455222166-300x199.jpg 300w, https:\/\/unsuisseamallorca.com\/wp-content\/uploads\/2020\/06\/5a1ee1f09fa28455222166.jpg 1024w\" data-sizes=\"(max-width: 768px) 100vw, 768px\" src=\"data:image\/svg+xml;base64,PHN2ZyB3aWR0aD0iMSIgaGVpZ2h0PSIxIiB4bWxucz0iaHR0cDovL3d3dy53My5vcmcvMjAwMC9zdmciPjwvc3ZnPg==\" style=\"--smush-placeholder-width: 768px; --smush-placeholder-aspect-ratio: 768\/509;\" \/>\t\t\t\t\t\t\t\t\t\t\t<figcaption class=\"widget-image-caption wp-caption-text\">Vall d'Or<\/figcaption>\n\t\t\t\t\t\t\t\t\t\t<\/figure>\n\t\t\t\t\t\t\t\t\t<\/div>\n\t\t\t\t<\/div>\n\t\t\t\t\t<\/div>\n\t\t<\/div>\n\t\t\t\t<div class=\"elementor-column elementor-col-50 elementor-top-column elementor-element elementor-element-69d6c459\" data-id=\"69d6c459\" data-element_type=\"column\">\n\t\t\t<div class=\"elementor-widget-wrap elementor-element-populated\">\n\t\t\t\t\t\t<div class=\"elementor-element elementor-element-2eed415b elementor-widget elementor-widget-heading\" data-id=\"2eed415b\" data-element_type=\"widget\" data-widget_type=\"heading.default\">\n\t\t\t\t<div class=\"elementor-widget-container\">\n\t\t\t\t\t<h3 class=\"elementor-heading-title elementor-size-default\">Les golfs<\/h3>\t\t\t\t<\/div>\n\t\t\t\t<\/div>\n\t\t\t\t<div class=\"elementor-element elementor-element-26262ad1 elementor-widget elementor-widget-text-editor\" data-id=\"26262ad1\" data-element_type=\"widget\" data-widget_type=\"text-editor.default\">\n\t\t\t\t<div class=\"elementor-widget-container\">\n\t\t\t\t\t\t\t\t\t<strong> Capdepera : <\/strong> Bienvenus \u00e0 l\u2019un des plus beaux parcours de golf de l\u2019\u00eele de Majorque, vous y trouverez paix et calme pendant votre parcours et ce sans jamais voir une urbanisation! En effet, la nature est le point fort de ce golf! Le 15\u00e8me trou a \u00e9t\u00e9 vot\u00e9 le meilleur de l\u2019\u00eele par la revue Mallorca Magazine et ses lecteurs.<p>\n\n<p><strong> Canyamel : <\/strong> Avec 6185 m2, ce parcours se distingue comme l\u2019un des plus pittoresques de l\u2019\u00eele. 18 trous, Par 73, cr\u00e9\u00e9 en\u00a0 respectant et en pr\u00e9servant la majeure partie de l\u2019environnement naturel et la topographie. Deux trous plus difficiles (2\/13) et de grandes curiosit\u00e9s comme le 9\u00e8me trou, par 4, avec une petite maison en pierre au milieu, qui rend difficile de faire les 320 m\u00e8tres en 4 coups; le 4e trou \u00e0 partir duquel vous pouvez voir la mer et m\u00eame l\u2019\u00eele voisine de Minorque et le 18\u00e8me trou spectaculaire avec une triple ondulation en \u00ab\u00a0piano\u00a0\u00bb qui peut \u00eatre vu \u00e0 partir de la terrasse du club house. S\u2019il vous pla\u00eet prenez soin des tortues ! Il est fr\u00e9quent de trouver des tortues m\u00e9diterran\u00e9ennes sur le terrain, nous vous demandons de respecter leur environnement et de les laisser l\u00e0 o\u00f9 vous les avez trouv\u00e9es.<p>\n\n<p><strong> Son Servera : <\/strong> Unique club social et le deuxi\u00e8me plus ancien de Majorque, le Club\u00a0 est situ\u00e9 au\u00a0pied des montagnes et entour\u00e9 de pins avec une vue magnifique sur la baie de Cala Millor. Aussi bien pour les joueurs confirm\u00e9s que les d\u00e9butants, ce parcours de golf, avec ses lacs et ses bunkers, propose un green pour en profiter.<p>\n\n<strong> Pula \u00e0 Son Servera <\/strong> Le parcours de Pula Golf est tr\u00e8s exigeant, et r\u00e9compense les bons coups. Tous les trous du parcours ont une caract\u00e9ristique diff\u00e9rente. Le parcours compte deux lacs et une rivi\u00e8re affectant plusieurs trous. \u00c0 proximit\u00e9, les visiteurs peuvent admirer les nombreux vestiges arch\u00e9ologiques de l\u2019\u00e9poque Talaiotic en bon \u00e9tat, une for\u00eat de ch\u00eanes et une faune vari\u00e9e de canards, de cygnes et de cerfs. Un environnement maintenu dans un environnement naturel.<p>\n\n<strong> Vall d\u2019Or \u00e0 Felanitx : <\/strong> 18 trous par 71 sur 5538 m., divertissement assur\u00e9, avec de magnifiques vues sur la mer et des vues splendides,\u00a0 la configuration actuelle r\u00e9pond \u00e0 l\u2019expansion qui e\u00fbt lieu entre 1991 et 1993 lors de laquelle furent construits les 9 trous qui aujourd\u2019hui ouvrent le jeu. Les 9 trous restants sont les originaux avec lesquels le parcours f\u00fbt inaugur\u00e9 en 1986.\u00a0Le terrain poss\u00e8de une vari\u00e9t\u00e9 de paysages aux caract\u00e9ristiques bien diff\u00e9renci\u00e9es entre les premiers 9 trous et la fin du parcours. Les premiers trous compos\u00e9s de fairways ondul\u00e9s, entour\u00e9s de pin\u00e8de, champs d\u2019amandiers et d\u2019oliviers; la deuxi\u00e8me partie du parcours descend en pente douce vers la mer avec des fairways plus accident\u00e9s mais aussi plus larges.\t\t\t\t\t\t\t\t<\/div>\n\t\t\t\t<\/div>\n\t\t\t\t\t<\/div>\n\t\t<\/div>\n\t\t\t\t\t<\/div>\n\t\t<\/section>\n\t\t\t\t<\/div>\n\t\t","protected":false},"excerpt":{"rendered":"<p>Les droits de l&rsquo;homme, c&rsquo;est une invention des gens de la ville, pour la campagne c&rsquo;est les lois de la nature. La c\u00f4te Est comprend d&rsquo;importantes stations baln\u00e9aires \u00e0 l&rsquo;image de Porto Cristo, Cala d&rsquo;Or, Cala Domingos et Cala Ratjada. Mais elle offre \u00e9galement de belles criques sauvages pour ceux qui recherchent avant tout la [&hellip;]<\/p>\n","protected":false},"author":1,"featured_media":0,"parent":0,"menu_order":0,"comment_status":"closed","ping_status":"closed","template":"","meta":{"ocean_post_layout":"","ocean_both_sidebars_style":"","ocean_both_sidebars_content_width":0,"ocean_both_sidebars_sidebars_width":0,"ocean_sidebar":"0","ocean_second_sidebar":"0","ocean_disable_margins":"enable","ocean_add_body_class":"","ocean_shortcode_before_top_bar":"","ocean_shortcode_after_top_bar":"","ocean_shortcode_before_header":"","ocean_shortcode_after_header":"","ocean_has_shortcode":"","ocean_shortcode_after_title":"","ocean_shortcode_before_footer_widgets":"","ocean_shortcode_after_footer_widgets":"","ocean_shortcode_before_footer_bottom":"","ocean_shortcode_after_footer_bottom":"","ocean_display_top_bar":"default","ocean_display_header":"default","ocean_header_style":"","ocean_center_header_left_menu":"0","ocean_custom_header_template":"0","ocean_custom_logo":0,"ocean_custom_retina_logo":0,"ocean_custom_logo_max_width":0,"ocean_custom_logo_tablet_max_width":0,"ocean_custom_logo_mobile_max_width":0,"ocean_custom_logo_max_height":0,"ocean_custom_logo_tablet_max_height":0,"ocean_custom_logo_mobile_max_height":0,"ocean_header_custom_menu":"0","ocean_menu_typo_font_family":"0","ocean_menu_typo_font_subset":"","ocean_menu_typo_font_size":0,"ocean_menu_typo_font_size_tablet":0,"ocean_menu_typo_font_size_mobile":0,"ocean_menu_typo_font_size_unit":"px","ocean_menu_typo_font_weight":"","ocean_menu_typo_font_weight_tablet":"","ocean_menu_typo_font_weight_mobile":"","ocean_menu_typo_transform":"","ocean_menu_typo_transform_tablet":"","ocean_menu_typo_transform_mobile":"","ocean_menu_typo_line_height":0,"ocean_menu_typo_line_height_tablet":0,"ocean_menu_typo_line_height_mobile":0,"ocean_menu_typo_line_height_unit":"","ocean_menu_typo_spacing":0,"ocean_menu_typo_spacing_tablet":0,"ocean_menu_typo_spacing_mobile":0,"ocean_menu_typo_spacing_unit":"","ocean_menu_link_color":"","ocean_menu_link_color_hover":"","ocean_menu_link_color_active":"","ocean_menu_link_background":"","ocean_menu_link_hover_background":"","ocean_menu_link_active_background":"","ocean_menu_social_links_bg":"","ocean_menu_social_hover_links_bg":"","ocean_menu_social_links_color":"","ocean_menu_social_hover_links_color":"","ocean_disable_title":"default","ocean_disable_heading":"default","ocean_post_title":"","ocean_post_subheading":"","ocean_post_title_style":"","ocean_post_title_background_color":"","ocean_post_title_background":0,"ocean_post_title_bg_image_position":"","ocean_post_title_bg_image_attachment":"","ocean_post_title_bg_image_repeat":"","ocean_post_title_bg_image_size":"","ocean_post_title_height":0,"ocean_post_title_bg_overlay":0.5,"ocean_post_title_bg_overlay_color":"","ocean_disable_breadcrumbs":"default","ocean_breadcrumbs_color":"","ocean_breadcrumbs_separator_color":"","ocean_breadcrumbs_links_color":"","ocean_breadcrumbs_links_hover_color":"","ocean_display_footer_widgets":"default","ocean_display_footer_bottom":"default","ocean_custom_footer_template":"0","footnotes":""},"class_list":["post-353","page","type-page","status-publish","hentry","entry"],"yoast_head":"<!-- This site is optimized with the Yoast SEO plugin v26.4 - https:\/\/yoast.com\/wordpress\/plugins\/seo\/ -->\n<title>LA C\u00d4TE EST UN SUISSE A MAJORQUE<\/title>\n<meta name=\"robots\" content=\"index, follow, max-snippet:-1, max-image-preview:large, max-video-preview:-1\" \/>\n<link rel=\"canonical\" href=\"https:\/\/unsuisseamallorca.com\/index.php\/la-cote-est-2\/\" \/>\n<meta property=\"og:locale\" content=\"fr_FR\" \/>\n<meta property=\"og:type\" content=\"article\" \/>\n<meta property=\"og:title\" content=\"LA C\u00d4TE EST UN SUISSE A MAJORQUE\" \/>\n<meta property=\"og:description\" content=\"Les droits de l&rsquo;homme, c&rsquo;est une invention des gens de la ville, pour la campagne c&rsquo;est les lois de la nature. La c\u00f4te Est comprend d&rsquo;importantes stations baln\u00e9aires \u00e0 l&rsquo;image de Porto Cristo, Cala d&rsquo;Or, Cala Domingos et Cala Ratjada. Mais elle offre \u00e9galement de belles criques sauvages pour ceux qui recherchent avant tout la [&hellip;]\" \/>\n<meta property=\"og:url\" content=\"https:\/\/unsuisseamallorca.com\/index.php\/la-cote-est-2\/\" \/>\n<meta property=\"og:site_name\" content=\"UN SUISSE A MAJORQUE\" \/>\n<meta property=\"article:modified_time\" content=\"2021-11-02T10:40:31+00:00\" \/>\n<meta property=\"og:image\" content=\"https:\/\/unsuisseamallorca.com\/wp-content\/uploads\/elementor\/thumbs\/La-c\u00f4te-est-B-o4v0yqisqcka3e9frwn78dgr7vsl1x89gy7lcdrj10.jpg\" \/>\n<meta name=\"twitter:card\" content=\"summary_large_image\" \/>\n<meta name=\"twitter:label1\" content=\"Dur\u00e9e de lecture estim\u00e9e\" \/>\n\t<meta name=\"twitter:data1\" content=\"37 minutes\" \/>\n<script type=\"application\/ld+json\" class=\"yoast-schema-graph\">{\"@context\":\"https:\/\/schema.org\",\"@graph\":[{\"@type\":\"WebPage\",\"@id\":\"https:\/\/unsuisseamallorca.com\/index.php\/la-cote-est-2\/\",\"url\":\"https:\/\/unsuisseamallorca.com\/index.php\/la-cote-est-2\/\",\"name\":\"LA C\u00d4TE EST UN SUISSE A MAJORQUE\",\"isPartOf\":{\"@id\":\"https:\/\/unsuisseamallorca.com\/#website\"},\"primaryImageOfPage\":{\"@id\":\"https:\/\/unsuisseamallorca.com\/index.php\/la-cote-est-2\/#primaryimage\"},\"image\":{\"@id\":\"https:\/\/unsuisseamallorca.com\/index.php\/la-cote-est-2\/#primaryimage\"},\"thumbnailUrl\":\"https:\/\/unsuisseamallorca.com\/wp-content\/uploads\/2020\/06\/arta-01-300x159.jpg\",\"datePublished\":\"2019-01-25T15:52:34+00:00\",\"dateModified\":\"2021-11-02T10:40:31+00:00\",\"breadcrumb\":{\"@id\":\"https:\/\/unsuisseamallorca.com\/index.php\/la-cote-est-2\/#breadcrumb\"},\"inLanguage\":\"fr-FR\",\"potentialAction\":[{\"@type\":\"ReadAction\",\"target\":[\"https:\/\/unsuisseamallorca.com\/index.php\/la-cote-est-2\/\"]}]},{\"@type\":\"ImageObject\",\"inLanguage\":\"fr-FR\",\"@id\":\"https:\/\/unsuisseamallorca.com\/index.php\/la-cote-est-2\/#primaryimage\",\"url\":\"https:\/\/unsuisseamallorca.com\/wp-content\/uploads\/2020\/06\/arta-01-300x159.jpg\",\"contentUrl\":\"https:\/\/unsuisseamallorca.com\/wp-content\/uploads\/2020\/06\/arta-01-300x159.jpg\"},{\"@type\":\"BreadcrumbList\",\"@id\":\"https:\/\/unsuisseamallorca.com\/index.php\/la-cote-est-2\/#breadcrumb\",\"itemListElement\":[{\"@type\":\"ListItem\",\"position\":1,\"name\":\"Accueil\",\"item\":\"https:\/\/unsuisseamallorca.com\/\"},{\"@type\":\"ListItem\",\"position\":2,\"name\":\"LA C\u00d4TE EST\"}]},{\"@type\":\"WebSite\",\"@id\":\"https:\/\/unsuisseamallorca.com\/#website\",\"url\":\"https:\/\/unsuisseamallorca.com\/\",\"name\":\"UN SUISSE A MAJORQUE\",\"description\":\"Le voyageur voit ce qu&#039;il voit, le touriste voit ce qu&#039;il est venu voir !\",\"potentialAction\":[{\"@type\":\"SearchAction\",\"target\":{\"@type\":\"EntryPoint\",\"urlTemplate\":\"https:\/\/unsuisseamallorca.com\/?s={search_term_string}\"},\"query-input\":{\"@type\":\"PropertyValueSpecification\",\"valueRequired\":true,\"valueName\":\"search_term_string\"}}],\"inLanguage\":\"fr-FR\"}]}<\/script>\n<!-- \/ Yoast SEO plugin. -->","yoast_head_json":{"title":"LA C\u00d4TE EST UN SUISSE A MAJORQUE","robots":{"index":"index","follow":"follow","max-snippet":"max-snippet:-1","max-image-preview":"max-image-preview:large","max-video-preview":"max-video-preview:-1"},"canonical":"https:\/\/unsuisseamallorca.com\/index.php\/la-cote-est-2\/","og_locale":"fr_FR","og_type":"article","og_title":"LA C\u00d4TE EST UN SUISSE A MAJORQUE","og_description":"Les droits de l&rsquo;homme, c&rsquo;est une invention des gens de la ville, pour la campagne c&rsquo;est les lois de la nature. La c\u00f4te Est comprend d&rsquo;importantes stations baln\u00e9aires \u00e0 l&rsquo;image de Porto Cristo, Cala d&rsquo;Or, Cala Domingos et Cala Ratjada. Mais elle offre \u00e9galement de belles criques sauvages pour ceux qui recherchent avant tout la [&hellip;]","og_url":"https:\/\/unsuisseamallorca.com\/index.php\/la-cote-est-2\/","og_site_name":"UN SUISSE A MAJORQUE","article_modified_time":"2021-11-02T10:40:31+00:00","og_image":[{"url":"https:\/\/unsuisseamallorca.com\/wp-content\/uploads\/elementor\/thumbs\/La-c\u00f4te-est-B-o4v0yqisqcka3e9frwn78dgr7vsl1x89gy7lcdrj10.jpg","type":"","width":"","height":""}],"twitter_card":"summary_large_image","twitter_misc":{"Dur\u00e9e de lecture estim\u00e9e":"37 minutes"},"schema":{"@context":"https:\/\/schema.org","@graph":[{"@type":"WebPage","@id":"https:\/\/unsuisseamallorca.com\/index.php\/la-cote-est-2\/","url":"https:\/\/unsuisseamallorca.com\/index.php\/la-cote-est-2\/","name":"LA C\u00d4TE EST UN SUISSE A MAJORQUE","isPartOf":{"@id":"https:\/\/unsuisseamallorca.com\/#website"},"primaryImageOfPage":{"@id":"https:\/\/unsuisseamallorca.com\/index.php\/la-cote-est-2\/#primaryimage"},"image":{"@id":"https:\/\/unsuisseamallorca.com\/index.php\/la-cote-est-2\/#primaryimage"},"thumbnailUrl":"https:\/\/unsuisseamallorca.com\/wp-content\/uploads\/2020\/06\/arta-01-300x159.jpg","datePublished":"2019-01-25T15:52:34+00:00","dateModified":"2021-11-02T10:40:31+00:00","breadcrumb":{"@id":"https:\/\/unsuisseamallorca.com\/index.php\/la-cote-est-2\/#breadcrumb"},"inLanguage":"fr-FR","potentialAction":[{"@type":"ReadAction","target":["https:\/\/unsuisseamallorca.com\/index.php\/la-cote-est-2\/"]}]},{"@type":"ImageObject","inLanguage":"fr-FR","@id":"https:\/\/unsuisseamallorca.com\/index.php\/la-cote-est-2\/#primaryimage","url":"https:\/\/unsuisseamallorca.com\/wp-content\/uploads\/2020\/06\/arta-01-300x159.jpg","contentUrl":"https:\/\/unsuisseamallorca.com\/wp-content\/uploads\/2020\/06\/arta-01-300x159.jpg"},{"@type":"BreadcrumbList","@id":"https:\/\/unsuisseamallorca.com\/index.php\/la-cote-est-2\/#breadcrumb","itemListElement":[{"@type":"ListItem","position":1,"name":"Accueil","item":"https:\/\/unsuisseamallorca.com\/"},{"@type":"ListItem","position":2,"name":"LA C\u00d4TE EST"}]},{"@type":"WebSite","@id":"https:\/\/unsuisseamallorca.com\/#website","url":"https:\/\/unsuisseamallorca.com\/","name":"UN SUISSE A MAJORQUE","description":"Le voyageur voit ce qu&#039;il voit, le touriste voit ce qu&#039;il est venu voir !","potentialAction":[{"@type":"SearchAction","target":{"@type":"EntryPoint","urlTemplate":"https:\/\/unsuisseamallorca.com\/?s={search_term_string}"},"query-input":{"@type":"PropertyValueSpecification","valueRequired":true,"valueName":"search_term_string"}}],"inLanguage":"fr-FR"}]}},"_links":{"self":[{"href":"https:\/\/unsuisseamallorca.com\/index.php\/wp-json\/wp\/v2\/pages\/353","targetHints":{"allow":["GET"]}}],"collection":[{"href":"https:\/\/unsuisseamallorca.com\/index.php\/wp-json\/wp\/v2\/pages"}],"about":[{"href":"https:\/\/unsuisseamallorca.com\/index.php\/wp-json\/wp\/v2\/types\/page"}],"author":[{"embeddable":true,"href":"https:\/\/unsuisseamallorca.com\/index.php\/wp-json\/wp\/v2\/users\/1"}],"replies":[{"embeddable":true,"href":"https:\/\/unsuisseamallorca.com\/index.php\/wp-json\/wp\/v2\/comments?post=353"}],"version-history":[{"count":127,"href":"https:\/\/unsuisseamallorca.com\/index.php\/wp-json\/wp\/v2\/pages\/353\/revisions"}],"predecessor-version":[{"id":21880,"href":"https:\/\/unsuisseamallorca.com\/index.php\/wp-json\/wp\/v2\/pages\/353\/revisions\/21880"}],"wp:attachment":[{"href":"https:\/\/unsuisseamallorca.com\/index.php\/wp-json\/wp\/v2\/media?parent=353"}],"curies":[{"name":"wp","href":"https:\/\/api.w.org\/{rel}","templated":true}]}}