{"id":328,"date":"2019-01-25T09:01:16","date_gmt":"2019-01-25T08:01:16","guid":{"rendered":"https:\/\/unsuisseamallorca.com\/?page_id=328"},"modified":"2023-01-25T16:03:33","modified_gmt":"2023-01-25T15:03:33","slug":"le-gr-223","status":"publish","type":"page","link":"https:\/\/unsuisseamallorca.com\/index.php\/le-gr-223\/","title":{"rendered":"LE  GR 223"},"content":{"rendered":"\t\t<div data-elementor-type=\"wp-post\" data-elementor-id=\"328\" class=\"elementor elementor-328\" data-elementor-post-type=\"page\">\n\t\t\t\t\t\t<section class=\"elementor-section elementor-top-section elementor-element elementor-element-e9f9c3e elementor-section-boxed elementor-section-height-default elementor-section-height-default\" data-id=\"e9f9c3e\" data-element_type=\"section\" data-settings=\"{&quot;background_background&quot;:&quot;gradient&quot;,&quot;shape_divider_bottom&quot;:&quot;waves&quot;}\">\n\t\t\t\t\t\t\t<div class=\"elementor-background-overlay\"><\/div>\n\t\t\t\t\t\t<div class=\"elementor-shape elementor-shape-bottom\" aria-hidden=\"true\" data-negative=\"false\">\n\t\t\t<svg xmlns=\"http:\/\/www.w3.org\/2000\/svg\" viewBox=\"0 0 1000 100\" preserveAspectRatio=\"none\">\n\t<path class=\"elementor-shape-fill\" d=\"M421.9,6.5c22.6-2.5,51.5,0.4,75.5,5.3c23.6,4.9,70.9,23.5,100.5,35.7c75.8,32.2,133.7,44.5,192.6,49.7\n\tc23.6,2.1,48.7,3.5,103.4-2.5c54.7-6,106.2-25.6,106.2-25.6V0H0v30.3c0,0,72,32.6,158.4,30.5c39.2-0.7,92.8-6.7,134-22.4\n\tc21.2-8.1,52.2-18.2,79.7-24.2C399.3,7.9,411.6,7.5,421.9,6.5z\"\/>\n<\/svg>\t\t<\/div>\n\t\t\t\t\t<div class=\"elementor-container elementor-column-gap-default\">\n\t\t\t\t\t<div class=\"elementor-column elementor-col-100 elementor-top-column elementor-element elementor-element-285b9e6e\" data-id=\"285b9e6e\" data-element_type=\"column\">\n\t\t\t<div class=\"elementor-widget-wrap elementor-element-populated\">\n\t\t\t\t\t\t<div class=\"elementor-element elementor-element-6d2f2764 elementor-widget elementor-widget-heading\" data-id=\"6d2f2764\" data-element_type=\"widget\" data-widget_type=\"heading.default\">\n\t\t\t\t<div class=\"elementor-widget-container\">\n\t\t\t\t\t<h3 class=\"elementor-heading-title elementor-size-default\">Si j'\u00e9tais n\u00e9 sur une \u00eele d\u00e9serte et si j'y avais pass\u00e9 ma vie, je n'aurais m\u00eame pas soup\u00e7onn\u00e9 l'existence de la mort.<\/h3>\t\t\t\t<\/div>\n\t\t\t\t<\/div>\n\t\t\t\t<div class=\"elementor-element elementor-element-4e83e4c4 elementor-widget__width-initial elementor-fixed elementor-widget elementor-widget-button\" data-id=\"4e83e4c4\" data-element_type=\"widget\" data-settings=\"{&quot;_position&quot;:&quot;fixed&quot;}\" data-widget_type=\"button.default\">\n\t\t\t\t<div class=\"elementor-widget-container\">\n\t\t\t\t\t\t\t\t\t<div class=\"elementor-button-wrapper\">\n\t\t\t\t\t<a class=\"elementor-button elementor-button-link elementor-size-md\" href=\"#\">\n\t\t\t\t\t\t<span class=\"elementor-button-content-wrapper\">\n\t\t\t\t\t\t<span class=\"elementor-button-icon\">\n\t\t\t\t<i aria-hidden=\"true\" class=\"fas fa-envelope\"><\/i>\t\t\t<\/span>\n\t\t\t\t\t\t\t\t<\/span>\n\t\t\t\t\t<\/a>\n\t\t\t\t<\/div>\n\t\t\t\t\t\t\t\t<\/div>\n\t\t\t\t<\/div>\n\t\t\t\t\t<\/div>\n\t\t<\/div>\n\t\t\t\t\t<\/div>\n\t\t<\/section>\n\t\t\t\t<section class=\"elementor-section elementor-top-section elementor-element elementor-element-6a405b78 elementor-section-content-middle elementor-section-boxed elementor-section-height-default elementor-section-height-default\" data-id=\"6a405b78\" data-element_type=\"section\">\n\t\t\t\t\t\t<div class=\"elementor-container elementor-column-gap-no\">\n\t\t\t\t\t<div class=\"elementor-column elementor-col-100 elementor-top-column elementor-element elementor-element-28d1924d\" data-id=\"28d1924d\" data-element_type=\"column\">\n\t\t\t<div class=\"elementor-widget-wrap elementor-element-populated\">\n\t\t\t\t\t\t<div class=\"elementor-element elementor-element-180d040a elementor-widget elementor-widget-heading\" data-id=\"180d040a\" data-element_type=\"widget\" data-widget_type=\"heading.default\">\n\t\t\t\t<div class=\"elementor-widget-container\">\n\t\t\t\t\t<h3 class=\"elementor-heading-title elementor-size-default\">R\u00e9serve de biosph\u00e8re de l'UNESCO<\/h3>\t\t\t\t<\/div>\n\t\t\t\t<\/div>\n\t\t\t\t\t<\/div>\n\t\t<\/div>\n\t\t\t\t\t<\/div>\n\t\t<\/section>\n\t\t\t\t<section class=\"elementor-section elementor-top-section elementor-element elementor-element-6ba8a278 elementor-section-height-min-height elementor-section-boxed elementor-section-height-default elementor-section-items-middle\" data-id=\"6ba8a278\" data-element_type=\"section\" data-settings=\"{&quot;background_background&quot;:&quot;classic&quot;,&quot;shape_divider_bottom&quot;:&quot;arrow&quot;,&quot;shape_divider_bottom_negative&quot;:&quot;yes&quot;}\">\n\t\t\t\t\t\t\t<div class=\"elementor-background-overlay\"><\/div>\n\t\t\t\t\t\t<div class=\"elementor-shape elementor-shape-bottom\" aria-hidden=\"true\" data-negative=\"true\">\n\t\t\t<svg xmlns=\"http:\/\/www.w3.org\/2000\/svg\" viewBox=\"0 0 700 10\" preserveAspectRatio=\"none\">\n\t<path class=\"elementor-shape-fill\" d=\"M360 0L350 9.9 340 0 0 0 0 10 700 10 700 0\"\/>\n<\/svg>\t\t<\/div>\n\t\t\t\t\t<div class=\"elementor-container elementor-column-gap-default\">\n\t\t\t\t\t<div class=\"elementor-column elementor-col-100 elementor-top-column elementor-element elementor-element-3f748f8\" data-id=\"3f748f8\" data-element_type=\"column\">\n\t\t\t<div class=\"elementor-widget-wrap\">\n\t\t\t\t\t\t\t<\/div>\n\t\t<\/div>\n\t\t\t\t\t<\/div>\n\t\t<\/section>\n\t\t\t\t<section class=\"elementor-section elementor-top-section elementor-element elementor-element-63d7b039 elementor-section-boxed elementor-section-height-default elementor-section-height-default\" data-id=\"63d7b039\" data-element_type=\"section\">\n\t\t\t\t\t\t<div class=\"elementor-container elementor-column-gap-default\">\n\t\t\t\t\t<div class=\"elementor-column elementor-col-100 elementor-top-column elementor-element elementor-element-13d43fdf\" data-id=\"13d43fdf\" data-element_type=\"column\">\n\t\t\t<div class=\"elementor-widget-wrap elementor-element-populated\">\n\t\t\t\t\t\t<div class=\"elementor-element elementor-element-346b3a8f elementor-widget elementor-widget-text-editor\" data-id=\"346b3a8f\" data-element_type=\"widget\" data-widget_type=\"text-editor.default\">\n\t\t\t\t<div class=\"elementor-widget-container\">\n\t\t\t\t\t\t\t\t\t<p>Le <strong>GR223 est appel\u00e9 : <\/strong>Le Cam\u00ed de Cavalls, c&rsquo;est un ancien chemin de 185 kilom\u00e8tres qui longe la c\u00f4te autour de Minorque et suit presque toujours le littoral de l&rsquo;\u00eele dans son parcours. C&rsquo;est sans aucun doute le meilleur moyen de d\u00e9couvrir la grande richesse naturelle et culturelle d&rsquo;une \u00eele qui abrite presque tous les \u00e9cosyst\u00e8mes de la r\u00e9gion m\u00e9diterran\u00e9enne. Il n&rsquo;est donc pas seulement un chemin qui fait le tour de l&rsquo;\u00eele, c&rsquo;est litt\u00e9ralement l&rsquo;\u00eele elle-m\u00eame, il l&rsquo;incarne et finalement la borde. En fait, le Cam\u00ed de Cavalls est compos\u00e9 de plusieurs chemins et sentiers. Bien que sa forme ait l\u00e9g\u00e8rement chang\u00e9 au cours des si\u00e8cles, la majeure partie est bien conserv\u00e9e, il traverse des gorges, des vall\u00e9es, des ruisseaux, des zones humides et des zones cultiv\u00e9es. Il relie les anciennes tours de guet et les phares, il m\u00e8ne \u00e9galement \u00e0 d&rsquo;innombrables baies et Calas de l&rsquo;\u00eele. Certaines \u00e9tapes peuvent \u00eatre dangereuses selon la saison, de ce fait il faut toujours se renseigner avant de partir.<\/p>\t\t\t\t\t\t\t\t<\/div>\n\t\t\t\t<\/div>\n\t\t\t\t\t<\/div>\n\t\t<\/div>\n\t\t\t\t\t<\/div>\n\t\t<\/section>\n\t\t\t\t<section class=\"elementor-section elementor-top-section elementor-element elementor-element-cafdab3 elementor-section-content-middle elementor-reverse-mobile elementor-section-boxed elementor-section-height-default elementor-section-height-default\" data-id=\"cafdab3\" data-element_type=\"section\">\n\t\t\t\t\t\t<div class=\"elementor-container elementor-column-gap-default\">\n\t\t\t\t\t<div class=\"elementor-column elementor-col-50 elementor-top-column elementor-element elementor-element-2e36939b\" data-id=\"2e36939b\" data-element_type=\"column\">\n\t\t\t<div class=\"elementor-widget-wrap elementor-element-populated\">\n\t\t\t\t\t\t<div class=\"elementor-element elementor-element-7d11735a elementor-widget elementor-widget-heading\" data-id=\"7d11735a\" data-element_type=\"widget\" data-widget_type=\"heading.default\">\n\t\t\t\t<div class=\"elementor-widget-container\">\n\t\t\t\t\t<h3 class=\"elementor-heading-title elementor-size-default\">Etape 1: Ma\u00f3 (Mahon) - Es Grau<\/h3>\t\t\t\t<\/div>\n\t\t\t\t<\/div>\n\t\t\t\t<div class=\"elementor-element elementor-element-5150a8b3 elementor-widget elementor-widget-text-editor\" data-id=\"5150a8b3\" data-element_type=\"widget\" data-widget_type=\"text-editor.default\">\n\t\t\t\t<div class=\"elementor-widget-container\">\n\t\t\t\t\t\t\t\t\t<p><span tabindex=\"-1\" title=\"\" contenteditable=\"false\">Dur\u00e9e: 3h 30min<\/span>, 16 km<br \/><span title=\"\">D\u00e9nivel\u00e9: \u2191 236 m, \u2193 228 m<\/span><br \/><span title=\"\">Difficult\u00e9: moyenne<\/span><\/p><p><span title=\"\"><span class=\"VIiyi\" lang=\"fr\"><span class=\"JLqJ4b ChMk0b\" data-language-for-alternatives=\"fr\" data-language-to-translate-into=\"es\" data-phrase-index=\"0\">Cette premi\u00e8re \u00e9tape commence \u00e0 la fin du port de Ma\u00f3 et on se rend par la route \u00e0 la petite ville de Sa Mesquida, pour ensuite rejoindre Es Grau par le bord de mer. La ville de Mahon est situ\u00e9e dans l&rsquo;Est de l&rsquo;\u00eele. Avec pr\u00e8s de 29 000 habitants, c&rsquo;est la plus grande ville, ainsi que la capitale et le si\u00e8ge du conseil insulaire de l&rsquo;\u00eele de <a title=\"Minorque\" href=\"https:\/\/fr.wikipedia.org\/wiki\/Minorque\">Minorque<\/a>. Ensuite nous passerons par Sa Mesquida qui <\/span><\/span><\/span>fut, le 19 aout 1781, le lieu de d\u00e9barquement surprise de 3.600 soldats franco-espagnols. L\u2019objectif \u00e9tait de chasser les Anglais de Minorque. Avec une cons\u00e9quence directe pour la zone : Les Anglais d\u00e9cid\u00e8rent de construire en 1799 une tour de d\u00e9fense appel\u00e9e Punta de sa Torre qu\u2019on peut toujours voir m\u00eame si c\u2019est d\u00e9sormais une propri\u00e9t\u00e9 priv\u00e9e. Plut\u00f4t sympa de se baigner ou faire bronzette dans un lieu historique, non ? Aujourd\u2019hui, c\u2019est un hameau de Mahon ou 67 habitants sont recens\u00e9s. La plage quant \u00e0 elle est grande, environ 300 m\u00e8tres de large. Puis direction Es Grau qui est une des plus belles \u00e9tapes du chemin de randonn\u00e9e, en plein c\u0153ur du parc naturel d\u2019Albufera d\u2019Es Grau. Si vous \u00eates amateurs de poissons et que vous voulez vous faire plaisir,\u00a0<strong>le restaurant Cap Roig<\/strong> (une r\u00e9f\u00e9rence \u00e0 Minorque) est fait pour vous. Situ\u00e9 \u00e0 l\u2019entr\u00e9e du village, sa terrasse spectaculaire est un des meilleurs miradors de Minorque. Arriv\u00e9e \u00e0 Es Grau un magnifique authentique petit village de p\u00eacheurs avec deux plages : Celle d\u2019Es Grau et une beaucoup plus intime appel\u00e9e <a href=\"https:\/\/minorquevacances.fr\/cala-vidrier\/\" data-wpel-link=\"internal\">Cala Vidrier<\/a> (\u00e0 5 minutes de marche).\u00a0<\/p>\t\t\t\t\t\t\t\t<\/div>\n\t\t\t\t<\/div>\n\t\t\t\t<div class=\"elementor-element elementor-element-e94354d elementor-align-left elementor-mobile-align-center elementor-widget elementor-widget-button\" data-id=\"e94354d\" data-element_type=\"widget\" data-widget_type=\"button.default\">\n\t\t\t\t<div class=\"elementor-widget-container\">\n\t\t\t\t\t\t\t\t\t<div class=\"elementor-button-wrapper\">\n\t\t\t\t\t<a class=\"elementor-button elementor-button-link elementor-size-md\" href=\"https:\/\/unsuisseamallorca.com\/index.php\/mao-mahon-es-grau-2\/\" target=\"_blank\">\n\t\t\t\t\t\t<span class=\"elementor-button-content-wrapper\">\n\t\t\t\t\t\t<span class=\"elementor-button-icon\">\n\t\t\t\t<i aria-hidden=\"true\" class=\"fas fa-angle-double-right\"><\/i>\t\t\t<\/span>\n\t\t\t\t\t\t\t\t\t<span class=\"elementor-button-text\">En savoir Plus<\/span>\n\t\t\t\t\t<\/span>\n\t\t\t\t\t<\/a>\n\t\t\t\t<\/div>\n\t\t\t\t\t\t\t\t<\/div>\n\t\t\t\t<\/div>\n\t\t\t\t\t<\/div>\n\t\t<\/div>\n\t\t\t\t<div class=\"elementor-column elementor-col-50 elementor-top-column elementor-element elementor-element-3bdfeea8\" data-id=\"3bdfeea8\" data-element_type=\"column\">\n\t\t\t<div class=\"elementor-widget-wrap elementor-element-populated\">\n\t\t\t\t\t\t<div class=\"elementor-element elementor-element-7a987f00 elementor-widget elementor-widget-image\" data-id=\"7a987f00\" data-element_type=\"widget\" data-widget_type=\"image.default\">\n\t\t\t\t<div class=\"elementor-widget-container\">\n\t\t\t\t\t\t\t\t\t\t\t\t\t\t\t<img fetchpriority=\"high\" decoding=\"async\" width=\"768\" height=\"509\" src=\"https:\/\/unsuisseamallorca.com\/wp-content\/uploads\/2021\/06\/5b72de1d82059803235244-768x509.jpg\" class=\"attachment-medium_large size-medium_large wp-image-7277\" alt=\"\" srcset=\"https:\/\/unsuisseamallorca.com\/wp-content\/uploads\/2021\/06\/5b72de1d82059803235244-768x509.jpg 768w, https:\/\/unsuisseamallorca.com\/wp-content\/uploads\/2021\/06\/5b72de1d82059803235244-300x199.jpg 300w, https:\/\/unsuisseamallorca.com\/wp-content\/uploads\/2021\/06\/5b72de1d82059803235244-1024x678.jpg 1024w, https:\/\/unsuisseamallorca.com\/wp-content\/uploads\/2021\/06\/5b72de1d82059803235244.jpg 1200w\" sizes=\"(max-width: 768px) 100vw, 768px\" \/>\t\t\t\t\t\t\t\t\t\t\t\t\t\t\t<\/div>\n\t\t\t\t<\/div>\n\t\t\t\t<div class=\"elementor-element elementor-element-4184b37 elementor-widget elementor-widget-image\" data-id=\"4184b37\" data-element_type=\"widget\" data-widget_type=\"image.default\">\n\t\t\t\t<div class=\"elementor-widget-container\">\n\t\t\t\t\t\t\t\t\t\t\t\t\t\t\t<img decoding=\"async\" width=\"768\" height=\"576\" data-src=\"https:\/\/unsuisseamallorca.com\/wp-content\/uploads\/2021\/06\/panoramio-124931448-768x576.jpg\" class=\"attachment-medium_large size-medium_large wp-image-7272 lazyload\" alt=\"\" data-srcset=\"https:\/\/unsuisseamallorca.com\/wp-content\/uploads\/2021\/06\/panoramio-124931448-768x576.jpg 768w, https:\/\/unsuisseamallorca.com\/wp-content\/uploads\/2021\/06\/panoramio-124931448-300x225.jpg 300w, https:\/\/unsuisseamallorca.com\/wp-content\/uploads\/2021\/06\/panoramio-124931448-1024x768.jpg 1024w, https:\/\/unsuisseamallorca.com\/wp-content\/uploads\/2021\/06\/panoramio-124931448-1536x1152.jpg 1536w, https:\/\/unsuisseamallorca.com\/wp-content\/uploads\/2021\/06\/panoramio-124931448.jpg 1920w\" data-sizes=\"(max-width: 768px) 100vw, 768px\" src=\"data:image\/svg+xml;base64,PHN2ZyB3aWR0aD0iMSIgaGVpZ2h0PSIxIiB4bWxucz0iaHR0cDovL3d3dy53My5vcmcvMjAwMC9zdmciPjwvc3ZnPg==\" style=\"--smush-placeholder-width: 768px; --smush-placeholder-aspect-ratio: 768\/576;\" \/>\t\t\t\t\t\t\t\t\t\t\t\t\t\t\t<\/div>\n\t\t\t\t<\/div>\n\t\t\t\t<div class=\"elementor-element elementor-element-7fe9c93 elementor-widget elementor-widget-image\" data-id=\"7fe9c93\" data-element_type=\"widget\" data-widget_type=\"image.default\">\n\t\t\t\t<div class=\"elementor-widget-container\">\n\t\t\t\t\t\t\t\t\t\t\t\t\t\t\t<img decoding=\"async\" width=\"640\" height=\"480\" data-src=\"https:\/\/unsuisseamallorca.com\/wp-content\/uploads\/2021\/06\/Es-Grau-1.jpg\" class=\"attachment-medium_large size-medium_large wp-image-7360 lazyload\" alt=\"\" data-srcset=\"https:\/\/unsuisseamallorca.com\/wp-content\/uploads\/2021\/06\/Es-Grau-1.jpg 640w, https:\/\/unsuisseamallorca.com\/wp-content\/uploads\/2021\/06\/Es-Grau-1-300x225.jpg 300w\" data-sizes=\"(max-width: 640px) 100vw, 640px\" src=\"data:image\/svg+xml;base64,PHN2ZyB3aWR0aD0iMSIgaGVpZ2h0PSIxIiB4bWxucz0iaHR0cDovL3d3dy53My5vcmcvMjAwMC9zdmciPjwvc3ZnPg==\" style=\"--smush-placeholder-width: 640px; --smush-placeholder-aspect-ratio: 640\/480;\" \/>\t\t\t\t\t\t\t\t\t\t\t\t\t\t\t<\/div>\n\t\t\t\t<\/div>\n\t\t\t\t\t<\/div>\n\t\t<\/div>\n\t\t\t\t\t<\/div>\n\t\t<\/section>\n\t\t\t\t<section class=\"elementor-section elementor-top-section elementor-element elementor-element-513003ac elementor-section-content-middle elementor-section-boxed elementor-section-height-default elementor-section-height-default\" data-id=\"513003ac\" data-element_type=\"section\">\n\t\t\t\t\t\t<div class=\"elementor-container elementor-column-gap-default\">\n\t\t\t\t\t<div class=\"elementor-column elementor-col-50 elementor-top-column elementor-element elementor-element-109200a2\" data-id=\"109200a2\" data-element_type=\"column\">\n\t\t\t<div class=\"elementor-widget-wrap elementor-element-populated\">\n\t\t\t\t\t\t<div class=\"elementor-element elementor-element-77909b3a elementor-widget elementor-widget-image\" data-id=\"77909b3a\" data-element_type=\"widget\" data-widget_type=\"image.default\">\n\t\t\t\t<div class=\"elementor-widget-container\">\n\t\t\t\t\t\t\t\t\t\t\t\t\t\t\t<img decoding=\"async\" width=\"750\" height=\"444\" data-src=\"https:\/\/unsuisseamallorca.com\/wp-content\/uploads\/2021\/06\/Parc-SAlbufera.jpg\" class=\"attachment-full size-full wp-image-7439 lazyload\" alt=\"\" data-srcset=\"https:\/\/unsuisseamallorca.com\/wp-content\/uploads\/2021\/06\/Parc-SAlbufera.jpg 750w, https:\/\/unsuisseamallorca.com\/wp-content\/uploads\/2021\/06\/Parc-SAlbufera-300x178.jpg 300w\" data-sizes=\"(max-width: 750px) 100vw, 750px\" src=\"data:image\/svg+xml;base64,PHN2ZyB3aWR0aD0iMSIgaGVpZ2h0PSIxIiB4bWxucz0iaHR0cDovL3d3dy53My5vcmcvMjAwMC9zdmciPjwvc3ZnPg==\" style=\"--smush-placeholder-width: 750px; --smush-placeholder-aspect-ratio: 750\/444;\" \/>\t\t\t\t\t\t\t\t\t\t\t\t\t\t\t<\/div>\n\t\t\t\t<\/div>\n\t\t\t\t<div class=\"elementor-element elementor-element-209c6b1 elementor-widget elementor-widget-image\" data-id=\"209c6b1\" data-element_type=\"widget\" data-widget_type=\"image.default\">\n\t\t\t\t<div class=\"elementor-widget-container\">\n\t\t\t\t\t\t\t\t\t\t\t\t\t\t\t<img decoding=\"async\" width=\"1920\" height=\"1440\" data-src=\"https:\/\/unsuisseamallorca.com\/wp-content\/uploads\/2021\/06\/Phare-de-Favaritx.jpg\" class=\"attachment-full size-full wp-image-7440 lazyload\" alt=\"\" data-srcset=\"https:\/\/unsuisseamallorca.com\/wp-content\/uploads\/2021\/06\/Phare-de-Favaritx.jpg 1920w, https:\/\/unsuisseamallorca.com\/wp-content\/uploads\/2021\/06\/Phare-de-Favaritx-300x225.jpg 300w, https:\/\/unsuisseamallorca.com\/wp-content\/uploads\/2021\/06\/Phare-de-Favaritx-1024x768.jpg 1024w, https:\/\/unsuisseamallorca.com\/wp-content\/uploads\/2021\/06\/Phare-de-Favaritx-768x576.jpg 768w, https:\/\/unsuisseamallorca.com\/wp-content\/uploads\/2021\/06\/Phare-de-Favaritx-1536x1152.jpg 1536w\" data-sizes=\"(max-width: 1920px) 100vw, 1920px\" src=\"data:image\/svg+xml;base64,PHN2ZyB3aWR0aD0iMSIgaGVpZ2h0PSIxIiB4bWxucz0iaHR0cDovL3d3dy53My5vcmcvMjAwMC9zdmciPjwvc3ZnPg==\" style=\"--smush-placeholder-width: 1920px; --smush-placeholder-aspect-ratio: 1920\/1440;\" \/>\t\t\t\t\t\t\t\t\t\t\t\t\t\t\t<\/div>\n\t\t\t\t<\/div>\n\t\t\t\t\t<\/div>\n\t\t<\/div>\n\t\t\t\t<div class=\"elementor-column elementor-col-50 elementor-top-column elementor-element elementor-element-15c1a90f\" data-id=\"15c1a90f\" data-element_type=\"column\">\n\t\t\t<div class=\"elementor-widget-wrap elementor-element-populated\">\n\t\t\t\t\t\t<div class=\"elementor-element elementor-element-53c0d86e elementor-widget elementor-widget-heading\" data-id=\"53c0d86e\" data-element_type=\"widget\" data-widget_type=\"heading.default\">\n\t\t\t\t<div class=\"elementor-widget-container\">\n\t\t\t\t\t<h3 class=\"elementor-heading-title elementor-size-default\">Etape 2: Es Grau- Fav\u00e0ritx<\/h3>\t\t\t\t<\/div>\n\t\t\t\t<\/div>\n\t\t\t\t<div class=\"elementor-element elementor-element-315e8668 elementor-widget elementor-widget-text-editor\" data-id=\"315e8668\" data-element_type=\"widget\" data-widget_type=\"text-editor.default\">\n\t\t\t\t<div class=\"elementor-widget-container\">\n\t\t\t\t\t\t\t\t\t<p><span title=\"\">Dur\u00e9e: 3h min, 12 Km<\/span><br \/><span title=\"\">D\u00e9nivel\u00e9: \u2191132\u00a0 m, \u2193 118 m<\/span><br \/><span title=\"\">Difficult\u00e9: moyenne<\/span><\/p><p><span class=\"VIiyi\" lang=\"fr\"><span class=\"JLqJ4b ChMk0b\" data-language-for-alternatives=\"fr\" data-language-to-translate-into=\"ca\" data-phrase-index=\"0\">On part d&rsquo;Es Grau pour atteindre le phare de Favaritx. Le parcours est lin\u00e9aire et longe le littoral. De temps en temps, il convient de quitter la route pour pouvoir profiter de la vue. <\/span><\/span><\/p><p><span class=\"VIiyi\" lang=\"fr\"><span class=\"JLqJ4b ChMk0b\" data-language-for-alternatives=\"fr\" data-language-to-translate-into=\"ca\" data-phrase-index=\"0\">.En 1993, l&rsquo;\u00eele de Minorque a \u00e9t\u00e9 d\u00e9clar\u00e9e r\u00e9serve de biosph\u00e8re par l&rsquo;UNESCO.<\/span> <span class=\"JLqJ4b ChMk0b\" data-language-for-alternatives=\"fr\" data-language-to-translate-into=\"ca\" data-phrase-index=\"1\">Durant cette \u00e9tape, nous aurons l&rsquo;occasion d&rsquo;entrer au c\u0153ur de cette r\u00e9serve. N<\/span><span class=\"JLqJ4b ChMk0b\" data-language-for-alternatives=\"fr\" data-language-to-translate-into=\"ca\" data-phrase-index=\"6\">ous trouverons les criques de Sa Torreta et Morella, puis l&rsquo;\u00e9tang de Morella et <\/span><span class=\"JLqJ4b ChMk0b\" data-language-for-alternatives=\"fr\" data-language-to-translate-into=\"ca\" data-phrase-index=\"8\">nous atteindrons le Cap de Fav\u00e0ritx,\u00a0<\/span><\/span><\/p>\t\t\t\t\t\t\t\t<\/div>\n\t\t\t\t<\/div>\n\t\t\t\t<div class=\"elementor-element elementor-element-397d413d elementor-align-left elementor-mobile-align-center elementor-widget elementor-widget-button\" data-id=\"397d413d\" data-element_type=\"widget\" data-widget_type=\"button.default\">\n\t\t\t\t<div class=\"elementor-widget-container\">\n\t\t\t\t\t\t\t\t\t<div class=\"elementor-button-wrapper\">\n\t\t\t\t\t<a class=\"elementor-button elementor-button-link elementor-size-md\" href=\"https:\/\/unsuisseamallorca.com\/index.php\/es-grau-favaritx-2\/\" target=\"_blank\">\n\t\t\t\t\t\t<span class=\"elementor-button-content-wrapper\">\n\t\t\t\t\t\t<span class=\"elementor-button-icon\">\n\t\t\t\t<i aria-hidden=\"true\" class=\"fas fa-angle-double-right\"><\/i>\t\t\t<\/span>\n\t\t\t\t\t\t\t\t\t<span class=\"elementor-button-text\">En savoir plus<\/span>\n\t\t\t\t\t<\/span>\n\t\t\t\t\t<\/a>\n\t\t\t\t<\/div>\n\t\t\t\t\t\t\t\t<\/div>\n\t\t\t\t<\/div>\n\t\t\t\t\t<\/div>\n\t\t<\/div>\n\t\t\t\t\t<\/div>\n\t\t<\/section>\n\t\t\t\t<section class=\"elementor-section elementor-top-section elementor-element elementor-element-7b6d4ad elementor-section-content-middle elementor-reverse-mobile elementor-section-boxed elementor-section-height-default elementor-section-height-default\" data-id=\"7b6d4ad\" data-element_type=\"section\">\n\t\t\t\t\t\t<div class=\"elementor-container elementor-column-gap-default\">\n\t\t\t\t\t<div class=\"elementor-column elementor-col-50 elementor-top-column elementor-element elementor-element-623a8c3\" data-id=\"623a8c3\" data-element_type=\"column\">\n\t\t\t<div class=\"elementor-widget-wrap elementor-element-populated\">\n\t\t\t\t\t\t<div class=\"elementor-element elementor-element-aa92587 elementor-widget elementor-widget-heading\" data-id=\"aa92587\" data-element_type=\"widget\" data-widget_type=\"heading.default\">\n\t\t\t\t<div class=\"elementor-widget-container\">\n\t\t\t\t\t<h3 class=\"elementor-heading-title elementor-size-default\">Etape 3: Fav\u00e0ritx - Arenal d\u2019en Castell<\/h3>\t\t\t\t<\/div>\n\t\t\t\t<\/div>\n\t\t\t\t<div class=\"elementor-element elementor-element-2ae53d7 elementor-widget elementor-widget-text-editor\" data-id=\"2ae53d7\" data-element_type=\"widget\" data-widget_type=\"text-editor.default\">\n\t\t\t\t<div class=\"elementor-widget-container\">\n\t\t\t\t\t\t\t\t\t<p><span title=\"\">Dur\u00e9e: 4h15, 16,8 Km<\/span><br \/><span title=\"\">D\u00e9nivel\u00e9: \u2191\u00a0 228m, \u2193\u00a0 218m<\/span><br \/><span title=\"\">Difficult\u00e9: moyenne<\/span><br \/>L&rsquo;itin\u00e9raire est parfaitement balis\u00e9, bien qu&rsquo;\u00e0 un moment donn\u00e9 dans les lotissements, nous ayons pris une autre rue.<\/p><p>Phare de Favaritx &#8211; Cala Cald\u00e8s &#8211; Salines de Montgofre &#8211; Baie d&rsquo;Addaia &#8211; Port d&rsquo;Addaia (facultatif, ici nous quittons la route) &#8211; Punta de Sa Torre &#8211; Urb. Criques Noves &#8211; S&rsquo;Arenal d&rsquo;en Castell.<\/p>\t\t\t\t\t\t\t\t<\/div>\n\t\t\t\t<\/div>\n\t\t\t\t<div class=\"elementor-element elementor-element-c374f72 elementor-align-left elementor-mobile-align-center elementor-widget elementor-widget-button\" data-id=\"c374f72\" data-element_type=\"widget\" data-widget_type=\"button.default\">\n\t\t\t\t<div class=\"elementor-widget-container\">\n\t\t\t\t\t\t\t\t\t<div class=\"elementor-button-wrapper\">\n\t\t\t\t\t<a class=\"elementor-button elementor-button-link elementor-size-md\" href=\"https:\/\/unsuisseamallorca.com\/index.php\/favaritx-arenal-d-en-castell\/\" target=\"_blank\">\n\t\t\t\t\t\t<span class=\"elementor-button-content-wrapper\">\n\t\t\t\t\t\t<span class=\"elementor-button-icon\">\n\t\t\t\t<i aria-hidden=\"true\" class=\"fas fa-angle-double-right\"><\/i>\t\t\t<\/span>\n\t\t\t\t\t\t\t\t\t<span class=\"elementor-button-text\">En savoir Plus<\/span>\n\t\t\t\t\t<\/span>\n\t\t\t\t\t<\/a>\n\t\t\t\t<\/div>\n\t\t\t\t\t\t\t\t<\/div>\n\t\t\t\t<\/div>\n\t\t\t\t\t<\/div>\n\t\t<\/div>\n\t\t\t\t<div class=\"elementor-column elementor-col-50 elementor-top-column elementor-element elementor-element-5493e89\" data-id=\"5493e89\" data-element_type=\"column\">\n\t\t\t<div class=\"elementor-widget-wrap elementor-element-populated\">\n\t\t\t\t\t\t<div class=\"elementor-element elementor-element-eaa62fa elementor-widget elementor-widget-image\" data-id=\"eaa62fa\" data-element_type=\"widget\" data-widget_type=\"image.default\">\n\t\t\t\t<div class=\"elementor-widget-container\">\n\t\t\t\t\t\t\t\t\t\t\t\t\t\t\t<img decoding=\"async\" width=\"900\" height=\"1200\" data-src=\"https:\/\/unsuisseamallorca.com\/wp-content\/uploads\/2023\/01\/65191119Master.jpg\" class=\"attachment-full size-full wp-image-23524 lazyload\" alt=\"\" data-srcset=\"https:\/\/unsuisseamallorca.com\/wp-content\/uploads\/2023\/01\/65191119Master.jpg 900w, https:\/\/unsuisseamallorca.com\/wp-content\/uploads\/2023\/01\/65191119Master-225x300.jpg 225w, https:\/\/unsuisseamallorca.com\/wp-content\/uploads\/2023\/01\/65191119Master-768x1024.jpg 768w\" data-sizes=\"(max-width: 900px) 100vw, 900px\" src=\"data:image\/svg+xml;base64,PHN2ZyB3aWR0aD0iMSIgaGVpZ2h0PSIxIiB4bWxucz0iaHR0cDovL3d3dy53My5vcmcvMjAwMC9zdmciPjwvc3ZnPg==\" style=\"--smush-placeholder-width: 900px; --smush-placeholder-aspect-ratio: 900\/1200;\" \/>\t\t\t\t\t\t\t\t\t\t\t\t\t\t\t<\/div>\n\t\t\t\t<\/div>\n\t\t\t\t<div class=\"elementor-element elementor-element-83cb600 elementor-widget elementor-widget-image\" data-id=\"83cb600\" data-element_type=\"widget\" data-widget_type=\"image.default\">\n\t\t\t\t<div class=\"elementor-widget-container\">\n\t\t\t\t\t\t\t\t\t\t\t\t\t\t\t<img decoding=\"async\" width=\"401\" height=\"300\" data-src=\"https:\/\/unsuisseamallorca.com\/wp-content\/uploads\/2023\/01\/bde0357acdf1c9d2b1b8f1453acff6dd.jpg\" class=\"attachment-full size-full wp-image-23528 lazyload\" alt=\"\" data-srcset=\"https:\/\/unsuisseamallorca.com\/wp-content\/uploads\/2023\/01\/bde0357acdf1c9d2b1b8f1453acff6dd.jpg 401w, https:\/\/unsuisseamallorca.com\/wp-content\/uploads\/2023\/01\/bde0357acdf1c9d2b1b8f1453acff6dd-300x224.jpg 300w\" data-sizes=\"(max-width: 401px) 100vw, 401px\" src=\"data:image\/svg+xml;base64,PHN2ZyB3aWR0aD0iMSIgaGVpZ2h0PSIxIiB4bWxucz0iaHR0cDovL3d3dy53My5vcmcvMjAwMC9zdmciPjwvc3ZnPg==\" style=\"--smush-placeholder-width: 401px; --smush-placeholder-aspect-ratio: 401\/300;\" \/>\t\t\t\t\t\t\t\t\t\t\t\t\t\t\t<\/div>\n\t\t\t\t<\/div>\n\t\t\t\t\t<\/div>\n\t\t<\/div>\n\t\t\t\t\t<\/div>\n\t\t<\/section>\n\t\t\t\t<section class=\"elementor-section elementor-top-section elementor-element elementor-element-308efde elementor-section-content-middle elementor-section-boxed elementor-section-height-default elementor-section-height-default\" data-id=\"308efde\" data-element_type=\"section\">\n\t\t\t\t\t\t<div class=\"elementor-container elementor-column-gap-default\">\n\t\t\t\t\t<div class=\"elementor-column elementor-col-50 elementor-top-column elementor-element elementor-element-339d269\" data-id=\"339d269\" data-element_type=\"column\">\n\t\t\t<div class=\"elementor-widget-wrap elementor-element-populated\">\n\t\t\t\t\t\t<div class=\"elementor-element elementor-element-9899985 elementor-widget elementor-widget-image\" data-id=\"9899985\" data-element_type=\"widget\" data-widget_type=\"image.default\">\n\t\t\t\t<div class=\"elementor-widget-container\">\n\t\t\t\t\t\t\t\t\t\t\t\t\t\t\t<img decoding=\"async\" width=\"1600\" height=\"1200\" data-src=\"https:\/\/unsuisseamallorca.com\/wp-content\/uploads\/2023\/01\/54513709Master.jpg\" class=\"attachment-full size-full wp-image-23462 lazyload\" alt=\"\" data-srcset=\"https:\/\/unsuisseamallorca.com\/wp-content\/uploads\/2023\/01\/54513709Master.jpg 1600w, https:\/\/unsuisseamallorca.com\/wp-content\/uploads\/2023\/01\/54513709Master-300x225.jpg 300w, https:\/\/unsuisseamallorca.com\/wp-content\/uploads\/2023\/01\/54513709Master-1024x768.jpg 1024w, https:\/\/unsuisseamallorca.com\/wp-content\/uploads\/2023\/01\/54513709Master-768x576.jpg 768w, https:\/\/unsuisseamallorca.com\/wp-content\/uploads\/2023\/01\/54513709Master-1536x1152.jpg 1536w\" data-sizes=\"(max-width: 1600px) 100vw, 1600px\" src=\"data:image\/svg+xml;base64,PHN2ZyB3aWR0aD0iMSIgaGVpZ2h0PSIxIiB4bWxucz0iaHR0cDovL3d3dy53My5vcmcvMjAwMC9zdmciPjwvc3ZnPg==\" style=\"--smush-placeholder-width: 1600px; --smush-placeholder-aspect-ratio: 1600\/1200;\" \/>\t\t\t\t\t\t\t\t\t\t\t\t\t\t\t<\/div>\n\t\t\t\t<\/div>\n\t\t\t\t<div class=\"elementor-element elementor-element-884d1f7 elementor-widget elementor-widget-image\" data-id=\"884d1f7\" data-element_type=\"widget\" data-widget_type=\"image.default\">\n\t\t\t\t<div class=\"elementor-widget-container\">\n\t\t\t\t\t\t\t\t\t\t\t\t\t\t\t<img decoding=\"async\" width=\"1600\" height=\"1200\" data-src=\"https:\/\/unsuisseamallorca.com\/wp-content\/uploads\/2023\/01\/54514033Master.jpg\" class=\"attachment-full size-full wp-image-23463 lazyload\" alt=\"\" data-srcset=\"https:\/\/unsuisseamallorca.com\/wp-content\/uploads\/2023\/01\/54514033Master.jpg 1600w, https:\/\/unsuisseamallorca.com\/wp-content\/uploads\/2023\/01\/54514033Master-300x225.jpg 300w, https:\/\/unsuisseamallorca.com\/wp-content\/uploads\/2023\/01\/54514033Master-1024x768.jpg 1024w, https:\/\/unsuisseamallorca.com\/wp-content\/uploads\/2023\/01\/54514033Master-768x576.jpg 768w, https:\/\/unsuisseamallorca.com\/wp-content\/uploads\/2023\/01\/54514033Master-1536x1152.jpg 1536w\" data-sizes=\"(max-width: 1600px) 100vw, 1600px\" src=\"data:image\/svg+xml;base64,PHN2ZyB3aWR0aD0iMSIgaGVpZ2h0PSIxIiB4bWxucz0iaHR0cDovL3d3dy53My5vcmcvMjAwMC9zdmciPjwvc3ZnPg==\" style=\"--smush-placeholder-width: 1600px; --smush-placeholder-aspect-ratio: 1600\/1200;\" \/>\t\t\t\t\t\t\t\t\t\t\t\t\t\t\t<\/div>\n\t\t\t\t<\/div>\n\t\t\t\t\t<\/div>\n\t\t<\/div>\n\t\t\t\t<div class=\"elementor-column elementor-col-50 elementor-top-column elementor-element elementor-element-9647497\" data-id=\"9647497\" data-element_type=\"column\">\n\t\t\t<div class=\"elementor-widget-wrap elementor-element-populated\">\n\t\t\t\t\t\t<div class=\"elementor-element elementor-element-27783f8 elementor-widget elementor-widget-heading\" data-id=\"27783f8\" data-element_type=\"widget\" data-widget_type=\"heading.default\">\n\t\t\t\t<div class=\"elementor-widget-container\">\n\t\t\t\t\t<h3 class=\"elementor-heading-title elementor-size-default\">Etape 4: Arenal d\u2019en Castell - Cala Tirant<\/h3>\t\t\t\t<\/div>\n\t\t\t\t<\/div>\n\t\t\t\t<div class=\"elementor-element elementor-element-4fefb11 elementor-widget elementor-widget-text-editor\" data-id=\"4fefb11\" data-element_type=\"widget\" data-widget_type=\"text-editor.default\">\n\t\t\t\t<div class=\"elementor-widget-container\">\n\t\t\t\t\t\t\t\t\t<p><span title=\"\">Dur\u00e9e: 3h15, 12 Km<\/span><br \/><span title=\"\">D\u00e9nivel\u00e9: \u2191\u00a0 143m, \u2193 166m<\/span><br \/><span title=\"\">Difficult\u00e9: facile<\/span><\/p><p>Nous avons devant nous une \u00e9tape simple et tr\u00e8s belle. Le d\u00e9but de l&rsquo;itin\u00e9raire se situe dans une zone urbaine car il faut traverser les urbanisations d&rsquo;Arenal d&rsquo;en Castell et de Son Saura, avec un petit tron\u00e7on de sentier c\u00f4tier entre les deux. Ensuite, le chemin traverse une for\u00eat de pins jusqu&rsquo;aux derniers 4 km environ, qui est une route jusqu&rsquo;\u00e0 Cala Tirant.<\/p><p>De la plage on se dirige vers Son Saura, puis le long de la c\u00f4te pour traverser de l&rsquo;autre c\u00f4t\u00e9 de la Mola de Fornells, en arrivant \u00e0 Cala Roja, nous retrouvons la mer. Nous continuons \u00e0 travers Cala Blanca jusqu&rsquo;\u00e0 atteindre les salines. nous laissons la ville de Fornells sur la droite et nous dirigeons vers les plages de Cala Tirant.\u00a0<\/p>\t\t\t\t\t\t\t\t<\/div>\n\t\t\t\t<\/div>\n\t\t\t\t<div class=\"elementor-element elementor-element-ee811a9 elementor-align-left elementor-mobile-align-center elementor-widget elementor-widget-button\" data-id=\"ee811a9\" data-element_type=\"widget\" data-widget_type=\"button.default\">\n\t\t\t\t<div class=\"elementor-widget-container\">\n\t\t\t\t\t\t\t\t\t<div class=\"elementor-button-wrapper\">\n\t\t\t\t\t<a class=\"elementor-button elementor-button-link elementor-size-md\" href=\"https:\/\/unsuisseamallorca.com\/index.php\/arenal-d-en-castel-a-cala-tirant\/\" target=\"_blank\">\n\t\t\t\t\t\t<span class=\"elementor-button-content-wrapper\">\n\t\t\t\t\t\t<span class=\"elementor-button-icon\">\n\t\t\t\t<i aria-hidden=\"true\" class=\"fas fa-angle-double-right\"><\/i>\t\t\t<\/span>\n\t\t\t\t\t\t\t\t\t<span class=\"elementor-button-text\">En savoir plus<\/span>\n\t\t\t\t\t<\/span>\n\t\t\t\t\t<\/a>\n\t\t\t\t<\/div>\n\t\t\t\t\t\t\t\t<\/div>\n\t\t\t\t<\/div>\n\t\t\t\t\t<\/div>\n\t\t<\/div>\n\t\t\t\t\t<\/div>\n\t\t<\/section>\n\t\t\t\t<section class=\"elementor-section elementor-top-section elementor-element elementor-element-5d07114 elementor-section-content-middle elementor-reverse-mobile elementor-section-boxed elementor-section-height-default elementor-section-height-default\" data-id=\"5d07114\" data-element_type=\"section\">\n\t\t\t\t\t\t<div class=\"elementor-container elementor-column-gap-default\">\n\t\t\t\t\t<div class=\"elementor-column elementor-col-50 elementor-top-column elementor-element elementor-element-ab6dd71\" data-id=\"ab6dd71\" data-element_type=\"column\">\n\t\t\t<div class=\"elementor-widget-wrap elementor-element-populated\">\n\t\t\t\t\t\t<div class=\"elementor-element elementor-element-325d777 elementor-widget elementor-widget-heading\" data-id=\"325d777\" data-element_type=\"widget\" data-widget_type=\"heading.default\">\n\t\t\t\t<div class=\"elementor-widget-container\">\n\t\t\t\t\t<h3 class=\"elementor-heading-title elementor-size-default\">Etape 5: Cala Tirant- Binimel.l\u00e0<\/h3>\t\t\t\t<\/div>\n\t\t\t\t<\/div>\n\t\t\t\t<div class=\"elementor-element elementor-element-532f404 elementor-widget elementor-widget-text-editor\" data-id=\"532f404\" data-element_type=\"widget\" data-widget_type=\"text-editor.default\">\n\t\t\t\t<div class=\"elementor-widget-container\">\n\t\t\t\t\t\t\t\t\t<p class=\"Estilo27\"><span title=\"\">Dur\u00e9e: 2h15, 10 Km<\/span><br \/><span title=\"\">D\u00e9nivel\u00e9: \u2191 147m, \u2193 146m<\/span><br \/><span title=\"\">Difficult\u00e9: moyenne<\/span><\/p><p>A venir<\/p>\t\t\t\t\t\t\t\t<\/div>\n\t\t\t\t<\/div>\n\t\t\t\t<div class=\"elementor-element elementor-element-e413570 elementor-align-left elementor-mobile-align-center elementor-widget elementor-widget-button\" data-id=\"e413570\" data-element_type=\"widget\" data-widget_type=\"button.default\">\n\t\t\t\t<div class=\"elementor-widget-container\">\n\t\t\t\t\t\t\t\t\t<div class=\"elementor-button-wrapper\">\n\t\t\t\t\t<a class=\"elementor-button elementor-button-link elementor-size-md\" href=\"https:\/\/unsuisseamallorca.com\/index.php\/cala-tirant-a-binimel-la\/\" target=\"_blank\">\n\t\t\t\t\t\t<span class=\"elementor-button-content-wrapper\">\n\t\t\t\t\t\t<span class=\"elementor-button-icon\">\n\t\t\t\t<i aria-hidden=\"true\" class=\"fas fa-angle-double-right\"><\/i>\t\t\t<\/span>\n\t\t\t\t\t\t\t\t\t<span class=\"elementor-button-text\">En savoir Plus<\/span>\n\t\t\t\t\t<\/span>\n\t\t\t\t\t<\/a>\n\t\t\t\t<\/div>\n\t\t\t\t\t\t\t\t<\/div>\n\t\t\t\t<\/div>\n\t\t\t\t\t<\/div>\n\t\t<\/div>\n\t\t\t\t<div class=\"elementor-column elementor-col-50 elementor-top-column elementor-element elementor-element-b7f21a5\" data-id=\"b7f21a5\" data-element_type=\"column\">\n\t\t\t<div class=\"elementor-widget-wrap elementor-element-populated\">\n\t\t\t\t\t\t<div class=\"elementor-element elementor-element-592a440 elementor-widget elementor-widget-image\" data-id=\"592a440\" data-element_type=\"widget\" data-widget_type=\"image.default\">\n\t\t\t\t<div class=\"elementor-widget-container\">\n\t\t\t\t\t\t\t\t\t\t\t\t\t\t\t<img decoding=\"async\" width=\"1600\" height=\"900\" data-src=\"https:\/\/unsuisseamallorca.com\/wp-content\/uploads\/2023\/01\/68461789Master.jpg\" class=\"attachment-full size-full wp-image-23383 lazyload\" alt=\"\" data-srcset=\"https:\/\/unsuisseamallorca.com\/wp-content\/uploads\/2023\/01\/68461789Master.jpg 1600w, https:\/\/unsuisseamallorca.com\/wp-content\/uploads\/2023\/01\/68461789Master-300x169.jpg 300w, https:\/\/unsuisseamallorca.com\/wp-content\/uploads\/2023\/01\/68461789Master-1024x576.jpg 1024w, https:\/\/unsuisseamallorca.com\/wp-content\/uploads\/2023\/01\/68461789Master-768x432.jpg 768w, https:\/\/unsuisseamallorca.com\/wp-content\/uploads\/2023\/01\/68461789Master-1536x864.jpg 1536w, https:\/\/unsuisseamallorca.com\/wp-content\/uploads\/2023\/01\/68461789Master-800x450.jpg 800w\" data-sizes=\"(max-width: 1600px) 100vw, 1600px\" src=\"data:image\/svg+xml;base64,PHN2ZyB3aWR0aD0iMSIgaGVpZ2h0PSIxIiB4bWxucz0iaHR0cDovL3d3dy53My5vcmcvMjAwMC9zdmciPjwvc3ZnPg==\" style=\"--smush-placeholder-width: 1600px; --smush-placeholder-aspect-ratio: 1600\/900;\" \/>\t\t\t\t\t\t\t\t\t\t\t\t\t\t\t<\/div>\n\t\t\t\t<\/div>\n\t\t\t\t\t<\/div>\n\t\t<\/div>\n\t\t\t\t\t<\/div>\n\t\t<\/section>\n\t\t\t\t<section class=\"elementor-section elementor-top-section elementor-element elementor-element-a216dd4 elementor-section-content-middle elementor-section-boxed elementor-section-height-default elementor-section-height-default\" data-id=\"a216dd4\" data-element_type=\"section\">\n\t\t\t\t\t\t<div class=\"elementor-container elementor-column-gap-default\">\n\t\t\t\t\t<div class=\"elementor-column elementor-col-50 elementor-top-column elementor-element elementor-element-b7f71ee\" data-id=\"b7f71ee\" data-element_type=\"column\">\n\t\t\t<div class=\"elementor-widget-wrap elementor-element-populated\">\n\t\t\t\t\t\t<div class=\"elementor-element elementor-element-58dbb5e elementor-widget elementor-widget-image\" data-id=\"58dbb5e\" data-element_type=\"widget\" data-widget_type=\"image.default\">\n\t\t\t\t<div class=\"elementor-widget-container\">\n\t\t\t\t\t\t\t\t\t\t\t\t\t\t\t<img decoding=\"async\" width=\"900\" height=\"1200\" data-src=\"https:\/\/unsuisseamallorca.com\/wp-content\/uploads\/2023\/01\/37946096Master.jpg\" class=\"attachment-full size-full wp-image-23249 lazyload\" alt=\"\" data-srcset=\"https:\/\/unsuisseamallorca.com\/wp-content\/uploads\/2023\/01\/37946096Master.jpg 900w, https:\/\/unsuisseamallorca.com\/wp-content\/uploads\/2023\/01\/37946096Master-225x300.jpg 225w, https:\/\/unsuisseamallorca.com\/wp-content\/uploads\/2023\/01\/37946096Master-768x1024.jpg 768w\" data-sizes=\"(max-width: 900px) 100vw, 900px\" src=\"data:image\/svg+xml;base64,PHN2ZyB3aWR0aD0iMSIgaGVpZ2h0PSIxIiB4bWxucz0iaHR0cDovL3d3dy53My5vcmcvMjAwMC9zdmciPjwvc3ZnPg==\" style=\"--smush-placeholder-width: 900px; --smush-placeholder-aspect-ratio: 900\/1200;\" \/>\t\t\t\t\t\t\t\t\t\t\t\t\t\t\t<\/div>\n\t\t\t\t<\/div>\n\t\t\t\t<div class=\"elementor-element elementor-element-8b9722e elementor-widget elementor-widget-image\" data-id=\"8b9722e\" data-element_type=\"widget\" data-widget_type=\"image.default\">\n\t\t\t\t<div class=\"elementor-widget-container\">\n\t\t\t\t\t\t\t\t\t\t\t\t\t\t\t<img decoding=\"async\" width=\"1600\" height=\"1200\" data-src=\"https:\/\/unsuisseamallorca.com\/wp-content\/uploads\/2023\/01\/65053930Master.jpg\" class=\"attachment-full size-full wp-image-23257 lazyload\" alt=\"\" data-srcset=\"https:\/\/unsuisseamallorca.com\/wp-content\/uploads\/2023\/01\/65053930Master.jpg 1600w, https:\/\/unsuisseamallorca.com\/wp-content\/uploads\/2023\/01\/65053930Master-300x225.jpg 300w, https:\/\/unsuisseamallorca.com\/wp-content\/uploads\/2023\/01\/65053930Master-1024x768.jpg 1024w, https:\/\/unsuisseamallorca.com\/wp-content\/uploads\/2023\/01\/65053930Master-768x576.jpg 768w, https:\/\/unsuisseamallorca.com\/wp-content\/uploads\/2023\/01\/65053930Master-1536x1152.jpg 1536w\" data-sizes=\"(max-width: 1600px) 100vw, 1600px\" src=\"data:image\/svg+xml;base64,PHN2ZyB3aWR0aD0iMSIgaGVpZ2h0PSIxIiB4bWxucz0iaHR0cDovL3d3dy53My5vcmcvMjAwMC9zdmciPjwvc3ZnPg==\" style=\"--smush-placeholder-width: 1600px; --smush-placeholder-aspect-ratio: 1600\/1200;\" \/>\t\t\t\t\t\t\t\t\t\t\t\t\t\t\t<\/div>\n\t\t\t\t<\/div>\n\t\t\t\t\t<\/div>\n\t\t<\/div>\n\t\t\t\t<div class=\"elementor-column elementor-col-50 elementor-top-column elementor-element elementor-element-6ac2b9b\" data-id=\"6ac2b9b\" data-element_type=\"column\">\n\t\t\t<div class=\"elementor-widget-wrap elementor-element-populated\">\n\t\t\t\t\t\t<div class=\"elementor-element elementor-element-3ba0e09 elementor-widget elementor-widget-heading\" data-id=\"3ba0e09\" data-element_type=\"widget\" data-widget_type=\"heading.default\">\n\t\t\t\t<div class=\"elementor-widget-container\">\n\t\t\t\t\t<h3 class=\"elementor-heading-title elementor-size-default\">Etape 6: Binimel.l\u00e0- Els Alocs<\/h3>\t\t\t\t<\/div>\n\t\t\t\t<\/div>\n\t\t\t\t<div class=\"elementor-element elementor-element-72e80da elementor-widget elementor-widget-text-editor\" data-id=\"72e80da\" data-element_type=\"widget\" data-widget_type=\"text-editor.default\">\n\t\t\t\t<div class=\"elementor-widget-container\">\n\t\t\t\t\t\t\t\t\t<p><span title=\"\">Dur\u00e9e: 3h, 10,1 Km<\/span><br \/><span title=\"\">D\u00e9nivel\u00e9: \u2191 393m, \u2193 411m<\/span><br \/><span title=\"\">Difficult\u00e9: Moyenne \u00e0 \u00e9lev\u00e9e<\/span><\/p><p>Je ne dirai pas que c&rsquo;est un parcours avec beaucoup de difficult\u00e9 technique, mais c&rsquo;est le parcours le plus compliqu\u00e9 de la piste en raison de ses mont\u00e9es et de descentes, certaines avec une forte pente, et du type de terrain avec beaucoup de terrain qui rend la marche difficile et la possibilit\u00e9 de se tordre la cheville.<br \/>Route avec de nombreux points de vue, car la majeure partie du parcours longe la c\u00f4te.<br \/>Si cela se fait pendant les mois chauds, apportez beaucoup d&rsquo;eau, car il n&rsquo;y a pratiquement pas d&rsquo;ombre sur tout le parcours.<\/p>\t\t\t\t\t\t\t\t<\/div>\n\t\t\t\t<\/div>\n\t\t\t\t<div class=\"elementor-element elementor-element-0b05e0d elementor-align-left elementor-mobile-align-center elementor-widget elementor-widget-button\" data-id=\"0b05e0d\" data-element_type=\"widget\" data-widget_type=\"button.default\">\n\t\t\t\t<div class=\"elementor-widget-container\">\n\t\t\t\t\t\t\t\t\t<div class=\"elementor-button-wrapper\">\n\t\t\t\t\t<a class=\"elementor-button elementor-button-link elementor-size-md\" href=\"https:\/\/unsuisseamallorca.com\/index.php\/binimel-la-a-els-alocs\/\" target=\"_blank\">\n\t\t\t\t\t\t<span class=\"elementor-button-content-wrapper\">\n\t\t\t\t\t\t<span class=\"elementor-button-icon\">\n\t\t\t\t<i aria-hidden=\"true\" class=\"fas fa-angle-double-right\"><\/i>\t\t\t<\/span>\n\t\t\t\t\t\t\t\t\t<span class=\"elementor-button-text\">En savoir plus<\/span>\n\t\t\t\t\t<\/span>\n\t\t\t\t\t<\/a>\n\t\t\t\t<\/div>\n\t\t\t\t\t\t\t\t<\/div>\n\t\t\t\t<\/div>\n\t\t\t\t\t<\/div>\n\t\t<\/div>\n\t\t\t\t\t<\/div>\n\t\t<\/section>\n\t\t\t\t<section class=\"elementor-section elementor-top-section elementor-element elementor-element-2763603 elementor-section-content-middle elementor-reverse-mobile elementor-section-boxed elementor-section-height-default elementor-section-height-default\" data-id=\"2763603\" data-element_type=\"section\">\n\t\t\t\t\t\t<div class=\"elementor-container elementor-column-gap-default\">\n\t\t\t\t\t<div class=\"elementor-column elementor-col-50 elementor-top-column elementor-element elementor-element-9f5db50\" data-id=\"9f5db50\" data-element_type=\"column\">\n\t\t\t<div class=\"elementor-widget-wrap elementor-element-populated\">\n\t\t\t\t\t\t<div class=\"elementor-element elementor-element-96c8916 elementor-widget elementor-widget-heading\" data-id=\"96c8916\" data-element_type=\"widget\" data-widget_type=\"heading.default\">\n\t\t\t\t<div class=\"elementor-widget-container\">\n\t\t\t\t\t<h3 class=\"elementor-heading-title elementor-size-default\">Etape 7: Els Alocs - Algaiarens<\/h3>\t\t\t\t<\/div>\n\t\t\t\t<\/div>\n\t\t\t\t<div class=\"elementor-element elementor-element-7cb3409 elementor-widget elementor-widget-text-editor\" data-id=\"7cb3409\" data-element_type=\"widget\" data-widget_type=\"text-editor.default\">\n\t\t\t\t<div class=\"elementor-widget-container\">\n\t\t\t\t\t\t\t\t\t<p><span title=\"\">Dur\u00e9e: 3h 30min, 13,3 Km<\/span><br \/><span title=\"\">D\u00e9nivel\u00e9: \u2191 192m, \u2193 287m<\/span><br \/><span title=\"\">Difficult\u00e9: moyenne<\/span><\/p><p>Nous commen\u00e7ons \u00e0 environ 2 km du premier jalon aujourd&rsquo;hui et c&rsquo;est l&rsquo;un des parcours les moins exigeants,<\/p><p>Au cours de ce p\u00e9riple nous avons crois\u00e9 un aurochs, des chevaux, des ch\u00e8vres, des vaches&#8230;..et l&rsquo;aigle&#8230;<\/p><p>\u00a0<\/p>\t\t\t\t\t\t\t\t<\/div>\n\t\t\t\t<\/div>\n\t\t\t\t<div class=\"elementor-element elementor-element-2fd459d elementor-align-left elementor-mobile-align-center elementor-widget elementor-widget-button\" data-id=\"2fd459d\" data-element_type=\"widget\" data-widget_type=\"button.default\">\n\t\t\t\t<div class=\"elementor-widget-container\">\n\t\t\t\t\t\t\t\t\t<div class=\"elementor-button-wrapper\">\n\t\t\t\t\t<a class=\"elementor-button elementor-button-link elementor-size-md\" href=\"https:\/\/unsuisseamallorca.com\/index.php\/els-alocs-a-algaiarens\/\" target=\"_blank\">\n\t\t\t\t\t\t<span class=\"elementor-button-content-wrapper\">\n\t\t\t\t\t\t<span class=\"elementor-button-icon\">\n\t\t\t\t<i aria-hidden=\"true\" class=\"fas fa-angle-double-right\"><\/i>\t\t\t<\/span>\n\t\t\t\t\t\t\t\t\t<span class=\"elementor-button-text\">En savoir Plus<\/span>\n\t\t\t\t\t<\/span>\n\t\t\t\t\t<\/a>\n\t\t\t\t<\/div>\n\t\t\t\t\t\t\t\t<\/div>\n\t\t\t\t<\/div>\n\t\t\t\t\t<\/div>\n\t\t<\/div>\n\t\t\t\t<div class=\"elementor-column elementor-col-50 elementor-top-column elementor-element elementor-element-04a51d6\" data-id=\"04a51d6\" data-element_type=\"column\">\n\t\t\t<div class=\"elementor-widget-wrap elementor-element-populated\">\n\t\t\t\t\t\t<div class=\"elementor-element elementor-element-ee664ee elementor-widget elementor-widget-image\" data-id=\"ee664ee\" data-element_type=\"widget\" data-widget_type=\"image.default\">\n\t\t\t\t<div class=\"elementor-widget-container\">\n\t\t\t\t\t\t\t\t\t\t\t\t\t\t\t<img decoding=\"async\" width=\"1600\" height=\"1200\" data-src=\"https:\/\/unsuisseamallorca.com\/wp-content\/uploads\/2023\/01\/62671278Master.jpg\" class=\"attachment-full size-full wp-image-23184 lazyload\" alt=\"\" data-srcset=\"https:\/\/unsuisseamallorca.com\/wp-content\/uploads\/2023\/01\/62671278Master.jpg 1600w, https:\/\/unsuisseamallorca.com\/wp-content\/uploads\/2023\/01\/62671278Master-300x225.jpg 300w, https:\/\/unsuisseamallorca.com\/wp-content\/uploads\/2023\/01\/62671278Master-1024x768.jpg 1024w, https:\/\/unsuisseamallorca.com\/wp-content\/uploads\/2023\/01\/62671278Master-768x576.jpg 768w, https:\/\/unsuisseamallorca.com\/wp-content\/uploads\/2023\/01\/62671278Master-1536x1152.jpg 1536w\" data-sizes=\"(max-width: 1600px) 100vw, 1600px\" src=\"data:image\/svg+xml;base64,PHN2ZyB3aWR0aD0iMSIgaGVpZ2h0PSIxIiB4bWxucz0iaHR0cDovL3d3dy53My5vcmcvMjAwMC9zdmciPjwvc3ZnPg==\" style=\"--smush-placeholder-width: 1600px; --smush-placeholder-aspect-ratio: 1600\/1200;\" \/>\t\t\t\t\t\t\t\t\t\t\t\t\t\t\t<\/div>\n\t\t\t\t<\/div>\n\t\t\t\t<div class=\"elementor-element elementor-element-75bab22 elementor-widget elementor-widget-image\" data-id=\"75bab22\" data-element_type=\"widget\" data-widget_type=\"image.default\">\n\t\t\t\t<div class=\"elementor-widget-container\">\n\t\t\t\t\t\t\t\t\t\t\t\t\t\t\t<img decoding=\"async\" width=\"1600\" height=\"1200\" data-src=\"https:\/\/unsuisseamallorca.com\/wp-content\/uploads\/2023\/01\/68526775Master.jpg\" class=\"attachment-full size-full wp-image-23193 lazyload\" alt=\"\" data-srcset=\"https:\/\/unsuisseamallorca.com\/wp-content\/uploads\/2023\/01\/68526775Master.jpg 1600w, https:\/\/unsuisseamallorca.com\/wp-content\/uploads\/2023\/01\/68526775Master-300x225.jpg 300w, https:\/\/unsuisseamallorca.com\/wp-content\/uploads\/2023\/01\/68526775Master-1024x768.jpg 1024w, https:\/\/unsuisseamallorca.com\/wp-content\/uploads\/2023\/01\/68526775Master-768x576.jpg 768w, https:\/\/unsuisseamallorca.com\/wp-content\/uploads\/2023\/01\/68526775Master-1536x1152.jpg 1536w\" data-sizes=\"(max-width: 1600px) 100vw, 1600px\" src=\"data:image\/svg+xml;base64,PHN2ZyB3aWR0aD0iMSIgaGVpZ2h0PSIxIiB4bWxucz0iaHR0cDovL3d3dy53My5vcmcvMjAwMC9zdmciPjwvc3ZnPg==\" style=\"--smush-placeholder-width: 1600px; --smush-placeholder-aspect-ratio: 1600\/1200;\" \/>\t\t\t\t\t\t\t\t\t\t\t\t\t\t\t<\/div>\n\t\t\t\t<\/div>\n\t\t\t\t\t<\/div>\n\t\t<\/div>\n\t\t\t\t\t<\/div>\n\t\t<\/section>\n\t\t\t\t<section class=\"elementor-section elementor-top-section elementor-element elementor-element-28d260e elementor-section-content-middle elementor-section-boxed elementor-section-height-default elementor-section-height-default\" data-id=\"28d260e\" data-element_type=\"section\">\n\t\t\t\t\t\t<div class=\"elementor-container elementor-column-gap-default\">\n\t\t\t\t\t<div class=\"elementor-column elementor-col-50 elementor-top-column elementor-element elementor-element-5c5ed65\" data-id=\"5c5ed65\" data-element_type=\"column\">\n\t\t\t<div class=\"elementor-widget-wrap elementor-element-populated\">\n\t\t\t\t\t\t<div class=\"elementor-element elementor-element-78445a1 elementor-widget elementor-widget-image\" data-id=\"78445a1\" data-element_type=\"widget\" data-widget_type=\"image.default\">\n\t\t\t\t<div class=\"elementor-widget-container\">\n\t\t\t\t\t\t\t\t\t\t\t\t\t\t\t<img decoding=\"async\" width=\"1600\" height=\"1200\" data-src=\"https:\/\/unsuisseamallorca.com\/wp-content\/uploads\/2023\/01\/17313214Master.jpg\" class=\"attachment-full size-full wp-image-23148 lazyload\" alt=\"\" data-srcset=\"https:\/\/unsuisseamallorca.com\/wp-content\/uploads\/2023\/01\/17313214Master.jpg 1600w, https:\/\/unsuisseamallorca.com\/wp-content\/uploads\/2023\/01\/17313214Master-300x225.jpg 300w, https:\/\/unsuisseamallorca.com\/wp-content\/uploads\/2023\/01\/17313214Master-1024x768.jpg 1024w, https:\/\/unsuisseamallorca.com\/wp-content\/uploads\/2023\/01\/17313214Master-768x576.jpg 768w, https:\/\/unsuisseamallorca.com\/wp-content\/uploads\/2023\/01\/17313214Master-1536x1152.jpg 1536w\" data-sizes=\"(max-width: 1600px) 100vw, 1600px\" src=\"data:image\/svg+xml;base64,PHN2ZyB3aWR0aD0iMSIgaGVpZ2h0PSIxIiB4bWxucz0iaHR0cDovL3d3dy53My5vcmcvMjAwMC9zdmciPjwvc3ZnPg==\" style=\"--smush-placeholder-width: 1600px; --smush-placeholder-aspect-ratio: 1600\/1200;\" \/>\t\t\t\t\t\t\t\t\t\t\t\t\t\t\t<\/div>\n\t\t\t\t<\/div>\n\t\t\t\t<div class=\"elementor-element elementor-element-b52ee2b elementor-widget elementor-widget-image\" data-id=\"b52ee2b\" data-element_type=\"widget\" data-widget_type=\"image.default\">\n\t\t\t\t<div class=\"elementor-widget-container\">\n\t\t\t\t\t\t\t\t\t\t\t\t\t\t\t<img decoding=\"async\" width=\"1600\" height=\"899\" data-src=\"https:\/\/unsuisseamallorca.com\/wp-content\/uploads\/2023\/01\/11309727Master.jpg\" class=\"attachment-full size-full wp-image-23141 lazyload\" alt=\"\" data-srcset=\"https:\/\/unsuisseamallorca.com\/wp-content\/uploads\/2023\/01\/11309727Master.jpg 1600w, https:\/\/unsuisseamallorca.com\/wp-content\/uploads\/2023\/01\/11309727Master-300x169.jpg 300w, https:\/\/unsuisseamallorca.com\/wp-content\/uploads\/2023\/01\/11309727Master-1024x575.jpg 1024w, https:\/\/unsuisseamallorca.com\/wp-content\/uploads\/2023\/01\/11309727Master-768x432.jpg 768w, https:\/\/unsuisseamallorca.com\/wp-content\/uploads\/2023\/01\/11309727Master-1536x863.jpg 1536w, https:\/\/unsuisseamallorca.com\/wp-content\/uploads\/2023\/01\/11309727Master-800x450.jpg 800w\" data-sizes=\"(max-width: 1600px) 100vw, 1600px\" src=\"data:image\/svg+xml;base64,PHN2ZyB3aWR0aD0iMSIgaGVpZ2h0PSIxIiB4bWxucz0iaHR0cDovL3d3dy53My5vcmcvMjAwMC9zdmciPjwvc3ZnPg==\" style=\"--smush-placeholder-width: 1600px; --smush-placeholder-aspect-ratio: 1600\/899;\" \/>\t\t\t\t\t\t\t\t\t\t\t\t\t\t\t<\/div>\n\t\t\t\t<\/div>\n\t\t\t\t\t<\/div>\n\t\t<\/div>\n\t\t\t\t<div class=\"elementor-column elementor-col-50 elementor-top-column elementor-element elementor-element-b1d80b2\" data-id=\"b1d80b2\" data-element_type=\"column\">\n\t\t\t<div class=\"elementor-widget-wrap elementor-element-populated\">\n\t\t\t\t\t\t<div class=\"elementor-element elementor-element-5e35032 elementor-widget elementor-widget-heading\" data-id=\"5e35032\" data-element_type=\"widget\" data-widget_type=\"heading.default\">\n\t\t\t\t<div class=\"elementor-widget-container\">\n\t\t\t\t\t<h3 class=\"elementor-heading-title elementor-size-default\">Etape 8: Algaiarens - Cala Morell<\/h3>\t\t\t\t<\/div>\n\t\t\t\t<\/div>\n\t\t\t\t<div class=\"elementor-element elementor-element-53c3c57 elementor-widget elementor-widget-text-editor\" data-id=\"53c3c57\" data-element_type=\"widget\" data-widget_type=\"text-editor.default\">\n\t\t\t\t<div class=\"elementor-widget-container\">\n\t\t\t\t\t\t\t\t\t<p><span title=\"\">Dur\u00e9e: 2h 15min, 5,4 Km<\/span><br \/><span title=\"\">D\u00e9nivel\u00e9: \u2191 87m, \u2193 91m<\/span><br \/><span title=\"\">Difficult\u00e9: Facile<\/span><\/p><p>Cette \u00e9tape du Cam\u00ed de Cavalls quitte la zone fertile et bois\u00e9e de La Vall de Algaiarens pour passer dans un paysage de garrigue et de maquis c\u00f4tier.<\/p><p>L&rsquo;int\u00e9r\u00eat du paysage g\u00e9ologique de Cala Morell, le point exact o\u00f9 se rencontrent les deux grandes parties g\u00e9ologiques du sud et du nord de Minorque. Ce fait nous offre des formations g\u00e9ologiques tr\u00e8s caract\u00e9ristiques, dont se distingue le rocher de l&rsquo;\u00e9l\u00e9phant, pr\u00e9sidant Cala Morell, que nous verrons depuis diff\u00e9rents points culminants de l&rsquo;urbanisation ou depuis la plage.<\/p>\t\t\t\t\t\t\t\t<\/div>\n\t\t\t\t<\/div>\n\t\t\t\t<div class=\"elementor-element elementor-element-24831a5 elementor-align-left elementor-mobile-align-center elementor-widget elementor-widget-button\" data-id=\"24831a5\" data-element_type=\"widget\" data-widget_type=\"button.default\">\n\t\t\t\t<div class=\"elementor-widget-container\">\n\t\t\t\t\t\t\t\t\t<div class=\"elementor-button-wrapper\">\n\t\t\t\t\t<a class=\"elementor-button elementor-button-link elementor-size-md\" href=\"https:\/\/unsuisseamallorca.com\/index.php\/algaiarens-a-cala-morell\/\" target=\"_blank\">\n\t\t\t\t\t\t<span class=\"elementor-button-content-wrapper\">\n\t\t\t\t\t\t<span class=\"elementor-button-icon\">\n\t\t\t\t<i aria-hidden=\"true\" class=\"fas fa-angle-double-right\"><\/i>\t\t\t<\/span>\n\t\t\t\t\t\t\t\t\t<span class=\"elementor-button-text\">En savoir plus<\/span>\n\t\t\t\t\t<\/span>\n\t\t\t\t\t<\/a>\n\t\t\t\t<\/div>\n\t\t\t\t\t\t\t\t<\/div>\n\t\t\t\t<\/div>\n\t\t\t\t\t<\/div>\n\t\t<\/div>\n\t\t\t\t\t<\/div>\n\t\t<\/section>\n\t\t\t\t<section class=\"elementor-section elementor-top-section elementor-element elementor-element-85da721 elementor-section-content-middle elementor-reverse-mobile elementor-section-boxed elementor-section-height-default elementor-section-height-default\" data-id=\"85da721\" data-element_type=\"section\">\n\t\t\t\t\t\t<div class=\"elementor-container elementor-column-gap-default\">\n\t\t\t\t\t<div class=\"elementor-column elementor-col-50 elementor-top-column elementor-element elementor-element-4a3c1cc\" data-id=\"4a3c1cc\" data-element_type=\"column\">\n\t\t\t<div class=\"elementor-widget-wrap elementor-element-populated\">\n\t\t\t\t\t\t<div class=\"elementor-element elementor-element-970536b elementor-widget elementor-widget-heading\" data-id=\"970536b\" data-element_type=\"widget\" data-widget_type=\"heading.default\">\n\t\t\t\t<div class=\"elementor-widget-container\">\n\t\t\t\t\t<h3 class=\"elementor-heading-title elementor-size-default\">Etape 9: Cala Morell- Punta Nati<\/h3>\t\t\t\t<\/div>\n\t\t\t\t<\/div>\n\t\t\t\t<div class=\"elementor-element elementor-element-025145b elementor-widget elementor-widget-text-editor\" data-id=\"025145b\" data-element_type=\"widget\" data-widget_type=\"text-editor.default\">\n\t\t\t\t<div class=\"elementor-widget-container\">\n\t\t\t\t\t\t\t\t\t<p><span title=\"\">Dur\u00e9e: 3h, 9,8 Km<\/span><br \/><span title=\"\">D\u00e9nivel\u00e9: \u2191 106m, \u2193 130m<\/span><br \/><span title=\"\">Difficult\u00e9: facile<\/span><\/p><p>Cette \u00e9tape\u00a0 traverse une vaste zone c\u00f4ti\u00e8re inhospitali\u00e8re mais n\u00e9anmoins tr\u00e8s belle.<br \/>Sans transport en commun, attention si vous devez rejoindre votre moyen de transport pour le retour.<br \/>Sur les falaises de Cala Morell, vous pouvez voir une importante n\u00e9cropole talayotique de 1500 \u00e0 300 av. C form\u00e9e par des grottes creus\u00e9es dans la roche ou des hypog\u00e9es. Certaines Taulas sont conserv\u00e9es.<br \/>La section interm\u00e9diaire entre Cala Morell et Punta Nati offre des paysages tr\u00e8s arides.<\/p>\t\t\t\t\t\t\t\t<\/div>\n\t\t\t\t<\/div>\n\t\t\t\t<div class=\"elementor-element elementor-element-d0eb068 elementor-align-left elementor-mobile-align-center elementor-widget elementor-widget-button\" data-id=\"d0eb068\" data-element_type=\"widget\" data-widget_type=\"button.default\">\n\t\t\t\t<div class=\"elementor-widget-container\">\n\t\t\t\t\t\t\t\t\t<div class=\"elementor-button-wrapper\">\n\t\t\t\t\t<a class=\"elementor-button elementor-button-link elementor-size-md\" href=\"https:\/\/unsuisseamallorca.com\/?page_id=23052&#038;preview=true\" target=\"_blank\">\n\t\t\t\t\t\t<span class=\"elementor-button-content-wrapper\">\n\t\t\t\t\t\t<span class=\"elementor-button-icon\">\n\t\t\t\t<i aria-hidden=\"true\" class=\"fas fa-angle-double-right\"><\/i>\t\t\t<\/span>\n\t\t\t\t\t\t\t\t\t<span class=\"elementor-button-text\">En savoir Plus<\/span>\n\t\t\t\t\t<\/span>\n\t\t\t\t\t<\/a>\n\t\t\t\t<\/div>\n\t\t\t\t\t\t\t\t<\/div>\n\t\t\t\t<\/div>\n\t\t\t\t\t<\/div>\n\t\t<\/div>\n\t\t\t\t<div class=\"elementor-column elementor-col-50 elementor-top-column elementor-element elementor-element-2947a3f\" data-id=\"2947a3f\" data-element_type=\"column\">\n\t\t\t<div class=\"elementor-widget-wrap elementor-element-populated\">\n\t\t\t\t\t\t<div class=\"elementor-element elementor-element-4348f37 elementor-widget elementor-widget-image\" data-id=\"4348f37\" data-element_type=\"widget\" data-widget_type=\"image.default\">\n\t\t\t\t<div class=\"elementor-widget-container\">\n\t\t\t\t\t\t\t\t\t\t\t\t\t\t\t<img decoding=\"async\" width=\"1600\" height=\"1200\" data-src=\"https:\/\/unsuisseamallorca.com\/wp-content\/uploads\/2023\/01\/75204655Master.jpg\" class=\"attachment-full size-full wp-image-23077 lazyload\" alt=\"\" data-srcset=\"https:\/\/unsuisseamallorca.com\/wp-content\/uploads\/2023\/01\/75204655Master.jpg 1600w, https:\/\/unsuisseamallorca.com\/wp-content\/uploads\/2023\/01\/75204655Master-300x225.jpg 300w, https:\/\/unsuisseamallorca.com\/wp-content\/uploads\/2023\/01\/75204655Master-1024x768.jpg 1024w, https:\/\/unsuisseamallorca.com\/wp-content\/uploads\/2023\/01\/75204655Master-768x576.jpg 768w, https:\/\/unsuisseamallorca.com\/wp-content\/uploads\/2023\/01\/75204655Master-1536x1152.jpg 1536w\" data-sizes=\"(max-width: 1600px) 100vw, 1600px\" src=\"data:image\/svg+xml;base64,PHN2ZyB3aWR0aD0iMSIgaGVpZ2h0PSIxIiB4bWxucz0iaHR0cDovL3d3dy53My5vcmcvMjAwMC9zdmciPjwvc3ZnPg==\" style=\"--smush-placeholder-width: 1600px; --smush-placeholder-aspect-ratio: 1600\/1200;\" \/>\t\t\t\t\t\t\t\t\t\t\t\t\t\t\t<\/div>\n\t\t\t\t<\/div>\n\t\t\t\t<div class=\"elementor-element elementor-element-c996311 elementor-widget elementor-widget-image\" data-id=\"c996311\" data-element_type=\"widget\" data-widget_type=\"image.default\">\n\t\t\t\t<div class=\"elementor-widget-container\">\n\t\t\t\t\t\t\t\t\t\t\t\t\t\t\t<img decoding=\"async\" width=\"1600\" height=\"1200\" data-src=\"https:\/\/unsuisseamallorca.com\/wp-content\/uploads\/2023\/01\/75205374Master.jpg\" class=\"attachment-full size-full wp-image-23082 lazyload\" alt=\"\" data-srcset=\"https:\/\/unsuisseamallorca.com\/wp-content\/uploads\/2023\/01\/75205374Master.jpg 1600w, https:\/\/unsuisseamallorca.com\/wp-content\/uploads\/2023\/01\/75205374Master-300x225.jpg 300w, https:\/\/unsuisseamallorca.com\/wp-content\/uploads\/2023\/01\/75205374Master-1024x768.jpg 1024w, https:\/\/unsuisseamallorca.com\/wp-content\/uploads\/2023\/01\/75205374Master-768x576.jpg 768w, https:\/\/unsuisseamallorca.com\/wp-content\/uploads\/2023\/01\/75205374Master-1536x1152.jpg 1536w\" data-sizes=\"(max-width: 1600px) 100vw, 1600px\" src=\"data:image\/svg+xml;base64,PHN2ZyB3aWR0aD0iMSIgaGVpZ2h0PSIxIiB4bWxucz0iaHR0cDovL3d3dy53My5vcmcvMjAwMC9zdmciPjwvc3ZnPg==\" style=\"--smush-placeholder-width: 1600px; --smush-placeholder-aspect-ratio: 1600\/1200;\" \/>\t\t\t\t\t\t\t\t\t\t\t\t\t\t\t<\/div>\n\t\t\t\t<\/div>\n\t\t\t\t\t<\/div>\n\t\t<\/div>\n\t\t\t\t\t<\/div>\n\t\t<\/section>\n\t\t\t\t<section class=\"elementor-section elementor-top-section elementor-element elementor-element-81d2238 elementor-section-content-middle elementor-section-boxed elementor-section-height-default elementor-section-height-default\" data-id=\"81d2238\" data-element_type=\"section\">\n\t\t\t\t\t\t<div class=\"elementor-container elementor-column-gap-default\">\n\t\t\t\t\t<div class=\"elementor-column elementor-col-50 elementor-top-column elementor-element elementor-element-18c6801\" data-id=\"18c6801\" data-element_type=\"column\">\n\t\t\t<div class=\"elementor-widget-wrap elementor-element-populated\">\n\t\t\t\t\t\t<div class=\"elementor-element elementor-element-742497d elementor-widget elementor-widget-image\" data-id=\"742497d\" data-element_type=\"widget\" data-widget_type=\"image.default\">\n\t\t\t\t<div class=\"elementor-widget-container\">\n\t\t\t\t\t\t\t\t\t\t\t\t\t\t\t<img decoding=\"async\" width=\"1600\" height=\"1200\" data-src=\"https:\/\/unsuisseamallorca.com\/wp-content\/uploads\/2023\/01\/1408364Master.jpg\" class=\"attachment-full size-full wp-image-23017 lazyload\" alt=\"\" data-srcset=\"https:\/\/unsuisseamallorca.com\/wp-content\/uploads\/2023\/01\/1408364Master.jpg 1600w, https:\/\/unsuisseamallorca.com\/wp-content\/uploads\/2023\/01\/1408364Master-300x225.jpg 300w, https:\/\/unsuisseamallorca.com\/wp-content\/uploads\/2023\/01\/1408364Master-1024x768.jpg 1024w, https:\/\/unsuisseamallorca.com\/wp-content\/uploads\/2023\/01\/1408364Master-768x576.jpg 768w, https:\/\/unsuisseamallorca.com\/wp-content\/uploads\/2023\/01\/1408364Master-1536x1152.jpg 1536w\" data-sizes=\"(max-width: 1600px) 100vw, 1600px\" src=\"data:image\/svg+xml;base64,PHN2ZyB3aWR0aD0iMSIgaGVpZ2h0PSIxIiB4bWxucz0iaHR0cDovL3d3dy53My5vcmcvMjAwMC9zdmciPjwvc3ZnPg==\" style=\"--smush-placeholder-width: 1600px; --smush-placeholder-aspect-ratio: 1600\/1200;\" \/>\t\t\t\t\t\t\t\t\t\t\t\t\t\t\t<\/div>\n\t\t\t\t<\/div>\n\t\t\t\t<div class=\"elementor-element elementor-element-f1b64ee elementor-widget elementor-widget-image\" data-id=\"f1b64ee\" data-element_type=\"widget\" data-widget_type=\"image.default\">\n\t\t\t\t<div class=\"elementor-widget-container\">\n\t\t\t\t\t\t\t\t\t\t\t\t\t\t\t<img decoding=\"async\" width=\"1600\" height=\"901\" data-src=\"https:\/\/unsuisseamallorca.com\/wp-content\/uploads\/2023\/01\/1283781Master.jpg\" class=\"attachment-full size-full wp-image-23016 lazyload\" alt=\"\" data-srcset=\"https:\/\/unsuisseamallorca.com\/wp-content\/uploads\/2023\/01\/1283781Master.jpg 1600w, https:\/\/unsuisseamallorca.com\/wp-content\/uploads\/2023\/01\/1283781Master-300x169.jpg 300w, https:\/\/unsuisseamallorca.com\/wp-content\/uploads\/2023\/01\/1283781Master-1024x577.jpg 1024w, https:\/\/unsuisseamallorca.com\/wp-content\/uploads\/2023\/01\/1283781Master-768x432.jpg 768w, https:\/\/unsuisseamallorca.com\/wp-content\/uploads\/2023\/01\/1283781Master-1536x865.jpg 1536w, https:\/\/unsuisseamallorca.com\/wp-content\/uploads\/2023\/01\/1283781Master-800x450.jpg 800w\" data-sizes=\"(max-width: 1600px) 100vw, 1600px\" src=\"data:image\/svg+xml;base64,PHN2ZyB3aWR0aD0iMSIgaGVpZ2h0PSIxIiB4bWxucz0iaHR0cDovL3d3dy53My5vcmcvMjAwMC9zdmciPjwvc3ZnPg==\" style=\"--smush-placeholder-width: 1600px; --smush-placeholder-aspect-ratio: 1600\/901;\" \/>\t\t\t\t\t\t\t\t\t\t\t\t\t\t\t<\/div>\n\t\t\t\t<\/div>\n\t\t\t\t\t<\/div>\n\t\t<\/div>\n\t\t\t\t<div class=\"elementor-column elementor-col-50 elementor-top-column elementor-element elementor-element-e6b40b1\" data-id=\"e6b40b1\" data-element_type=\"column\">\n\t\t\t<div class=\"elementor-widget-wrap elementor-element-populated\">\n\t\t\t\t\t\t<div class=\"elementor-element elementor-element-211d696 elementor-widget elementor-widget-heading\" data-id=\"211d696\" data-element_type=\"widget\" data-widget_type=\"heading.default\">\n\t\t\t\t<div class=\"elementor-widget-container\">\n\t\t\t\t\t<h3 class=\"elementor-heading-title elementor-size-default\">Etape 10: Punta Nati- Ciutadella<\/h3>\t\t\t\t<\/div>\n\t\t\t\t<\/div>\n\t\t\t\t<div class=\"elementor-element elementor-element-5f76113 elementor-widget elementor-widget-text-editor\" data-id=\"5f76113\" data-element_type=\"widget\" data-widget_type=\"text-editor.default\">\n\t\t\t\t<div class=\"elementor-widget-container\">\n\t\t\t\t\t\t\t\t\t<p><span title=\"\">Dur\u00e9e: 4h, 17,5 Km<\/span><br \/><span title=\"\">D\u00e9nivel\u00e9: \u2191 66m, \u2193 84m<\/span><br \/><span title=\"\">Difficult\u00e9: facile<\/span><\/p><p>C&rsquo;est peut-\u00eatre l&rsquo;un des itin\u00e9raires les plus clairs et les plus beaux que j&rsquo;ai faits sur le GR-223. Tout le parcours traverse des environnements naturels et clairs, d&rsquo;une grande beaut\u00e9 et sauf dans la derni\u00e8re partie o\u00f9 il faut traverser quelques urbanisations jusqu&rsquo;\u00e0 atteindre le port de Ciutadella, tout le chemin pr\u00e9c\u00e9dent traverse une zone de falaises avec un panorama spectaculaire .<\/p>\t\t\t\t\t\t\t\t<\/div>\n\t\t\t\t<\/div>\n\t\t\t\t<div class=\"elementor-element elementor-element-6f1eb42 elementor-align-left elementor-mobile-align-center elementor-widget elementor-widget-button\" data-id=\"6f1eb42\" data-element_type=\"widget\" data-widget_type=\"button.default\">\n\t\t\t\t<div class=\"elementor-widget-container\">\n\t\t\t\t\t\t\t\t\t<div class=\"elementor-button-wrapper\">\n\t\t\t\t\t<a class=\"elementor-button elementor-button-link elementor-size-md\" href=\"https:\/\/unsuisseamallorca.com\/index.php\/punta-nati-a-ciutadella\/\" target=\"_blank\">\n\t\t\t\t\t\t<span class=\"elementor-button-content-wrapper\">\n\t\t\t\t\t\t<span class=\"elementor-button-icon\">\n\t\t\t\t<i aria-hidden=\"true\" class=\"fas fa-angle-double-right\"><\/i>\t\t\t<\/span>\n\t\t\t\t\t\t\t\t\t<span class=\"elementor-button-text\">En savoir plus<\/span>\n\t\t\t\t\t<\/span>\n\t\t\t\t\t<\/a>\n\t\t\t\t<\/div>\n\t\t\t\t\t\t\t\t<\/div>\n\t\t\t\t<\/div>\n\t\t\t\t\t<\/div>\n\t\t<\/div>\n\t\t\t\t\t<\/div>\n\t\t<\/section>\n\t\t\t\t<section class=\"elementor-section elementor-top-section elementor-element elementor-element-e68a08c elementor-section-content-middle elementor-reverse-mobile elementor-section-boxed elementor-section-height-default elementor-section-height-default\" data-id=\"e68a08c\" data-element_type=\"section\">\n\t\t\t\t\t\t<div class=\"elementor-container elementor-column-gap-default\">\n\t\t\t\t\t<div class=\"elementor-column elementor-col-50 elementor-top-column elementor-element elementor-element-7c649dc\" data-id=\"7c649dc\" data-element_type=\"column\">\n\t\t\t<div class=\"elementor-widget-wrap elementor-element-populated\">\n\t\t\t\t\t\t<div class=\"elementor-element elementor-element-538a8b9 elementor-widget elementor-widget-heading\" data-id=\"538a8b9\" data-element_type=\"widget\" data-widget_type=\"heading.default\">\n\t\t\t\t<div class=\"elementor-widget-container\">\n\t\t\t\t\t<h3 class=\"elementor-heading-title elementor-size-default\">Etape 11: Ciutadella - Punta d\u2019Artrutx<\/h3>\t\t\t\t<\/div>\n\t\t\t\t<\/div>\n\t\t\t\t<div class=\"elementor-element elementor-element-32c33c3 elementor-widget elementor-widget-text-editor\" data-id=\"32c33c3\" data-element_type=\"widget\" data-widget_type=\"text-editor.default\">\n\t\t\t\t<div class=\"elementor-widget-container\">\n\t\t\t\t\t\t\t\t\t<p><span title=\"\">Dur\u00e9e: 3h30 min. 12,5 Km<\/span><br \/><span title=\"\">D\u00e9nivel\u00e9: \u2191 23m, \u2193 23m<\/span><br \/><span title=\"\">Difficult\u00e9: facile<\/span><\/p><p>Une \u00e9tape sans aucune difficult\u00e9 o\u00f9 l&rsquo;on peut profiter de la beaut\u00e9 du paysage et de ses criques. Une \u00e9tape sans aucune difficult\u00e9 o\u00f9 l&rsquo;on peut profiter de la beaut\u00e9 du paysage et de ses criques.<\/p>\t\t\t\t\t\t\t\t<\/div>\n\t\t\t\t<\/div>\n\t\t\t\t<div class=\"elementor-element elementor-element-07bf4ec elementor-align-left elementor-mobile-align-center elementor-widget elementor-widget-button\" data-id=\"07bf4ec\" data-element_type=\"widget\" data-widget_type=\"button.default\">\n\t\t\t\t<div class=\"elementor-widget-container\">\n\t\t\t\t\t\t\t\t\t<div class=\"elementor-button-wrapper\">\n\t\t\t\t\t<a class=\"elementor-button elementor-button-link elementor-size-md\" href=\"https:\/\/unsuisseamallorca.com\/index.php\/ciutadea-punta-d-artrutx\/\" target=\"_blank\">\n\t\t\t\t\t\t<span class=\"elementor-button-content-wrapper\">\n\t\t\t\t\t\t<span class=\"elementor-button-icon\">\n\t\t\t\t<i aria-hidden=\"true\" class=\"fas fa-angle-double-right\"><\/i>\t\t\t<\/span>\n\t\t\t\t\t\t\t\t\t<span class=\"elementor-button-text\">En savoir Plus<\/span>\n\t\t\t\t\t<\/span>\n\t\t\t\t\t<\/a>\n\t\t\t\t<\/div>\n\t\t\t\t\t\t\t\t<\/div>\n\t\t\t\t<\/div>\n\t\t\t\t\t<\/div>\n\t\t<\/div>\n\t\t\t\t<div class=\"elementor-column elementor-col-50 elementor-top-column elementor-element elementor-element-d3a327c\" data-id=\"d3a327c\" data-element_type=\"column\">\n\t\t\t<div class=\"elementor-widget-wrap elementor-element-populated\">\n\t\t\t\t\t\t<div class=\"elementor-element elementor-element-46beaf2 elementor-widget elementor-widget-image\" data-id=\"46beaf2\" data-element_type=\"widget\" data-widget_type=\"image.default\">\n\t\t\t\t<div class=\"elementor-widget-container\">\n\t\t\t\t\t\t\t\t\t\t\t\t\t\t\t<img decoding=\"async\" width=\"900\" height=\"1200\" data-src=\"https:\/\/unsuisseamallorca.com\/wp-content\/uploads\/2023\/01\/19283477Master.jpg\" class=\"attachment-full size-full wp-image-22978 lazyload\" alt=\"\" data-srcset=\"https:\/\/unsuisseamallorca.com\/wp-content\/uploads\/2023\/01\/19283477Master.jpg 900w, https:\/\/unsuisseamallorca.com\/wp-content\/uploads\/2023\/01\/19283477Master-225x300.jpg 225w, https:\/\/unsuisseamallorca.com\/wp-content\/uploads\/2023\/01\/19283477Master-768x1024.jpg 768w\" data-sizes=\"(max-width: 900px) 100vw, 900px\" src=\"data:image\/svg+xml;base64,PHN2ZyB3aWR0aD0iMSIgaGVpZ2h0PSIxIiB4bWxucz0iaHR0cDovL3d3dy53My5vcmcvMjAwMC9zdmciPjwvc3ZnPg==\" style=\"--smush-placeholder-width: 900px; --smush-placeholder-aspect-ratio: 900\/1200;\" \/>\t\t\t\t\t\t\t\t\t\t\t\t\t\t\t<\/div>\n\t\t\t\t<\/div>\n\t\t\t\t\t<\/div>\n\t\t<\/div>\n\t\t\t\t\t<\/div>\n\t\t<\/section>\n\t\t\t\t<section class=\"elementor-section elementor-top-section elementor-element elementor-element-c463322 elementor-section-content-middle elementor-section-boxed elementor-section-height-default elementor-section-height-default\" data-id=\"c463322\" data-element_type=\"section\">\n\t\t\t\t\t\t<div class=\"elementor-container elementor-column-gap-default\">\n\t\t\t\t\t<div class=\"elementor-column elementor-col-50 elementor-top-column elementor-element elementor-element-5ca23bb\" data-id=\"5ca23bb\" data-element_type=\"column\">\n\t\t\t<div class=\"elementor-widget-wrap elementor-element-populated\">\n\t\t\t\t\t\t<div class=\"elementor-element elementor-element-7f62afc elementor-widget elementor-widget-image\" data-id=\"7f62afc\" data-element_type=\"widget\" data-widget_type=\"image.default\">\n\t\t\t\t<div class=\"elementor-widget-container\">\n\t\t\t\t\t\t\t\t\t\t\t\t\t\t\t<img decoding=\"async\" width=\"675\" height=\"1200\" data-src=\"https:\/\/unsuisseamallorca.com\/wp-content\/uploads\/2023\/01\/64773742Master-1.jpg\" class=\"attachment-full size-full wp-image-22668 lazyload\" alt=\"\" data-srcset=\"https:\/\/unsuisseamallorca.com\/wp-content\/uploads\/2023\/01\/64773742Master-1.jpg 675w, https:\/\/unsuisseamallorca.com\/wp-content\/uploads\/2023\/01\/64773742Master-1-169x300.jpg 169w, https:\/\/unsuisseamallorca.com\/wp-content\/uploads\/2023\/01\/64773742Master-1-576x1024.jpg 576w\" data-sizes=\"(max-width: 675px) 100vw, 675px\" src=\"data:image\/svg+xml;base64,PHN2ZyB3aWR0aD0iMSIgaGVpZ2h0PSIxIiB4bWxucz0iaHR0cDovL3d3dy53My5vcmcvMjAwMC9zdmciPjwvc3ZnPg==\" style=\"--smush-placeholder-width: 675px; --smush-placeholder-aspect-ratio: 675\/1200;\" \/>\t\t\t\t\t\t\t\t\t\t\t\t\t\t\t<\/div>\n\t\t\t\t<\/div>\n\t\t\t\t\t<\/div>\n\t\t<\/div>\n\t\t\t\t<div class=\"elementor-column elementor-col-50 elementor-top-column elementor-element elementor-element-5697a6e\" data-id=\"5697a6e\" data-element_type=\"column\">\n\t\t\t<div class=\"elementor-widget-wrap elementor-element-populated\">\n\t\t\t\t\t\t<div class=\"elementor-element elementor-element-5c64d2e elementor-widget elementor-widget-heading\" data-id=\"5c64d2e\" data-element_type=\"widget\" data-widget_type=\"heading.default\">\n\t\t\t\t<div class=\"elementor-widget-container\">\n\t\t\t\t\t<h3 class=\"elementor-heading-title elementor-size-default\">Etape 12: Punta d\u2019Artrutx - Cala en Turqueta<\/h3>\t\t\t\t<\/div>\n\t\t\t\t<\/div>\n\t\t\t\t<div class=\"elementor-element elementor-element-51a01cb elementor-widget elementor-widget-text-editor\" data-id=\"51a01cb\" data-element_type=\"widget\" data-widget_type=\"text-editor.default\">\n\t\t\t\t<div class=\"elementor-widget-container\">\n\t\t\t\t\t\t\t\t\t<p><span title=\"\">Dur\u00e9e: 3h, 13,5 Km<\/span><br \/><span title=\"\">D\u00e9nivel\u00e9: \u2191 29m, \u2193 21m<\/span><br \/><span title=\"\">Difficult\u00e9: facile<\/span><\/p><p>Le parcours de cette section du Cam\u00ed de Cavalls est plat et peu cahoteux, sans jamais atteindre trop haut. Le paysage dominant de cette \u00e9tape est constitu\u00e9 de vastes \u00e9tendues de c\u00f4tes rocheuses alternant avec de petites criques le long du parcours. Pendant la majeure partie du parcours, nous trouverons une v\u00e9g\u00e9tation domin\u00e9e par des broussailles avec des plantes telles que la bruy\u00e8re, le ciste et le romarin.<\/p>\t\t\t\t\t\t\t\t<\/div>\n\t\t\t\t<\/div>\n\t\t\t\t<div class=\"elementor-element elementor-element-9e7d032 elementor-align-left elementor-mobile-align-center elementor-widget elementor-widget-button\" data-id=\"9e7d032\" data-element_type=\"widget\" data-widget_type=\"button.default\">\n\t\t\t\t<div class=\"elementor-widget-container\">\n\t\t\t\t\t\t\t\t\t<div class=\"elementor-button-wrapper\">\n\t\t\t\t\t<a class=\"elementor-button elementor-button-link elementor-size-md\" href=\"https:\/\/unsuisseamallorca.com\/index.php\/punta-d-artrutx-a-cala-en-turqueta\/\" target=\"_blank\">\n\t\t\t\t\t\t<span class=\"elementor-button-content-wrapper\">\n\t\t\t\t\t\t<span class=\"elementor-button-icon\">\n\t\t\t\t<i aria-hidden=\"true\" class=\"fas fa-angle-double-right\"><\/i>\t\t\t<\/span>\n\t\t\t\t\t\t\t\t\t<span class=\"elementor-button-text\">En savoir plus<\/span>\n\t\t\t\t\t<\/span>\n\t\t\t\t\t<\/a>\n\t\t\t\t<\/div>\n\t\t\t\t\t\t\t\t<\/div>\n\t\t\t\t<\/div>\n\t\t\t\t\t<\/div>\n\t\t<\/div>\n\t\t\t\t\t<\/div>\n\t\t<\/section>\n\t\t\t\t<section class=\"elementor-section elementor-top-section elementor-element elementor-element-066568e elementor-section-content-middle elementor-reverse-mobile elementor-section-boxed elementor-section-height-default elementor-section-height-default\" data-id=\"066568e\" data-element_type=\"section\">\n\t\t\t\t\t\t<div class=\"elementor-container elementor-column-gap-default\">\n\t\t\t\t\t<div class=\"elementor-column elementor-col-50 elementor-top-column elementor-element elementor-element-69cf3d3\" data-id=\"69cf3d3\" data-element_type=\"column\">\n\t\t\t<div class=\"elementor-widget-wrap elementor-element-populated\">\n\t\t\t\t\t\t<div class=\"elementor-element elementor-element-dfba816 elementor-widget elementor-widget-heading\" data-id=\"dfba816\" data-element_type=\"widget\" data-widget_type=\"heading.default\">\n\t\t\t\t<div class=\"elementor-widget-container\">\n\t\t\t\t\t<h3 class=\"elementor-heading-title elementor-size-default\">Etape 13: Cala en Turqueta- Cala Galdana<\/h3>\t\t\t\t<\/div>\n\t\t\t\t<\/div>\n\t\t\t\t<div class=\"elementor-element elementor-element-bba9441 elementor-widget elementor-widget-text-editor\" data-id=\"bba9441\" data-element_type=\"widget\" data-widget_type=\"text-editor.default\">\n\t\t\t\t<div class=\"elementor-widget-container\">\n\t\t\t\t\t\t\t\t\t<p><span title=\"\">Dur\u00e9e: 2h 30min, 6,4Km<\/span><br \/><span title=\"\">D\u00e9nivel\u00e9: \u2191 137m, \u2193 100m<\/span><br \/><span title=\"\">Difficult\u00e9: facile<\/span><\/p><p>L&rsquo;une des grandes attractions de cette \u00e9tape du Cam\u00ed de Cavalls sont les plages vierges des criques de Turqueta, Macarella et Macarelleta, parmi les plages les plus embl\u00e9matiques et les plus fr\u00e9quent\u00e9es de la c\u00f4te sud de Minorque. Malgr\u00e9 tout, l&rsquo;essentiel du parcours se d\u00e9roule dans une zone bois\u00e9e plus ou moins dense. La for\u00eat est domin\u00e9e par les pins, les oliviers sauvages et les ch\u00eanes verts dans les zones les plus prot\u00e9g\u00e9es qui donnent acc\u00e8s aux plages. En revanche, dans la partie la plus haute, entre les ravins, la v\u00e9g\u00e9tation des milieux plus secs domine avec la pr\u00e9sence de romarin, de ciste et de bruy\u00e8re.<\/p>\t\t\t\t\t\t\t\t<\/div>\n\t\t\t\t<\/div>\n\t\t\t\t<div class=\"elementor-element elementor-element-06f308c elementor-align-left elementor-mobile-align-center elementor-widget elementor-widget-button\" data-id=\"06f308c\" data-element_type=\"widget\" data-widget_type=\"button.default\">\n\t\t\t\t<div class=\"elementor-widget-container\">\n\t\t\t\t\t\t\t\t\t<div class=\"elementor-button-wrapper\">\n\t\t\t\t\t<a class=\"elementor-button elementor-button-link elementor-size-md\" href=\"https:\/\/unsuisseamallorca.com\/?page_id=22624&#038;preview=true\" target=\"_blank\">\n\t\t\t\t\t\t<span class=\"elementor-button-content-wrapper\">\n\t\t\t\t\t\t<span class=\"elementor-button-icon\">\n\t\t\t\t<i aria-hidden=\"true\" class=\"fas fa-angle-double-right\"><\/i>\t\t\t<\/span>\n\t\t\t\t\t\t\t\t\t<span class=\"elementor-button-text\">En savoir Plus<\/span>\n\t\t\t\t\t<\/span>\n\t\t\t\t\t<\/a>\n\t\t\t\t<\/div>\n\t\t\t\t\t\t\t\t<\/div>\n\t\t\t\t<\/div>\n\t\t\t\t\t<\/div>\n\t\t<\/div>\n\t\t\t\t<div class=\"elementor-column elementor-col-50 elementor-top-column elementor-element elementor-element-3dab330\" data-id=\"3dab330\" data-element_type=\"column\">\n\t\t\t<div class=\"elementor-widget-wrap elementor-element-populated\">\n\t\t\t\t\t\t<div class=\"elementor-element elementor-element-a690873 elementor-widget elementor-widget-image\" data-id=\"a690873\" data-element_type=\"widget\" data-widget_type=\"image.default\">\n\t\t\t\t<div class=\"elementor-widget-container\">\n\t\t\t\t\t\t\t\t\t\t\t\t\t\t\t<img decoding=\"async\" width=\"1600\" height=\"721\" data-src=\"https:\/\/unsuisseamallorca.com\/wp-content\/uploads\/2023\/01\/65460168Master.jpg\" class=\"attachment-full size-full wp-image-22655 lazyload\" alt=\"\" data-srcset=\"https:\/\/unsuisseamallorca.com\/wp-content\/uploads\/2023\/01\/65460168Master.jpg 1600w, https:\/\/unsuisseamallorca.com\/wp-content\/uploads\/2023\/01\/65460168Master-300x135.jpg 300w, https:\/\/unsuisseamallorca.com\/wp-content\/uploads\/2023\/01\/65460168Master-1024x461.jpg 1024w, https:\/\/unsuisseamallorca.com\/wp-content\/uploads\/2023\/01\/65460168Master-768x346.jpg 768w, https:\/\/unsuisseamallorca.com\/wp-content\/uploads\/2023\/01\/65460168Master-1536x692.jpg 1536w\" data-sizes=\"(max-width: 1600px) 100vw, 1600px\" src=\"data:image\/svg+xml;base64,PHN2ZyB3aWR0aD0iMSIgaGVpZ2h0PSIxIiB4bWxucz0iaHR0cDovL3d3dy53My5vcmcvMjAwMC9zdmciPjwvc3ZnPg==\" style=\"--smush-placeholder-width: 1600px; --smush-placeholder-aspect-ratio: 1600\/721;\" \/>\t\t\t\t\t\t\t\t\t\t\t\t\t\t\t<\/div>\n\t\t\t\t<\/div>\n\t\t\t\t<div class=\"elementor-element elementor-element-65a53c7 elementor-widget elementor-widget-image\" data-id=\"65a53c7\" data-element_type=\"widget\" data-widget_type=\"image.default\">\n\t\t\t\t<div class=\"elementor-widget-container\">\n\t\t\t\t\t\t\t\t\t\t\t\t\t\t\t<img decoding=\"async\" width=\"2560\" height=\"1707\" data-src=\"https:\/\/unsuisseamallorca.com\/wp-content\/uploads\/2020\/05\/IMG_2856-scaled.jpg\" class=\"attachment-full size-full wp-image-3500 lazyload\" alt=\"\" data-srcset=\"https:\/\/unsuisseamallorca.com\/wp-content\/uploads\/2020\/05\/IMG_2856-scaled.jpg 2560w, https:\/\/unsuisseamallorca.com\/wp-content\/uploads\/2020\/05\/IMG_2856-300x200.jpg 300w, https:\/\/unsuisseamallorca.com\/wp-content\/uploads\/2020\/05\/IMG_2856-1024x683.jpg 1024w, https:\/\/unsuisseamallorca.com\/wp-content\/uploads\/2020\/05\/IMG_2856-768x512.jpg 768w, https:\/\/unsuisseamallorca.com\/wp-content\/uploads\/2020\/05\/IMG_2856-1536x1024.jpg 1536w, https:\/\/unsuisseamallorca.com\/wp-content\/uploads\/2020\/05\/IMG_2856-2048x1365.jpg 2048w\" data-sizes=\"(max-width: 2560px) 100vw, 2560px\" src=\"data:image\/svg+xml;base64,PHN2ZyB3aWR0aD0iMSIgaGVpZ2h0PSIxIiB4bWxucz0iaHR0cDovL3d3dy53My5vcmcvMjAwMC9zdmciPjwvc3ZnPg==\" style=\"--smush-placeholder-width: 2560px; --smush-placeholder-aspect-ratio: 2560\/1707;\" \/>\t\t\t\t\t\t\t\t\t\t\t\t\t\t\t<\/div>\n\t\t\t\t<\/div>\n\t\t\t\t\t<\/div>\n\t\t<\/div>\n\t\t\t\t\t<\/div>\n\t\t<\/section>\n\t\t\t\t<section class=\"elementor-section elementor-top-section elementor-element elementor-element-3a5ef5d elementor-section-content-middle elementor-section-boxed elementor-section-height-default elementor-section-height-default\" data-id=\"3a5ef5d\" data-element_type=\"section\">\n\t\t\t\t\t\t<div class=\"elementor-container elementor-column-gap-default\">\n\t\t\t\t\t<div class=\"elementor-column elementor-col-50 elementor-top-column elementor-element elementor-element-cb68238\" data-id=\"cb68238\" data-element_type=\"column\">\n\t\t\t<div class=\"elementor-widget-wrap elementor-element-populated\">\n\t\t\t\t\t\t<div class=\"elementor-element elementor-element-20f373a elementor-widget elementor-widget-image\" data-id=\"20f373a\" data-element_type=\"widget\" data-widget_type=\"image.default\">\n\t\t\t\t<div class=\"elementor-widget-container\">\n\t\t\t\t\t\t\t\t\t\t\t\t\t\t\t<img decoding=\"async\" width=\"900\" height=\"1200\" data-src=\"https:\/\/unsuisseamallorca.com\/wp-content\/uploads\/2023\/01\/55399050Master.jpg\" class=\"attachment-full size-full wp-image-22714 lazyload\" alt=\"\" data-srcset=\"https:\/\/unsuisseamallorca.com\/wp-content\/uploads\/2023\/01\/55399050Master.jpg 900w, https:\/\/unsuisseamallorca.com\/wp-content\/uploads\/2023\/01\/55399050Master-225x300.jpg 225w, https:\/\/unsuisseamallorca.com\/wp-content\/uploads\/2023\/01\/55399050Master-768x1024.jpg 768w\" data-sizes=\"(max-width: 900px) 100vw, 900px\" src=\"data:image\/svg+xml;base64,PHN2ZyB3aWR0aD0iMSIgaGVpZ2h0PSIxIiB4bWxucz0iaHR0cDovL3d3dy53My5vcmcvMjAwMC9zdmciPjwvc3ZnPg==\" style=\"--smush-placeholder-width: 900px; --smush-placeholder-aspect-ratio: 900\/1200;\" \/>\t\t\t\t\t\t\t\t\t\t\t\t\t\t\t<\/div>\n\t\t\t\t<\/div>\n\t\t\t\t\t<\/div>\n\t\t<\/div>\n\t\t\t\t<div class=\"elementor-column elementor-col-50 elementor-top-column elementor-element elementor-element-f4a5b43\" data-id=\"f4a5b43\" data-element_type=\"column\">\n\t\t\t<div class=\"elementor-widget-wrap elementor-element-populated\">\n\t\t\t\t\t\t<div class=\"elementor-element elementor-element-6079756 elementor-widget elementor-widget-heading\" data-id=\"6079756\" data-element_type=\"widget\" data-widget_type=\"heading.default\">\n\t\t\t\t<div class=\"elementor-widget-container\">\n\t\t\t\t\t<h3 class=\"elementor-heading-title elementor-size-default\">Etape 14: Cala Galdana- Sant Tom\u00e0s<\/h3>\t\t\t\t<\/div>\n\t\t\t\t<\/div>\n\t\t\t\t<div class=\"elementor-element elementor-element-c449a4a elementor-widget elementor-widget-text-editor\" data-id=\"c449a4a\" data-element_type=\"widget\" data-widget_type=\"text-editor.default\">\n\t\t\t\t<div class=\"elementor-widget-container\">\n\t\t\t\t\t\t\t\t\t<p><span title=\"\">Dur\u00e9e: 4h 30min, 10,3 Km<\/span><br \/><span title=\"\">D\u00e9nivel\u00e9: \u2191 494m, \u2193 452m<\/span><br \/><span title=\"\">Difficult\u00e9: mod\u00e9r\u00e9e<\/span><\/p><p>Belle route qui longe la c\u00f4te sud de Minorque de l&rsquo;urbanisation de Cala Galdana\u00a0 en direction de San Tomas en suivant le sentier c\u00f4tier.<br \/>\u00c0 un moment donn\u00e9, nous quittons le Cami de Cavals qui va \u00e0 l&rsquo;int\u00e9rieur des terres et nous continuons le long de la c\u00f4te. En passant par la plage de Cala Mitjana, Trebaluger, Cala Fustam, Cala Escorxada et Binigaus en fin d&rsquo;\u00e9tape.<br \/>L&rsquo;itin\u00e9raire n&rsquo;est pas particuli\u00e8rement difficile techniquement, bien qu&rsquo;il faille faire tr\u00e8s attention \u00e0 certains endroits. La route est tr\u00e8s caillouteuse, tenez-en compte et portez des chaussures appropri\u00e9es.<\/p>\t\t\t\t\t\t\t\t<\/div>\n\t\t\t\t<\/div>\n\t\t\t\t<div class=\"elementor-element elementor-element-abbd381 elementor-align-left elementor-mobile-align-center elementor-widget elementor-widget-button\" data-id=\"abbd381\" data-element_type=\"widget\" data-widget_type=\"button.default\">\n\t\t\t\t<div class=\"elementor-widget-container\">\n\t\t\t\t\t\t\t\t\t<div class=\"elementor-button-wrapper\">\n\t\t\t\t\t<a class=\"elementor-button elementor-button-link elementor-size-md\" href=\"https:\/\/unsuisseamallorca.com\/index.php\/cala-galdana-a-san-tomas\/\" target=\"_blank\">\n\t\t\t\t\t\t<span class=\"elementor-button-content-wrapper\">\n\t\t\t\t\t\t<span class=\"elementor-button-icon\">\n\t\t\t\t<i aria-hidden=\"true\" class=\"fas fa-angle-double-right\"><\/i>\t\t\t<\/span>\n\t\t\t\t\t\t\t\t\t<span class=\"elementor-button-text\">En savoir plus<\/span>\n\t\t\t\t\t<\/span>\n\t\t\t\t\t<\/a>\n\t\t\t\t<\/div>\n\t\t\t\t\t\t\t\t<\/div>\n\t\t\t\t<\/div>\n\t\t\t\t\t<\/div>\n\t\t<\/div>\n\t\t\t\t\t<\/div>\n\t\t<\/section>\n\t\t\t\t<section class=\"elementor-section elementor-top-section elementor-element elementor-element-8d6c28d elementor-section-content-middle elementor-reverse-mobile elementor-section-boxed elementor-section-height-default elementor-section-height-default\" data-id=\"8d6c28d\" data-element_type=\"section\">\n\t\t\t\t\t\t<div class=\"elementor-container elementor-column-gap-default\">\n\t\t\t\t\t<div class=\"elementor-column elementor-col-50 elementor-top-column elementor-element elementor-element-dba3af0\" data-id=\"dba3af0\" data-element_type=\"column\">\n\t\t\t<div class=\"elementor-widget-wrap elementor-element-populated\">\n\t\t\t\t\t\t<div class=\"elementor-element elementor-element-dc8acb1 elementor-widget elementor-widget-heading\" data-id=\"dc8acb1\" data-element_type=\"widget\" data-widget_type=\"heading.default\">\n\t\t\t\t<div class=\"elementor-widget-container\">\n\t\t\t\t\t<h3 class=\"elementor-heading-title elementor-size-default\">Etape 15: Sant Tom\u00e0s- Son Bou<\/h3>\t\t\t\t<\/div>\n\t\t\t\t<\/div>\n\t\t\t\t<div class=\"elementor-element elementor-element-06033a0 elementor-widget elementor-widget-text-editor\" data-id=\"06033a0\" data-element_type=\"widget\" data-widget_type=\"text-editor.default\">\n\t\t\t\t<div class=\"elementor-widget-container\">\n\t\t\t\t\t\t\t\t\t<p><span title=\"\">Dur\u00e9e: 1h 30min, 6,4 Km<\/span><br \/><span title=\"\">D\u00e9nivel\u00e9: \u2191 0m, \u2193 7m<\/span><br \/><span title=\"\">Difficult\u00e9: facile<\/span><\/p><p>Route qui nous emm\u00e8ne de la ville de Santo Tom\u00e1s \u00e0 San Bou le long de la c\u00f4te, en bordure de mer, une route tranquille sans rien de sp\u00e9cial, \u00e0 part le magnifique spectacle de la mer, et nous on aime.<\/p>\t\t\t\t\t\t\t\t<\/div>\n\t\t\t\t<\/div>\n\t\t\t\t<div class=\"elementor-element elementor-element-32c815d elementor-align-left elementor-mobile-align-center elementor-widget elementor-widget-button\" data-id=\"32c815d\" data-element_type=\"widget\" data-widget_type=\"button.default\">\n\t\t\t\t<div class=\"elementor-widget-container\">\n\t\t\t\t\t\t\t\t\t<div class=\"elementor-button-wrapper\">\n\t\t\t\t\t<a class=\"elementor-button elementor-button-link elementor-size-md\" href=\"https:\/\/unsuisseamallorca.com\/?page_id=22727&#038;preview=true\" target=\"_blank\">\n\t\t\t\t\t\t<span class=\"elementor-button-content-wrapper\">\n\t\t\t\t\t\t<span class=\"elementor-button-icon\">\n\t\t\t\t<i aria-hidden=\"true\" class=\"fas fa-angle-double-right\"><\/i>\t\t\t<\/span>\n\t\t\t\t\t\t\t\t\t<span class=\"elementor-button-text\">En savoir Plus<\/span>\n\t\t\t\t\t<\/span>\n\t\t\t\t\t<\/a>\n\t\t\t\t<\/div>\n\t\t\t\t\t\t\t\t<\/div>\n\t\t\t\t<\/div>\n\t\t\t\t\t<\/div>\n\t\t<\/div>\n\t\t\t\t<div class=\"elementor-column elementor-col-50 elementor-top-column elementor-element elementor-element-1a96758\" data-id=\"1a96758\" data-element_type=\"column\">\n\t\t\t<div class=\"elementor-widget-wrap elementor-element-populated\">\n\t\t\t\t\t\t<div class=\"elementor-element elementor-element-2f91f51 elementor-widget elementor-widget-image\" data-id=\"2f91f51\" data-element_type=\"widget\" data-widget_type=\"image.default\">\n\t\t\t\t<div class=\"elementor-widget-container\">\n\t\t\t\t\t\t\t\t\t\t\t\t\t\t\t<img decoding=\"async\" width=\"550\" height=\"412\" data-src=\"https:\/\/unsuisseamallorca.com\/wp-content\/uploads\/2023\/01\/15754741Master-1.jpg\" class=\"attachment-full size-full wp-image-22736 lazyload\" alt=\"\" data-srcset=\"https:\/\/unsuisseamallorca.com\/wp-content\/uploads\/2023\/01\/15754741Master-1.jpg 550w, https:\/\/unsuisseamallorca.com\/wp-content\/uploads\/2023\/01\/15754741Master-1-300x225.jpg 300w\" data-sizes=\"(max-width: 550px) 100vw, 550px\" src=\"data:image\/svg+xml;base64,PHN2ZyB3aWR0aD0iMSIgaGVpZ2h0PSIxIiB4bWxucz0iaHR0cDovL3d3dy53My5vcmcvMjAwMC9zdmciPjwvc3ZnPg==\" style=\"--smush-placeholder-width: 550px; --smush-placeholder-aspect-ratio: 550\/412;\" \/>\t\t\t\t\t\t\t\t\t\t\t\t\t\t\t<\/div>\n\t\t\t\t<\/div>\n\t\t\t\t\t<\/div>\n\t\t<\/div>\n\t\t\t\t\t<\/div>\n\t\t<\/section>\n\t\t\t\t<section class=\"elementor-section elementor-top-section elementor-element elementor-element-fcc1d4f elementor-section-content-middle elementor-section-boxed elementor-section-height-default elementor-section-height-default\" data-id=\"fcc1d4f\" data-element_type=\"section\">\n\t\t\t\t\t\t<div class=\"elementor-container elementor-column-gap-default\">\n\t\t\t\t\t<div class=\"elementor-column elementor-col-50 elementor-top-column elementor-element elementor-element-7845f96\" data-id=\"7845f96\" data-element_type=\"column\">\n\t\t\t<div class=\"elementor-widget-wrap elementor-element-populated\">\n\t\t\t\t\t\t<div class=\"elementor-element elementor-element-2350bf4 elementor-widget elementor-widget-image\" data-id=\"2350bf4\" data-element_type=\"widget\" data-widget_type=\"image.default\">\n\t\t\t\t<div class=\"elementor-widget-container\">\n\t\t\t\t\t\t\t\t\t\t\t\t\t\t\t<img decoding=\"async\" width=\"1600\" height=\"1067\" data-src=\"https:\/\/unsuisseamallorca.com\/wp-content\/uploads\/2023\/01\/45505073Master.jpg\" class=\"attachment-full size-full wp-image-22769 lazyload\" alt=\"\" data-srcset=\"https:\/\/unsuisseamallorca.com\/wp-content\/uploads\/2023\/01\/45505073Master.jpg 1600w, https:\/\/unsuisseamallorca.com\/wp-content\/uploads\/2023\/01\/45505073Master-300x200.jpg 300w, https:\/\/unsuisseamallorca.com\/wp-content\/uploads\/2023\/01\/45505073Master-1024x683.jpg 1024w, https:\/\/unsuisseamallorca.com\/wp-content\/uploads\/2023\/01\/45505073Master-768x512.jpg 768w, https:\/\/unsuisseamallorca.com\/wp-content\/uploads\/2023\/01\/45505073Master-1536x1024.jpg 1536w\" data-sizes=\"(max-width: 1600px) 100vw, 1600px\" src=\"data:image\/svg+xml;base64,PHN2ZyB3aWR0aD0iMSIgaGVpZ2h0PSIxIiB4bWxucz0iaHR0cDovL3d3dy53My5vcmcvMjAwMC9zdmciPjwvc3ZnPg==\" style=\"--smush-placeholder-width: 1600px; --smush-placeholder-aspect-ratio: 1600\/1067;\" \/>\t\t\t\t\t\t\t\t\t\t\t\t\t\t\t<\/div>\n\t\t\t\t<\/div>\n\t\t\t\t\t<\/div>\n\t\t<\/div>\n\t\t\t\t<div class=\"elementor-column elementor-col-50 elementor-top-column elementor-element elementor-element-6f15266\" data-id=\"6f15266\" data-element_type=\"column\">\n\t\t\t<div class=\"elementor-widget-wrap elementor-element-populated\">\n\t\t\t\t\t\t<div class=\"elementor-element elementor-element-d32ec13 elementor-widget elementor-widget-heading\" data-id=\"d32ec13\" data-element_type=\"widget\" data-widget_type=\"heading.default\">\n\t\t\t\t<div class=\"elementor-widget-container\">\n\t\t\t\t\t<h3 class=\"elementor-heading-title elementor-size-default\">Etape 16: Son Bou- Cala en Porter<\/h3>\t\t\t\t<\/div>\n\t\t\t\t<\/div>\n\t\t\t\t<div class=\"elementor-element elementor-element-1e6b4d4 elementor-widget elementor-widget-text-editor\" data-id=\"1e6b4d4\" data-element_type=\"widget\" data-widget_type=\"text-editor.default\">\n\t\t\t\t<div class=\"elementor-widget-container\">\n\t\t\t\t\t\t\t\t\t<p><span title=\"\">Dur\u00e9e: 3h 30min, 8 Km<\/span><br \/><span title=\"\">D\u00e9nivel\u00e9: \u2191 127m, \u2193 132m<\/span><br \/><span title=\"\">Difficult\u00e9: moyenne<\/span><\/p><p>Le parcours de cette section du Cam\u00ed de Cavalls relie deux importants ravins de la c\u00f4te sud de Minorque : le ravin de Llucalari \u00e0 l&rsquo;ouest et le ravin de Cala En Porter \u00e0 l&rsquo;est. Entre les deux ravins, le paysage agricole typique de Minorque pr\u00e9domine, o\u00f9 les terres agricoles et les p\u00e2turages alternent avec de vastes \u00e9tendues d&rsquo;oliviers sauvages.<\/p>\t\t\t\t\t\t\t\t<\/div>\n\t\t\t\t<\/div>\n\t\t\t\t<div class=\"elementor-element elementor-element-98147ea elementor-align-left elementor-mobile-align-center elementor-widget elementor-widget-button\" data-id=\"98147ea\" data-element_type=\"widget\" data-widget_type=\"button.default\">\n\t\t\t\t<div class=\"elementor-widget-container\">\n\t\t\t\t\t\t\t\t\t<div class=\"elementor-button-wrapper\">\n\t\t\t\t\t<a class=\"elementor-button elementor-button-link elementor-size-md\" href=\"https:\/\/unsuisseamallorca.com\/?page_id=22755&#038;preview=true\" target=\"_blank\">\n\t\t\t\t\t\t<span class=\"elementor-button-content-wrapper\">\n\t\t\t\t\t\t<span class=\"elementor-button-icon\">\n\t\t\t\t<i aria-hidden=\"true\" class=\"fas fa-angle-double-right\"><\/i>\t\t\t<\/span>\n\t\t\t\t\t\t\t\t\t<span class=\"elementor-button-text\">En savoir plus<\/span>\n\t\t\t\t\t<\/span>\n\t\t\t\t\t<\/a>\n\t\t\t\t<\/div>\n\t\t\t\t\t\t\t\t<\/div>\n\t\t\t\t<\/div>\n\t\t\t\t\t<\/div>\n\t\t<\/div>\n\t\t\t\t\t<\/div>\n\t\t<\/section>\n\t\t\t\t<section class=\"elementor-section elementor-top-section elementor-element elementor-element-bf27559 elementor-section-content-middle elementor-reverse-mobile elementor-section-boxed elementor-section-height-default elementor-section-height-default\" data-id=\"bf27559\" data-element_type=\"section\">\n\t\t\t\t\t\t<div class=\"elementor-container elementor-column-gap-default\">\n\t\t\t\t\t<div class=\"elementor-column elementor-col-50 elementor-top-column elementor-element elementor-element-891ca31\" data-id=\"891ca31\" data-element_type=\"column\">\n\t\t\t<div class=\"elementor-widget-wrap elementor-element-populated\">\n\t\t\t\t\t\t<div class=\"elementor-element elementor-element-69ab68b elementor-widget elementor-widget-heading\" data-id=\"69ab68b\" data-element_type=\"widget\" data-widget_type=\"heading.default\">\n\t\t\t\t<div class=\"elementor-widget-container\">\n\t\t\t\t\t<h3 class=\"elementor-heading-title elementor-size-default\">Etape 17: Cala en Porter- Binisaf\u00faller<\/h3>\t\t\t\t<\/div>\n\t\t\t\t<\/div>\n\t\t\t\t<div class=\"elementor-element elementor-element-2088118 elementor-widget elementor-widget-text-editor\" data-id=\"2088118\" data-element_type=\"widget\" data-widget_type=\"text-editor.default\">\n\t\t\t\t<div class=\"elementor-widget-container\">\n\t\t\t\t\t\t\t\t\t<p><span title=\"\">Dur\u00e9e: 2h 30min, 11Km<\/span><br \/><span title=\"\">D\u00e9nivel\u00e9: \u2191 163m, \u2193 191m<\/span><br \/><span title=\"\">Difficult\u00e9: facile<\/span><\/p><p>Bien que nous suivions la c\u00f4te, nous ne verrons pratiquement pas la mer, sauf \u00e0 Es Canutells et Calescoves (si nous nous rapprochons). Dans cette \u00e9tape, nous traverserons les derniers ravins de la c\u00f4te sud pour nous rendre sur le terrain plus plat de la c\u00f4te est.<\/p>\t\t\t\t\t\t\t\t<\/div>\n\t\t\t\t<\/div>\n\t\t\t\t<div class=\"elementor-element elementor-element-e8c6194 elementor-align-left elementor-mobile-align-center elementor-widget elementor-widget-button\" data-id=\"e8c6194\" data-element_type=\"widget\" data-widget_type=\"button.default\">\n\t\t\t\t<div class=\"elementor-widget-container\">\n\t\t\t\t\t\t\t\t\t<div class=\"elementor-button-wrapper\">\n\t\t\t\t\t<a class=\"elementor-button elementor-button-link elementor-size-md\" href=\"https:\/\/unsuisseamallorca.com\/?page_id=22789&#038;preview=true\" target=\"_blank\">\n\t\t\t\t\t\t<span class=\"elementor-button-content-wrapper\">\n\t\t\t\t\t\t<span class=\"elementor-button-icon\">\n\t\t\t\t<i aria-hidden=\"true\" class=\"fas fa-angle-double-right\"><\/i>\t\t\t<\/span>\n\t\t\t\t\t\t\t\t\t<span class=\"elementor-button-text\">En savoir Plus<\/span>\n\t\t\t\t\t<\/span>\n\t\t\t\t\t<\/a>\n\t\t\t\t<\/div>\n\t\t\t\t\t\t\t\t<\/div>\n\t\t\t\t<\/div>\n\t\t\t\t\t<\/div>\n\t\t<\/div>\n\t\t\t\t<div class=\"elementor-column elementor-col-50 elementor-top-column elementor-element elementor-element-a391b6d\" data-id=\"a391b6d\" data-element_type=\"column\">\n\t\t\t<div class=\"elementor-widget-wrap elementor-element-populated\">\n\t\t\t\t\t\t<div class=\"elementor-element elementor-element-b107e7f elementor-widget elementor-widget-image\" data-id=\"b107e7f\" data-element_type=\"widget\" data-widget_type=\"image.default\">\n\t\t\t\t<div class=\"elementor-widget-container\">\n\t\t\t\t\t\t\t\t\t\t\t\t\t\t\t<img decoding=\"async\" width=\"1600\" height=\"1200\" data-src=\"https:\/\/unsuisseamallorca.com\/wp-content\/uploads\/2023\/01\/16278380Master.jpg\" class=\"attachment-full size-full wp-image-22799 lazyload\" alt=\"\" data-srcset=\"https:\/\/unsuisseamallorca.com\/wp-content\/uploads\/2023\/01\/16278380Master.jpg 1600w, https:\/\/unsuisseamallorca.com\/wp-content\/uploads\/2023\/01\/16278380Master-300x225.jpg 300w, https:\/\/unsuisseamallorca.com\/wp-content\/uploads\/2023\/01\/16278380Master-1024x768.jpg 1024w, https:\/\/unsuisseamallorca.com\/wp-content\/uploads\/2023\/01\/16278380Master-768x576.jpg 768w, https:\/\/unsuisseamallorca.com\/wp-content\/uploads\/2023\/01\/16278380Master-1536x1152.jpg 1536w\" data-sizes=\"(max-width: 1600px) 100vw, 1600px\" src=\"data:image\/svg+xml;base64,PHN2ZyB3aWR0aD0iMSIgaGVpZ2h0PSIxIiB4bWxucz0iaHR0cDovL3d3dy53My5vcmcvMjAwMC9zdmciPjwvc3ZnPg==\" style=\"--smush-placeholder-width: 1600px; --smush-placeholder-aspect-ratio: 1600\/1200;\" \/>\t\t\t\t\t\t\t\t\t\t\t\t\t\t\t<\/div>\n\t\t\t\t<\/div>\n\t\t\t\t\t<\/div>\n\t\t<\/div>\n\t\t\t\t\t<\/div>\n\t\t<\/section>\n\t\t\t\t<section class=\"elementor-section elementor-top-section elementor-element elementor-element-5e5e9ed elementor-section-content-middle elementor-section-boxed elementor-section-height-default elementor-section-height-default\" data-id=\"5e5e9ed\" data-element_type=\"section\">\n\t\t\t\t\t\t<div class=\"elementor-container elementor-column-gap-default\">\n\t\t\t\t\t<div class=\"elementor-column elementor-col-50 elementor-top-column elementor-element elementor-element-cdb296c\" data-id=\"cdb296c\" data-element_type=\"column\">\n\t\t\t<div class=\"elementor-widget-wrap elementor-element-populated\">\n\t\t\t\t\t\t<div class=\"elementor-element elementor-element-74401fc elementor-widget elementor-widget-image\" data-id=\"74401fc\" data-element_type=\"widget\" data-widget_type=\"image.default\">\n\t\t\t\t<div class=\"elementor-widget-container\">\n\t\t\t\t\t\t\t\t\t\t\t\t\t\t\t<img decoding=\"async\" width=\"1600\" height=\"1200\" data-src=\"https:\/\/unsuisseamallorca.com\/wp-content\/uploads\/2023\/01\/60545462Master.jpg\" class=\"attachment-full size-full wp-image-22848 lazyload\" alt=\"\" data-srcset=\"https:\/\/unsuisseamallorca.com\/wp-content\/uploads\/2023\/01\/60545462Master.jpg 1600w, https:\/\/unsuisseamallorca.com\/wp-content\/uploads\/2023\/01\/60545462Master-300x225.jpg 300w, https:\/\/unsuisseamallorca.com\/wp-content\/uploads\/2023\/01\/60545462Master-1024x768.jpg 1024w, https:\/\/unsuisseamallorca.com\/wp-content\/uploads\/2023\/01\/60545462Master-768x576.jpg 768w, https:\/\/unsuisseamallorca.com\/wp-content\/uploads\/2023\/01\/60545462Master-1536x1152.jpg 1536w\" data-sizes=\"(max-width: 1600px) 100vw, 1600px\" src=\"data:image\/svg+xml;base64,PHN2ZyB3aWR0aD0iMSIgaGVpZ2h0PSIxIiB4bWxucz0iaHR0cDovL3d3dy53My5vcmcvMjAwMC9zdmciPjwvc3ZnPg==\" style=\"--smush-placeholder-width: 1600px; --smush-placeholder-aspect-ratio: 1600\/1200;\" \/>\t\t\t\t\t\t\t\t\t\t\t\t\t\t\t<\/div>\n\t\t\t\t<\/div>\n\t\t\t\t\t<\/div>\n\t\t<\/div>\n\t\t\t\t<div class=\"elementor-column elementor-col-50 elementor-top-column elementor-element elementor-element-1ad09b4\" data-id=\"1ad09b4\" data-element_type=\"column\">\n\t\t\t<div class=\"elementor-widget-wrap elementor-element-populated\">\n\t\t\t\t\t\t<div class=\"elementor-element elementor-element-9b52c1e elementor-widget elementor-widget-heading\" data-id=\"9b52c1e\" data-element_type=\"widget\" data-widget_type=\"heading.default\">\n\t\t\t\t<div class=\"elementor-widget-container\">\n\t\t\t\t\t<h3 class=\"elementor-heading-title elementor-size-default\">Etape 18: Binisaf\u00faller- Punta Prima<\/h3>\t\t\t\t<\/div>\n\t\t\t\t<\/div>\n\t\t\t\t<div class=\"elementor-element elementor-element-bc78ec7 elementor-widget elementor-widget-text-editor\" data-id=\"bc78ec7\" data-element_type=\"widget\" data-widget_type=\"text-editor.default\">\n\t\t\t\t<div class=\"elementor-widget-container\">\n\t\t\t\t\t\t\t\t\t<p><span title=\"\">Dur\u00e9e: 3h 30min, 8,1 Km<\/span><br \/><span title=\"\">D\u00e9nivel\u00e9: \u2191 23m, \u2193 30m<\/span><br \/><span title=\"\">Difficult\u00e9: facile<\/span><\/p><p>Cette section du Cam\u00ed de Cavalls traverse une zone plate et rocheuse de la c\u00f4te sud de Minorque, actuellement urbanis\u00e9e. Les \u00eelots c\u00f4tiers de Binissaf\u00faller et la pr\u00e9sence de l&rsquo;Isla del Aire et de son phare se distinguent, qui nous accompagneront pendant une bonne partie du parcours. Cette \u00e9tape traverse pratiquement les rues pav\u00e9es et les routes de nombreuses urbanisations, \u00e0 l&rsquo;exception de deux petites sections r\u00e9siduelles du chemin au d\u00e9but et \u00e0 la fin du parcours.<\/p>\t\t\t\t\t\t\t\t<\/div>\n\t\t\t\t<\/div>\n\t\t\t\t<div class=\"elementor-element elementor-element-b5652d2 elementor-align-left elementor-mobile-align-center elementor-widget elementor-widget-button\" data-id=\"b5652d2\" data-element_type=\"widget\" data-widget_type=\"button.default\">\n\t\t\t\t<div class=\"elementor-widget-container\">\n\t\t\t\t\t\t\t\t\t<div class=\"elementor-button-wrapper\">\n\t\t\t\t\t<a class=\"elementor-button elementor-button-link elementor-size-md\" href=\"https:\/\/unsuisseamallorca.com\/index.php\/binisafuller-a-punta-prima\/\" target=\"_blank\">\n\t\t\t\t\t\t<span class=\"elementor-button-content-wrapper\">\n\t\t\t\t\t\t<span class=\"elementor-button-icon\">\n\t\t\t\t<i aria-hidden=\"true\" class=\"fas fa-angle-double-right\"><\/i>\t\t\t<\/span>\n\t\t\t\t\t\t\t\t\t<span class=\"elementor-button-text\">En savoir plus<\/span>\n\t\t\t\t\t<\/span>\n\t\t\t\t\t<\/a>\n\t\t\t\t<\/div>\n\t\t\t\t\t\t\t\t<\/div>\n\t\t\t\t<\/div>\n\t\t\t\t\t<\/div>\n\t\t<\/div>\n\t\t\t\t\t<\/div>\n\t\t<\/section>\n\t\t\t\t<section class=\"elementor-section elementor-top-section elementor-element elementor-element-a810350 elementor-section-content-middle elementor-reverse-mobile elementor-section-boxed elementor-section-height-default elementor-section-height-default\" data-id=\"a810350\" data-element_type=\"section\">\n\t\t\t\t\t\t<div class=\"elementor-container elementor-column-gap-default\">\n\t\t\t\t\t<div class=\"elementor-column elementor-col-50 elementor-top-column elementor-element elementor-element-f7a0439\" data-id=\"f7a0439\" data-element_type=\"column\">\n\t\t\t<div class=\"elementor-widget-wrap elementor-element-populated\">\n\t\t\t\t\t\t<div class=\"elementor-element elementor-element-fb0b934 elementor-widget elementor-widget-heading\" data-id=\"fb0b934\" data-element_type=\"widget\" data-widget_type=\"heading.default\">\n\t\t\t\t<div class=\"elementor-widget-container\">\n\t\t\t\t\t<h3 class=\"elementor-heading-title elementor-size-default\">Etape 19: Punta Prima-Cala de Sant Esteve<\/h3>\t\t\t\t<\/div>\n\t\t\t\t<\/div>\n\t\t\t\t<div class=\"elementor-element elementor-element-5a0260a elementor-widget elementor-widget-text-editor\" data-id=\"5a0260a\" data-element_type=\"widget\" data-widget_type=\"text-editor.default\">\n\t\t\t\t<div class=\"elementor-widget-container\">\n\t\t\t\t\t\t\t\t\t<p><span title=\"\">Dur\u00e9e: 2h min, 8 Km<\/span><br \/><span title=\"\">D\u00e9nivel\u00e9: \u2191 44m, \u2193 39m<\/span><br \/><span title=\"\">Difficult\u00e9: facile<\/span><\/p><p>Cette section du Cam\u00ed de Cavalls longe d&rsquo;abord une section plate suivant la m\u00eame ligne de c\u00f4te. Vous traversez une zone rocheuse basse marine, domin\u00e9e par des lentisques et des gen\u00e9vriers, jusqu&rsquo;\u00e0 la tour de d\u00e9fense d&rsquo;Alcalfar, situ\u00e9e sur une falaise avec une belle vue sur la r\u00e9gion.<\/p>\t\t\t\t\t\t\t\t<\/div>\n\t\t\t\t<\/div>\n\t\t\t\t<div class=\"elementor-element elementor-element-c9f80ed elementor-align-left elementor-mobile-align-center elementor-widget elementor-widget-button\" data-id=\"c9f80ed\" data-element_type=\"widget\" data-widget_type=\"button.default\">\n\t\t\t\t<div class=\"elementor-widget-container\">\n\t\t\t\t\t\t\t\t\t<div class=\"elementor-button-wrapper\">\n\t\t\t\t\t<a class=\"elementor-button elementor-button-link elementor-size-md\" href=\"https:\/\/unsuisseamallorca.com\/index.php\/punta-prima-a-cala-sant-esteve\/\" target=\"_blank\">\n\t\t\t\t\t\t<span class=\"elementor-button-content-wrapper\">\n\t\t\t\t\t\t<span class=\"elementor-button-icon\">\n\t\t\t\t<i aria-hidden=\"true\" class=\"fas fa-angle-double-right\"><\/i>\t\t\t<\/span>\n\t\t\t\t\t\t\t\t\t<span class=\"elementor-button-text\">En savoir Plus<\/span>\n\t\t\t\t\t<\/span>\n\t\t\t\t\t<\/a>\n\t\t\t\t<\/div>\n\t\t\t\t\t\t\t\t<\/div>\n\t\t\t\t<\/div>\n\t\t\t\t\t<\/div>\n\t\t<\/div>\n\t\t\t\t<div class=\"elementor-column elementor-col-50 elementor-top-column elementor-element elementor-element-06b3d12\" data-id=\"06b3d12\" data-element_type=\"column\">\n\t\t\t<div class=\"elementor-widget-wrap elementor-element-populated\">\n\t\t\t\t\t\t<div class=\"elementor-element elementor-element-8d034e8 elementor-widget elementor-widget-image\" data-id=\"8d034e8\" data-element_type=\"widget\" data-widget_type=\"image.default\">\n\t\t\t\t<div class=\"elementor-widget-container\">\n\t\t\t\t\t\t\t\t\t\t\t\t\t\t\t<img decoding=\"async\" width=\"1600\" height=\"1200\" data-src=\"https:\/\/unsuisseamallorca.com\/wp-content\/uploads\/2023\/01\/60619019Master.jpg\" class=\"attachment-full size-full wp-image-22890 lazyload\" alt=\"\" data-srcset=\"https:\/\/unsuisseamallorca.com\/wp-content\/uploads\/2023\/01\/60619019Master.jpg 1600w, https:\/\/unsuisseamallorca.com\/wp-content\/uploads\/2023\/01\/60619019Master-300x225.jpg 300w, https:\/\/unsuisseamallorca.com\/wp-content\/uploads\/2023\/01\/60619019Master-1024x768.jpg 1024w, https:\/\/unsuisseamallorca.com\/wp-content\/uploads\/2023\/01\/60619019Master-768x576.jpg 768w, https:\/\/unsuisseamallorca.com\/wp-content\/uploads\/2023\/01\/60619019Master-1536x1152.jpg 1536w\" data-sizes=\"(max-width: 1600px) 100vw, 1600px\" src=\"data:image\/svg+xml;base64,PHN2ZyB3aWR0aD0iMSIgaGVpZ2h0PSIxIiB4bWxucz0iaHR0cDovL3d3dy53My5vcmcvMjAwMC9zdmciPjwvc3ZnPg==\" style=\"--smush-placeholder-width: 1600px; --smush-placeholder-aspect-ratio: 1600\/1200;\" \/>\t\t\t\t\t\t\t\t\t\t\t\t\t\t\t<\/div>\n\t\t\t\t<\/div>\n\t\t\t\t\t<\/div>\n\t\t<\/div>\n\t\t\t\t\t<\/div>\n\t\t<\/section>\n\t\t\t\t<section class=\"elementor-section elementor-top-section elementor-element elementor-element-aa2bb6d elementor-section-content-middle elementor-section-boxed elementor-section-height-default elementor-section-height-default\" data-id=\"aa2bb6d\" data-element_type=\"section\">\n\t\t\t\t\t\t<div class=\"elementor-container elementor-column-gap-default\">\n\t\t\t\t\t<div class=\"elementor-column elementor-col-50 elementor-top-column elementor-element elementor-element-c22342b\" data-id=\"c22342b\" data-element_type=\"column\">\n\t\t\t<div class=\"elementor-widget-wrap elementor-element-populated\">\n\t\t\t\t\t\t<div class=\"elementor-element elementor-element-89a534e elementor-widget elementor-widget-image\" data-id=\"89a534e\" data-element_type=\"widget\" data-widget_type=\"image.default\">\n\t\t\t\t<div class=\"elementor-widget-container\">\n\t\t\t\t\t\t\t\t\t\t\t\t\t\t\t<img decoding=\"async\" width=\"1600\" height=\"1200\" data-src=\"https:\/\/unsuisseamallorca.com\/wp-content\/uploads\/2023\/01\/25432613Master.jpg\" class=\"attachment-full size-full wp-image-22935 lazyload\" alt=\"\" data-srcset=\"https:\/\/unsuisseamallorca.com\/wp-content\/uploads\/2023\/01\/25432613Master.jpg 1600w, https:\/\/unsuisseamallorca.com\/wp-content\/uploads\/2023\/01\/25432613Master-300x225.jpg 300w, https:\/\/unsuisseamallorca.com\/wp-content\/uploads\/2023\/01\/25432613Master-1024x768.jpg 1024w, https:\/\/unsuisseamallorca.com\/wp-content\/uploads\/2023\/01\/25432613Master-768x576.jpg 768w, https:\/\/unsuisseamallorca.com\/wp-content\/uploads\/2023\/01\/25432613Master-1536x1152.jpg 1536w\" data-sizes=\"(max-width: 1600px) 100vw, 1600px\" src=\"data:image\/svg+xml;base64,PHN2ZyB3aWR0aD0iMSIgaGVpZ2h0PSIxIiB4bWxucz0iaHR0cDovL3d3dy53My5vcmcvMjAwMC9zdmciPjwvc3ZnPg==\" style=\"--smush-placeholder-width: 1600px; --smush-placeholder-aspect-ratio: 1600\/1200;\" \/>\t\t\t\t\t\t\t\t\t\t\t\t\t\t\t<\/div>\n\t\t\t\t<\/div>\n\t\t\t\t\t<\/div>\n\t\t<\/div>\n\t\t\t\t<div class=\"elementor-column elementor-col-50 elementor-top-column elementor-element elementor-element-a6570c9\" data-id=\"a6570c9\" data-element_type=\"column\">\n\t\t\t<div class=\"elementor-widget-wrap elementor-element-populated\">\n\t\t\t\t\t\t<div class=\"elementor-element elementor-element-e3fc1c4 elementor-widget elementor-widget-heading\" data-id=\"e3fc1c4\" data-element_type=\"widget\" data-widget_type=\"heading.default\">\n\t\t\t\t<div class=\"elementor-widget-container\">\n\t\t\t\t\t<h3 class=\"elementor-heading-title elementor-size-default\">Etape 20: Cala de Sant Esteve - Ma\u00f3<\/h3>\t\t\t\t<\/div>\n\t\t\t\t<\/div>\n\t\t\t\t<div class=\"elementor-element elementor-element-714783e elementor-widget elementor-widget-text-editor\" data-id=\"714783e\" data-element_type=\"widget\" data-widget_type=\"text-editor.default\">\n\t\t\t\t<div class=\"elementor-widget-container\">\n\t\t\t\t\t\t\t\t\t<p><span title=\"\">Dur\u00e9e : 2h, 7,5 Km<\/span><br \/><span title=\"\">D\u00e9nivel\u00e9: \u2191 59m, \u2193 61m<\/span><br \/><span title=\"\">Difficult\u00e9: facile<\/span><\/p><p>Malheureusement pass\u00e9 la Cala Saint Esteve on marche beaucoup sur l&rsquo;asphalte jusqu\u2019\u00e0 Mah\u00f3n. Si vous vous demandez quelle \u00e9tape ne pas faire celle-ci doit en faire partie. Ce qui n&#8217;emp\u00eache pas de visiter Mahon.<\/p>\t\t\t\t\t\t\t\t<\/div>\n\t\t\t\t<\/div>\n\t\t\t\t<div class=\"elementor-element elementor-element-8448321 elementor-align-left elementor-mobile-align-center elementor-widget elementor-widget-button\" data-id=\"8448321\" data-element_type=\"widget\" data-widget_type=\"button.default\">\n\t\t\t\t<div class=\"elementor-widget-container\">\n\t\t\t\t\t\t\t\t\t<div class=\"elementor-button-wrapper\">\n\t\t\t\t\t<a class=\"elementor-button elementor-button-link elementor-size-md\" href=\"https:\/\/unsuisseamallorca.com\/index.php\/cala-sant-esteve-a-mahon\/\" target=\"_blank\">\n\t\t\t\t\t\t<span class=\"elementor-button-content-wrapper\">\n\t\t\t\t\t\t<span class=\"elementor-button-icon\">\n\t\t\t\t<i aria-hidden=\"true\" class=\"fas fa-angle-double-right\"><\/i>\t\t\t<\/span>\n\t\t\t\t\t\t\t\t\t<span class=\"elementor-button-text\">En savoir plus<\/span>\n\t\t\t\t\t<\/span>\n\t\t\t\t\t<\/a>\n\t\t\t\t<\/div>\n\t\t\t\t\t\t\t\t<\/div>\n\t\t\t\t<\/div>\n\t\t\t\t\t<\/div>\n\t\t<\/div>\n\t\t\t\t\t<\/div>\n\t\t<\/section>\n\t\t\t\t<\/div>\n\t\t","protected":false},"excerpt":{"rendered":"<p>Si j&rsquo;\u00e9tais n\u00e9 sur une \u00eele d\u00e9serte et si j&rsquo;y avais pass\u00e9 ma vie, je n&rsquo;aurais m\u00eame pas soup\u00e7onn\u00e9 l&rsquo;existence de la mort. R\u00e9serve de biosph\u00e8re de l&rsquo;UNESCO Le GR223 est appel\u00e9 : Le Cam\u00ed de Cavalls, c&rsquo;est un ancien chemin de 185 kilom\u00e8tres qui longe la c\u00f4te autour de Minorque et suit presque toujours [&hellip;]<\/p>\n","protected":false},"author":1,"featured_media":0,"parent":0,"menu_order":0,"comment_status":"closed","ping_status":"closed","template":"","meta":{"ocean_post_layout":"","ocean_both_sidebars_style":"","ocean_both_sidebars_content_width":0,"ocean_both_sidebars_sidebars_width":0,"ocean_sidebar":"0","ocean_second_sidebar":"0","ocean_disable_margins":"enable","ocean_add_body_class":"","ocean_shortcode_before_top_bar":"","ocean_shortcode_after_top_bar":"","ocean_shortcode_before_header":"","ocean_shortcode_after_header":"","ocean_has_shortcode":"","ocean_shortcode_after_title":"","ocean_shortcode_before_footer_widgets":"","ocean_shortcode_after_footer_widgets":"","ocean_shortcode_before_footer_bottom":"","ocean_shortcode_after_footer_bottom":"","ocean_display_top_bar":"default","ocean_display_header":"default","ocean_header_style":"","ocean_center_header_left_menu":"0","ocean_custom_header_template":"0","ocean_custom_logo":0,"ocean_custom_retina_logo":0,"ocean_custom_logo_max_width":0,"ocean_custom_logo_tablet_max_width":0,"ocean_custom_logo_mobile_max_width":0,"ocean_custom_logo_max_height":0,"ocean_custom_logo_tablet_max_height":0,"ocean_custom_logo_mobile_max_height":0,"ocean_header_custom_menu":"0","ocean_menu_typo_font_family":"0","ocean_menu_typo_font_subset":"","ocean_menu_typo_font_size":0,"ocean_menu_typo_font_size_tablet":0,"ocean_menu_typo_font_size_mobile":0,"ocean_menu_typo_font_size_unit":"px","ocean_menu_typo_font_weight":"","ocean_menu_typo_font_weight_tablet":"","ocean_menu_typo_font_weight_mobile":"","ocean_menu_typo_transform":"","ocean_menu_typo_transform_tablet":"","ocean_menu_typo_transform_mobile":"","ocean_menu_typo_line_height":0,"ocean_menu_typo_line_height_tablet":0,"ocean_menu_typo_line_height_mobile":0,"ocean_menu_typo_line_height_unit":"","ocean_menu_typo_spacing":0,"ocean_menu_typo_spacing_tablet":0,"ocean_menu_typo_spacing_mobile":0,"ocean_menu_typo_spacing_unit":"","ocean_menu_link_color":"","ocean_menu_link_color_hover":"","ocean_menu_link_color_active":"","ocean_menu_link_background":"","ocean_menu_link_hover_background":"","ocean_menu_link_active_background":"","ocean_menu_social_links_bg":"","ocean_menu_social_hover_links_bg":"","ocean_menu_social_links_color":"","ocean_menu_social_hover_links_color":"","ocean_disable_title":"default","ocean_disable_heading":"default","ocean_post_title":"","ocean_post_subheading":"","ocean_post_title_style":"","ocean_post_title_background_color":"","ocean_post_title_background":0,"ocean_post_title_bg_image_position":"","ocean_post_title_bg_image_attachment":"","ocean_post_title_bg_image_repeat":"","ocean_post_title_bg_image_size":"","ocean_post_title_height":0,"ocean_post_title_bg_overlay":0.5,"ocean_post_title_bg_overlay_color":"","ocean_disable_breadcrumbs":"default","ocean_breadcrumbs_color":"","ocean_breadcrumbs_separator_color":"","ocean_breadcrumbs_links_color":"","ocean_breadcrumbs_links_hover_color":"","ocean_display_footer_widgets":"default","ocean_display_footer_bottom":"default","ocean_custom_footer_template":"0","footnotes":""},"class_list":["post-328","page","type-page","status-publish","hentry","entry"],"yoast_head":"<!-- This site is optimized with the Yoast SEO plugin v26.4 - https:\/\/yoast.com\/wordpress\/plugins\/seo\/ -->\n<title>LE GR 223 UN SUISSE A MAJORQUE<\/title>\n<meta name=\"robots\" content=\"index, follow, max-snippet:-1, max-image-preview:large, max-video-preview:-1\" \/>\n<link rel=\"canonical\" href=\"https:\/\/unsuisseamallorca.com\/index.php\/le-gr-223\/\" \/>\n<meta property=\"og:locale\" content=\"fr_FR\" \/>\n<meta property=\"og:type\" content=\"article\" \/>\n<meta property=\"og:title\" content=\"LE GR 223 UN SUISSE A MAJORQUE\" \/>\n<meta property=\"og:description\" content=\"Si j&rsquo;\u00e9tais n\u00e9 sur une \u00eele d\u00e9serte et si j&rsquo;y avais pass\u00e9 ma vie, je n&rsquo;aurais m\u00eame pas soup\u00e7onn\u00e9 l&rsquo;existence de la mort. R\u00e9serve de biosph\u00e8re de l&rsquo;UNESCO Le GR223 est appel\u00e9 : Le Cam\u00ed de Cavalls, c&rsquo;est un ancien chemin de 185 kilom\u00e8tres qui longe la c\u00f4te autour de Minorque et suit presque toujours [&hellip;]\" \/>\n<meta property=\"og:url\" content=\"https:\/\/unsuisseamallorca.com\/index.php\/le-gr-223\/\" \/>\n<meta property=\"og:site_name\" content=\"UN SUISSE A MAJORQUE\" \/>\n<meta property=\"article:modified_time\" content=\"2023-01-25T15:03:33+00:00\" \/>\n<meta property=\"og:image\" content=\"https:\/\/unsuisseamallorca.com\/wp-content\/uploads\/2021\/06\/5b72de1d82059803235244-768x509.jpg\" \/>\n<meta name=\"twitter:card\" content=\"summary_large_image\" \/>\n<meta name=\"twitter:label1\" content=\"Dur\u00e9e de lecture estim\u00e9e\" \/>\n\t<meta name=\"twitter:data1\" content=\"10 minutes\" \/>\n<script type=\"application\/ld+json\" class=\"yoast-schema-graph\">{\"@context\":\"https:\/\/schema.org\",\"@graph\":[{\"@type\":\"WebPage\",\"@id\":\"https:\/\/unsuisseamallorca.com\/index.php\/le-gr-223\/\",\"url\":\"https:\/\/unsuisseamallorca.com\/index.php\/le-gr-223\/\",\"name\":\"LE GR 223 UN SUISSE A MAJORQUE\",\"isPartOf\":{\"@id\":\"https:\/\/unsuisseamallorca.com\/#website\"},\"primaryImageOfPage\":{\"@id\":\"https:\/\/unsuisseamallorca.com\/index.php\/le-gr-223\/#primaryimage\"},\"image\":{\"@id\":\"https:\/\/unsuisseamallorca.com\/index.php\/le-gr-223\/#primaryimage\"},\"thumbnailUrl\":\"https:\/\/unsuisseamallorca.com\/wp-content\/uploads\/2021\/06\/5b72de1d82059803235244-768x509.jpg\",\"datePublished\":\"2019-01-25T08:01:16+00:00\",\"dateModified\":\"2023-01-25T15:03:33+00:00\",\"breadcrumb\":{\"@id\":\"https:\/\/unsuisseamallorca.com\/index.php\/le-gr-223\/#breadcrumb\"},\"inLanguage\":\"fr-FR\",\"potentialAction\":[{\"@type\":\"ReadAction\",\"target\":[\"https:\/\/unsuisseamallorca.com\/index.php\/le-gr-223\/\"]}]},{\"@type\":\"ImageObject\",\"inLanguage\":\"fr-FR\",\"@id\":\"https:\/\/unsuisseamallorca.com\/index.php\/le-gr-223\/#primaryimage\",\"url\":\"https:\/\/unsuisseamallorca.com\/wp-content\/uploads\/2021\/06\/5b72de1d82059803235244.jpg\",\"contentUrl\":\"https:\/\/unsuisseamallorca.com\/wp-content\/uploads\/2021\/06\/5b72de1d82059803235244.jpg\",\"width\":1200,\"height\":795},{\"@type\":\"BreadcrumbList\",\"@id\":\"https:\/\/unsuisseamallorca.com\/index.php\/le-gr-223\/#breadcrumb\",\"itemListElement\":[{\"@type\":\"ListItem\",\"position\":1,\"name\":\"Accueil\",\"item\":\"https:\/\/unsuisseamallorca.com\/\"},{\"@type\":\"ListItem\",\"position\":2,\"name\":\"LE GR 223\"}]},{\"@type\":\"WebSite\",\"@id\":\"https:\/\/unsuisseamallorca.com\/#website\",\"url\":\"https:\/\/unsuisseamallorca.com\/\",\"name\":\"UN SUISSE A MAJORQUE\",\"description\":\"Le voyageur voit ce qu&#039;il voit, le touriste voit ce qu&#039;il est venu voir !\",\"potentialAction\":[{\"@type\":\"SearchAction\",\"target\":{\"@type\":\"EntryPoint\",\"urlTemplate\":\"https:\/\/unsuisseamallorca.com\/?s={search_term_string}\"},\"query-input\":{\"@type\":\"PropertyValueSpecification\",\"valueRequired\":true,\"valueName\":\"search_term_string\"}}],\"inLanguage\":\"fr-FR\"}]}<\/script>\n<!-- \/ Yoast SEO plugin. -->","yoast_head_json":{"title":"LE GR 223 UN SUISSE A MAJORQUE","robots":{"index":"index","follow":"follow","max-snippet":"max-snippet:-1","max-image-preview":"max-image-preview:large","max-video-preview":"max-video-preview:-1"},"canonical":"https:\/\/unsuisseamallorca.com\/index.php\/le-gr-223\/","og_locale":"fr_FR","og_type":"article","og_title":"LE GR 223 UN SUISSE A MAJORQUE","og_description":"Si j&rsquo;\u00e9tais n\u00e9 sur une \u00eele d\u00e9serte et si j&rsquo;y avais pass\u00e9 ma vie, je n&rsquo;aurais m\u00eame pas soup\u00e7onn\u00e9 l&rsquo;existence de la mort. R\u00e9serve de biosph\u00e8re de l&rsquo;UNESCO Le GR223 est appel\u00e9 : Le Cam\u00ed de Cavalls, c&rsquo;est un ancien chemin de 185 kilom\u00e8tres qui longe la c\u00f4te autour de Minorque et suit presque toujours [&hellip;]","og_url":"https:\/\/unsuisseamallorca.com\/index.php\/le-gr-223\/","og_site_name":"UN SUISSE A MAJORQUE","article_modified_time":"2023-01-25T15:03:33+00:00","og_image":[{"url":"https:\/\/unsuisseamallorca.com\/wp-content\/uploads\/2021\/06\/5b72de1d82059803235244-768x509.jpg","type":"","width":"","height":""}],"twitter_card":"summary_large_image","twitter_misc":{"Dur\u00e9e de lecture estim\u00e9e":"10 minutes"},"schema":{"@context":"https:\/\/schema.org","@graph":[{"@type":"WebPage","@id":"https:\/\/unsuisseamallorca.com\/index.php\/le-gr-223\/","url":"https:\/\/unsuisseamallorca.com\/index.php\/le-gr-223\/","name":"LE GR 223 UN SUISSE A MAJORQUE","isPartOf":{"@id":"https:\/\/unsuisseamallorca.com\/#website"},"primaryImageOfPage":{"@id":"https:\/\/unsuisseamallorca.com\/index.php\/le-gr-223\/#primaryimage"},"image":{"@id":"https:\/\/unsuisseamallorca.com\/index.php\/le-gr-223\/#primaryimage"},"thumbnailUrl":"https:\/\/unsuisseamallorca.com\/wp-content\/uploads\/2021\/06\/5b72de1d82059803235244-768x509.jpg","datePublished":"2019-01-25T08:01:16+00:00","dateModified":"2023-01-25T15:03:33+00:00","breadcrumb":{"@id":"https:\/\/unsuisseamallorca.com\/index.php\/le-gr-223\/#breadcrumb"},"inLanguage":"fr-FR","potentialAction":[{"@type":"ReadAction","target":["https:\/\/unsuisseamallorca.com\/index.php\/le-gr-223\/"]}]},{"@type":"ImageObject","inLanguage":"fr-FR","@id":"https:\/\/unsuisseamallorca.com\/index.php\/le-gr-223\/#primaryimage","url":"https:\/\/unsuisseamallorca.com\/wp-content\/uploads\/2021\/06\/5b72de1d82059803235244.jpg","contentUrl":"https:\/\/unsuisseamallorca.com\/wp-content\/uploads\/2021\/06\/5b72de1d82059803235244.jpg","width":1200,"height":795},{"@type":"BreadcrumbList","@id":"https:\/\/unsuisseamallorca.com\/index.php\/le-gr-223\/#breadcrumb","itemListElement":[{"@type":"ListItem","position":1,"name":"Accueil","item":"https:\/\/unsuisseamallorca.com\/"},{"@type":"ListItem","position":2,"name":"LE GR 223"}]},{"@type":"WebSite","@id":"https:\/\/unsuisseamallorca.com\/#website","url":"https:\/\/unsuisseamallorca.com\/","name":"UN SUISSE A MAJORQUE","description":"Le voyageur voit ce qu&#039;il voit, le touriste voit ce qu&#039;il est venu voir !","potentialAction":[{"@type":"SearchAction","target":{"@type":"EntryPoint","urlTemplate":"https:\/\/unsuisseamallorca.com\/?s={search_term_string}"},"query-input":{"@type":"PropertyValueSpecification","valueRequired":true,"valueName":"search_term_string"}}],"inLanguage":"fr-FR"}]}},"_links":{"self":[{"href":"https:\/\/unsuisseamallorca.com\/index.php\/wp-json\/wp\/v2\/pages\/328","targetHints":{"allow":["GET"]}}],"collection":[{"href":"https:\/\/unsuisseamallorca.com\/index.php\/wp-json\/wp\/v2\/pages"}],"about":[{"href":"https:\/\/unsuisseamallorca.com\/index.php\/wp-json\/wp\/v2\/types\/page"}],"author":[{"embeddable":true,"href":"https:\/\/unsuisseamallorca.com\/index.php\/wp-json\/wp\/v2\/users\/1"}],"replies":[{"embeddable":true,"href":"https:\/\/unsuisseamallorca.com\/index.php\/wp-json\/wp\/v2\/comments?post=328"}],"version-history":[{"count":447,"href":"https:\/\/unsuisseamallorca.com\/index.php\/wp-json\/wp\/v2\/pages\/328\/revisions"}],"predecessor-version":[{"id":23628,"href":"https:\/\/unsuisseamallorca.com\/index.php\/wp-json\/wp\/v2\/pages\/328\/revisions\/23628"}],"wp:attachment":[{"href":"https:\/\/unsuisseamallorca.com\/index.php\/wp-json\/wp\/v2\/media?parent=328"}],"curies":[{"name":"wp","href":"https:\/\/api.w.org\/{rel}","templated":true}]}}