{"id":2947,"date":"2020-05-17T08:10:20","date_gmt":"2020-05-17T06:10:20","guid":{"rendered":"https:\/\/unsuisseamallorca.com\/?page_id=2947"},"modified":"2020-05-26T15:04:33","modified_gmt":"2020-05-26T13:04:33","slug":"andraxt-a-la-trapa","status":"publish","type":"page","link":"https:\/\/unsuisseamallorca.com\/index.php\/andraxt-a-la-trapa\/","title":{"rendered":"Port Andraxt \u00e0 La Trapa"},"content":{"rendered":"\t\t<div data-elementor-type=\"wp-post\" data-elementor-id=\"2947\" class=\"elementor elementor-2947\" data-elementor-post-type=\"page\">\n\t\t\t\t\t\t<section class=\"elementor-section elementor-top-section elementor-element elementor-element-e9f9c3e elementor-section-boxed elementor-section-height-default elementor-section-height-default\" data-id=\"e9f9c3e\" data-element_type=\"section\" data-settings=\"{&quot;background_background&quot;:&quot;gradient&quot;,&quot;shape_divider_bottom&quot;:&quot;waves&quot;}\">\n\t\t\t\t\t\t\t<div class=\"elementor-background-overlay\"><\/div>\n\t\t\t\t\t\t<div class=\"elementor-shape elementor-shape-bottom\" aria-hidden=\"true\" data-negative=\"false\">\n\t\t\t<svg xmlns=\"http:\/\/www.w3.org\/2000\/svg\" viewBox=\"0 0 1000 100\" preserveAspectRatio=\"none\">\n\t<path class=\"elementor-shape-fill\" d=\"M421.9,6.5c22.6-2.5,51.5,0.4,75.5,5.3c23.6,4.9,70.9,23.5,100.5,35.7c75.8,32.2,133.7,44.5,192.6,49.7\n\tc23.6,2.1,48.7,3.5,103.4-2.5c54.7-6,106.2-25.6,106.2-25.6V0H0v30.3c0,0,72,32.6,158.4,30.5c39.2-0.7,92.8-6.7,134-22.4\n\tc21.2-8.1,52.2-18.2,79.7-24.2C399.3,7.9,411.6,7.5,421.9,6.5z\"\/>\n<\/svg>\t\t<\/div>\n\t\t\t\t\t<div class=\"elementor-container elementor-column-gap-default\">\n\t\t\t\t\t<div class=\"elementor-column elementor-col-100 elementor-top-column elementor-element elementor-element-285b9e6e\" data-id=\"285b9e6e\" data-element_type=\"column\">\n\t\t\t<div class=\"elementor-widget-wrap elementor-element-populated\">\n\t\t\t\t\t\t<div class=\"elementor-element elementor-element-6d2f2764 elementor-widget elementor-widget-heading\" data-id=\"6d2f2764\" data-element_type=\"widget\" data-widget_type=\"heading.default\">\n\t\t\t\t<div class=\"elementor-widget-container\">\n\t\t\t\t\t<h3 class=\"elementor-heading-title elementor-size-default\">Celui qui marche droit trouve toujours la route assez large.<\/h3>\t\t\t\t<\/div>\n\t\t\t\t<\/div>\n\t\t\t\t<div class=\"elementor-element elementor-element-4e83e4c4 elementor-widget__width-initial elementor-fixed elementor-widget elementor-widget-button\" data-id=\"4e83e4c4\" data-element_type=\"widget\" data-settings=\"{&quot;_position&quot;:&quot;fixed&quot;}\" data-widget_type=\"button.default\">\n\t\t\t\t<div class=\"elementor-widget-container\">\n\t\t\t\t\t\t\t\t\t<div class=\"elementor-button-wrapper\">\n\t\t\t\t\t<a class=\"elementor-button elementor-button-link elementor-size-md\" href=\"#\">\n\t\t\t\t\t\t<span class=\"elementor-button-content-wrapper\">\n\t\t\t\t\t\t<span class=\"elementor-button-icon\">\n\t\t\t\t<i aria-hidden=\"true\" class=\"fas fa-envelope\"><\/i>\t\t\t<\/span>\n\t\t\t\t\t\t\t\t<\/span>\n\t\t\t\t\t<\/a>\n\t\t\t\t<\/div>\n\t\t\t\t\t\t\t\t<\/div>\n\t\t\t\t<\/div>\n\t\t\t\t\t<\/div>\n\t\t<\/div>\n\t\t\t\t\t<\/div>\n\t\t<\/section>\n\t\t\t\t<section class=\"elementor-section elementor-top-section elementor-element elementor-element-6ba8a278 elementor-section-height-min-height elementor-section-boxed elementor-section-height-default elementor-section-items-middle\" data-id=\"6ba8a278\" data-element_type=\"section\" data-settings=\"{&quot;background_background&quot;:&quot;classic&quot;,&quot;shape_divider_bottom&quot;:&quot;arrow&quot;,&quot;shape_divider_bottom_negative&quot;:&quot;yes&quot;}\">\n\t\t\t\t\t\t\t<div class=\"elementor-background-overlay\"><\/div>\n\t\t\t\t\t\t<div class=\"elementor-shape elementor-shape-bottom\" aria-hidden=\"true\" data-negative=\"true\">\n\t\t\t<svg xmlns=\"http:\/\/www.w3.org\/2000\/svg\" viewBox=\"0 0 700 10\" preserveAspectRatio=\"none\">\n\t<path class=\"elementor-shape-fill\" d=\"M360 0L350 9.9 340 0 0 0 0 10 700 10 700 0\"\/>\n<\/svg>\t\t<\/div>\n\t\t\t\t\t<div class=\"elementor-container elementor-column-gap-default\">\n\t\t\t\t\t<div class=\"elementor-column elementor-col-100 elementor-top-column elementor-element elementor-element-3f748f8\" data-id=\"3f748f8\" data-element_type=\"column\">\n\t\t\t<div class=\"elementor-widget-wrap\">\n\t\t\t\t\t\t\t<\/div>\n\t\t<\/div>\n\t\t\t\t\t<\/div>\n\t\t<\/section>\n\t\t\t\t<section class=\"elementor-section elementor-top-section elementor-element elementor-element-63d7b039 elementor-section-boxed elementor-section-height-default elementor-section-height-default\" data-id=\"63d7b039\" data-element_type=\"section\">\n\t\t\t\t\t\t<div class=\"elementor-container elementor-column-gap-default\">\n\t\t\t\t\t<div class=\"elementor-column elementor-col-100 elementor-top-column elementor-element elementor-element-13d43fdf\" data-id=\"13d43fdf\" data-element_type=\"column\">\n\t\t\t<div class=\"elementor-widget-wrap elementor-element-populated\">\n\t\t\t\t\t\t<div class=\"elementor-element elementor-element-346b3a8f elementor-widget elementor-widget-text-editor\" data-id=\"346b3a8f\" data-element_type=\"widget\" data-widget_type=\"text-editor.default\">\n\t\t\t\t<div class=\"elementor-widget-container\">\n\t\t\t\t\t\t\t\t\t<p><span title=\"\">Le d\u00e9marrage du GR 221 dans le port d&rsquo;Andratx et les deux premi\u00e8res \u00e9tapes posent des probl\u00e8mes et il n&rsquo;est pas pr\u00e9vu d&rsquo;ouvrir le refuge de Trapa.<\/span> <span title=\"\">Il faudra attendre quelques ann\u00e9es pour que \u00ab\u00a0la route principale\u00a0\u00bb du GR 221 s&rsquo;ouvre.<\/span><\/p>\t\t\t\t\t\t\t\t<\/div>\n\t\t\t\t<\/div>\n\t\t\t\t\t<\/div>\n\t\t<\/div>\n\t\t\t\t\t<\/div>\n\t\t<\/section>\n\t\t\t\t<section class=\"elementor-section elementor-top-section elementor-element elementor-element-696727e elementor-section-boxed elementor-section-height-default elementor-section-height-default\" data-id=\"696727e\" data-element_type=\"section\">\n\t\t\t\t\t\t<div class=\"elementor-container elementor-column-gap-default\">\n\t\t\t\t\t<div class=\"elementor-column elementor-col-100 elementor-top-column elementor-element elementor-element-d8fb9d9\" data-id=\"d8fb9d9\" data-element_type=\"column\">\n\t\t\t<div class=\"elementor-widget-wrap elementor-element-populated\">\n\t\t\t\t\t\t<div class=\"elementor-element elementor-element-616869b elementor-widget elementor-widget-text-editor\" data-id=\"616869b\" data-element_type=\"widget\" data-widget_type=\"text-editor.default\">\n\t\t\t\t<div class=\"elementor-widget-container\">\n\t\t\t\t\t\t\t\t\t<p><strong><span style=\"text-align: left; color: rgba(0, 0, 0, 0.87); text-transform: none; text-indent: 0px; letter-spacing: normal; font-family: 'Roboto',arial,sans-serif; font-size: 18px; font-style: normal; font-variant: normal; text-decoration: none; word-spacing: 0px; display: inline !important; white-space: pre-wrap; orphans: 2; float: none; -webkit-text-stroke-width: 0px; background-color: #f5f5f5;\">R\u00e9sum\u00e9 de l&rsquo;\u00e9tape, cette description ne suffit pas pour faire l&rsquo;\u00e9tape. Vous en trouverez une plus d\u00e9taill\u00e9e dans les guides et cartes Alpines.<\/span><\/strong><\/p>\t\t\t\t\t\t\t\t<\/div>\n\t\t\t\t<\/div>\n\t\t\t\t\t<\/div>\n\t\t<\/div>\n\t\t\t\t\t<\/div>\n\t\t<\/section>\n\t\t\t\t<section class=\"elementor-section elementor-top-section elementor-element elementor-element-cafdab3 elementor-section-content-middle elementor-reverse-mobile elementor-section-boxed elementor-section-height-default elementor-section-height-default\" data-id=\"cafdab3\" data-element_type=\"section\">\n\t\t\t\t\t\t<div class=\"elementor-container elementor-column-gap-default\">\n\t\t\t\t\t<div class=\"elementor-column elementor-col-50 elementor-top-column elementor-element elementor-element-2e36939b\" data-id=\"2e36939b\" data-element_type=\"column\">\n\t\t\t<div class=\"elementor-widget-wrap elementor-element-populated\">\n\t\t\t\t\t\t<div class=\"elementor-element elementor-element-7d11735a elementor-widget elementor-widget-heading\" data-id=\"7d11735a\" data-element_type=\"widget\" data-widget_type=\"heading.default\">\n\t\t\t\t<div class=\"elementor-widget-container\">\n\t\t\t\t\t<h3 class=\"elementor-heading-title elementor-size-default\">Etape 1: Port Andratx \u00e0 La Trapa<\/h3>\t\t\t\t<\/div>\n\t\t\t\t<\/div>\n\t\t\t\t<div class=\"elementor-element elementor-element-5150a8b3 elementor-widget elementor-widget-text-editor\" data-id=\"5150a8b3\" data-element_type=\"widget\" data-widget_type=\"text-editor.default\">\n\t\t\t\t<div class=\"elementor-widget-container\">\n\t\t\t\t\t\t\t\t\t<p><span tabindex=\"-1\" title=\"\" contenteditable=\"false\">Dur\u00e9e: 3h 45min<\/span>, 18 km<br \/><span title=\"\">D\u00e9nivel\u00e9: \u2191 600 m, \u2193 330 m<\/span><br \/><span title=\"\">Difficult\u00e9: moyenne<\/span><\/p><p><strong>Port d\u2019Andratx &#8211; Sant Elm (2 h 30): depuis le Port d\u2019Andratx, nous prenons la rue Aldea Blanca puis la rue Cala d\u2019Egos qui devient une piste. Nous traversons le Coll des Vent, passons sous quelques antennes de t\u00e9l\u00e9communication et, peu de temps apr\u00e8s, nous apercevons \u00e0 droite quelques rep\u00e8res qui nous indiquent l&rsquo;endroit o\u00f9 nous prenons un tyran vers le Pas Vermell (1). Nous atteignons une piste (\u00e0 droite commence la variante A- \u00ab\u00a0S&rsquo;Arrac\u00f3\u00a0\u00bb) o\u00f9 nous tournons \u00e0 gauche et la suivons pendant environ 15 minutes (2). Apr\u00e8s une descente raide, nous tournons \u00e0 droite. Plus tard, nous passons une cha\u00eene et une barri\u00e8re et atteignons un col. En quelques minutes, nous tournons \u00e0 gauche sur un chemin qui m\u00e8ne \u00e0 Sant Elm.<br \/>Sant Elm-La Trapa (1 h 15): suivez la promenade pi\u00e9tonne de la plage jusqu&rsquo;\u00e0 la Pla\u00e7a de na Caragola et prenez la Carrer de Cala en Basset jusqu&rsquo;\u00e0 la Pla\u00e7a de Mossen Sebasti\u00e0 Grau (Bar Es Mol\u00ed). Nous tournons sur Avinguda de la Trapa qui devient le Cam\u00ed de Can Tomev\u00ed et, quand nous avons les maisons sur la droite (10 &lsquo;), nous ne prenons aucune des 2 pistes mais nous continuons tout droit sur un chemin \u00e9troit qui, en quelques minutes, traversez une piste en ligne droite. Nous montons, obtenant une vue panoramique sur Sa Dragonera jusqu&rsquo;au col (40 &lsquo;) et descendons \u00e0 La Trapa (5&rsquo;)<\/strong>.<\/p>\t\t\t\t\t\t\t\t<\/div>\n\t\t\t\t<\/div>\n\t\t\t\t\t<\/div>\n\t\t<\/div>\n\t\t\t\t<div class=\"elementor-column elementor-col-50 elementor-top-column elementor-element elementor-element-3bdfeea8\" data-id=\"3bdfeea8\" data-element_type=\"column\">\n\t\t\t<div class=\"elementor-widget-wrap elementor-element-populated\">\n\t\t\t\t\t\t<div class=\"elementor-element elementor-element-7a987f00 elementor-widget elementor-widget-image\" data-id=\"7a987f00\" data-element_type=\"widget\" data-widget_type=\"image.default\">\n\t\t\t\t<div class=\"elementor-widget-container\">\n\t\t\t\t\t\t\t\t\t\t\t\t<figure class=\"wp-caption\">\n\t\t\t\t\t\t\t\t\t\t<img fetchpriority=\"high\" decoding=\"async\" width=\"798\" height=\"220\" src=\"https:\/\/unsuisseamallorca.com\/wp-content\/uploads\/2020\/05\/Port-Andraxt-\u00e0-La-Trappa-2.png\" class=\"attachment-full size-full wp-image-3587\" alt=\"\" srcset=\"https:\/\/unsuisseamallorca.com\/wp-content\/uploads\/2020\/05\/Port-Andraxt-\u00e0-La-Trappa-2.png 798w, https:\/\/unsuisseamallorca.com\/wp-content\/uploads\/2020\/05\/Port-Andraxt-\u00e0-La-Trappa-2-300x83.png 300w, https:\/\/unsuisseamallorca.com\/wp-content\/uploads\/2020\/05\/Port-Andraxt-\u00e0-La-Trappa-2-768x212.png 768w\" sizes=\"(max-width: 798px) 100vw, 798px\" \/>\t\t\t\t\t\t\t\t\t\t\t<figcaption class=\"widget-image-caption wp-caption-text\">Sant Elm<\/figcaption>\n\t\t\t\t\t\t\t\t\t\t<\/figure>\n\t\t\t\t\t\t\t\t\t<\/div>\n\t\t\t\t<\/div>\n\t\t\t\t<div class=\"elementor-element elementor-element-92286f3 elementor-widget elementor-widget-image\" data-id=\"92286f3\" data-element_type=\"widget\" data-widget_type=\"image.default\">\n\t\t\t\t<div class=\"elementor-widget-container\">\n\t\t\t\t\t\t\t\t\t\t\t\t<figure class=\"wp-caption\">\n\t\t\t\t\t\t\t\t\t\t<img decoding=\"async\" width=\"400\" height=\"300\" data-src=\"https:\/\/unsuisseamallorca.com\/wp-content\/uploads\/2020\/05\/etapa201-sant20elm201.jpg\" class=\"attachment-full size-full wp-image-3016 lazyload\" alt=\"\" data-srcset=\"https:\/\/unsuisseamallorca.com\/wp-content\/uploads\/2020\/05\/etapa201-sant20elm201.jpg 400w, https:\/\/unsuisseamallorca.com\/wp-content\/uploads\/2020\/05\/etapa201-sant20elm201-300x225.jpg 300w\" data-sizes=\"(max-width: 400px) 100vw, 400px\" src=\"data:image\/svg+xml;base64,PHN2ZyB3aWR0aD0iMSIgaGVpZ2h0PSIxIiB4bWxucz0iaHR0cDovL3d3dy53My5vcmcvMjAwMC9zdmciPjwvc3ZnPg==\" style=\"--smush-placeholder-width: 400px; --smush-placeholder-aspect-ratio: 400\/300;\" \/>\t\t\t\t\t\t\t\t\t\t\t<figcaption class=\"widget-image-caption wp-caption-text\">Sant Elm<\/figcaption>\n\t\t\t\t\t\t\t\t\t\t<\/figure>\n\t\t\t\t\t\t\t\t\t<\/div>\n\t\t\t\t<\/div>\n\t\t\t\t<div class=\"elementor-element elementor-element-06a2271 elementor-widget elementor-widget-image\" data-id=\"06a2271\" data-element_type=\"widget\" data-widget_type=\"image.default\">\n\t\t\t\t<div class=\"elementor-widget-container\">\n\t\t\t\t\t\t\t\t\t\t\t\t<figure class=\"wp-caption\">\n\t\t\t\t\t\t\t\t\t\t<img decoding=\"async\" width=\"320\" height=\"240\" data-src=\"https:\/\/unsuisseamallorca.com\/wp-content\/uploads\/2020\/05\/etapa201-trapa3.jpg\" class=\"attachment-full size-full wp-image-3017 lazyload\" alt=\"\" data-srcset=\"https:\/\/unsuisseamallorca.com\/wp-content\/uploads\/2020\/05\/etapa201-trapa3.jpg 320w, https:\/\/unsuisseamallorca.com\/wp-content\/uploads\/2020\/05\/etapa201-trapa3-300x225.jpg 300w\" data-sizes=\"(max-width: 320px) 100vw, 320px\" src=\"data:image\/svg+xml;base64,PHN2ZyB3aWR0aD0iMSIgaGVpZ2h0PSIxIiB4bWxucz0iaHR0cDovL3d3dy53My5vcmcvMjAwMC9zdmciPjwvc3ZnPg==\" style=\"--smush-placeholder-width: 320px; --smush-placeholder-aspect-ratio: 320\/240;\" \/>\t\t\t\t\t\t\t\t\t\t\t<figcaption class=\"widget-image-caption wp-caption-text\">\u00cele de Sa Dragonera<\/figcaption>\n\t\t\t\t\t\t\t\t\t\t<\/figure>\n\t\t\t\t\t\t\t\t\t<\/div>\n\t\t\t\t<\/div>\n\t\t\t\t<div class=\"elementor-element elementor-element-d5fe3a0 elementor-widget elementor-widget-image\" data-id=\"d5fe3a0\" data-element_type=\"widget\" data-widget_type=\"image.default\">\n\t\t\t\t<div class=\"elementor-widget-container\">\n\t\t\t\t\t\t\t\t\t\t\t\t<figure class=\"wp-caption\">\n\t\t\t\t\t\t\t\t\t\t<img decoding=\"async\" width=\"398\" height=\"258\" data-src=\"https:\/\/unsuisseamallorca.com\/wp-content\/uploads\/2020\/05\/etapa201-trapa4.jpg\" class=\"attachment-full size-full wp-image-3018 lazyload\" alt=\"\" data-srcset=\"https:\/\/unsuisseamallorca.com\/wp-content\/uploads\/2020\/05\/etapa201-trapa4.jpg 398w, https:\/\/unsuisseamallorca.com\/wp-content\/uploads\/2020\/05\/etapa201-trapa4-300x194.jpg 300w\" data-sizes=\"(max-width: 398px) 100vw, 398px\" src=\"data:image\/svg+xml;base64,PHN2ZyB3aWR0aD0iMSIgaGVpZ2h0PSIxIiB4bWxucz0iaHR0cDovL3d3dy53My5vcmcvMjAwMC9zdmciPjwvc3ZnPg==\" style=\"--smush-placeholder-width: 398px; --smush-placeholder-aspect-ratio: 398\/258;\" \/>\t\t\t\t\t\t\t\t\t\t\t<figcaption class=\"widget-image-caption wp-caption-text\">Cala En Basset<\/figcaption>\n\t\t\t\t\t\t\t\t\t\t<\/figure>\n\t\t\t\t\t\t\t\t\t<\/div>\n\t\t\t\t<\/div>\n\t\t\t\t\t<\/div>\n\t\t<\/div>\n\t\t\t\t\t<\/div>\n\t\t<\/section>\n\t\t\t\t<\/div>\n\t\t","protected":false},"excerpt":{"rendered":"<p>Celui qui marche droit trouve toujours la route assez large. Le d\u00e9marrage du GR 221 dans le port d&rsquo;Andratx et les deux premi\u00e8res \u00e9tapes posent des probl\u00e8mes et il n&rsquo;est pas pr\u00e9vu d&rsquo;ouvrir le refuge de Trapa. Il faudra attendre quelques ann\u00e9es pour que \u00ab\u00a0la route principale\u00a0\u00bb du GR 221 s&rsquo;ouvre. R\u00e9sum\u00e9 de l&rsquo;\u00e9tape, cette [&hellip;]<\/p>\n","protected":false},"author":1,"featured_media":0,"parent":0,"menu_order":0,"comment_status":"closed","ping_status":"closed","template":"","meta":{"ocean_post_layout":"","ocean_both_sidebars_style":"","ocean_both_sidebars_content_width":0,"ocean_both_sidebars_sidebars_width":0,"ocean_sidebar":"0","ocean_second_sidebar":"0","ocean_disable_margins":"enable","ocean_add_body_class":"","ocean_shortcode_before_top_bar":"","ocean_shortcode_after_top_bar":"","ocean_shortcode_before_header":"","ocean_shortcode_after_header":"","ocean_has_shortcode":"","ocean_shortcode_after_title":"","ocean_shortcode_before_footer_widgets":"","ocean_shortcode_after_footer_widgets":"","ocean_shortcode_before_footer_bottom":"","ocean_shortcode_after_footer_bottom":"","ocean_display_top_bar":"default","ocean_display_header":"default","ocean_header_style":"","ocean_center_header_left_menu":"0","ocean_custom_header_template":"0","ocean_custom_logo":0,"ocean_custom_retina_logo":0,"ocean_custom_logo_max_width":0,"ocean_custom_logo_tablet_max_width":0,"ocean_custom_logo_mobile_max_width":0,"ocean_custom_logo_max_height":0,"ocean_custom_logo_tablet_max_height":0,"ocean_custom_logo_mobile_max_height":0,"ocean_header_custom_menu":"0","ocean_menu_typo_font_family":"0","ocean_menu_typo_font_subset":"","ocean_menu_typo_font_size":0,"ocean_menu_typo_font_size_tablet":0,"ocean_menu_typo_font_size_mobile":0,"ocean_menu_typo_font_size_unit":"px","ocean_menu_typo_font_weight":"","ocean_menu_typo_font_weight_tablet":"","ocean_menu_typo_font_weight_mobile":"","ocean_menu_typo_transform":"","ocean_menu_typo_transform_tablet":"","ocean_menu_typo_transform_mobile":"","ocean_menu_typo_line_height":0,"ocean_menu_typo_line_height_tablet":0,"ocean_menu_typo_line_height_mobile":0,"ocean_menu_typo_line_height_unit":"","ocean_menu_typo_spacing":0,"ocean_menu_typo_spacing_tablet":0,"ocean_menu_typo_spacing_mobile":0,"ocean_menu_typo_spacing_unit":"","ocean_menu_link_color":"","ocean_menu_link_color_hover":"","ocean_menu_link_color_active":"","ocean_menu_link_background":"","ocean_menu_link_hover_background":"","ocean_menu_link_active_background":"","ocean_menu_social_links_bg":"","ocean_menu_social_hover_links_bg":"","ocean_menu_social_links_color":"","ocean_menu_social_hover_links_color":"","ocean_disable_title":"default","ocean_disable_heading":"default","ocean_post_title":"","ocean_post_subheading":"","ocean_post_title_style":"","ocean_post_title_background_color":"","ocean_post_title_background":0,"ocean_post_title_bg_image_position":"","ocean_post_title_bg_image_attachment":"","ocean_post_title_bg_image_repeat":"","ocean_post_title_bg_image_size":"","ocean_post_title_height":0,"ocean_post_title_bg_overlay":0.5,"ocean_post_title_bg_overlay_color":"","ocean_disable_breadcrumbs":"default","ocean_breadcrumbs_color":"","ocean_breadcrumbs_separator_color":"","ocean_breadcrumbs_links_color":"","ocean_breadcrumbs_links_hover_color":"","ocean_display_footer_widgets":"default","ocean_display_footer_bottom":"default","ocean_custom_footer_template":"0","footnotes":""},"class_list":["post-2947","page","type-page","status-publish","hentry","entry"],"yoast_head":"<!-- This site is optimized with the Yoast SEO plugin v26.4 - https:\/\/yoast.com\/wordpress\/plugins\/seo\/ -->\n<title>Port Andraxt \u00e0 La Trapa UN SUISSE A MAJORQUE<\/title>\n<meta name=\"robots\" content=\"index, follow, max-snippet:-1, max-image-preview:large, max-video-preview:-1\" \/>\n<link rel=\"canonical\" href=\"https:\/\/unsuisseamallorca.com\/index.php\/andraxt-a-la-trapa\/\" \/>\n<meta property=\"og:locale\" content=\"fr_FR\" \/>\n<meta property=\"og:type\" content=\"article\" \/>\n<meta property=\"og:title\" content=\"Port Andraxt \u00e0 La Trapa UN SUISSE A MAJORQUE\" \/>\n<meta property=\"og:description\" content=\"Celui qui marche droit trouve toujours la route assez large. Le d\u00e9marrage du GR 221 dans le port d&rsquo;Andratx et les deux premi\u00e8res \u00e9tapes posent des probl\u00e8mes et il n&rsquo;est pas pr\u00e9vu d&rsquo;ouvrir le refuge de Trapa. Il faudra attendre quelques ann\u00e9es pour que \u00ab\u00a0la route principale\u00a0\u00bb du GR 221 s&rsquo;ouvre. R\u00e9sum\u00e9 de l&rsquo;\u00e9tape, cette [&hellip;]\" \/>\n<meta property=\"og:url\" content=\"https:\/\/unsuisseamallorca.com\/index.php\/andraxt-a-la-trapa\/\" \/>\n<meta property=\"og:site_name\" content=\"UN SUISSE A MAJORQUE\" \/>\n<meta property=\"article:modified_time\" content=\"2020-05-26T13:04:33+00:00\" \/>\n<meta property=\"og:image\" content=\"https:\/\/unsuisseamallorca.com\/wp-content\/uploads\/2020\/05\/Port-Andraxt-\u00e0-La-Trappa-2.png\" \/>\n<meta name=\"twitter:card\" content=\"summary_large_image\" \/>\n<meta name=\"twitter:label1\" content=\"Dur\u00e9e de lecture estim\u00e9e\" \/>\n\t<meta name=\"twitter:data1\" content=\"2 minutes\" \/>\n<script type=\"application\/ld+json\" class=\"yoast-schema-graph\">{\"@context\":\"https:\/\/schema.org\",\"@graph\":[{\"@type\":\"WebPage\",\"@id\":\"https:\/\/unsuisseamallorca.com\/index.php\/andraxt-a-la-trapa\/\",\"url\":\"https:\/\/unsuisseamallorca.com\/index.php\/andraxt-a-la-trapa\/\",\"name\":\"Port Andraxt \u00e0 La Trapa UN SUISSE A MAJORQUE\",\"isPartOf\":{\"@id\":\"https:\/\/unsuisseamallorca.com\/#website\"},\"primaryImageOfPage\":{\"@id\":\"https:\/\/unsuisseamallorca.com\/index.php\/andraxt-a-la-trapa\/#primaryimage\"},\"image\":{\"@id\":\"https:\/\/unsuisseamallorca.com\/index.php\/andraxt-a-la-trapa\/#primaryimage\"},\"thumbnailUrl\":\"https:\/\/unsuisseamallorca.com\/wp-content\/uploads\/2020\/05\/etapa201-sant20elm201.jpg\",\"datePublished\":\"2020-05-17T06:10:20+00:00\",\"dateModified\":\"2020-05-26T13:04:33+00:00\",\"breadcrumb\":{\"@id\":\"https:\/\/unsuisseamallorca.com\/index.php\/andraxt-a-la-trapa\/#breadcrumb\"},\"inLanguage\":\"fr-FR\",\"potentialAction\":[{\"@type\":\"ReadAction\",\"target\":[\"https:\/\/unsuisseamallorca.com\/index.php\/andraxt-a-la-trapa\/\"]}]},{\"@type\":\"ImageObject\",\"inLanguage\":\"fr-FR\",\"@id\":\"https:\/\/unsuisseamallorca.com\/index.php\/andraxt-a-la-trapa\/#primaryimage\",\"url\":\"https:\/\/unsuisseamallorca.com\/wp-content\/uploads\/2020\/05\/etapa201-sant20elm201.jpg\",\"contentUrl\":\"https:\/\/unsuisseamallorca.com\/wp-content\/uploads\/2020\/05\/etapa201-sant20elm201.jpg\",\"width\":400,\"height\":300,\"caption\":\"OLYMPUS DIGITAL CAMERA\"},{\"@type\":\"BreadcrumbList\",\"@id\":\"https:\/\/unsuisseamallorca.com\/index.php\/andraxt-a-la-trapa\/#breadcrumb\",\"itemListElement\":[{\"@type\":\"ListItem\",\"position\":1,\"name\":\"Accueil\",\"item\":\"https:\/\/unsuisseamallorca.com\/\"},{\"@type\":\"ListItem\",\"position\":2,\"name\":\"Port Andraxt \u00e0 La Trapa\"}]},{\"@type\":\"WebSite\",\"@id\":\"https:\/\/unsuisseamallorca.com\/#website\",\"url\":\"https:\/\/unsuisseamallorca.com\/\",\"name\":\"UN SUISSE A MAJORQUE\",\"description\":\"Le voyageur voit ce qu&#039;il voit, le touriste voit ce qu&#039;il est venu voir !\",\"potentialAction\":[{\"@type\":\"SearchAction\",\"target\":{\"@type\":\"EntryPoint\",\"urlTemplate\":\"https:\/\/unsuisseamallorca.com\/?s={search_term_string}\"},\"query-input\":{\"@type\":\"PropertyValueSpecification\",\"valueRequired\":true,\"valueName\":\"search_term_string\"}}],\"inLanguage\":\"fr-FR\"}]}<\/script>\n<!-- \/ Yoast SEO plugin. -->","yoast_head_json":{"title":"Port Andraxt \u00e0 La Trapa UN SUISSE A MAJORQUE","robots":{"index":"index","follow":"follow","max-snippet":"max-snippet:-1","max-image-preview":"max-image-preview:large","max-video-preview":"max-video-preview:-1"},"canonical":"https:\/\/unsuisseamallorca.com\/index.php\/andraxt-a-la-trapa\/","og_locale":"fr_FR","og_type":"article","og_title":"Port Andraxt \u00e0 La Trapa UN SUISSE A MAJORQUE","og_description":"Celui qui marche droit trouve toujours la route assez large. Le d\u00e9marrage du GR 221 dans le port d&rsquo;Andratx et les deux premi\u00e8res \u00e9tapes posent des probl\u00e8mes et il n&rsquo;est pas pr\u00e9vu d&rsquo;ouvrir le refuge de Trapa. Il faudra attendre quelques ann\u00e9es pour que \u00ab\u00a0la route principale\u00a0\u00bb du GR 221 s&rsquo;ouvre. R\u00e9sum\u00e9 de l&rsquo;\u00e9tape, cette [&hellip;]","og_url":"https:\/\/unsuisseamallorca.com\/index.php\/andraxt-a-la-trapa\/","og_site_name":"UN SUISSE A MAJORQUE","article_modified_time":"2020-05-26T13:04:33+00:00","og_image":[{"url":"https:\/\/unsuisseamallorca.com\/wp-content\/uploads\/2020\/05\/Port-Andraxt-\u00e0-La-Trappa-2.png","type":"","width":"","height":""}],"twitter_card":"summary_large_image","twitter_misc":{"Dur\u00e9e de lecture estim\u00e9e":"2 minutes"},"schema":{"@context":"https:\/\/schema.org","@graph":[{"@type":"WebPage","@id":"https:\/\/unsuisseamallorca.com\/index.php\/andraxt-a-la-trapa\/","url":"https:\/\/unsuisseamallorca.com\/index.php\/andraxt-a-la-trapa\/","name":"Port Andraxt \u00e0 La Trapa UN SUISSE A MAJORQUE","isPartOf":{"@id":"https:\/\/unsuisseamallorca.com\/#website"},"primaryImageOfPage":{"@id":"https:\/\/unsuisseamallorca.com\/index.php\/andraxt-a-la-trapa\/#primaryimage"},"image":{"@id":"https:\/\/unsuisseamallorca.com\/index.php\/andraxt-a-la-trapa\/#primaryimage"},"thumbnailUrl":"https:\/\/unsuisseamallorca.com\/wp-content\/uploads\/2020\/05\/etapa201-sant20elm201.jpg","datePublished":"2020-05-17T06:10:20+00:00","dateModified":"2020-05-26T13:04:33+00:00","breadcrumb":{"@id":"https:\/\/unsuisseamallorca.com\/index.php\/andraxt-a-la-trapa\/#breadcrumb"},"inLanguage":"fr-FR","potentialAction":[{"@type":"ReadAction","target":["https:\/\/unsuisseamallorca.com\/index.php\/andraxt-a-la-trapa\/"]}]},{"@type":"ImageObject","inLanguage":"fr-FR","@id":"https:\/\/unsuisseamallorca.com\/index.php\/andraxt-a-la-trapa\/#primaryimage","url":"https:\/\/unsuisseamallorca.com\/wp-content\/uploads\/2020\/05\/etapa201-sant20elm201.jpg","contentUrl":"https:\/\/unsuisseamallorca.com\/wp-content\/uploads\/2020\/05\/etapa201-sant20elm201.jpg","width":400,"height":300,"caption":"OLYMPUS DIGITAL CAMERA"},{"@type":"BreadcrumbList","@id":"https:\/\/unsuisseamallorca.com\/index.php\/andraxt-a-la-trapa\/#breadcrumb","itemListElement":[{"@type":"ListItem","position":1,"name":"Accueil","item":"https:\/\/unsuisseamallorca.com\/"},{"@type":"ListItem","position":2,"name":"Port Andraxt \u00e0 La Trapa"}]},{"@type":"WebSite","@id":"https:\/\/unsuisseamallorca.com\/#website","url":"https:\/\/unsuisseamallorca.com\/","name":"UN SUISSE A MAJORQUE","description":"Le voyageur voit ce qu&#039;il voit, le touriste voit ce qu&#039;il est venu voir !","potentialAction":[{"@type":"SearchAction","target":{"@type":"EntryPoint","urlTemplate":"https:\/\/unsuisseamallorca.com\/?s={search_term_string}"},"query-input":{"@type":"PropertyValueSpecification","valueRequired":true,"valueName":"search_term_string"}}],"inLanguage":"fr-FR"}]}},"_links":{"self":[{"href":"https:\/\/unsuisseamallorca.com\/index.php\/wp-json\/wp\/v2\/pages\/2947","targetHints":{"allow":["GET"]}}],"collection":[{"href":"https:\/\/unsuisseamallorca.com\/index.php\/wp-json\/wp\/v2\/pages"}],"about":[{"href":"https:\/\/unsuisseamallorca.com\/index.php\/wp-json\/wp\/v2\/types\/page"}],"author":[{"embeddable":true,"href":"https:\/\/unsuisseamallorca.com\/index.php\/wp-json\/wp\/v2\/users\/1"}],"replies":[{"embeddable":true,"href":"https:\/\/unsuisseamallorca.com\/index.php\/wp-json\/wp\/v2\/comments?post=2947"}],"version-history":[{"count":11,"href":"https:\/\/unsuisseamallorca.com\/index.php\/wp-json\/wp\/v2\/pages\/2947\/revisions"}],"predecessor-version":[{"id":3593,"href":"https:\/\/unsuisseamallorca.com\/index.php\/wp-json\/wp\/v2\/pages\/2947\/revisions\/3593"}],"wp:attachment":[{"href":"https:\/\/unsuisseamallorca.com\/index.php\/wp-json\/wp\/v2\/media?parent=2947"}],"curies":[{"name":"wp","href":"https:\/\/api.w.org\/{rel}","templated":true}]}}