{"id":22624,"date":"2023-01-23T14:43:12","date_gmt":"2023-01-23T13:43:12","guid":{"rendered":"https:\/\/unsuisseamallorca.com\/?page_id=22624"},"modified":"2023-01-24T11:41:20","modified_gmt":"2023-01-24T10:41:20","slug":"cala-en-turqueta-a-cala-galdana","status":"publish","type":"page","link":"https:\/\/unsuisseamallorca.com\/index.php\/cala-en-turqueta-a-cala-galdana\/","title":{"rendered":"Cala en Turqueta \u00e0 Cala Galdana"},"content":{"rendered":"\t\t<div data-elementor-type=\"wp-post\" data-elementor-id=\"22624\" class=\"elementor elementor-22624\" data-elementor-post-type=\"page\">\n\t\t\t\t\t\t<section class=\"elementor-section elementor-top-section elementor-element elementor-element-e9f9c3e elementor-section-boxed elementor-section-height-default elementor-section-height-default\" data-id=\"e9f9c3e\" data-element_type=\"section\" data-settings=\"{&quot;background_background&quot;:&quot;gradient&quot;,&quot;shape_divider_bottom&quot;:&quot;waves&quot;}\">\n\t\t\t\t\t\t\t<div class=\"elementor-background-overlay\"><\/div>\n\t\t\t\t\t\t<div class=\"elementor-shape elementor-shape-bottom\" aria-hidden=\"true\" data-negative=\"false\">\n\t\t\t<svg xmlns=\"http:\/\/www.w3.org\/2000\/svg\" viewBox=\"0 0 1000 100\" preserveAspectRatio=\"none\">\n\t<path class=\"elementor-shape-fill\" d=\"M421.9,6.5c22.6-2.5,51.5,0.4,75.5,5.3c23.6,4.9,70.9,23.5,100.5,35.7c75.8,32.2,133.7,44.5,192.6,49.7\n\tc23.6,2.1,48.7,3.5,103.4-2.5c54.7-6,106.2-25.6,106.2-25.6V0H0v30.3c0,0,72,32.6,158.4,30.5c39.2-0.7,92.8-6.7,134-22.4\n\tc21.2-8.1,52.2-18.2,79.7-24.2C399.3,7.9,411.6,7.5,421.9,6.5z\"\/>\n<\/svg>\t\t<\/div>\n\t\t\t\t\t<div class=\"elementor-container elementor-column-gap-default\">\n\t\t\t\t\t<div class=\"elementor-column elementor-col-100 elementor-top-column elementor-element elementor-element-285b9e6e\" data-id=\"285b9e6e\" data-element_type=\"column\">\n\t\t\t<div class=\"elementor-widget-wrap elementor-element-populated\">\n\t\t\t\t\t\t<div class=\"elementor-element elementor-element-6d2f2764 elementor-widget elementor-widget-heading\" data-id=\"6d2f2764\" data-element_type=\"widget\" data-widget_type=\"heading.default\">\n\t\t\t\t<div class=\"elementor-widget-container\">\n\t\t\t\t\t<h3 class=\"elementor-heading-title elementor-size-default\">Celui qui marche droit trouve toujours la route assez large.<\/h3>\t\t\t\t<\/div>\n\t\t\t\t<\/div>\n\t\t\t\t<div class=\"elementor-element elementor-element-4e83e4c4 elementor-widget__width-initial elementor-fixed elementor-widget elementor-widget-button\" data-id=\"4e83e4c4\" data-element_type=\"widget\" data-settings=\"{&quot;_position&quot;:&quot;fixed&quot;}\" data-widget_type=\"button.default\">\n\t\t\t\t<div class=\"elementor-widget-container\">\n\t\t\t\t\t\t\t\t\t<div class=\"elementor-button-wrapper\">\n\t\t\t\t\t<a class=\"elementor-button elementor-button-link elementor-size-md\" href=\"#\">\n\t\t\t\t\t\t<span class=\"elementor-button-content-wrapper\">\n\t\t\t\t\t\t<span class=\"elementor-button-icon\">\n\t\t\t\t<i aria-hidden=\"true\" class=\"fas fa-envelope\"><\/i>\t\t\t<\/span>\n\t\t\t\t\t\t\t\t<\/span>\n\t\t\t\t\t<\/a>\n\t\t\t\t<\/div>\n\t\t\t\t\t\t\t\t<\/div>\n\t\t\t\t<\/div>\n\t\t\t\t\t<\/div>\n\t\t<\/div>\n\t\t\t\t\t<\/div>\n\t\t<\/section>\n\t\t\t\t<section class=\"elementor-section elementor-top-section elementor-element elementor-element-8fb3332 elementor-section-boxed elementor-section-height-default elementor-section-height-default\" data-id=\"8fb3332\" data-element_type=\"section\">\n\t\t\t\t\t\t<div class=\"elementor-container elementor-column-gap-default\">\n\t\t\t\t\t<div class=\"elementor-column elementor-col-100 elementor-top-column elementor-element elementor-element-bd2c6ab\" data-id=\"bd2c6ab\" data-element_type=\"column\">\n\t\t\t<div class=\"elementor-widget-wrap elementor-element-populated\">\n\t\t\t\t\t\t<div class=\"elementor-element elementor-element-498b040 elementor-widget elementor-widget-image\" data-id=\"498b040\" data-element_type=\"widget\" data-widget_type=\"image.default\">\n\t\t\t\t<div class=\"elementor-widget-container\">\n\t\t\t\t\t\t\t\t\t\t\t\t\t\t\t<img fetchpriority=\"high\" decoding=\"async\" width=\"1024\" height=\"503\" src=\"https:\/\/unsuisseamallorca.com\/wp-content\/uploads\/2023\/01\/Carte-3-1024x503.jpg\" class=\"attachment-large size-large wp-image-22660\" alt=\"\" srcset=\"https:\/\/unsuisseamallorca.com\/wp-content\/uploads\/2023\/01\/Carte-3-1024x503.jpg 1024w, https:\/\/unsuisseamallorca.com\/wp-content\/uploads\/2023\/01\/Carte-3-300x147.jpg 300w, https:\/\/unsuisseamallorca.com\/wp-content\/uploads\/2023\/01\/Carte-3-768x377.jpg 768w, https:\/\/unsuisseamallorca.com\/wp-content\/uploads\/2023\/01\/Carte-3.jpg 1148w\" sizes=\"(max-width: 1024px) 100vw, 1024px\" \/>\t\t\t\t\t\t\t\t\t\t\t\t\t\t\t<\/div>\n\t\t\t\t<\/div>\n\t\t\t\t\t<\/div>\n\t\t<\/div>\n\t\t\t\t\t<\/div>\n\t\t<\/section>\n\t\t\t\t<section class=\"elementor-section elementor-top-section elementor-element elementor-element-96b2eab elementor-section-boxed elementor-section-height-default elementor-section-height-default\" data-id=\"96b2eab\" data-element_type=\"section\">\n\t\t\t\t\t\t<div class=\"elementor-container elementor-column-gap-default\">\n\t\t\t\t\t<div class=\"elementor-column elementor-col-100 elementor-top-column elementor-element elementor-element-89eadc4\" data-id=\"89eadc4\" data-element_type=\"column\">\n\t\t\t<div class=\"elementor-widget-wrap elementor-element-populated\">\n\t\t\t\t\t\t<div class=\"elementor-element elementor-element-cccab8c elementor-widget elementor-widget-image\" data-id=\"cccab8c\" data-element_type=\"widget\" data-widget_type=\"image.default\">\n\t\t\t\t<div class=\"elementor-widget-container\">\n\t\t\t\t\t\t\t\t\t\t\t\t\t\t\t<img decoding=\"async\" data-src=\"https:\/\/unsuisseamallorca.com\/wp-content\/uploads\/2023\/01\/Carte-b-3.jpg\" title=\"Carte b\" alt=\"Carte b\" src=\"data:image\/svg+xml;base64,PHN2ZyB3aWR0aD0iMSIgaGVpZ2h0PSIxIiB4bWxucz0iaHR0cDovL3d3dy53My5vcmcvMjAwMC9zdmciPjwvc3ZnPg==\" class=\"lazyload\" style=\"--smush-placeholder-width: 1218px; --smush-placeholder-aspect-ratio: 1218\/188;\" \/>\t\t\t\t\t\t\t\t\t\t\t\t\t\t\t<\/div>\n\t\t\t\t<\/div>\n\t\t\t\t\t<\/div>\n\t\t<\/div>\n\t\t\t\t\t<\/div>\n\t\t<\/section>\n\t\t\t\t<section class=\"elementor-section elementor-top-section elementor-element elementor-element-696727e elementor-section-boxed elementor-section-height-default elementor-section-height-default\" data-id=\"696727e\" data-element_type=\"section\">\n\t\t\t\t\t\t<div class=\"elementor-container elementor-column-gap-default\">\n\t\t\t\t\t<div class=\"elementor-column elementor-col-100 elementor-top-column elementor-element elementor-element-d8fb9d9\" data-id=\"d8fb9d9\" data-element_type=\"column\">\n\t\t\t<div class=\"elementor-widget-wrap elementor-element-populated\">\n\t\t\t\t\t\t<div class=\"elementor-element elementor-element-616869b elementor-widget elementor-widget-text-editor\" data-id=\"616869b\" data-element_type=\"widget\" data-widget_type=\"text-editor.default\">\n\t\t\t\t<div class=\"elementor-widget-container\">\n\t\t\t\t\t\t\t\t\t<p style=\"text-align: center;\"><strong><span style=\"text-align: left; color: rgba(0, 0, 0, 0.87); text-transform: none; text-indent: 0px; letter-spacing: normal; font-family: 'Roboto',arial,sans-serif; font-size: 12px; font-style: normal; font-variant: normal; text-decoration: none; word-spacing: 0px; display: inline !important; white-space: pre-wrap; orphans: 2; float: none; -webkit-text-stroke-width: 0px; background-color: #f5f5f5;\">R\u00e9sum\u00e9 de l&rsquo;\u00e9tape, cette description ne suffit pas pour faire l&rsquo;\u00e9tape. Vous en trouverez une plus d\u00e9taill\u00e9e dans les guides et cartes Alpines.<\/span><\/strong><\/p>\t\t\t\t\t\t\t\t<\/div>\n\t\t\t\t<\/div>\n\t\t\t\t\t<\/div>\n\t\t<\/div>\n\t\t\t\t\t<\/div>\n\t\t<\/section>\n\t\t\t\t<section class=\"elementor-section elementor-top-section elementor-element elementor-element-cafdab3 elementor-section-content-middle elementor-reverse-mobile elementor-section-boxed elementor-section-height-default elementor-section-height-default\" data-id=\"cafdab3\" data-element_type=\"section\">\n\t\t\t\t\t\t<div class=\"elementor-container elementor-column-gap-default\">\n\t\t\t\t\t<div class=\"elementor-column elementor-col-50 elementor-top-column elementor-element elementor-element-2e36939b\" data-id=\"2e36939b\" data-element_type=\"column\">\n\t\t\t<div class=\"elementor-widget-wrap elementor-element-populated\">\n\t\t\t\t\t\t<div class=\"elementor-element elementor-element-7d11735a elementor-widget elementor-widget-heading\" data-id=\"7d11735a\" data-element_type=\"widget\" data-widget_type=\"heading.default\">\n\t\t\t\t<div class=\"elementor-widget-container\">\n\t\t\t\t\t<h3 class=\"elementor-heading-title elementor-size-default\">Etape 13: Cala en Turqueta \u00e0 Cala Galdana<\/h3>\t\t\t\t<\/div>\n\t\t\t\t<\/div>\n\t\t\t\t<div class=\"elementor-element elementor-element-5150a8b3 elementor-widget elementor-widget-text-editor\" data-id=\"5150a8b3\" data-element_type=\"widget\" data-widget_type=\"text-editor.default\">\n\t\t\t\t<div class=\"elementor-widget-container\">\n\t\t\t\t\t\t\t\t\t<p><span tabindex=\"-1\" title=\"\" contenteditable=\"false\">Dur\u00e9e: 2h30<\/span>, 6,5 km<br \/><span title=\"\">D\u00e9nivel\u00e9: \u2191 137 m, \u2193 100 m<\/span><br \/><span title=\"\">Difficult\u00e9: facile<\/span><\/p><p>Un itin\u00e9raire de toute beaut\u00e9 en passant par les criques de Macaralleta, Macarella et Tula.<\/p><p>Les ravins sont les \u00e9l\u00e9ments les plus caract\u00e9ristiques de la partie centrale du sud de Minorque. Ils coupent l&rsquo;\u00eele verticalement et augmentent en profondeur et en largeur du nord au sud. Tout au long du parcours, nous pourrons observer un paysage tr\u00e8s changeant en raison de l&rsquo;apparition de ravins. Ainsi, nous aurons l&rsquo;occasion de d\u00e9couvrir une grande vari\u00e9t\u00e9 de v\u00e9g\u00e9tation, puisque nous passerons des environnements les plus secs aux plus ombrag\u00e9s et humides \u00e0 l&rsquo;int\u00e9rieur des ravins, o\u00f9, en plus, la v\u00e9g\u00e9tation est \u00e0 l&rsquo;abri du vent. En ce sens, ceux de Cala en Turqueta, Macarella et Algendar se distinguent. Le ch\u00eane vert est pr\u00e9sent dans toutes ces r\u00e9gions.<br \/>Parmi les criques dans lesquelles se trouvent des zones humides associ\u00e9es aux bancs de sable de la plage, se distingue celle de Macarella. Le ravin d&rsquo;Algendar, l&rsquo;un des ravins les plus importants de l&rsquo;\u00eele, se jette dans cette derni\u00e8re.<\/p><p>*LES BARRI\u00c8RES DE MINORQUE, sont des portes en bois d&rsquo;olivier sauvage (ullastre) utilis\u00e9es dans l&rsquo;environnement rural de l&rsquo;\u00eele de Minorque et qui constituent un \u00e9l\u00e9ment du patrimoine culturel de ladite \u00eele. Les barri\u00e8res minorquines ont servi \u00e0 contr\u00f4ler le passage par les portes ouvertes dans les murs en pierre s\u00e8che qui limitent les r\u00e9servoirs (chaque r\u00e9servoir est une enceinte approximativement carr\u00e9e, avec environ un hectare d&rsquo;extension, entour\u00e9e d&rsquo;un mur, qui constitue une parcelle d&rsquo;exploitation agricole \u00e0 Minorque\u00a0; le paysage rural de l&rsquo;\u00eele est compl\u00e8tement morcel\u00e9 par ces murs, qui limitent les r\u00e9servoirs). Ils ont \u00e9galement \u00e9t\u00e9 utilis\u00e9s pour prot\u00e9ger l&rsquo;entr\u00e9e des chemins priv\u00e9s qui m\u00e8nent aux maisons rurales. Ils sont g\u00e9n\u00e9ralement constitu\u00e9s de huit traverses horizontales Le processus de fabrication est traditionnellement traditionnel et a \u00e9t\u00e9 confi\u00e9 aux araders, artisans qui fabriquaient les outils agricoles, parmi lesquels se trouvaient les barri\u00e8res (qu&rsquo;ils fabriquaient \u00e9galement avec de l&rsquo;olivier sauvage). Actuellement, son utilisation s&rsquo;est propag\u00e9e au-del\u00e0 du milieu rural.<br \/>*ACEBUCHE\u200b est un olivier sauvage. C&rsquo;est une plante thermophile avec une grande r\u00e9sistance \u00e0 la s\u00e9cheresse, qui pousse sur les c\u00f4tes m\u00e9diterran\u00e9ennes. Son bois est tr\u00e8s dur et r\u00e9sistant, mais \u00e0 croissance lente et tordue, ce qui le rend difficile \u00e0 m\u00e9caniser. Gr\u00e2ce au bois utilis\u00e9, une barri\u00e8re minorquine peut atteindre vingt ans de vie.(wikipedia)<\/p>\t\t\t\t\t\t\t\t<\/div>\n\t\t\t\t<\/div>\n\t\t\t\t\t<\/div>\n\t\t<\/div>\n\t\t\t\t<div class=\"elementor-column elementor-col-50 elementor-top-column elementor-element elementor-element-3bdfeea8\" data-id=\"3bdfeea8\" data-element_type=\"column\">\n\t\t\t<div class=\"elementor-widget-wrap elementor-element-populated\">\n\t\t\t\t\t\t<div class=\"elementor-element elementor-element-92286f3 elementor-widget elementor-widget-image\" data-id=\"92286f3\" data-element_type=\"widget\" data-widget_type=\"image.default\">\n\t\t\t\t<div class=\"elementor-widget-container\">\n\t\t\t\t\t\t\t\t\t\t\t\t<figure class=\"wp-caption\">\n\t\t\t\t\t\t\t\t\t\t<img decoding=\"async\" width=\"900\" height=\"1200\" data-src=\"https:\/\/unsuisseamallorca.com\/wp-content\/uploads\/2023\/01\/55366110Master.jpg\" class=\"attachment-full size-full wp-image-22651 lazyload\" alt=\"\" data-srcset=\"https:\/\/unsuisseamallorca.com\/wp-content\/uploads\/2023\/01\/55366110Master.jpg 900w, https:\/\/unsuisseamallorca.com\/wp-content\/uploads\/2023\/01\/55366110Master-225x300.jpg 225w, https:\/\/unsuisseamallorca.com\/wp-content\/uploads\/2023\/01\/55366110Master-768x1024.jpg 768w\" data-sizes=\"(max-width: 900px) 100vw, 900px\" src=\"data:image\/svg+xml;base64,PHN2ZyB3aWR0aD0iMSIgaGVpZ2h0PSIxIiB4bWxucz0iaHR0cDovL3d3dy53My5vcmcvMjAwMC9zdmciPjwvc3ZnPg==\" style=\"--smush-placeholder-width: 900px; --smush-placeholder-aspect-ratio: 900\/1200;\" \/>\t\t\t\t\t\t\t\t\t\t\t<figcaption class=\"widget-image-caption wp-caption-text\"><\/figcaption>\n\t\t\t\t\t\t\t\t\t\t<\/figure>\n\t\t\t\t\t\t\t\t\t<\/div>\n\t\t\t\t<\/div>\n\t\t\t\t<div class=\"elementor-element elementor-element-06a2271 elementor-widget elementor-widget-image\" data-id=\"06a2271\" data-element_type=\"widget\" data-widget_type=\"image.default\">\n\t\t\t\t<div class=\"elementor-widget-container\">\n\t\t\t\t\t\t\t\t\t\t\t\t<figure class=\"wp-caption\">\n\t\t\t\t\t\t\t\t\t\t<img decoding=\"async\" width=\"900\" height=\"1200\" data-src=\"https:\/\/unsuisseamallorca.com\/wp-content\/uploads\/2023\/01\/55366125Master.jpg\" class=\"attachment-full size-full wp-image-22652 lazyload\" alt=\"\" data-srcset=\"https:\/\/unsuisseamallorca.com\/wp-content\/uploads\/2023\/01\/55366125Master.jpg 900w, https:\/\/unsuisseamallorca.com\/wp-content\/uploads\/2023\/01\/55366125Master-225x300.jpg 225w, https:\/\/unsuisseamallorca.com\/wp-content\/uploads\/2023\/01\/55366125Master-768x1024.jpg 768w\" data-sizes=\"(max-width: 900px) 100vw, 900px\" src=\"data:image\/svg+xml;base64,PHN2ZyB3aWR0aD0iMSIgaGVpZ2h0PSIxIiB4bWxucz0iaHR0cDovL3d3dy53My5vcmcvMjAwMC9zdmciPjwvc3ZnPg==\" style=\"--smush-placeholder-width: 900px; --smush-placeholder-aspect-ratio: 900\/1200;\" \/>\t\t\t\t\t\t\t\t\t\t\t<figcaption class=\"widget-image-caption wp-caption-text\"><\/figcaption>\n\t\t\t\t\t\t\t\t\t\t<\/figure>\n\t\t\t\t\t\t\t\t\t<\/div>\n\t\t\t\t<\/div>\n\t\t\t\t<div class=\"elementor-element elementor-element-83db18c elementor-widget elementor-widget-image\" data-id=\"83db18c\" data-element_type=\"widget\" data-widget_type=\"image.default\">\n\t\t\t\t<div class=\"elementor-widget-container\">\n\t\t\t\t\t\t\t\t\t\t\t\t<figure class=\"wp-caption\">\n\t\t\t\t\t\t\t\t\t\t<img decoding=\"async\" width=\"900\" height=\"1200\" data-src=\"https:\/\/unsuisseamallorca.com\/wp-content\/uploads\/2023\/01\/55366168Master.jpg\" class=\"attachment-full size-full wp-image-22654 lazyload\" alt=\"\" data-srcset=\"https:\/\/unsuisseamallorca.com\/wp-content\/uploads\/2023\/01\/55366168Master.jpg 900w, https:\/\/unsuisseamallorca.com\/wp-content\/uploads\/2023\/01\/55366168Master-225x300.jpg 225w, https:\/\/unsuisseamallorca.com\/wp-content\/uploads\/2023\/01\/55366168Master-768x1024.jpg 768w\" data-sizes=\"(max-width: 900px) 100vw, 900px\" src=\"data:image\/svg+xml;base64,PHN2ZyB3aWR0aD0iMSIgaGVpZ2h0PSIxIiB4bWxucz0iaHR0cDovL3d3dy53My5vcmcvMjAwMC9zdmciPjwvc3ZnPg==\" style=\"--smush-placeholder-width: 900px; --smush-placeholder-aspect-ratio: 900\/1200;\" \/>\t\t\t\t\t\t\t\t\t\t\t<figcaption class=\"widget-image-caption wp-caption-text\"><\/figcaption>\n\t\t\t\t\t\t\t\t\t\t<\/figure>\n\t\t\t\t\t\t\t\t\t<\/div>\n\t\t\t\t<\/div>\n\t\t\t\t<div class=\"elementor-element elementor-element-d5fe3a0 elementor-widget elementor-widget-image\" data-id=\"d5fe3a0\" data-element_type=\"widget\" data-widget_type=\"image.default\">\n\t\t\t\t<div class=\"elementor-widget-container\">\n\t\t\t\t\t\t\t\t\t\t\t\t<figure class=\"wp-caption\">\n\t\t\t\t\t\t\t\t\t\t<img decoding=\"async\" width=\"900\" height=\"1200\" data-src=\"https:\/\/unsuisseamallorca.com\/wp-content\/uploads\/2023\/01\/55366145Master.jpg\" class=\"attachment-full size-full wp-image-22653 lazyload\" alt=\"\" data-srcset=\"https:\/\/unsuisseamallorca.com\/wp-content\/uploads\/2023\/01\/55366145Master.jpg 900w, https:\/\/unsuisseamallorca.com\/wp-content\/uploads\/2023\/01\/55366145Master-225x300.jpg 225w, https:\/\/unsuisseamallorca.com\/wp-content\/uploads\/2023\/01\/55366145Master-768x1024.jpg 768w\" data-sizes=\"(max-width: 900px) 100vw, 900px\" src=\"data:image\/svg+xml;base64,PHN2ZyB3aWR0aD0iMSIgaGVpZ2h0PSIxIiB4bWxucz0iaHR0cDovL3d3dy53My5vcmcvMjAwMC9zdmciPjwvc3ZnPg==\" style=\"--smush-placeholder-width: 900px; --smush-placeholder-aspect-ratio: 900\/1200;\" \/>\t\t\t\t\t\t\t\t\t\t\t<figcaption class=\"widget-image-caption wp-caption-text\"><\/figcaption>\n\t\t\t\t\t\t\t\t\t\t<\/figure>\n\t\t\t\t\t\t\t\t\t<\/div>\n\t\t\t\t<\/div>\n\t\t\t\t<div class=\"elementor-element elementor-element-26c7b85 elementor-widget elementor-widget-image\" data-id=\"26c7b85\" data-element_type=\"widget\" data-widget_type=\"image.default\">\n\t\t\t\t<div class=\"elementor-widget-container\">\n\t\t\t\t\t\t\t\t\t\t\t\t<figure class=\"wp-caption\">\n\t\t\t\t\t\t\t\t\t\t<img decoding=\"async\" width=\"1600\" height=\"1200\" data-src=\"https:\/\/unsuisseamallorca.com\/wp-content\/uploads\/2023\/01\/74395701Master.jpg\" class=\"attachment-full size-full wp-image-22656 lazyload\" alt=\"\" data-srcset=\"https:\/\/unsuisseamallorca.com\/wp-content\/uploads\/2023\/01\/74395701Master.jpg 1600w, https:\/\/unsuisseamallorca.com\/wp-content\/uploads\/2023\/01\/74395701Master-300x225.jpg 300w, https:\/\/unsuisseamallorca.com\/wp-content\/uploads\/2023\/01\/74395701Master-1024x768.jpg 1024w, https:\/\/unsuisseamallorca.com\/wp-content\/uploads\/2023\/01\/74395701Master-768x576.jpg 768w, https:\/\/unsuisseamallorca.com\/wp-content\/uploads\/2023\/01\/74395701Master-1536x1152.jpg 1536w\" data-sizes=\"(max-width: 1600px) 100vw, 1600px\" src=\"data:image\/svg+xml;base64,PHN2ZyB3aWR0aD0iMSIgaGVpZ2h0PSIxIiB4bWxucz0iaHR0cDovL3d3dy53My5vcmcvMjAwMC9zdmciPjwvc3ZnPg==\" style=\"--smush-placeholder-width: 1600px; --smush-placeholder-aspect-ratio: 1600\/1200;\" \/>\t\t\t\t\t\t\t\t\t\t\t<figcaption class=\"widget-image-caption wp-caption-text\"><\/figcaption>\n\t\t\t\t\t\t\t\t\t\t<\/figure>\n\t\t\t\t\t\t\t\t\t<\/div>\n\t\t\t\t<\/div>\n\t\t\t\t\t<\/div>\n\t\t<\/div>\n\t\t\t\t\t<\/div>\n\t\t<\/section>\n\t\t\t\t<\/div>\n\t\t","protected":false},"excerpt":{"rendered":"<p>Celui qui marche droit trouve toujours la route assez large. R\u00e9sum\u00e9 de l&rsquo;\u00e9tape, cette description ne suffit pas pour faire l&rsquo;\u00e9tape. Vous en trouverez une plus d\u00e9taill\u00e9e dans les guides et cartes Alpines. Etape 13: Cala en Turqueta \u00e0 Cala Galdana Dur\u00e9e: 2h30, 6,5 kmD\u00e9nivel\u00e9: \u2191 137 m, \u2193 100 mDifficult\u00e9: facile Un itin\u00e9raire de [&hellip;]<\/p>\n","protected":false},"author":1,"featured_media":0,"parent":0,"menu_order":0,"comment_status":"closed","ping_status":"closed","template":"","meta":{"ocean_post_layout":"","ocean_both_sidebars_style":"","ocean_both_sidebars_content_width":0,"ocean_both_sidebars_sidebars_width":0,"ocean_sidebar":"0","ocean_second_sidebar":"0","ocean_disable_margins":"enable","ocean_add_body_class":"","ocean_shortcode_before_top_bar":"","ocean_shortcode_after_top_bar":"","ocean_shortcode_before_header":"","ocean_shortcode_after_header":"","ocean_has_shortcode":"","ocean_shortcode_after_title":"","ocean_shortcode_before_footer_widgets":"","ocean_shortcode_after_footer_widgets":"","ocean_shortcode_before_footer_bottom":"","ocean_shortcode_after_footer_bottom":"","ocean_display_top_bar":"default","ocean_display_header":"default","ocean_header_style":"","ocean_center_header_left_menu":"0","ocean_custom_header_template":"0","ocean_custom_logo":0,"ocean_custom_retina_logo":0,"ocean_custom_logo_max_width":0,"ocean_custom_logo_tablet_max_width":0,"ocean_custom_logo_mobile_max_width":0,"ocean_custom_logo_max_height":0,"ocean_custom_logo_tablet_max_height":0,"ocean_custom_logo_mobile_max_height":0,"ocean_header_custom_menu":"0","ocean_menu_typo_font_family":"0","ocean_menu_typo_font_subset":"","ocean_menu_typo_font_size":0,"ocean_menu_typo_font_size_tablet":0,"ocean_menu_typo_font_size_mobile":0,"ocean_menu_typo_font_size_unit":"px","ocean_menu_typo_font_weight":"","ocean_menu_typo_font_weight_tablet":"","ocean_menu_typo_font_weight_mobile":"","ocean_menu_typo_transform":"","ocean_menu_typo_transform_tablet":"","ocean_menu_typo_transform_mobile":"","ocean_menu_typo_line_height":0,"ocean_menu_typo_line_height_tablet":0,"ocean_menu_typo_line_height_mobile":0,"ocean_menu_typo_line_height_unit":"","ocean_menu_typo_spacing":0,"ocean_menu_typo_spacing_tablet":0,"ocean_menu_typo_spacing_mobile":0,"ocean_menu_typo_spacing_unit":"","ocean_menu_link_color":"","ocean_menu_link_color_hover":"","ocean_menu_link_color_active":"","ocean_menu_link_background":"","ocean_menu_link_hover_background":"","ocean_menu_link_active_background":"","ocean_menu_social_links_bg":"","ocean_menu_social_hover_links_bg":"","ocean_menu_social_links_color":"","ocean_menu_social_hover_links_color":"","ocean_disable_title":"default","ocean_disable_heading":"default","ocean_post_title":"","ocean_post_subheading":"","ocean_post_title_style":"","ocean_post_title_background_color":"","ocean_post_title_background":0,"ocean_post_title_bg_image_position":"","ocean_post_title_bg_image_attachment":"","ocean_post_title_bg_image_repeat":"","ocean_post_title_bg_image_size":"","ocean_post_title_height":0,"ocean_post_title_bg_overlay":0.5,"ocean_post_title_bg_overlay_color":"","ocean_disable_breadcrumbs":"default","ocean_breadcrumbs_color":"","ocean_breadcrumbs_separator_color":"","ocean_breadcrumbs_links_color":"","ocean_breadcrumbs_links_hover_color":"","ocean_display_footer_widgets":"default","ocean_display_footer_bottom":"default","ocean_custom_footer_template":"0","footnotes":""},"class_list":["post-22624","page","type-page","status-publish","hentry","entry"],"yoast_head":"<!-- This site is optimized with the Yoast SEO plugin v26.4 - https:\/\/yoast.com\/wordpress\/plugins\/seo\/ -->\n<title>Cala en Turqueta \u00e0 Cala Galdana UN SUISSE A MAJORQUE<\/title>\n<meta name=\"robots\" content=\"index, follow, max-snippet:-1, max-image-preview:large, max-video-preview:-1\" \/>\n<link rel=\"canonical\" href=\"https:\/\/unsuisseamallorca.com\/index.php\/cala-en-turqueta-a-cala-galdana\/\" \/>\n<meta property=\"og:locale\" content=\"fr_FR\" \/>\n<meta property=\"og:type\" content=\"article\" \/>\n<meta property=\"og:title\" content=\"Cala en Turqueta \u00e0 Cala Galdana UN SUISSE A MAJORQUE\" \/>\n<meta property=\"og:description\" content=\"Celui qui marche droit trouve toujours la route assez large. R\u00e9sum\u00e9 de l&rsquo;\u00e9tape, cette description ne suffit pas pour faire l&rsquo;\u00e9tape. Vous en trouverez une plus d\u00e9taill\u00e9e dans les guides et cartes Alpines. Etape 13: Cala en Turqueta \u00e0 Cala Galdana Dur\u00e9e: 2h30, 6,5 kmD\u00e9nivel\u00e9: \u2191 137 m, \u2193 100 mDifficult\u00e9: facile Un itin\u00e9raire de [&hellip;]\" \/>\n<meta property=\"og:url\" content=\"https:\/\/unsuisseamallorca.com\/index.php\/cala-en-turqueta-a-cala-galdana\/\" \/>\n<meta property=\"og:site_name\" content=\"UN SUISSE A MAJORQUE\" \/>\n<meta property=\"article:modified_time\" content=\"2023-01-24T10:41:20+00:00\" \/>\n<meta property=\"og:image\" content=\"https:\/\/unsuisseamallorca.com\/wp-content\/uploads\/2023\/01\/Carte-3-1024x503.jpg\" \/>\n<meta name=\"twitter:card\" content=\"summary_large_image\" \/>\n<meta name=\"twitter:label1\" content=\"Dur\u00e9e de lecture estim\u00e9e\" \/>\n\t<meta name=\"twitter:data1\" content=\"3 minutes\" \/>\n<script type=\"application\/ld+json\" class=\"yoast-schema-graph\">{\"@context\":\"https:\/\/schema.org\",\"@graph\":[{\"@type\":\"WebPage\",\"@id\":\"https:\/\/unsuisseamallorca.com\/index.php\/cala-en-turqueta-a-cala-galdana\/\",\"url\":\"https:\/\/unsuisseamallorca.com\/index.php\/cala-en-turqueta-a-cala-galdana\/\",\"name\":\"Cala en Turqueta \u00e0 Cala Galdana UN SUISSE A MAJORQUE\",\"isPartOf\":{\"@id\":\"https:\/\/unsuisseamallorca.com\/#website\"},\"primaryImageOfPage\":{\"@id\":\"https:\/\/unsuisseamallorca.com\/index.php\/cala-en-turqueta-a-cala-galdana\/#primaryimage\"},\"image\":{\"@id\":\"https:\/\/unsuisseamallorca.com\/index.php\/cala-en-turqueta-a-cala-galdana\/#primaryimage\"},\"thumbnailUrl\":\"https:\/\/unsuisseamallorca.com\/wp-content\/uploads\/2023\/01\/Carte-3-1024x503.jpg\",\"datePublished\":\"2023-01-23T13:43:12+00:00\",\"dateModified\":\"2023-01-24T10:41:20+00:00\",\"breadcrumb\":{\"@id\":\"https:\/\/unsuisseamallorca.com\/index.php\/cala-en-turqueta-a-cala-galdana\/#breadcrumb\"},\"inLanguage\":\"fr-FR\",\"potentialAction\":[{\"@type\":\"ReadAction\",\"target\":[\"https:\/\/unsuisseamallorca.com\/index.php\/cala-en-turqueta-a-cala-galdana\/\"]}]},{\"@type\":\"ImageObject\",\"inLanguage\":\"fr-FR\",\"@id\":\"https:\/\/unsuisseamallorca.com\/index.php\/cala-en-turqueta-a-cala-galdana\/#primaryimage\",\"url\":\"https:\/\/unsuisseamallorca.com\/wp-content\/uploads\/2023\/01\/Carte-3.jpg\",\"contentUrl\":\"https:\/\/unsuisseamallorca.com\/wp-content\/uploads\/2023\/01\/Carte-3.jpg\",\"width\":1148,\"height\":564},{\"@type\":\"BreadcrumbList\",\"@id\":\"https:\/\/unsuisseamallorca.com\/index.php\/cala-en-turqueta-a-cala-galdana\/#breadcrumb\",\"itemListElement\":[{\"@type\":\"ListItem\",\"position\":1,\"name\":\"Accueil\",\"item\":\"https:\/\/unsuisseamallorca.com\/\"},{\"@type\":\"ListItem\",\"position\":2,\"name\":\"Cala en Turqueta \u00e0 Cala Galdana\"}]},{\"@type\":\"WebSite\",\"@id\":\"https:\/\/unsuisseamallorca.com\/#website\",\"url\":\"https:\/\/unsuisseamallorca.com\/\",\"name\":\"UN SUISSE A MAJORQUE\",\"description\":\"Le voyageur voit ce qu&#039;il voit, le touriste voit ce qu&#039;il est venu voir !\",\"potentialAction\":[{\"@type\":\"SearchAction\",\"target\":{\"@type\":\"EntryPoint\",\"urlTemplate\":\"https:\/\/unsuisseamallorca.com\/?s={search_term_string}\"},\"query-input\":{\"@type\":\"PropertyValueSpecification\",\"valueRequired\":true,\"valueName\":\"search_term_string\"}}],\"inLanguage\":\"fr-FR\"}]}<\/script>\n<!-- \/ Yoast SEO plugin. -->","yoast_head_json":{"title":"Cala en Turqueta \u00e0 Cala Galdana UN SUISSE A MAJORQUE","robots":{"index":"index","follow":"follow","max-snippet":"max-snippet:-1","max-image-preview":"max-image-preview:large","max-video-preview":"max-video-preview:-1"},"canonical":"https:\/\/unsuisseamallorca.com\/index.php\/cala-en-turqueta-a-cala-galdana\/","og_locale":"fr_FR","og_type":"article","og_title":"Cala en Turqueta \u00e0 Cala Galdana UN SUISSE A MAJORQUE","og_description":"Celui qui marche droit trouve toujours la route assez large. R\u00e9sum\u00e9 de l&rsquo;\u00e9tape, cette description ne suffit pas pour faire l&rsquo;\u00e9tape. Vous en trouverez une plus d\u00e9taill\u00e9e dans les guides et cartes Alpines. Etape 13: Cala en Turqueta \u00e0 Cala Galdana Dur\u00e9e: 2h30, 6,5 kmD\u00e9nivel\u00e9: \u2191 137 m, \u2193 100 mDifficult\u00e9: facile Un itin\u00e9raire de [&hellip;]","og_url":"https:\/\/unsuisseamallorca.com\/index.php\/cala-en-turqueta-a-cala-galdana\/","og_site_name":"UN SUISSE A MAJORQUE","article_modified_time":"2023-01-24T10:41:20+00:00","og_image":[{"url":"https:\/\/unsuisseamallorca.com\/wp-content\/uploads\/2023\/01\/Carte-3-1024x503.jpg","type":"","width":"","height":""}],"twitter_card":"summary_large_image","twitter_misc":{"Dur\u00e9e de lecture estim\u00e9e":"3 minutes"},"schema":{"@context":"https:\/\/schema.org","@graph":[{"@type":"WebPage","@id":"https:\/\/unsuisseamallorca.com\/index.php\/cala-en-turqueta-a-cala-galdana\/","url":"https:\/\/unsuisseamallorca.com\/index.php\/cala-en-turqueta-a-cala-galdana\/","name":"Cala en Turqueta \u00e0 Cala Galdana UN SUISSE A MAJORQUE","isPartOf":{"@id":"https:\/\/unsuisseamallorca.com\/#website"},"primaryImageOfPage":{"@id":"https:\/\/unsuisseamallorca.com\/index.php\/cala-en-turqueta-a-cala-galdana\/#primaryimage"},"image":{"@id":"https:\/\/unsuisseamallorca.com\/index.php\/cala-en-turqueta-a-cala-galdana\/#primaryimage"},"thumbnailUrl":"https:\/\/unsuisseamallorca.com\/wp-content\/uploads\/2023\/01\/Carte-3-1024x503.jpg","datePublished":"2023-01-23T13:43:12+00:00","dateModified":"2023-01-24T10:41:20+00:00","breadcrumb":{"@id":"https:\/\/unsuisseamallorca.com\/index.php\/cala-en-turqueta-a-cala-galdana\/#breadcrumb"},"inLanguage":"fr-FR","potentialAction":[{"@type":"ReadAction","target":["https:\/\/unsuisseamallorca.com\/index.php\/cala-en-turqueta-a-cala-galdana\/"]}]},{"@type":"ImageObject","inLanguage":"fr-FR","@id":"https:\/\/unsuisseamallorca.com\/index.php\/cala-en-turqueta-a-cala-galdana\/#primaryimage","url":"https:\/\/unsuisseamallorca.com\/wp-content\/uploads\/2023\/01\/Carte-3.jpg","contentUrl":"https:\/\/unsuisseamallorca.com\/wp-content\/uploads\/2023\/01\/Carte-3.jpg","width":1148,"height":564},{"@type":"BreadcrumbList","@id":"https:\/\/unsuisseamallorca.com\/index.php\/cala-en-turqueta-a-cala-galdana\/#breadcrumb","itemListElement":[{"@type":"ListItem","position":1,"name":"Accueil","item":"https:\/\/unsuisseamallorca.com\/"},{"@type":"ListItem","position":2,"name":"Cala en Turqueta \u00e0 Cala Galdana"}]},{"@type":"WebSite","@id":"https:\/\/unsuisseamallorca.com\/#website","url":"https:\/\/unsuisseamallorca.com\/","name":"UN SUISSE A MAJORQUE","description":"Le voyageur voit ce qu&#039;il voit, le touriste voit ce qu&#039;il est venu voir !","potentialAction":[{"@type":"SearchAction","target":{"@type":"EntryPoint","urlTemplate":"https:\/\/unsuisseamallorca.com\/?s={search_term_string}"},"query-input":{"@type":"PropertyValueSpecification","valueRequired":true,"valueName":"search_term_string"}}],"inLanguage":"fr-FR"}]}},"_links":{"self":[{"href":"https:\/\/unsuisseamallorca.com\/index.php\/wp-json\/wp\/v2\/pages\/22624","targetHints":{"allow":["GET"]}}],"collection":[{"href":"https:\/\/unsuisseamallorca.com\/index.php\/wp-json\/wp\/v2\/pages"}],"about":[{"href":"https:\/\/unsuisseamallorca.com\/index.php\/wp-json\/wp\/v2\/types\/page"}],"author":[{"embeddable":true,"href":"https:\/\/unsuisseamallorca.com\/index.php\/wp-json\/wp\/v2\/users\/1"}],"replies":[{"embeddable":true,"href":"https:\/\/unsuisseamallorca.com\/index.php\/wp-json\/wp\/v2\/comments?post=22624"}],"version-history":[{"count":10,"href":"https:\/\/unsuisseamallorca.com\/index.php\/wp-json\/wp\/v2\/pages\/22624\/revisions"}],"predecessor-version":[{"id":22949,"href":"https:\/\/unsuisseamallorca.com\/index.php\/wp-json\/wp\/v2\/pages\/22624\/revisions\/22949"}],"wp:attachment":[{"href":"https:\/\/unsuisseamallorca.com\/index.php\/wp-json\/wp\/v2\/media?parent=22624"}],"curies":[{"name":"wp","href":"https:\/\/api.w.org\/{rel}","templated":true}]}}