{"id":2147,"date":"2020-04-06T08:37:16","date_gmt":"2020-04-06T06:37:16","guid":{"rendered":"https:\/\/unsuisseamallorca.com\/?page_id=2147"},"modified":"2020-04-12T09:50:48","modified_gmt":"2020-04-12T07:50:48","slug":"de-sestanyol-a-sa-rapita","status":"publish","type":"page","link":"https:\/\/unsuisseamallorca.com\/index.php\/de-sestanyol-a-sa-rapita\/","title":{"rendered":"De S&rsquo;Estanyol \u00e0 Ses Covetes"},"content":{"rendered":"\t\t<div data-elementor-type=\"wp-page\" data-elementor-id=\"2147\" class=\"elementor elementor-2147\" data-elementor-post-type=\"page\">\n\t\t\t\t\t\t<section class=\"elementor-section elementor-top-section elementor-element elementor-element-2984a6c0 elementor-section-height-full elementor-section-boxed elementor-section-height-default elementor-section-items-middle\" data-id=\"2984a6c0\" data-element_type=\"section\" data-settings=\"{&quot;background_background&quot;:&quot;video&quot;}\">\n\t\t\t\t\t\t\t<div class=\"elementor-background-overlay\"><\/div>\n\t\t\t\t\t\t\t<div class=\"elementor-container elementor-column-gap-default\">\n\t\t\t\t\t<div class=\"elementor-column elementor-col-100 elementor-top-column elementor-element elementor-element-3c067397\" data-id=\"3c067397\" data-element_type=\"column\">\n\t\t\t<div class=\"elementor-widget-wrap elementor-element-populated\">\n\t\t\t\t\t\t<div class=\"elementor-element elementor-element-72b3b761 elementor-widget elementor-widget-heading\" data-id=\"72b3b761\" data-element_type=\"widget\" data-widget_type=\"heading.default\">\n\t\t\t\t<div class=\"elementor-widget-container\">\n\t\t\t\t\t<h2 class=\"elementor-heading-title elementor-size-large\">A l'ouest de Colonia Sant Jordi<\/h2>\t\t\t\t<\/div>\n\t\t\t\t<\/div>\n\t\t\t\t<section class=\"elementor-section elementor-inner-section elementor-element elementor-element-583c0dc3 elementor-section-content-space-between elementor-section-boxed elementor-section-height-default elementor-section-height-default\" data-id=\"583c0dc3\" data-element_type=\"section\" data-settings=\"{&quot;background_background&quot;:&quot;none&quot;}\">\n\t\t\t\t\t\t<div class=\"elementor-container elementor-column-gap-no\">\n\t\t\t\t\t<div class=\"elementor-column elementor-col-100 elementor-inner-column elementor-element elementor-element-1ccf4e8b\" data-id=\"1ccf4e8b\" data-element_type=\"column\" data-settings=\"{&quot;background_background&quot;:&quot;classic&quot;}\">\n\t\t\t<div class=\"elementor-widget-wrap elementor-element-populated\">\n\t\t\t\t\t\t<div class=\"elementor-element elementor-element-ec7fc35 elementor-widget elementor-widget-text-editor\" data-id=\"ec7fc35\" data-element_type=\"widget\" data-widget_type=\"text-editor.default\">\n\t\t\t\t<div class=\"elementor-widget-container\">\n\t\t\t\t\t\t\t\t\t<p>Randonn\u00e9e en deux parties : La premi\u00e8re le long de la route jusqu&rsquo;\u00e0 Sa Rapita, l\u00e0 prendre par le port pour arriver \u00e0 la deuxi\u00e8me partie le long de la plage jusqu&rsquo;\u00e0 Ses Covetes.<\/p>\t\t\t\t\t\t\t\t<\/div>\n\t\t\t\t<\/div>\n\t\t\t\t<div class=\"elementor-element elementor-element-28f071a9 elementor-widget elementor-widget-heading\" data-id=\"28f071a9\" data-element_type=\"widget\" data-widget_type=\"heading.default\">\n\t\t\t\t<div class=\"elementor-widget-container\">\n\t\t\t\t\t<h2 class=\"elementor-heading-title elementor-size-large\">De S'Estanyol \u00e0     Ses Covetes<\/h2>\t\t\t\t<\/div>\n\t\t\t\t<\/div>\n\t\t\t\t<div class=\"elementor-element elementor-element-b637bbc elementor-widget elementor-widget-text-editor\" data-id=\"b637bbc\" data-element_type=\"widget\" data-widget_type=\"text-editor.default\">\n\t\t\t\t<div class=\"elementor-widget-container\">\n\t\t\t\t\t\t\t\t\t<p>3\u00a0 heures\u00a0 de\u00a0 marche &#8211; 12 Km &#8211; En boucle\u00a0<\/p>\t\t\t\t\t\t\t\t<\/div>\n\t\t\t\t<\/div>\n\t\t\t\t<div class=\"elementor-element elementor-element-c0eaa6 elementor-align-center elementor-widget elementor-widget-button\" data-id=\"c0eaa6\" data-element_type=\"widget\" data-widget_type=\"button.default\">\n\t\t\t\t<div class=\"elementor-widget-container\">\n\t\t\t\t\t\t\t\t\t<div class=\"elementor-button-wrapper\">\n\t\t\t\t\t<a class=\"elementor-button elementor-button-link elementor-size-sm\" href=\"https:\/\/unsuisseamallorca.com\/?page_id=2412&#038;preview=true\" target=\"_blank\">\n\t\t\t\t\t\t<span class=\"elementor-button-content-wrapper\">\n\t\t\t\t\t\t<span class=\"elementor-button-icon\">\n\t\t\t\t<i aria-hidden=\"true\" class=\"fas fa-arrow-right\"><\/i>\t\t\t<\/span>\n\t\t\t\t\t\t\t\t\t<span class=\"elementor-button-text\">plus de details ?<\/span>\n\t\t\t\t\t<\/span>\n\t\t\t\t\t<\/a>\n\t\t\t\t<\/div>\n\t\t\t\t\t\t\t\t<\/div>\n\t\t\t\t<\/div>\n\t\t\t\t\t<\/div>\n\t\t<\/div>\n\t\t\t\t\t<\/div>\n\t\t<\/section>\n\t\t\t\t\t<\/div>\n\t\t<\/div>\n\t\t\t\t\t<\/div>\n\t\t<\/section>\n\t\t\t\t<section class=\"elementor-section elementor-top-section elementor-element elementor-element-2e891403 elementor-section-content-middle elementor-section-boxed elementor-section-height-default elementor-section-height-default\" data-id=\"2e891403\" data-element_type=\"section\" data-settings=\"{&quot;background_background&quot;:&quot;classic&quot;}\">\n\t\t\t\t\t\t<div class=\"elementor-container elementor-column-gap-default\">\n\t\t\t\t\t<div class=\"elementor-column elementor-col-100 elementor-top-column elementor-element elementor-element-747af35b\" data-id=\"747af35b\" data-element_type=\"column\">\n\t\t\t<div class=\"elementor-widget-wrap elementor-element-populated\">\n\t\t\t\t\t\t<div class=\"elementor-element elementor-element-7807ba2d elementor-widget elementor-widget-heading\" data-id=\"7807ba2d\" data-element_type=\"widget\" data-widget_type=\"heading.default\">\n\t\t\t\t<div class=\"elementor-widget-container\">\n\t\t\t\t\t<h2 class=\"elementor-heading-title elementor-size-large\">Joli bord de mer bord\u00e9 par la route et des maisons, pas besoin de ravitaillement il y a plein d'aoccasion de se ravitailler en produits locaux. Le retour peux se faire par bus.<\/h2>\t\t\t\t<\/div>\n\t\t\t\t<\/div>\n\t\t\t\t\t<\/div>\n\t\t<\/div>\n\t\t\t\t\t<\/div>\n\t\t<\/section>\n\t\t\t\t<section class=\"elementor-section elementor-top-section elementor-element elementor-element-bcb36c3 elementor-section-boxed elementor-section-height-default elementor-section-height-default\" data-id=\"bcb36c3\" data-element_type=\"section\" data-settings=\"{&quot;background_background&quot;:&quot;classic&quot;}\">\n\t\t\t\t\t\t<div class=\"elementor-container elementor-column-gap-narrow\">\n\t\t\t\t\t<div class=\"elementor-column elementor-col-33 elementor-top-column elementor-element elementor-element-1310b478\" data-id=\"1310b478\" data-element_type=\"column\">\n\t\t\t<div class=\"elementor-widget-wrap elementor-element-populated\">\n\t\t\t\t\t\t<div class=\"elementor-element elementor-element-71dab415 elementor-icon-list--layout-traditional elementor-list-item-link-full_width elementor-widget elementor-widget-icon-list\" data-id=\"71dab415\" data-element_type=\"widget\" data-widget_type=\"icon-list.default\">\n\t\t\t\t<div class=\"elementor-widget-container\">\n\t\t\t\t\t\t\t<ul class=\"elementor-icon-list-items\">\n\t\t\t\t\t\t\t<li class=\"elementor-icon-list-item\">\n\t\t\t\t\t\t\t\t\t\t\t<span class=\"elementor-icon-list-icon\">\n\t\t\t\t\t\t\t<i aria-hidden=\"true\" class=\"fas fa-check\"><\/i>\t\t\t\t\t\t<\/span>\n\t\t\t\t\t\t\t\t\t\t<span class=\"elementor-icon-list-text\">S'estanyol de Migjorn<\/span>\n\t\t\t\t\t\t\t\t\t<\/li>\n\t\t\t\t\t\t<\/ul>\n\t\t\t\t\t\t<\/div>\n\t\t\t\t<\/div>\n\t\t\t\t<div class=\"elementor-element elementor-element-4a197ccf elementor-widget elementor-widget-text-editor\" data-id=\"4a197ccf\" data-element_type=\"widget\" data-widget_type=\"text-editor.default\">\n\t\t\t\t<div class=\"elementor-widget-container\">\n\t\t\t\t\t\t\t\t\t<p><span title=\"\">Petite station baln\u00e9aire entre la pointe de Punta Plana et Sa Rapita. La station s&rsquo;est d\u00e9velopp\u00e9e sur une ancienne \u00ab\u00a0possessio\u00a0\u00bb, ce sont les habitants fortun\u00e9s de Llumajor qui y construisirent des maisons d&rsquo;\u00e9t\u00e9. En 1900 il y avait que 9 cabanes de p\u00eacheurs. \u00c0 l&#8217;embouchure d&rsquo;un ruisseau \u00ab\u00a0Torrent de Garonda\u00a0\u00bb, celui-ci n&rsquo;arrive pas \u00e0 s&rsquo;\u00e9couler jusqu&rsquo;\u00e0 la mer et a form\u00e9 une zone humide de v\u00e9g\u00e9tation aquatique qui est \u00e0 l&rsquo;origine de S&rsquo;Estanyol de Migjorn qui signifie \u00ab\u00a0l&rsquo;\u00e9tang du midi\u00a0\u00bb.<\/span><\/p>\t\t\t\t\t\t\t\t<\/div>\n\t\t\t\t<\/div>\n\t\t\t\t<div class=\"elementor-element elementor-element-c3a3a92 elementor-widget-divider--view-line elementor-widget elementor-widget-divider\" data-id=\"c3a3a92\" data-element_type=\"widget\" data-widget_type=\"divider.default\">\n\t\t\t\t<div class=\"elementor-widget-container\">\n\t\t\t\t\t\t\t<div class=\"elementor-divider\">\n\t\t\t<span class=\"elementor-divider-separator\">\n\t\t\t\t\t\t<\/span>\n\t\t<\/div>\n\t\t\t\t\t\t<\/div>\n\t\t\t\t<\/div>\n\t\t\t\t\t<\/div>\n\t\t<\/div>\n\t\t\t\t<div class=\"elementor-column elementor-col-33 elementor-top-column elementor-element elementor-element-60f57714\" data-id=\"60f57714\" data-element_type=\"column\">\n\t\t\t<div class=\"elementor-widget-wrap elementor-element-populated\">\n\t\t\t\t\t\t<div class=\"elementor-element elementor-element-3c55ae9e elementor-icon-list--layout-traditional elementor-list-item-link-full_width elementor-widget elementor-widget-icon-list\" data-id=\"3c55ae9e\" data-element_type=\"widget\" data-widget_type=\"icon-list.default\">\n\t\t\t\t<div class=\"elementor-widget-container\">\n\t\t\t\t\t\t\t<ul class=\"elementor-icon-list-items\">\n\t\t\t\t\t\t\t<li class=\"elementor-icon-list-item\">\n\t\t\t\t\t\t\t\t\t\t\t<span class=\"elementor-icon-list-icon\">\n\t\t\t\t\t\t\t<i aria-hidden=\"true\" class=\"fas fa-check\"><\/i>\t\t\t\t\t\t<\/span>\n\t\t\t\t\t\t\t\t\t\t<span class=\"elementor-icon-list-text\">Sa Rapita<\/span>\n\t\t\t\t\t\t\t\t\t<\/li>\n\t\t\t\t\t\t<\/ul>\n\t\t\t\t\t\t<\/div>\n\t\t\t\t<\/div>\n\t\t\t\t<div class=\"elementor-element elementor-element-78d41eb9 elementor-widget elementor-widget-text-editor\" data-id=\"78d41eb9\" data-element_type=\"widget\" data-widget_type=\"text-editor.default\">\n\t\t\t\t<div class=\"elementor-widget-container\">\n\t\t\t\t\t\t\t\t\t<p>Est une station baln\u00e9aire tranquille et un peu vieillotte jusqu&rsquo;\u00e0 ces derni\u00e8res ann\u00e9es o\u00f9 de nouvelles constructions derri\u00e8re le port lui redonnent un nouvel \u00e9lan. Le port de plaisance est tr\u00e8s fr\u00e9quent\u00e9 et attenant \u00e0 une plage de sable fin qui va jusqu&rsquo;\u00e0 Ses Covetes.<\/p>\t\t\t\t\t\t\t\t<\/div>\n\t\t\t\t<\/div>\n\t\t\t\t<div class=\"elementor-element elementor-element-7e12d56b elementor-widget-divider--view-line elementor-widget elementor-widget-divider\" data-id=\"7e12d56b\" data-element_type=\"widget\" data-widget_type=\"divider.default\">\n\t\t\t\t<div class=\"elementor-widget-container\">\n\t\t\t\t\t\t\t<div class=\"elementor-divider\">\n\t\t\t<span class=\"elementor-divider-separator\">\n\t\t\t\t\t\t<\/span>\n\t\t<\/div>\n\t\t\t\t\t\t<\/div>\n\t\t\t\t<\/div>\n\t\t\t\t\t<\/div>\n\t\t<\/div>\n\t\t\t\t<div class=\"elementor-column elementor-col-33 elementor-top-column elementor-element elementor-element-22c416c7\" data-id=\"22c416c7\" data-element_type=\"column\">\n\t\t\t<div class=\"elementor-widget-wrap elementor-element-populated\">\n\t\t\t\t\t\t<div class=\"elementor-element elementor-element-7074b46c elementor-icon-list--layout-traditional elementor-list-item-link-full_width elementor-widget elementor-widget-icon-list\" data-id=\"7074b46c\" data-element_type=\"widget\" data-widget_type=\"icon-list.default\">\n\t\t\t\t<div class=\"elementor-widget-container\">\n\t\t\t\t\t\t\t<ul class=\"elementor-icon-list-items\">\n\t\t\t\t\t\t\t<li class=\"elementor-icon-list-item\">\n\t\t\t\t\t\t\t\t\t\t\t<span class=\"elementor-icon-list-icon\">\n\t\t\t\t\t\t\t<i aria-hidden=\"true\" class=\"fas fa-check\"><\/i>\t\t\t\t\t\t<\/span>\n\t\t\t\t\t\t\t\t\t\t<span class=\"elementor-icon-list-text\">Ses Covetes<\/span>\n\t\t\t\t\t\t\t\t\t<\/li>\n\t\t\t\t\t\t<\/ul>\n\t\t\t\t\t\t<\/div>\n\t\t\t\t<\/div>\n\t\t\t\t<div class=\"elementor-element elementor-element-5fd0d306 elementor-widget elementor-widget-text-editor\" data-id=\"5fd0d306\" data-element_type=\"widget\" data-widget_type=\"text-editor.default\">\n\t\t\t\t<div class=\"elementor-widget-container\">\n\t\t\t\t\t\t\t\t\t<p>Ses Covetes a \u00e9t\u00e9 construit sur un \u00e9peron rocheux de 600 m\u00e8tres de long dans une zone prot\u00e9g\u00e9e. Son expansion est aujourd\u2019hui stopp\u00e9e par voie judiciaire.\u00a0Ses Covetes est l\u00e9g\u00e8rement isol\u00e9e. On raconte que son nom provient des caves fun\u00e9raires de la p\u00e9riode talayotique recens\u00e9es dans le secteur. Sa pente douce et son sable fin en font un lieu id\u00e9al pour se reposer des tumultes environnants.<\/p><p>\u00a0<\/p>\t\t\t\t\t\t\t\t<\/div>\n\t\t\t\t<\/div>\n\t\t\t\t<div class=\"elementor-element elementor-element-311d6488 elementor-widget-divider--view-line elementor-widget elementor-widget-divider\" data-id=\"311d6488\" data-element_type=\"widget\" data-widget_type=\"divider.default\">\n\t\t\t\t<div class=\"elementor-widget-container\">\n\t\t\t\t\t\t\t<div class=\"elementor-divider\">\n\t\t\t<span class=\"elementor-divider-separator\">\n\t\t\t\t\t\t<\/span>\n\t\t<\/div>\n\t\t\t\t\t\t<\/div>\n\t\t\t\t<\/div>\n\t\t\t\t\t<\/div>\n\t\t<\/div>\n\t\t\t\t\t<\/div>\n\t\t<\/section>\n\t\t\t\t<section class=\"elementor-section elementor-top-section elementor-element elementor-element-77d695f elementor-section-content-middle elementor-section-boxed elementor-section-height-default elementor-section-height-default\" data-id=\"77d695f\" data-element_type=\"section\">\n\t\t\t\t\t\t<div class=\"elementor-container elementor-column-gap-no\">\n\t\t\t\t\t<div class=\"elementor-column elementor-col-100 elementor-top-column elementor-element elementor-element-6772a162\" data-id=\"6772a162\" data-element_type=\"column\">\n\t\t\t<div class=\"elementor-widget-wrap elementor-element-populated\">\n\t\t\t\t\t\t<div class=\"elementor-element elementor-element-dba7b2 elementor-widget elementor-widget-heading\" data-id=\"dba7b2\" data-element_type=\"widget\" data-widget_type=\"heading.default\">\n\t\t\t\t<div class=\"elementor-widget-container\">\n\t\t\t\t\t<h4 class=\"elementor-heading-title elementor-size-default\">Vues le long de la randonn\u00e9e<\/h4>\t\t\t\t<\/div>\n\t\t\t\t<\/div>\n\t\t\t\t<div class=\"elementor-element elementor-element-59a4f099 elementor-widget elementor-widget-heading\" data-id=\"59a4f099\" data-element_type=\"widget\" data-widget_type=\"heading.default\">\n\t\t\t\t<div class=\"elementor-widget-container\">\n\t\t\t\t\t<h5 class=\"elementor-heading-title elementor-size-default\">Cliquez sur les photos pour agrandir<\/h5>\t\t\t\t<\/div>\n\t\t\t\t<\/div>\n\t\t\t\t<div class=\"elementor-element elementor-element-43a66abf gallery-spacing-custom elementor-widget elementor-widget-image-gallery\" data-id=\"43a66abf\" data-element_type=\"widget\" data-widget_type=\"image-gallery.default\">\n\t\t\t\t<div class=\"elementor-widget-container\">\n\t\t\t\t\t\t\t<div class=\"elementor-image-gallery\">\n\t\t\t<div id='gallery-1' class='gallery galleryid-2147 gallery-columns-3 gallery-size-medium'><figure class='gallery-item'>\n\t\t\t<div class='gallery-icon landscape'>\n\t\t\t\t<a data-elementor-open-lightbox=\"yes\" data-elementor-lightbox-slideshow=\"43a66abf\" data-elementor-lightbox-title=\"DCIM100MEDIADJI_0662.JPG\" data-e-action-hash=\"#elementor-action%3Aaction%3Dlightbox%26settings%3DeyJpZCI6MjQwNCwidXJsIjoiaHR0cHM6XC9cL3Vuc3Vpc3NlYW1hbGxvcmNhLmNvbVwvd3AtY29udGVudFwvdXBsb2Fkc1wvMjAyMFwvMDRcL0RKSV8wNjYyLXNjYWxlZC5qcGciLCJzbGlkZXNob3ciOiI0M2E2NmFiZiJ9\" href='https:\/\/unsuisseamallorca.com\/wp-content\/uploads\/2020\/04\/DJI_0662-scaled.jpg'><img fetchpriority=\"high\" decoding=\"async\" width=\"300\" height=\"225\" src=\"https:\/\/unsuisseamallorca.com\/wp-content\/uploads\/2020\/04\/DJI_0662-300x225.jpg\" class=\"attachment-medium size-medium\" alt=\"\" aria-describedby=\"gallery-1-2404\" srcset=\"https:\/\/unsuisseamallorca.com\/wp-content\/uploads\/2020\/04\/DJI_0662-300x225.jpg 300w, https:\/\/unsuisseamallorca.com\/wp-content\/uploads\/2020\/04\/DJI_0662-1024x768.jpg 1024w, https:\/\/unsuisseamallorca.com\/wp-content\/uploads\/2020\/04\/DJI_0662-768x576.jpg 768w, https:\/\/unsuisseamallorca.com\/wp-content\/uploads\/2020\/04\/DJI_0662-1536x1152.jpg 1536w, https:\/\/unsuisseamallorca.com\/wp-content\/uploads\/2020\/04\/DJI_0662-2048x1536.jpg 2048w, https:\/\/unsuisseamallorca.com\/wp-content\/uploads\/2020\/04\/DJI_0662-scaled.jpg 2560w\" sizes=\"(max-width: 300px) 100vw, 300px\" \/><\/a>\n\t\t\t<\/div>\n\t\t\t\t<figcaption class='wp-caption-text gallery-caption' id='gallery-1-2404'>\n\t\t\t\tDCIM100MEDIADJI_0662.JPG\n\t\t\t\t<\/figcaption><\/figure><figure class='gallery-item'>\n\t\t\t<div class='gallery-icon landscape'>\n\t\t\t\t<a data-elementor-open-lightbox=\"yes\" data-elementor-lightbox-slideshow=\"43a66abf\" data-elementor-lightbox-title=\"sescovetes2\" data-e-action-hash=\"#elementor-action%3Aaction%3Dlightbox%26settings%3DeyJpZCI6MjQ5OCwidXJsIjoiaHR0cHM6XC9cL3Vuc3Vpc3NlYW1hbGxvcmNhLmNvbVwvd3AtY29udGVudFwvdXBsb2Fkc1wvMjAyMFwvMDRcL3Nlc2NvdmV0ZXMyLmpwZyIsInNsaWRlc2hvdyI6IjQzYTY2YWJmIn0%3D\" href='https:\/\/unsuisseamallorca.com\/wp-content\/uploads\/2020\/04\/sescovetes2.jpg'><img decoding=\"async\" width=\"300\" height=\"169\" data-src=\"https:\/\/unsuisseamallorca.com\/wp-content\/uploads\/2020\/04\/sescovetes2-300x169.jpg\" class=\"attachment-medium size-medium lazyload\" alt=\"\" data-srcset=\"https:\/\/unsuisseamallorca.com\/wp-content\/uploads\/2020\/04\/sescovetes2-300x169.jpg 300w, https:\/\/unsuisseamallorca.com\/wp-content\/uploads\/2020\/04\/sescovetes2-1024x576.jpg 1024w, https:\/\/unsuisseamallorca.com\/wp-content\/uploads\/2020\/04\/sescovetes2-768x432.jpg 768w, https:\/\/unsuisseamallorca.com\/wp-content\/uploads\/2020\/04\/sescovetes2.jpg 1100w\" data-sizes=\"(max-width: 300px) 100vw, 300px\" src=\"data:image\/svg+xml;base64,PHN2ZyB3aWR0aD0iMSIgaGVpZ2h0PSIxIiB4bWxucz0iaHR0cDovL3d3dy53My5vcmcvMjAwMC9zdmciPjwvc3ZnPg==\" style=\"--smush-placeholder-width: 300px; --smush-placeholder-aspect-ratio: 300\/169;\" \/><\/a>\n\t\t\t<\/div><\/figure><figure class='gallery-item'>\n\t\t\t<div class='gallery-icon landscape'>\n\t\t\t\t<a data-elementor-open-lightbox=\"yes\" data-elementor-lightbox-slideshow=\"43a66abf\" data-elementor-lightbox-title=\"PLAYA-SES-COVETES\" data-e-action-hash=\"#elementor-action%3Aaction%3Dlightbox%26settings%3DeyJpZCI6MjQ5NiwidXJsIjoiaHR0cHM6XC9cL3Vuc3Vpc3NlYW1hbGxvcmNhLmNvbVwvd3AtY29udGVudFwvdXBsb2Fkc1wvMjAyMFwvMDRcL1BMQVlBLVNFUy1DT1ZFVEVTLmpwZyIsInNsaWRlc2hvdyI6IjQzYTY2YWJmIn0%3D\" href='https:\/\/unsuisseamallorca.com\/wp-content\/uploads\/2020\/04\/PLAYA-SES-COVETES.jpg'><img decoding=\"async\" width=\"300\" height=\"201\" data-src=\"https:\/\/unsuisseamallorca.com\/wp-content\/uploads\/2020\/04\/PLAYA-SES-COVETES-300x201.jpg\" class=\"attachment-medium size-medium lazyload\" alt=\"\" data-srcset=\"https:\/\/unsuisseamallorca.com\/wp-content\/uploads\/2020\/04\/PLAYA-SES-COVETES-300x201.jpg 300w, https:\/\/unsuisseamallorca.com\/wp-content\/uploads\/2020\/04\/PLAYA-SES-COVETES-768x513.jpg 768w, https:\/\/unsuisseamallorca.com\/wp-content\/uploads\/2020\/04\/PLAYA-SES-COVETES.jpg 884w\" data-sizes=\"(max-width: 300px) 100vw, 300px\" src=\"data:image\/svg+xml;base64,PHN2ZyB3aWR0aD0iMSIgaGVpZ2h0PSIxIiB4bWxucz0iaHR0cDovL3d3dy53My5vcmcvMjAwMC9zdmciPjwvc3ZnPg==\" style=\"--smush-placeholder-width: 300px; --smush-placeholder-aspect-ratio: 300\/201;\" \/><\/a>\n\t\t\t<\/div><\/figure><figure class='gallery-item'>\n\t\t\t<div class='gallery-icon landscape'>\n\t\t\t\t<a data-elementor-open-lightbox=\"yes\" data-elementor-lightbox-slideshow=\"43a66abf\" data-elementor-lightbox-title=\"Ses-Covetes1\" data-e-action-hash=\"#elementor-action%3Aaction%3Dlightbox%26settings%3DeyJpZCI6MjQ5NywidXJsIjoiaHR0cHM6XC9cL3Vuc3Vpc3NlYW1hbGxvcmNhLmNvbVwvd3AtY29udGVudFwvdXBsb2Fkc1wvMjAyMFwvMDRcL1Nlcy1Db3ZldGVzMS5qcGciLCJzbGlkZXNob3ciOiI0M2E2NmFiZiJ9\" href='https:\/\/unsuisseamallorca.com\/wp-content\/uploads\/2020\/04\/Ses-Covetes1.jpg'><img decoding=\"async\" width=\"300\" height=\"188\" data-src=\"https:\/\/unsuisseamallorca.com\/wp-content\/uploads\/2020\/04\/Ses-Covetes1-300x188.jpg\" class=\"attachment-medium size-medium lazyload\" alt=\"\" data-srcset=\"https:\/\/unsuisseamallorca.com\/wp-content\/uploads\/2020\/04\/Ses-Covetes1-300x188.jpg 300w, https:\/\/unsuisseamallorca.com\/wp-content\/uploads\/2020\/04\/Ses-Covetes1-768x480.jpg 768w, https:\/\/unsuisseamallorca.com\/wp-content\/uploads\/2020\/04\/Ses-Covetes1.jpg 800w\" data-sizes=\"(max-width: 300px) 100vw, 300px\" src=\"data:image\/svg+xml;base64,PHN2ZyB3aWR0aD0iMSIgaGVpZ2h0PSIxIiB4bWxucz0iaHR0cDovL3d3dy53My5vcmcvMjAwMC9zdmciPjwvc3ZnPg==\" style=\"--smush-placeholder-width: 300px; --smush-placeholder-aspect-ratio: 300\/188;\" \/><\/a>\n\t\t\t<\/div><\/figure><figure class='gallery-item'>\n\t\t\t<div class='gallery-icon landscape'>\n\t\t\t\t<a data-elementor-open-lightbox=\"yes\" data-elementor-lightbox-slideshow=\"43a66abf\" data-elementor-lightbox-title=\"mallorcases-covetes-71b23348-9fbd-41f2-a26b-ab1545e0f12d\" data-e-action-hash=\"#elementor-action%3Aaction%3Dlightbox%26settings%3DeyJpZCI6MjQ5NSwidXJsIjoiaHR0cHM6XC9cL3Vuc3Vpc3NlYW1hbGxvcmNhLmNvbVwvd3AtY29udGVudFwvdXBsb2Fkc1wvMjAyMFwvMDRcL21hbGxvcmNhc2VzLWNvdmV0ZXMtNzFiMjMzNDgtOWZiZC00MWYyLWEyNmItYWIxNTQ1ZTBmMTJkLmpwZyIsInNsaWRlc2hvdyI6IjQzYTY2YWJmIn0%3D\" href='https:\/\/unsuisseamallorca.com\/wp-content\/uploads\/2020\/04\/mallorcases-covetes-71b23348-9fbd-41f2-a26b-ab1545e0f12d.jpg'><img decoding=\"async\" width=\"300\" height=\"169\" data-src=\"https:\/\/unsuisseamallorca.com\/wp-content\/uploads\/2020\/04\/mallorcases-covetes-71b23348-9fbd-41f2-a26b-ab1545e0f12d-300x169.jpg\" class=\"attachment-medium size-medium lazyload\" alt=\"\" data-srcset=\"https:\/\/unsuisseamallorca.com\/wp-content\/uploads\/2020\/04\/mallorcases-covetes-71b23348-9fbd-41f2-a26b-ab1545e0f12d-300x169.jpg 300w, https:\/\/unsuisseamallorca.com\/wp-content\/uploads\/2020\/04\/mallorcases-covetes-71b23348-9fbd-41f2-a26b-ab1545e0f12d-1024x578.jpg 1024w, https:\/\/unsuisseamallorca.com\/wp-content\/uploads\/2020\/04\/mallorcases-covetes-71b23348-9fbd-41f2-a26b-ab1545e0f12d-768x434.jpg 768w, https:\/\/unsuisseamallorca.com\/wp-content\/uploads\/2020\/04\/mallorcases-covetes-71b23348-9fbd-41f2-a26b-ab1545e0f12d-1536x868.jpg 1536w, https:\/\/unsuisseamallorca.com\/wp-content\/uploads\/2020\/04\/mallorcases-covetes-71b23348-9fbd-41f2-a26b-ab1545e0f12d.jpg 1912w\" data-sizes=\"(max-width: 300px) 100vw, 300px\" src=\"data:image\/svg+xml;base64,PHN2ZyB3aWR0aD0iMSIgaGVpZ2h0PSIxIiB4bWxucz0iaHR0cDovL3d3dy53My5vcmcvMjAwMC9zdmciPjwvc3ZnPg==\" style=\"--smush-placeholder-width: 300px; --smush-placeholder-aspect-ratio: 300\/169;\" \/><\/a>\n\t\t\t<\/div><\/figure><figure class='gallery-item'>\n\t\t\t<div class='gallery-icon landscape'>\n\t\t\t\t<a data-elementor-open-lightbox=\"yes\" data-elementor-lightbox-slideshow=\"43a66abf\" data-elementor-lightbox-title=\"29249292Master\" data-e-action-hash=\"#elementor-action%3Aaction%3Dlightbox%26settings%3DeyJpZCI6MjQ5NCwidXJsIjoiaHR0cHM6XC9cL3Vuc3Vpc3NlYW1hbGxvcmNhLmNvbVwvd3AtY29udGVudFwvdXBsb2Fkc1wvMjAyMFwvMDRcLzI5MjQ5MjkyTWFzdGVyLmpwZyIsInNsaWRlc2hvdyI6IjQzYTY2YWJmIn0%3D\" href='https:\/\/unsuisseamallorca.com\/wp-content\/uploads\/2020\/04\/29249292Master.jpg'><img decoding=\"async\" width=\"300\" height=\"225\" data-src=\"https:\/\/unsuisseamallorca.com\/wp-content\/uploads\/2020\/04\/29249292Master-300x225.jpg\" class=\"attachment-medium size-medium lazyload\" alt=\"\" data-srcset=\"https:\/\/unsuisseamallorca.com\/wp-content\/uploads\/2020\/04\/29249292Master-300x225.jpg 300w, https:\/\/unsuisseamallorca.com\/wp-content\/uploads\/2020\/04\/29249292Master-1024x768.jpg 1024w, https:\/\/unsuisseamallorca.com\/wp-content\/uploads\/2020\/04\/29249292Master-768x576.jpg 768w, https:\/\/unsuisseamallorca.com\/wp-content\/uploads\/2020\/04\/29249292Master-1536x1152.jpg 1536w, https:\/\/unsuisseamallorca.com\/wp-content\/uploads\/2020\/04\/29249292Master.jpg 1600w\" data-sizes=\"(max-width: 300px) 100vw, 300px\" src=\"data:image\/svg+xml;base64,PHN2ZyB3aWR0aD0iMSIgaGVpZ2h0PSIxIiB4bWxucz0iaHR0cDovL3d3dy53My5vcmcvMjAwMC9zdmciPjwvc3ZnPg==\" style=\"--smush-placeholder-width: 300px; --smush-placeholder-aspect-ratio: 300\/225;\" \/><\/a>\n\t\t\t<\/div><\/figure><figure class='gallery-item'>\n\t\t\t<div class='gallery-icon landscape'>\n\t\t\t\t<a data-elementor-open-lightbox=\"yes\" data-elementor-lightbox-slideshow=\"43a66abf\" data-elementor-lightbox-title=\"29249288Master\" data-e-action-hash=\"#elementor-action%3Aaction%3Dlightbox%26settings%3DeyJpZCI6MjQ5MywidXJsIjoiaHR0cHM6XC9cL3Vuc3Vpc3NlYW1hbGxvcmNhLmNvbVwvd3AtY29udGVudFwvdXBsb2Fkc1wvMjAyMFwvMDRcLzI5MjQ5Mjg4TWFzdGVyLmpwZyIsInNsaWRlc2hvdyI6IjQzYTY2YWJmIn0%3D\" href='https:\/\/unsuisseamallorca.com\/wp-content\/uploads\/2020\/04\/29249288Master.jpg'><img decoding=\"async\" width=\"300\" height=\"225\" data-src=\"https:\/\/unsuisseamallorca.com\/wp-content\/uploads\/2020\/04\/29249288Master-300x225.jpg\" class=\"attachment-medium size-medium lazyload\" alt=\"\" data-srcset=\"https:\/\/unsuisseamallorca.com\/wp-content\/uploads\/2020\/04\/29249288Master-300x225.jpg 300w, https:\/\/unsuisseamallorca.com\/wp-content\/uploads\/2020\/04\/29249288Master-1024x768.jpg 1024w, https:\/\/unsuisseamallorca.com\/wp-content\/uploads\/2020\/04\/29249288Master-768x576.jpg 768w, https:\/\/unsuisseamallorca.com\/wp-content\/uploads\/2020\/04\/29249288Master-1536x1152.jpg 1536w, https:\/\/unsuisseamallorca.com\/wp-content\/uploads\/2020\/04\/29249288Master.jpg 1600w\" data-sizes=\"(max-width: 300px) 100vw, 300px\" src=\"data:image\/svg+xml;base64,PHN2ZyB3aWR0aD0iMSIgaGVpZ2h0PSIxIiB4bWxucz0iaHR0cDovL3d3dy53My5vcmcvMjAwMC9zdmciPjwvc3ZnPg==\" style=\"--smush-placeholder-width: 300px; --smush-placeholder-aspect-ratio: 300\/225;\" \/><\/a>\n\t\t\t<\/div><\/figure><figure class='gallery-item'>\n\t\t\t<div class='gallery-icon landscape'>\n\t\t\t\t<a data-elementor-open-lightbox=\"yes\" data-elementor-lightbox-slideshow=\"43a66abf\" data-elementor-lightbox-title=\"28971028Master\" data-e-action-hash=\"#elementor-action%3Aaction%3Dlightbox%26settings%3DeyJpZCI6MjQ5MiwidXJsIjoiaHR0cHM6XC9cL3Vuc3Vpc3NlYW1hbGxvcmNhLmNvbVwvd3AtY29udGVudFwvdXBsb2Fkc1wvMjAyMFwvMDRcLzI4OTcxMDI4TWFzdGVyLmpwZyIsInNsaWRlc2hvdyI6IjQzYTY2YWJmIn0%3D\" href='https:\/\/unsuisseamallorca.com\/wp-content\/uploads\/2020\/04\/28971028Master.jpg'><img decoding=\"async\" width=\"300\" height=\"225\" data-src=\"https:\/\/unsuisseamallorca.com\/wp-content\/uploads\/2020\/04\/28971028Master-300x225.jpg\" class=\"attachment-medium size-medium lazyload\" alt=\"\" data-srcset=\"https:\/\/unsuisseamallorca.com\/wp-content\/uploads\/2020\/04\/28971028Master-300x225.jpg 300w, https:\/\/unsuisseamallorca.com\/wp-content\/uploads\/2020\/04\/28971028Master-1024x768.jpg 1024w, https:\/\/unsuisseamallorca.com\/wp-content\/uploads\/2020\/04\/28971028Master-768x576.jpg 768w, https:\/\/unsuisseamallorca.com\/wp-content\/uploads\/2020\/04\/28971028Master-1536x1152.jpg 1536w, https:\/\/unsuisseamallorca.com\/wp-content\/uploads\/2020\/04\/28971028Master.jpg 1600w\" data-sizes=\"(max-width: 300px) 100vw, 300px\" src=\"data:image\/svg+xml;base64,PHN2ZyB3aWR0aD0iMSIgaGVpZ2h0PSIxIiB4bWxucz0iaHR0cDovL3d3dy53My5vcmcvMjAwMC9zdmciPjwvc3ZnPg==\" style=\"--smush-placeholder-width: 300px; --smush-placeholder-aspect-ratio: 300\/225;\" \/><\/a>\n\t\t\t<\/div><\/figure><figure class='gallery-item'>\n\t\t\t<div class='gallery-icon landscape'>\n\t\t\t\t<a data-elementor-open-lightbox=\"yes\" data-elementor-lightbox-slideshow=\"43a66abf\" data-elementor-lightbox-title=\"Ses-Covetes2\" data-e-action-hash=\"#elementor-action%3Aaction%3Dlightbox%26settings%3DeyJpZCI6MjQ5MCwidXJsIjoiaHR0cHM6XC9cL3Vuc3Vpc3NlYW1hbGxvcmNhLmNvbVwvd3AtY29udGVudFwvdXBsb2Fkc1wvMjAyMFwvMDRcL1Nlcy1Db3ZldGVzMi5qcGciLCJzbGlkZXNob3ciOiI0M2E2NmFiZiJ9\" href='https:\/\/unsuisseamallorca.com\/wp-content\/uploads\/2020\/04\/Ses-Covetes2.jpg'><img decoding=\"async\" width=\"300\" height=\"188\" data-src=\"https:\/\/unsuisseamallorca.com\/wp-content\/uploads\/2020\/04\/Ses-Covetes2-300x188.jpg\" class=\"attachment-medium size-medium lazyload\" alt=\"\" data-srcset=\"https:\/\/unsuisseamallorca.com\/wp-content\/uploads\/2020\/04\/Ses-Covetes2-300x188.jpg 300w, https:\/\/unsuisseamallorca.com\/wp-content\/uploads\/2020\/04\/Ses-Covetes2-768x480.jpg 768w, https:\/\/unsuisseamallorca.com\/wp-content\/uploads\/2020\/04\/Ses-Covetes2.jpg 800w\" data-sizes=\"(max-width: 300px) 100vw, 300px\" src=\"data:image\/svg+xml;base64,PHN2ZyB3aWR0aD0iMSIgaGVpZ2h0PSIxIiB4bWxucz0iaHR0cDovL3d3dy53My5vcmcvMjAwMC9zdmciPjwvc3ZnPg==\" style=\"--smush-placeholder-width: 300px; --smush-placeholder-aspect-ratio: 300\/188;\" \/><\/a>\n\t\t\t<\/div><\/figure><figure class='gallery-item'>\n\t\t\t<div class='gallery-icon landscape'>\n\t\t\t\t<a data-elementor-open-lightbox=\"yes\" data-elementor-lightbox-slideshow=\"43a66abf\" data-elementor-lightbox-title=\"28971013Master\" data-e-action-hash=\"#elementor-action%3Aaction%3Dlightbox%26settings%3DeyJpZCI6MjQ5MSwidXJsIjoiaHR0cHM6XC9cL3Vuc3Vpc3NlYW1hbGxvcmNhLmNvbVwvd3AtY29udGVudFwvdXBsb2Fkc1wvMjAyMFwvMDRcLzI4OTcxMDEzTWFzdGVyLmpwZyIsInNsaWRlc2hvdyI6IjQzYTY2YWJmIn0%3D\" href='https:\/\/unsuisseamallorca.com\/wp-content\/uploads\/2020\/04\/28971013Master.jpg'><img decoding=\"async\" width=\"300\" height=\"225\" data-src=\"https:\/\/unsuisseamallorca.com\/wp-content\/uploads\/2020\/04\/28971013Master-300x225.jpg\" class=\"attachment-medium size-medium lazyload\" alt=\"\" data-srcset=\"https:\/\/unsuisseamallorca.com\/wp-content\/uploads\/2020\/04\/28971013Master-300x225.jpg 300w, https:\/\/unsuisseamallorca.com\/wp-content\/uploads\/2020\/04\/28971013Master-1024x768.jpg 1024w, https:\/\/unsuisseamallorca.com\/wp-content\/uploads\/2020\/04\/28971013Master-768x576.jpg 768w, https:\/\/unsuisseamallorca.com\/wp-content\/uploads\/2020\/04\/28971013Master-1536x1152.jpg 1536w, https:\/\/unsuisseamallorca.com\/wp-content\/uploads\/2020\/04\/28971013Master.jpg 1600w\" data-sizes=\"(max-width: 300px) 100vw, 300px\" src=\"data:image\/svg+xml;base64,PHN2ZyB3aWR0aD0iMSIgaGVpZ2h0PSIxIiB4bWxucz0iaHR0cDovL3d3dy53My5vcmcvMjAwMC9zdmciPjwvc3ZnPg==\" style=\"--smush-placeholder-width: 300px; --smush-placeholder-aspect-ratio: 300\/225;\" \/><\/a>\n\t\t\t<\/div><\/figure><figure class='gallery-item'>\n\t\t\t<div class='gallery-icon landscape'>\n\t\t\t\t<a data-elementor-open-lightbox=\"yes\" data-elementor-lightbox-slideshow=\"43a66abf\" data-elementor-lightbox-title=\"DSCN1909\" data-e-action-hash=\"#elementor-action%3Aaction%3Dlightbox%26settings%3DeyJpZCI6MjQzOSwidXJsIjoiaHR0cHM6XC9cL3Vuc3Vpc3NlYW1hbGxvcmNhLmNvbVwvd3AtY29udGVudFwvdXBsb2Fkc1wvMjAyMFwvMDRcL0RTQ04xOTA5LXNjYWxlZC5qcGciLCJzbGlkZXNob3ciOiI0M2E2NmFiZiJ9\" href='https:\/\/unsuisseamallorca.com\/wp-content\/uploads\/2020\/04\/DSCN1909-scaled.jpg'><img decoding=\"async\" width=\"300\" height=\"225\" data-src=\"https:\/\/unsuisseamallorca.com\/wp-content\/uploads\/2020\/04\/DSCN1909-300x225.jpg\" class=\"attachment-medium size-medium lazyload\" alt=\"\" data-srcset=\"https:\/\/unsuisseamallorca.com\/wp-content\/uploads\/2020\/04\/DSCN1909-300x225.jpg 300w, https:\/\/unsuisseamallorca.com\/wp-content\/uploads\/2020\/04\/DSCN1909-1024x768.jpg 1024w, https:\/\/unsuisseamallorca.com\/wp-content\/uploads\/2020\/04\/DSCN1909-768x576.jpg 768w, https:\/\/unsuisseamallorca.com\/wp-content\/uploads\/2020\/04\/DSCN1909-1536x1152.jpg 1536w, https:\/\/unsuisseamallorca.com\/wp-content\/uploads\/2020\/04\/DSCN1909-2048x1536.jpg 2048w, https:\/\/unsuisseamallorca.com\/wp-content\/uploads\/2020\/04\/DSCN1909-scaled.jpg 2560w\" data-sizes=\"(max-width: 300px) 100vw, 300px\" src=\"data:image\/svg+xml;base64,PHN2ZyB3aWR0aD0iMSIgaGVpZ2h0PSIxIiB4bWxucz0iaHR0cDovL3d3dy53My5vcmcvMjAwMC9zdmciPjwvc3ZnPg==\" style=\"--smush-placeholder-width: 300px; --smush-placeholder-aspect-ratio: 300\/225;\" \/><\/a>\n\t\t\t<\/div><\/figure><figure class='gallery-item'>\n\t\t\t<div class='gallery-icon landscape'>\n\t\t\t\t<a data-elementor-open-lightbox=\"yes\" data-elementor-lightbox-slideshow=\"43a66abf\" data-elementor-lightbox-title=\"DSCN1911\" data-e-action-hash=\"#elementor-action%3Aaction%3Dlightbox%26settings%3DeyJpZCI6MjQ0MSwidXJsIjoiaHR0cHM6XC9cL3Vuc3Vpc3NlYW1hbGxvcmNhLmNvbVwvd3AtY29udGVudFwvdXBsb2Fkc1wvMjAyMFwvMDRcL0RTQ04xOTExLXNjYWxlZC5qcGciLCJzbGlkZXNob3ciOiI0M2E2NmFiZiJ9\" href='https:\/\/unsuisseamallorca.com\/wp-content\/uploads\/2020\/04\/DSCN1911-scaled.jpg'><img decoding=\"async\" width=\"300\" height=\"225\" data-src=\"https:\/\/unsuisseamallorca.com\/wp-content\/uploads\/2020\/04\/DSCN1911-300x225.jpg\" class=\"attachment-medium size-medium lazyload\" alt=\"\" data-srcset=\"https:\/\/unsuisseamallorca.com\/wp-content\/uploads\/2020\/04\/DSCN1911-300x225.jpg 300w, https:\/\/unsuisseamallorca.com\/wp-content\/uploads\/2020\/04\/DSCN1911-1024x768.jpg 1024w, https:\/\/unsuisseamallorca.com\/wp-content\/uploads\/2020\/04\/DSCN1911-768x576.jpg 768w, https:\/\/unsuisseamallorca.com\/wp-content\/uploads\/2020\/04\/DSCN1911-1536x1152.jpg 1536w, https:\/\/unsuisseamallorca.com\/wp-content\/uploads\/2020\/04\/DSCN1911-2048x1536.jpg 2048w, https:\/\/unsuisseamallorca.com\/wp-content\/uploads\/2020\/04\/DSCN1911-scaled.jpg 2560w\" data-sizes=\"(max-width: 300px) 100vw, 300px\" src=\"data:image\/svg+xml;base64,PHN2ZyB3aWR0aD0iMSIgaGVpZ2h0PSIxIiB4bWxucz0iaHR0cDovL3d3dy53My5vcmcvMjAwMC9zdmciPjwvc3ZnPg==\" style=\"--smush-placeholder-width: 300px; --smush-placeholder-aspect-ratio: 300\/225;\" \/><\/a>\n\t\t\t<\/div><\/figure>\n\t\t<\/div>\n\t\t<\/div>\n\t\t\t\t\t\t<\/div>\n\t\t\t\t<\/div>\n\t\t\t\t\t<\/div>\n\t\t<\/div>\n\t\t\t\t\t<\/div>\n\t\t<\/section>\n\t\t\t\t<\/div>\n\t\t","protected":false},"excerpt":{"rendered":"<p>A l&rsquo;ouest de Colonia Sant Jordi Randonn\u00e9e en deux parties : La premi\u00e8re le long de la route jusqu&rsquo;\u00e0 Sa Rapita, l\u00e0 prendre par le port pour arriver \u00e0 la deuxi\u00e8me partie le long de la plage jusqu&rsquo;\u00e0 Ses Covetes. De S&rsquo;Estanyol \u00e0 Ses Covetes 3\u00a0 heures\u00a0 de\u00a0 marche &#8211; 12 Km &#8211; En boucle\u00a0 [&hellip;]<\/p>\n","protected":false},"author":1,"featured_media":0,"parent":0,"menu_order":0,"comment_status":"closed","ping_status":"closed","template":"","meta":{"ocean_post_layout":"","ocean_both_sidebars_style":"","ocean_both_sidebars_content_width":0,"ocean_both_sidebars_sidebars_width":0,"ocean_sidebar":"0","ocean_second_sidebar":"0","ocean_disable_margins":"enable","ocean_add_body_class":"","ocean_shortcode_before_top_bar":"","ocean_shortcode_after_top_bar":"","ocean_shortcode_before_header":"","ocean_shortcode_after_header":"","ocean_has_shortcode":"","ocean_shortcode_after_title":"","ocean_shortcode_before_footer_widgets":"","ocean_shortcode_after_footer_widgets":"","ocean_shortcode_before_footer_bottom":"","ocean_shortcode_after_footer_bottom":"","ocean_display_top_bar":"default","ocean_display_header":"default","ocean_header_style":"","ocean_center_header_left_menu":"0","ocean_custom_header_template":"0","ocean_custom_logo":0,"ocean_custom_retina_logo":0,"ocean_custom_logo_max_width":0,"ocean_custom_logo_tablet_max_width":0,"ocean_custom_logo_mobile_max_width":0,"ocean_custom_logo_max_height":0,"ocean_custom_logo_tablet_max_height":0,"ocean_custom_logo_mobile_max_height":0,"ocean_header_custom_menu":"0","ocean_menu_typo_font_family":"0","ocean_menu_typo_font_subset":"","ocean_menu_typo_font_size":0,"ocean_menu_typo_font_size_tablet":0,"ocean_menu_typo_font_size_mobile":0,"ocean_menu_typo_font_size_unit":"px","ocean_menu_typo_font_weight":"","ocean_menu_typo_font_weight_tablet":"","ocean_menu_typo_font_weight_mobile":"","ocean_menu_typo_transform":"","ocean_menu_typo_transform_tablet":"","ocean_menu_typo_transform_mobile":"","ocean_menu_typo_line_height":0,"ocean_menu_typo_line_height_tablet":0,"ocean_menu_typo_line_height_mobile":0,"ocean_menu_typo_line_height_unit":"","ocean_menu_typo_spacing":0,"ocean_menu_typo_spacing_tablet":0,"ocean_menu_typo_spacing_mobile":0,"ocean_menu_typo_spacing_unit":"","ocean_menu_link_color":"","ocean_menu_link_color_hover":"","ocean_menu_link_color_active":"","ocean_menu_link_background":"","ocean_menu_link_hover_background":"","ocean_menu_link_active_background":"","ocean_menu_social_links_bg":"","ocean_menu_social_hover_links_bg":"","ocean_menu_social_links_color":"","ocean_menu_social_hover_links_color":"","ocean_disable_title":"default","ocean_disable_heading":"default","ocean_post_title":"","ocean_post_subheading":"","ocean_post_title_style":"","ocean_post_title_background_color":"","ocean_post_title_background":0,"ocean_post_title_bg_image_position":"","ocean_post_title_bg_image_attachment":"","ocean_post_title_bg_image_repeat":"","ocean_post_title_bg_image_size":"","ocean_post_title_height":0,"ocean_post_title_bg_overlay":0.5,"ocean_post_title_bg_overlay_color":"","ocean_disable_breadcrumbs":"default","ocean_breadcrumbs_color":"","ocean_breadcrumbs_separator_color":"","ocean_breadcrumbs_links_color":"","ocean_breadcrumbs_links_hover_color":"","ocean_display_footer_widgets":"default","ocean_display_footer_bottom":"default","ocean_custom_footer_template":"0","footnotes":""},"class_list":["post-2147","page","type-page","status-publish","hentry","entry"],"yoast_head":"<!-- This site is optimized with the Yoast SEO plugin v26.4 - https:\/\/yoast.com\/wordpress\/plugins\/seo\/ -->\n<title>De S&#039;Estanyol \u00e0 Ses Covetes UN SUISSE A MAJORQUE<\/title>\n<meta name=\"robots\" content=\"index, follow, max-snippet:-1, max-image-preview:large, max-video-preview:-1\" \/>\n<link rel=\"canonical\" href=\"https:\/\/unsuisseamallorca.com\/index.php\/de-sestanyol-a-sa-rapita\/\" \/>\n<meta property=\"og:locale\" content=\"fr_FR\" \/>\n<meta property=\"og:type\" content=\"article\" \/>\n<meta property=\"og:title\" content=\"De S&#039;Estanyol \u00e0 Ses Covetes UN SUISSE A MAJORQUE\" \/>\n<meta property=\"og:description\" content=\"A l&rsquo;ouest de Colonia Sant Jordi Randonn\u00e9e en deux parties : La premi\u00e8re le long de la route jusqu&rsquo;\u00e0 Sa Rapita, l\u00e0 prendre par le port pour arriver \u00e0 la deuxi\u00e8me partie le long de la plage jusqu&rsquo;\u00e0 Ses Covetes. De S&rsquo;Estanyol \u00e0 Ses Covetes 3\u00a0 heures\u00a0 de\u00a0 marche &#8211; 12 Km &#8211; En boucle\u00a0 [&hellip;]\" \/>\n<meta property=\"og:url\" content=\"https:\/\/unsuisseamallorca.com\/index.php\/de-sestanyol-a-sa-rapita\/\" \/>\n<meta property=\"og:site_name\" content=\"UN SUISSE A MAJORQUE\" \/>\n<meta property=\"article:modified_time\" content=\"2020-04-12T07:50:48+00:00\" \/>\n<meta property=\"og:image\" content=\"https:\/\/unsuisseamallorca.com\/wp-content\/uploads\/2020\/04\/DJI_0662-300x225.jpg\" \/>\n<meta name=\"twitter:card\" content=\"summary_large_image\" \/>\n<meta name=\"twitter:label1\" content=\"Dur\u00e9e de lecture estim\u00e9e\" \/>\n\t<meta name=\"twitter:data1\" content=\"2 minutes\" \/>\n<script type=\"application\/ld+json\" class=\"yoast-schema-graph\">{\"@context\":\"https:\/\/schema.org\",\"@graph\":[{\"@type\":\"WebPage\",\"@id\":\"https:\/\/unsuisseamallorca.com\/index.php\/de-sestanyol-a-sa-rapita\/\",\"url\":\"https:\/\/unsuisseamallorca.com\/index.php\/de-sestanyol-a-sa-rapita\/\",\"name\":\"De S'Estanyol \u00e0 Ses Covetes UN SUISSE A MAJORQUE\",\"isPartOf\":{\"@id\":\"https:\/\/unsuisseamallorca.com\/#website\"},\"primaryImageOfPage\":{\"@id\":\"https:\/\/unsuisseamallorca.com\/index.php\/de-sestanyol-a-sa-rapita\/#primaryimage\"},\"image\":{\"@id\":\"https:\/\/unsuisseamallorca.com\/index.php\/de-sestanyol-a-sa-rapita\/#primaryimage\"},\"thumbnailUrl\":\"https:\/\/unsuisseamallorca.com\/wp-content\/uploads\/2020\/04\/DJI_0662-300x225.jpg\",\"datePublished\":\"2020-04-06T06:37:16+00:00\",\"dateModified\":\"2020-04-12T07:50:48+00:00\",\"breadcrumb\":{\"@id\":\"https:\/\/unsuisseamallorca.com\/index.php\/de-sestanyol-a-sa-rapita\/#breadcrumb\"},\"inLanguage\":\"fr-FR\",\"potentialAction\":[{\"@type\":\"ReadAction\",\"target\":[\"https:\/\/unsuisseamallorca.com\/index.php\/de-sestanyol-a-sa-rapita\/\"]}]},{\"@type\":\"ImageObject\",\"inLanguage\":\"fr-FR\",\"@id\":\"https:\/\/unsuisseamallorca.com\/index.php\/de-sestanyol-a-sa-rapita\/#primaryimage\",\"url\":\"https:\/\/unsuisseamallorca.com\/wp-content\/uploads\/2020\/04\/DJI_0662-scaled.jpg\",\"contentUrl\":\"https:\/\/unsuisseamallorca.com\/wp-content\/uploads\/2020\/04\/DJI_0662-scaled.jpg\",\"width\":2560,\"height\":1920,\"caption\":\"DCIM100MEDIADJI_0662.JPG\"},{\"@type\":\"BreadcrumbList\",\"@id\":\"https:\/\/unsuisseamallorca.com\/index.php\/de-sestanyol-a-sa-rapita\/#breadcrumb\",\"itemListElement\":[{\"@type\":\"ListItem\",\"position\":1,\"name\":\"Accueil\",\"item\":\"https:\/\/unsuisseamallorca.com\/\"},{\"@type\":\"ListItem\",\"position\":2,\"name\":\"De S&#8217;Estanyol \u00e0 Ses Covetes\"}]},{\"@type\":\"WebSite\",\"@id\":\"https:\/\/unsuisseamallorca.com\/#website\",\"url\":\"https:\/\/unsuisseamallorca.com\/\",\"name\":\"UN SUISSE A MAJORQUE\",\"description\":\"Le voyageur voit ce qu&#039;il voit, le touriste voit ce qu&#039;il est venu voir !\",\"potentialAction\":[{\"@type\":\"SearchAction\",\"target\":{\"@type\":\"EntryPoint\",\"urlTemplate\":\"https:\/\/unsuisseamallorca.com\/?s={search_term_string}\"},\"query-input\":{\"@type\":\"PropertyValueSpecification\",\"valueRequired\":true,\"valueName\":\"search_term_string\"}}],\"inLanguage\":\"fr-FR\"}]}<\/script>\n<!-- \/ Yoast SEO plugin. -->","yoast_head_json":{"title":"De S'Estanyol \u00e0 Ses Covetes UN SUISSE A MAJORQUE","robots":{"index":"index","follow":"follow","max-snippet":"max-snippet:-1","max-image-preview":"max-image-preview:large","max-video-preview":"max-video-preview:-1"},"canonical":"https:\/\/unsuisseamallorca.com\/index.php\/de-sestanyol-a-sa-rapita\/","og_locale":"fr_FR","og_type":"article","og_title":"De S'Estanyol \u00e0 Ses Covetes UN SUISSE A MAJORQUE","og_description":"A l&rsquo;ouest de Colonia Sant Jordi Randonn\u00e9e en deux parties : La premi\u00e8re le long de la route jusqu&rsquo;\u00e0 Sa Rapita, l\u00e0 prendre par le port pour arriver \u00e0 la deuxi\u00e8me partie le long de la plage jusqu&rsquo;\u00e0 Ses Covetes. De S&rsquo;Estanyol \u00e0 Ses Covetes 3\u00a0 heures\u00a0 de\u00a0 marche &#8211; 12 Km &#8211; En boucle\u00a0 [&hellip;]","og_url":"https:\/\/unsuisseamallorca.com\/index.php\/de-sestanyol-a-sa-rapita\/","og_site_name":"UN SUISSE A MAJORQUE","article_modified_time":"2020-04-12T07:50:48+00:00","og_image":[{"url":"https:\/\/unsuisseamallorca.com\/wp-content\/uploads\/2020\/04\/DJI_0662-300x225.jpg","type":"","width":"","height":""}],"twitter_card":"summary_large_image","twitter_misc":{"Dur\u00e9e de lecture estim\u00e9e":"2 minutes"},"schema":{"@context":"https:\/\/schema.org","@graph":[{"@type":"WebPage","@id":"https:\/\/unsuisseamallorca.com\/index.php\/de-sestanyol-a-sa-rapita\/","url":"https:\/\/unsuisseamallorca.com\/index.php\/de-sestanyol-a-sa-rapita\/","name":"De S'Estanyol \u00e0 Ses Covetes UN SUISSE A MAJORQUE","isPartOf":{"@id":"https:\/\/unsuisseamallorca.com\/#website"},"primaryImageOfPage":{"@id":"https:\/\/unsuisseamallorca.com\/index.php\/de-sestanyol-a-sa-rapita\/#primaryimage"},"image":{"@id":"https:\/\/unsuisseamallorca.com\/index.php\/de-sestanyol-a-sa-rapita\/#primaryimage"},"thumbnailUrl":"https:\/\/unsuisseamallorca.com\/wp-content\/uploads\/2020\/04\/DJI_0662-300x225.jpg","datePublished":"2020-04-06T06:37:16+00:00","dateModified":"2020-04-12T07:50:48+00:00","breadcrumb":{"@id":"https:\/\/unsuisseamallorca.com\/index.php\/de-sestanyol-a-sa-rapita\/#breadcrumb"},"inLanguage":"fr-FR","potentialAction":[{"@type":"ReadAction","target":["https:\/\/unsuisseamallorca.com\/index.php\/de-sestanyol-a-sa-rapita\/"]}]},{"@type":"ImageObject","inLanguage":"fr-FR","@id":"https:\/\/unsuisseamallorca.com\/index.php\/de-sestanyol-a-sa-rapita\/#primaryimage","url":"https:\/\/unsuisseamallorca.com\/wp-content\/uploads\/2020\/04\/DJI_0662-scaled.jpg","contentUrl":"https:\/\/unsuisseamallorca.com\/wp-content\/uploads\/2020\/04\/DJI_0662-scaled.jpg","width":2560,"height":1920,"caption":"DCIM100MEDIADJI_0662.JPG"},{"@type":"BreadcrumbList","@id":"https:\/\/unsuisseamallorca.com\/index.php\/de-sestanyol-a-sa-rapita\/#breadcrumb","itemListElement":[{"@type":"ListItem","position":1,"name":"Accueil","item":"https:\/\/unsuisseamallorca.com\/"},{"@type":"ListItem","position":2,"name":"De S&#8217;Estanyol \u00e0 Ses Covetes"}]},{"@type":"WebSite","@id":"https:\/\/unsuisseamallorca.com\/#website","url":"https:\/\/unsuisseamallorca.com\/","name":"UN SUISSE A MAJORQUE","description":"Le voyageur voit ce qu&#039;il voit, le touriste voit ce qu&#039;il est venu voir !","potentialAction":[{"@type":"SearchAction","target":{"@type":"EntryPoint","urlTemplate":"https:\/\/unsuisseamallorca.com\/?s={search_term_string}"},"query-input":{"@type":"PropertyValueSpecification","valueRequired":true,"valueName":"search_term_string"}}],"inLanguage":"fr-FR"}]}},"_links":{"self":[{"href":"https:\/\/unsuisseamallorca.com\/index.php\/wp-json\/wp\/v2\/pages\/2147","targetHints":{"allow":["GET"]}}],"collection":[{"href":"https:\/\/unsuisseamallorca.com\/index.php\/wp-json\/wp\/v2\/pages"}],"about":[{"href":"https:\/\/unsuisseamallorca.com\/index.php\/wp-json\/wp\/v2\/types\/page"}],"author":[{"embeddable":true,"href":"https:\/\/unsuisseamallorca.com\/index.php\/wp-json\/wp\/v2\/users\/1"}],"replies":[{"embeddable":true,"href":"https:\/\/unsuisseamallorca.com\/index.php\/wp-json\/wp\/v2\/comments?post=2147"}],"version-history":[{"count":18,"href":"https:\/\/unsuisseamallorca.com\/index.php\/wp-json\/wp\/v2\/pages\/2147\/revisions"}],"predecessor-version":[{"id":2649,"href":"https:\/\/unsuisseamallorca.com\/index.php\/wp-json\/wp\/v2\/pages\/2147\/revisions\/2649"}],"wp:attachment":[{"href":"https:\/\/unsuisseamallorca.com\/index.php\/wp-json\/wp\/v2\/media?parent=2147"}],"curies":[{"name":"wp","href":"https:\/\/api.w.org\/{rel}","templated":true}]}}