{"id":1112,"date":"2019-03-25T16:48:02","date_gmt":"2019-03-25T15:48:02","guid":{"rendered":"https:\/\/unsuisseamallorca.com\/?page_id=1112"},"modified":"2019-03-29T10:32:25","modified_gmt":"2019-03-29T09:32:25","slug":"carte-de-lile-de-sa-dragonera","status":"publish","type":"page","link":"https:\/\/unsuisseamallorca.com\/index.php\/carte-de-lile-de-sa-dragonera\/","title":{"rendered":"Carte de l&rsquo;\u00eele de Sa Dragonera"},"content":{"rendered":"\t\t<div data-elementor-type=\"wp-post\" data-elementor-id=\"1112\" class=\"elementor elementor-1112 elementor-bc-flex-widget\" data-elementor-post-type=\"page\">\n\t\t\t\t\t\t<section class=\"elementor-section elementor-top-section elementor-element elementor-element-dbf548f elementor-section-content-middle elementor-section-boxed elementor-section-height-default elementor-section-height-default\" data-id=\"dbf548f\" data-element_type=\"section\">\n\t\t\t\t\t\t<div class=\"elementor-container elementor-column-gap-no\">\n\t\t\t\t\t<div class=\"elementor-column elementor-col-100 elementor-top-column elementor-element elementor-element-2633f775\" data-id=\"2633f775\" data-element_type=\"column\">\n\t\t\t<div class=\"elementor-widget-wrap elementor-element-populated\">\n\t\t\t\t\t\t<div class=\"elementor-element elementor-element-29a5b930 elementor-widget elementor-widget-heading\" data-id=\"29a5b930\" data-element_type=\"widget\" data-widget_type=\"heading.default\">\n\t\t\t\t<div class=\"elementor-widget-container\">\n\t\t\t\t\t<h4 class=\"elementor-heading-title elementor-size-default\">Loin des sentiers battus<\/h4>\t\t\t\t<\/div>\n\t\t\t\t<\/div>\n\t\t\t\t\t<\/div>\n\t\t<\/div>\n\t\t\t\t\t<\/div>\n\t\t<\/section>\n\t\t\t\t<section class=\"elementor-section elementor-top-section elementor-element elementor-element-1fd2ea6c elementor-section-content-middle elementor-section-boxed elementor-section-height-default elementor-section-height-default\" data-id=\"1fd2ea6c\" data-element_type=\"section\">\n\t\t\t\t\t\t<div class=\"elementor-container elementor-column-gap-no\">\n\t\t\t\t\t<div class=\"elementor-column elementor-col-25 elementor-top-column elementor-element elementor-element-2456d1cc\" data-id=\"2456d1cc\" data-element_type=\"column\">\n\t\t\t<div class=\"elementor-widget-wrap elementor-element-populated\">\n\t\t\t\t\t\t<div class=\"elementor-element elementor-element-ce503b6 elementor-widget elementor-widget-image\" data-id=\"ce503b6\" data-element_type=\"widget\" data-widget_type=\"image.default\">\n\t\t\t\t<div class=\"elementor-widget-container\">\n\t\t\t\t\t\t\t\t\t\t\t\t<figure class=\"wp-caption\">\n\t\t\t\t\t\t\t\t\t\t<img fetchpriority=\"high\" decoding=\"async\" width=\"1024\" height=\"768\" src=\"https:\/\/unsuisseamallorca.com\/wp-content\/uploads\/2019\/03\/P108097720Aiges20transparents-1024x768.jpg\" class=\"attachment-large size-large wp-image-1236\" alt=\"\" srcset=\"https:\/\/unsuisseamallorca.com\/wp-content\/uploads\/2019\/03\/P108097720Aiges20transparents.jpg 1024w, https:\/\/unsuisseamallorca.com\/wp-content\/uploads\/2019\/03\/P108097720Aiges20transparents-300x225.jpg 300w, https:\/\/unsuisseamallorca.com\/wp-content\/uploads\/2019\/03\/P108097720Aiges20transparents-768x576.jpg 768w\" sizes=\"(max-width: 1024px) 100vw, 1024px\" \/>\t\t\t\t\t\t\t\t\t\t\t<figcaption class=\"widget-image-caption wp-caption-text\">Cala du port<\/figcaption>\n\t\t\t\t\t\t\t\t\t\t<\/figure>\n\t\t\t\t\t\t\t\t\t<\/div>\n\t\t\t\t<\/div>\n\t\t\t\t\t<\/div>\n\t\t<\/div>\n\t\t\t\t<div class=\"elementor-column elementor-col-50 elementor-top-column elementor-element elementor-element-57f5e9e0\" data-id=\"57f5e9e0\" data-element_type=\"column\">\n\t\t\t<div class=\"elementor-widget-wrap elementor-element-populated\">\n\t\t\t\t\t\t<div class=\"elementor-element elementor-element-1d6ba24f elementor-widget elementor-widget-image\" data-id=\"1d6ba24f\" data-element_type=\"widget\" data-widget_type=\"image.default\">\n\t\t\t\t<div class=\"elementor-widget-container\">\n\t\t\t\t\t\t\t\t\t\t\t\t\t\t\t<img decoding=\"async\" width=\"1024\" height=\"1024\" data-src=\"https:\/\/unsuisseamallorca.com\/wp-content\/uploads\/2019\/03\/sans-titre-1-1024x1024.png\" class=\"elementor-animation-grow attachment-large size-large wp-image-1104 lazyload\" alt=\"\" data-srcset=\"https:\/\/unsuisseamallorca.com\/wp-content\/uploads\/2019\/03\/sans-titre-1-1024x1024.png 1024w, https:\/\/unsuisseamallorca.com\/wp-content\/uploads\/2019\/03\/sans-titre-1-150x150.png 150w, https:\/\/unsuisseamallorca.com\/wp-content\/uploads\/2019\/03\/sans-titre-1-300x300.png 300w, https:\/\/unsuisseamallorca.com\/wp-content\/uploads\/2019\/03\/sans-titre-1-768x768.png 768w, https:\/\/unsuisseamallorca.com\/wp-content\/uploads\/2019\/03\/sans-titre-1.png 2481w\" data-sizes=\"(max-width: 1024px) 100vw, 1024px\" src=\"data:image\/svg+xml;base64,PHN2ZyB3aWR0aD0iMSIgaGVpZ2h0PSIxIiB4bWxucz0iaHR0cDovL3d3dy53My5vcmcvMjAwMC9zdmciPjwvc3ZnPg==\" style=\"--smush-placeholder-width: 1024px; --smush-placeholder-aspect-ratio: 1024\/1024;\" \/>\t\t\t\t\t\t\t\t\t\t\t\t\t\t\t<\/div>\n\t\t\t\t<\/div>\n\t\t\t\t\t<\/div>\n\t\t<\/div>\n\t\t\t\t<div class=\"elementor-column elementor-col-25 elementor-top-column elementor-element elementor-element-19de4886\" data-id=\"19de4886\" data-element_type=\"column\">\n\t\t\t<div class=\"elementor-widget-wrap elementor-element-populated\">\n\t\t\t\t\t\t<div class=\"elementor-element elementor-element-17ea6c2d elementor-widget elementor-widget-image\" data-id=\"17ea6c2d\" data-element_type=\"widget\" data-widget_type=\"image.default\">\n\t\t\t\t<div class=\"elementor-widget-container\">\n\t\t\t\t\t\t\t\t\t\t\t\t<figure class=\"wp-caption\">\n\t\t\t\t\t\t\t\t\t\t<img decoding=\"async\" width=\"1024\" height=\"653\" data-src=\"https:\/\/unsuisseamallorca.com\/wp-content\/uploads\/2019\/03\/P1080997Puig20des20Aucells20al20fons20el20Far20nou-1024x653.jpg\" class=\"attachment-large size-large wp-image-1239 lazyload\" alt=\"\" data-srcset=\"https:\/\/unsuisseamallorca.com\/wp-content\/uploads\/2019\/03\/P1080997Puig20des20Aucells20al20fons20el20Far20nou.jpg 1024w, https:\/\/unsuisseamallorca.com\/wp-content\/uploads\/2019\/03\/P1080997Puig20des20Aucells20al20fons20el20Far20nou-300x191.jpg 300w, https:\/\/unsuisseamallorca.com\/wp-content\/uploads\/2019\/03\/P1080997Puig20des20Aucells20al20fons20el20Far20nou-768x490.jpg 768w\" data-sizes=\"(max-width: 1024px) 100vw, 1024px\" src=\"data:image\/svg+xml;base64,PHN2ZyB3aWR0aD0iMSIgaGVpZ2h0PSIxIiB4bWxucz0iaHR0cDovL3d3dy53My5vcmcvMjAwMC9zdmciPjwvc3ZnPg==\" style=\"--smush-placeholder-width: 1024px; --smush-placeholder-aspect-ratio: 1024\/653;\" \/>\t\t\t\t\t\t\t\t\t\t\t<figcaption class=\"widget-image-caption wp-caption-text\">Depuis le Pic Popi <\/figcaption>\n\t\t\t\t\t\t\t\t\t\t<\/figure>\n\t\t\t\t\t\t\t\t\t<\/div>\n\t\t\t\t<\/div>\n\t\t\t\t\t<\/div>\n\t\t<\/div>\n\t\t\t\t\t<\/div>\n\t\t<\/section>\n\t\t\t\t<section class=\"elementor-section elementor-top-section elementor-element elementor-element-b22a1e5 elementor-section-boxed elementor-section-height-default elementor-section-height-default\" data-id=\"b22a1e5\" data-element_type=\"section\">\n\t\t\t\t\t\t<div class=\"elementor-container elementor-column-gap-default\">\n\t\t\t\t\t<div class=\"elementor-column elementor-col-100 elementor-top-column elementor-element elementor-element-81a7a0e\" data-id=\"81a7a0e\" data-element_type=\"column\">\n\t\t\t<div class=\"elementor-widget-wrap elementor-element-populated\">\n\t\t\t\t\t\t<div class=\"elementor-element elementor-element-6e6a305 elementor-widget elementor-widget-heading\" data-id=\"6e6a305\" data-element_type=\"widget\" data-widget_type=\"heading.default\">\n\t\t\t\t<div class=\"elementor-widget-container\">\n\t\t\t\t\t<h2 class=\"elementor-heading-title elementor-size-large\">Pour faire cette excursion nous allons \u00e0 Sant Elm et cherchons l'embarcad\u00e8re de d\u00e9part du ferry qui va \u00e0 la Dragonera qui se trouve \u00e0 c\u00f4t\u00e9 du restaurant \"Es Ra\u00f3n\". Le prix du ferry est de 13 euros par personne, aller-retour.\n\nUne fois sur l'\u00eele de Dragonera, nous voyons que nous avons quatre itin\u00e9raires \u00e0 effectuer: 1- Na Miranda, 2- Faro de Tramontana, 3- Faro de Llebeig et 4- Faro Vell. Cela peut \u00eatre fait, en fonction du temps disponible, car vous devez suivre les horaires du ferry, un, deux, trois ou les quatre itin\u00e9raires. Nous avons choisi de faire les quatre.\n\nNous commen\u00e7ons par prendre le chemin du phare de Tramontana, au d\u00e9but duquel il y a une d\u00e9viation vers la route 1-Na Miranda. C'est un large chemin de terre, dans un \u00e9tat impeccable. En 10 minutes, nous atteignons le col de Tramontana et, dans 10 autres minutes, un point de vue qui se trouve sur notre gauche, d'o\u00f9 nous pouvons voir une vue fabuleuse. En 10 minutes suppl\u00e9mentaires, nous atteignons le phare de Tramontana.\n\nNous retournons par le m\u00eame itin\u00e9raire au carrefour avec la route de Na Miranda, nous prenons cette route, nous voyons un pique-nique et retournons au carrefour et commen\u00e7ons la route vers le Far de Llebeig, dans ce cas-ci une piste ciment\u00e9e dans certaines sections. Dans 15 minutes \u00e0 notre droite, il y a un d\u00e9tour par le Far Vell, nous continuons tout droit sur cette piste et apr\u00e8s environ une demi-heure, nous trouvons une d\u00e9viation \u00e0 notre droite qui m\u00e8ne \u00e0 un four \u00e0 chaux le long d'un beau chemin. Nous revenons sur la route et, 30 minutes plus tard, nous voyons \u00e0 notre droite un point de vue permettant d'observer les vues que cet endroit nous offre et, 5 minutes plus tard, nous voyons la d\u00e9viation \u00e0 notre gauche qui m\u00e8ne \u00e0 Torre de Llebeig. Dans 10 minutes suppl\u00e9mentaires, nous sommes d\u00e9j\u00e0 au phare de Llebeig o\u00f9 nous jouissons d\u2019une vue magnifique.\n\nNous retournons par le m\u00eame chemin jusqu'\u00e0 atteindre la d\u00e9viation vers le Faro Vell qui se trouve maintenant sur notre gauche. En 15 minutes, nous atteignons Coll Roig et le point de vue du m\u00eame nom. De l\u00e0, la route serpente jusqu'au sommet o\u00f9 se trouve le phare. Inutile de dire que les vues d'ici sont extraordinaires. Nous revenons par le m\u00eame itin\u00e9raire jusqu'\u00e0 ce que nous prenions le ferry pour nous rendre \u00e0 Sant Elm.<\/h2>\t\t\t\t<\/div>\n\t\t\t\t<\/div>\n\t\t\t\t\t<\/div>\n\t\t<\/div>\n\t\t\t\t\t<\/div>\n\t\t<\/section>\n\t\t\t\t<section class=\"elementor-section elementor-top-section elementor-element elementor-element-3b9ead7d elementor-section-content-middle elementor-section-boxed elementor-section-height-default elementor-section-height-default\" data-id=\"3b9ead7d\" data-element_type=\"section\">\n\t\t\t\t\t\t<div class=\"elementor-container elementor-column-gap-no\">\n\t\t\t\t\t<div class=\"elementor-column elementor-col-100 elementor-top-column elementor-element elementor-element-4fe500\" data-id=\"4fe500\" data-element_type=\"column\">\n\t\t\t<div class=\"elementor-widget-wrap elementor-element-populated\">\n\t\t\t\t\t\t<section class=\"elementor-section elementor-inner-section elementor-element elementor-element-7c171101 elementor-section-content-middle elementor-section-boxed elementor-section-height-default elementor-section-height-default\" data-id=\"7c171101\" data-element_type=\"section\">\n\t\t\t\t\t\t<div class=\"elementor-container elementor-column-gap-no\">\n\t\t\t\t\t<div class=\"elementor-column elementor-col-50 elementor-inner-column elementor-element elementor-element-f2f09a6\" data-id=\"f2f09a6\" data-element_type=\"column\">\n\t\t\t<div class=\"elementor-widget-wrap elementor-element-populated\">\n\t\t\t\t\t\t<div class=\"elementor-element elementor-element-56dd6192 elementor-position-top elementor-widget elementor-widget-image-box\" data-id=\"56dd6192\" data-element_type=\"widget\" data-widget_type=\"image-box.default\">\n\t\t\t\t<div class=\"elementor-widget-container\">\n\t\t\t\t\t<div class=\"elementor-image-box-wrapper\"><figure class=\"elementor-image-box-img\"><img decoding=\"async\" width=\"768\" height=\"512\" data-src=\"https:\/\/unsuisseamallorca.com\/wp-content\/uploads\/2019\/03\/IMG_3769-2-1-768x512.jpg\" class=\"attachment-medium_large size-medium_large wp-image-1157 lazyload\" alt=\"\" data-srcset=\"https:\/\/unsuisseamallorca.com\/wp-content\/uploads\/2019\/03\/IMG_3769-2-1-768x512.jpg 768w, https:\/\/unsuisseamallorca.com\/wp-content\/uploads\/2019\/03\/IMG_3769-2-1-300x200.jpg 300w, https:\/\/unsuisseamallorca.com\/wp-content\/uploads\/2019\/03\/IMG_3769-2-1-1024x683.jpg 1024w\" data-sizes=\"(max-width: 768px) 100vw, 768px\" src=\"data:image\/svg+xml;base64,PHN2ZyB3aWR0aD0iMSIgaGVpZ2h0PSIxIiB4bWxucz0iaHR0cDovL3d3dy53My5vcmcvMjAwMC9zdmciPjwvc3ZnPg==\" style=\"--smush-placeholder-width: 768px; --smush-placeholder-aspect-ratio: 768\/512;\" \/><\/figure><div class=\"elementor-image-box-content\"><h3 class=\"elementor-image-box-title\">Phare de Tramuntana<\/h3><\/div><\/div>\t\t\t\t<\/div>\n\t\t\t\t<\/div>\n\t\t\t\t\t<\/div>\n\t\t<\/div>\n\t\t\t\t<div class=\"elementor-column elementor-col-50 elementor-inner-column elementor-element elementor-element-57b288a8\" data-id=\"57b288a8\" data-element_type=\"column\">\n\t\t\t<div class=\"elementor-widget-wrap elementor-element-populated\">\n\t\t\t\t\t\t<div class=\"elementor-element elementor-element-29ef059f elementor-position-top elementor-widget elementor-widget-image-box\" data-id=\"29ef059f\" data-element_type=\"widget\" data-widget_type=\"image-box.default\">\n\t\t\t\t<div class=\"elementor-widget-container\">\n\t\t\t\t\t<div class=\"elementor-image-box-wrapper\"><figure class=\"elementor-image-box-img\"><img decoding=\"async\" width=\"768\" height=\"576\" data-src=\"https:\/\/unsuisseamallorca.com\/wp-content\/uploads\/2019\/03\/DSC00581-2-1-768x576.jpg\" class=\"attachment-medium_large size-medium_large wp-image-1139 lazyload\" alt=\"\" data-srcset=\"https:\/\/unsuisseamallorca.com\/wp-content\/uploads\/2019\/03\/DSC00581-2-1-768x576.jpg 768w, https:\/\/unsuisseamallorca.com\/wp-content\/uploads\/2019\/03\/DSC00581-2-1-300x225.jpg 300w, https:\/\/unsuisseamallorca.com\/wp-content\/uploads\/2019\/03\/DSC00581-2-1-1024x768.jpg 1024w\" data-sizes=\"(max-width: 768px) 100vw, 768px\" src=\"data:image\/svg+xml;base64,PHN2ZyB3aWR0aD0iMSIgaGVpZ2h0PSIxIiB4bWxucz0iaHR0cDovL3d3dy53My5vcmcvMjAwMC9zdmciPjwvc3ZnPg==\" style=\"--smush-placeholder-width: 768px; --smush-placeholder-aspect-ratio: 768\/576;\" \/><\/figure><div class=\"elementor-image-box-content\"><h3 class=\"elementor-image-box-title\">Phare de Llebeitx vu du sud<\/h3><\/div><\/div>\t\t\t\t<\/div>\n\t\t\t\t<\/div>\n\t\t\t\t\t<\/div>\n\t\t<\/div>\n\t\t\t\t\t<\/div>\n\t\t<\/section>\n\t\t\t\t<section class=\"elementor-section elementor-inner-section elementor-element elementor-element-4ef0418e elementor-section-content-middle elementor-section-boxed elementor-section-height-default elementor-section-height-default\" data-id=\"4ef0418e\" data-element_type=\"section\">\n\t\t\t\t\t\t<div class=\"elementor-container elementor-column-gap-no\">\n\t\t\t\t\t<div class=\"elementor-column elementor-col-50 elementor-inner-column elementor-element elementor-element-128809d9\" data-id=\"128809d9\" data-element_type=\"column\">\n\t\t\t<div class=\"elementor-widget-wrap elementor-element-populated\">\n\t\t\t\t\t\t<div class=\"elementor-element elementor-element-5b6860bb elementor-position-top elementor-widget elementor-widget-image-box\" data-id=\"5b6860bb\" data-element_type=\"widget\" data-widget_type=\"image-box.default\">\n\t\t\t\t<div class=\"elementor-widget-container\">\n\t\t\t\t\t<div class=\"elementor-image-box-wrapper\"><figure class=\"elementor-image-box-img\"><img decoding=\"async\" width=\"768\" height=\"512\" data-src=\"https:\/\/unsuisseamallorca.com\/wp-content\/uploads\/2019\/03\/IMG_3749-2-1-768x512.jpg\" class=\"attachment-medium_large size-medium_large wp-image-1155 lazyload\" alt=\"\" data-srcset=\"https:\/\/unsuisseamallorca.com\/wp-content\/uploads\/2019\/03\/IMG_3749-2-1-768x512.jpg 768w, https:\/\/unsuisseamallorca.com\/wp-content\/uploads\/2019\/03\/IMG_3749-2-1-300x200.jpg 300w, https:\/\/unsuisseamallorca.com\/wp-content\/uploads\/2019\/03\/IMG_3749-2-1-1024x683.jpg 1024w\" data-sizes=\"(max-width: 768px) 100vw, 768px\" src=\"data:image\/svg+xml;base64,PHN2ZyB3aWR0aD0iMSIgaGVpZ2h0PSIxIiB4bWxucz0iaHR0cDovL3d3dy53My5vcmcvMjAwMC9zdmciPjwvc3ZnPg==\" style=\"--smush-placeholder-width: 768px; --smush-placeholder-aspect-ratio: 768\/512;\" \/><\/figure><div class=\"elementor-image-box-content\"><h3 class=\"elementor-image-box-title\">Pic Popi<\/h3><\/div><\/div>\t\t\t\t<\/div>\n\t\t\t\t<\/div>\n\t\t\t\t\t<\/div>\n\t\t<\/div>\n\t\t\t\t<div class=\"elementor-column elementor-col-50 elementor-inner-column elementor-element elementor-element-2dd7febe\" data-id=\"2dd7febe\" data-element_type=\"column\">\n\t\t\t<div class=\"elementor-widget-wrap elementor-element-populated\">\n\t\t\t\t\t\t<div class=\"elementor-element elementor-element-58d73e04 elementor-position-top elementor-widget elementor-widget-image-box\" data-id=\"58d73e04\" data-element_type=\"widget\" data-widget_type=\"image-box.default\">\n\t\t\t\t<div class=\"elementor-widget-container\">\n\t\t\t\t\t<div class=\"elementor-image-box-wrapper\"><figure class=\"elementor-image-box-img\"><img decoding=\"async\" width=\"768\" height=\"512\" data-src=\"https:\/\/unsuisseamallorca.com\/wp-content\/uploads\/2019\/03\/IMG_3718-2-1-2-768x512.jpg\" class=\"attachment-medium_large size-medium_large wp-image-1152 lazyload\" alt=\"\" data-srcset=\"https:\/\/unsuisseamallorca.com\/wp-content\/uploads\/2019\/03\/IMG_3718-2-1-2-768x512.jpg 768w, https:\/\/unsuisseamallorca.com\/wp-content\/uploads\/2019\/03\/IMG_3718-2-1-2-300x200.jpg 300w, https:\/\/unsuisseamallorca.com\/wp-content\/uploads\/2019\/03\/IMG_3718-2-1-2-1024x683.jpg 1024w\" data-sizes=\"(max-width: 768px) 100vw, 768px\" src=\"data:image\/svg+xml;base64,PHN2ZyB3aWR0aD0iMSIgaGVpZ2h0PSIxIiB4bWxucz0iaHR0cDovL3d3dy53My5vcmcvMjAwMC9zdmciPjwvc3ZnPg==\" style=\"--smush-placeholder-width: 768px; --smush-placeholder-aspect-ratio: 768\/512;\" \/><\/figure><div class=\"elementor-image-box-content\"><h3 class=\"elementor-image-box-title\">Phare de Llebeitx vu de l'est<\/h3><\/div><\/div>\t\t\t\t<\/div>\n\t\t\t\t<\/div>\n\t\t\t\t\t<\/div>\n\t\t<\/div>\n\t\t\t\t\t<\/div>\n\t\t<\/section>\n\t\t\t\t<section class=\"elementor-section elementor-inner-section elementor-element elementor-element-72afd3bf elementor-section-content-middle elementor-section-boxed elementor-section-height-default elementor-section-height-default\" data-id=\"72afd3bf\" data-element_type=\"section\">\n\t\t\t\t\t\t<div class=\"elementor-container elementor-column-gap-no\">\n\t\t\t\t\t<div class=\"elementor-column elementor-col-50 elementor-inner-column elementor-element elementor-element-1096c226\" data-id=\"1096c226\" data-element_type=\"column\">\n\t\t\t<div class=\"elementor-widget-wrap elementor-element-populated\">\n\t\t\t\t\t\t<div class=\"elementor-element elementor-element-23fdc8c9 elementor-position-top elementor-widget elementor-widget-image-box\" data-id=\"23fdc8c9\" data-element_type=\"widget\" data-widget_type=\"image-box.default\">\n\t\t\t\t<div class=\"elementor-widget-container\">\n\t\t\t\t\t<div class=\"elementor-image-box-wrapper\"><figure class=\"elementor-image-box-img\"><img decoding=\"async\" width=\"768\" height=\"576\" data-src=\"https:\/\/unsuisseamallorca.com\/wp-content\/uploads\/2019\/03\/DSC04535-1-768x576.jpg\" class=\"attachment-medium_large size-medium_large wp-image-1145 lazyload\" alt=\"\" data-srcset=\"https:\/\/unsuisseamallorca.com\/wp-content\/uploads\/2019\/03\/DSC04535-1-768x576.jpg 768w, https:\/\/unsuisseamallorca.com\/wp-content\/uploads\/2019\/03\/DSC04535-1-300x225.jpg 300w, https:\/\/unsuisseamallorca.com\/wp-content\/uploads\/2019\/03\/DSC04535-1-1024x768.jpg 1024w\" data-sizes=\"(max-width: 768px) 100vw, 768px\" src=\"data:image\/svg+xml;base64,PHN2ZyB3aWR0aD0iMSIgaGVpZ2h0PSIxIiB4bWxucz0iaHR0cDovL3d3dy53My5vcmcvMjAwMC9zdmciPjwvc3ZnPg==\" style=\"--smush-placeholder-width: 768px; --smush-placeholder-aspect-ratio: 768\/576;\" \/><\/figure><div class=\"elementor-image-box-content\"><h3 class=\"elementor-image-box-title\">l'\u00eelot Mitjana<\/h3><p class=\"elementor-image-box-description\">Situ\u00e9 entre Sant Elm et Sa Dragonera<\/p><\/div><\/div>\t\t\t\t<\/div>\n\t\t\t\t<\/div>\n\t\t\t\t\t<\/div>\n\t\t<\/div>\n\t\t\t\t<div class=\"elementor-column elementor-col-50 elementor-inner-column elementor-element elementor-element-3719f8b7\" data-id=\"3719f8b7\" data-element_type=\"column\">\n\t\t\t<div class=\"elementor-widget-wrap elementor-element-populated\">\n\t\t\t\t\t\t<div class=\"elementor-element elementor-element-2d0ecb97 elementor-position-top elementor-widget elementor-widget-image-box\" data-id=\"2d0ecb97\" data-element_type=\"widget\" data-widget_type=\"image-box.default\">\n\t\t\t\t<div class=\"elementor-widget-container\">\n\t\t\t\t\t<div class=\"elementor-image-box-wrapper\"><figure class=\"elementor-image-box-img\"><img decoding=\"async\" width=\"768\" height=\"576\" data-src=\"https:\/\/unsuisseamallorca.com\/wp-content\/uploads\/2019\/03\/IMG_1019-1-768x576.jpg\" class=\"attachment-medium_large size-medium_large wp-image-1150 lazyload\" alt=\"\" data-srcset=\"https:\/\/unsuisseamallorca.com\/wp-content\/uploads\/2019\/03\/IMG_1019-1-768x576.jpg 768w, https:\/\/unsuisseamallorca.com\/wp-content\/uploads\/2019\/03\/IMG_1019-1-300x225.jpg 300w, https:\/\/unsuisseamallorca.com\/wp-content\/uploads\/2019\/03\/IMG_1019-1-1024x768.jpg 1024w\" data-sizes=\"(max-width: 768px) 100vw, 768px\" src=\"data:image\/svg+xml;base64,PHN2ZyB3aWR0aD0iMSIgaGVpZ2h0PSIxIiB4bWxucz0iaHR0cDovL3d3dy53My5vcmcvMjAwMC9zdmciPjwvc3ZnPg==\" style=\"--smush-placeholder-width: 768px; --smush-placeholder-aspect-ratio: 768\/576;\" \/><\/figure><div class=\"elementor-image-box-content\"><h3 class=\"elementor-image-box-title\">Coucher de soleil <\/h3><p class=\"elementor-image-box-description\">Vue de Sant Elm<\/p><\/div><\/div>\t\t\t\t<\/div>\n\t\t\t\t<\/div>\n\t\t\t\t\t<\/div>\n\t\t<\/div>\n\t\t\t\t\t<\/div>\n\t\t<\/section>\n\t\t\t\t\t<\/div>\n\t\t<\/div>\n\t\t\t\t\t<\/div>\n\t\t<\/section>\n\t\t\t\t<\/div>\n\t\t","protected":false},"excerpt":{"rendered":"<p>Loin des sentiers battus Cala du port Depuis le Pic Popi Pour faire cette excursion nous allons \u00e0 Sant Elm et cherchons l&#8217;embarcad\u00e8re de d\u00e9part du ferry qui va \u00e0 la Dragonera qui se trouve \u00e0 c\u00f4t\u00e9 du restaurant \u00ab\u00a0Es Ra\u00f3n\u00a0\u00bb. Le prix du ferry est de 13 euros par personne, aller-retour. Une fois sur [&hellip;]<\/p>\n","protected":false},"author":1,"featured_media":0,"parent":0,"menu_order":0,"comment_status":"closed","ping_status":"closed","template":"","meta":{"ocean_post_layout":"","ocean_both_sidebars_style":"","ocean_both_sidebars_content_width":0,"ocean_both_sidebars_sidebars_width":0,"ocean_sidebar":"","ocean_second_sidebar":"","ocean_disable_margins":"enable","ocean_add_body_class":"","ocean_shortcode_before_top_bar":"","ocean_shortcode_after_top_bar":"","ocean_shortcode_before_header":"","ocean_shortcode_after_header":"","ocean_has_shortcode":"","ocean_shortcode_after_title":"","ocean_shortcode_before_footer_widgets":"","ocean_shortcode_after_footer_widgets":"","ocean_shortcode_before_footer_bottom":"","ocean_shortcode_after_footer_bottom":"","ocean_display_top_bar":"default","ocean_display_header":"default","ocean_header_style":"","ocean_center_header_left_menu":"","ocean_custom_header_template":"","ocean_custom_logo":0,"ocean_custom_retina_logo":0,"ocean_custom_logo_max_width":0,"ocean_custom_logo_tablet_max_width":0,"ocean_custom_logo_mobile_max_width":0,"ocean_custom_logo_max_height":0,"ocean_custom_logo_tablet_max_height":0,"ocean_custom_logo_mobile_max_height":0,"ocean_header_custom_menu":"","ocean_menu_typo_font_family":"","ocean_menu_typo_font_subset":"","ocean_menu_typo_font_size":0,"ocean_menu_typo_font_size_tablet":0,"ocean_menu_typo_font_size_mobile":0,"ocean_menu_typo_font_size_unit":"px","ocean_menu_typo_font_weight":"","ocean_menu_typo_font_weight_tablet":"","ocean_menu_typo_font_weight_mobile":"","ocean_menu_typo_transform":"","ocean_menu_typo_transform_tablet":"","ocean_menu_typo_transform_mobile":"","ocean_menu_typo_line_height":0,"ocean_menu_typo_line_height_tablet":0,"ocean_menu_typo_line_height_mobile":0,"ocean_menu_typo_line_height_unit":"","ocean_menu_typo_spacing":0,"ocean_menu_typo_spacing_tablet":0,"ocean_menu_typo_spacing_mobile":0,"ocean_menu_typo_spacing_unit":"","ocean_menu_link_color":"","ocean_menu_link_color_hover":"","ocean_menu_link_color_active":"","ocean_menu_link_background":"","ocean_menu_link_hover_background":"","ocean_menu_link_active_background":"","ocean_menu_social_links_bg":"","ocean_menu_social_hover_links_bg":"","ocean_menu_social_links_color":"","ocean_menu_social_hover_links_color":"","ocean_disable_title":"default","ocean_disable_heading":"default","ocean_post_title":"","ocean_post_subheading":"","ocean_post_title_style":"","ocean_post_title_background_color":"","ocean_post_title_background":0,"ocean_post_title_bg_image_position":"","ocean_post_title_bg_image_attachment":"","ocean_post_title_bg_image_repeat":"","ocean_post_title_bg_image_size":"","ocean_post_title_height":0,"ocean_post_title_bg_overlay":0.5,"ocean_post_title_bg_overlay_color":"","ocean_disable_breadcrumbs":"default","ocean_breadcrumbs_color":"","ocean_breadcrumbs_separator_color":"","ocean_breadcrumbs_links_color":"","ocean_breadcrumbs_links_hover_color":"","ocean_display_footer_widgets":"default","ocean_display_footer_bottom":"default","ocean_custom_footer_template":"","footnotes":""},"class_list":["post-1112","page","type-page","status-publish","hentry","entry"],"yoast_head":"<!-- This site is optimized with the Yoast SEO plugin v26.4 - https:\/\/yoast.com\/wordpress\/plugins\/seo\/ -->\n<title>Carte de l&#039;\u00eele de Sa Dragonera UN SUISSE A MAJORQUE<\/title>\n<meta name=\"robots\" content=\"index, follow, max-snippet:-1, max-image-preview:large, max-video-preview:-1\" \/>\n<link rel=\"canonical\" href=\"https:\/\/unsuisseamallorca.com\/index.php\/carte-de-lile-de-sa-dragonera\/\" \/>\n<meta property=\"og:locale\" content=\"fr_FR\" \/>\n<meta property=\"og:type\" content=\"article\" \/>\n<meta property=\"og:title\" content=\"Carte de l&#039;\u00eele de Sa Dragonera UN SUISSE A MAJORQUE\" \/>\n<meta property=\"og:description\" content=\"Loin des sentiers battus Cala du port Depuis le Pic Popi Pour faire cette excursion nous allons \u00e0 Sant Elm et cherchons l&#8217;embarcad\u00e8re de d\u00e9part du ferry qui va \u00e0 la Dragonera qui se trouve \u00e0 c\u00f4t\u00e9 du restaurant \u00ab\u00a0Es Ra\u00f3n\u00a0\u00bb. Le prix du ferry est de 13 euros par personne, aller-retour. Une fois sur [&hellip;]\" \/>\n<meta property=\"og:url\" content=\"https:\/\/unsuisseamallorca.com\/index.php\/carte-de-lile-de-sa-dragonera\/\" \/>\n<meta property=\"og:site_name\" content=\"UN SUISSE A MAJORQUE\" \/>\n<meta property=\"article:modified_time\" content=\"2019-03-29T09:32:25+00:00\" \/>\n<meta property=\"og:image\" content=\"https:\/\/unsuisseamallorca.com\/wp-content\/uploads\/2019\/03\/P108097720Aiges20transparents-1024x768.jpg\" \/>\n<meta name=\"twitter:card\" content=\"summary_large_image\" \/>\n<meta name=\"twitter:label1\" content=\"Dur\u00e9e de lecture estim\u00e9e\" \/>\n\t<meta name=\"twitter:data1\" content=\"2 minutes\" \/>\n<script type=\"application\/ld+json\" class=\"yoast-schema-graph\">{\"@context\":\"https:\/\/schema.org\",\"@graph\":[{\"@type\":\"WebPage\",\"@id\":\"https:\/\/unsuisseamallorca.com\/index.php\/carte-de-lile-de-sa-dragonera\/\",\"url\":\"https:\/\/unsuisseamallorca.com\/index.php\/carte-de-lile-de-sa-dragonera\/\",\"name\":\"Carte de l'\u00eele de Sa Dragonera UN SUISSE A MAJORQUE\",\"isPartOf\":{\"@id\":\"https:\/\/unsuisseamallorca.com\/#website\"},\"primaryImageOfPage\":{\"@id\":\"https:\/\/unsuisseamallorca.com\/index.php\/carte-de-lile-de-sa-dragonera\/#primaryimage\"},\"image\":{\"@id\":\"https:\/\/unsuisseamallorca.com\/index.php\/carte-de-lile-de-sa-dragonera\/#primaryimage\"},\"thumbnailUrl\":\"https:\/\/unsuisseamallorca.com\/wp-content\/uploads\/2019\/03\/P108097720Aiges20transparents-1024x768.jpg\",\"datePublished\":\"2019-03-25T15:48:02+00:00\",\"dateModified\":\"2019-03-29T09:32:25+00:00\",\"breadcrumb\":{\"@id\":\"https:\/\/unsuisseamallorca.com\/index.php\/carte-de-lile-de-sa-dragonera\/#breadcrumb\"},\"inLanguage\":\"fr-FR\",\"potentialAction\":[{\"@type\":\"ReadAction\",\"target\":[\"https:\/\/unsuisseamallorca.com\/index.php\/carte-de-lile-de-sa-dragonera\/\"]}]},{\"@type\":\"ImageObject\",\"inLanguage\":\"fr-FR\",\"@id\":\"https:\/\/unsuisseamallorca.com\/index.php\/carte-de-lile-de-sa-dragonera\/#primaryimage\",\"url\":\"https:\/\/unsuisseamallorca.com\/wp-content\/uploads\/2019\/03\/P108097720Aiges20transparents.jpg\",\"contentUrl\":\"https:\/\/unsuisseamallorca.com\/wp-content\/uploads\/2019\/03\/P108097720Aiges20transparents.jpg\",\"width\":1024,\"height\":768},{\"@type\":\"BreadcrumbList\",\"@id\":\"https:\/\/unsuisseamallorca.com\/index.php\/carte-de-lile-de-sa-dragonera\/#breadcrumb\",\"itemListElement\":[{\"@type\":\"ListItem\",\"position\":1,\"name\":\"Accueil\",\"item\":\"https:\/\/unsuisseamallorca.com\/\"},{\"@type\":\"ListItem\",\"position\":2,\"name\":\"Carte de l&#8217;\u00eele de Sa Dragonera\"}]},{\"@type\":\"WebSite\",\"@id\":\"https:\/\/unsuisseamallorca.com\/#website\",\"url\":\"https:\/\/unsuisseamallorca.com\/\",\"name\":\"UN SUISSE A MAJORQUE\",\"description\":\"Le voyageur voit ce qu&#039;il voit, le touriste voit ce qu&#039;il est venu voir !\",\"potentialAction\":[{\"@type\":\"SearchAction\",\"target\":{\"@type\":\"EntryPoint\",\"urlTemplate\":\"https:\/\/unsuisseamallorca.com\/?s={search_term_string}\"},\"query-input\":{\"@type\":\"PropertyValueSpecification\",\"valueRequired\":true,\"valueName\":\"search_term_string\"}}],\"inLanguage\":\"fr-FR\"}]}<\/script>\n<!-- \/ Yoast SEO plugin. -->","yoast_head_json":{"title":"Carte de l'\u00eele de Sa Dragonera UN SUISSE A MAJORQUE","robots":{"index":"index","follow":"follow","max-snippet":"max-snippet:-1","max-image-preview":"max-image-preview:large","max-video-preview":"max-video-preview:-1"},"canonical":"https:\/\/unsuisseamallorca.com\/index.php\/carte-de-lile-de-sa-dragonera\/","og_locale":"fr_FR","og_type":"article","og_title":"Carte de l'\u00eele de Sa Dragonera UN SUISSE A MAJORQUE","og_description":"Loin des sentiers battus Cala du port Depuis le Pic Popi Pour faire cette excursion nous allons \u00e0 Sant Elm et cherchons l&#8217;embarcad\u00e8re de d\u00e9part du ferry qui va \u00e0 la Dragonera qui se trouve \u00e0 c\u00f4t\u00e9 du restaurant \u00ab\u00a0Es Ra\u00f3n\u00a0\u00bb. Le prix du ferry est de 13 euros par personne, aller-retour. Une fois sur [&hellip;]","og_url":"https:\/\/unsuisseamallorca.com\/index.php\/carte-de-lile-de-sa-dragonera\/","og_site_name":"UN SUISSE A MAJORQUE","article_modified_time":"2019-03-29T09:32:25+00:00","og_image":[{"url":"https:\/\/unsuisseamallorca.com\/wp-content\/uploads\/2019\/03\/P108097720Aiges20transparents-1024x768.jpg","type":"","width":"","height":""}],"twitter_card":"summary_large_image","twitter_misc":{"Dur\u00e9e de lecture estim\u00e9e":"2 minutes"},"schema":{"@context":"https:\/\/schema.org","@graph":[{"@type":"WebPage","@id":"https:\/\/unsuisseamallorca.com\/index.php\/carte-de-lile-de-sa-dragonera\/","url":"https:\/\/unsuisseamallorca.com\/index.php\/carte-de-lile-de-sa-dragonera\/","name":"Carte de l'\u00eele de Sa Dragonera UN SUISSE A MAJORQUE","isPartOf":{"@id":"https:\/\/unsuisseamallorca.com\/#website"},"primaryImageOfPage":{"@id":"https:\/\/unsuisseamallorca.com\/index.php\/carte-de-lile-de-sa-dragonera\/#primaryimage"},"image":{"@id":"https:\/\/unsuisseamallorca.com\/index.php\/carte-de-lile-de-sa-dragonera\/#primaryimage"},"thumbnailUrl":"https:\/\/unsuisseamallorca.com\/wp-content\/uploads\/2019\/03\/P108097720Aiges20transparents-1024x768.jpg","datePublished":"2019-03-25T15:48:02+00:00","dateModified":"2019-03-29T09:32:25+00:00","breadcrumb":{"@id":"https:\/\/unsuisseamallorca.com\/index.php\/carte-de-lile-de-sa-dragonera\/#breadcrumb"},"inLanguage":"fr-FR","potentialAction":[{"@type":"ReadAction","target":["https:\/\/unsuisseamallorca.com\/index.php\/carte-de-lile-de-sa-dragonera\/"]}]},{"@type":"ImageObject","inLanguage":"fr-FR","@id":"https:\/\/unsuisseamallorca.com\/index.php\/carte-de-lile-de-sa-dragonera\/#primaryimage","url":"https:\/\/unsuisseamallorca.com\/wp-content\/uploads\/2019\/03\/P108097720Aiges20transparents.jpg","contentUrl":"https:\/\/unsuisseamallorca.com\/wp-content\/uploads\/2019\/03\/P108097720Aiges20transparents.jpg","width":1024,"height":768},{"@type":"BreadcrumbList","@id":"https:\/\/unsuisseamallorca.com\/index.php\/carte-de-lile-de-sa-dragonera\/#breadcrumb","itemListElement":[{"@type":"ListItem","position":1,"name":"Accueil","item":"https:\/\/unsuisseamallorca.com\/"},{"@type":"ListItem","position":2,"name":"Carte de l&#8217;\u00eele de Sa Dragonera"}]},{"@type":"WebSite","@id":"https:\/\/unsuisseamallorca.com\/#website","url":"https:\/\/unsuisseamallorca.com\/","name":"UN SUISSE A MAJORQUE","description":"Le voyageur voit ce qu&#039;il voit, le touriste voit ce qu&#039;il est venu voir !","potentialAction":[{"@type":"SearchAction","target":{"@type":"EntryPoint","urlTemplate":"https:\/\/unsuisseamallorca.com\/?s={search_term_string}"},"query-input":{"@type":"PropertyValueSpecification","valueRequired":true,"valueName":"search_term_string"}}],"inLanguage":"fr-FR"}]}},"_links":{"self":[{"href":"https:\/\/unsuisseamallorca.com\/index.php\/wp-json\/wp\/v2\/pages\/1112","targetHints":{"allow":["GET"]}}],"collection":[{"href":"https:\/\/unsuisseamallorca.com\/index.php\/wp-json\/wp\/v2\/pages"}],"about":[{"href":"https:\/\/unsuisseamallorca.com\/index.php\/wp-json\/wp\/v2\/types\/page"}],"author":[{"embeddable":true,"href":"https:\/\/unsuisseamallorca.com\/index.php\/wp-json\/wp\/v2\/users\/1"}],"replies":[{"embeddable":true,"href":"https:\/\/unsuisseamallorca.com\/index.php\/wp-json\/wp\/v2\/comments?post=1112"}],"version-history":[{"count":10,"href":"https:\/\/unsuisseamallorca.com\/index.php\/wp-json\/wp\/v2\/pages\/1112\/revisions"}],"predecessor-version":[{"id":1242,"href":"https:\/\/unsuisseamallorca.com\/index.php\/wp-json\/wp\/v2\/pages\/1112\/revisions\/1242"}],"wp:attachment":[{"href":"https:\/\/unsuisseamallorca.com\/index.php\/wp-json\/wp\/v2\/media?parent=1112"}],"curies":[{"name":"wp","href":"https:\/\/api.w.org\/{rel}","templated":true}]}}