{"version":"1.0","provider_name":"UN SUISSE A MAJORQUE","provider_url":"https:\/\/unsuisseamallorca.com","author_name":"jaqumart","author_url":"https:\/\/unsuisseamallorca.com\/index.php\/author\/jaqumart\/","title":"AO\u00dbT 2020 UN SUISSE A MAJORQUE","type":"rich","width":600,"height":338,"html":"<blockquote class=\"wp-embedded-content\" data-secret=\"82dN7PGs8W\"><a href=\"https:\/\/unsuisseamallorca.com\/index.php\/2020\/09\/15\/aout-2020\/\">AO\u00dbT 2020<\/a><\/blockquote><iframe sandbox=\"allow-scripts\" security=\"restricted\" src=\"https:\/\/unsuisseamallorca.com\/index.php\/2020\/09\/15\/aout-2020\/embed\/#?secret=82dN7PGs8W\" width=\"600\" height=\"338\" title=\"\u00ab\u00a0AO\u00dbT 2020\u00a0\u00bb &#8212; UN SUISSE A MAJORQUE\" data-secret=\"82dN7PGs8W\" frameborder=\"0\" marginwidth=\"0\" marginheight=\"0\" scrolling=\"no\" class=\"wp-embedded-content\"><\/iframe><script>\n\/*! This file is auto-generated *\/\n!function(d,l){\"use strict\";l.querySelector&&d.addEventListener&&\"undefined\"!=typeof URL&&(d.wp=d.wp||{},d.wp.receiveEmbedMessage||(d.wp.receiveEmbedMessage=function(e){var t=e.data;if((t||t.secret||t.message||t.value)&&!\/[^a-zA-Z0-9]\/.test(t.secret)){for(var s,r,n,a=l.querySelectorAll('iframe[data-secret=\"'+t.secret+'\"]'),o=l.querySelectorAll('blockquote[data-secret=\"'+t.secret+'\"]'),c=new RegExp(\"^https?:$\",\"i\"),i=0;i<o.length;i++)o[i].style.display=\"none\";for(i=0;i<a.length;i++)s=a[i],e.source===s.contentWindow&&(s.removeAttribute(\"style\"),\"height\"===t.message?(1e3<(r=parseInt(t.value,10))?r=1e3:~~r<200&&(r=200),s.height=r):\"link\"===t.message&&(r=new URL(s.getAttribute(\"src\")),n=new URL(t.value),c.test(n.protocol))&&n.host===r.host&&l.activeElement===s&&(d.top.location.href=t.value))}},d.addEventListener(\"message\",d.wp.receiveEmbedMessage,!1),l.addEventListener(\"DOMContentLoaded\",function(){for(var e,t,s=l.querySelectorAll(\"iframe.wp-embedded-content\"),r=0;r<s.length;r++)(t=(e=s[r]).getAttribute(\"data-secret\"))||(t=Math.random().toString(36).substring(2,12),e.src+=\"#?secret=\"+t,e.setAttribute(\"data-secret\",t)),e.contentWindow.postMessage({message:\"ready\",secret:t},\"*\")},!1)))}(window,document);\n<\/script>\n","description":"En construction J&rsquo;ai quelques bizarreries \u00e0 corriger, mais je fais au plus vite. Merci de votre compr\u00e9hension et essayez une autre randonn\u00e9e. Notre point de d\u00e9part Cologna Sant Jordi En fin de journ\u00e9e apr\u00e8s une petite marche dans le village nous profitons du phare et de la cala Galiota lors du couch\u00e9 de soleil.","thumbnail_url":"https:\/\/unsuisseamallorca.com\/wp-content\/uploads\/2019\/03\/DJI_0349-300x225.jpg"}